{"id":45434,"date":"2025-07-12T20:48:18","date_gmt":"2025-07-12T18:48:18","guid":{"rendered":"https:\/\/soccaczech.cz\/liga\/?page_id=45434"},"modified":"2025-08-19T12:35:59","modified_gmt":"2025-08-19T10:35:59","slug":"statistiky","status":"publish","type":"page","link":"https:\/\/soccaczech.cz\/liga\/statistiky\/","title":{"rendered":"Statistiky"},"content":{"rendered":"\t\t<div data-elementor-type=\"wp-page\" data-elementor-id=\"45434\" class=\"elementor elementor-45434\">\n\t\t\t\t\t\t<section class=\"elementor-section elementor-top-section elementor-element elementor-element-368a555 elementor-section-boxed elementor-section-height-default elementor-section-height-default sc_fly_static\" data-id=\"368a555\" data-element_type=\"section\">\n\t\t\t\t\t\t<div class=\"elementor-container elementor-column-gap-extended\">\n\t\t\t\t\t<div class=\"elementor-column elementor-col-100 elementor-top-column elementor-element elementor-element-f678050 sc_content_align_inherit sc_layouts_column_icons_position_left sc_fly_static\" data-id=\"f678050\" data-element_type=\"column\">\n\t\t\t<div class=\"elementor-widget-wrap elementor-element-populated\">\n\t\t\t\t\t\t<div class=\"elementor-element elementor-element-f2a8b66 sc_height_huge sc_fly_static elementor-widget elementor-widget-spacer\" data-id=\"f2a8b66\" data-element_type=\"widget\" data-widget_type=\"spacer.default\">\n\t\t\t\t<div class=\"elementor-widget-container\">\n\t\t\t\t\t\t\t<div class=\"elementor-spacer\">\n\t\t\t<div class=\"elementor-spacer-inner\"><\/div>\n\t\t<\/div>\n\t\t\t\t\t\t<\/div>\n\t\t\t\t<\/div>\n\t\t\t\t\t<\/div>\n\t\t<\/div>\n\t\t\t\t\t<\/div>\n\t\t<\/section>\n\t\t\t\t<section class=\"elementor-section elementor-top-section elementor-element elementor-element-912428a elementor-section-boxed elementor-section-height-default elementor-section-height-default sc_fly_static\" data-id=\"912428a\" data-element_type=\"section\" data-settings=\"{&quot;background_background&quot;:&quot;classic&quot;}\">\n\t\t\t\t\t\t<div class=\"elementor-container elementor-column-gap-extended\">\n\t\t\t\t\t<div class=\"elementor-column elementor-col-100 elementor-top-column elementor-element elementor-element-b4785a9 sc_content_align_inherit sc_layouts_column_icons_position_left sc_fly_static\" data-id=\"b4785a9\" data-element_type=\"column\">\n\t\t\t<div class=\"elementor-widget-wrap elementor-element-populated\">\n\t\t\t\t\t\t<div class=\"elementor-element elementor-element-30525e6 sc_fly_static elementor-widget elementor-widget-trx_sc_title\" data-id=\"30525e6\" data-element_type=\"widget\" data-widget_type=\"trx_sc_title.default\">\n\t\t\t\t<div class=\"elementor-widget-container\">\n\t\t\t\t\t<div\t\tclass=\"sc_title sc_title_icon\" ><span class=\"sc_item_subtitle sc_title_subtitle sc_align_center sc_item_subtitle_above sc_item_title_style_icon\">Socca czech liga<\/span><h2 class=\"sc_item_title sc_title_title sc_align_center sc_item_title_style_icon\"\n\t\t\t><span class=\"sc_item_title_text\">Statistiky hr\u00e1\u010d\u016f<\/span><\/h2><div class=\"sc_item_descr sc_title_descr sc_align_center\"><p>Sez\u00f3na 2025<\/p>\n<\/div><\/div>\t\t\t\t<\/div>\n\t\t\t\t<\/div>\n\t\t\t\t<div class=\"elementor-element elementor-element-7a14b7e sc_fly_static elementor-widget elementor-widget-html\" data-id=\"7a14b7e\" data-element_type=\"widget\" data-widget_type=\"html.default\">\n\t\t\t\t<div class=\"elementor-widget-container\">\n\t\t\t\t\t<div class=\"sportspress\"><h4 class=\"sp-table-caption\">Ji\u017e registrovan\u00ed hr\u00e1\u010di<\/h4><div class=\"sp-template sp-template-player-list\"><div class=\"sp-table-wrapper\"><table class=\"sp-player-list sp-data-table sp-sortable-table sp-scrollable-table\" data-sp-rows=\"20\"><thead><tr><th class=\"data-rank\">Po\u0159ad\u00ed<\/th><th class=\"data-name\">Hr\u00e1\u010d<\/th><th class=\"data-team\">T\u00fdm<\/th><th class=\"data-goals\">G\u00f3ly<\/th><th class=\"data-assists\">Asistence<\/th><th class=\"data-yellowcards\">\u017dlut\u00e9 karty<\/th><th class=\"data-redcards\">\u010cerven\u00e9 karty<\/th><th class=\"data-appearances\">Po\u010det z\u00e1pas\u016f<\/th><\/tr><\/thead><tbody><tr class=\"odd\"><td class=\"data-rank\" data-label=\"#\">1<\/td><td class=\"data-name has-photo\" data-label=\"Hr\u00e1\u010d\"><a href=\"https:\/\/soccaczech.cz\/liga\/player\/ihor-tychnenko\/\"><span class=\"player-photo\"><img fetchpriority=\"high\" decoding=\"async\" width=\"400\" height=\"391\" src=\"https:\/\/soccaczech.cz\/liga\/wp-content\/uploads\/2001\/07\/IMG_3064-400x391.png\" class=\"attachment-sportspress-fit-icon size-sportspress-fit-icon wp-post-image\" alt=\"\" \/><\/span>02018 \ud83d\udfe2 Ihor Tychnenko<\/a><\/td><td class=\"data-team\" data-label=\"T\u00fdm\"><a href=\"https:\/\/soccaczech.cz\/liga\/sport-team\/fc-andezit\/\">FC ANDEZIT<\/a><\/td><td class=\"data-goals\" data-label=\"G\u00f3ly\">13<\/td><td class=\"data-assists\" data-label=\"Asistence\">2<\/td><td class=\"data-yellowcards\" data-label=\"\u017dlut\u00e9 karty\">0<\/td><td class=\"data-redcards\" data-label=\"\u010cerven\u00e9 karty\">0<\/td><td class=\"data-appearances\" data-label=\"Po\u010det z\u00e1pas\u016f\">7<\/td><\/tr><tr class=\"even\"><td class=\"data-rank\" data-label=\"#\">2<\/td><td class=\"data-name has-photo\" data-label=\"Hr\u00e1\u010d\"><a href=\"https:\/\/soccaczech.cz\/liga\/player\/nikita-khrolenok\/\"><span class=\"player-photo\"><img decoding=\"async\" width=\"294\" height=\"400\" src=\"https:\/\/soccaczech.cz\/liga\/wp-content\/uploads\/1993\/09\/IMG_3270-294x400.png\" class=\"attachment-sportspress-fit-icon size-sportspress-fit-icon wp-post-image\" alt=\"\" \/><\/span>01020 \ud83d\udfe2 Nikita Khrolenok<\/a><\/td><td class=\"data-team\" data-label=\"T\u00fdm\"><a href=\"https:\/\/soccaczech.cz\/liga\/sport-team\/mc-sarmat\/\">MC SARMAT<\/a><\/td><td class=\"data-goals\" data-label=\"G\u00f3ly\">5<\/td><td class=\"data-assists\" data-label=\"Asistence\">7<\/td><td class=\"data-yellowcards\" data-label=\"\u017dlut\u00e9 karty\">0<\/td><td class=\"data-redcards\" data-label=\"\u010cerven\u00e9 karty\">0<\/td><td class=\"data-appearances\" data-label=\"Po\u010det z\u00e1pas\u016f\">6<\/td><\/tr><tr class=\"odd\"><td class=\"data-rank\" data-label=\"#\">3<\/td><td class=\"data-name has-photo\" data-label=\"Hr\u00e1\u010d\"><a href=\"https:\/\/soccaczech.cz\/liga\/player\/nikita-sinitsyn\/\"><span class=\"player-photo\"><img decoding=\"async\" width=\"303\" height=\"400\" src=\"https:\/\/soccaczech.cz\/liga\/wp-content\/uploads\/1998\/04\/IMG_3069-303x400.png\" class=\"attachment-sportspress-fit-icon size-sportspress-fit-icon wp-post-image\" alt=\"\" \/><\/span>02009 \ud83d\udfe2 Nikita Sinitsyn<\/a><\/td><td class=\"data-team\" data-label=\"T\u00fdm\"><a href=\"https:\/\/soccaczech.cz\/liga\/sport-team\/fc-andezit\/\">FC ANDEZIT<\/a><\/td><td class=\"data-goals\" data-label=\"G\u00f3ly\">5<\/td><td class=\"data-assists\" data-label=\"Asistence\">7<\/td><td class=\"data-yellowcards\" data-label=\"\u017dlut\u00e9 karty\">1<\/td><td class=\"data-redcards\" data-label=\"\u010cerven\u00e9 karty\">0<\/td><td class=\"data-appearances\" data-label=\"Po\u010det z\u00e1pas\u016f\">7<\/td><\/tr><tr class=\"even\"><td class=\"data-rank\" data-label=\"#\">4<\/td><td class=\"data-name has-photo\" data-label=\"Hr\u00e1\u010d\"><a href=\"https:\/\/soccaczech.cz\/liga\/player\/patrik-marek\/\"><span class=\"player-photo\"><img loading=\"lazy\" decoding=\"async\" width=\"321\" height=\"400\" src=\"https:\/\/soccaczech.cz\/liga\/wp-content\/uploads\/2004\/02\/Patrik-Marek-1-321x400.png\" class=\"attachment-sportspress-fit-icon size-sportspress-fit-icon wp-post-image\" alt=\"\" \/><\/span>03022 \ud83d\udfe2 Patrik Marek<\/a><\/td><td class=\"data-team\" data-label=\"T\u00fdm\"><a href=\"https:\/\/soccaczech.cz\/liga\/sport-team\/g-i-c-la-plate\/\">G.I.C. LA PLATE<\/a><\/td><td class=\"data-goals\" data-label=\"G\u00f3ly\">8<\/td><td class=\"data-assists\" data-label=\"Asistence\">3<\/td><td class=\"data-yellowcards\" data-label=\"\u017dlut\u00e9 karty\">1<\/td><td class=\"data-redcards\" data-label=\"\u010cerven\u00e9 karty\">0<\/td><td class=\"data-appearances\" data-label=\"Po\u010det z\u00e1pas\u016f\">6<\/td><\/tr><tr class=\"odd\"><td class=\"data-rank\" data-label=\"#\">5<\/td><td class=\"data-name has-photo\" data-label=\"Hr\u00e1\u010d\"><a href=\"https:\/\/soccaczech.cz\/liga\/player\/dmytro-klochko\/\"><span class=\"player-photo\"><img loading=\"lazy\" decoding=\"async\" width=\"288\" height=\"400\" src=\"https:\/\/soccaczech.cz\/liga\/wp-content\/uploads\/1987\/02\/IMG_1973-288x400.png\" class=\"attachment-sportspress-fit-icon size-sportspress-fit-icon wp-post-image\" alt=\"\" \/><\/span>01010 \ud83d\udfe2 Dmytro Klochko<\/a><\/td><td class=\"data-team\" data-label=\"T\u00fdm\"><a href=\"https:\/\/soccaczech.cz\/liga\/sport-team\/mc-sarmat\/\">MC SARMAT<\/a><\/td><td class=\"data-goals\" data-label=\"G\u00f3ly\">7<\/td><td class=\"data-assists\" data-label=\"Asistence\">4<\/td><td class=\"data-yellowcards\" data-label=\"\u017dlut\u00e9 karty\">0<\/td><td class=\"data-redcards\" data-label=\"\u010cerven\u00e9 karty\">0<\/td><td class=\"data-appearances\" data-label=\"Po\u010det z\u00e1pas\u016f\">7<\/td><\/tr><tr class=\"even\"><td class=\"data-rank\" data-label=\"#\">6<\/td><td class=\"data-name has-photo\" data-label=\"Hr\u00e1\u010d\"><a href=\"https:\/\/soccaczech.cz\/liga\/player\/adam-zelenka\/\"><span class=\"player-photo\"><img loading=\"lazy\" decoding=\"async\" width=\"265\" height=\"400\" src=\"https:\/\/soccaczech.cz\/liga\/wp-content\/uploads\/2025\/07\/Adam-Zelenka-265x400.png\" class=\"attachment-sportspress-fit-icon size-sportspress-fit-icon wp-post-image\" alt=\"\" \/><\/span>01003 \ud83d\udfe2 Adam Zelenka<\/a><\/td><td class=\"data-team\" data-label=\"T\u00fdm\"><a href=\"https:\/\/soccaczech.cz\/liga\/sport-team\/mc-sarmat\/\">MC SARMAT<\/a><\/td><td class=\"data-goals\" data-label=\"G\u00f3ly\">7<\/td><td class=\"data-assists\" data-label=\"Asistence\">4<\/td><td class=\"data-yellowcards\" data-label=\"\u017dlut\u00e9 karty\">0<\/td><td class=\"data-redcards\" data-label=\"\u010cerven\u00e9 karty\">0<\/td><td class=\"data-appearances\" data-label=\"Po\u010det z\u00e1pas\u016f\">6<\/td><\/tr><tr class=\"odd\"><td class=\"data-rank\" data-label=\"#\">7<\/td><td class=\"data-name has-photo\" data-label=\"Hr\u00e1\u010d\"><a href=\"https:\/\/soccaczech.cz\/liga\/player\/07013-%f0%9f%9f%a0-david-vesely\/\"><span class=\"player-photo\"><img loading=\"lazy\" decoding=\"async\" width=\"245\" height=\"400\" src=\"https:\/\/soccaczech.cz\/liga\/wp-content\/uploads\/2004\/08\/010001\ud83d\udfe2-52-245x400.png\" class=\"attachment-sportspress-fit-icon size-sportspress-fit-icon wp-post-image\" alt=\"\" \/><\/span>07013 \ud83d\udfe2 David Vesel\u00fd<\/a><\/td><td class=\"data-team\" data-label=\"T\u00fdm\"><a href=\"https:\/\/soccaczech.cz\/liga\/sport-team\/fc-pohoda-socca\/\">FC POHODA SOCCA<\/a><\/td><td class=\"data-goals\" data-label=\"G\u00f3ly\">8<\/td><td class=\"data-assists\" data-label=\"Asistence\">2<\/td><td class=\"data-yellowcards\" data-label=\"\u017dlut\u00e9 karty\">1<\/td><td class=\"data-redcards\" data-label=\"\u010cerven\u00e9 karty\">0<\/td><td class=\"data-appearances\" data-label=\"Po\u010det z\u00e1pas\u016f\">5<\/td><\/tr><tr class=\"even\"><td class=\"data-rank\" data-label=\"#\">8<\/td><td class=\"data-name has-photo\" data-label=\"Hr\u00e1\u010d\"><a href=\"https:\/\/soccaczech.cz\/liga\/player\/07010-%f0%9f%9f%a0-jan-kaufman\/\"><span class=\"player-photo\"><img loading=\"lazy\" decoding=\"async\" width=\"245\" height=\"400\" src=\"https:\/\/soccaczech.cz\/liga\/wp-content\/uploads\/2003\/08\/010001\ud83d\udfe2-47-245x400.png\" class=\"attachment-sportspress-fit-icon size-sportspress-fit-icon wp-post-image\" alt=\"\" \/><\/span>07010 \ud83d\udfe2 Jan Kaufman<\/a><\/td><td class=\"data-team\" data-label=\"T\u00fdm\"><a href=\"https:\/\/soccaczech.cz\/liga\/sport-team\/fc-pohoda-socca\/\">FC POHODA SOCCA<\/a><\/td><td class=\"data-goals\" data-label=\"G\u00f3ly\">5<\/td><td class=\"data-assists\" data-label=\"Asistence\">4<\/td><td class=\"data-yellowcards\" data-label=\"\u017dlut\u00e9 karty\">1<\/td><td class=\"data-redcards\" data-label=\"\u010cerven\u00e9 karty\">0<\/td><td class=\"data-appearances\" data-label=\"Po\u010det z\u00e1pas\u016f\">5<\/td><\/tr><tr class=\"odd\"><td class=\"data-rank\" data-label=\"#\">9<\/td><td class=\"data-name has-photo\" data-label=\"Hr\u00e1\u010d\"><a href=\"https:\/\/soccaczech.cz\/liga\/player\/maksym-solonyna\/\"><span class=\"player-photo\"><img loading=\"lazy\" decoding=\"async\" width=\"330\" height=\"400\" src=\"https:\/\/soccaczech.cz\/liga\/wp-content\/uploads\/1999\/04\/IMG_1969-330x400.png\" class=\"attachment-sportspress-fit-icon size-sportspress-fit-icon wp-post-image\" alt=\"\" \/><\/span>01008 \ud83d\udfe2 Maksym Solonyna<\/a><\/td><td class=\"data-team\" data-label=\"T\u00fdm\"><a href=\"https:\/\/soccaczech.cz\/liga\/sport-team\/mc-sarmat\/\">MC SARMAT<\/a><\/td><td class=\"data-goals\" data-label=\"G\u00f3ly\">6<\/td><td class=\"data-assists\" data-label=\"Asistence\">2<\/td><td class=\"data-yellowcards\" data-label=\"\u017dlut\u00e9 karty\">0<\/td><td class=\"data-redcards\" data-label=\"\u010cerven\u00e9 karty\">0<\/td><td class=\"data-appearances\" data-label=\"Po\u010det z\u00e1pas\u016f\">6<\/td><\/tr><tr class=\"even\"><td class=\"data-rank\" data-label=\"#\">10<\/td><td class=\"data-name has-photo\" data-label=\"Hr\u00e1\u010d\"><a href=\"https:\/\/soccaczech.cz\/liga\/player\/010016%f0%9f%9f%a2shevchuk-sviatoslav\/\"><span class=\"player-photo\"><img loading=\"lazy\" decoding=\"async\" width=\"245\" height=\"400\" src=\"https:\/\/soccaczech.cz\/liga\/wp-content\/uploads\/2026\/02\/010001\ud83d\udfe2-18-245x400.png\" class=\"attachment-sportspress-fit-icon size-sportspress-fit-icon wp-post-image\" alt=\"\" \/><\/span>010017\ud83d\udfe2Sviatoslav Shevchuk<\/a><\/td><td class=\"data-team\" data-label=\"T\u00fdm\"><a href=\"https:\/\/soccaczech.cz\/liga\/sport-team\/fc-pidhorodtsi\/\">FC PIDHORODTSI<\/a><\/td><td class=\"data-goals\" data-label=\"G\u00f3ly\">5<\/td><td class=\"data-assists\" data-label=\"Asistence\">3<\/td><td class=\"data-yellowcards\" data-label=\"\u017dlut\u00e9 karty\">0<\/td><td class=\"data-redcards\" data-label=\"\u010cerven\u00e9 karty\">0<\/td><td class=\"data-appearances\" data-label=\"Po\u010det z\u00e1pas\u016f\">6<\/td><\/tr><tr class=\"odd\"><td class=\"data-rank\" data-label=\"#\">11<\/td><td class=\"data-name has-photo\" data-label=\"Hr\u00e1\u010d\"><a href=\"https:\/\/soccaczech.cz\/liga\/player\/08008-%f0%9f%9f%a0-yanakov-ivan\/\"><span class=\"player-photo\"><img loading=\"lazy\" decoding=\"async\" width=\"391\" height=\"400\" src=\"https:\/\/soccaczech.cz\/liga\/wp-content\/uploads\/2007\/04\/Yanakov-Ivan-391x400.png\" class=\"attachment-sportspress-fit-icon size-sportspress-fit-icon wp-post-image\" alt=\"\" \/><\/span>08008 \ud83d\udfe2Ivan Yanakov<\/a><\/td><td class=\"data-team\" data-label=\"T\u00fdm\"><a href=\"https:\/\/soccaczech.cz\/liga\/?post_type=page&amp;p=45434\">-<\/a><\/td><td class=\"data-goals\" data-label=\"G\u00f3ly\">4<\/td><td class=\"data-assists\" data-label=\"Asistence\">4<\/td><td class=\"data-yellowcards\" data-label=\"\u017dlut\u00e9 karty\">1<\/td><td class=\"data-redcards\" data-label=\"\u010cerven\u00e9 karty\">0<\/td><td class=\"data-appearances\" data-label=\"Po\u010det z\u00e1pas\u016f\">6<\/td><\/tr><tr class=\"even\"><td class=\"data-rank\" data-label=\"#\">12<\/td><td class=\"data-name\" data-label=\"Hr\u00e1\u010d\"><a href=\"https:\/\/soccaczech.cz\/liga\/player\/014019%f0%9f%9f%a0elkhan-budinov\/\">014019\ud83d\udfe2Elkhan Budinov<\/a><\/td><td class=\"data-team\" data-label=\"T\u00fdm\"><a href=\"https:\/\/soccaczech.cz\/liga\/?post_type=page&amp;p=45434\">-<\/a><\/td><td class=\"data-goals\" data-label=\"G\u00f3ly\">6<\/td><td class=\"data-assists\" data-label=\"Asistence\">1<\/td><td class=\"data-yellowcards\" data-label=\"\u017dlut\u00e9 karty\">2<\/td><td class=\"data-redcards\" data-label=\"\u010cerven\u00e9 karty\">0<\/td><td class=\"data-appearances\" data-label=\"Po\u010det z\u00e1pas\u016f\">6<\/td><\/tr><tr class=\"odd\"><td class=\"data-rank\" data-label=\"#\">13<\/td><td class=\"data-name has-photo\" data-label=\"Hr\u00e1\u010d\"><a href=\"https:\/\/soccaczech.cz\/liga\/player\/mykola-hrypas\/\"><span class=\"player-photo\"><img loading=\"lazy\" decoding=\"async\" width=\"400\" height=\"348\" src=\"https:\/\/soccaczech.cz\/liga\/wp-content\/uploads\/2003\/05\/IMG_2956-400x348.png\" class=\"attachment-sportspress-fit-icon size-sportspress-fit-icon wp-post-image\" alt=\"\" \/><\/span>05003 \ud83d\udfe2 Mykola Hrypas<\/a><\/td><td class=\"data-team\" data-label=\"T\u00fdm\"><a href=\"https:\/\/soccaczech.cz\/liga\/sport-team\/mlady-a-perspektivni\/\">MLAD\u00dd A PERSPEKTIVN\u00cd<\/a><\/td><td class=\"data-goals\" data-label=\"G\u00f3ly\">4<\/td><td class=\"data-assists\" data-label=\"Asistence\">3<\/td><td class=\"data-yellowcards\" data-label=\"\u017dlut\u00e9 karty\">0<\/td><td class=\"data-redcards\" data-label=\"\u010cerven\u00e9 karty\">0<\/td><td class=\"data-appearances\" data-label=\"Po\u010det z\u00e1pas\u016f\">6<\/td><\/tr><tr class=\"even\"><td class=\"data-rank\" data-label=\"#\">14<\/td><td class=\"data-name has-photo\" data-label=\"Hr\u00e1\u010d\"><a href=\"https:\/\/soccaczech.cz\/liga\/player\/kolodezhnyi-vladyslav\/\"><span class=\"player-photo\"><img loading=\"lazy\" decoding=\"async\" width=\"397\" height=\"400\" src=\"https:\/\/soccaczech.cz\/liga\/wp-content\/uploads\/1998\/05\/Kolodezhnyi-Vladyslav-397x400.png\" class=\"attachment-sportspress-fit-icon size-sportspress-fit-icon wp-post-image\" alt=\"\" \/><\/span>02027 \ud83d\udfe2 Kolodezhnyi Vladyslav<\/a><\/td><td class=\"data-team\" data-label=\"T\u00fdm\"><a href=\"https:\/\/soccaczech.cz\/liga\/sport-team\/fc-andezit\/\">FC ANDEZIT<\/a><\/td><td class=\"data-goals\" data-label=\"G\u00f3ly\">3<\/td><td class=\"data-assists\" data-label=\"Asistence\">4<\/td><td class=\"data-yellowcards\" data-label=\"\u017dlut\u00e9 karty\">0<\/td><td class=\"data-redcards\" data-label=\"\u010cerven\u00e9 karty\">0<\/td><td class=\"data-appearances\" data-label=\"Po\u010det z\u00e1pas\u016f\">7<\/td><\/tr><tr class=\"odd\"><td class=\"data-rank\" data-label=\"#\">15<\/td><td class=\"data-name has-photo\" data-label=\"Hr\u00e1\u010d\"><a href=\"https:\/\/soccaczech.cz\/liga\/player\/denys-sandetskyi\/\"><span class=\"player-photo\"><img loading=\"lazy\" decoding=\"async\" width=\"400\" height=\"355\" src=\"https:\/\/soccaczech.cz\/liga\/wp-content\/uploads\/1989\/08\/IMG_1989-400x355.png\" class=\"attachment-sportspress-fit-icon size-sportspress-fit-icon wp-post-image\" alt=\"\" \/><\/span>02002 \ud83d\udfe2 Denys Sandetskyi<\/a><\/td><td class=\"data-team\" data-label=\"T\u00fdm\"><a href=\"https:\/\/soccaczech.cz\/liga\/sport-team\/fc-andezit\/\">FC ANDEZIT<\/a><\/td><td class=\"data-goals\" data-label=\"G\u00f3ly\">2<\/td><td class=\"data-assists\" data-label=\"Asistence\">5<\/td><td class=\"data-yellowcards\" data-label=\"\u017dlut\u00e9 karty\">1<\/td><td class=\"data-redcards\" data-label=\"\u010cerven\u00e9 karty\">0<\/td><td class=\"data-appearances\" data-label=\"Po\u010det z\u00e1pas\u016f\">2<\/td><\/tr><tr class=\"even\"><td class=\"data-rank\" data-label=\"#\">16<\/td><td class=\"data-name has-photo\" data-label=\"Hr\u00e1\u010d\"><a href=\"https:\/\/soccaczech.cz\/liga\/player\/rostyslav-boryn\/\"><span class=\"player-photo\"><img loading=\"lazy\" decoding=\"async\" width=\"225\" height=\"400\" src=\"https:\/\/soccaczech.cz\/liga\/wp-content\/uploads\/2004\/12\/IMG_2963-225x400.png\" class=\"attachment-sportspress-fit-icon size-sportspress-fit-icon wp-post-image\" alt=\"\" \/><\/span>05001 \ud83d\udfe2 Rostyslav Boryn (VD)<\/a><\/td><td class=\"data-team\" data-label=\"T\u00fdm\"><a href=\"https:\/\/soccaczech.cz\/liga\/sport-team\/mlady-a-perspektivni\/\">MLAD\u00dd A PERSPEKTIVN\u00cd<\/a><\/td><td class=\"data-goals\" data-label=\"G\u00f3ly\">0<\/td><td class=\"data-assists\" data-label=\"Asistence\">7<\/td><td class=\"data-yellowcards\" data-label=\"\u017dlut\u00e9 karty\">0<\/td><td class=\"data-redcards\" data-label=\"\u010cerven\u00e9 karty\">0<\/td><td class=\"data-appearances\" data-label=\"Po\u010det z\u00e1pas\u016f\">6<\/td><\/tr><tr class=\"odd\"><td class=\"data-rank\" data-label=\"#\">17<\/td><td class=\"data-name has-photo\" data-label=\"Hr\u00e1\u010d\"><a href=\"https:\/\/soccaczech.cz\/liga\/player\/vitalii-konashchuk\/\"><span class=\"player-photo\"><img loading=\"lazy\" decoding=\"async\" width=\"381\" height=\"400\" src=\"https:\/\/soccaczech.cz\/liga\/wp-content\/uploads\/2005\/09\/IMG_2946-381x400.png\" class=\"attachment-sportspress-fit-icon size-sportspress-fit-icon wp-post-image\" alt=\"\" \/><\/span>05005 \ud83d\udfe2 Vitalii Konashchuk<\/a><\/td><td class=\"data-team\" data-label=\"T\u00fdm\"><a href=\"https:\/\/soccaczech.cz\/liga\/sport-team\/mlady-a-perspektivni\/\">MLAD\u00dd A PERSPEKTIVN\u00cd<\/a><\/td><td class=\"data-goals\" data-label=\"G\u00f3ly\">6<\/td><td class=\"data-assists\" data-label=\"Asistence\">0<\/td><td class=\"data-yellowcards\" data-label=\"\u017dlut\u00e9 karty\">0<\/td><td class=\"data-redcards\" data-label=\"\u010cerven\u00e9 karty\">0<\/td><td class=\"data-appearances\" data-label=\"Po\u010det z\u00e1pas\u016f\">6<\/td><\/tr><tr class=\"even\"><td class=\"data-rank\" data-label=\"#\">18<\/td><td class=\"data-name has-photo\" data-label=\"Hr\u00e1\u010d\"><a href=\"https:\/\/soccaczech.cz\/liga\/player\/07007-%f0%9f%9f%a0-jakub-sikanedr\/\"><span class=\"player-photo\"><img loading=\"lazy\" decoding=\"async\" width=\"266\" height=\"272\" src=\"https:\/\/soccaczech.cz\/liga\/wp-content\/uploads\/2004\/08\/Jakub-Sikanedr-3.12.2003.png\" class=\"attachment-sportspress-fit-icon size-sportspress-fit-icon wp-post-image\" alt=\"\" \/><\/span>07007 \ud83d\udfe2 Jakub \u0160ikanedr<\/a><\/td><td class=\"data-team\" data-label=\"T\u00fdm\"><a href=\"https:\/\/soccaczech.cz\/liga\/?post_type=page&amp;p=45434\">-<\/a><\/td><td class=\"data-goals\" data-label=\"G\u00f3ly\">4<\/td><td class=\"data-assists\" data-label=\"Asistence\">2<\/td><td class=\"data-yellowcards\" data-label=\"\u017dlut\u00e9 karty\">0<\/td><td class=\"data-redcards\" data-label=\"\u010cerven\u00e9 karty\">0<\/td><td class=\"data-appearances\" data-label=\"Po\u010det z\u00e1pas\u016f\">4<\/td><\/tr><tr class=\"odd\"><td class=\"data-rank\" data-label=\"#\">19<\/td><td class=\"data-name has-photo\" data-label=\"Hr\u00e1\u010d\"><a href=\"https:\/\/soccaczech.cz\/liga\/player\/08004-%f0%9f%9f%a0-lemak-oleksandr\/\"><span class=\"player-photo\"><img loading=\"lazy\" decoding=\"async\" width=\"308\" height=\"400\" src=\"https:\/\/soccaczech.cz\/liga\/wp-content\/uploads\/2007\/04\/Lemak-Sandor-308x400.png\" class=\"attachment-sportspress-fit-icon size-sportspress-fit-icon wp-post-image\" alt=\"\" \/><\/span>08004 \ud83d\udfe2Oleksandr Lemak<\/a><\/td><td class=\"data-team\" data-label=\"T\u00fdm\"><a href=\"https:\/\/soccaczech.cz\/liga\/?post_type=page&amp;p=45434\">-<\/a><\/td><td class=\"data-goals\" data-label=\"G\u00f3ly\">4<\/td><td class=\"data-assists\" data-label=\"Asistence\">2<\/td><td class=\"data-yellowcards\" data-label=\"\u017dlut\u00e9 karty\">0<\/td><td class=\"data-redcards\" data-label=\"\u010cerven\u00e9 karty\">0<\/td><td class=\"data-appearances\" data-label=\"Po\u010det z\u00e1pas\u016f\">7<\/td><\/tr><tr class=\"even\"><td class=\"data-rank\" data-label=\"#\">20<\/td><td class=\"data-name has-photo\" data-label=\"Hr\u00e1\u010d\"><a href=\"https:\/\/soccaczech.cz\/liga\/player\/koval-oleksandr\/\"><span class=\"player-photo\"><img loading=\"lazy\" decoding=\"async\" width=\"245\" height=\"400\" src=\"https:\/\/soccaczech.cz\/liga\/wp-content\/uploads\/2005\/05\/010001\ud83d\udfe2-245x400.png\" class=\"attachment-sportspress-fit-icon size-sportspress-fit-icon wp-post-image\" alt=\"\" \/><\/span>010018\ud83d\udfe2Oleksandr Koval<\/a><\/td><td class=\"data-team\" data-label=\"T\u00fdm\"><a href=\"https:\/\/soccaczech.cz\/liga\/sport-team\/fc-pidhorodtsi\/\">FC PIDHORODTSI<\/a><\/td><td class=\"data-goals\" data-label=\"G\u00f3ly\">3<\/td><td class=\"data-assists\" data-label=\"Asistence\">3<\/td><td class=\"data-yellowcards\" data-label=\"\u017dlut\u00e9 karty\">1<\/td><td class=\"data-redcards\" data-label=\"\u010cerven\u00e9 karty\">0<\/td><td class=\"data-appearances\" data-label=\"Po\u010det z\u00e1pas\u016f\">7<\/td><\/tr><tr class=\"odd\"><td class=\"data-rank\" data-label=\"#\">21<\/td><td class=\"data-name has-photo\" data-label=\"Hr\u00e1\u010d\"><a href=\"https:\/\/soccaczech.cz\/liga\/player\/michal-vavra\/\"><span class=\"player-photo\"><img loading=\"lazy\" decoding=\"async\" width=\"358\" height=\"400\" src=\"https:\/\/soccaczech.cz\/liga\/wp-content\/uploads\/1997\/12\/MichalVavra-358x400.png\" class=\"attachment-sportspress-fit-icon size-sportspress-fit-icon wp-post-image\" alt=\"\" \/><\/span>03032 \ud83d\udfe2 Michal V\u00e1vra<\/a><\/td><td class=\"data-team\" data-label=\"T\u00fdm\"><a href=\"https:\/\/soccaczech.cz\/liga\/?post_type=page&amp;p=45434\">-<\/a><\/td><td class=\"data-goals\" data-label=\"G\u00f3ly\">3<\/td><td class=\"data-assists\" data-label=\"Asistence\">3<\/td><td class=\"data-yellowcards\" data-label=\"\u017dlut\u00e9 karty\">0<\/td><td class=\"data-redcards\" data-label=\"\u010cerven\u00e9 karty\">0<\/td><td class=\"data-appearances\" data-label=\"Po\u010det z\u00e1pas\u016f\">5<\/td><\/tr><tr class=\"even\"><td class=\"data-rank\" data-label=\"#\">22<\/td><td class=\"data-name\" data-label=\"Hr\u00e1\u010d\"><a href=\"https:\/\/soccaczech.cz\/liga\/player\/01028-%f0%9f%9f%a2-bernardo\/\">01028 \ud83d\udfe2 Bernardo<\/a><\/td><td class=\"data-team\" data-label=\"T\u00fdm\"><a href=\"https:\/\/soccaczech.cz\/liga\/sport-team\/mc-sarmat\/\">MC SARMAT<\/a><\/td><td class=\"data-goals\" data-label=\"G\u00f3ly\">3<\/td><td class=\"data-assists\" data-label=\"Asistence\">3<\/td><td class=\"data-yellowcards\" data-label=\"\u017dlut\u00e9 karty\">0<\/td><td class=\"data-redcards\" data-label=\"\u010cerven\u00e9 karty\">0<\/td><td class=\"data-appearances\" data-label=\"Po\u010det z\u00e1pas\u016f\">2<\/td><\/tr><tr class=\"odd\"><td class=\"data-rank\" data-label=\"#\">23<\/td><td class=\"data-name has-photo\" data-label=\"Hr\u00e1\u010d\"><a href=\"https:\/\/soccaczech.cz\/liga\/player\/verner-miroslav\/\"><span class=\"player-photo\"><img loading=\"lazy\" decoding=\"async\" width=\"300\" height=\"400\" src=\"https:\/\/soccaczech.cz\/liga\/wp-content\/uploads\/1991\/02\/Verner-Miroslav-300x400.png\" class=\"attachment-sportspress-fit-icon size-sportspress-fit-icon wp-post-image\" alt=\"\" \/><\/span>02031 \ud83d\udfe2 Miroslav Verner<\/a><\/td><td class=\"data-team\" data-label=\"T\u00fdm\"><a href=\"https:\/\/soccaczech.cz\/liga\/sport-team\/fc-andezit\/\">FC ANDEZIT<\/a><\/td><td class=\"data-goals\" data-label=\"G\u00f3ly\">2<\/td><td class=\"data-assists\" data-label=\"Asistence\">4<\/td><td class=\"data-yellowcards\" data-label=\"\u017dlut\u00e9 karty\">0<\/td><td class=\"data-redcards\" data-label=\"\u010cerven\u00e9 karty\">0<\/td><td class=\"data-appearances\" data-label=\"Po\u010det z\u00e1pas\u016f\">6<\/td><\/tr><tr class=\"even\"><td class=\"data-rank\" data-label=\"#\">24<\/td><td class=\"data-name has-photo\" data-label=\"Hr\u00e1\u010d\"><a href=\"https:\/\/soccaczech.cz\/liga\/player\/oleksandr-tseber\/\"><span class=\"player-photo\"><img loading=\"lazy\" decoding=\"async\" width=\"400\" height=\"378\" src=\"https:\/\/soccaczech.cz\/liga\/wp-content\/uploads\/2001\/11\/IMG_2953-400x378.png\" class=\"attachment-sportspress-fit-icon size-sportspress-fit-icon wp-post-image\" alt=\"\" \/><\/span>05013 \ud83d\udfe2 Oleksandr Tseber<\/a><\/td><td class=\"data-team\" data-label=\"T\u00fdm\"><a href=\"https:\/\/soccaczech.cz\/liga\/sport-team\/mlady-a-perspektivni\/\">MLAD\u00dd A PERSPEKTIVN\u00cd<\/a><\/td><td class=\"data-goals\" data-label=\"G\u00f3ly\">4<\/td><td class=\"data-assists\" data-label=\"Asistence\">1<\/td><td class=\"data-yellowcards\" data-label=\"\u017dlut\u00e9 karty\">0<\/td><td class=\"data-redcards\" data-label=\"\u010cerven\u00e9 karty\">0<\/td><td class=\"data-appearances\" data-label=\"Po\u010det z\u00e1pas\u016f\">7<\/td><\/tr><tr class=\"odd\"><td class=\"data-rank\" data-label=\"#\">25<\/td><td class=\"data-name has-photo\" data-label=\"Hr\u00e1\u010d\"><a href=\"https:\/\/soccaczech.cz\/liga\/player\/vitalii-lastivka\/\"><span class=\"player-photo\"><img loading=\"lazy\" decoding=\"async\" width=\"321\" height=\"400\" src=\"https:\/\/soccaczech.cz\/liga\/wp-content\/uploads\/2003\/03\/IMG_2949-321x400.png\" class=\"attachment-sportspress-fit-icon size-sportspress-fit-icon wp-post-image\" alt=\"\" \/><\/span>05002 \ud83d\udfe2 Vitalii Lastivka (VD)<\/a><\/td><td class=\"data-team\" data-label=\"T\u00fdm\"><a href=\"https:\/\/soccaczech.cz\/liga\/sport-team\/mlady-a-perspektivni\/\">MLAD\u00dd A PERSPEKTIVN\u00cd<\/a><\/td><td class=\"data-goals\" data-label=\"G\u00f3ly\">4<\/td><td class=\"data-assists\" data-label=\"Asistence\">1<\/td><td class=\"data-yellowcards\" data-label=\"\u017dlut\u00e9 karty\">0<\/td><td class=\"data-redcards\" data-label=\"\u010cerven\u00e9 karty\">0<\/td><td class=\"data-appearances\" data-label=\"Po\u010det z\u00e1pas\u016f\">7<\/td><\/tr><tr class=\"even\"><td class=\"data-rank\" data-label=\"#\">26<\/td><td class=\"data-name has-photo\" data-label=\"Hr\u00e1\u010d\"><a href=\"https:\/\/soccaczech.cz\/liga\/player\/08009-%f0%9f%9f%a0-honcharenko-serhii\/\"><span class=\"player-photo\"><img loading=\"lazy\" decoding=\"async\" width=\"300\" height=\"400\" src=\"https:\/\/soccaczech.cz\/liga\/wp-content\/uploads\/2007\/04\/Serhii-Honcharenko-300x400.png\" class=\"attachment-sportspress-fit-icon size-sportspress-fit-icon wp-post-image\" alt=\"\" \/><\/span>08009 \ud83d\udfe2Serhii Honcharenko<\/a><\/td><td class=\"data-team\" data-label=\"T\u00fdm\"><a href=\"https:\/\/soccaczech.cz\/liga\/?post_type=page&amp;p=45434\">-<\/a><\/td><td class=\"data-goals\" data-label=\"G\u00f3ly\">3<\/td><td class=\"data-assists\" data-label=\"Asistence\">2<\/td><td class=\"data-yellowcards\" data-label=\"\u017dlut\u00e9 karty\">0<\/td><td class=\"data-redcards\" data-label=\"\u010cerven\u00e9 karty\">0<\/td><td class=\"data-appearances\" data-label=\"Po\u010det z\u00e1pas\u016f\">5<\/td><\/tr><tr class=\"odd\"><td class=\"data-rank\" data-label=\"#\">27<\/td><td class=\"data-name has-photo\" data-label=\"Hr\u00e1\u010d\"><a href=\"https:\/\/soccaczech.cz\/liga\/player\/andrii-zahranychnyy\/\"><span class=\"player-photo\"><img loading=\"lazy\" decoding=\"async\" width=\"320\" height=\"400\" src=\"https:\/\/soccaczech.cz\/liga\/wp-content\/uploads\/1994\/12\/IMG_3072-320x400.png\" class=\"attachment-sportspress-fit-icon size-sportspress-fit-icon wp-post-image\" alt=\"\" \/><\/span>02003 \ud83d\udfe2 Andriy  Zahranychnyy<\/a><\/td><td class=\"data-team\" data-label=\"T\u00fdm\"><a href=\"https:\/\/soccaczech.cz\/liga\/sport-team\/fc-andezit\/\">FC ANDEZIT<\/a><\/td><td class=\"data-goals\" data-label=\"G\u00f3ly\">2<\/td><td class=\"data-assists\" data-label=\"Asistence\">3<\/td><td class=\"data-yellowcards\" data-label=\"\u017dlut\u00e9 karty\">0<\/td><td class=\"data-redcards\" data-label=\"\u010cerven\u00e9 karty\">0<\/td><td class=\"data-appearances\" data-label=\"Po\u010det z\u00e1pas\u016f\">5<\/td><\/tr><tr class=\"even\"><td class=\"data-rank\" data-label=\"#\">28<\/td><td class=\"data-name has-photo\" data-label=\"Hr\u00e1\u010d\"><a href=\"https:\/\/soccaczech.cz\/liga\/player\/tomas-panyrek\/\"><span class=\"player-photo\"><img loading=\"lazy\" decoding=\"async\" width=\"384\" height=\"400\" src=\"https:\/\/soccaczech.cz\/liga\/wp-content\/uploads\/2005\/09\/Tomas-Panyrek-384x400.png\" class=\"attachment-sportspress-fit-icon size-sportspress-fit-icon wp-post-image\" alt=\"\" \/><\/span>03005 \ud83d\udfe2 Tom\u00e1\u0161 Pan\u00fdrek<\/a><\/td><td class=\"data-team\" data-label=\"T\u00fdm\"><a href=\"https:\/\/soccaczech.cz\/liga\/sport-team\/g-i-c-la-plate\/\">G.I.C. LA PLATE<\/a><\/td><td class=\"data-goals\" data-label=\"G\u00f3ly\">4<\/td><td class=\"data-assists\" data-label=\"Asistence\">0<\/td><td class=\"data-yellowcards\" data-label=\"\u017dlut\u00e9 karty\">0<\/td><td class=\"data-redcards\" data-label=\"\u010cerven\u00e9 karty\">0<\/td><td class=\"data-appearances\" data-label=\"Po\u010det z\u00e1pas\u016f\">4<\/td><\/tr><tr class=\"odd\"><td class=\"data-rank\" data-label=\"#\">29<\/td><td class=\"data-name\" data-label=\"Hr\u00e1\u010d\"><a href=\"https:\/\/soccaczech.cz\/liga\/player\/08012-%f0%9f%9f%a0-bezyk-eduard\/\">08012 \ud83d\udfe2   Eduard Bezyk<\/a><\/td><td class=\"data-team\" data-label=\"T\u00fdm\"><a href=\"https:\/\/soccaczech.cz\/liga\/?post_type=page&amp;p=45434\">-<\/a><\/td><td class=\"data-goals\" data-label=\"G\u00f3ly\">3<\/td><td class=\"data-assists\" data-label=\"Asistence\">1<\/td><td class=\"data-yellowcards\" data-label=\"\u017dlut\u00e9 karty\">0<\/td><td class=\"data-redcards\" data-label=\"\u010cerven\u00e9 karty\">1<\/td><td class=\"data-appearances\" data-label=\"Po\u010det z\u00e1pas\u016f\">4<\/td><\/tr><tr class=\"even\"><td class=\"data-rank\" data-label=\"#\">30<\/td><td class=\"data-name has-photo\" data-label=\"Hr\u00e1\u010d\"><a href=\"https:\/\/soccaczech.cz\/liga\/player\/010004%f0%9f%9f%a2dibrivnyi-mykola\/\"><span class=\"player-photo\"><img loading=\"lazy\" decoding=\"async\" width=\"245\" height=\"400\" src=\"https:\/\/soccaczech.cz\/liga\/wp-content\/uploads\/2026\/02\/010001\ud83d\udfe2-2-245x400.png\" class=\"attachment-sportspress-fit-icon size-sportspress-fit-icon wp-post-image\" alt=\"\" \/><\/span>010020\ud83d\udfe2Mykola Dibrivnyi<\/a><\/td><td class=\"data-team\" data-label=\"T\u00fdm\"><a href=\"https:\/\/soccaczech.cz\/liga\/?post_type=page&amp;p=45434\">-<\/a><\/td><td class=\"data-goals\" data-label=\"G\u00f3ly\">3<\/td><td class=\"data-assists\" data-label=\"Asistence\">1<\/td><td class=\"data-yellowcards\" data-label=\"\u017dlut\u00e9 karty\">0<\/td><td class=\"data-redcards\" data-label=\"\u010cerven\u00e9 karty\">0<\/td><td class=\"data-appearances\" data-label=\"Po\u010det z\u00e1pas\u016f\">7<\/td><\/tr><tr class=\"odd\"><td class=\"data-rank\" data-label=\"#\">31<\/td><td class=\"data-name has-photo\" data-label=\"Hr\u00e1\u010d\"><a href=\"https:\/\/soccaczech.cz\/liga\/player\/013003%f0%9f%9f%a0rostyslav-romanyshynvd\/\"><span class=\"player-photo\"><img loading=\"lazy\" decoding=\"async\" width=\"245\" height=\"400\" src=\"https:\/\/soccaczech.cz\/liga\/wp-content\/uploads\/1999\/10\/010001\ud83d\udfe2-17-245x400.png\" class=\"attachment-sportspress-fit-icon size-sportspress-fit-icon wp-post-image\" alt=\"\" \/><\/span>013003\ud83d\udfe2ROSTYSLAV ROMANYSHYN(VD)<\/a><\/td><td class=\"data-team\" data-label=\"T\u00fdm\"><a href=\"https:\/\/soccaczech.cz\/liga\/?post_type=page&amp;p=45434\">-<\/a><\/td><td class=\"data-goals\" data-label=\"G\u00f3ly\">3<\/td><td class=\"data-assists\" data-label=\"Asistence\">1<\/td><td class=\"data-yellowcards\" data-label=\"\u017dlut\u00e9 karty\">0<\/td><td class=\"data-redcards\" data-label=\"\u010cerven\u00e9 karty\">0<\/td><td class=\"data-appearances\" data-label=\"Po\u010det z\u00e1pas\u016f\">6<\/td><\/tr><tr class=\"even\"><td class=\"data-rank\" data-label=\"#\">32<\/td><td class=\"data-name has-photo\" data-label=\"Hr\u00e1\u010d\"><a href=\"https:\/\/soccaczech.cz\/liga\/player\/bohdan-klimuk\/\"><span class=\"player-photo\"><img loading=\"lazy\" decoding=\"async\" width=\"289\" height=\"400\" src=\"https:\/\/soccaczech.cz\/liga\/wp-content\/uploads\/2005\/04\/IMG_2950-289x400.png\" class=\"attachment-sportspress-fit-icon size-sportspress-fit-icon wp-post-image\" alt=\"\" \/><\/span>05009 \ud83d\udfe2 Bohdan Klimuk<\/a><\/td><td class=\"data-team\" data-label=\"T\u00fdm\"><a href=\"https:\/\/soccaczech.cz\/liga\/sport-team\/mlady-a-perspektivni\/\">MLAD\u00dd A PERSPEKTIVN\u00cd<\/a><\/td><td class=\"data-goals\" data-label=\"G\u00f3ly\">3<\/td><td class=\"data-assists\" data-label=\"Asistence\">1<\/td><td class=\"data-yellowcards\" data-label=\"\u017dlut\u00e9 karty\">0<\/td><td class=\"data-redcards\" data-label=\"\u010cerven\u00e9 karty\">0<\/td><td class=\"data-appearances\" data-label=\"Po\u010det z\u00e1pas\u016f\">6<\/td><\/tr><tr class=\"odd\"><td class=\"data-rank\" data-label=\"#\">33<\/td><td class=\"data-name has-photo\" data-label=\"Hr\u00e1\u010d\"><a href=\"https:\/\/soccaczech.cz\/liga\/player\/mykola-kodatskyi\/\"><span class=\"player-photo\"><img loading=\"lazy\" decoding=\"async\" width=\"286\" height=\"400\" src=\"https:\/\/soccaczech.cz\/liga\/wp-content\/uploads\/1992\/06\/IMG_1962-286x400.png\" class=\"attachment-sportspress-fit-icon size-sportspress-fit-icon wp-post-image\" alt=\"\" \/><\/span>01007 \ud83d\udfe2 Mykola Kodatskyi<\/a><\/td><td class=\"data-team\" data-label=\"T\u00fdm\"><a href=\"https:\/\/soccaczech.cz\/liga\/sport-team\/mc-sarmat\/\">MC SARMAT<\/a><\/td><td class=\"data-goals\" data-label=\"G\u00f3ly\">2<\/td><td class=\"data-assists\" data-label=\"Asistence\">2<\/td><td class=\"data-yellowcards\" data-label=\"\u017dlut\u00e9 karty\">0<\/td><td class=\"data-redcards\" data-label=\"\u010cerven\u00e9 karty\">0<\/td><td class=\"data-appearances\" data-label=\"Po\u010det z\u00e1pas\u016f\">6<\/td><\/tr><tr class=\"even\"><td class=\"data-rank\" data-label=\"#\">34<\/td><td class=\"data-name has-photo\" data-label=\"Hr\u00e1\u010d\"><a href=\"https:\/\/soccaczech.cz\/liga\/player\/014004%f0%9f%9f%a0ivan-popovych\/\"><span class=\"player-photo\"><img loading=\"lazy\" decoding=\"async\" width=\"227\" height=\"400\" src=\"https:\/\/soccaczech.cz\/liga\/wp-content\/uploads\/2026\/03\/Ivan-Popovych--227x400.jpg\" class=\"attachment-sportspress-fit-icon size-sportspress-fit-icon wp-post-image\" alt=\"\" \/><\/span>014004\ud83d\udfe2Ivan Popovych<\/a><\/td><td class=\"data-team\" data-label=\"T\u00fdm\"><a href=\"https:\/\/soccaczech.cz\/liga\/sport-team\/fc-golden-gate\/\">FC GOLDEN GATE<\/a><\/td><td class=\"data-goals\" data-label=\"G\u00f3ly\">2<\/td><td class=\"data-assists\" data-label=\"Asistence\">2<\/td><td class=\"data-yellowcards\" data-label=\"\u017dlut\u00e9 karty\">0<\/td><td class=\"data-redcards\" data-label=\"\u010cerven\u00e9 karty\">0<\/td><td class=\"data-appearances\" data-label=\"Po\u010det z\u00e1pas\u016f\">4<\/td><\/tr><tr class=\"odd\"><td class=\"data-rank\" data-label=\"#\">35<\/td><td class=\"data-name has-photo\" data-label=\"Hr\u00e1\u010d\"><a href=\"https:\/\/soccaczech.cz\/liga\/player\/oleksandr-tarasiuk\/\"><span class=\"player-photo\"><img loading=\"lazy\" decoding=\"async\" width=\"400\" height=\"397\" src=\"https:\/\/soccaczech.cz\/liga\/wp-content\/uploads\/1998\/05\/0E5E830C-19B7-433D-8084-1C5FC790E835-400x397.png\" class=\"attachment-sportspress-fit-icon size-sportspress-fit-icon wp-post-image\" alt=\"\" \/><\/span>02026 \ud83d\udfe2 Oleksandr Tarasiuk<\/a><\/td><td class=\"data-team\" data-label=\"T\u00fdm\"><a href=\"https:\/\/soccaczech.cz\/liga\/sport-team\/fc-andezit\/\">FC ANDEZIT<\/a><\/td><td class=\"data-goals\" data-label=\"G\u00f3ly\">2<\/td><td class=\"data-assists\" data-label=\"Asistence\">2<\/td><td class=\"data-yellowcards\" data-label=\"\u017dlut\u00e9 karty\">0<\/td><td class=\"data-redcards\" data-label=\"\u010cerven\u00e9 karty\">0<\/td><td class=\"data-appearances\" data-label=\"Po\u010det z\u00e1pas\u016f\">6<\/td><\/tr><tr class=\"even\"><td class=\"data-rank\" data-label=\"#\">36<\/td><td class=\"data-name has-photo\" data-label=\"Hr\u00e1\u010d\"><a href=\"https:\/\/soccaczech.cz\/liga\/player\/08003-%f0%9f%9f%a0-tymkovych-ihor\/\"><span class=\"player-photo\"><img loading=\"lazy\" decoding=\"async\" width=\"184\" height=\"400\" src=\"https:\/\/soccaczech.cz\/liga\/wp-content\/uploads\/2007\/04\/Tymkovych-Ihor-184x400.png\" class=\"attachment-sportspress-fit-icon size-sportspress-fit-icon wp-post-image\" alt=\"\" \/><\/span>08003 \ud83d\udfe2 Ihor Tymkovych<\/a><\/td><td class=\"data-team\" data-label=\"T\u00fdm\"><a href=\"https:\/\/soccaczech.cz\/liga\/?post_type=page&amp;p=45434\">-<\/a><\/td><td class=\"data-goals\" data-label=\"G\u00f3ly\">2<\/td><td class=\"data-assists\" data-label=\"Asistence\">2<\/td><td class=\"data-yellowcards\" data-label=\"\u017dlut\u00e9 karty\">0<\/td><td class=\"data-redcards\" data-label=\"\u010cerven\u00e9 karty\">0<\/td><td class=\"data-appearances\" data-label=\"Po\u010det z\u00e1pas\u016f\">3<\/td><\/tr><tr class=\"odd\"><td class=\"data-rank\" data-label=\"#\">37<\/td><td class=\"data-name has-photo\" data-label=\"Hr\u00e1\u010d\"><a href=\"https:\/\/soccaczech.cz\/liga\/player\/adam-job\/\"><span class=\"player-photo\"><img loading=\"lazy\" decoding=\"async\" width=\"264\" height=\"267\" src=\"https:\/\/soccaczech.cz\/liga\/wp-content\/uploads\/2006\/02\/unnamed.png\" class=\"attachment-sportspress-fit-icon size-sportspress-fit-icon wp-post-image\" alt=\"\" \/><\/span>03024 \ud83d\udfe2 Adam Job<\/a><\/td><td class=\"data-team\" data-label=\"T\u00fdm\"><a href=\"https:\/\/soccaczech.cz\/liga\/sport-team\/g-i-c-la-plate\/\">G.I.C. LA PLATE<\/a><\/td><td class=\"data-goals\" data-label=\"G\u00f3ly\">2<\/td><td class=\"data-assists\" data-label=\"Asistence\">2<\/td><td class=\"data-yellowcards\" data-label=\"\u017dlut\u00e9 karty\">0<\/td><td class=\"data-redcards\" data-label=\"\u010cerven\u00e9 karty\">0<\/td><td class=\"data-appearances\" data-label=\"Po\u010det z\u00e1pas\u016f\">5<\/td><\/tr><tr class=\"even\"><td class=\"data-rank\" data-label=\"#\">38<\/td><td class=\"data-name has-photo\" data-label=\"Hr\u00e1\u010d\"><a href=\"https:\/\/soccaczech.cz\/liga\/player\/014007-%f0%9f%9f%a0maksym-zarovnii\/\"><span class=\"player-photo\"><img loading=\"lazy\" decoding=\"async\" width=\"245\" height=\"400\" src=\"https:\/\/soccaczech.cz\/liga\/wp-content\/uploads\/2004\/12\/010001\ud83d\udfe2-33-245x400.png\" class=\"attachment-sportspress-fit-icon size-sportspress-fit-icon wp-post-image\" alt=\"\" \/><\/span>014007 \ud83d\udfe2Maksym Zarovnii<\/a><\/td><td class=\"data-team\" data-label=\"T\u00fdm\"><a href=\"https:\/\/soccaczech.cz\/liga\/sport-team\/fc-golden-gate\/\">FC GOLDEN GATE<\/a><\/td><td class=\"data-goals\" data-label=\"G\u00f3ly\">2<\/td><td class=\"data-assists\" data-label=\"Asistence\">2<\/td><td class=\"data-yellowcards\" data-label=\"\u017dlut\u00e9 karty\">0<\/td><td class=\"data-redcards\" data-label=\"\u010cerven\u00e9 karty\">0<\/td><td class=\"data-appearances\" data-label=\"Po\u010det z\u00e1pas\u016f\">7<\/td><\/tr><tr class=\"odd\"><td class=\"data-rank\" data-label=\"#\">39<\/td><td class=\"data-name has-photo\" data-label=\"Hr\u00e1\u010d\"><a href=\"https:\/\/soccaczech.cz\/liga\/player\/tomas-jurcik\/\"><span class=\"player-photo\"><img loading=\"lazy\" decoding=\"async\" width=\"210\" height=\"297\" src=\"https:\/\/soccaczech.cz\/liga\/wp-content\/uploads\/2005\/09\/Tomas-Jurcik.png\" class=\"attachment-sportspress-fit-icon size-sportspress-fit-icon wp-post-image\" alt=\"\" \/><\/span>03002 \ud83d\udfe2 Tom\u00e1\u0161 Jur\u010d\u00edk<\/a><\/td><td class=\"data-team\" data-label=\"T\u00fdm\"><a href=\"https:\/\/soccaczech.cz\/liga\/sport-team\/g-i-c-la-plate\/\">G.I.C. LA PLATE<\/a><\/td><td class=\"data-goals\" data-label=\"G\u00f3ly\">0<\/td><td class=\"data-assists\" data-label=\"Asistence\">4<\/td><td class=\"data-yellowcards\" data-label=\"\u017dlut\u00e9 karty\">0<\/td><td class=\"data-redcards\" data-label=\"\u010cerven\u00e9 karty\">0<\/td><td class=\"data-appearances\" data-label=\"Po\u010det z\u00e1pas\u016f\">6<\/td><\/tr><tr class=\"even\"><td class=\"data-rank\" data-label=\"#\">40<\/td><td class=\"data-name\" data-label=\"Hr\u00e1\u010d\"><a href=\"https:\/\/soccaczech.cz\/liga\/player\/014020%f0%9f%9f%a2-serhii-derkach\/\">014020\ud83d\udfe2 Serhii Derkach<\/a><\/td><td class=\"data-team\" data-label=\"T\u00fdm\"><a href=\"https:\/\/soccaczech.cz\/liga\/sport-team\/fc-golden-gate\/\">FC GOLDEN GATE<\/a><\/td><td class=\"data-goals\" data-label=\"G\u00f3ly\">3<\/td><td class=\"data-assists\" data-label=\"Asistence\">0<\/td><td class=\"data-yellowcards\" data-label=\"\u017dlut\u00e9 karty\">0<\/td><td class=\"data-redcards\" data-label=\"\u010cerven\u00e9 karty\">0<\/td><td class=\"data-appearances\" data-label=\"Po\u010det z\u00e1pas\u016f\">3<\/td><\/tr><tr class=\"odd\"><td class=\"data-rank\" data-label=\"#\">41<\/td><td class=\"data-name has-photo\" data-label=\"Hr\u00e1\u010d\"><a href=\"https:\/\/soccaczech.cz\/liga\/player\/andrii-tsopa\/\"><span class=\"player-photo\"><img loading=\"lazy\" decoding=\"async\" width=\"400\" height=\"328\" src=\"https:\/\/soccaczech.cz\/liga\/wp-content\/uploads\/1998\/03\/IMG_3068-400x328.png\" class=\"attachment-sportspress-fit-icon size-sportspress-fit-icon wp-post-image\" alt=\"\" \/><\/span>02017 \ud83d\udfe2 Andrii Tsopa<\/a><\/td><td class=\"data-team\" data-label=\"T\u00fdm\"><a href=\"https:\/\/soccaczech.cz\/liga\/sport-team\/fc-andezit\/\">FC ANDEZIT<\/a><\/td><td class=\"data-goals\" data-label=\"G\u00f3ly\">3<\/td><td class=\"data-assists\" data-label=\"Asistence\">0<\/td><td class=\"data-yellowcards\" data-label=\"\u017dlut\u00e9 karty\">0<\/td><td class=\"data-redcards\" data-label=\"\u010cerven\u00e9 karty\">0<\/td><td class=\"data-appearances\" data-label=\"Po\u010det z\u00e1pas\u016f\">3<\/td><\/tr><tr class=\"even\"><td class=\"data-rank\" data-label=\"#\">42<\/td><td class=\"data-name has-photo\" data-label=\"Hr\u00e1\u010d\"><a href=\"https:\/\/soccaczech.cz\/liga\/player\/sztankovics-laszlo\/\"><span class=\"player-photo\"><img loading=\"lazy\" decoding=\"async\" width=\"300\" height=\"400\" src=\"https:\/\/soccaczech.cz\/liga\/wp-content\/uploads\/2008\/03\/Laszlo-Sztankovics--300x400.png\" class=\"attachment-sportspress-fit-icon size-sportspress-fit-icon wp-post-image\" alt=\"\" \/><\/span>04009 \ud83d\udfe2 L\u00e1szl\u00f3 Szt\u00e1nkovics<\/a><\/td><td class=\"data-team\" data-label=\"T\u00fdm\"><a href=\"https:\/\/soccaczech.cz\/liga\/sport-team\/vism-football\/\">VISM FOOTBALL<\/a><\/td><td class=\"data-goals\" data-label=\"G\u00f3ly\">3<\/td><td class=\"data-assists\" data-label=\"Asistence\">0<\/td><td class=\"data-yellowcards\" data-label=\"\u017dlut\u00e9 karty\">0<\/td><td class=\"data-redcards\" data-label=\"\u010cerven\u00e9 karty\">0<\/td><td class=\"data-appearances\" data-label=\"Po\u010det z\u00e1pas\u016f\">6<\/td><\/tr><tr class=\"odd\"><td class=\"data-rank\" data-label=\"#\">43<\/td><td class=\"data-name has-photo\" data-label=\"Hr\u00e1\u010d\"><a href=\"https:\/\/soccaczech.cz\/liga\/player\/08006-%f0%9f%9f%a0-kamil-mykhailo\/\"><span class=\"player-photo\"><img loading=\"lazy\" decoding=\"async\" width=\"300\" height=\"400\" src=\"https:\/\/soccaczech.cz\/liga\/wp-content\/uploads\/2007\/04\/Khmil.-Mykhailo-300x400.png\" class=\"attachment-sportspress-fit-icon size-sportspress-fit-icon wp-post-image\" alt=\"\" \/><\/span>08006 \ud83d\udfe2Mykhailo  Kamil<\/a><\/td><td class=\"data-team\" data-label=\"T\u00fdm\"><a href=\"https:\/\/soccaczech.cz\/liga\/?post_type=page&amp;p=45434\">-<\/a><\/td><td class=\"data-goals\" data-label=\"G\u00f3ly\">3<\/td><td class=\"data-assists\" data-label=\"Asistence\">0<\/td><td class=\"data-yellowcards\" data-label=\"\u017dlut\u00e9 karty\">1<\/td><td class=\"data-redcards\" data-label=\"\u010cerven\u00e9 karty\">0<\/td><td class=\"data-appearances\" data-label=\"Po\u010det z\u00e1pas\u016f\">6<\/td><\/tr><tr class=\"even\"><td class=\"data-rank\" data-label=\"#\">44<\/td><td class=\"data-name has-photo\" data-label=\"Hr\u00e1\u010d\"><a href=\"https:\/\/soccaczech.cz\/liga\/player\/02033%f0%9f%9f%a0dmytro-sorokin\/\"><span class=\"player-photo\"><img loading=\"lazy\" decoding=\"async\" width=\"311\" height=\"400\" src=\"https:\/\/soccaczech.cz\/liga\/wp-content\/uploads\/2026\/03\/WhatsApp-Image-2026-03-07-at-14.55.28-311x400.jpeg\" class=\"attachment-sportspress-fit-icon size-sportspress-fit-icon wp-post-image\" alt=\"\" \/><\/span>02033\ud83d\udfe2Dmytro Sorokin<\/a><\/td><td class=\"data-team\" data-label=\"T\u00fdm\"><a href=\"https:\/\/soccaczech.cz\/liga\/?post_type=page&amp;p=45434\">-<\/a><\/td><td class=\"data-goals\" data-label=\"G\u00f3ly\">2<\/td><td class=\"data-assists\" data-label=\"Asistence\">1<\/td><td class=\"data-yellowcards\" data-label=\"\u017dlut\u00e9 karty\">0<\/td><td class=\"data-redcards\" data-label=\"\u010cerven\u00e9 karty\">0<\/td><td class=\"data-appearances\" data-label=\"Po\u010det z\u00e1pas\u016f\">1<\/td><\/tr><tr class=\"odd\"><td class=\"data-rank\" data-label=\"#\">45<\/td><td class=\"data-name has-photo\" data-label=\"Hr\u00e1\u010d\"><a href=\"https:\/\/soccaczech.cz\/liga\/player\/015003%f0%9f%9f%a0-emil-ishmuratov\/\"><span class=\"player-photo\"><img loading=\"lazy\" decoding=\"async\" width=\"300\" height=\"400\" src=\"https:\/\/soccaczech.cz\/liga\/wp-content\/uploads\/2026\/03\/unnamed-2-300x400.jpg\" class=\"attachment-sportspress-fit-icon size-sportspress-fit-icon wp-post-image\" alt=\"\" \/><\/span>015003\ud83d\udfe2 Emil Ishmuratov<\/a><\/td><td class=\"data-team\" data-label=\"T\u00fdm\"><a href=\"https:\/\/soccaczech.cz\/liga\/sport-team\/fc-trident\/\">FC TRIDENT<\/a><\/td><td class=\"data-goals\" data-label=\"G\u00f3ly\">2<\/td><td class=\"data-assists\" data-label=\"Asistence\">1<\/td><td class=\"data-yellowcards\" data-label=\"\u017dlut\u00e9 karty\">1<\/td><td class=\"data-redcards\" data-label=\"\u010cerven\u00e9 karty\">0<\/td><td class=\"data-appearances\" data-label=\"Po\u010det z\u00e1pas\u016f\">6<\/td><\/tr><tr class=\"even\"><td class=\"data-rank\" data-label=\"#\">46<\/td><td class=\"data-name has-photo\" data-label=\"Hr\u00e1\u010d\"><a href=\"https:\/\/soccaczech.cz\/liga\/player\/jaromir-kupera\/\"><span class=\"player-photo\"><img loading=\"lazy\" decoding=\"async\" width=\"386\" height=\"400\" src=\"https:\/\/soccaczech.cz\/liga\/wp-content\/uploads\/2004\/02\/JaromirKupera-386x400.png\" class=\"attachment-sportspress-fit-icon size-sportspress-fit-icon wp-post-image\" alt=\"\" \/><\/span>03029 \ud83d\udfe2 Jarom\u00edr Kupera<\/a><\/td><td class=\"data-team\" data-label=\"T\u00fdm\"><a href=\"https:\/\/soccaczech.cz\/liga\/?post_type=page&amp;p=45434\">-<\/a><\/td><td class=\"data-goals\" data-label=\"G\u00f3ly\">2<\/td><td class=\"data-assists\" data-label=\"Asistence\">1<\/td><td class=\"data-yellowcards\" data-label=\"\u017dlut\u00e9 karty\">0<\/td><td class=\"data-redcards\" data-label=\"\u010cerven\u00e9 karty\">0<\/td><td class=\"data-appearances\" data-label=\"Po\u010det z\u00e1pas\u016f\">1<\/td><\/tr><tr class=\"odd\"><td class=\"data-rank\" data-label=\"#\">47<\/td><td class=\"data-name has-photo\" data-label=\"Hr\u00e1\u010d\"><a href=\"https:\/\/soccaczech.cz\/liga\/player\/sebastian-divis\/\"><span class=\"player-photo\"><img loading=\"lazy\" decoding=\"async\" width=\"329\" height=\"400\" src=\"https:\/\/soccaczech.cz\/liga\/wp-content\/uploads\/2005\/02\/IMG_1999-329x400.png\" class=\"attachment-sportspress-fit-icon size-sportspress-fit-icon wp-post-image\" alt=\"\" \/><\/span>01016 \ud83d\udfe2 Sebasti\u00e1n Divi\u0161<\/a><\/td><td class=\"data-team\" data-label=\"T\u00fdm\"><a href=\"https:\/\/soccaczech.cz\/liga\/sport-team\/mc-sarmat\/\">MC SARMAT<\/a><\/td><td class=\"data-goals\" data-label=\"G\u00f3ly\">2<\/td><td class=\"data-assists\" data-label=\"Asistence\">1<\/td><td class=\"data-yellowcards\" data-label=\"\u017dlut\u00e9 karty\">0<\/td><td class=\"data-redcards\" data-label=\"\u010cerven\u00e9 karty\">0<\/td><td class=\"data-appearances\" data-label=\"Po\u010det z\u00e1pas\u016f\">5<\/td><\/tr><tr class=\"even\"><td class=\"data-rank\" data-label=\"#\">48<\/td><td class=\"data-name has-photo\" data-label=\"Hr\u00e1\u010d\"><a href=\"https:\/\/soccaczech.cz\/liga\/player\/matej-nemec\/\"><span class=\"player-photo\"><img loading=\"lazy\" decoding=\"async\" width=\"292\" height=\"400\" src=\"https:\/\/soccaczech.cz\/liga\/wp-content\/uploads\/2005\/09\/Matej-Nemec-292x400.png\" class=\"attachment-sportspress-fit-icon size-sportspress-fit-icon wp-post-image\" alt=\"\" \/><\/span>03010 \ud83d\udfe2 Mat\u011bj N\u011bmec<\/a><\/td><td class=\"data-team\" data-label=\"T\u00fdm\"><a href=\"https:\/\/soccaczech.cz\/liga\/sport-team\/g-i-c-la-plate\/\">G.I.C. LA PLATE<\/a><\/td><td class=\"data-goals\" data-label=\"G\u00f3ly\">2<\/td><td class=\"data-assists\" data-label=\"Asistence\">1<\/td><td class=\"data-yellowcards\" data-label=\"\u017dlut\u00e9 karty\">1<\/td><td class=\"data-redcards\" data-label=\"\u010cerven\u00e9 karty\">0<\/td><td class=\"data-appearances\" data-label=\"Po\u010det z\u00e1pas\u016f\">4<\/td><\/tr><tr class=\"odd\"><td class=\"data-rank\" data-label=\"#\">49<\/td><td class=\"data-name\" data-label=\"Hr\u00e1\u010d\"><a href=\"https:\/\/soccaczech.cz\/liga\/player\/014017%f0%9f%9f%a2-vladyslav-stankovych\/\">014017\ud83d\udfe2 Vladyslav Stankovych<\/a><\/td><td class=\"data-team\" data-label=\"T\u00fdm\"><a href=\"https:\/\/soccaczech.cz\/liga\/sport-team\/fc-golden-gate\/\">FC GOLDEN GATE<\/a><\/td><td class=\"data-goals\" data-label=\"G\u00f3ly\">2<\/td><td class=\"data-assists\" data-label=\"Asistence\">1<\/td><td class=\"data-yellowcards\" data-label=\"\u017dlut\u00e9 karty\">1<\/td><td class=\"data-redcards\" data-label=\"\u010cerven\u00e9 karty\">0<\/td><td class=\"data-appearances\" data-label=\"Po\u010det z\u00e1pas\u016f\">6<\/td><\/tr><tr class=\"even\"><td class=\"data-rank\" data-label=\"#\">50<\/td><td class=\"data-name has-photo\" data-label=\"Hr\u00e1\u010d\"><a href=\"https:\/\/soccaczech.cz\/liga\/player\/013013%f0%9f%9f%a0vasyl-shka%d0%bc%d0%b0%d1%82\/\"><span class=\"player-photo\"><img loading=\"lazy\" decoding=\"async\" width=\"245\" height=\"400\" src=\"https:\/\/soccaczech.cz\/liga\/wp-content\/uploads\/2026\/03\/010001\ud83d\udfe2-28-245x400.png\" class=\"attachment-sportspress-fit-icon size-sportspress-fit-icon wp-post-image\" alt=\"\" \/><\/span>013013\ud83d\udfe2VASYL SHKA\u041c\u0410\u0422<\/a><\/td><td class=\"data-team\" data-label=\"T\u00fdm\"><a href=\"https:\/\/soccaczech.cz\/liga\/?post_type=page&amp;p=45434\">-<\/a><\/td><td class=\"data-goals\" data-label=\"G\u00f3ly\">2<\/td><td class=\"data-assists\" data-label=\"Asistence\">1<\/td><td class=\"data-yellowcards\" data-label=\"\u017dlut\u00e9 karty\">0<\/td><td class=\"data-redcards\" data-label=\"\u010cerven\u00e9 karty\">0<\/td><td class=\"data-appearances\" data-label=\"Po\u010det z\u00e1pas\u016f\">6<\/td><\/tr><tr class=\"odd\"><td class=\"data-rank\" data-label=\"#\">51<\/td><td class=\"data-name has-photo\" data-label=\"Hr\u00e1\u010d\"><a href=\"https:\/\/soccaczech.cz\/liga\/player\/012008%f0%9f%9f%a0yaroslav-tomashovski\/\"><span class=\"player-photo\"><img loading=\"lazy\" decoding=\"async\" width=\"245\" height=\"400\" src=\"https:\/\/soccaczech.cz\/liga\/wp-content\/uploads\/2026\/03\/010001\ud83d\udfe2-36-245x400.png\" class=\"attachment-sportspress-fit-icon size-sportspress-fit-icon wp-post-image\" alt=\"\" \/><\/span>04006 \ud83d\udfe2 Yaroslav Tomashovski<\/a><\/td><td class=\"data-team\" data-label=\"T\u00fdm\"><a href=\"https:\/\/soccaczech.cz\/liga\/?post_type=page&amp;p=45434\">-<\/a><\/td><td class=\"data-goals\" data-label=\"G\u00f3ly\">2<\/td><td class=\"data-assists\" data-label=\"Asistence\">1<\/td><td class=\"data-yellowcards\" data-label=\"\u017dlut\u00e9 karty\">0<\/td><td class=\"data-redcards\" data-label=\"\u010cerven\u00e9 karty\">0<\/td><td class=\"data-appearances\" data-label=\"Po\u010det z\u00e1pas\u016f\">6<\/td><\/tr><tr class=\"even\"><td class=\"data-rank\" data-label=\"#\">52<\/td><td class=\"data-name has-photo\" data-label=\"Hr\u00e1\u010d\"><a href=\"https:\/\/soccaczech.cz\/liga\/player\/011006%f0%9f%9f%a2-david-horak\/\"><span class=\"player-photo\"><img loading=\"lazy\" decoding=\"async\" width=\"245\" height=\"400\" src=\"https:\/\/soccaczech.cz\/liga\/wp-content\/uploads\/2026\/02\/010001\ud83d\udfe2-36-245x400.png\" class=\"attachment-sportspress-fit-icon size-sportspress-fit-icon wp-post-image\" alt=\"\" \/><\/span>011006\ud83d\udfe2 David Hor\u00e1k<\/a><\/td><td class=\"data-team\" data-label=\"T\u00fdm\"><a href=\"https:\/\/soccaczech.cz\/liga\/sport-team\/sport-overtime-2\/\">SPORT OVERTIME<\/a><\/td><td class=\"data-goals\" data-label=\"G\u00f3ly\">2<\/td><td class=\"data-assists\" data-label=\"Asistence\">1<\/td><td class=\"data-yellowcards\" data-label=\"\u017dlut\u00e9 karty\">0<\/td><td class=\"data-redcards\" data-label=\"\u010cerven\u00e9 karty\">0<\/td><td class=\"data-appearances\" data-label=\"Po\u010det z\u00e1pas\u016f\">5<\/td><\/tr><tr class=\"odd\"><td class=\"data-rank\" data-label=\"#\">53<\/td><td class=\"data-name has-photo\" data-label=\"Hr\u00e1\u010d\"><a href=\"https:\/\/soccaczech.cz\/liga\/player\/010022%f0%9f%9f%a0zaza-khapava\/\"><span class=\"player-photo\"><img loading=\"lazy\" decoding=\"async\" width=\"245\" height=\"400\" src=\"https:\/\/soccaczech.cz\/liga\/wp-content\/uploads\/2026\/03\/010001\ud83d\udfe2-40-245x400.png\" class=\"attachment-sportspress-fit-icon size-sportspress-fit-icon wp-post-image\" alt=\"\" \/><\/span>010022\ud83d\udfe2Zaza Khapava<\/a><\/td><td class=\"data-team\" data-label=\"T\u00fdm\"><a href=\"https:\/\/soccaczech.cz\/liga\/sport-team\/fc-pidhorodtsi\/\">FC PIDHORODTSI<\/a><\/td><td class=\"data-goals\" data-label=\"G\u00f3ly\">2<\/td><td class=\"data-assists\" data-label=\"Asistence\">1<\/td><td class=\"data-yellowcards\" data-label=\"\u017dlut\u00e9 karty\">0<\/td><td class=\"data-redcards\" data-label=\"\u010cerven\u00e9 karty\">0<\/td><td class=\"data-appearances\" data-label=\"Po\u010det z\u00e1pas\u016f\">6<\/td><\/tr><tr class=\"even\"><td class=\"data-rank\" data-label=\"#\">54<\/td><td class=\"data-name has-photo\" data-label=\"Hr\u00e1\u010d\"><a href=\"https:\/\/soccaczech.cz\/liga\/player\/01027%f0%9f%9f%a0lukas-travnicek-2\/\"><span class=\"player-photo\"><img loading=\"lazy\" decoding=\"async\" width=\"225\" height=\"400\" src=\"https:\/\/soccaczech.cz\/liga\/wp-content\/uploads\/2026\/03\/WhatsApp-Image-2026-03-06-at-18.49.22-225x400.jpeg\" class=\"attachment-sportspress-fit-icon size-sportspress-fit-icon wp-post-image\" alt=\"\" \/><\/span>01027\ud83d\udfe2Luk\u00e1\u0161 Tr\u00e1vn\u00ed\u010dek<\/a><\/td><td class=\"data-team\" data-label=\"T\u00fdm\"><a href=\"https:\/\/soccaczech.cz\/liga\/?post_type=page&amp;p=45434\">-<\/a><\/td><td class=\"data-goals\" data-label=\"G\u00f3ly\">2<\/td><td class=\"data-assists\" data-label=\"Asistence\">1<\/td><td class=\"data-yellowcards\" data-label=\"\u017dlut\u00e9 karty\">0<\/td><td class=\"data-redcards\" data-label=\"\u010cerven\u00e9 karty\">0<\/td><td class=\"data-appearances\" data-label=\"Po\u010det z\u00e1pas\u016f\">6<\/td><\/tr><tr class=\"odd\"><td class=\"data-rank\" data-label=\"#\">55<\/td><td class=\"data-name has-photo\" data-label=\"Hr\u00e1\u010d\"><a href=\"https:\/\/soccaczech.cz\/liga\/player\/lukas-necas\/\"><span class=\"player-photo\"><img loading=\"lazy\" decoding=\"async\" width=\"254\" height=\"400\" src=\"https:\/\/soccaczech.cz\/liga\/wp-content\/uploads\/2000\/11\/IMG_2920-254x400.png\" class=\"attachment-sportspress-fit-icon size-sportspress-fit-icon wp-post-image\" alt=\"\" \/><\/span>01014 \ud83d\udfe2 Luk\u00e1\u0161 Ne\u010das<\/a><\/td><td class=\"data-team\" data-label=\"T\u00fdm\"><a href=\"https:\/\/soccaczech.cz\/liga\/sport-team\/mc-sarmat\/\">MC SARMAT<\/a><\/td><td class=\"data-goals\" data-label=\"G\u00f3ly\">1<\/td><td class=\"data-assists\" data-label=\"Asistence\">2<\/td><td class=\"data-yellowcards\" data-label=\"\u017dlut\u00e9 karty\">0<\/td><td class=\"data-redcards\" data-label=\"\u010cerven\u00e9 karty\">0<\/td><td class=\"data-appearances\" data-label=\"Po\u010det z\u00e1pas\u016f\">1<\/td><\/tr><tr class=\"even\"><td class=\"data-rank\" data-label=\"#\">56<\/td><td class=\"data-name has-photo\" data-label=\"Hr\u00e1\u010d\"><a href=\"https:\/\/soccaczech.cz\/liga\/player\/08014-%f0%9f%9f%a0-kvych-oleh\/\"><span class=\"player-photo\"><img loading=\"lazy\" decoding=\"async\" width=\"300\" height=\"400\" src=\"https:\/\/soccaczech.cz\/liga\/wp-content\/uploads\/2007\/04\/Kvych-Oleh-300x400.png\" class=\"attachment-sportspress-fit-icon size-sportspress-fit-icon wp-post-image\" alt=\"\" \/><\/span>08014 \ud83d\udfe2Oleh Kvych<\/a><\/td><td class=\"data-team\" data-label=\"T\u00fdm\"><a href=\"https:\/\/soccaczech.cz\/liga\/?post_type=page&amp;p=45434\">-<\/a><\/td><td class=\"data-goals\" data-label=\"G\u00f3ly\">1<\/td><td class=\"data-assists\" data-label=\"Asistence\">2<\/td><td class=\"data-yellowcards\" data-label=\"\u017dlut\u00e9 karty\">0<\/td><td class=\"data-redcards\" data-label=\"\u010cerven\u00e9 karty\">0<\/td><td class=\"data-appearances\" data-label=\"Po\u010det z\u00e1pas\u016f\">4<\/td><\/tr><tr class=\"odd\"><td class=\"data-rank\" data-label=\"#\">57<\/td><td class=\"data-name has-photo\" data-label=\"Hr\u00e1\u010d\"><a href=\"https:\/\/soccaczech.cz\/liga\/player\/015011%f0%9f%9f%a0mark-litvinov\/\"><span class=\"player-photo\"><img loading=\"lazy\" decoding=\"async\" width=\"300\" height=\"400\" src=\"https:\/\/soccaczech.cz\/liga\/wp-content\/uploads\/2026\/03\/Mark-Litvinov-300x400.jpeg\" class=\"attachment-sportspress-fit-icon size-sportspress-fit-icon wp-post-image\" alt=\"\" \/><\/span>015011\ud83d\udfe2Mark Litvinov<\/a><\/td><td class=\"data-team\" data-label=\"T\u00fdm\"><a href=\"https:\/\/soccaczech.cz\/liga\/sport-team\/fc-trident\/\">FC TRIDENT<\/a><\/td><td class=\"data-goals\" data-label=\"G\u00f3ly\">1<\/td><td class=\"data-assists\" data-label=\"Asistence\">2<\/td><td class=\"data-yellowcards\" data-label=\"\u017dlut\u00e9 karty\">0<\/td><td class=\"data-redcards\" data-label=\"\u010cerven\u00e9 karty\">0<\/td><td class=\"data-appearances\" data-label=\"Po\u010det z\u00e1pas\u016f\">5<\/td><\/tr><tr class=\"even\"><td class=\"data-rank\" data-label=\"#\">58<\/td><td class=\"data-name has-photo\" data-label=\"Hr\u00e1\u010d\"><a href=\"https:\/\/soccaczech.cz\/liga\/player\/vasyl-monyc\/\"><span class=\"player-photo\"><img loading=\"lazy\" decoding=\"async\" width=\"386\" height=\"400\" src=\"https:\/\/soccaczech.cz\/liga\/wp-content\/uploads\/1997\/12\/VasylMonyc-386x400.png\" class=\"attachment-sportspress-fit-icon size-sportspress-fit-icon wp-post-image\" alt=\"\" \/><\/span>03033 \ud83d\udfe2 Vasyl Mony\u010d<\/a><\/td><td class=\"data-team\" data-label=\"T\u00fdm\"><a href=\"https:\/\/soccaczech.cz\/liga\/?post_type=page&amp;p=45434\">-<\/a><\/td><td class=\"data-goals\" data-label=\"G\u00f3ly\">1<\/td><td class=\"data-assists\" data-label=\"Asistence\">2<\/td><td class=\"data-yellowcards\" data-label=\"\u017dlut\u00e9 karty\">0<\/td><td class=\"data-redcards\" data-label=\"\u010cerven\u00e9 karty\">0<\/td><td class=\"data-appearances\" data-label=\"Po\u010det z\u00e1pas\u016f\">3<\/td><\/tr><tr class=\"odd\"><td class=\"data-rank\" data-label=\"#\">59<\/td><td class=\"data-name has-photo\" data-label=\"Hr\u00e1\u010d\"><a href=\"https:\/\/soccaczech.cz\/liga\/player\/010016%f0%9f%9f%a2slinkin-andrii\/\"><span class=\"player-photo\"><img loading=\"lazy\" decoding=\"async\" width=\"245\" height=\"400\" src=\"https:\/\/soccaczech.cz\/liga\/wp-content\/uploads\/2026\/02\/010001\ud83d\udfe2-20-245x400.png\" class=\"attachment-sportspress-fit-icon size-sportspress-fit-icon wp-post-image\" alt=\"\" \/><\/span>010007\ud83d\udfe2 Andrii Slinkin<\/a><\/td><td class=\"data-team\" data-label=\"T\u00fdm\"><a href=\"https:\/\/soccaczech.cz\/liga\/sport-team\/fc-pidhorodtsi\/\">FC PIDHORODTSI<\/a><\/td><td class=\"data-goals\" data-label=\"G\u00f3ly\">1<\/td><td class=\"data-assists\" data-label=\"Asistence\">2<\/td><td class=\"data-yellowcards\" data-label=\"\u017dlut\u00e9 karty\">1<\/td><td class=\"data-redcards\" data-label=\"\u010cerven\u00e9 karty\">0<\/td><td class=\"data-appearances\" data-label=\"Po\u010det z\u00e1pas\u016f\">5<\/td><\/tr><tr class=\"even\"><td class=\"data-rank\" data-label=\"#\">60<\/td><td class=\"data-name has-photo\" data-label=\"Hr\u00e1\u010d\"><a href=\"https:\/\/soccaczech.cz\/liga\/player\/010020%f0%9f%9f%a2tymchenko-bohdan\/\"><span class=\"player-photo\"><img loading=\"lazy\" decoding=\"async\" width=\"245\" height=\"400\" src=\"https:\/\/soccaczech.cz\/liga\/wp-content\/uploads\/2026\/02\/010001\ud83d\udfe2-22-245x400.png\" class=\"attachment-sportspress-fit-icon size-sportspress-fit-icon wp-post-image\" alt=\"\" \/><\/span>010014\ud83d\udfe2Bohdan Tymchenko<\/a><\/td><td class=\"data-team\" data-label=\"T\u00fdm\"><a href=\"https:\/\/soccaczech.cz\/liga\/sport-team\/fc-pidhorodtsi\/\">FC PIDHORODTSI<\/a><\/td><td class=\"data-goals\" data-label=\"G\u00f3ly\">1<\/td><td class=\"data-assists\" data-label=\"Asistence\">2<\/td><td class=\"data-yellowcards\" data-label=\"\u017dlut\u00e9 karty\">1<\/td><td class=\"data-redcards\" data-label=\"\u010cerven\u00e9 karty\">0<\/td><td class=\"data-appearances\" data-label=\"Po\u010det z\u00e1pas\u016f\">7<\/td><\/tr><tr class=\"odd\"><td class=\"data-rank\" data-label=\"#\">61<\/td><td class=\"data-name has-photo\" data-label=\"Hr\u00e1\u010d\"><a href=\"https:\/\/soccaczech.cz\/liga\/player\/andrii-kovalchuk\/\"><span class=\"player-photo\"><img loading=\"lazy\" decoding=\"async\" width=\"400\" height=\"333\" src=\"https:\/\/soccaczech.cz\/liga\/wp-content\/uploads\/1993\/08\/IMG_3080-400x333.png\" class=\"attachment-sportspress-fit-icon size-sportspress-fit-icon wp-post-image\" alt=\"\" \/><\/span>02021 \ud83d\udfe2 Andrii Kovalchuk<\/a><\/td><td class=\"data-team\" data-label=\"T\u00fdm\"><a href=\"https:\/\/soccaczech.cz\/liga\/sport-team\/fc-andezit\/\">FC ANDEZIT<\/a><\/td><td class=\"data-goals\" data-label=\"G\u00f3ly\">1<\/td><td class=\"data-assists\" data-label=\"Asistence\">2<\/td><td class=\"data-yellowcards\" data-label=\"\u017dlut\u00e9 karty\">0<\/td><td class=\"data-redcards\" data-label=\"\u010cerven\u00e9 karty\">0<\/td><td class=\"data-appearances\" data-label=\"Po\u010det z\u00e1pas\u016f\">6<\/td><\/tr><tr class=\"even\"><td class=\"data-rank\" data-label=\"#\">62<\/td><td class=\"data-name has-photo\" data-label=\"Hr\u00e1\u010d\"><a href=\"https:\/\/soccaczech.cz\/liga\/player\/08007-%f0%9f%9f%a0-sykhno-ihor\/\"><span class=\"player-photo\"><img loading=\"lazy\" decoding=\"async\" width=\"300\" height=\"400\" src=\"https:\/\/soccaczech.cz\/liga\/wp-content\/uploads\/2007\/04\/Sukhno-Ihor-300x400.png\" class=\"attachment-sportspress-fit-icon size-sportspress-fit-icon wp-post-image\" alt=\"\" \/><\/span>08007 \ud83d\udfe2 Ihor Sykhno<\/a><\/td><td class=\"data-team\" data-label=\"T\u00fdm\"><a href=\"https:\/\/soccaczech.cz\/liga\/?post_type=page&amp;p=45434\">-<\/a><\/td><td class=\"data-goals\" data-label=\"G\u00f3ly\">1<\/td><td class=\"data-assists\" data-label=\"Asistence\">2<\/td><td class=\"data-yellowcards\" data-label=\"\u017dlut\u00e9 karty\">0<\/td><td class=\"data-redcards\" data-label=\"\u010cerven\u00e9 karty\">0<\/td><td class=\"data-appearances\" data-label=\"Po\u010det z\u00e1pas\u016f\">6<\/td><\/tr><tr class=\"odd\"><td class=\"data-rank\" data-label=\"#\">63<\/td><td class=\"data-name has-photo\" data-label=\"Hr\u00e1\u010d\"><a href=\"https:\/\/soccaczech.cz\/liga\/player\/012012%f0%9f%9f%a0eduard-melnik\/\"><span class=\"player-photo\"><img loading=\"lazy\" decoding=\"async\" width=\"245\" height=\"400\" src=\"https:\/\/soccaczech.cz\/liga\/wp-content\/uploads\/2026\/03\/010001\ud83d\udfe2-43-245x400.png\" class=\"attachment-sportspress-fit-icon size-sportspress-fit-icon wp-post-image\" alt=\"\" \/><\/span>012012\ud83d\udfe2Eduard M\u011bln\u00edk<\/a><\/td><td class=\"data-team\" data-label=\"T\u00fdm\"><a href=\"https:\/\/soccaczech.cz\/liga\/sport-team\/fc-donbass\/\">FC DONBASS<\/a><\/td><td class=\"data-goals\" data-label=\"G\u00f3ly\">1<\/td><td class=\"data-assists\" data-label=\"Asistence\">2<\/td><td class=\"data-yellowcards\" data-label=\"\u017dlut\u00e9 karty\">1<\/td><td class=\"data-redcards\" data-label=\"\u010cerven\u00e9 karty\">0<\/td><td class=\"data-appearances\" data-label=\"Po\u010det z\u00e1pas\u016f\">6<\/td><\/tr><tr class=\"even\"><td class=\"data-rank\" data-label=\"#\">64<\/td><td class=\"data-name has-photo\" data-label=\"Hr\u00e1\u010d\"><a href=\"https:\/\/soccaczech.cz\/liga\/player\/jakub-necas\/\"><span class=\"player-photo\"><img loading=\"lazy\" decoding=\"async\" width=\"400\" height=\"342\" src=\"https:\/\/soccaczech.cz\/liga\/wp-content\/uploads\/2025\/08\/JakubNecas-400x342.png\" class=\"attachment-sportspress-fit-icon size-sportspress-fit-icon wp-post-image\" alt=\"\" \/><\/span>01018 \ud83d\udfe2 Jakub Ne\u010das<\/a><\/td><td class=\"data-team\" data-label=\"T\u00fdm\"><a href=\"https:\/\/soccaczech.cz\/liga\/sport-team\/mc-sarmat\/\">MC SARMAT<\/a><\/td><td class=\"data-goals\" data-label=\"G\u00f3ly\">1<\/td><td class=\"data-assists\" data-label=\"Asistence\">2<\/td><td class=\"data-yellowcards\" data-label=\"\u017dlut\u00e9 karty\">0<\/td><td class=\"data-redcards\" data-label=\"\u010cerven\u00e9 karty\">0<\/td><td class=\"data-appearances\" data-label=\"Po\u010det z\u00e1pas\u016f\">2<\/td><\/tr><tr class=\"odd\"><td class=\"data-rank\" data-label=\"#\">65<\/td><td class=\"data-name has-photo\" data-label=\"Hr\u00e1\u010d\"><a href=\"https:\/\/soccaczech.cz\/liga\/player\/08021-%f0%9f%9f%a0denys-tokar\/\"><span class=\"player-photo\"><img loading=\"lazy\" decoding=\"async\" width=\"302\" height=\"400\" src=\"https:\/\/soccaczech.cz\/liga\/wp-content\/uploads\/1994\/09\/tokarys-302x400.png\" class=\"attachment-sportspress-fit-icon size-sportspress-fit-icon wp-post-image\" alt=\"\" \/><\/span>08021 \ud83d\udfe2Denys Tokar<\/a><\/td><td class=\"data-team\" data-label=\"T\u00fdm\"><a href=\"https:\/\/soccaczech.cz\/liga\/?post_type=page&amp;p=45434\">-<\/a><\/td><td class=\"data-goals\" data-label=\"G\u00f3ly\">0<\/td><td class=\"data-assists\" data-label=\"Asistence\">3<\/td><td class=\"data-yellowcards\" data-label=\"\u017dlut\u00e9 karty\">0<\/td><td class=\"data-redcards\" data-label=\"\u010cerven\u00e9 karty\">0<\/td><td class=\"data-appearances\" data-label=\"Po\u010det z\u00e1pas\u016f\">6<\/td><\/tr><tr class=\"even\"><td class=\"data-rank\" data-label=\"#\">66<\/td><td class=\"data-name has-photo\" data-label=\"Hr\u00e1\u010d\"><a href=\"https:\/\/soccaczech.cz\/liga\/player\/014002%f0%9f%9f%a0denys-danylych\/\"><span class=\"player-photo\"><img loading=\"lazy\" decoding=\"async\" width=\"300\" height=\"400\" src=\"https:\/\/soccaczech.cz\/liga\/wp-content\/uploads\/1997\/03\/Denys-Danylych--300x400.jpg\" class=\"attachment-sportspress-fit-icon size-sportspress-fit-icon wp-post-image\" alt=\"\" \/><\/span>014002\ud83d\udfe2Denys Danylych<\/a><\/td><td class=\"data-team\" data-label=\"T\u00fdm\"><a href=\"https:\/\/soccaczech.cz\/liga\/sport-team\/fc-golden-gate\/\">FC GOLDEN GATE<\/a><\/td><td class=\"data-goals\" data-label=\"G\u00f3ly\">0<\/td><td class=\"data-assists\" data-label=\"Asistence\">3<\/td><td class=\"data-yellowcards\" data-label=\"\u017dlut\u00e9 karty\">0<\/td><td class=\"data-redcards\" data-label=\"\u010cerven\u00e9 karty\">0<\/td><td class=\"data-appearances\" data-label=\"Po\u010det z\u00e1pas\u016f\">5<\/td><\/tr><tr class=\"odd\"><td class=\"data-rank\" data-label=\"#\">67<\/td><td class=\"data-name has-photo\" data-label=\"Hr\u00e1\u010d\"><a href=\"https:\/\/soccaczech.cz\/liga\/player\/07022%f0%9f%9f%a0matyas-novotny\/\"><span class=\"player-photo\"><img loading=\"lazy\" decoding=\"async\" width=\"184\" height=\"184\" src=\"https:\/\/soccaczech.cz\/liga\/wp-content\/uploads\/2026\/03\/Navrh-bez-nazvu-8.png\" class=\"attachment-sportspress-fit-icon size-sportspress-fit-icon wp-post-image\" alt=\"\" \/><\/span>07022\ud83d\udfe2 Maty\u00e1\u0161 Novotn\u00fd<\/a><\/td><td class=\"data-team\" data-label=\"T\u00fdm\"><a href=\"https:\/\/soccaczech.cz\/liga\/?post_type=page&amp;p=45434\">-<\/a><\/td><td class=\"data-goals\" data-label=\"G\u00f3ly\">2<\/td><td class=\"data-assists\" data-label=\"Asistence\">0<\/td><td class=\"data-yellowcards\" data-label=\"\u017dlut\u00e9 karty\">0<\/td><td class=\"data-redcards\" data-label=\"\u010cerven\u00e9 karty\">0<\/td><td class=\"data-appearances\" data-label=\"Po\u010det z\u00e1pas\u016f\">2<\/td><\/tr><tr class=\"even\"><td class=\"data-rank\" data-label=\"#\">68<\/td><td class=\"data-name has-photo\" data-label=\"Hr\u00e1\u010d\"><a href=\"https:\/\/soccaczech.cz\/liga\/player\/010018%f0%9f%9f%a0marco-skop\/\"><span class=\"player-photo\"><img loading=\"lazy\" decoding=\"async\" width=\"184\" height=\"184\" src=\"https:\/\/soccaczech.cz\/liga\/wp-content\/uploads\/2026\/03\/Navrh-bez-nazvu-10.png\" class=\"attachment-sportspress-fit-icon size-sportspress-fit-icon wp-post-image\" alt=\"\" \/><\/span>012016\ud83d\udfe2MARCO \u0160KOP<\/a><\/td><td class=\"data-team\" data-label=\"T\u00fdm\"><a href=\"https:\/\/soccaczech.cz\/liga\/?post_type=page&amp;p=45434\">-<\/a><\/td><td class=\"data-goals\" data-label=\"G\u00f3ly\">2<\/td><td class=\"data-assists\" data-label=\"Asistence\">0<\/td><td class=\"data-yellowcards\" data-label=\"\u017dlut\u00e9 karty\">0<\/td><td class=\"data-redcards\" data-label=\"\u010cerven\u00e9 karty\">0<\/td><td class=\"data-appearances\" data-label=\"Po\u010det z\u00e1pas\u016f\">4<\/td><\/tr><tr class=\"odd\"><td class=\"data-rank\" data-label=\"#\">69<\/td><td class=\"data-name has-photo\" data-label=\"Hr\u00e1\u010d\"><a href=\"https:\/\/soccaczech.cz\/liga\/player\/marek-obdrzalek\/\"><span class=\"player-photo\"><img loading=\"lazy\" decoding=\"async\" width=\"363\" height=\"400\" src=\"https:\/\/soccaczech.cz\/liga\/wp-content\/uploads\/2007\/03\/IMG_5080-363x400.png\" class=\"attachment-sportspress-fit-icon size-sportspress-fit-icon wp-post-image\" alt=\"\" \/><\/span>03027 \ud83d\udfe2 Marek Obdr\u017e\u00e1lek<\/a><\/td><td class=\"data-team\" data-label=\"T\u00fdm\"><a href=\"https:\/\/soccaczech.cz\/liga\/sport-team\/g-i-c-la-plate\/\">G.I.C. LA PLATE<\/a><\/td><td class=\"data-goals\" data-label=\"G\u00f3ly\">2<\/td><td class=\"data-assists\" data-label=\"Asistence\">0<\/td><td class=\"data-yellowcards\" data-label=\"\u017dlut\u00e9 karty\">0<\/td><td class=\"data-redcards\" data-label=\"\u010cerven\u00e9 karty\">0<\/td><td class=\"data-appearances\" data-label=\"Po\u010det z\u00e1pas\u016f\">7<\/td><\/tr><tr class=\"even\"><td class=\"data-rank\" data-label=\"#\">70<\/td><td class=\"data-name has-photo\" data-label=\"Hr\u00e1\u010d\"><a href=\"https:\/\/soccaczech.cz\/liga\/player\/013011%f0%9f%9f%a0petro-tryhuk\/\"><span class=\"player-photo\"><img loading=\"lazy\" decoding=\"async\" width=\"245\" height=\"400\" src=\"https:\/\/soccaczech.cz\/liga\/wp-content\/uploads\/2026\/03\/010001\ud83d\udfe2-25-245x400.png\" class=\"attachment-sportspress-fit-icon size-sportspress-fit-icon wp-post-image\" alt=\"\" \/><\/span>013011\ud83d\udfe2PETRO TRYHUK<\/a><\/td><td class=\"data-team\" data-label=\"T\u00fdm\"><a href=\"https:\/\/soccaczech.cz\/liga\/?post_type=page&amp;p=45434\">-<\/a><\/td><td class=\"data-goals\" data-label=\"G\u00f3ly\">2<\/td><td class=\"data-assists\" data-label=\"Asistence\">0<\/td><td class=\"data-yellowcards\" data-label=\"\u017dlut\u00e9 karty\">0<\/td><td class=\"data-redcards\" data-label=\"\u010cerven\u00e9 karty\">0<\/td><td class=\"data-appearances\" data-label=\"Po\u010det z\u00e1pas\u016f\">2<\/td><\/tr><tr class=\"odd\"><td class=\"data-rank\" data-label=\"#\">71<\/td><td class=\"data-name has-photo\" data-label=\"Hr\u00e1\u010d\"><a href=\"https:\/\/soccaczech.cz\/liga\/player\/mykhailo-kerechan\/\"><span class=\"player-photo\"><img loading=\"lazy\" decoding=\"async\" width=\"400\" height=\"392\" src=\"https:\/\/soccaczech.cz\/liga\/wp-content\/uploads\/2003\/04\/IMG_5124-400x392.png\" class=\"attachment-sportspress-fit-icon size-sportspress-fit-icon wp-post-image\" alt=\"\" \/><\/span>04018 \ud83d\udfe2 Mykhailo Kerechan<\/a><\/td><td class=\"data-team\" data-label=\"T\u00fdm\"><a href=\"https:\/\/soccaczech.cz\/liga\/sport-team\/vism-football\/\">VISM FOOTBALL<\/a><\/td><td class=\"data-goals\" data-label=\"G\u00f3ly\">2<\/td><td class=\"data-assists\" data-label=\"Asistence\">0<\/td><td class=\"data-yellowcards\" data-label=\"\u017dlut\u00e9 karty\">0<\/td><td class=\"data-redcards\" data-label=\"\u010cerven\u00e9 karty\">0<\/td><td class=\"data-appearances\" data-label=\"Po\u010det z\u00e1pas\u016f\">6<\/td><\/tr><tr class=\"even\"><td class=\"data-rank\" data-label=\"#\">72<\/td><td class=\"data-name has-photo\" data-label=\"Hr\u00e1\u010d\"><a href=\"https:\/\/soccaczech.cz\/liga\/player\/013002-%f0%9f%9f%a0oleh-varyk\/\"><span class=\"player-photo\"><img loading=\"lazy\" decoding=\"async\" width=\"245\" height=\"400\" src=\"https:\/\/soccaczech.cz\/liga\/wp-content\/uploads\/2026\/03\/010001\ud83d\udfe2-14-245x400.png\" class=\"attachment-sportspress-fit-icon size-sportspress-fit-icon wp-post-image\" alt=\"\" \/><\/span>013002 \ud83d\udfe2OLEH VARYK<\/a><\/td><td class=\"data-team\" data-label=\"T\u00fdm\"><a href=\"https:\/\/soccaczech.cz\/liga\/?post_type=page&amp;p=45434\">-<\/a><\/td><td class=\"data-goals\" data-label=\"G\u00f3ly\">2<\/td><td class=\"data-assists\" data-label=\"Asistence\">0<\/td><td class=\"data-yellowcards\" data-label=\"\u017dlut\u00e9 karty\">1<\/td><td class=\"data-redcards\" data-label=\"\u010cerven\u00e9 karty\">0<\/td><td class=\"data-appearances\" data-label=\"Po\u010det z\u00e1pas\u016f\">5<\/td><\/tr><tr class=\"odd\"><td class=\"data-rank\" data-label=\"#\">73<\/td><td class=\"data-name has-photo\" data-label=\"Hr\u00e1\u010d\"><a href=\"https:\/\/soccaczech.cz\/liga\/player\/jan-rosulek\/\"><span class=\"player-photo\"><img loading=\"lazy\" decoding=\"async\" width=\"254\" height=\"400\" src=\"https:\/\/soccaczech.cz\/liga\/wp-content\/uploads\/1993\/09\/Jan-Rosulek-1-254x400.png\" class=\"attachment-sportspress-fit-icon size-sportspress-fit-icon wp-post-image\" alt=\"\" \/><\/span>01024 \ud83d\udfe2 Jan Ros\u016flek<\/a><\/td><td class=\"data-team\" data-label=\"T\u00fdm\"><a href=\"https:\/\/soccaczech.cz\/liga\/sport-team\/mc-sarmat\/\">MC SARMAT<\/a><\/td><td class=\"data-goals\" data-label=\"G\u00f3ly\">2<\/td><td class=\"data-assists\" data-label=\"Asistence\">0<\/td><td class=\"data-yellowcards\" data-label=\"\u017dlut\u00e9 karty\">0<\/td><td class=\"data-redcards\" data-label=\"\u010cerven\u00e9 karty\">0<\/td><td class=\"data-appearances\" data-label=\"Po\u010det z\u00e1pas\u016f\">3<\/td><\/tr><tr class=\"even\"><td class=\"data-rank\" data-label=\"#\">74<\/td><td class=\"data-name has-photo\" data-label=\"Hr\u00e1\u010d\"><a href=\"https:\/\/soccaczech.cz\/liga\/player\/09021%f0%9f%9f%a0roman-pankiv\/\"><span class=\"player-photo\"><img loading=\"lazy\" decoding=\"async\" width=\"225\" height=\"400\" src=\"https:\/\/soccaczech.cz\/liga\/wp-content\/uploads\/2026\/03\/WhatsApp-Image-2026-03-14-at-11.09.23-225x400.jpeg\" class=\"attachment-sportspress-fit-icon size-sportspress-fit-icon wp-post-image\" alt=\"\" \/><\/span>09021\ud83d\udfe2Roman Pankiv<\/a><\/td><td class=\"data-team\" data-label=\"T\u00fdm\"><a href=\"https:\/\/soccaczech.cz\/liga\/?post_type=page&amp;p=45434\">-<\/a><\/td><td class=\"data-goals\" data-label=\"G\u00f3ly\">2<\/td><td class=\"data-assists\" data-label=\"Asistence\">0<\/td><td class=\"data-yellowcards\" data-label=\"\u017dlut\u00e9 karty\">1<\/td><td class=\"data-redcards\" data-label=\"\u010cerven\u00e9 karty\">0<\/td><td class=\"data-appearances\" data-label=\"Po\u010det z\u00e1pas\u016f\">5<\/td><\/tr><tr class=\"odd\"><td class=\"data-rank\" data-label=\"#\">75<\/td><td class=\"data-name has-photo\" data-label=\"Hr\u00e1\u010d\"><a href=\"https:\/\/soccaczech.cz\/liga\/player\/011011%f0%9f%9f%a2-viktor-demianchuk\/\"><span class=\"player-photo\"><img loading=\"lazy\" decoding=\"async\" width=\"245\" height=\"400\" src=\"https:\/\/soccaczech.cz\/liga\/wp-content\/uploads\/2026\/02\/010001\ud83d\udfe2-41-245x400.png\" class=\"attachment-sportspress-fit-icon size-sportspress-fit-icon wp-post-image\" alt=\"\" \/><\/span>011011\ud83d\udfe2 Viktor Demianchuk<\/a><\/td><td class=\"data-team\" data-label=\"T\u00fdm\"><a href=\"https:\/\/soccaczech.cz\/liga\/sport-team\/sport-overtime-2\/\">SPORT OVERTIME<\/a><\/td><td class=\"data-goals\" data-label=\"G\u00f3ly\">1<\/td><td class=\"data-assists\" data-label=\"Asistence\">1<\/td><td class=\"data-yellowcards\" data-label=\"\u017dlut\u00e9 karty\">1<\/td><td class=\"data-redcards\" data-label=\"\u010cerven\u00e9 karty\">0<\/td><td class=\"data-appearances\" data-label=\"Po\u010det z\u00e1pas\u016f\">6<\/td><\/tr><tr class=\"even\"><td class=\"data-rank\" data-label=\"#\">76<\/td><td class=\"data-name has-photo\" data-label=\"Hr\u00e1\u010d\"><a href=\"https:\/\/soccaczech.cz\/liga\/player\/015008%f0%9f%9f%a0vladiszlav-jakovlev\/\"><span class=\"player-photo\"><img loading=\"lazy\" decoding=\"async\" width=\"300\" height=\"400\" src=\"https:\/\/soccaczech.cz\/liga\/wp-content\/uploads\/2026\/03\/Vladiszlav-Jakovlev-300x400.jpeg\" class=\"attachment-sportspress-fit-icon size-sportspress-fit-icon wp-post-image\" alt=\"\" \/><\/span>015008\ud83d\udfe2Vladiszl\u00e1v Jakovlev<\/a><\/td><td class=\"data-team\" data-label=\"T\u00fdm\"><a href=\"https:\/\/soccaczech.cz\/liga\/sport-team\/fc-trident\/\">FC TRIDENT<\/a><\/td><td class=\"data-goals\" data-label=\"G\u00f3ly\">1<\/td><td class=\"data-assists\" data-label=\"Asistence\">1<\/td><td class=\"data-yellowcards\" data-label=\"\u017dlut\u00e9 karty\">0<\/td><td class=\"data-redcards\" data-label=\"\u010cerven\u00e9 karty\">0<\/td><td class=\"data-appearances\" data-label=\"Po\u010det z\u00e1pas\u016f\">5<\/td><\/tr><tr class=\"odd\"><td class=\"data-rank\" data-label=\"#\">77<\/td><td class=\"data-name has-photo\" data-label=\"Hr\u00e1\u010d\"><a href=\"https:\/\/soccaczech.cz\/liga\/player\/daniil-sadyk\/\"><span class=\"player-photo\"><img loading=\"lazy\" decoding=\"async\" width=\"397\" height=\"400\" src=\"https:\/\/soccaczech.cz\/liga\/wp-content\/uploads\/2003\/05\/IMG_3063-397x400.png\" class=\"attachment-sportspress-fit-icon size-sportspress-fit-icon wp-post-image\" alt=\"\" \/><\/span>02005 \ud83d\udfe2 Daniil Sadyk<\/a><\/td><td class=\"data-team\" data-label=\"T\u00fdm\"><a href=\"https:\/\/soccaczech.cz\/liga\/sport-team\/fc-andezit\/\">FC ANDEZIT<\/a><\/td><td class=\"data-goals\" data-label=\"G\u00f3ly\">1<\/td><td class=\"data-assists\" data-label=\"Asistence\">1<\/td><td class=\"data-yellowcards\" data-label=\"\u017dlut\u00e9 karty\">0<\/td><td class=\"data-redcards\" data-label=\"\u010cerven\u00e9 karty\">0<\/td><td class=\"data-appearances\" data-label=\"Po\u010det z\u00e1pas\u016f\">4<\/td><\/tr><tr class=\"even\"><td class=\"data-rank\" data-label=\"#\">78<\/td><td class=\"data-name has-photo\" data-label=\"Hr\u00e1\u010d\"><a href=\"https:\/\/soccaczech.cz\/liga\/player\/014003%f0%9f%9f%a0denys-zhul\/\"><span class=\"player-photo\"><img loading=\"lazy\" decoding=\"async\" width=\"300\" height=\"400\" src=\"https:\/\/soccaczech.cz\/liga\/wp-content\/uploads\/1999\/05\/Denys-Zhul--300x400.jpg\" class=\"attachment-sportspress-fit-icon size-sportspress-fit-icon wp-post-image\" alt=\"\" \/><\/span>014003\ud83d\udfe2Denys Zhul<\/a><\/td><td class=\"data-team\" data-label=\"T\u00fdm\"><a href=\"https:\/\/soccaczech.cz\/liga\/sport-team\/fc-golden-gate\/\">FC GOLDEN GATE<\/a><\/td><td class=\"data-goals\" data-label=\"G\u00f3ly\">1<\/td><td class=\"data-assists\" data-label=\"Asistence\">1<\/td><td class=\"data-yellowcards\" data-label=\"\u017dlut\u00e9 karty\">0<\/td><td class=\"data-redcards\" data-label=\"\u010cerven\u00e9 karty\">0<\/td><td class=\"data-appearances\" data-label=\"Po\u010det z\u00e1pas\u016f\">5<\/td><\/tr><tr class=\"odd\"><td class=\"data-rank\" data-label=\"#\">79<\/td><td class=\"data-name has-photo\" data-label=\"Hr\u00e1\u010d\"><a href=\"https:\/\/soccaczech.cz\/liga\/player\/011001%f0%9f%9f%a2-lukas-dufek\/\"><span class=\"player-photo\"><img loading=\"lazy\" decoding=\"async\" width=\"245\" height=\"400\" src=\"https:\/\/soccaczech.cz\/liga\/wp-content\/uploads\/2026\/02\/010001\ud83d\udfe2-31-245x400.png\" class=\"attachment-sportspress-fit-icon size-sportspress-fit-icon wp-post-image\" alt=\"\" \/><\/span>011001\ud83d\udfe2 Luk\u00e1\u0161 Dufek<\/a><\/td><td class=\"data-team\" data-label=\"T\u00fdm\"><a href=\"https:\/\/soccaczech.cz\/liga\/sport-team\/sport-overtime-2\/\">SPORT OVERTIME<\/a><\/td><td class=\"data-goals\" data-label=\"G\u00f3ly\">1<\/td><td class=\"data-assists\" data-label=\"Asistence\">1<\/td><td class=\"data-yellowcards\" data-label=\"\u017dlut\u00e9 karty\">0<\/td><td class=\"data-redcards\" data-label=\"\u010cerven\u00e9 karty\">0<\/td><td class=\"data-appearances\" data-label=\"Po\u010det z\u00e1pas\u016f\">3<\/td><\/tr><tr class=\"even\"><td class=\"data-rank\" data-label=\"#\">80<\/td><td class=\"data-name has-photo\" data-label=\"Hr\u00e1\u010d\"><a href=\"https:\/\/soccaczech.cz\/liga\/player\/013018%f0%9f%9f%a0vladyslav-pastushenko\/\"><span class=\"player-photo\"><img loading=\"lazy\" decoding=\"async\" width=\"245\" height=\"400\" src=\"https:\/\/soccaczech.cz\/liga\/wp-content\/uploads\/2026\/03\/010001\ud83d\udfe2-34-245x400.png\" class=\"attachment-sportspress-fit-icon size-sportspress-fit-icon wp-post-image\" alt=\"\" \/><\/span>013018\ud83d\udfe2VLADYSLAV PASTUSHENKO<\/a><\/td><td class=\"data-team\" data-label=\"T\u00fdm\"><a href=\"https:\/\/soccaczech.cz\/liga\/?post_type=page&amp;p=45434\">-<\/a><\/td><td class=\"data-goals\" data-label=\"G\u00f3ly\">1<\/td><td class=\"data-assists\" data-label=\"Asistence\">1<\/td><td class=\"data-yellowcards\" data-label=\"\u017dlut\u00e9 karty\">0<\/td><td class=\"data-redcards\" data-label=\"\u010cerven\u00e9 karty\">0<\/td><td class=\"data-appearances\" data-label=\"Po\u010det z\u00e1pas\u016f\">2<\/td><\/tr><tr class=\"odd\"><td class=\"data-rank\" data-label=\"#\">81<\/td><td class=\"data-name has-photo\" data-label=\"Hr\u00e1\u010d\"><a href=\"https:\/\/soccaczech.cz\/liga\/player\/015010%f0%9f%9f%a0borovko-dmytro\/\"><span class=\"player-photo\"><img loading=\"lazy\" decoding=\"async\" width=\"225\" height=\"400\" src=\"https:\/\/soccaczech.cz\/liga\/wp-content\/uploads\/2026\/03\/Dmytro-borovko-225x400.jpeg\" class=\"attachment-sportspress-fit-icon size-sportspress-fit-icon wp-post-image\" alt=\"\" \/><\/span>015010\ud83d\udfe2Borovko Dmytro<\/a><\/td><td class=\"data-team\" data-label=\"T\u00fdm\"><a href=\"https:\/\/soccaczech.cz\/liga\/sport-team\/fc-trident\/\">FC TRIDENT<\/a><\/td><td class=\"data-goals\" data-label=\"G\u00f3ly\">1<\/td><td class=\"data-assists\" data-label=\"Asistence\">1<\/td><td class=\"data-yellowcards\" data-label=\"\u017dlut\u00e9 karty\">0<\/td><td class=\"data-redcards\" data-label=\"\u010cerven\u00e9 karty\">0<\/td><td class=\"data-appearances\" data-label=\"Po\u010det z\u00e1pas\u016f\">4<\/td><\/tr><tr class=\"even\"><td class=\"data-rank\" data-label=\"#\">82<\/td><td class=\"data-name has-photo\" data-label=\"Hr\u00e1\u010d\"><a href=\"https:\/\/soccaczech.cz\/liga\/player\/012002%f0%9f%9f%a0koto-mychailo\/\"><span class=\"player-photo\"><img loading=\"lazy\" decoding=\"async\" width=\"245\" height=\"400\" src=\"https:\/\/soccaczech.cz\/liga\/wp-content\/uploads\/2006\/08\/010001\ud83d\udfe2-1-245x400.png\" class=\"attachment-sportspress-fit-icon size-sportspress-fit-icon wp-post-image\" alt=\"\" \/><\/span>012002\ud83d\udfe2Mychailo Koto<\/a><\/td><td class=\"data-team\" data-label=\"T\u00fdm\"><a href=\"https:\/\/soccaczech.cz\/liga\/sport-team\/fc-donbass\/\">FC DONBASS<\/a><\/td><td class=\"data-goals\" data-label=\"G\u00f3ly\">1<\/td><td class=\"data-assists\" data-label=\"Asistence\">1<\/td><td class=\"data-yellowcards\" data-label=\"\u017dlut\u00e9 karty\">0<\/td><td class=\"data-redcards\" data-label=\"\u010cerven\u00e9 karty\">0<\/td><td class=\"data-appearances\" data-label=\"Po\u010det z\u00e1pas\u016f\">6<\/td><\/tr><tr class=\"odd\"><td class=\"data-rank\" data-label=\"#\">83<\/td><td class=\"data-name has-photo\" data-label=\"Hr\u00e1\u010d\"><a href=\"https:\/\/soccaczech.cz\/liga\/player\/08015-%f0%9f%9f%a0-hospodar-eduard\/\"><span class=\"player-photo\"><img loading=\"lazy\" decoding=\"async\" width=\"371\" height=\"400\" src=\"https:\/\/soccaczech.cz\/liga\/wp-content\/uploads\/2007\/04\/Eduard-Hospodar-371x400.png\" class=\"attachment-sportspress-fit-icon size-sportspress-fit-icon wp-post-image\" alt=\"\" \/><\/span>08015 \ud83d\udfe2  Eduard Hospodar<\/a><\/td><td class=\"data-team\" data-label=\"T\u00fdm\"><a href=\"https:\/\/soccaczech.cz\/liga\/?post_type=page&amp;p=45434\">-<\/a><\/td><td class=\"data-goals\" data-label=\"G\u00f3ly\">1<\/td><td class=\"data-assists\" data-label=\"Asistence\">1<\/td><td class=\"data-yellowcards\" data-label=\"\u017dlut\u00e9 karty\">0<\/td><td class=\"data-redcards\" data-label=\"\u010cerven\u00e9 karty\">0<\/td><td class=\"data-appearances\" data-label=\"Po\u010det z\u00e1pas\u016f\">2<\/td><\/tr><tr class=\"even\"><td class=\"data-rank\" data-label=\"#\">84<\/td><td class=\"data-name has-photo\" data-label=\"Hr\u00e1\u010d\"><a href=\"https:\/\/soccaczech.cz\/liga\/player\/010010%f0%9f%9f%a2maksym-kormosh\/\"><span class=\"player-photo\"><img loading=\"lazy\" decoding=\"async\" width=\"245\" height=\"400\" src=\"https:\/\/soccaczech.cz\/liga\/wp-content\/uploads\/2026\/02\/010001\ud83d\udfe2-7-245x400.png\" class=\"attachment-sportspress-fit-icon size-sportspress-fit-icon wp-post-image\" alt=\"\" \/><\/span>010003\ud83d\udfe2Maksym Kormosh<\/a><\/td><td class=\"data-team\" data-label=\"T\u00fdm\"><a href=\"https:\/\/soccaczech.cz\/liga\/sport-team\/fc-pidhorodtsi\/\">FC PIDHORODTSI<\/a><\/td><td class=\"data-goals\" data-label=\"G\u00f3ly\">1<\/td><td class=\"data-assists\" data-label=\"Asistence\">1<\/td><td class=\"data-yellowcards\" data-label=\"\u017dlut\u00e9 karty\">0<\/td><td class=\"data-redcards\" data-label=\"\u010cerven\u00e9 karty\">0<\/td><td class=\"data-appearances\" data-label=\"Po\u010det z\u00e1pas\u016f\">7<\/td><\/tr><tr class=\"odd\"><td class=\"data-rank\" data-label=\"#\">85<\/td><td class=\"data-name has-photo\" data-label=\"Hr\u00e1\u010d\"><a href=\"https:\/\/soccaczech.cz\/liga\/player\/015016%f0%9f%9f%a0volodymyr-zamishka\/\"><span class=\"player-photo\"><img loading=\"lazy\" decoding=\"async\" width=\"300\" height=\"400\" src=\"https:\/\/soccaczech.cz\/liga\/wp-content\/uploads\/2026\/03\/WhatsApp-Image-2026-03-06-at-22.18.58-300x400.jpeg\" class=\"attachment-sportspress-fit-icon size-sportspress-fit-icon wp-post-image\" alt=\"\" \/><\/span>015016\ud83d\udfe2Volodymyr Zamishka<\/a><\/td><td class=\"data-team\" data-label=\"T\u00fdm\"><a href=\"https:\/\/soccaczech.cz\/liga\/sport-team\/fc-trident\/\">FC TRIDENT<\/a><\/td><td class=\"data-goals\" data-label=\"G\u00f3ly\">1<\/td><td class=\"data-assists\" data-label=\"Asistence\">1<\/td><td class=\"data-yellowcards\" data-label=\"\u017dlut\u00e9 karty\">1<\/td><td class=\"data-redcards\" data-label=\"\u010cerven\u00e9 karty\">0<\/td><td class=\"data-appearances\" data-label=\"Po\u010det z\u00e1pas\u016f\">6<\/td><\/tr><tr class=\"even\"><td class=\"data-rank\" data-label=\"#\">86<\/td><td class=\"data-name has-photo\" data-label=\"Hr\u00e1\u010d\"><a href=\"https:\/\/soccaczech.cz\/liga\/player\/012004%f0%9f%9f%a0halas-vasyl\/\"><span class=\"player-photo\"><img loading=\"lazy\" decoding=\"async\" width=\"245\" height=\"400\" src=\"https:\/\/soccaczech.cz\/liga\/wp-content\/uploads\/2026\/03\/010001\ud83d\udfe2-4-245x400.png\" class=\"attachment-sportspress-fit-icon size-sportspress-fit-icon wp-post-image\" alt=\"\" \/><\/span>04021 \ud83d\udfe2 Vasyl Halas<\/a><\/td><td class=\"data-team\" data-label=\"T\u00fdm\"><a href=\"https:\/\/soccaczech.cz\/liga\/sport-team\/fc-donbass\/\">FC DONBASS<\/a><\/td><td class=\"data-goals\" data-label=\"G\u00f3ly\">1<\/td><td class=\"data-assists\" data-label=\"Asistence\">1<\/td><td class=\"data-yellowcards\" data-label=\"\u017dlut\u00e9 karty\">0<\/td><td class=\"data-redcards\" data-label=\"\u010cerven\u00e9 karty\">0<\/td><td class=\"data-appearances\" data-label=\"Po\u010det z\u00e1pas\u016f\">5<\/td><\/tr><tr class=\"odd\"><td class=\"data-rank\" data-label=\"#\">87<\/td><td class=\"data-name has-photo\" data-label=\"Hr\u00e1\u010d\"><a href=\"https:\/\/soccaczech.cz\/liga\/player\/vitalii-pasieka\/\"><span class=\"player-photo\"><img loading=\"lazy\" decoding=\"async\" width=\"295\" height=\"400\" src=\"https:\/\/soccaczech.cz\/liga\/wp-content\/uploads\/2004\/12\/Motiv-295x400.png\" class=\"attachment-sportspress-fit-icon size-sportspress-fit-icon wp-post-image\" alt=\"\" \/><\/span>05007 \ud83d\udfe2 Vitalii Pasieka<\/a><\/td><td class=\"data-team\" data-label=\"T\u00fdm\"><a href=\"https:\/\/soccaczech.cz\/liga\/sport-team\/mlady-a-perspektivni\/\">MLAD\u00dd A PERSPEKTIVN\u00cd<\/a><\/td><td class=\"data-goals\" data-label=\"G\u00f3ly\">1<\/td><td class=\"data-assists\" data-label=\"Asistence\">1<\/td><td class=\"data-yellowcards\" data-label=\"\u017dlut\u00e9 karty\">0<\/td><td class=\"data-redcards\" data-label=\"\u010cerven\u00e9 karty\">0<\/td><td class=\"data-appearances\" data-label=\"Po\u010det z\u00e1pas\u016f\">6<\/td><\/tr><tr class=\"even\"><td class=\"data-rank\" data-label=\"#\">88<\/td><td class=\"data-name has-photo\" data-label=\"Hr\u00e1\u010d\"><a href=\"https:\/\/soccaczech.cz\/liga\/player\/08005-%f0%9f%9f%a0-tanchyk-dmytro\/\"><span class=\"player-photo\"><img loading=\"lazy\" decoding=\"async\" width=\"225\" height=\"400\" src=\"https:\/\/soccaczech.cz\/liga\/wp-content\/uploads\/2007\/04\/Tanchyk-Dmytrii-225x400.png\" class=\"attachment-sportspress-fit-icon size-sportspress-fit-icon wp-post-image\" alt=\"\" \/><\/span>08005 \ud83d\udfe2  Dmytro Tanchyk<\/a><\/td><td class=\"data-team\" data-label=\"T\u00fdm\"><a href=\"https:\/\/soccaczech.cz\/liga\/?post_type=page&amp;p=45434\">-<\/a><\/td><td class=\"data-goals\" data-label=\"G\u00f3ly\">1<\/td><td class=\"data-assists\" data-label=\"Asistence\">1<\/td><td class=\"data-yellowcards\" data-label=\"\u017dlut\u00e9 karty\">0<\/td><td class=\"data-redcards\" data-label=\"\u010cerven\u00e9 karty\">0<\/td><td class=\"data-appearances\" data-label=\"Po\u010det z\u00e1pas\u016f\">3<\/td><\/tr><tr class=\"odd\"><td class=\"data-rank\" data-label=\"#\">89<\/td><td class=\"data-name has-photo\" data-label=\"Hr\u00e1\u010d\"><a href=\"https:\/\/soccaczech.cz\/liga\/player\/myron-tokar\/\"><span class=\"player-photo\"><img loading=\"lazy\" decoding=\"async\" width=\"400\" height=\"400\" src=\"https:\/\/soccaczech.cz\/liga\/wp-content\/uploads\/2008\/03\/Myron-400x400.png\" class=\"attachment-sportspress-fit-icon size-sportspress-fit-icon wp-post-image\" alt=\"\" \/><\/span>05023 \ud83d\udfe2 Myron Tokar<\/a><\/td><td class=\"data-team\" data-label=\"T\u00fdm\"><a href=\"https:\/\/soccaczech.cz\/liga\/?post_type=page&amp;p=45434\">-<\/a><\/td><td class=\"data-goals\" data-label=\"G\u00f3ly\">1<\/td><td class=\"data-assists\" data-label=\"Asistence\">1<\/td><td class=\"data-yellowcards\" data-label=\"\u017dlut\u00e9 karty\">0<\/td><td class=\"data-redcards\" data-label=\"\u010cerven\u00e9 karty\">0<\/td><td class=\"data-appearances\" data-label=\"Po\u010det z\u00e1pas\u016f\">5<\/td><\/tr><tr class=\"even\"><td class=\"data-rank\" data-label=\"#\">90<\/td><td class=\"data-name has-photo\" data-label=\"Hr\u00e1\u010d\"><a href=\"https:\/\/soccaczech.cz\/liga\/player\/010022%f0%9f%9f%a2vovk-dmytro\/\"><span class=\"player-photo\"><img loading=\"lazy\" decoding=\"async\" width=\"245\" height=\"400\" src=\"https:\/\/soccaczech.cz\/liga\/wp-content\/uploads\/2026\/02\/010001\ud83d\udfe2-24-245x400.png\" class=\"attachment-sportspress-fit-icon size-sportspress-fit-icon wp-post-image\" alt=\"\" \/><\/span>010021\ud83d\udfe2Dmytro Vovk<\/a><\/td><td class=\"data-team\" data-label=\"T\u00fdm\"><a href=\"https:\/\/soccaczech.cz\/liga\/?post_type=page&amp;p=45434\">-<\/a><\/td><td class=\"data-goals\" data-label=\"G\u00f3ly\">1<\/td><td class=\"data-assists\" data-label=\"Asistence\">1<\/td><td class=\"data-yellowcards\" data-label=\"\u017dlut\u00e9 karty\">0<\/td><td class=\"data-redcards\" data-label=\"\u010cerven\u00e9 karty\">0<\/td><td class=\"data-appearances\" data-label=\"Po\u010det z\u00e1pas\u016f\">4<\/td><\/tr><tr class=\"odd\"><td class=\"data-rank\" data-label=\"#\">91<\/td><td class=\"data-name has-photo\" data-label=\"Hr\u00e1\u010d\"><a href=\"https:\/\/soccaczech.cz\/liga\/player\/08018-%f0%9f%9f%a0-tupik-dmytro\/\"><span class=\"player-photo\"><img loading=\"lazy\" decoding=\"async\" width=\"189\" height=\"400\" src=\"https:\/\/soccaczech.cz\/liga\/wp-content\/uploads\/2007\/04\/Tupik-Dmytro-189x400.png\" class=\"attachment-sportspress-fit-icon size-sportspress-fit-icon wp-post-image\" alt=\"\" \/><\/span>08018 \ud83d\udfe2 Dmytro Tupik<\/a><\/td><td class=\"data-team\" data-label=\"T\u00fdm\"><a href=\"https:\/\/soccaczech.cz\/liga\/?post_type=page&amp;p=45434\">-<\/a><\/td><td class=\"data-goals\" data-label=\"G\u00f3ly\">1<\/td><td class=\"data-assists\" data-label=\"Asistence\">1<\/td><td class=\"data-yellowcards\" data-label=\"\u017dlut\u00e9 karty\">0<\/td><td class=\"data-redcards\" data-label=\"\u010cerven\u00e9 karty\">0<\/td><td class=\"data-appearances\" data-label=\"Po\u010det z\u00e1pas\u016f\">4<\/td><\/tr><tr class=\"even\"><td class=\"data-rank\" data-label=\"#\">92<\/td><td class=\"data-name has-photo\" data-label=\"Hr\u00e1\u010d\"><a href=\"https:\/\/soccaczech.cz\/liga\/player\/09001-%f0%9f%9f%a0-andrii-oleksiuk\/\"><span class=\"player-photo\"><img loading=\"lazy\" decoding=\"async\" width=\"340\" height=\"400\" src=\"https:\/\/soccaczech.cz\/liga\/wp-content\/uploads\/2026\/02\/Andrii-Oleksiuk-340x400.png\" class=\"attachment-sportspress-fit-icon size-sportspress-fit-icon wp-post-image\" alt=\"\" \/><\/span>09001 \ud83d\udfe2  Andrii Oleksiuk (VD)<\/a><\/td><td class=\"data-team\" data-label=\"T\u00fdm\"><a href=\"https:\/\/soccaczech.cz\/liga\/sport-team\/fc-prazharka\/\">FC PRAZHARKA<\/a><\/td><td class=\"data-goals\" data-label=\"G\u00f3ly\">1<\/td><td class=\"data-assists\" data-label=\"Asistence\">1<\/td><td class=\"data-yellowcards\" data-label=\"\u017dlut\u00e9 karty\">0<\/td><td class=\"data-redcards\" data-label=\"\u010cerven\u00e9 karty\">0<\/td><td class=\"data-appearances\" data-label=\"Po\u010det z\u00e1pas\u016f\">6<\/td><\/tr><tr class=\"odd\"><td class=\"data-rank\" data-label=\"#\">93<\/td><td class=\"data-name has-photo\" data-label=\"Hr\u00e1\u010d\"><a href=\"https:\/\/soccaczech.cz\/liga\/player\/viktor-panteleichuk\/\"><span class=\"player-photo\"><img loading=\"lazy\" decoding=\"async\" width=\"309\" height=\"400\" src=\"https:\/\/soccaczech.cz\/liga\/wp-content\/uploads\/1985\/09\/IMG_1964-309x400.png\" class=\"attachment-sportspress-fit-icon size-sportspress-fit-icon wp-post-image\" alt=\"\" \/><\/span>01004 \ud83d\udfe2 Viktor Panteleichuk<\/a><\/td><td class=\"data-team\" data-label=\"T\u00fdm\"><a href=\"https:\/\/soccaczech.cz\/liga\/sport-team\/mc-sarmat\/\">MC SARMAT<\/a><\/td><td class=\"data-goals\" data-label=\"G\u00f3ly\">0<\/td><td class=\"data-assists\" data-label=\"Asistence\">2<\/td><td class=\"data-yellowcards\" data-label=\"\u017dlut\u00e9 karty\">0<\/td><td class=\"data-redcards\" data-label=\"\u010cerven\u00e9 karty\">0<\/td><td class=\"data-appearances\" data-label=\"Po\u010det z\u00e1pas\u016f\">5<\/td><\/tr><tr class=\"even\"><td class=\"data-rank\" data-label=\"#\">94<\/td><td class=\"data-name has-photo\" data-label=\"Hr\u00e1\u010d\"><a href=\"https:\/\/soccaczech.cz\/liga\/player\/artur-poplawski\/\"><span class=\"player-photo\"><img loading=\"lazy\" decoding=\"async\" width=\"263\" height=\"400\" src=\"https:\/\/soccaczech.cz\/liga\/wp-content\/uploads\/1988\/10\/IMG_3082-263x400.png\" class=\"attachment-sportspress-fit-icon size-sportspress-fit-icon wp-post-image\" alt=\"\" \/><\/span>02008 \ud83d\udfe2 Artur Poplawski<\/a><\/td><td class=\"data-team\" data-label=\"T\u00fdm\"><a href=\"https:\/\/soccaczech.cz\/liga\/sport-team\/fc-andezit\/\">FC ANDEZIT<\/a><\/td><td class=\"data-goals\" data-label=\"G\u00f3ly\">0<\/td><td class=\"data-assists\" data-label=\"Asistence\">2<\/td><td class=\"data-yellowcards\" data-label=\"\u017dlut\u00e9 karty\">0<\/td><td class=\"data-redcards\" data-label=\"\u010cerven\u00e9 karty\">0<\/td><td class=\"data-appearances\" data-label=\"Po\u010det z\u00e1pas\u016f\">1<\/td><\/tr><tr class=\"odd\"><td class=\"data-rank\" data-label=\"#\">95<\/td><td class=\"data-name has-photo\" data-label=\"Hr\u00e1\u010d\"><a href=\"https:\/\/soccaczech.cz\/liga\/player\/014006-%f0%9f%9f%a0maksym-kodria\/\"><span class=\"player-photo\"><img loading=\"lazy\" decoding=\"async\" width=\"228\" height=\"400\" src=\"https:\/\/soccaczech.cz\/liga\/wp-content\/uploads\/2026\/03\/Maksym-Kodria--228x400.jpg\" class=\"attachment-sportspress-fit-icon size-sportspress-fit-icon wp-post-image\" alt=\"\" \/><\/span>014006 \ud83d\udfe2Maksym Kodria<\/a><\/td><td class=\"data-team\" data-label=\"T\u00fdm\"><a href=\"https:\/\/soccaczech.cz\/liga\/sport-team\/fc-golden-gate\/\">FC GOLDEN GATE<\/a><\/td><td class=\"data-goals\" data-label=\"G\u00f3ly\">0<\/td><td class=\"data-assists\" data-label=\"Asistence\">2<\/td><td class=\"data-yellowcards\" data-label=\"\u017dlut\u00e9 karty\">0<\/td><td class=\"data-redcards\" data-label=\"\u010cerven\u00e9 karty\">0<\/td><td class=\"data-appearances\" data-label=\"Po\u010det z\u00e1pas\u016f\">6<\/td><\/tr><tr class=\"even\"><td class=\"data-rank\" data-label=\"#\">96<\/td><td class=\"data-name has-photo\" data-label=\"Hr\u00e1\u010d\"><a href=\"https:\/\/soccaczech.cz\/liga\/player\/volodymyr-ostafiichuk\/\"><span class=\"player-photo\"><img loading=\"lazy\" decoding=\"async\" width=\"324\" height=\"400\" src=\"https:\/\/soccaczech.cz\/liga\/wp-content\/uploads\/2003\/07\/IMG_2952-324x400.png\" class=\"attachment-sportspress-fit-icon size-sportspress-fit-icon wp-post-image\" alt=\"\" \/><\/span>05004 \ud83d\udfe2 Volodymyr Ostafiichuk<\/a><\/td><td class=\"data-team\" data-label=\"T\u00fdm\"><a href=\"https:\/\/soccaczech.cz\/liga\/sport-team\/mlady-a-perspektivni\/\">MLAD\u00dd A PERSPEKTIVN\u00cd<\/a><\/td><td class=\"data-goals\" data-label=\"G\u00f3ly\">0<\/td><td class=\"data-assists\" data-label=\"Asistence\">2<\/td><td class=\"data-yellowcards\" data-label=\"\u017dlut\u00e9 karty\">0<\/td><td class=\"data-redcards\" data-label=\"\u010cerven\u00e9 karty\">0<\/td><td class=\"data-appearances\" data-label=\"Po\u010det z\u00e1pas\u016f\">7<\/td><\/tr><tr class=\"odd\"><td class=\"data-rank\" data-label=\"#\">97<\/td><td class=\"data-name has-photo\" data-label=\"Hr\u00e1\u010d\"><a href=\"https:\/\/soccaczech.cz\/liga\/player\/stefan-fedak\/\"><span class=\"player-photo\"><img loading=\"lazy\" decoding=\"async\" width=\"314\" height=\"288\" src=\"https:\/\/soccaczech.cz\/liga\/wp-content\/uploads\/1998\/03\/IMG_3075.png\" class=\"attachment-sportspress-fit-icon size-sportspress-fit-icon wp-post-image\" alt=\"\" \/><\/span>02019 \ud83d\udfe2 Stefan Fedak<\/a><\/td><td class=\"data-team\" data-label=\"T\u00fdm\"><a href=\"https:\/\/soccaczech.cz\/liga\/sport-team\/fc-andezit\/\">FC ANDEZIT<\/a><\/td><td class=\"data-goals\" data-label=\"G\u00f3ly\">0<\/td><td class=\"data-assists\" data-label=\"Asistence\">2<\/td><td class=\"data-yellowcards\" data-label=\"\u017dlut\u00e9 karty\">0<\/td><td class=\"data-redcards\" data-label=\"\u010cerven\u00e9 karty\">0<\/td><td class=\"data-appearances\" data-label=\"Po\u010det z\u00e1pas\u016f\">6<\/td><\/tr><tr class=\"even\"><td class=\"data-rank\" data-label=\"#\">98<\/td><td class=\"data-name has-photo\" data-label=\"Hr\u00e1\u010d\"><a href=\"https:\/\/soccaczech.cz\/liga\/player\/antonin-hrdina\/\"><span class=\"player-photo\"><img loading=\"lazy\" decoding=\"async\" width=\"255\" height=\"400\" src=\"https:\/\/soccaczech.cz\/liga\/wp-content\/uploads\/2025\/07\/Antonin-Hrdina--255x400.png\" class=\"attachment-sportspress-fit-icon size-sportspress-fit-icon wp-post-image\" alt=\"\" \/><\/span>01002 \ud83d\udfe2 Anton\u00edn Hrdina<\/a><\/td><td class=\"data-team\" data-label=\"T\u00fdm\"><a href=\"https:\/\/soccaczech.cz\/liga\/sport-team\/mc-sarmat\/\">MC SARMAT<\/a><\/td><td class=\"data-goals\" data-label=\"G\u00f3ly\">0<\/td><td class=\"data-assists\" data-label=\"Asistence\">2<\/td><td class=\"data-yellowcards\" data-label=\"\u017dlut\u00e9 karty\">0<\/td><td class=\"data-redcards\" data-label=\"\u010cerven\u00e9 karty\">0<\/td><td class=\"data-appearances\" data-label=\"Po\u010det z\u00e1pas\u016f\">4<\/td><\/tr><tr class=\"odd\"><td class=\"data-rank\" data-label=\"#\">99<\/td><td class=\"data-name has-photo\" data-label=\"Hr\u00e1\u010d\"><a href=\"https:\/\/soccaczech.cz\/liga\/player\/vasyl-kovtun\/\"><span class=\"player-photo\"><img loading=\"lazy\" decoding=\"async\" width=\"184\" height=\"400\" src=\"https:\/\/soccaczech.cz\/liga\/wp-content\/uploads\/1993\/06\/Vasyl-Kovtun-07.06.1993-184x400.jpg\" class=\"attachment-sportspress-fit-icon size-sportspress-fit-icon wp-post-image\" alt=\"\" \/><\/span>04001 \ud83d\udfe2 Vasyl Kovtun (VD)<\/a><\/td><td class=\"data-team\" data-label=\"T\u00fdm\"><a href=\"https:\/\/soccaczech.cz\/liga\/sport-team\/vism-football\/\">VISM FOOTBALL<\/a><\/td><td class=\"data-goals\" data-label=\"G\u00f3ly\">0<\/td><td class=\"data-assists\" data-label=\"Asistence\">2<\/td><td class=\"data-yellowcards\" data-label=\"\u017dlut\u00e9 karty\">0<\/td><td class=\"data-redcards\" data-label=\"\u010cerven\u00e9 karty\">0<\/td><td class=\"data-appearances\" data-label=\"Po\u010det z\u00e1pas\u016f\">6<\/td><\/tr><tr class=\"even\"><td class=\"data-rank\" data-label=\"#\">100<\/td><td class=\"data-name has-photo\" data-label=\"Hr\u00e1\u010d\"><a href=\"https:\/\/soccaczech.cz\/liga\/player\/05011-%f0%9f%9f%a2-viktor-bihun\/\"><span class=\"player-photo\"><img loading=\"lazy\" decoding=\"async\" width=\"391\" height=\"400\" src=\"https:\/\/soccaczech.cz\/liga\/wp-content\/uploads\/2026\/03\/IMG_2944-1002x1024-1-391x400.png\" class=\"attachment-sportspress-fit-icon size-sportspress-fit-icon wp-post-image\" alt=\"\" \/><\/span>05011 \ud83d\udfe2 Viktor Bihun<\/a><\/td><td class=\"data-team\" data-label=\"T\u00fdm\"><a href=\"https:\/\/soccaczech.cz\/liga\/?post_type=page&amp;p=45434\">-<\/a><\/td><td class=\"data-goals\" data-label=\"G\u00f3ly\">0<\/td><td class=\"data-assists\" data-label=\"Asistence\">2<\/td><td class=\"data-yellowcards\" data-label=\"\u017dlut\u00e9 karty\">0<\/td><td class=\"data-redcards\" data-label=\"\u010cerven\u00e9 karty\">0<\/td><td class=\"data-appearances\" data-label=\"Po\u010det z\u00e1pas\u016f\">5<\/td><\/tr><tr class=\"odd\"><td class=\"data-rank\" data-label=\"#\">101<\/td><td class=\"data-name has-photo\" data-label=\"Hr\u00e1\u010d\"><a href=\"https:\/\/soccaczech.cz\/liga\/player\/011020%f0%9f%9f%a0jiri-dolezel-vd\/\"><span class=\"player-photo\"><img loading=\"lazy\" decoding=\"async\" width=\"320\" height=\"400\" src=\"https:\/\/soccaczech.cz\/liga\/wp-content\/uploads\/2026\/03\/george-320x400.jpeg\" class=\"attachment-sportspress-fit-icon size-sportspress-fit-icon wp-post-image\" alt=\"\" \/><\/span>011020\ud83d\udfe2Ji\u0159\u00ed Dole\u017eel (VD)<\/a><\/td><td class=\"data-team\" data-label=\"T\u00fdm\"><a href=\"https:\/\/soccaczech.cz\/liga\/?post_type=page&amp;p=45434\">-<\/a><\/td><td class=\"data-goals\" data-label=\"G\u00f3ly\">1<\/td><td class=\"data-assists\" data-label=\"Asistence\">0<\/td><td class=\"data-yellowcards\" data-label=\"\u017dlut\u00e9 karty\">0<\/td><td class=\"data-redcards\" data-label=\"\u010cerven\u00e9 karty\">0<\/td><td class=\"data-appearances\" data-label=\"Po\u010det z\u00e1pas\u016f\">5<\/td><\/tr><tr class=\"even\"><td class=\"data-rank\" data-label=\"#\">102<\/td><td class=\"data-name has-photo\" data-label=\"Hr\u00e1\u010d\"><a href=\"https:\/\/soccaczech.cz\/liga\/player\/010015%f0%9f%9f%a2rusyn-ivan\/\"><span class=\"player-photo\"><img loading=\"lazy\" decoding=\"async\" width=\"245\" height=\"400\" src=\"https:\/\/soccaczech.cz\/liga\/wp-content\/uploads\/2026\/02\/010001\ud83d\udfe2-16-245x400.png\" class=\"attachment-sportspress-fit-icon size-sportspress-fit-icon wp-post-image\" alt=\"\" \/><\/span>010006\ud83d\udfe2Ivan Rusyn<\/a><\/td><td class=\"data-team\" data-label=\"T\u00fdm\"><a href=\"https:\/\/soccaczech.cz\/liga\/sport-team\/fc-pidhorodtsi\/\">FC PIDHORODTSI<\/a><\/td><td class=\"data-goals\" data-label=\"G\u00f3ly\">1<\/td><td class=\"data-assists\" data-label=\"Asistence\">0<\/td><td class=\"data-yellowcards\" data-label=\"\u017dlut\u00e9 karty\">0<\/td><td class=\"data-redcards\" data-label=\"\u010cerven\u00e9 karty\">0<\/td><td class=\"data-appearances\" data-label=\"Po\u010det z\u00e1pas\u016f\">7<\/td><\/tr><tr class=\"odd\"><td class=\"data-rank\" data-label=\"#\">103<\/td><td class=\"data-name has-photo\" data-label=\"Hr\u00e1\u010d\"><a href=\"https:\/\/soccaczech.cz\/liga\/player\/011019%f0%9f%9f%a0-jaroslav-vesely\/\"><span class=\"player-photo\"><img loading=\"lazy\" decoding=\"async\" width=\"300\" height=\"400\" src=\"https:\/\/soccaczech.cz\/liga\/wp-content\/uploads\/2026\/03\/Jaroslav-Vesely-300x400.jpeg\" class=\"attachment-sportspress-fit-icon size-sportspress-fit-icon wp-post-image\" alt=\"\" \/><\/span>011019\ud83d\udfe2 Jaroslav Vesel\u00fd<\/a><\/td><td class=\"data-team\" data-label=\"T\u00fdm\"><a href=\"https:\/\/soccaczech.cz\/liga\/sport-team\/sport-overtime-2\/\">SPORT OVERTIME<\/a><\/td><td class=\"data-goals\" data-label=\"G\u00f3ly\">1<\/td><td class=\"data-assists\" data-label=\"Asistence\">0<\/td><td class=\"data-yellowcards\" data-label=\"\u017dlut\u00e9 karty\">0<\/td><td class=\"data-redcards\" data-label=\"\u010cerven\u00e9 karty\">0<\/td><td class=\"data-appearances\" data-label=\"Po\u010det z\u00e1pas\u016f\">1<\/td><\/tr><tr class=\"even\"><td class=\"data-rank\" data-label=\"#\">104<\/td><td class=\"data-name has-photo\" data-label=\"Hr\u00e1\u010d\"><a href=\"https:\/\/soccaczech.cz\/liga\/player\/015007%f0%9f%9f%a0yurii-bida\/\"><span class=\"player-photo\"><img loading=\"lazy\" decoding=\"async\" width=\"300\" height=\"400\" src=\"https:\/\/soccaczech.cz\/liga\/wp-content\/uploads\/2026\/03\/unnamed-6-300x400.jpg\" class=\"attachment-sportspress-fit-icon size-sportspress-fit-icon wp-post-image\" alt=\"\" \/><\/span>015007 \ud83d\udfe2 Yurii Bida<\/a><\/td><td class=\"data-team\" data-label=\"T\u00fdm\"><a href=\"https:\/\/soccaczech.cz\/liga\/?post_type=page&amp;p=45434\">-<\/a><\/td><td class=\"data-goals\" data-label=\"G\u00f3ly\">1<\/td><td class=\"data-assists\" data-label=\"Asistence\">0<\/td><td class=\"data-yellowcards\" data-label=\"\u017dlut\u00e9 karty\">0<\/td><td class=\"data-redcards\" data-label=\"\u010cerven\u00e9 karty\">0<\/td><td class=\"data-appearances\" data-label=\"Po\u010det z\u00e1pas\u016f\">2<\/td><\/tr><tr class=\"odd\"><td class=\"data-rank\" data-label=\"#\">105<\/td><td class=\"data-name has-photo\" data-label=\"Hr\u00e1\u010d\"><a href=\"https:\/\/soccaczech.cz\/liga\/player\/011036%f0%9f%9f%a0nikita-kireev\/\"><span class=\"player-photo\"><img loading=\"lazy\" decoding=\"async\" width=\"185\" height=\"400\" src=\"https:\/\/soccaczech.cz\/liga\/wp-content\/uploads\/2026\/04\/WhatsApp-Image-2026-04-10-at-08.03.43-185x400.jpeg\" class=\"attachment-sportspress-fit-icon size-sportspress-fit-icon wp-post-image\" alt=\"\" \/><\/span>011036\ud83d\udfe2 Nikita Kireev<\/a><\/td><td class=\"data-team\" data-label=\"T\u00fdm\"><a href=\"https:\/\/soccaczech.cz\/liga\/?post_type=page&amp;p=45434\">-<\/a><\/td><td class=\"data-goals\" data-label=\"G\u00f3ly\">1<\/td><td class=\"data-assists\" data-label=\"Asistence\">0<\/td><td class=\"data-yellowcards\" data-label=\"\u017dlut\u00e9 karty\">1<\/td><td class=\"data-redcards\" data-label=\"\u010cerven\u00e9 karty\">0<\/td><td class=\"data-appearances\" data-label=\"Po\u010det z\u00e1pas\u016f\">2<\/td><\/tr><tr class=\"even\"><td class=\"data-rank\" data-label=\"#\">106<\/td><td class=\"data-name has-photo\" data-label=\"Hr\u00e1\u010d\"><a href=\"https:\/\/soccaczech.cz\/liga\/player\/jaroslav-horak\/\"><span class=\"player-photo\"><img loading=\"lazy\" decoding=\"async\" width=\"358\" height=\"400\" src=\"https:\/\/soccaczech.cz\/liga\/wp-content\/uploads\/2002\/07\/jaroslavhorak-358x400.png\" class=\"attachment-sportspress-fit-icon size-sportspress-fit-icon wp-post-image\" alt=\"\" \/><\/span>03028 \ud83d\udfe2 Jaroslav Hor\u00e1k<\/a><\/td><td class=\"data-team\" data-label=\"T\u00fdm\"><a href=\"https:\/\/soccaczech.cz\/liga\/sport-team\/g-i-c-la-plate\/\">G.I.C. LA PLATE<\/a><\/td><td class=\"data-goals\" data-label=\"G\u00f3ly\">1<\/td><td class=\"data-assists\" data-label=\"Asistence\">0<\/td><td class=\"data-yellowcards\" data-label=\"\u017dlut\u00e9 karty\">0<\/td><td class=\"data-redcards\" data-label=\"\u010cerven\u00e9 karty\">0<\/td><td class=\"data-appearances\" data-label=\"Po\u010det z\u00e1pas\u016f\">1<\/td><\/tr><tr class=\"odd\"><td class=\"data-rank\" data-label=\"#\">107<\/td><td class=\"data-name has-photo\" data-label=\"Hr\u00e1\u010d\"><a href=\"https:\/\/soccaczech.cz\/liga\/player\/09020%f0%9f%9f%a0vladyslav-danylyshyn\/\"><span class=\"player-photo\"><img loading=\"lazy\" decoding=\"async\" width=\"272\" height=\"400\" src=\"https:\/\/soccaczech.cz\/liga\/wp-content\/uploads\/2026\/03\/WhatsApp-Image-2026-03-07-at-13.06.19-272x400.jpeg\" class=\"attachment-sportspress-fit-icon size-sportspress-fit-icon wp-post-image\" alt=\"\" \/><\/span>09020\ud83d\udfe2Vladyslav Danylyshyn<\/a><\/td><td class=\"data-team\" data-label=\"T\u00fdm\"><a href=\"https:\/\/soccaczech.cz\/liga\/sport-team\/fc-prazharka\/\">FC PRAZHARKA<\/a><\/td><td class=\"data-goals\" data-label=\"G\u00f3ly\">1<\/td><td class=\"data-assists\" data-label=\"Asistence\">0<\/td><td class=\"data-yellowcards\" data-label=\"\u017dlut\u00e9 karty\">0<\/td><td class=\"data-redcards\" data-label=\"\u010cerven\u00e9 karty\">0<\/td><td class=\"data-appearances\" data-label=\"Po\u010det z\u00e1pas\u016f\">3<\/td><\/tr><tr class=\"even\"><td class=\"data-rank\" data-label=\"#\">108<\/td><td class=\"data-name has-photo\" data-label=\"Hr\u00e1\u010d\"><a href=\"https:\/\/soccaczech.cz\/liga\/player\/012009%f0%9f%9f%a0romantuhai\/\"><span class=\"player-photo\"><img loading=\"lazy\" decoding=\"async\" width=\"245\" height=\"400\" src=\"https:\/\/soccaczech.cz\/liga\/wp-content\/uploads\/2026\/03\/010001\ud83d\udfe2-38-245x400.png\" class=\"attachment-sportspress-fit-icon size-sportspress-fit-icon wp-post-image\" alt=\"\" \/><\/span>012009\ud83d\udfe2Roman Tuhai<\/a><\/td><td class=\"data-team\" data-label=\"T\u00fdm\"><a href=\"https:\/\/soccaczech.cz\/liga\/sport-team\/fc-donbass\/\">FC DONBASS<\/a><\/td><td class=\"data-goals\" data-label=\"G\u00f3ly\">1<\/td><td class=\"data-assists\" data-label=\"Asistence\">0<\/td><td class=\"data-yellowcards\" data-label=\"\u017dlut\u00e9 karty\">0<\/td><td class=\"data-redcards\" data-label=\"\u010cerven\u00e9 karty\">0<\/td><td class=\"data-appearances\" data-label=\"Po\u010det z\u00e1pas\u016f\">6<\/td><\/tr><tr class=\"odd\"><td class=\"data-rank\" data-label=\"#\">109<\/td><td class=\"data-name has-photo\" data-label=\"Hr\u00e1\u010d\"><a href=\"https:\/\/soccaczech.cz\/liga\/player\/mykola-perehynia\/\"><span class=\"player-photo\"><img loading=\"lazy\" decoding=\"async\" width=\"400\" height=\"400\" src=\"https:\/\/soccaczech.cz\/liga\/wp-content\/uploads\/2008\/03\/Mykola-Perehynia-400x400.png\" class=\"attachment-sportspress-fit-icon size-sportspress-fit-icon wp-post-image\" alt=\"\" \/><\/span>04012 \ud83d\udfe2 Mykola Perehynia<\/a><\/td><td class=\"data-team\" data-label=\"T\u00fdm\"><a href=\"https:\/\/soccaczech.cz\/liga\/sport-team\/vism-football\/\">VISM FOOTBALL<\/a><\/td><td class=\"data-goals\" data-label=\"G\u00f3ly\">1<\/td><td class=\"data-assists\" data-label=\"Asistence\">0<\/td><td class=\"data-yellowcards\" data-label=\"\u017dlut\u00e9 karty\">1<\/td><td class=\"data-redcards\" data-label=\"\u010cerven\u00e9 karty\">0<\/td><td class=\"data-appearances\" data-label=\"Po\u010det z\u00e1pas\u016f\">6<\/td><\/tr><tr class=\"even\"><td class=\"data-rank\" data-label=\"#\">110<\/td><td class=\"data-name has-photo\" data-label=\"Hr\u00e1\u010d\"><a href=\"https:\/\/soccaczech.cz\/liga\/player\/010011%f0%9f%9f%a2latsko-ivan\/\"><span class=\"player-photo\"><img loading=\"lazy\" decoding=\"async\" width=\"245\" height=\"400\" src=\"https:\/\/soccaczech.cz\/liga\/wp-content\/uploads\/2026\/02\/010001\ud83d\udfe2-11-245x400.png\" class=\"attachment-sportspress-fit-icon size-sportspress-fit-icon wp-post-image\" alt=\"\" \/><\/span>010013\ud83d\udfe2Ivan Latsko<\/a><\/td><td class=\"data-team\" data-label=\"T\u00fdm\"><a href=\"https:\/\/soccaczech.cz\/liga\/sport-team\/fc-pidhorodtsi\/\">FC PIDHORODTSI<\/a><\/td><td class=\"data-goals\" data-label=\"G\u00f3ly\">1<\/td><td class=\"data-assists\" data-label=\"Asistence\">0<\/td><td class=\"data-yellowcards\" data-label=\"\u017dlut\u00e9 karty\">0<\/td><td class=\"data-redcards\" data-label=\"\u010cerven\u00e9 karty\">0<\/td><td class=\"data-appearances\" data-label=\"Po\u010det z\u00e1pas\u016f\">7<\/td><\/tr><tr class=\"odd\"><td class=\"data-rank\" data-label=\"#\">111<\/td><td class=\"data-name has-photo\" data-label=\"Hr\u00e1\u010d\"><a href=\"https:\/\/soccaczech.cz\/liga\/player\/09010-%f0%9f%9f%a0-zakharchuk-yurii\/\"><span class=\"player-photo\"><img loading=\"lazy\" decoding=\"async\" width=\"275\" height=\"275\" src=\"https:\/\/soccaczech.cz\/liga\/wp-content\/uploads\/2026\/02\/Zakharchuk-Yurii.png\" class=\"attachment-sportspress-fit-icon size-sportspress-fit-icon wp-post-image\" alt=\"\" \/><\/span>09010 \ud83d\udfe2Yurii Zakharchuk<\/a><\/td><td class=\"data-team\" data-label=\"T\u00fdm\"><a href=\"https:\/\/soccaczech.cz\/liga\/?post_type=page&amp;p=45434\">-<\/a><\/td><td class=\"data-goals\" data-label=\"G\u00f3ly\">1<\/td><td class=\"data-assists\" data-label=\"Asistence\">0<\/td><td class=\"data-yellowcards\" data-label=\"\u017dlut\u00e9 karty\">0<\/td><td class=\"data-redcards\" data-label=\"\u010cerven\u00e9 karty\">0<\/td><td class=\"data-appearances\" data-label=\"Po\u010det z\u00e1pas\u016f\">1<\/td><\/tr><tr class=\"even\"><td class=\"data-rank\" data-label=\"#\">112<\/td><td class=\"data-name has-photo\" data-label=\"Hr\u00e1\u010d\"><a href=\"https:\/\/soccaczech.cz\/liga\/player\/tomas-rossmann\/\"><span class=\"player-photo\"><img loading=\"lazy\" decoding=\"async\" width=\"252\" height=\"400\" src=\"https:\/\/soccaczech.cz\/liga\/wp-content\/uploads\/1997\/11\/Tomas-Rossmann-252x400.png\" class=\"attachment-sportspress-fit-icon size-sportspress-fit-icon wp-post-image\" alt=\"\" \/><\/span>06034 \ud83d\udfe2 Tom\u00e1\u0161 Rossmann<\/a><\/td><td class=\"data-team\" data-label=\"T\u00fdm\"><a href=\"https:\/\/soccaczech.cz\/liga\/sport-team\/spartasocca\/\">SPARTA SOCCA<\/a><\/td><td class=\"data-goals\" data-label=\"G\u00f3ly\">1<\/td><td class=\"data-assists\" data-label=\"Asistence\">0<\/td><td class=\"data-yellowcards\" data-label=\"\u017dlut\u00e9 karty\">0<\/td><td class=\"data-redcards\" data-label=\"\u010cerven\u00e9 karty\">0<\/td><td class=\"data-appearances\" data-label=\"Po\u010det z\u00e1pas\u016f\">2<\/td><\/tr><tr class=\"odd\"><td class=\"data-rank\" data-label=\"#\">113<\/td><td class=\"data-name has-photo\" data-label=\"Hr\u00e1\u010d\"><a href=\"https:\/\/soccaczech.cz\/liga\/player\/ivan-kozak\/\"><span class=\"player-photo\"><img loading=\"lazy\" decoding=\"async\" width=\"400\" height=\"328\" src=\"https:\/\/soccaczech.cz\/liga\/wp-content\/uploads\/2001\/11\/IMG_3078-400x328.png\" class=\"attachment-sportspress-fit-icon size-sportspress-fit-icon wp-post-image\" alt=\"\" \/><\/span>02011 \ud83d\udfe2 Ivan Kozak<\/a><\/td><td class=\"data-team\" data-label=\"T\u00fdm\"><a href=\"https:\/\/soccaczech.cz\/liga\/sport-team\/fc-andezit\/\">FC ANDEZIT<\/a><\/td><td class=\"data-goals\" data-label=\"G\u00f3ly\">1<\/td><td class=\"data-assists\" data-label=\"Asistence\">0<\/td><td class=\"data-yellowcards\" data-label=\"\u017dlut\u00e9 karty\">0<\/td><td class=\"data-redcards\" data-label=\"\u010cerven\u00e9 karty\">0<\/td><td class=\"data-appearances\" data-label=\"Po\u010det z\u00e1pas\u016f\">3<\/td><\/tr><tr class=\"even\"><td class=\"data-rank\" data-label=\"#\">114<\/td><td class=\"data-name has-photo\" data-label=\"Hr\u00e1\u010d\"><a href=\"https:\/\/soccaczech.cz\/liga\/player\/myroslav-nemesh\/\"><span class=\"player-photo\"><img loading=\"lazy\" decoding=\"async\" width=\"381\" height=\"400\" src=\"https:\/\/soccaczech.cz\/liga\/wp-content\/uploads\/2005\/08\/Myroslav-Nemesh-381x400.png\" class=\"attachment-sportspress-fit-icon size-sportspress-fit-icon wp-post-image\" alt=\"\" \/><\/span>04017 \ud83d\udfe2 Myroslav Nemesh<\/a><\/td><td class=\"data-team\" data-label=\"T\u00fdm\"><a href=\"https:\/\/soccaczech.cz\/liga\/sport-team\/vism-football\/\">VISM FOOTBALL<\/a><\/td><td class=\"data-goals\" data-label=\"G\u00f3ly\">1<\/td><td class=\"data-assists\" data-label=\"Asistence\">0<\/td><td class=\"data-yellowcards\" data-label=\"\u017dlut\u00e9 karty\">1<\/td><td class=\"data-redcards\" data-label=\"\u010cerven\u00e9 karty\">0<\/td><td class=\"data-appearances\" data-label=\"Po\u010det z\u00e1pas\u016f\">2<\/td><\/tr><tr class=\"odd\"><td class=\"data-rank\" data-label=\"#\">115<\/td><td class=\"data-name has-photo\" data-label=\"Hr\u00e1\u010d\"><a href=\"https:\/\/soccaczech.cz\/liga\/player\/012006%f0%9f%9f%a0lebovych-roman\/\"><span class=\"player-photo\"><img loading=\"lazy\" decoding=\"async\" width=\"245\" height=\"400\" src=\"https:\/\/soccaczech.cz\/liga\/wp-content\/uploads\/2026\/03\/010001\ud83d\udfe2-6-245x400.png\" class=\"attachment-sportspress-fit-icon size-sportspress-fit-icon wp-post-image\" alt=\"\" \/><\/span>012006\ud83d\udfe2Roman Lebovych<\/a><\/td><td class=\"data-team\" data-label=\"T\u00fdm\"><a href=\"https:\/\/soccaczech.cz\/liga\/sport-team\/fc-donbass\/\">FC DONBASS<\/a><\/td><td class=\"data-goals\" data-label=\"G\u00f3ly\">1<\/td><td class=\"data-assists\" data-label=\"Asistence\">0<\/td><td class=\"data-yellowcards\" data-label=\"\u017dlut\u00e9 karty\">0<\/td><td class=\"data-redcards\" data-label=\"\u010cerven\u00e9 karty\">0<\/td><td class=\"data-appearances\" data-label=\"Po\u010det z\u00e1pas\u016f\">5<\/td><\/tr><tr class=\"even\"><td class=\"data-rank\" data-label=\"#\">116<\/td><td class=\"data-name has-photo\" data-label=\"Hr\u00e1\u010d\"><a href=\"https:\/\/soccaczech.cz\/liga\/player\/012011%f0%9f%9f%a0artem-bohar\/\"><span class=\"player-photo\"><img loading=\"lazy\" decoding=\"async\" width=\"227\" height=\"400\" src=\"https:\/\/soccaczech.cz\/liga\/wp-content\/uploads\/2026\/03\/IMG_3413-227x400.jpg\" class=\"attachment-sportspress-fit-icon size-sportspress-fit-icon wp-post-image\" alt=\"\" \/><\/span>05018 \ud83d\udfe2 Artem Bohar<\/a><\/td><td class=\"data-team\" data-label=\"T\u00fdm\"><a href=\"https:\/\/soccaczech.cz\/liga\/sport-team\/fc-donbass\/\">FC DONBASS<\/a><\/td><td class=\"data-goals\" data-label=\"G\u00f3ly\">1<\/td><td class=\"data-assists\" data-label=\"Asistence\">0<\/td><td class=\"data-yellowcards\" data-label=\"\u017dlut\u00e9 karty\">1<\/td><td class=\"data-redcards\" data-label=\"\u010cerven\u00e9 karty\">0<\/td><td class=\"data-appearances\" data-label=\"Po\u010det z\u00e1pas\u016f\">4<\/td><\/tr><tr class=\"odd\"><td class=\"data-rank\" data-label=\"#\">117<\/td><td class=\"data-name has-photo\" data-label=\"Hr\u00e1\u010d\"><a href=\"https:\/\/soccaczech.cz\/liga\/player\/patrik-uher\/\"><span class=\"player-photo\"><img loading=\"lazy\" decoding=\"async\" width=\"260\" height=\"400\" src=\"https:\/\/soccaczech.cz\/liga\/wp-content\/uploads\/2005\/07\/Patrik-Uher--260x400.png\" class=\"attachment-sportspress-fit-icon size-sportspress-fit-icon wp-post-image\" alt=\"\" \/><\/span>06036 \ud83d\udfe2 Patrik Uher<\/a><\/td><td class=\"data-team\" data-label=\"T\u00fdm\"><a href=\"https:\/\/soccaczech.cz\/liga\/sport-team\/spartasocca\/\">SPARTA SOCCA<\/a><\/td><td class=\"data-goals\" data-label=\"G\u00f3ly\">1<\/td><td class=\"data-assists\" data-label=\"Asistence\">0<\/td><td class=\"data-yellowcards\" data-label=\"\u017dlut\u00e9 karty\">0<\/td><td class=\"data-redcards\" data-label=\"\u010cerven\u00e9 karty\">0<\/td><td class=\"data-appearances\" data-label=\"Po\u010det z\u00e1pas\u016f\">3<\/td><\/tr><tr class=\"even\"><td class=\"data-rank\" data-label=\"#\">118<\/td><td class=\"data-name has-photo\" data-label=\"Hr\u00e1\u010d\"><a href=\"https:\/\/soccaczech.cz\/liga\/player\/013016%f0%9f%9f%a0andriy-bazyuk\/\"><span class=\"player-photo\"><img loading=\"lazy\" decoding=\"async\" width=\"245\" height=\"400\" src=\"https:\/\/soccaczech.cz\/liga\/wp-content\/uploads\/1993\/02\/010001\ud83d\udfe2-31-245x400.png\" class=\"attachment-sportspress-fit-icon size-sportspress-fit-icon wp-post-image\" alt=\"\" \/><\/span>013016\ud83d\udfe2ANDRIY BAZYUK<\/a><\/td><td class=\"data-team\" data-label=\"T\u00fdm\"><a href=\"https:\/\/soccaczech.cz\/liga\/?post_type=page&amp;p=45434\">-<\/a><\/td><td class=\"data-goals\" data-label=\"G\u00f3ly\">1<\/td><td class=\"data-assists\" data-label=\"Asistence\">0<\/td><td class=\"data-yellowcards\" data-label=\"\u017dlut\u00e9 karty\">0<\/td><td class=\"data-redcards\" data-label=\"\u010cerven\u00e9 karty\">0<\/td><td class=\"data-appearances\" data-label=\"Po\u010det z\u00e1pas\u016f\">3<\/td><\/tr><tr class=\"odd\"><td class=\"data-rank\" data-label=\"#\">119<\/td><td class=\"data-name has-photo\" data-label=\"Hr\u00e1\u010d\"><a href=\"https:\/\/soccaczech.cz\/liga\/player\/lukas-koutensky\/\"><span class=\"player-photo\"><img loading=\"lazy\" decoding=\"async\" width=\"347\" height=\"400\" src=\"https:\/\/soccaczech.cz\/liga\/wp-content\/uploads\/2005\/09\/Likas-Koutensky-347x400.png\" class=\"attachment-sportspress-fit-icon size-sportspress-fit-icon wp-post-image\" alt=\"\" \/><\/span>03004 \ud83d\udfe2 Luk\u00e1\u0161 Koutensk\u00fd<\/a><\/td><td class=\"data-team\" data-label=\"T\u00fdm\"><a href=\"https:\/\/soccaczech.cz\/liga\/sport-team\/g-i-c-la-plate\/\">G.I.C. LA PLATE<\/a><\/td><td class=\"data-goals\" data-label=\"G\u00f3ly\">1<\/td><td class=\"data-assists\" data-label=\"Asistence\">0<\/td><td class=\"data-yellowcards\" data-label=\"\u017dlut\u00e9 karty\">0<\/td><td class=\"data-redcards\" data-label=\"\u010cerven\u00e9 karty\">0<\/td><td class=\"data-appearances\" data-label=\"Po\u010det z\u00e1pas\u016f\">1<\/td><\/tr><tr class=\"even\"><td class=\"data-rank\" data-label=\"#\">120<\/td><td class=\"data-name has-photo\" data-label=\"Hr\u00e1\u010d\"><a href=\"https:\/\/soccaczech.cz\/liga\/player\/015002%f0%9f%9f%a0-andrii-vasiluk\/\"><span class=\"player-photo\"><img loading=\"lazy\" decoding=\"async\" width=\"300\" height=\"400\" src=\"https:\/\/soccaczech.cz\/liga\/wp-content\/uploads\/2026\/03\/unnamed-1-300x400.jpg\" class=\"attachment-sportspress-fit-icon size-sportspress-fit-icon wp-post-image\" alt=\"\" \/><\/span>015002\ud83d\udfe2 Andrii Vasiluk<\/a><\/td><td class=\"data-team\" data-label=\"T\u00fdm\"><a href=\"https:\/\/soccaczech.cz\/liga\/sport-team\/fc-trident\/\">FC TRIDENT<\/a><\/td><td class=\"data-goals\" data-label=\"G\u00f3ly\">1<\/td><td class=\"data-assists\" data-label=\"Asistence\">0<\/td><td class=\"data-yellowcards\" data-label=\"\u017dlut\u00e9 karty\">0<\/td><td class=\"data-redcards\" data-label=\"\u010cerven\u00e9 karty\">0<\/td><td class=\"data-appearances\" data-label=\"Po\u010det z\u00e1pas\u016f\">6<\/td><\/tr><tr class=\"odd\"><td class=\"data-rank\" data-label=\"#\">121<\/td><td class=\"data-name has-photo\" data-label=\"Hr\u00e1\u010d\"><a href=\"https:\/\/soccaczech.cz\/liga\/player\/09002-%f0%9f%9f%a0-oleksandr-rusol\/\"><span class=\"player-photo\"><img loading=\"lazy\" decoding=\"async\" width=\"357\" height=\"400\" src=\"https:\/\/soccaczech.cz\/liga\/wp-content\/uploads\/2026\/02\/Rusol-Oleksandr-357x400.png\" class=\"attachment-sportspress-fit-icon size-sportspress-fit-icon wp-post-image\" alt=\"\" \/><\/span>09002 \ud83d\udfe2 Oleksandr Rusol<\/a><\/td><td class=\"data-team\" data-label=\"T\u00fdm\"><a href=\"https:\/\/soccaczech.cz\/liga\/sport-team\/fc-prazharka\/\">FC PRAZHARKA<\/a><\/td><td class=\"data-goals\" data-label=\"G\u00f3ly\">0<\/td><td class=\"data-assists\" data-label=\"Asistence\">1<\/td><td class=\"data-yellowcards\" data-label=\"\u017dlut\u00e9 karty\">0<\/td><td class=\"data-redcards\" data-label=\"\u010cerven\u00e9 karty\">0<\/td><td class=\"data-appearances\" data-label=\"Po\u010det z\u00e1pas\u016f\">4<\/td><\/tr><tr class=\"even\"><td class=\"data-rank\" data-label=\"#\">122<\/td><td class=\"data-name has-photo\" data-label=\"Hr\u00e1\u010d\"><a href=\"https:\/\/soccaczech.cz\/liga\/player\/014011-%f0%9f%9f%a0petryshyn-mykhaylo\/\"><span class=\"player-photo\"><img loading=\"lazy\" decoding=\"async\" width=\"180\" height=\"400\" src=\"https:\/\/soccaczech.cz\/liga\/wp-content\/uploads\/2026\/03\/Petryshyn-Mykhaylo-1-180x400.jpg\" class=\"attachment-sportspress-fit-icon size-sportspress-fit-icon wp-post-image\" alt=\"\" \/><\/span>014011 \ud83d\udfe2Mykhaylo Petryshyn<\/a><\/td><td class=\"data-team\" data-label=\"T\u00fdm\"><a href=\"https:\/\/soccaczech.cz\/liga\/?post_type=page&amp;p=45434\">-<\/a><\/td><td class=\"data-goals\" data-label=\"G\u00f3ly\">0<\/td><td class=\"data-assists\" data-label=\"Asistence\">1<\/td><td class=\"data-yellowcards\" data-label=\"\u017dlut\u00e9 karty\">1<\/td><td class=\"data-redcards\" data-label=\"\u010cerven\u00e9 karty\">0<\/td><td class=\"data-appearances\" data-label=\"Po\u010det z\u00e1pas\u016f\">7<\/td><\/tr><tr class=\"odd\"><td class=\"data-rank\" data-label=\"#\">123<\/td><td class=\"data-name has-photo\" data-label=\"Hr\u00e1\u010d\"><a href=\"https:\/\/soccaczech.cz\/liga\/player\/07012-%f0%9f%9f%a0-oleg-dresher\/\"><span class=\"player-photo\"><img loading=\"lazy\" decoding=\"async\" width=\"300\" height=\"400\" src=\"https:\/\/soccaczech.cz\/liga\/wp-content\/uploads\/2004\/08\/Oleg-Dresher-11.2.2003-300x400.png\" class=\"attachment-sportspress-fit-icon size-sportspress-fit-icon wp-post-image\" alt=\"\" \/><\/span>07012 \ud83d\udfe2  Oleg Dresher<\/a><\/td><td class=\"data-team\" data-label=\"T\u00fdm\"><a href=\"https:\/\/soccaczech.cz\/liga\/?post_type=page&amp;p=45434\">-<\/a><\/td><td class=\"data-goals\" data-label=\"G\u00f3ly\">0<\/td><td class=\"data-assists\" data-label=\"Asistence\">1<\/td><td class=\"data-yellowcards\" data-label=\"\u017dlut\u00e9 karty\">0<\/td><td class=\"data-redcards\" data-label=\"\u010cerven\u00e9 karty\">0<\/td><td class=\"data-appearances\" data-label=\"Po\u010det z\u00e1pas\u016f\">1<\/td><\/tr><tr class=\"even\"><td class=\"data-rank\" data-label=\"#\">124<\/td><td class=\"data-name has-photo\" data-label=\"Hr\u00e1\u010d\"><a href=\"https:\/\/soccaczech.cz\/liga\/player\/011032%f0%9f%9f%a0matej-dvorak\/\"><span class=\"player-photo\"><img loading=\"lazy\" decoding=\"async\" width=\"295\" height=\"400\" src=\"https:\/\/soccaczech.cz\/liga\/wp-content\/uploads\/2026\/03\/WhatsApp-Image-2026-03-28-at-15.57.10-295x400.jpeg\" class=\"attachment-sportspress-fit-icon size-sportspress-fit-icon wp-post-image\" alt=\"\" \/><\/span>011032\ud83d\udfe2Mat\u011bj Dvo\u0159\u00e1k<\/a><\/td><td class=\"data-team\" data-label=\"T\u00fdm\"><a href=\"https:\/\/soccaczech.cz\/liga\/?post_type=page&amp;p=45434\">-<\/a><\/td><td class=\"data-goals\" data-label=\"G\u00f3ly\">0<\/td><td class=\"data-assists\" data-label=\"Asistence\">1<\/td><td class=\"data-yellowcards\" data-label=\"\u017dlut\u00e9 karty\">0<\/td><td class=\"data-redcards\" data-label=\"\u010cerven\u00e9 karty\">0<\/td><td class=\"data-appearances\" data-label=\"Po\u010det z\u00e1pas\u016f\">1<\/td><\/tr><tr class=\"odd\"><td class=\"data-rank\" data-label=\"#\">125<\/td><td class=\"data-name has-photo\" data-label=\"Hr\u00e1\u010d\"><a href=\"https:\/\/soccaczech.cz\/liga\/player\/010014%f0%9f%9f%a2pavlych-bogdan\/\"><span class=\"player-photo\"><img loading=\"lazy\" decoding=\"async\" width=\"245\" height=\"400\" src=\"https:\/\/soccaczech.cz\/liga\/wp-content\/uploads\/2026\/02\/010001\ud83d\udfe2-15-245x400.png\" class=\"attachment-sportspress-fit-icon size-sportspress-fit-icon wp-post-image\" alt=\"\" \/><\/span>010005\ud83d\udfe2Bogdan Pavlych<\/a><\/td><td class=\"data-team\" data-label=\"T\u00fdm\"><a href=\"https:\/\/soccaczech.cz\/liga\/?post_type=page&amp;p=45434\">-<\/a><\/td><td class=\"data-goals\" data-label=\"G\u00f3ly\">0<\/td><td class=\"data-assists\" data-label=\"Asistence\">1<\/td><td class=\"data-yellowcards\" data-label=\"\u017dlut\u00e9 karty\">0<\/td><td class=\"data-redcards\" data-label=\"\u010cerven\u00e9 karty\">0<\/td><td class=\"data-appearances\" data-label=\"Po\u010det z\u00e1pas\u016f\">7<\/td><\/tr><tr class=\"even\"><td class=\"data-rank\" data-label=\"#\">126<\/td><td class=\"data-name has-photo\" data-label=\"Hr\u00e1\u010d\"><a href=\"https:\/\/soccaczech.cz\/liga\/player\/04024%f0%9f%9f%a0taras-tyrlych\/\"><span class=\"player-photo\"><img loading=\"lazy\" decoding=\"async\" width=\"184\" height=\"400\" src=\"https:\/\/soccaczech.cz\/liga\/wp-content\/uploads\/2026\/03\/WhatsApp-Image-2026-03-07-at-15.51.49-184x400.jpeg\" class=\"attachment-sportspress-fit-icon size-sportspress-fit-icon wp-post-image\" alt=\"\" \/><\/span>04024\ud83d\udfe2Taras Tyrlych<\/a><\/td><td class=\"data-team\" data-label=\"T\u00fdm\"><a href=\"https:\/\/soccaczech.cz\/liga\/sport-team\/vism-football\/\">VISM FOOTBALL<\/a><\/td><td class=\"data-goals\" data-label=\"G\u00f3ly\">0<\/td><td class=\"data-assists\" data-label=\"Asistence\">1<\/td><td class=\"data-yellowcards\" data-label=\"\u017dlut\u00e9 karty\">0<\/td><td class=\"data-redcards\" data-label=\"\u010cerven\u00e9 karty\">0<\/td><td class=\"data-appearances\" data-label=\"Po\u010det z\u00e1pas\u016f\">4<\/td><\/tr><tr class=\"odd\"><td class=\"data-rank\" data-label=\"#\">127<\/td><td class=\"data-name has-photo\" data-label=\"Hr\u00e1\u010d\"><a href=\"https:\/\/soccaczech.cz\/liga\/player\/07003-%f0%9f%9f%a0-damian-bures\/\"><span class=\"player-photo\"><img loading=\"lazy\" decoding=\"async\" width=\"245\" height=\"400\" src=\"https:\/\/soccaczech.cz\/liga\/wp-content\/uploads\/2003\/10\/010001\ud83d\udfe2-49-245x400.png\" class=\"attachment-sportspress-fit-icon size-sportspress-fit-icon wp-post-image\" alt=\"\" \/><\/span>07003 \ud83d\udfe2 Damian Bure\u0161<\/a><\/td><td class=\"data-team\" data-label=\"T\u00fdm\"><a href=\"https:\/\/soccaczech.cz\/liga\/sport-team\/fc-pohoda-socca\/\">FC POHODA SOCCA<\/a><\/td><td class=\"data-goals\" data-label=\"G\u00f3ly\">0<\/td><td class=\"data-assists\" data-label=\"Asistence\">1<\/td><td class=\"data-yellowcards\" data-label=\"\u017dlut\u00e9 karty\">0<\/td><td class=\"data-redcards\" data-label=\"\u010cerven\u00e9 karty\">0<\/td><td class=\"data-appearances\" data-label=\"Po\u010det z\u00e1pas\u016f\">4<\/td><\/tr><tr class=\"even\"><td class=\"data-rank\" data-label=\"#\">128<\/td><td class=\"data-name has-photo\" data-label=\"Hr\u00e1\u010d\"><a href=\"https:\/\/soccaczech.cz\/liga\/player\/kyrylo-nazarenko\/\"><span class=\"player-photo\"><img loading=\"lazy\" decoding=\"async\" width=\"400\" height=\"379\" src=\"https:\/\/soccaczech.cz\/liga\/wp-content\/uploads\/2002\/04\/unnamed-2-400x379.jpg\" class=\"attachment-sportspress-fit-icon size-sportspress-fit-icon wp-post-image\" alt=\"\" \/><\/span>01023 \ud83d\udfe2 Kyrylo Nazarenko<\/a><\/td><td class=\"data-team\" data-label=\"T\u00fdm\"><a href=\"https:\/\/soccaczech.cz\/liga\/sport-team\/mc-sarmat\/\">MC SARMAT<\/a><\/td><td class=\"data-goals\" data-label=\"G\u00f3ly\">0<\/td><td class=\"data-assists\" data-label=\"Asistence\">1<\/td><td class=\"data-yellowcards\" data-label=\"\u017dlut\u00e9 karty\">0<\/td><td class=\"data-redcards\" data-label=\"\u010cerven\u00e9 karty\">0<\/td><td class=\"data-appearances\" data-label=\"Po\u010det z\u00e1pas\u016f\">3<\/td><\/tr><tr class=\"odd\"><td class=\"data-rank\" data-label=\"#\">129<\/td><td class=\"data-name has-photo\" data-label=\"Hr\u00e1\u010d\"><a href=\"https:\/\/soccaczech.cz\/liga\/player\/03037%f0%9f%9f%a0jakub-kratochvil\/\"><span class=\"player-photo\"><img loading=\"lazy\" decoding=\"async\" width=\"400\" height=\"377\" src=\"https:\/\/soccaczech.cz\/liga\/wp-content\/uploads\/2026\/03\/Jakub-Kratochvil-4.1.2005-400x377.jpg\" class=\"attachment-sportspress-fit-icon size-sportspress-fit-icon wp-post-image\" alt=\"\" \/><\/span>03037\ud83d\udfe2Jakub Kratochv\u00edl<\/a><\/td><td class=\"data-team\" data-label=\"T\u00fdm\"><a href=\"https:\/\/soccaczech.cz\/liga\/?post_type=page&amp;p=45434\">-<\/a><\/td><td class=\"data-goals\" data-label=\"G\u00f3ly\">0<\/td><td class=\"data-assists\" data-label=\"Asistence\">1<\/td><td class=\"data-yellowcards\" data-label=\"\u017dlut\u00e9 karty\">0<\/td><td class=\"data-redcards\" data-label=\"\u010cerven\u00e9 karty\">0<\/td><td class=\"data-appearances\" data-label=\"Po\u010det z\u00e1pas\u016f\">2<\/td><\/tr><tr class=\"even\"><td class=\"data-rank\" data-label=\"#\">130<\/td><td class=\"data-name has-photo\" data-label=\"Hr\u00e1\u010d\"><a href=\"https:\/\/soccaczech.cz\/liga\/player\/07004-%f0%9f%9f%a0-jiri-praslicka\/\"><span class=\"player-photo\"><img loading=\"lazy\" decoding=\"async\" width=\"300\" height=\"400\" src=\"https:\/\/soccaczech.cz\/liga\/wp-content\/uploads\/2004\/08\/Jiri-Praslicka-13.8.2004-300x400.png\" class=\"attachment-sportspress-fit-icon size-sportspress-fit-icon wp-post-image\" alt=\"\" \/><\/span>07004 \ud83d\udfe2  Ji\u0159\u00ed P\u0159asli\u010dka<\/a><\/td><td class=\"data-team\" data-label=\"T\u00fdm\"><a href=\"https:\/\/soccaczech.cz\/liga\/?post_type=page&amp;p=45434\">-<\/a><\/td><td class=\"data-goals\" data-label=\"G\u00f3ly\">0<\/td><td class=\"data-assists\" data-label=\"Asistence\">1<\/td><td class=\"data-yellowcards\" data-label=\"\u017dlut\u00e9 karty\">0<\/td><td class=\"data-redcards\" data-label=\"\u010cerven\u00e9 karty\">0<\/td><td class=\"data-appearances\" data-label=\"Po\u010det z\u00e1pas\u016f\">5<\/td><\/tr><tr class=\"odd\"><td class=\"data-rank\" data-label=\"#\">131<\/td><td class=\"data-name has-photo\" data-label=\"Hr\u00e1\u010d\"><a href=\"https:\/\/soccaczech.cz\/liga\/player\/015009%f0%9f%9f%a0rybchynskyi-volodymyr\/\"><span class=\"player-photo\"><img loading=\"lazy\" decoding=\"async\" width=\"225\" height=\"400\" src=\"https:\/\/soccaczech.cz\/liga\/wp-content\/uploads\/2026\/03\/Rybchynskyi-Volodymyr-225x400.jpeg\" class=\"attachment-sportspress-fit-icon size-sportspress-fit-icon wp-post-image\" alt=\"\" \/><\/span>015009\ud83d\udfe2Rybchynskyi Volodymyr<\/a><\/td><td class=\"data-team\" data-label=\"T\u00fdm\"><a href=\"https:\/\/soccaczech.cz\/liga\/sport-team\/fc-trident\/\">FC TRIDENT<\/a><\/td><td class=\"data-goals\" data-label=\"G\u00f3ly\">0<\/td><td class=\"data-assists\" data-label=\"Asistence\">1<\/td><td class=\"data-yellowcards\" data-label=\"\u017dlut\u00e9 karty\">0<\/td><td class=\"data-redcards\" data-label=\"\u010cerven\u00e9 karty\">0<\/td><td class=\"data-appearances\" data-label=\"Po\u010det z\u00e1pas\u016f\">5<\/td><\/tr><tr class=\"even\"><td class=\"data-rank\" data-label=\"#\">132<\/td><td class=\"data-name has-photo\" data-label=\"Hr\u00e1\u010d\"><a href=\"https:\/\/soccaczech.cz\/liga\/player\/011022%f0%9f%9f%a2stepan-studnicka\/\"><span class=\"player-photo\"><img loading=\"lazy\" decoding=\"async\" width=\"184\" height=\"184\" src=\"https:\/\/soccaczech.cz\/liga\/wp-content\/uploads\/2000\/02\/stepan-studnicka-12.2.2000-.png\" class=\"attachment-sportspress-fit-icon size-sportspress-fit-icon wp-post-image\" alt=\"\" \/><\/span>011022 \ud83d\udfe2 \u0160t\u011bp\u00e1n Studni\u010dka<\/a><\/td><td class=\"data-team\" data-label=\"T\u00fdm\"><a href=\"https:\/\/soccaczech.cz\/liga\/?post_type=page&amp;p=45434\">-<\/a><\/td><td class=\"data-goals\" data-label=\"G\u00f3ly\">0<\/td><td class=\"data-assists\" data-label=\"Asistence\">1<\/td><td class=\"data-yellowcards\" data-label=\"\u017dlut\u00e9 karty\">0<\/td><td class=\"data-redcards\" data-label=\"\u010cerven\u00e9 karty\">0<\/td><td class=\"data-appearances\" data-label=\"Po\u010det z\u00e1pas\u016f\">1<\/td><\/tr><tr class=\"odd\"><td class=\"data-rank\" data-label=\"#\">133<\/td><td class=\"data-name has-photo\" data-label=\"Hr\u00e1\u010d\"><a href=\"https:\/\/soccaczech.cz\/liga\/player\/07006-%f0%9f%9f%a0-alan-zahora\/\"><span class=\"player-photo\"><img loading=\"lazy\" decoding=\"async\" width=\"245\" height=\"400\" src=\"https:\/\/soccaczech.cz\/liga\/wp-content\/uploads\/2000\/02\/010001\ud83d\udfe2-48-245x400.png\" class=\"attachment-sportspress-fit-icon size-sportspress-fit-icon wp-post-image\" alt=\"\" \/><\/span>07006 \ud83d\udfe2 Alan Z\u00e1hora<\/a><\/td><td class=\"data-team\" data-label=\"T\u00fdm\"><a href=\"https:\/\/soccaczech.cz\/liga\/sport-team\/fc-pohoda-socca\/\">FC POHODA SOCCA<\/a><\/td><td class=\"data-goals\" data-label=\"G\u00f3ly\">0<\/td><td class=\"data-assists\" data-label=\"Asistence\">1<\/td><td class=\"data-yellowcards\" data-label=\"\u017dlut\u00e9 karty\">0<\/td><td class=\"data-redcards\" data-label=\"\u010cerven\u00e9 karty\">0<\/td><td class=\"data-appearances\" data-label=\"Po\u010det z\u00e1pas\u016f\">4<\/td><\/tr><tr class=\"even\"><td class=\"data-rank\" data-label=\"#\">134<\/td><td class=\"data-name has-photo\" data-label=\"Hr\u00e1\u010d\"><a href=\"https:\/\/soccaczech.cz\/liga\/player\/013001%f0%9f%9f%a0dmitrij-vasylcuk\/\"><span class=\"player-photo\"><img loading=\"lazy\" decoding=\"async\" width=\"245\" height=\"400\" src=\"https:\/\/soccaczech.cz\/liga\/wp-content\/uploads\/2026\/03\/010001\ud83d\udfe2-13-245x400.png\" class=\"attachment-sportspress-fit-icon size-sportspress-fit-icon wp-post-image\" alt=\"\" \/><\/span>013001\ud83d\udfe2DMITRIJ VASYL\u010cUK<\/a><\/td><td class=\"data-team\" data-label=\"T\u00fdm\"><a href=\"https:\/\/soccaczech.cz\/liga\/?post_type=page&amp;p=45434\">-<\/a><\/td><td class=\"data-goals\" data-label=\"G\u00f3ly\">0<\/td><td class=\"data-assists\" data-label=\"Asistence\">1<\/td><td class=\"data-yellowcards\" data-label=\"\u017dlut\u00e9 karty\">0<\/td><td class=\"data-redcards\" data-label=\"\u010cerven\u00e9 karty\">0<\/td><td class=\"data-appearances\" data-label=\"Po\u010det z\u00e1pas\u016f\">4<\/td><\/tr><tr class=\"odd\"><td class=\"data-rank\" data-label=\"#\">135<\/td><td class=\"data-name has-photo\" data-label=\"Hr\u00e1\u010d\"><a href=\"https:\/\/soccaczech.cz\/liga\/player\/013012%f0%9f%9f%a0vladyslav-pankevych\/\"><span class=\"player-photo\"><img loading=\"lazy\" decoding=\"async\" width=\"245\" height=\"400\" src=\"https:\/\/soccaczech.cz\/liga\/wp-content\/uploads\/2026\/03\/010001\ud83d\udfe2-26-245x400.png\" class=\"attachment-sportspress-fit-icon size-sportspress-fit-icon wp-post-image\" alt=\"\" \/><\/span>013012\ud83d\udfe2VLADYSLAV PANKEVYCH<\/a><\/td><td class=\"data-team\" data-label=\"T\u00fdm\"><a href=\"https:\/\/soccaczech.cz\/liga\/?post_type=page&amp;p=45434\">-<\/a><\/td><td class=\"data-goals\" data-label=\"G\u00f3ly\">0<\/td><td class=\"data-assists\" data-label=\"Asistence\">1<\/td><td class=\"data-yellowcards\" data-label=\"\u017dlut\u00e9 karty\">0<\/td><td class=\"data-redcards\" data-label=\"\u010cerven\u00e9 karty\">0<\/td><td class=\"data-appearances\" data-label=\"Po\u010det z\u00e1pas\u016f\">4<\/td><\/tr><tr class=\"even\"><td class=\"data-rank\" data-label=\"#\">136<\/td><td class=\"data-name has-photo\" data-label=\"Hr\u00e1\u010d\"><a href=\"https:\/\/soccaczech.cz\/liga\/player\/012003%f0%9f%9f%a0andriy-tryku\/\"><span class=\"player-photo\"><img loading=\"lazy\" decoding=\"async\" width=\"245\" height=\"400\" src=\"https:\/\/soccaczech.cz\/liga\/wp-content\/uploads\/2026\/03\/010001\ud83d\udfe2-3-245x400.png\" class=\"attachment-sportspress-fit-icon size-sportspress-fit-icon wp-post-image\" alt=\"\" \/><\/span>012003 \ud83d\udfe2 Andriy Trykur<\/a><\/td><td class=\"data-team\" data-label=\"T\u00fdm\"><a href=\"https:\/\/soccaczech.cz\/liga\/sport-team\/fc-donbass\/\">FC DONBASS<\/a><\/td><td class=\"data-goals\" data-label=\"G\u00f3ly\">0<\/td><td class=\"data-assists\" data-label=\"Asistence\">1<\/td><td class=\"data-yellowcards\" data-label=\"\u017dlut\u00e9 karty\">0<\/td><td class=\"data-redcards\" data-label=\"\u010cerven\u00e9 karty\">0<\/td><td class=\"data-appearances\" data-label=\"Po\u010det z\u00e1pas\u016f\">6<\/td><\/tr><tr class=\"odd\"><td class=\"data-rank\" data-label=\"#\">137<\/td><td class=\"data-name has-photo\" data-label=\"Hr\u00e1\u010d\"><a href=\"https:\/\/soccaczech.cz\/liga\/player\/015019%f0%9f%9f%a0sirbu-ion\/\"><span class=\"player-photo\"><img loading=\"lazy\" decoding=\"async\" width=\"320\" height=\"400\" src=\"https:\/\/soccaczech.cz\/liga\/wp-content\/uploads\/2026\/03\/WhatsApp-Image-2026-03-14-at-10.42.26-2-320x400.jpeg\" class=\"attachment-sportspress-fit-icon size-sportspress-fit-icon wp-post-image\" alt=\"\" \/><\/span>015019\ud83d\udfe2Sirbu Ion<\/a><\/td><td class=\"data-team\" data-label=\"T\u00fdm\"><a href=\"https:\/\/soccaczech.cz\/liga\/?post_type=page&amp;p=45434\">-<\/a><\/td><td class=\"data-goals\" data-label=\"G\u00f3ly\">0<\/td><td class=\"data-assists\" data-label=\"Asistence\">1<\/td><td class=\"data-yellowcards\" data-label=\"\u017dlut\u00e9 karty\">0<\/td><td class=\"data-redcards\" data-label=\"\u010cerven\u00e9 karty\">0<\/td><td class=\"data-appearances\" data-label=\"Po\u010det z\u00e1pas\u016f\">1<\/td><\/tr><tr class=\"even\"><td class=\"data-rank\" data-label=\"#\">138<\/td><td class=\"data-name has-photo\" data-label=\"Hr\u00e1\u010d\"><a href=\"https:\/\/soccaczech.cz\/liga\/player\/david-machacek\/\"><span class=\"player-photo\"><img loading=\"lazy\" decoding=\"async\" width=\"378\" height=\"400\" src=\"https:\/\/soccaczech.cz\/liga\/wp-content\/uploads\/2009\/05\/David-Machacek-378x400.png\" class=\"attachment-sportspress-fit-icon size-sportspress-fit-icon wp-post-image\" alt=\"\" \/><\/span>03034 \ud83d\udfe2 David Mach\u00e1\u010dek<\/a><\/td><td class=\"data-team\" data-label=\"T\u00fdm\"><a href=\"https:\/\/soccaczech.cz\/liga\/?post_type=page&amp;p=45434\">-<\/a><\/td><td class=\"data-goals\" data-label=\"G\u00f3ly\">0<\/td><td class=\"data-assists\" data-label=\"Asistence\">1<\/td><td class=\"data-yellowcards\" data-label=\"\u017dlut\u00e9 karty\">0<\/td><td class=\"data-redcards\" data-label=\"\u010cerven\u00e9 karty\">0<\/td><td class=\"data-appearances\" data-label=\"Po\u010det z\u00e1pas\u016f\">3<\/td><\/tr><tr class=\"odd\"><td class=\"data-rank\" data-label=\"#\">139<\/td><td class=\"data-name has-photo\" data-label=\"Hr\u00e1\u010d\"><a href=\"https:\/\/soccaczech.cz\/liga\/player\/07019%f0%9f%9f%a0jachym-kendik\/\"><span class=\"player-photo\"><img loading=\"lazy\" decoding=\"async\" width=\"355\" height=\"329\" src=\"https:\/\/soccaczech.cz\/liga\/wp-content\/uploads\/2026\/03\/Jachym-Kendik-8.9.2004.jpeg\" class=\"attachment-sportspress-fit-icon size-sportspress-fit-icon wp-post-image\" alt=\"\" \/><\/span>07019\ud83d\udfe2J\u00e1chym Kend\u00edk<\/a><\/td><td class=\"data-team\" data-label=\"T\u00fdm\"><a href=\"https:\/\/soccaczech.cz\/liga\/?post_type=page&amp;p=45434\">-<\/a><\/td><td class=\"data-goals\" data-label=\"G\u00f3ly\">0<\/td><td class=\"data-assists\" data-label=\"Asistence\">1<\/td><td class=\"data-yellowcards\" data-label=\"\u017dlut\u00e9 karty\">0<\/td><td class=\"data-redcards\" data-label=\"\u010cerven\u00e9 karty\">0<\/td><td class=\"data-appearances\" data-label=\"Po\u010det z\u00e1pas\u016f\">4<\/td><\/tr><tr class=\"even\"><td class=\"data-rank\" data-label=\"#\">140<\/td><td class=\"data-name has-photo\" data-label=\"Hr\u00e1\u010d\"><a href=\"https:\/\/soccaczech.cz\/liga\/player\/011005%f0%9f%9f%a2-vojtech-kosman\/\"><span class=\"player-photo\"><img loading=\"lazy\" decoding=\"async\" width=\"245\" height=\"400\" src=\"https:\/\/soccaczech.cz\/liga\/wp-content\/uploads\/2026\/02\/010001\ud83d\udfe2-35-245x400.png\" class=\"attachment-sportspress-fit-icon size-sportspress-fit-icon wp-post-image\" alt=\"\" \/><\/span>011005\ud83d\udfe2Vojt\u011bch Kosman<\/a><\/td><td class=\"data-team\" data-label=\"T\u00fdm\"><a href=\"https:\/\/soccaczech.cz\/liga\/sport-team\/sport-overtime-2\/\">SPORT OVERTIME<\/a><\/td><td class=\"data-goals\" data-label=\"G\u00f3ly\">0<\/td><td class=\"data-assists\" data-label=\"Asistence\">1<\/td><td class=\"data-yellowcards\" data-label=\"\u017dlut\u00e9 karty\">0<\/td><td class=\"data-redcards\" data-label=\"\u010cerven\u00e9 karty\">0<\/td><td class=\"data-appearances\" data-label=\"Po\u010det z\u00e1pas\u016f\">3<\/td><\/tr><tr class=\"odd\"><td class=\"data-rank\" data-label=\"#\">141<\/td><td class=\"data-name has-photo\" data-label=\"Hr\u00e1\u010d\"><a href=\"https:\/\/soccaczech.cz\/liga\/player\/013014%f0%9f%9f%a0ivan-kostiuk\/\"><span class=\"player-photo\"><img loading=\"lazy\" decoding=\"async\" width=\"245\" height=\"400\" src=\"https:\/\/soccaczech.cz\/liga\/wp-content\/uploads\/2007\/06\/010001\ud83d\udfe2-29-245x400.png\" class=\"attachment-sportspress-fit-icon size-sportspress-fit-icon wp-post-image\" alt=\"\" \/><\/span>013014\ud83d\udfe2IVAN KOSTIUK<\/a><\/td><td class=\"data-team\" data-label=\"T\u00fdm\"><a href=\"https:\/\/soccaczech.cz\/liga\/?post_type=page&amp;p=45434\">-<\/a><\/td><td class=\"data-goals\" data-label=\"G\u00f3ly\">0<\/td><td class=\"data-assists\" data-label=\"Asistence\">1<\/td><td class=\"data-yellowcards\" data-label=\"\u017dlut\u00e9 karty\">0<\/td><td class=\"data-redcards\" data-label=\"\u010cerven\u00e9 karty\">0<\/td><td class=\"data-appearances\" data-label=\"Po\u010det z\u00e1pas\u016f\">1<\/td><\/tr><tr class=\"even\"><td class=\"data-rank\" data-label=\"#\">142<\/td><td class=\"data-name has-photo\" data-label=\"Hr\u00e1\u010d\"><a href=\"https:\/\/soccaczech.cz\/liga\/player\/012010%f0%9f%9f%a0taras-hleba\/\"><span class=\"player-photo\"><img loading=\"lazy\" decoding=\"async\" width=\"245\" height=\"400\" src=\"https:\/\/soccaczech.cz\/liga\/wp-content\/uploads\/2026\/03\/010001\ud83d\udfe2-42-245x400.png\" class=\"attachment-sportspress-fit-icon size-sportspress-fit-icon wp-post-image\" alt=\"\" \/><\/span>012010\ud83d\udfe2Taras Hleba<\/a><\/td><td class=\"data-team\" data-label=\"T\u00fdm\"><a href=\"https:\/\/soccaczech.cz\/liga\/sport-team\/fc-donbass\/\">FC DONBASS<\/a><\/td><td class=\"data-goals\" data-label=\"G\u00f3ly\">0<\/td><td class=\"data-assists\" data-label=\"Asistence\">1<\/td><td class=\"data-yellowcards\" data-label=\"\u017dlut\u00e9 karty\">0<\/td><td class=\"data-redcards\" data-label=\"\u010cerven\u00e9 karty\">0<\/td><td class=\"data-appearances\" data-label=\"Po\u010det z\u00e1pas\u016f\">4<\/td><\/tr><tr class=\"odd\"><td class=\"data-rank\" data-label=\"#\">143<\/td><td class=\"data-name has-photo\" data-label=\"Hr\u00e1\u010d\"><a href=\"https:\/\/soccaczech.cz\/liga\/player\/015001%f0%9f%9f%a0andriy-yaroslavskyy-vd\/\"><span class=\"player-photo\"><img loading=\"lazy\" decoding=\"async\" width=\"344\" height=\"400\" src=\"https:\/\/soccaczech.cz\/liga\/wp-content\/uploads\/2026\/03\/unnamed-344x400.jpg\" class=\"attachment-sportspress-fit-icon size-sportspress-fit-icon wp-post-image\" alt=\"\" \/><\/span>015001\ud83d\udfe2Andriy Yaroslavskyy (VD)<\/a><\/td><td class=\"data-team\" data-label=\"T\u00fdm\"><a href=\"https:\/\/soccaczech.cz\/liga\/sport-team\/fc-trident\/\">FC TRIDENT<\/a><\/td><td class=\"data-goals\" data-label=\"G\u00f3ly\">0<\/td><td class=\"data-assists\" data-label=\"Asistence\">1<\/td><td class=\"data-yellowcards\" data-label=\"\u017dlut\u00e9 karty\">0<\/td><td class=\"data-redcards\" data-label=\"\u010cerven\u00e9 karty\">0<\/td><td class=\"data-appearances\" data-label=\"Po\u010det z\u00e1pas\u016f\">6<\/td><\/tr><tr class=\"even\"><td class=\"data-rank\" data-label=\"#\">144<\/td><td class=\"data-name has-photo\" data-label=\"Hr\u00e1\u010d\"><a href=\"https:\/\/soccaczech.cz\/liga\/player\/adam-vondracek\/\"><span class=\"player-photo\"><img loading=\"lazy\" decoding=\"async\" width=\"305\" height=\"400\" src=\"https:\/\/soccaczech.cz\/liga\/wp-content\/uploads\/2000\/02\/IMG_2797-305x400.jpeg\" class=\"attachment-sportspress-fit-icon size-sportspress-fit-icon wp-post-image\" alt=\"\" \/><\/span>01012 \ud83d\udfe2 Adam Vondr\u00e1\u010dek<\/a><\/td><td class=\"data-team\" data-label=\"T\u00fdm\"><a href=\"https:\/\/soccaczech.cz\/liga\/sport-team\/mc-sarmat\/\">MC SARMAT<\/a><\/td><td class=\"data-goals\" data-label=\"G\u00f3ly\">0<\/td><td class=\"data-assists\" data-label=\"Asistence\">1<\/td><td class=\"data-yellowcards\" data-label=\"\u017dlut\u00e9 karty\">0<\/td><td class=\"data-redcards\" data-label=\"\u010cerven\u00e9 karty\">0<\/td><td class=\"data-appearances\" data-label=\"Po\u010det z\u00e1pas\u016f\">5<\/td><\/tr><tr class=\"odd\"><td class=\"data-rank\" data-label=\"#\">145<\/td><td class=\"data-name has-photo\" data-label=\"Hr\u00e1\u010d\"><a href=\"https:\/\/soccaczech.cz\/liga\/player\/filip-havrda\/\"><span class=\"player-photo\"><img loading=\"lazy\" decoding=\"async\" width=\"268\" height=\"400\" src=\"https:\/\/soccaczech.cz\/liga\/wp-content\/uploads\/2000\/01\/IMG_2916-268x400.png\" class=\"attachment-sportspress-fit-icon size-sportspress-fit-icon wp-post-image\" alt=\"\" \/><\/span>01013 \ud83d\udfe2 Filip Havrda<\/a><\/td><td class=\"data-team\" data-label=\"T\u00fdm\"><a href=\"https:\/\/soccaczech.cz\/liga\/sport-team\/mc-sarmat\/\">MC SARMAT<\/a><\/td><td class=\"data-goals\" data-label=\"G\u00f3ly\">0<\/td><td class=\"data-assists\" data-label=\"Asistence\">0<\/td><td class=\"data-yellowcards\" data-label=\"\u017dlut\u00e9 karty\">0<\/td><td class=\"data-redcards\" data-label=\"\u010cerven\u00e9 karty\">0<\/td><td class=\"data-appearances\" data-label=\"Po\u010det z\u00e1pas\u016f\">0<\/td><\/tr><tr class=\"even\"><td class=\"data-rank\" data-label=\"#\">146<\/td><td class=\"data-name has-photo\" data-label=\"Hr\u00e1\u010d\"><a href=\"https:\/\/soccaczech.cz\/liga\/player\/matej-paprciak\/\"><span class=\"player-photo\"><img loading=\"lazy\" decoding=\"async\" width=\"370\" height=\"400\" src=\"https:\/\/soccaczech.cz\/liga\/wp-content\/uploads\/1991\/05\/Pozadi-obrazku-\u201eIMG_2279-bylo-odstraneno-e1767366015210-370x400.png\" class=\"attachment-sportspress-fit-icon size-sportspress-fit-icon wp-post-image\" alt=\"\" \/><\/span>06009 \ud83d\udfe2 Mat\u011bj Papr\u010diak<\/a><\/td><td class=\"data-team\" data-label=\"T\u00fdm\"><a href=\"https:\/\/soccaczech.cz\/liga\/sport-team\/spartasocca\/\">SPARTA SOCCA<\/a><\/td><td class=\"data-goals\" data-label=\"G\u00f3ly\">0<\/td><td class=\"data-assists\" data-label=\"Asistence\">0<\/td><td class=\"data-yellowcards\" data-label=\"\u017dlut\u00e9 karty\">0<\/td><td class=\"data-redcards\" data-label=\"\u010cerven\u00e9 karty\">0<\/td><td class=\"data-appearances\" data-label=\"Po\u010det z\u00e1pas\u016f\">0<\/td><\/tr><tr class=\"odd\"><td class=\"data-rank\" data-label=\"#\">147<\/td><td class=\"data-name has-photo\" data-label=\"Hr\u00e1\u010d\"><a href=\"https:\/\/soccaczech.cz\/liga\/player\/eduard-yuhas\/\"><span class=\"player-photo\"><img loading=\"lazy\" decoding=\"async\" width=\"315\" height=\"400\" src=\"https:\/\/soccaczech.cz\/liga\/wp-content\/uploads\/1990\/02\/IMG_3145-315x400.png\" class=\"attachment-sportspress-fit-icon size-sportspress-fit-icon wp-post-image\" alt=\"\" \/><\/span>02001 \ud83d\udfe2 Eduard Yuhas (VD)<\/a><\/td><td class=\"data-team\" data-label=\"T\u00fdm\"><a href=\"https:\/\/soccaczech.cz\/liga\/sport-team\/fc-andezit\/\">FC ANDEZIT<\/a><\/td><td class=\"data-goals\" data-label=\"G\u00f3ly\">0<\/td><td class=\"data-assists\" data-label=\"Asistence\">0<\/td><td class=\"data-yellowcards\" data-label=\"\u017dlut\u00e9 karty\">0<\/td><td class=\"data-redcards\" data-label=\"\u010cerven\u00e9 karty\">0<\/td><td class=\"data-appearances\" data-label=\"Po\u010det z\u00e1pas\u016f\">6<\/td><\/tr><tr class=\"even\"><td class=\"data-rank\" data-label=\"#\">148<\/td><td class=\"data-name has-photo\" data-label=\"Hr\u00e1\u010d\"><a href=\"https:\/\/soccaczech.cz\/liga\/player\/vladyslav-chaika\/\"><span class=\"player-photo\"><img loading=\"lazy\" decoding=\"async\" width=\"300\" height=\"400\" src=\"https:\/\/soccaczech.cz\/liga\/wp-content\/uploads\/2008\/03\/Vladyslav-Chaika-300x400.png\" class=\"attachment-sportspress-fit-icon size-sportspress-fit-icon wp-post-image\" alt=\"\" \/><\/span>04003 \ud83d\udfe2 Vladyslav Chaika<\/a><\/td><td class=\"data-team\" data-label=\"T\u00fdm\"><a href=\"https:\/\/soccaczech.cz\/liga\/sport-team\/vism-football\/\">VISM FOOTBALL<\/a><\/td><td class=\"data-goals\" data-label=\"G\u00f3ly\">0<\/td><td class=\"data-assists\" data-label=\"Asistence\">0<\/td><td class=\"data-yellowcards\" data-label=\"\u017dlut\u00e9 karty\">0<\/td><td class=\"data-redcards\" data-label=\"\u010cerven\u00e9 karty\">0<\/td><td class=\"data-appearances\" data-label=\"Po\u010det z\u00e1pas\u016f\">4<\/td><\/tr><tr class=\"odd\"><td class=\"data-rank\" data-label=\"#\">149<\/td><td class=\"data-name has-photo\" data-label=\"Hr\u00e1\u010d\"><a href=\"https:\/\/soccaczech.cz\/liga\/player\/krystof-winter-2\/\"><span class=\"player-photo\"><img loading=\"lazy\" decoding=\"async\" width=\"371\" height=\"400\" src=\"https:\/\/soccaczech.cz\/liga\/wp-content\/uploads\/2006\/06\/unnamed-4-371x400.png\" class=\"attachment-sportspress-fit-icon size-sportspress-fit-icon wp-post-image\" alt=\"\" \/><\/span>06035 \ud83d\udfe2 Kry\u0161tof Winter<\/a><\/td><td class=\"data-team\" data-label=\"T\u00fdm\"><a href=\"https:\/\/soccaczech.cz\/liga\/sport-team\/spartasocca\/\">SPARTA SOCCA<\/a><\/td><td class=\"data-goals\" data-label=\"G\u00f3ly\">0<\/td><td class=\"data-assists\" data-label=\"Asistence\">0<\/td><td class=\"data-yellowcards\" data-label=\"\u017dlut\u00e9 karty\">0<\/td><td class=\"data-redcards\" data-label=\"\u010cerven\u00e9 karty\">0<\/td><td class=\"data-appearances\" data-label=\"Po\u010det z\u00e1pas\u016f\">0<\/td><\/tr><tr class=\"even\"><td class=\"data-rank\" data-label=\"#\">150<\/td><td class=\"data-name has-photo\" data-label=\"Hr\u00e1\u010d\"><a href=\"https:\/\/soccaczech.cz\/liga\/player\/daniel-stiven-sanchez-rodriguez\/\"><span class=\"player-photo\"><img loading=\"lazy\" decoding=\"async\" width=\"400\" height=\"398\" src=\"https:\/\/soccaczech.cz\/liga\/wp-content\/uploads\/1997\/06\/IMG_6193-400x398.jpg\" class=\"attachment-sportspress-fit-icon size-sportspress-fit-icon wp-post-image\" alt=\"\" \/><\/span>06049 \ud83d\udfe2 Daniel Stiven Sanchez Rodriguez<\/a><\/td><td class=\"data-team\" data-label=\"T\u00fdm\"><a href=\"https:\/\/soccaczech.cz\/liga\/sport-team\/spartasocca\/\">SPARTA SOCCA<\/a><\/td><td class=\"data-goals\" data-label=\"G\u00f3ly\">0<\/td><td class=\"data-assists\" data-label=\"Asistence\">0<\/td><td class=\"data-yellowcards\" data-label=\"\u017dlut\u00e9 karty\">0<\/td><td class=\"data-redcards\" data-label=\"\u010cerven\u00e9 karty\">0<\/td><td class=\"data-appearances\" data-label=\"Po\u010det z\u00e1pas\u016f\">0<\/td><\/tr><tr class=\"odd\"><td class=\"data-rank\" data-label=\"#\">151<\/td><td class=\"data-name has-photo\" data-label=\"Hr\u00e1\u010d\"><a href=\"https:\/\/soccaczech.cz\/liga\/player\/011010%f0%9f%9f%a2-nikita-pchelovodov\/\"><span class=\"player-photo\"><img loading=\"lazy\" decoding=\"async\" width=\"245\" height=\"400\" src=\"https:\/\/soccaczech.cz\/liga\/wp-content\/uploads\/2026\/02\/010001\ud83d\udfe2-42-245x400.png\" class=\"attachment-sportspress-fit-icon size-sportspress-fit-icon wp-post-image\" alt=\"\" \/><\/span>011010\ud83d\udfe0 Nikita Pchelovodov<\/a><\/td><td class=\"data-team\" data-label=\"T\u00fdm\"><a href=\"https:\/\/soccaczech.cz\/liga\/sport-team\/sport-overtime-2\/\">SPORT OVERTIME<\/a><\/td><td class=\"data-goals\" data-label=\"G\u00f3ly\">0<\/td><td class=\"data-assists\" data-label=\"Asistence\">0<\/td><td class=\"data-yellowcards\" data-label=\"\u017dlut\u00e9 karty\">0<\/td><td class=\"data-redcards\" data-label=\"\u010cerven\u00e9 karty\">0<\/td><td class=\"data-appearances\" data-label=\"Po\u010det z\u00e1pas\u016f\">0<\/td><\/tr><tr class=\"even\"><td class=\"data-rank\" data-label=\"#\">152<\/td><td class=\"data-name has-photo\" data-label=\"Hr\u00e1\u010d\"><a href=\"https:\/\/soccaczech.cz\/liga\/player\/013017%f0%9f%9f%a0andrii-novoshytskyi\/\"><span class=\"player-photo\"><img loading=\"lazy\" decoding=\"async\" width=\"245\" height=\"400\" src=\"https:\/\/soccaczech.cz\/liga\/wp-content\/uploads\/2026\/03\/010001\ud83d\udfe2-32-245x400.png\" class=\"attachment-sportspress-fit-icon size-sportspress-fit-icon wp-post-image\" alt=\"\" \/><\/span>013017\ud83d\udfe2ANDRII NOVOSHYTSKYI<\/a><\/td><td class=\"data-team\" data-label=\"T\u00fdm\"><a href=\"https:\/\/soccaczech.cz\/liga\/?post_type=page&amp;p=45434\">-<\/a><\/td><td class=\"data-goals\" data-label=\"G\u00f3ly\">0<\/td><td class=\"data-assists\" data-label=\"Asistence\">0<\/td><td class=\"data-yellowcards\" data-label=\"\u017dlut\u00e9 karty\">1<\/td><td class=\"data-redcards\" data-label=\"\u010cerven\u00e9 karty\">0<\/td><td class=\"data-appearances\" data-label=\"Po\u010det z\u00e1pas\u016f\">6<\/td><\/tr><tr class=\"odd\"><td class=\"data-rank\" data-label=\"#\">153<\/td><td class=\"data-name has-photo\" data-label=\"Hr\u00e1\u010d\"><a href=\"https:\/\/soccaczech.cz\/liga\/player\/011015%f0%9f%9f%a0-frantisek-pavlicek\/\"><span class=\"player-photo\"><img loading=\"lazy\" decoding=\"async\" width=\"225\" height=\"400\" src=\"https:\/\/soccaczech.cz\/liga\/wp-content\/uploads\/2026\/03\/15987381-a64c-4dc8-a21d-46e9bb01f08e-225x400.jpeg\" class=\"attachment-sportspress-fit-icon size-sportspress-fit-icon wp-post-image\" alt=\"\" \/><\/span>011015\ud83d\udfe2 Franti\u0161ek Pavl\u00ed\u010dek<\/a><\/td><td class=\"data-team\" data-label=\"T\u00fdm\"><a href=\"https:\/\/soccaczech.cz\/liga\/sport-team\/sport-overtime-2\/\">SPORT OVERTIME<\/a><\/td><td class=\"data-goals\" data-label=\"G\u00f3ly\">0<\/td><td class=\"data-assists\" data-label=\"Asistence\">0<\/td><td class=\"data-yellowcards\" data-label=\"\u017dlut\u00e9 karty\">0<\/td><td class=\"data-redcards\" data-label=\"\u010cerven\u00e9 karty\">0<\/td><td class=\"data-appearances\" data-label=\"Po\u010det z\u00e1pas\u016f\">1<\/td><\/tr><tr class=\"even\"><td class=\"data-rank\" data-label=\"#\">154<\/td><td class=\"data-name has-photo\" data-label=\"Hr\u00e1\u010d\"><a href=\"https:\/\/soccaczech.cz\/liga\/player\/09022%f0%9f%9f%a0maksym-bilyi\/\"><span class=\"player-photo\"><img loading=\"lazy\" decoding=\"async\" width=\"400\" height=\"368\" src=\"https:\/\/soccaczech.cz\/liga\/wp-content\/uploads\/2026\/03\/WhatsApp-Image-2026-03-14-at-11.10.07-400x368.jpeg\" class=\"attachment-sportspress-fit-icon size-sportspress-fit-icon wp-post-image\" alt=\"\" \/><\/span>09022\ud83d\udfe2 Maksym Bilyi<\/a><\/td><td class=\"data-team\" data-label=\"T\u00fdm\"><a href=\"https:\/\/soccaczech.cz\/liga\/?post_type=page&amp;p=45434\">-<\/a><\/td><td class=\"data-goals\" data-label=\"G\u00f3ly\">0<\/td><td class=\"data-assists\" data-label=\"Asistence\">0<\/td><td class=\"data-yellowcards\" data-label=\"\u017dlut\u00e9 karty\">0<\/td><td class=\"data-redcards\" data-label=\"\u010cerven\u00e9 karty\">0<\/td><td class=\"data-appearances\" data-label=\"Po\u010det z\u00e1pas\u016f\">1<\/td><\/tr><tr class=\"odd\"><td class=\"data-rank\" data-label=\"#\">155<\/td><td class=\"data-name has-photo\" data-label=\"Hr\u00e1\u010d\"><a href=\"https:\/\/soccaczech.cz\/liga\/player\/filip-vavrousek\/\"><span class=\"player-photo\"><img loading=\"lazy\" decoding=\"async\" width=\"400\" height=\"364\" src=\"https:\/\/soccaczech.cz\/liga\/wp-content\/uploads\/2004\/12\/IMG_2906-400x364.png\" class=\"attachment-sportspress-fit-icon size-sportspress-fit-icon wp-post-image\" alt=\"\" \/><\/span>06020 \ud83d\udfe0 Filip Vavrou\u0161ek<\/a><\/td><td class=\"data-team\" data-label=\"T\u00fdm\"><a href=\"https:\/\/soccaczech.cz\/liga\/sport-team\/spartasocca\/\">SPARTA SOCCA<\/a><\/td><td class=\"data-goals\" data-label=\"G\u00f3ly\">0<\/td><td class=\"data-assists\" data-label=\"Asistence\">0<\/td><td class=\"data-yellowcards\" data-label=\"\u017dlut\u00e9 karty\">0<\/td><td class=\"data-redcards\" data-label=\"\u010cerven\u00e9 karty\">0<\/td><td class=\"data-appearances\" data-label=\"Po\u010det z\u00e1pas\u016f\">0<\/td><\/tr><tr class=\"even\"><td class=\"data-rank\" data-label=\"#\">156<\/td><td class=\"data-name has-photo\" data-label=\"Hr\u00e1\u010d\"><a href=\"https:\/\/soccaczech.cz\/liga\/player\/vitalii-bukhvak\/\"><span class=\"player-photo\"><img loading=\"lazy\" decoding=\"async\" width=\"304\" height=\"400\" src=\"https:\/\/soccaczech.cz\/liga\/wp-content\/uploads\/1993\/09\/IMG_3079-304x400.png\" class=\"attachment-sportspress-fit-icon size-sportspress-fit-icon wp-post-image\" alt=\"\" \/><\/span>02013 \ud83d\udfe2 Vitaliy Bukhvak<\/a><\/td><td class=\"data-team\" data-label=\"T\u00fdm\"><a href=\"https:\/\/soccaczech.cz\/liga\/sport-team\/fc-andezit\/\">FC ANDEZIT<\/a><\/td><td class=\"data-goals\" data-label=\"G\u00f3ly\">0<\/td><td class=\"data-assists\" data-label=\"Asistence\">0<\/td><td class=\"data-yellowcards\" data-label=\"\u017dlut\u00e9 karty\">0<\/td><td class=\"data-redcards\" data-label=\"\u010cerven\u00e9 karty\">0<\/td><td class=\"data-appearances\" data-label=\"Po\u010det z\u00e1pas\u016f\">4<\/td><\/tr><tr class=\"odd\"><td class=\"data-rank\" data-label=\"#\">157<\/td><td class=\"data-name has-photo\" data-label=\"Hr\u00e1\u010d\"><a href=\"https:\/\/soccaczech.cz\/liga\/player\/matej-skoda\/\"><span class=\"player-photo\"><img loading=\"lazy\" decoding=\"async\" width=\"400\" height=\"400\" src=\"https:\/\/soccaczech.cz\/liga\/wp-content\/uploads\/2001\/11\/9F3E3366-5539-48F4-847C-F2F96D36E026-400x400.png\" class=\"attachment-sportspress-fit-icon size-sportspress-fit-icon wp-post-image\" alt=\"\" \/><\/span>06039 \ud83d\udfe2 Mat\u011bj \u0160koda<\/a><\/td><td class=\"data-team\" data-label=\"T\u00fdm\"><a href=\"https:\/\/soccaczech.cz\/liga\/sport-team\/spartasocca\/\">SPARTA SOCCA<\/a><\/td><td class=\"data-goals\" data-label=\"G\u00f3ly\">0<\/td><td class=\"data-assists\" data-label=\"Asistence\">0<\/td><td class=\"data-yellowcards\" data-label=\"\u017dlut\u00e9 karty\">0<\/td><td class=\"data-redcards\" data-label=\"\u010cerven\u00e9 karty\">0<\/td><td class=\"data-appearances\" data-label=\"Po\u010det z\u00e1pas\u016f\">0<\/td><\/tr><tr class=\"even\"><td class=\"data-rank\" data-label=\"#\">158<\/td><td class=\"data-name has-photo\" data-label=\"Hr\u00e1\u010d\"><a href=\"https:\/\/soccaczech.cz\/liga\/player\/07001-%f0%9f%9f%a0-daniel-bansky\/\"><span class=\"player-photo\"><img loading=\"lazy\" decoding=\"async\" width=\"306\" height=\"400\" src=\"https:\/\/soccaczech.cz\/liga\/wp-content\/uploads\/2004\/08\/VD-Daniel-Bansky-12.2.2004-306x400.png\" class=\"attachment-sportspress-fit-icon size-sportspress-fit-icon wp-post-image\" alt=\"\" \/><\/span>07001 \ud83d\udfe2 Daniel B\u00e1nsk\u00fd (VD)<\/a><\/td><td class=\"data-team\" data-label=\"T\u00fdm\"><a href=\"https:\/\/soccaczech.cz\/liga\/?post_type=page&amp;p=45434\">-<\/a><\/td><td class=\"data-goals\" data-label=\"G\u00f3ly\">0<\/td><td class=\"data-assists\" data-label=\"Asistence\">0<\/td><td class=\"data-yellowcards\" data-label=\"\u017dlut\u00e9 karty\">0<\/td><td class=\"data-redcards\" data-label=\"\u010cerven\u00e9 karty\">0<\/td><td class=\"data-appearances\" data-label=\"Po\u010det z\u00e1pas\u016f\">5<\/td><\/tr><tr class=\"odd\"><td class=\"data-rank\" data-label=\"#\">159<\/td><td class=\"data-name has-photo\" data-label=\"Hr\u00e1\u010d\"><a href=\"https:\/\/soccaczech.cz\/liga\/player\/010006%f0%9f%9f%a2pidhurskyi-vasyl\/\"><span class=\"player-photo\"><img loading=\"lazy\" decoding=\"async\" width=\"245\" height=\"400\" src=\"https:\/\/soccaczech.cz\/liga\/wp-content\/uploads\/2026\/02\/010001\ud83d\udfe2-14-245x400.png\" class=\"attachment-sportspress-fit-icon size-sportspress-fit-icon wp-post-image\" alt=\"\" \/><\/span>010004\ud83d\udfe2Vasyl Pidhurskyi<\/a><\/td><td class=\"data-team\" data-label=\"T\u00fdm\"><a href=\"https:\/\/soccaczech.cz\/liga\/sport-team\/fc-pidhorodtsi\/\">FC PIDHORODTSI<\/a><\/td><td class=\"data-goals\" data-label=\"G\u00f3ly\">0<\/td><td class=\"data-assists\" data-label=\"Asistence\">0<\/td><td class=\"data-yellowcards\" data-label=\"\u017dlut\u00e9 karty\">0<\/td><td class=\"data-redcards\" data-label=\"\u010cerven\u00e9 karty\">0<\/td><td class=\"data-appearances\" data-label=\"Po\u010det z\u00e1pas\u016f\">1<\/td><\/tr><tr class=\"even\"><td class=\"data-rank\" data-label=\"#\">160<\/td><td class=\"data-name has-photo\" data-label=\"Hr\u00e1\u010d\"><a href=\"https:\/\/soccaczech.cz\/liga\/player\/05026-%f0%9f%9f%a0oleh-udut\/\"><span class=\"player-photo\"><img loading=\"lazy\" decoding=\"async\" width=\"245\" height=\"400\" src=\"https:\/\/soccaczech.cz\/liga\/wp-content\/uploads\/2026\/03\/010001\ud83d\udfe2-9-245x400.png\" class=\"attachment-sportspress-fit-icon size-sportspress-fit-icon wp-post-image\" alt=\"\" \/><\/span>05026 \ud83d\udfe2Oleh Udut<\/a><\/td><td class=\"data-team\" data-label=\"T\u00fdm\"><a href=\"https:\/\/soccaczech.cz\/liga\/?post_type=page&amp;p=45434\">-<\/a><\/td><td class=\"data-goals\" data-label=\"G\u00f3ly\">0<\/td><td class=\"data-assists\" data-label=\"Asistence\">0<\/td><td class=\"data-yellowcards\" data-label=\"\u017dlut\u00e9 karty\">0<\/td><td class=\"data-redcards\" data-label=\"\u010cerven\u00e9 karty\">0<\/td><td class=\"data-appearances\" data-label=\"Po\u010det z\u00e1pas\u016f\">4<\/td><\/tr><tr class=\"odd\"><td class=\"data-rank\" data-label=\"#\">161<\/td><td class=\"data-name has-photo\" data-label=\"Hr\u00e1\u010d\"><a href=\"https:\/\/soccaczech.cz\/liga\/player\/012013%f0%9f%9f%a0yevhen-hoian\/\"><span class=\"player-photo\"><img loading=\"lazy\" decoding=\"async\" width=\"267\" height=\"400\" src=\"https:\/\/soccaczech.cz\/liga\/wp-content\/uploads\/2026\/03\/yevhen-267x400.png\" class=\"attachment-sportspress-fit-icon size-sportspress-fit-icon wp-post-image\" alt=\"\" \/><\/span>012013\ud83d\udfe0Yevhen Hoian<\/a><\/td><td class=\"data-team\" data-label=\"T\u00fdm\"><a href=\"https:\/\/soccaczech.cz\/liga\/sport-team\/fc-donbass\/\">FC DONBASS<\/a><\/td><td class=\"data-goals\" data-label=\"G\u00f3ly\">0<\/td><td class=\"data-assists\" data-label=\"Asistence\">0<\/td><td class=\"data-yellowcards\" data-label=\"\u017dlut\u00e9 karty\">0<\/td><td class=\"data-redcards\" data-label=\"\u010cerven\u00e9 karty\">0<\/td><td class=\"data-appearances\" data-label=\"Po\u010det z\u00e1pas\u016f\">1<\/td><\/tr><tr class=\"even\"><td class=\"data-rank\" data-label=\"#\">162<\/td><td class=\"data-name has-photo\" data-label=\"Hr\u00e1\u010d\"><a href=\"https:\/\/soccaczech.cz\/liga\/player\/stanislav-haluska\/\"><span class=\"player-photo\"><img loading=\"lazy\" decoding=\"async\" width=\"279\" height=\"400\" src=\"https:\/\/soccaczech.cz\/liga\/wp-content\/uploads\/2025\/08\/Stanislav-Haluska-279x400.png\" class=\"attachment-sportspress-fit-icon size-sportspress-fit-icon wp-post-image\" alt=\"\" \/><\/span>03015 \ud83d\udfe0 Stanislav Halu\u0161ka<\/a><\/td><td class=\"data-team\" data-label=\"T\u00fdm\"><a href=\"https:\/\/soccaczech.cz\/liga\/sport-team\/g-i-c-la-plate\/\">G.I.C. LA PLATE<\/a><\/td><td class=\"data-goals\" data-label=\"G\u00f3ly\">0<\/td><td class=\"data-assists\" data-label=\"Asistence\">0<\/td><td class=\"data-yellowcards\" data-label=\"\u017dlut\u00e9 karty\">0<\/td><td class=\"data-redcards\" data-label=\"\u010cerven\u00e9 karty\">0<\/td><td class=\"data-appearances\" data-label=\"Po\u010det z\u00e1pas\u016f\">0<\/td><\/tr><tr class=\"odd\"><td class=\"data-rank\" data-label=\"#\">163<\/td><td class=\"data-name has-photo\" data-label=\"Hr\u00e1\u010d\"><a href=\"https:\/\/soccaczech.cz\/liga\/player\/viktor-bihun\/\"><span class=\"player-photo\"><img loading=\"lazy\" decoding=\"async\" width=\"391\" height=\"400\" src=\"https:\/\/soccaczech.cz\/liga\/wp-content\/uploads\/1998\/09\/IMG_2944-391x400.png\" class=\"attachment-sportspress-fit-icon size-sportspress-fit-icon wp-post-image\" alt=\"\" \/><\/span>05011 \ud83d\udfe2 Viktor Bihun<\/a><\/td><td class=\"data-team\" data-label=\"T\u00fdm\"><a href=\"https:\/\/soccaczech.cz\/liga\/sport-team\/mlady-a-perspektivni\/\">MLAD\u00dd A PERSPEKTIVN\u00cd<\/a><\/td><td class=\"data-goals\" data-label=\"G\u00f3ly\">0<\/td><td class=\"data-assists\" data-label=\"Asistence\">0<\/td><td class=\"data-yellowcards\" data-label=\"\u017dlut\u00e9 karty\">0<\/td><td class=\"data-redcards\" data-label=\"\u010cerven\u00e9 karty\">0<\/td><td class=\"data-appearances\" data-label=\"Po\u010det z\u00e1pas\u016f\">0<\/td><\/tr><tr class=\"even\"><td class=\"data-rank\" data-label=\"#\">164<\/td><td class=\"data-name has-photo\" data-label=\"Hr\u00e1\u010d\"><a href=\"https:\/\/soccaczech.cz\/liga\/player\/vitalii-melnyk-vd\/\"><span class=\"player-photo\"><img loading=\"lazy\" decoding=\"async\" width=\"252\" height=\"342\" src=\"https:\/\/soccaczech.cz\/liga\/wp-content\/uploads\/1986\/12\/unnamed.jpg\" class=\"attachment-sportspress-fit-icon size-sportspress-fit-icon wp-post-image\" alt=\"\" \/><\/span>02022 \ud83d\udfe2 Vitalii Melnyk (VD)<\/a><\/td><td class=\"data-team\" data-label=\"T\u00fdm\"><a href=\"https:\/\/soccaczech.cz\/liga\/sport-team\/fc-andezit\/\">FC ANDEZIT<\/a><\/td><td class=\"data-goals\" data-label=\"G\u00f3ly\">0<\/td><td class=\"data-assists\" data-label=\"Asistence\">0<\/td><td class=\"data-yellowcards\" data-label=\"\u017dlut\u00e9 karty\">0<\/td><td class=\"data-redcards\" data-label=\"\u010cerven\u00e9 karty\">0<\/td><td class=\"data-appearances\" data-label=\"Po\u010det z\u00e1pas\u016f\">7<\/td><\/tr><tr class=\"odd\"><td class=\"data-rank\" data-label=\"#\">165<\/td><td class=\"data-name has-photo\" data-label=\"Hr\u00e1\u010d\"><a href=\"https:\/\/soccaczech.cz\/liga\/player\/dominik-smialkowski\/\"><span class=\"player-photo\"><img loading=\"lazy\" decoding=\"async\" width=\"264\" height=\"350\" src=\"https:\/\/soccaczech.cz\/liga\/wp-content\/uploads\/2004\/12\/Dominik-Smialkowski-1.png\" class=\"attachment-sportspress-fit-icon size-sportspress-fit-icon wp-post-image\" alt=\"\" \/><\/span>02028 \ud83d\udfe2 Dominik \u015amialkowski<\/a><\/td><td class=\"data-team\" data-label=\"T\u00fdm\"><a href=\"https:\/\/soccaczech.cz\/liga\/sport-team\/fc-andezit\/\">FC ANDEZIT<\/a><\/td><td class=\"data-goals\" data-label=\"G\u00f3ly\">0<\/td><td class=\"data-assists\" data-label=\"Asistence\">0<\/td><td class=\"data-yellowcards\" data-label=\"\u017dlut\u00e9 karty\">0<\/td><td class=\"data-redcards\" data-label=\"\u010cerven\u00e9 karty\">0<\/td><td class=\"data-appearances\" data-label=\"Po\u010det z\u00e1pas\u016f\">0<\/td><\/tr><tr class=\"even\"><td class=\"data-rank\" data-label=\"#\">166<\/td><td class=\"data-name has-photo\" data-label=\"Hr\u00e1\u010d\"><a href=\"https:\/\/soccaczech.cz\/liga\/player\/jaromir-riha\/\"><span class=\"player-photo\"><img loading=\"lazy\" decoding=\"async\" width=\"245\" height=\"400\" src=\"https:\/\/soccaczech.cz\/liga\/wp-content\/uploads\/2001\/11\/JaromirRiha-245x400.png\" class=\"attachment-sportspress-fit-icon size-sportspress-fit-icon wp-post-image\" alt=\"\" \/><\/span>06042 \ud83d\udfe2 Jarom\u00edr \u0158\u00edha<\/a><\/td><td class=\"data-team\" data-label=\"T\u00fdm\"><a href=\"https:\/\/soccaczech.cz\/liga\/sport-team\/spartasocca\/\">SPARTA SOCCA<\/a><\/td><td class=\"data-goals\" data-label=\"G\u00f3ly\">0<\/td><td class=\"data-assists\" data-label=\"Asistence\">0<\/td><td class=\"data-yellowcards\" data-label=\"\u017dlut\u00e9 karty\">0<\/td><td class=\"data-redcards\" data-label=\"\u010cerven\u00e9 karty\">0<\/td><td class=\"data-appearances\" data-label=\"Po\u010det z\u00e1pas\u016f\">0<\/td><\/tr><tr class=\"odd\"><td class=\"data-rank\" data-label=\"#\">167<\/td><td class=\"data-name has-photo\" data-label=\"Hr\u00e1\u010d\"><a href=\"https:\/\/soccaczech.cz\/liga\/player\/09013-%f0%9f%9f%a0-pidsudok-oleg\/\"><span class=\"player-photo\"><img loading=\"lazy\" decoding=\"async\" width=\"366\" height=\"400\" src=\"https:\/\/soccaczech.cz\/liga\/wp-content\/uploads\/2026\/02\/Pidsudok-Oleg-366x400.png\" class=\"attachment-sportspress-fit-icon size-sportspress-fit-icon wp-post-image\" alt=\"\" \/><\/span>09013 \ud83d\udfe2 Oleg Pidsudok<\/a><\/td><td class=\"data-team\" data-label=\"T\u00fdm\"><a href=\"https:\/\/soccaczech.cz\/liga\/?post_type=page&amp;p=45434\">-<\/a><\/td><td class=\"data-goals\" data-label=\"G\u00f3ly\">0<\/td><td class=\"data-assists\" data-label=\"Asistence\">0<\/td><td class=\"data-yellowcards\" data-label=\"\u017dlut\u00e9 karty\">0<\/td><td class=\"data-redcards\" data-label=\"\u010cerven\u00e9 karty\">0<\/td><td class=\"data-appearances\" data-label=\"Po\u010det z\u00e1pas\u016f\">6<\/td><\/tr><tr class=\"even\"><td class=\"data-rank\" data-label=\"#\">168<\/td><td class=\"data-name\" data-label=\"Hr\u00e1\u010d\"><a href=\"https:\/\/soccaczech.cz\/liga\/player\/07025-%f0%9f%9f%a2-roman-matejicek\/\">07025 \ud83d\udfe2 Roman Mat\u011bj\u00ed\u010dek<\/a><\/td><td class=\"data-team\" data-label=\"T\u00fdm\"><a href=\"https:\/\/soccaczech.cz\/liga\/sport-team\/fc-pohoda-socca\/\">FC POHODA SOCCA<\/a><\/td><td class=\"data-goals\" data-label=\"G\u00f3ly\">0<\/td><td class=\"data-assists\" data-label=\"Asistence\">0<\/td><td class=\"data-yellowcards\" data-label=\"\u017dlut\u00e9 karty\">0<\/td><td class=\"data-redcards\" data-label=\"\u010cerven\u00e9 karty\">0<\/td><td class=\"data-appearances\" data-label=\"Po\u010det z\u00e1pas\u016f\">0<\/td><\/tr><tr class=\"odd\"><td class=\"data-rank\" data-label=\"#\">169<\/td><td class=\"data-name\" data-label=\"Hr\u00e1\u010d\"><a href=\"https:\/\/soccaczech.cz\/liga\/player\/07014-%f0%9f%9f%a0-filip-bures\/\">07015 \ud83d\udfe0 Filip Bure\u0161<\/a><\/td><td class=\"data-team\" data-label=\"T\u00fdm\"><a href=\"https:\/\/soccaczech.cz\/liga\/sport-team\/fc-pohoda-socca\/\">FC POHODA SOCCA<\/a><\/td><td class=\"data-goals\" data-label=\"G\u00f3ly\">0<\/td><td class=\"data-assists\" data-label=\"Asistence\">0<\/td><td class=\"data-yellowcards\" data-label=\"\u017dlut\u00e9 karty\">0<\/td><td class=\"data-redcards\" data-label=\"\u010cerven\u00e9 karty\">0<\/td><td class=\"data-appearances\" data-label=\"Po\u010det z\u00e1pas\u016f\">0<\/td><\/tr><tr class=\"even\"><td class=\"data-rank\" data-label=\"#\">170<\/td><td class=\"data-name has-photo\" data-label=\"Hr\u00e1\u010d\"><a href=\"https:\/\/soccaczech.cz\/liga\/player\/013007%f0%9f%9f%a0ivan-zhabokrytskyi\/\"><span class=\"player-photo\"><img loading=\"lazy\" decoding=\"async\" width=\"245\" height=\"400\" src=\"https:\/\/soccaczech.cz\/liga\/wp-content\/uploads\/2026\/03\/010001\ud83d\udfe2-21-245x400.png\" class=\"attachment-sportspress-fit-icon size-sportspress-fit-icon wp-post-image\" alt=\"\" \/><\/span>013007\ud83d\udfe2IVAN ZHABOKRYTSKYI<\/a><\/td><td class=\"data-team\" data-label=\"T\u00fdm\"><a href=\"https:\/\/soccaczech.cz\/liga\/?post_type=page&amp;p=45434\">-<\/a><\/td><td class=\"data-goals\" data-label=\"G\u00f3ly\">0<\/td><td class=\"data-assists\" data-label=\"Asistence\">0<\/td><td class=\"data-yellowcards\" data-label=\"\u017dlut\u00e9 karty\">0<\/td><td class=\"data-redcards\" data-label=\"\u010cerven\u00e9 karty\">0<\/td><td class=\"data-appearances\" data-label=\"Po\u010det z\u00e1pas\u016f\">3<\/td><\/tr><tr class=\"odd\"><td class=\"data-rank\" data-label=\"#\">171<\/td><td class=\"data-name has-photo\" data-label=\"Hr\u00e1\u010d\"><a href=\"https:\/\/soccaczech.cz\/liga\/player\/milan-sidlo\/\"><span class=\"player-photo\"><img loading=\"lazy\" decoding=\"async\" width=\"398\" height=\"400\" src=\"https:\/\/soccaczech.cz\/liga\/wp-content\/uploads\/2000\/09\/IMG_2862-398x400.png\" class=\"attachment-sportspress-fit-icon size-sportspress-fit-icon wp-post-image\" alt=\"\" \/><\/span>06010 \ud83d\udfe0 Milan \u0160\u00eddlo<\/a><\/td><td class=\"data-team\" data-label=\"T\u00fdm\"><a href=\"https:\/\/soccaczech.cz\/liga\/sport-team\/spartasocca\/\">SPARTA SOCCA<\/a><\/td><td class=\"data-goals\" data-label=\"G\u00f3ly\">0<\/td><td class=\"data-assists\" data-label=\"Asistence\">0<\/td><td class=\"data-yellowcards\" data-label=\"\u017dlut\u00e9 karty\">0<\/td><td class=\"data-redcards\" data-label=\"\u010cerven\u00e9 karty\">0<\/td><td class=\"data-appearances\" data-label=\"Po\u010det z\u00e1pas\u016f\">0<\/td><\/tr><tr class=\"even\"><td class=\"data-rank\" data-label=\"#\">172<\/td><td class=\"data-name has-photo\" data-label=\"Hr\u00e1\u010d\"><a href=\"https:\/\/soccaczech.cz\/liga\/player\/tomas-formanek\/\"><span class=\"player-photo\"><img loading=\"lazy\" decoding=\"async\" width=\"235\" height=\"290\" src=\"https:\/\/soccaczech.cz\/liga\/wp-content\/uploads\/2003\/01\/IMG_3038.png\" class=\"attachment-sportspress-fit-icon size-sportspress-fit-icon wp-post-image\" alt=\"\" \/><\/span>06024 \ud83d\udfe2 Tom\u00e1\u0161 Form\u00e1nek<\/a><\/td><td class=\"data-team\" data-label=\"T\u00fdm\"><a href=\"https:\/\/soccaczech.cz\/liga\/sport-team\/spartasocca\/\">SPARTA SOCCA<\/a><\/td><td class=\"data-goals\" data-label=\"G\u00f3ly\">0<\/td><td class=\"data-assists\" data-label=\"Asistence\">0<\/td><td class=\"data-yellowcards\" data-label=\"\u017dlut\u00e9 karty\">0<\/td><td class=\"data-redcards\" data-label=\"\u010cerven\u00e9 karty\">0<\/td><td class=\"data-appearances\" data-label=\"Po\u010det z\u00e1pas\u016f\">0<\/td><\/tr><tr class=\"odd\"><td class=\"data-rank\" data-label=\"#\">173<\/td><td class=\"data-name has-photo\" data-label=\"Hr\u00e1\u010d\"><a href=\"https:\/\/soccaczech.cz\/liga\/player\/rosztiszlav-rubis\/\"><span class=\"player-photo\"><img loading=\"lazy\" decoding=\"async\" width=\"336\" height=\"400\" src=\"https:\/\/soccaczech.cz\/liga\/wp-content\/uploads\/2008\/03\/Rostyslav-Rubis-336x400.png\" class=\"attachment-sportspress-fit-icon size-sportspress-fit-icon wp-post-image\" alt=\"\" \/><\/span>04004 \ud83d\udfe2 Rosztiszlav Rubis<\/a><\/td><td class=\"data-team\" data-label=\"T\u00fdm\"><a href=\"https:\/\/soccaczech.cz\/liga\/sport-team\/vism-football\/\">VISM FOOTBALL<\/a><\/td><td class=\"data-goals\" data-label=\"G\u00f3ly\">0<\/td><td class=\"data-assists\" data-label=\"Asistence\">0<\/td><td class=\"data-yellowcards\" data-label=\"\u017dlut\u00e9 karty\">0<\/td><td class=\"data-redcards\" data-label=\"\u010cerven\u00e9 karty\">0<\/td><td class=\"data-appearances\" data-label=\"Po\u010det z\u00e1pas\u016f\">2<\/td><\/tr><tr class=\"even\"><td class=\"data-rank\" data-label=\"#\">174<\/td><td class=\"data-name has-photo\" data-label=\"Hr\u00e1\u010d\"><a href=\"https:\/\/soccaczech.cz\/liga\/player\/matyas-frantisek-hajek\/\"><span class=\"player-photo\"><img loading=\"lazy\" decoding=\"async\" width=\"276\" height=\"400\" src=\"https:\/\/soccaczech.cz\/liga\/wp-content\/uploads\/2006\/02\/Matyas-Frantisek-Hajek-276x400.png\" class=\"attachment-sportspress-fit-icon size-sportspress-fit-icon wp-post-image\" alt=\"\" \/><\/span>03025 \ud83d\udfe2 Maty\u00e1\u0161 Franti\u0161ek H\u00e1jek<\/a><\/td><td class=\"data-team\" data-label=\"T\u00fdm\"><a href=\"https:\/\/soccaczech.cz\/liga\/sport-team\/g-i-c-la-plate\/\">G.I.C. LA PLATE<\/a><\/td><td class=\"data-goals\" data-label=\"G\u00f3ly\">0<\/td><td class=\"data-assists\" data-label=\"Asistence\">0<\/td><td class=\"data-yellowcards\" data-label=\"\u017dlut\u00e9 karty\">0<\/td><td class=\"data-redcards\" data-label=\"\u010cerven\u00e9 karty\">0<\/td><td class=\"data-appearances\" data-label=\"Po\u010det z\u00e1pas\u016f\">0<\/td><\/tr><tr class=\"odd\"><td class=\"data-rank\" data-label=\"#\">175<\/td><td class=\"data-name has-photo\" data-label=\"Hr\u00e1\u010d\"><a href=\"https:\/\/soccaczech.cz\/liga\/player\/matej-motycka\/\"><span class=\"player-photo\"><img loading=\"lazy\" decoding=\"async\" width=\"353\" height=\"400\" src=\"https:\/\/soccaczech.cz\/liga\/wp-content\/uploads\/2007\/12\/IMG_6463-353x400.png\" class=\"attachment-sportspress-fit-icon size-sportspress-fit-icon wp-post-image\" alt=\"\" \/><\/span>06050 \ud83d\udfe2 Mat\u011bj Moty\u010dka<\/a><\/td><td class=\"data-team\" data-label=\"T\u00fdm\"><a href=\"https:\/\/soccaczech.cz\/liga\/sport-team\/spartasocca\/\">SPARTA SOCCA<\/a><\/td><td class=\"data-goals\" data-label=\"G\u00f3ly\">0<\/td><td class=\"data-assists\" data-label=\"Asistence\">0<\/td><td class=\"data-yellowcards\" data-label=\"\u017dlut\u00e9 karty\">0<\/td><td class=\"data-redcards\" data-label=\"\u010cerven\u00e9 karty\">0<\/td><td class=\"data-appearances\" data-label=\"Po\u010det z\u00e1pas\u016f\">0<\/td><\/tr><tr class=\"even\"><td class=\"data-rank\" data-label=\"#\">176<\/td><td class=\"data-name has-photo\" data-label=\"Hr\u00e1\u010d\"><a href=\"https:\/\/soccaczech.cz\/liga\/player\/04023%f0%9f%9f%a0vasyl-rusyn\/\"><span class=\"player-photo\"><img loading=\"lazy\" decoding=\"async\" width=\"255\" height=\"400\" src=\"https:\/\/soccaczech.cz\/liga\/wp-content\/uploads\/2026\/03\/WhatsApp-Image-2026-03-07-at-15.02.33-255x400.jpeg\" class=\"attachment-sportspress-fit-icon size-sportspress-fit-icon wp-post-image\" alt=\"\" \/><\/span>04023\ud83d\udfe2Vasyl Rusyn<\/a><\/td><td class=\"data-team\" data-label=\"T\u00fdm\"><a href=\"https:\/\/soccaczech.cz\/liga\/?post_type=page&amp;p=45434\">-<\/a><\/td><td class=\"data-goals\" data-label=\"G\u00f3ly\">0<\/td><td class=\"data-assists\" data-label=\"Asistence\">0<\/td><td class=\"data-yellowcards\" data-label=\"\u017dlut\u00e9 karty\">0<\/td><td class=\"data-redcards\" data-label=\"\u010cerven\u00e9 karty\">0<\/td><td class=\"data-appearances\" data-label=\"Po\u010det z\u00e1pas\u016f\">5<\/td><\/tr><tr class=\"odd\"><td class=\"data-rank\" data-label=\"#\">177<\/td><td class=\"data-name has-photo\" data-label=\"Hr\u00e1\u010d\"><a href=\"https:\/\/soccaczech.cz\/liga\/player\/014001%f0%9f%9f%a0berezhnyk-dmytro\/\"><span class=\"player-photo\"><img loading=\"lazy\" decoding=\"async\" width=\"314\" height=\"400\" src=\"https:\/\/soccaczech.cz\/liga\/wp-content\/uploads\/1996\/11\/Berezhnyk-Dmytro-1-1-314x400.jpg\" class=\"attachment-sportspress-fit-icon size-sportspress-fit-icon wp-post-image\" alt=\"\" \/><\/span>04016 \ud83d\udfe2 Dmytro Berezhnyk<\/a><\/td><td class=\"data-team\" data-label=\"T\u00fdm\"><a href=\"https:\/\/soccaczech.cz\/liga\/?post_type=page&amp;p=45434\">-<\/a><\/td><td class=\"data-goals\" data-label=\"G\u00f3ly\">0<\/td><td class=\"data-assists\" data-label=\"Asistence\">0<\/td><td class=\"data-yellowcards\" data-label=\"\u017dlut\u00e9 karty\">0<\/td><td class=\"data-redcards\" data-label=\"\u010cerven\u00e9 karty\">0<\/td><td class=\"data-appearances\" data-label=\"Po\u010det z\u00e1pas\u016f\">0<\/td><\/tr><tr class=\"even\"><td class=\"data-rank\" data-label=\"#\">178<\/td><td class=\"data-name has-photo\" data-label=\"Hr\u00e1\u010d\"><a href=\"https:\/\/soccaczech.cz\/liga\/player\/011016%f0%9f%9f%a0marek-novak\/\"><span class=\"player-photo\"><img loading=\"lazy\" decoding=\"async\" width=\"225\" height=\"400\" src=\"https:\/\/soccaczech.cz\/liga\/wp-content\/uploads\/2026\/03\/2d51a5c7-5e50-4323-8b4b-3b4ac745a1eb-225x400.jpeg\" class=\"attachment-sportspress-fit-icon size-sportspress-fit-icon wp-post-image\" alt=\"\" \/><\/span>011016\ud83d\udfe0Marek Nov\u00e1k<\/a><\/td><td class=\"data-team\" data-label=\"T\u00fdm\"><a href=\"https:\/\/soccaczech.cz\/liga\/sport-team\/sport-overtime-2\/\">SPORT OVERTIME<\/a><\/td><td class=\"data-goals\" data-label=\"G\u00f3ly\">0<\/td><td class=\"data-assists\" data-label=\"Asistence\">0<\/td><td class=\"data-yellowcards\" data-label=\"\u017dlut\u00e9 karty\">0<\/td><td class=\"data-redcards\" data-label=\"\u010cerven\u00e9 karty\">0<\/td><td class=\"data-appearances\" data-label=\"Po\u010det z\u00e1pas\u016f\">0<\/td><\/tr><tr class=\"odd\"><td class=\"data-rank\" data-label=\"#\">179<\/td><td class=\"data-name has-photo\" data-label=\"Hr\u00e1\u010d\"><a href=\"https:\/\/soccaczech.cz\/liga\/player\/09022%f0%9f%9f%a0nazar-zhuk\/\"><span class=\"player-photo\"><img loading=\"lazy\" decoding=\"async\" width=\"306\" height=\"400\" src=\"https:\/\/soccaczech.cz\/liga\/wp-content\/uploads\/2026\/03\/WhatsApp-Image-2026-03-14-at-11.10.42-306x400.jpeg\" class=\"attachment-sportspress-fit-icon size-sportspress-fit-icon wp-post-image\" alt=\"\" \/><\/span>09023\ud83d\udfe2Nazar Zhuk<\/a><\/td><td class=\"data-team\" data-label=\"T\u00fdm\"><a href=\"https:\/\/soccaczech.cz\/liga\/?post_type=page&amp;p=45434\">-<\/a><\/td><td class=\"data-goals\" data-label=\"G\u00f3ly\">0<\/td><td class=\"data-assists\" data-label=\"Asistence\">0<\/td><td class=\"data-yellowcards\" data-label=\"\u017dlut\u00e9 karty\">0<\/td><td class=\"data-redcards\" data-label=\"\u010cerven\u00e9 karty\">0<\/td><td class=\"data-appearances\" data-label=\"Po\u010det z\u00e1pas\u016f\">3<\/td><\/tr><tr class=\"even\"><td class=\"data-rank\" data-label=\"#\">180<\/td><td class=\"data-name has-photo\" data-label=\"Hr\u00e1\u010d\"><a href=\"https:\/\/soccaczech.cz\/liga\/player\/jakub-panyrek\/\"><span class=\"player-photo\"><img loading=\"lazy\" decoding=\"async\" width=\"282\" height=\"400\" src=\"https:\/\/soccaczech.cz\/liga\/wp-content\/uploads\/1998\/06\/231853B5-6AEE-4786-ABE3-15FD082494FC-282x400.png\" class=\"attachment-sportspress-fit-icon size-sportspress-fit-icon wp-post-image\" alt=\"\" \/><\/span>03006 \ud83d\udfe2 Jakub Pan\u00fdrek<\/a><\/td><td class=\"data-team\" data-label=\"T\u00fdm\"><a href=\"https:\/\/soccaczech.cz\/liga\/sport-team\/g-i-c-la-plate\/\">G.I.C. LA PLATE<\/a><\/td><td class=\"data-goals\" data-label=\"G\u00f3ly\">0<\/td><td class=\"data-assists\" data-label=\"Asistence\">0<\/td><td class=\"data-yellowcards\" data-label=\"\u017dlut\u00e9 karty\">0<\/td><td class=\"data-redcards\" data-label=\"\u010cerven\u00e9 karty\">0<\/td><td class=\"data-appearances\" data-label=\"Po\u010det z\u00e1pas\u016f\">0<\/td><\/tr><tr class=\"odd\"><td class=\"data-rank\" data-label=\"#\">181<\/td><td class=\"data-name has-photo\" data-label=\"Hr\u00e1\u010d\"><a href=\"https:\/\/soccaczech.cz\/liga\/player\/oleh-bazhan\/\"><span class=\"player-photo\"><img loading=\"lazy\" decoding=\"async\" width=\"348\" height=\"400\" src=\"https:\/\/soccaczech.cz\/liga\/wp-content\/uploads\/1991\/02\/IMG_3149-348x400.png\" class=\"attachment-sportspress-fit-icon size-sportspress-fit-icon wp-post-image\" alt=\"\" \/><\/span>02014 \ud83d\udfe0 Oleh Bazhan<\/a><\/td><td class=\"data-team\" data-label=\"T\u00fdm\"><a href=\"https:\/\/soccaczech.cz\/liga\/sport-team\/fc-andezit\/\">FC ANDEZIT<\/a><\/td><td class=\"data-goals\" data-label=\"G\u00f3ly\">0<\/td><td class=\"data-assists\" data-label=\"Asistence\">0<\/td><td class=\"data-yellowcards\" data-label=\"\u017dlut\u00e9 karty\">0<\/td><td class=\"data-redcards\" data-label=\"\u010cerven\u00e9 karty\">0<\/td><td class=\"data-appearances\" data-label=\"Po\u010det z\u00e1pas\u016f\">0<\/td><\/tr><tr class=\"even\"><td class=\"data-rank\" data-label=\"#\">182<\/td><td class=\"data-name has-photo\" data-label=\"Hr\u00e1\u010d\"><a href=\"https:\/\/soccaczech.cz\/liga\/player\/serhii-kuchuk\/\"><span class=\"player-photo\"><img loading=\"lazy\" decoding=\"async\" width=\"316\" height=\"400\" src=\"https:\/\/soccaczech.cz\/liga\/wp-content\/uploads\/1993\/09\/IMG_3271-316x400.png\" class=\"attachment-sportspress-fit-icon size-sportspress-fit-icon wp-post-image\" alt=\"\" \/><\/span>01021 \ud83d\udfe2 Serhii Kuchuk (VD)<\/a><\/td><td class=\"data-team\" data-label=\"T\u00fdm\"><a href=\"https:\/\/soccaczech.cz\/liga\/sport-team\/mc-sarmat\/\">MC SARMAT<\/a><\/td><td class=\"data-goals\" data-label=\"G\u00f3ly\">0<\/td><td class=\"data-assists\" data-label=\"Asistence\">0<\/td><td class=\"data-yellowcards\" data-label=\"\u017dlut\u00e9 karty\">0<\/td><td class=\"data-redcards\" data-label=\"\u010cerven\u00e9 karty\">0<\/td><td class=\"data-appearances\" data-label=\"Po\u010det z\u00e1pas\u016f\">7<\/td><\/tr><tr class=\"odd\"><td class=\"data-rank\" data-label=\"#\">183<\/td><td class=\"data-name has-photo\" data-label=\"Hr\u00e1\u010d\"><a href=\"https:\/\/soccaczech.cz\/liga\/player\/savliak-mykola\/\"><span class=\"player-photo\"><img loading=\"lazy\" decoding=\"async\" width=\"228\" height=\"400\" src=\"https:\/\/soccaczech.cz\/liga\/wp-content\/uploads\/2006\/09\/Savliak-Mykola-228x400.png\" class=\"attachment-sportspress-fit-icon size-sportspress-fit-icon wp-post-image\" alt=\"\" \/><\/span>05021 \ud83d\udfe2 Savliak Mykola<\/a><\/td><td class=\"data-team\" data-label=\"T\u00fdm\"><a href=\"https:\/\/soccaczech.cz\/liga\/sport-team\/mlady-a-perspektivni\/\">MLAD\u00dd A PERSPEKTIVN\u00cd<\/a><\/td><td class=\"data-goals\" data-label=\"G\u00f3ly\">0<\/td><td class=\"data-assists\" data-label=\"Asistence\">0<\/td><td class=\"data-yellowcards\" data-label=\"\u017dlut\u00e9 karty\">0<\/td><td class=\"data-redcards\" data-label=\"\u010cerven\u00e9 karty\">0<\/td><td class=\"data-appearances\" data-label=\"Po\u010det z\u00e1pas\u016f\">5<\/td><\/tr><tr class=\"even\"><td class=\"data-rank\" data-label=\"#\">184<\/td><td class=\"data-name has-photo\" data-label=\"Hr\u00e1\u010d\"><a href=\"https:\/\/soccaczech.cz\/liga\/player\/07002-%f0%9f%9f%a0-ondrej-kratky\/\"><span class=\"player-photo\"><img loading=\"lazy\" decoding=\"async\" width=\"300\" height=\"400\" src=\"https:\/\/soccaczech.cz\/liga\/wp-content\/uploads\/2004\/08\/VD-Ondrej-Kratky-18.4.1993-300x400.png\" class=\"attachment-sportspress-fit-icon size-sportspress-fit-icon wp-post-image\" alt=\"\" \/><\/span>07002 \ud83d\udfe2 Ond\u0159ej Kr\u00e1tk\u00fd (VD)<\/a><\/td><td class=\"data-team\" data-label=\"T\u00fdm\"><a href=\"https:\/\/soccaczech.cz\/liga\/?post_type=page&amp;p=45434\">-<\/a><\/td><td class=\"data-goals\" data-label=\"G\u00f3ly\">0<\/td><td class=\"data-assists\" data-label=\"Asistence\">0<\/td><td class=\"data-yellowcards\" data-label=\"\u017dlut\u00e9 karty\">0<\/td><td class=\"data-redcards\" data-label=\"\u010cerven\u00e9 karty\">0<\/td><td class=\"data-appearances\" data-label=\"Po\u010det z\u00e1pas\u016f\">3<\/td><\/tr><tr class=\"odd\"><td class=\"data-rank\" data-label=\"#\">185<\/td><td class=\"data-name has-photo\" data-label=\"Hr\u00e1\u010d\"><a href=\"https:\/\/soccaczech.cz\/liga\/player\/09003-%f0%9f%9f%a0-andrii-malynovskyi\/\"><span class=\"player-photo\"><img loading=\"lazy\" decoding=\"async\" width=\"400\" height=\"372\" src=\"https:\/\/soccaczech.cz\/liga\/wp-content\/uploads\/2026\/02\/Andrii-Malynovskyi-400x372.png\" class=\"attachment-sportspress-fit-icon size-sportspress-fit-icon wp-post-image\" alt=\"\" \/><\/span>09003 \ud83d\udfe0 Andrii Malynovskyi<\/a><\/td><td class=\"data-team\" data-label=\"T\u00fdm\"><a href=\"https:\/\/soccaczech.cz\/liga\/sport-team\/fc-prazharka\/\">FC PRAZHARKA<\/a><\/td><td class=\"data-goals\" data-label=\"G\u00f3ly\">0<\/td><td class=\"data-assists\" data-label=\"Asistence\">0<\/td><td class=\"data-yellowcards\" data-label=\"\u017dlut\u00e9 karty\">0<\/td><td class=\"data-redcards\" data-label=\"\u010cerven\u00e9 karty\">0<\/td><td class=\"data-appearances\" data-label=\"Po\u010det z\u00e1pas\u016f\">0<\/td><\/tr><tr class=\"even\"><td class=\"data-rank\" data-label=\"#\">186<\/td><td class=\"data-name\" data-label=\"Hr\u00e1\u010d\"><a href=\"https:\/\/soccaczech.cz\/liga\/player\/014020-%f0%9f%9f%a0-david-lochman\/\">014020 \ud83d\udfe0 David Lochman<\/a><\/td><td class=\"data-team\" data-label=\"T\u00fdm\"><a href=\"https:\/\/soccaczech.cz\/liga\/sport-team\/fc-golden-gate\/\">FC GOLDEN GATE<\/a><\/td><td class=\"data-goals\" data-label=\"G\u00f3ly\">0<\/td><td class=\"data-assists\" data-label=\"Asistence\">0<\/td><td class=\"data-yellowcards\" data-label=\"\u017dlut\u00e9 karty\">0<\/td><td class=\"data-redcards\" data-label=\"\u010cerven\u00e9 karty\">0<\/td><td class=\"data-appearances\" data-label=\"Po\u010det z\u00e1pas\u016f\">0<\/td><\/tr><tr class=\"odd\"><td class=\"data-rank\" data-label=\"#\">187<\/td><td class=\"data-name has-photo\" data-label=\"Hr\u00e1\u010d\"><a href=\"https:\/\/soccaczech.cz\/liga\/player\/05026-%f0%9f%9f%a0buhrii-vasyl\/\"><span class=\"player-photo\"><img loading=\"lazy\" decoding=\"async\" width=\"245\" height=\"400\" src=\"https:\/\/soccaczech.cz\/liga\/wp-content\/uploads\/2026\/03\/010001\ud83d\udfe2-10-245x400.png\" class=\"attachment-sportspress-fit-icon size-sportspress-fit-icon wp-post-image\" alt=\"\" \/><\/span>05027 \ud83d\udfe2Buhrii Vasyl<\/a><\/td><td class=\"data-team\" data-label=\"T\u00fdm\"><a href=\"https:\/\/soccaczech.cz\/liga\/?post_type=page&amp;p=45434\">-<\/a><\/td><td class=\"data-goals\" data-label=\"G\u00f3ly\">0<\/td><td class=\"data-assists\" data-label=\"Asistence\">0<\/td><td class=\"data-yellowcards\" data-label=\"\u017dlut\u00e9 karty\">0<\/td><td class=\"data-redcards\" data-label=\"\u010cerven\u00e9 karty\">0<\/td><td class=\"data-appearances\" data-label=\"Po\u010det z\u00e1pas\u016f\">1<\/td><\/tr><tr class=\"even\"><td class=\"data-rank\" data-label=\"#\">188<\/td><td class=\"data-name has-photo\" data-label=\"Hr\u00e1\u010d\"><a href=\"https:\/\/soccaczech.cz\/liga\/player\/014012-%f0%9f%9f%a0roman-rosko\/\"><span class=\"player-photo\"><img loading=\"lazy\" decoding=\"async\" width=\"400\" height=\"358\" src=\"https:\/\/soccaczech.cz\/liga\/wp-content\/uploads\/2026\/03\/Roman-Rosko-400x358.jpg\" class=\"attachment-sportspress-fit-icon size-sportspress-fit-icon wp-post-image\" alt=\"\" \/><\/span>014012 \ud83d\udfe0Roman Ro\u0161ko<\/a><\/td><td class=\"data-team\" data-label=\"T\u00fdm\"><a href=\"https:\/\/soccaczech.cz\/liga\/sport-team\/fc-golden-gate\/\">FC GOLDEN GATE<\/a><\/td><td class=\"data-goals\" data-label=\"G\u00f3ly\">0<\/td><td class=\"data-assists\" data-label=\"Asistence\">0<\/td><td class=\"data-yellowcards\" data-label=\"\u017dlut\u00e9 karty\">0<\/td><td class=\"data-redcards\" data-label=\"\u010cerven\u00e9 karty\">0<\/td><td class=\"data-appearances\" data-label=\"Po\u010det z\u00e1pas\u016f\">1<\/td><\/tr><tr class=\"odd\"><td class=\"data-rank\" data-label=\"#\">189<\/td><td class=\"data-name has-photo\" data-label=\"Hr\u00e1\u010d\"><a href=\"https:\/\/soccaczech.cz\/liga\/player\/012014%f0%9f%9f%a0nazar-kost\/\"><span class=\"player-photo\"><img loading=\"lazy\" decoding=\"async\" width=\"245\" height=\"400\" src=\"https:\/\/soccaczech.cz\/liga\/wp-content\/uploads\/2026\/03\/010001\ud83d\udfe2-45-245x400.png\" class=\"attachment-sportspress-fit-icon size-sportspress-fit-icon wp-post-image\" alt=\"\" \/><\/span>012014\ud83d\udfe2 Nazar Kost<\/a><\/td><td class=\"data-team\" data-label=\"T\u00fdm\"><a href=\"https:\/\/soccaczech.cz\/liga\/sport-team\/fc-donbass\/\">FC DONBASS<\/a><\/td><td class=\"data-goals\" data-label=\"G\u00f3ly\">0<\/td><td class=\"data-assists\" data-label=\"Asistence\">0<\/td><td class=\"data-yellowcards\" data-label=\"\u017dlut\u00e9 karty\">0<\/td><td class=\"data-redcards\" data-label=\"\u010cerven\u00e9 karty\">0<\/td><td class=\"data-appearances\" data-label=\"Po\u010det z\u00e1pas\u016f\">5<\/td><\/tr><tr class=\"even\"><td class=\"data-rank\" data-label=\"#\">190<\/td><td class=\"data-name has-photo\" data-label=\"Hr\u00e1\u010d\"><a href=\"https:\/\/soccaczech.cz\/liga\/player\/010017%f0%9f%9f%a0toyin-mustapha\/\"><span class=\"player-photo\"><img loading=\"lazy\" decoding=\"async\" width=\"184\" height=\"184\" src=\"https:\/\/soccaczech.cz\/liga\/wp-content\/uploads\/2026\/03\/Navrh-bez-nazvu-9.png\" class=\"attachment-sportspress-fit-icon size-sportspress-fit-icon wp-post-image\" alt=\"\" \/><\/span>012015\ud83d\udfe2TOYIN MUSTAPHA<\/a><\/td><td class=\"data-team\" data-label=\"T\u00fdm\"><a href=\"https:\/\/soccaczech.cz\/liga\/?post_type=page&amp;p=45434\">-<\/a><\/td><td class=\"data-goals\" data-label=\"G\u00f3ly\">0<\/td><td class=\"data-assists\" data-label=\"Asistence\">0<\/td><td class=\"data-yellowcards\" data-label=\"\u017dlut\u00e9 karty\">0<\/td><td class=\"data-redcards\" data-label=\"\u010cerven\u00e9 karty\">0<\/td><td class=\"data-appearances\" data-label=\"Po\u010det z\u00e1pas\u016f\">4<\/td><\/tr><tr class=\"odd\"><td class=\"data-rank\" data-label=\"#\">191<\/td><td class=\"data-name has-photo\" data-label=\"Hr\u00e1\u010d\"><a href=\"https:\/\/soccaczech.cz\/liga\/player\/sviatoslav-markanych\/\"><span class=\"player-photo\"><img loading=\"lazy\" decoding=\"async\" width=\"400\" height=\"379\" src=\"https:\/\/soccaczech.cz\/liga\/wp-content\/uploads\/1985\/03\/IMG_1965-400x379.png\" class=\"attachment-sportspress-fit-icon size-sportspress-fit-icon wp-post-image\" alt=\"\" \/><\/span>01006 \ud83d\udfe2 Sviatoslav Markanych<\/a><\/td><td class=\"data-team\" data-label=\"T\u00fdm\"><a href=\"https:\/\/soccaczech.cz\/liga\/sport-team\/mc-sarmat\/\">MC SARMAT<\/a><\/td><td class=\"data-goals\" data-label=\"G\u00f3ly\">0<\/td><td class=\"data-assists\" data-label=\"Asistence\">0<\/td><td class=\"data-yellowcards\" data-label=\"\u017dlut\u00e9 karty\">0<\/td><td class=\"data-redcards\" data-label=\"\u010cerven\u00e9 karty\">0<\/td><td class=\"data-appearances\" data-label=\"Po\u010det z\u00e1pas\u016f\">0<\/td><\/tr><tr class=\"even\"><td class=\"data-rank\" data-label=\"#\">192<\/td><td class=\"data-name has-photo\" data-label=\"Hr\u00e1\u010d\"><a href=\"https:\/\/soccaczech.cz\/liga\/player\/jakub-krpalek\/\"><span class=\"player-photo\"><img loading=\"lazy\" decoding=\"async\" width=\"337\" height=\"400\" src=\"https:\/\/soccaczech.cz\/liga\/wp-content\/uploads\/2025\/08\/Jakub-Krpalek-337x400.png\" class=\"attachment-sportspress-fit-icon size-sportspress-fit-icon wp-post-image\" alt=\"\" \/><\/span>03016 \ud83d\udfe2 Jakub Krp\u00e1lek<\/a><\/td><td class=\"data-team\" data-label=\"T\u00fdm\"><a href=\"https:\/\/soccaczech.cz\/liga\/sport-team\/g-i-c-la-plate\/\">G.I.C. LA PLATE<\/a><\/td><td class=\"data-goals\" data-label=\"G\u00f3ly\">0<\/td><td class=\"data-assists\" data-label=\"Asistence\">0<\/td><td class=\"data-yellowcards\" data-label=\"\u017dlut\u00e9 karty\">0<\/td><td class=\"data-redcards\" data-label=\"\u010cerven\u00e9 karty\">0<\/td><td class=\"data-appearances\" data-label=\"Po\u010det z\u00e1pas\u016f\">1<\/td><\/tr><tr class=\"odd\"><td class=\"data-rank\" data-label=\"#\">193<\/td><td class=\"data-name has-photo\" data-label=\"Hr\u00e1\u010d\"><a href=\"https:\/\/soccaczech.cz\/liga\/player\/denys-fliashko\/\"><span class=\"player-photo\"><img loading=\"lazy\" decoding=\"async\" width=\"343\" height=\"400\" src=\"https:\/\/soccaczech.cz\/liga\/wp-content\/uploads\/2002\/02\/IMG_2954-343x400.png\" class=\"attachment-sportspress-fit-icon size-sportspress-fit-icon wp-post-image\" alt=\"\" \/><\/span>05012 \ud83d\udfe2 Denys Fliashko<\/a><\/td><td class=\"data-team\" data-label=\"T\u00fdm\"><a href=\"https:\/\/soccaczech.cz\/liga\/sport-team\/mlady-a-perspektivni\/\">MLAD\u00dd A PERSPEKTIVN\u00cd<\/a><\/td><td class=\"data-goals\" data-label=\"G\u00f3ly\">0<\/td><td class=\"data-assists\" data-label=\"Asistence\">0<\/td><td class=\"data-yellowcards\" data-label=\"\u017dlut\u00e9 karty\">0<\/td><td class=\"data-redcards\" data-label=\"\u010cerven\u00e9 karty\">0<\/td><td class=\"data-appearances\" data-label=\"Po\u010det z\u00e1pas\u016f\">0<\/td><\/tr><tr class=\"even\"><td class=\"data-rank\" data-label=\"#\">194<\/td><td class=\"data-name has-photo\" data-label=\"Hr\u00e1\u010d\"><a href=\"https:\/\/soccaczech.cz\/liga\/player\/yulii-vouchok-vd\/\"><span class=\"player-photo\"><img loading=\"lazy\" decoding=\"async\" width=\"381\" height=\"388\" src=\"https:\/\/soccaczech.cz\/liga\/wp-content\/uploads\/1992\/10\/IMG_3151.jpg\" class=\"attachment-sportspress-fit-icon size-sportspress-fit-icon wp-post-image\" alt=\"\" \/><\/span>02023 \ud83d\udfe2 Yulii Vouchok (VD)<\/a><\/td><td class=\"data-team\" data-label=\"T\u00fdm\"><a href=\"https:\/\/soccaczech.cz\/liga\/sport-team\/fc-andezit\/\">FC ANDEZIT<\/a><\/td><td class=\"data-goals\" data-label=\"G\u00f3ly\">0<\/td><td class=\"data-assists\" data-label=\"Asistence\">0<\/td><td class=\"data-yellowcards\" data-label=\"\u017dlut\u00e9 karty\">0<\/td><td class=\"data-redcards\" data-label=\"\u010cerven\u00e9 karty\">0<\/td><td class=\"data-appearances\" data-label=\"Po\u010det z\u00e1pas\u016f\">6<\/td><\/tr><tr class=\"odd\"><td class=\"data-rank\" data-label=\"#\">195<\/td><td class=\"data-name has-photo\" data-label=\"Hr\u00e1\u010d\"><a href=\"https:\/\/soccaczech.cz\/liga\/player\/stepan-dostal\/\"><span class=\"player-photo\"><img loading=\"lazy\" decoding=\"async\" width=\"327\" height=\"400\" src=\"https:\/\/soccaczech.cz\/liga\/wp-content\/uploads\/2004\/12\/stepan_dostal-327x400.png\" class=\"attachment-sportspress-fit-icon size-sportspress-fit-icon wp-post-image\" alt=\"\" \/><\/span>06032 \ud83d\udfe2 \u0160t\u011bp\u00e1n Dost\u00e1l<\/a><\/td><td class=\"data-team\" data-label=\"T\u00fdm\"><a href=\"https:\/\/soccaczech.cz\/liga\/sport-team\/spartasocca\/\">SPARTA SOCCA<\/a><\/td><td class=\"data-goals\" data-label=\"G\u00f3ly\">0<\/td><td class=\"data-assists\" data-label=\"Asistence\">0<\/td><td class=\"data-yellowcards\" data-label=\"\u017dlut\u00e9 karty\">0<\/td><td class=\"data-redcards\" data-label=\"\u010cerven\u00e9 karty\">0<\/td><td class=\"data-appearances\" data-label=\"Po\u010det z\u00e1pas\u016f\">0<\/td><\/tr><tr class=\"even\"><td class=\"data-rank\" data-label=\"#\">196<\/td><td class=\"data-name has-photo\" data-label=\"Hr\u00e1\u010d\"><a href=\"https:\/\/soccaczech.cz\/liga\/player\/jan-zednicek\/\"><span class=\"player-photo\"><img loading=\"lazy\" decoding=\"async\" width=\"400\" height=\"377\" src=\"https:\/\/soccaczech.cz\/liga\/wp-content\/uploads\/2006\/06\/JanZednicek-400x377.png\" class=\"attachment-sportspress-fit-icon size-sportspress-fit-icon wp-post-image\" alt=\"\" \/><\/span>06043 \ud83d\udfe2 Jan Zedn\u00ed\u010dek<\/a><\/td><td class=\"data-team\" data-label=\"T\u00fdm\"><a href=\"https:\/\/soccaczech.cz\/liga\/sport-team\/spartasocca\/\">SPARTA SOCCA<\/a><\/td><td class=\"data-goals\" data-label=\"G\u00f3ly\">0<\/td><td class=\"data-assists\" data-label=\"Asistence\">0<\/td><td class=\"data-yellowcards\" data-label=\"\u017dlut\u00e9 karty\">0<\/td><td class=\"data-redcards\" data-label=\"\u010cerven\u00e9 karty\">0<\/td><td class=\"data-appearances\" data-label=\"Po\u010det z\u00e1pas\u016f\">0<\/td><\/tr><tr class=\"odd\"><td class=\"data-rank\" data-label=\"#\">197<\/td><td class=\"data-name has-photo\" data-label=\"Hr\u00e1\u010d\"><a href=\"https:\/\/soccaczech.cz\/liga\/player\/09014-%f0%9f%9f%a0-hliebin-bohdan\/\"><span class=\"player-photo\"><img loading=\"lazy\" decoding=\"async\" width=\"381\" height=\"400\" src=\"https:\/\/soccaczech.cz\/liga\/wp-content\/uploads\/2026\/02\/Hliebin-Bohdan-381x400.png\" class=\"attachment-sportspress-fit-icon size-sportspress-fit-icon wp-post-image\" alt=\"\" \/><\/span>09014 \ud83d\udfe2Bohdan Hliebin<\/a><\/td><td class=\"data-team\" data-label=\"T\u00fdm\"><a href=\"https:\/\/soccaczech.cz\/liga\/sport-team\/fc-prazharka\/\">FC PRAZHARKA<\/a><\/td><td class=\"data-goals\" data-label=\"G\u00f3ly\">0<\/td><td class=\"data-assists\" data-label=\"Asistence\">0<\/td><td class=\"data-yellowcards\" data-label=\"\u017dlut\u00e9 karty\">0<\/td><td class=\"data-redcards\" data-label=\"\u010cerven\u00e9 karty\">0<\/td><td class=\"data-appearances\" data-label=\"Po\u010det z\u00e1pas\u016f\">6<\/td><\/tr><tr class=\"even\"><td class=\"data-rank\" data-label=\"#\">198<\/td><td class=\"data-name\" data-label=\"Hr\u00e1\u010d\"><a href=\"https:\/\/soccaczech.cz\/liga\/player\/07026-%f0%9f%9f%a2-daniel-pecho\/\">07026 \ud83d\udfe2 Daniel Pecho<\/a><\/td><td class=\"data-team\" data-label=\"T\u00fdm\"><a href=\"https:\/\/soccaczech.cz\/liga\/sport-team\/fc-pohoda-socca\/\">FC POHODA SOCCA<\/a><\/td><td class=\"data-goals\" data-label=\"G\u00f3ly\">0<\/td><td class=\"data-assists\" data-label=\"Asistence\">0<\/td><td class=\"data-yellowcards\" data-label=\"\u017dlut\u00e9 karty\">0<\/td><td class=\"data-redcards\" data-label=\"\u010cerven\u00e9 karty\">0<\/td><td class=\"data-appearances\" data-label=\"Po\u010det z\u00e1pas\u016f\">0<\/td><\/tr><tr class=\"odd\"><td class=\"data-rank\" data-label=\"#\">199<\/td><td class=\"data-name has-photo\" data-label=\"Hr\u00e1\u010d\"><a href=\"https:\/\/soccaczech.cz\/liga\/player\/07016-%f0%9f%9f%a0jiri-fialka\/\"><span class=\"player-photo\"><img loading=\"lazy\" decoding=\"async\" width=\"245\" height=\"400\" src=\"https:\/\/soccaczech.cz\/liga\/wp-content\/uploads\/2026\/02\/010001\ud83d\udfe2-28-245x400.png\" class=\"attachment-sportspress-fit-icon size-sportspress-fit-icon wp-post-image\" alt=\"\" \/><\/span>07016 \ud83d\udfe0Ji\u0159\u00ed Fialka<\/a><\/td><td class=\"data-team\" data-label=\"T\u00fdm\"><a href=\"https:\/\/soccaczech.cz\/liga\/sport-team\/fc-pohoda-socca\/\">FC POHODA SOCCA<\/a><\/td><td class=\"data-goals\" data-label=\"G\u00f3ly\">0<\/td><td class=\"data-assists\" data-label=\"Asistence\">0<\/td><td class=\"data-yellowcards\" data-label=\"\u017dlut\u00e9 karty\">0<\/td><td class=\"data-redcards\" data-label=\"\u010cerven\u00e9 karty\">0<\/td><td class=\"data-appearances\" data-label=\"Po\u010det z\u00e1pas\u016f\">0<\/td><\/tr><tr class=\"even\"><td class=\"data-rank\" data-label=\"#\">200<\/td><td class=\"data-name has-photo\" data-label=\"Hr\u00e1\u010d\"><a href=\"https:\/\/soccaczech.cz\/liga\/player\/013008%f0%9f%9f%a0mykola-pryshliuk\/\"><span class=\"player-photo\"><img loading=\"lazy\" decoding=\"async\" width=\"245\" height=\"400\" src=\"https:\/\/soccaczech.cz\/liga\/wp-content\/uploads\/2026\/03\/010001\ud83d\udfe2-22-245x400.png\" class=\"attachment-sportspress-fit-icon size-sportspress-fit-icon wp-post-image\" alt=\"\" \/><\/span>013008\ud83d\udfe2MYKOLA PRYSHLIUK<\/a><\/td><td class=\"data-team\" data-label=\"T\u00fdm\"><a href=\"https:\/\/soccaczech.cz\/liga\/?post_type=page&amp;p=45434\">-<\/a><\/td><td class=\"data-goals\" data-label=\"G\u00f3ly\">0<\/td><td class=\"data-assists\" data-label=\"Asistence\">0<\/td><td class=\"data-yellowcards\" data-label=\"\u017dlut\u00e9 karty\">1<\/td><td class=\"data-redcards\" data-label=\"\u010cerven\u00e9 karty\">0<\/td><td class=\"data-appearances\" data-label=\"Po\u010det z\u00e1pas\u016f\">6<\/td><\/tr><tr class=\"odd\"><td class=\"data-rank\" data-label=\"#\">201<\/td><td class=\"data-name has-photo\" data-label=\"Hr\u00e1\u010d\"><a href=\"https:\/\/soccaczech.cz\/liga\/player\/015004%f0%9f%9f%a0-serhii-ovchynnykov\/\"><span class=\"player-photo\"><img loading=\"lazy\" decoding=\"async\" width=\"300\" height=\"400\" src=\"https:\/\/soccaczech.cz\/liga\/wp-content\/uploads\/2026\/03\/unnamed-3-300x400.jpg\" class=\"attachment-sportspress-fit-icon size-sportspress-fit-icon wp-post-image\" alt=\"\" \/><\/span>015004\ud83d\udfe2 Serhii Ovchynnykov<\/a><\/td><td class=\"data-team\" data-label=\"T\u00fdm\"><a href=\"https:\/\/soccaczech.cz\/liga\/sport-team\/fc-trident\/\">FC TRIDENT<\/a><\/td><td class=\"data-goals\" data-label=\"G\u00f3ly\">0<\/td><td class=\"data-assists\" data-label=\"Asistence\">0<\/td><td class=\"data-yellowcards\" data-label=\"\u017dlut\u00e9 karty\">0<\/td><td class=\"data-redcards\" data-label=\"\u010cerven\u00e9 karty\">0<\/td><td class=\"data-appearances\" data-label=\"Po\u010det z\u00e1pas\u016f\">6<\/td><\/tr><tr class=\"even\"><td class=\"data-rank\" data-label=\"#\">202<\/td><td class=\"data-name has-photo\" data-label=\"Hr\u00e1\u010d\"><a href=\"https:\/\/soccaczech.cz\/liga\/player\/07023%f0%9f%9f%a2zuzana-putzova\/\"><span class=\"player-photo\"><img loading=\"lazy\" decoding=\"async\" width=\"300\" height=\"400\" src=\"https:\/\/soccaczech.cz\/liga\/wp-content\/uploads\/2003\/12\/WhatsApp-Image-2026-03-26-at-20.57.19-300x400.jpeg\" class=\"attachment-sportspress-fit-icon size-sportspress-fit-icon wp-post-image\" alt=\"\" \/><\/span>07023\ud83d\udfe2Zuzana Putzov\u00e1<\/a><\/td><td class=\"data-team\" data-label=\"T\u00fdm\"><a href=\"https:\/\/soccaczech.cz\/liga\/?post_type=page&amp;p=45434\">-<\/a><\/td><td class=\"data-goals\" data-label=\"G\u00f3ly\">0<\/td><td class=\"data-assists\" data-label=\"Asistence\">0<\/td><td class=\"data-yellowcards\" data-label=\"\u017dlut\u00e9 karty\">0<\/td><td class=\"data-redcards\" data-label=\"\u010cerven\u00e9 karty\">0<\/td><td class=\"data-appearances\" data-label=\"Po\u010det z\u00e1pas\u016f\">0<\/td><\/tr><tr class=\"odd\"><td class=\"data-rank\" data-label=\"#\">203<\/td><td class=\"data-name has-photo\" data-label=\"Hr\u00e1\u010d\"><a href=\"https:\/\/soccaczech.cz\/liga\/player\/simon-kluzacek\/\"><span class=\"player-photo\"><img loading=\"lazy\" decoding=\"async\" width=\"400\" height=\"368\" src=\"https:\/\/soccaczech.cz\/liga\/wp-content\/uploads\/1999\/10\/IMG_2898-400x368.png\" class=\"attachment-sportspress-fit-icon size-sportspress-fit-icon wp-post-image\" alt=\"\" \/><\/span>06011 \ud83d\udfe2 \u0160imon Kluz\u00e1\u010dek<\/a><\/td><td class=\"data-team\" data-label=\"T\u00fdm\"><a href=\"https:\/\/soccaczech.cz\/liga\/sport-team\/spartasocca\/\">SPARTA SOCCA<\/a><\/td><td class=\"data-goals\" data-label=\"G\u00f3ly\">0<\/td><td class=\"data-assists\" data-label=\"Asistence\">0<\/td><td class=\"data-yellowcards\" data-label=\"\u017dlut\u00e9 karty\">0<\/td><td class=\"data-redcards\" data-label=\"\u010cerven\u00e9 karty\">0<\/td><td class=\"data-appearances\" data-label=\"Po\u010det z\u00e1pas\u016f\">0<\/td><\/tr><tr class=\"even\"><td class=\"data-rank\" data-label=\"#\">204<\/td><td class=\"data-name has-photo\" data-label=\"Hr\u00e1\u010d\"><a href=\"https:\/\/soccaczech.cz\/liga\/player\/yurii-zakharchuk\/\"><span class=\"player-photo\"><img loading=\"lazy\" decoding=\"async\" width=\"274\" height=\"274\" src=\"https:\/\/soccaczech.cz\/liga\/wp-content\/uploads\/2008\/03\/Yurii-Zakharchuk.png\" class=\"attachment-sportspress-fit-icon size-sportspress-fit-icon wp-post-image\" alt=\"\" \/><\/span>04005 \ud83d\udfe2 Yurii Zakharchuk<\/a><\/td><td class=\"data-team\" data-label=\"T\u00fdm\"><a href=\"https:\/\/soccaczech.cz\/liga\/sport-team\/vism-football\/\">VISM FOOTBALL<\/a><\/td><td class=\"data-goals\" data-label=\"G\u00f3ly\">0<\/td><td class=\"data-assists\" data-label=\"Asistence\">0<\/td><td class=\"data-yellowcards\" data-label=\"\u017dlut\u00e9 karty\">0<\/td><td class=\"data-redcards\" data-label=\"\u010cerven\u00e9 karty\">0<\/td><td class=\"data-appearances\" data-label=\"Po\u010det z\u00e1pas\u016f\">0<\/td><\/tr><tr class=\"odd\"><td class=\"data-rank\" data-label=\"#\">205<\/td><td class=\"data-name has-photo\" data-label=\"Hr\u00e1\u010d\"><a href=\"https:\/\/soccaczech.cz\/liga\/player\/vinicius-veneranda\/\"><span class=\"player-photo\"><img loading=\"lazy\" decoding=\"async\" width=\"400\" height=\"398\" src=\"https:\/\/soccaczech.cz\/liga\/wp-content\/uploads\/1991\/10\/Vinicius-Veneranda-400x398.png\" class=\"attachment-sportspress-fit-icon size-sportspress-fit-icon wp-post-image\" alt=\"\" \/><\/span>02029 \ud83d\udfe2 Vinicius Veneranda<\/a><\/td><td class=\"data-team\" data-label=\"T\u00fdm\"><a href=\"https:\/\/soccaczech.cz\/liga\/sport-team\/fc-andezit\/\">FC ANDEZIT<\/a><\/td><td class=\"data-goals\" data-label=\"G\u00f3ly\">0<\/td><td class=\"data-assists\" data-label=\"Asistence\">0<\/td><td class=\"data-yellowcards\" data-label=\"\u017dlut\u00e9 karty\">0<\/td><td class=\"data-redcards\" data-label=\"\u010cerven\u00e9 karty\">0<\/td><td class=\"data-appearances\" data-label=\"Po\u010det z\u00e1pas\u016f\">0<\/td><\/tr><tr class=\"even\"><td class=\"data-rank\" data-label=\"#\">206<\/td><td class=\"data-name has-photo\" data-label=\"Hr\u00e1\u010d\"><a href=\"https:\/\/soccaczech.cz\/liga\/player\/08010-%f0%9f%9f%a0-ostrovka-dmytro\/\"><span class=\"player-photo\"><img loading=\"lazy\" decoding=\"async\" width=\"400\" height=\"400\" src=\"https:\/\/soccaczech.cz\/liga\/wp-content\/uploads\/2007\/04\/Ostrovka-Dmytro-400x400.png\" class=\"attachment-sportspress-fit-icon size-sportspress-fit-icon wp-post-image\" alt=\"\" \/><\/span>08010 \ud83d\udfe2  Dmytro Ostrovka<\/a><\/td><td class=\"data-team\" data-label=\"T\u00fdm\"><a href=\"https:\/\/soccaczech.cz\/liga\/?post_type=page&amp;p=45434\">-<\/a><\/td><td class=\"data-goals\" data-label=\"G\u00f3ly\">0<\/td><td class=\"data-assists\" data-label=\"Asistence\">0<\/td><td class=\"data-yellowcards\" data-label=\"\u017dlut\u00e9 karty\">0<\/td><td class=\"data-redcards\" data-label=\"\u010cerven\u00e9 karty\">0<\/td><td class=\"data-appearances\" data-label=\"Po\u010det z\u00e1pas\u016f\">1<\/td><\/tr><tr class=\"odd\"><td class=\"data-rank\" data-label=\"#\">207<\/td><td class=\"data-name has-photo\" data-label=\"Hr\u00e1\u010d\"><a href=\"https:\/\/soccaczech.cz\/liga\/player\/010003%f0%9f%9f%a2bodnar-denys\/\"><span class=\"player-photo\"><img loading=\"lazy\" decoding=\"async\" width=\"245\" height=\"400\" src=\"https:\/\/soccaczech.cz\/liga\/wp-content\/uploads\/2026\/02\/010001\ud83d\udfe2-1-245x400.png\" class=\"attachment-sportspress-fit-icon size-sportspress-fit-icon wp-post-image\" alt=\"\" \/><\/span>010012\ud83d\udfe2Denys Bodnar<\/a><\/td><td class=\"data-team\" data-label=\"T\u00fdm\"><a href=\"https:\/\/soccaczech.cz\/liga\/?post_type=page&amp;p=45434\">-<\/a><\/td><td class=\"data-goals\" data-label=\"G\u00f3ly\">0<\/td><td class=\"data-assists\" data-label=\"Asistence\">0<\/td><td class=\"data-yellowcards\" data-label=\"\u017dlut\u00e9 karty\">0<\/td><td class=\"data-redcards\" data-label=\"\u010cerven\u00e9 karty\">0<\/td><td class=\"data-appearances\" data-label=\"Po\u010det z\u00e1pas\u016f\">6<\/td><\/tr><tr class=\"even\"><td class=\"data-rank\" data-label=\"#\">208<\/td><td class=\"data-name has-photo\" data-label=\"Hr\u00e1\u010d\"><a href=\"https:\/\/soccaczech.cz\/liga\/player\/011012%f0%9f%9f%a2-adam-masek\/\"><span class=\"player-photo\"><img loading=\"lazy\" decoding=\"async\" width=\"245\" height=\"400\" src=\"https:\/\/soccaczech.cz\/liga\/wp-content\/uploads\/2026\/02\/010001\ud83d\udfe2-43-245x400.png\" class=\"attachment-sportspress-fit-icon size-sportspress-fit-icon wp-post-image\" alt=\"\" \/><\/span>011012\ud83d\udfe0 Adam Ma\u0161ek<\/a><\/td><td class=\"data-team\" data-label=\"T\u00fdm\"><a href=\"https:\/\/soccaczech.cz\/liga\/sport-team\/sport-overtime-2\/\">SPORT OVERTIME<\/a><\/td><td class=\"data-goals\" data-label=\"G\u00f3ly\">0<\/td><td class=\"data-assists\" data-label=\"Asistence\">0<\/td><td class=\"data-yellowcards\" data-label=\"\u017dlut\u00e9 karty\">0<\/td><td class=\"data-redcards\" data-label=\"\u010cerven\u00e9 karty\">0<\/td><td class=\"data-appearances\" data-label=\"Po\u010det z\u00e1pas\u016f\">0<\/td><\/tr><tr class=\"odd\"><td class=\"data-rank\" data-label=\"#\">209<\/td><td class=\"data-name has-photo\" data-label=\"Hr\u00e1\u010d\"><a href=\"https:\/\/soccaczech.cz\/liga\/player\/011017%f0%9f%9f%a0-radim-soucek\/\"><span class=\"player-photo\"><img loading=\"lazy\" decoding=\"async\" width=\"184\" height=\"400\" src=\"https:\/\/soccaczech.cz\/liga\/wp-content\/uploads\/2026\/03\/IMG_0876-184x400.png\" class=\"attachment-sportspress-fit-icon size-sportspress-fit-icon wp-post-image\" alt=\"\" \/><\/span>011017\ud83d\udfe0 Radim Sou\u010dek<\/a><\/td><td class=\"data-team\" data-label=\"T\u00fdm\"><a href=\"https:\/\/soccaczech.cz\/liga\/sport-team\/sport-overtime-2\/\">SPORT OVERTIME<\/a><\/td><td class=\"data-goals\" data-label=\"G\u00f3ly\">0<\/td><td class=\"data-assists\" data-label=\"Asistence\">0<\/td><td class=\"data-yellowcards\" data-label=\"\u017dlut\u00e9 karty\">0<\/td><td class=\"data-redcards\" data-label=\"\u010cerven\u00e9 karty\">0<\/td><td class=\"data-appearances\" data-label=\"Po\u010det z\u00e1pas\u016f\">0<\/td><\/tr><tr class=\"even\"><td class=\"data-rank\" data-label=\"#\">210<\/td><td class=\"data-name has-photo\" data-label=\"Hr\u00e1\u010d\"><a href=\"https:\/\/soccaczech.cz\/liga\/player\/03036%f0%9f%9f%a0jan-vokrinek\/\"><span class=\"player-photo\"><img loading=\"lazy\" decoding=\"async\" width=\"302\" height=\"400\" src=\"https:\/\/soccaczech.cz\/liga\/wp-content\/uploads\/2001\/03\/Jan-Vokrinek-22.3.2001-302x400.jpg\" class=\"attachment-sportspress-fit-icon size-sportspress-fit-icon wp-post-image\" alt=\"\" \/><\/span>03036\ud83d\udfe0Jan Vok\u0159\u00ednek<\/a><\/td><td class=\"data-team\" data-label=\"T\u00fdm\"><a href=\"https:\/\/soccaczech.cz\/liga\/sport-team\/g-i-c-la-plate\/\">G.I.C. LA PLATE<\/a><\/td><td class=\"data-goals\" data-label=\"G\u00f3ly\">0<\/td><td class=\"data-assists\" data-label=\"Asistence\">0<\/td><td class=\"data-yellowcards\" data-label=\"\u017dlut\u00e9 karty\">0<\/td><td class=\"data-redcards\" data-label=\"\u010cerven\u00e9 karty\">0<\/td><td class=\"data-appearances\" data-label=\"Po\u010det z\u00e1pas\u016f\">0<\/td><\/tr><tr class=\"odd\"><td class=\"data-rank\" data-label=\"#\">211<\/td><td class=\"data-name has-photo\" data-label=\"Hr\u00e1\u010d\"><a href=\"https:\/\/soccaczech.cz\/liga\/player\/matyas-kasal\/\"><span class=\"player-photo\"><img loading=\"lazy\" decoding=\"async\" width=\"346\" height=\"400\" src=\"https:\/\/soccaczech.cz\/liga\/wp-content\/uploads\/2005\/09\/Matyas-Kasal-346x400.png\" class=\"attachment-sportspress-fit-icon size-sportspress-fit-icon wp-post-image\" alt=\"\" \/><\/span>03007 \ud83d\udfe2 Maty\u00e1\u0161 Kasal<\/a><\/td><td class=\"data-team\" data-label=\"T\u00fdm\"><a href=\"https:\/\/soccaczech.cz\/liga\/sport-team\/g-i-c-la-plate\/\">G.I.C. LA PLATE<\/a><\/td><td class=\"data-goals\" data-label=\"G\u00f3ly\">0<\/td><td class=\"data-assists\" data-label=\"Asistence\">0<\/td><td class=\"data-yellowcards\" data-label=\"\u017dlut\u00e9 karty\">0<\/td><td class=\"data-redcards\" data-label=\"\u010cerven\u00e9 karty\">0<\/td><td class=\"data-appearances\" data-label=\"Po\u010det z\u00e1pas\u016f\">1<\/td><\/tr><tr class=\"even\"><td class=\"data-rank\" data-label=\"#\">212<\/td><td class=\"data-name has-photo\" data-label=\"Hr\u00e1\u010d\"><a href=\"https:\/\/soccaczech.cz\/liga\/player\/mykyta-vovchenko\/\"><span class=\"player-photo\"><img loading=\"lazy\" decoding=\"async\" width=\"289\" height=\"400\" src=\"https:\/\/soccaczech.cz\/liga\/wp-content\/uploads\/1993\/10\/IMG_3070-289x400.png\" class=\"attachment-sportspress-fit-icon size-sportspress-fit-icon wp-post-image\" alt=\"\" \/><\/span>02015 \ud83d\udfe2 Mykyta Vovchenko<\/a><\/td><td class=\"data-team\" data-label=\"T\u00fdm\"><a href=\"https:\/\/soccaczech.cz\/liga\/sport-team\/fc-andezit\/\">FC ANDEZIT<\/a><\/td><td class=\"data-goals\" data-label=\"G\u00f3ly\">0<\/td><td class=\"data-assists\" data-label=\"Asistence\">0<\/td><td class=\"data-yellowcards\" data-label=\"\u017dlut\u00e9 karty\">0<\/td><td class=\"data-redcards\" data-label=\"\u010cerven\u00e9 karty\">0<\/td><td class=\"data-appearances\" data-label=\"Po\u010det z\u00e1pas\u016f\">0<\/td><\/tr><tr class=\"odd\"><td class=\"data-rank\" data-label=\"#\">213<\/td><td class=\"data-name has-photo\" data-label=\"Hr\u00e1\u010d\"><a href=\"https:\/\/soccaczech.cz\/liga\/player\/jan-jelinek\/\"><span class=\"player-photo\"><img loading=\"lazy\" decoding=\"async\" width=\"346\" height=\"400\" src=\"https:\/\/soccaczech.cz\/liga\/wp-content\/uploads\/1986\/12\/IMG_3276-346x400.png\" class=\"attachment-sportspress-fit-icon size-sportspress-fit-icon wp-post-image\" alt=\"\" \/><\/span>03020 \ud83d\udfe0 Jan Jel\u00ednek<\/a><\/td><td class=\"data-team\" data-label=\"T\u00fdm\"><a href=\"https:\/\/soccaczech.cz\/liga\/sport-team\/g-i-c-la-plate\/\">G.I.C. LA PLATE<\/a><\/td><td class=\"data-goals\" data-label=\"G\u00f3ly\">0<\/td><td class=\"data-assists\" data-label=\"Asistence\">0<\/td><td class=\"data-yellowcards\" data-label=\"\u017dlut\u00e9 karty\">0<\/td><td class=\"data-redcards\" data-label=\"\u010cerven\u00e9 karty\">0<\/td><td class=\"data-appearances\" data-label=\"Po\u010det z\u00e1pas\u016f\">0<\/td><\/tr><tr class=\"even\"><td class=\"data-rank\" data-label=\"#\">214<\/td><td class=\"data-name has-photo\" data-label=\"Hr\u00e1\u010d\"><a href=\"https:\/\/soccaczech.cz\/liga\/player\/khainas-vladyslav\/\"><span class=\"player-photo\"><img loading=\"lazy\" decoding=\"async\" width=\"396\" height=\"400\" src=\"https:\/\/soccaczech.cz\/liga\/wp-content\/uploads\/2007\/02\/Khainas-Vladyslav-396x400.png\" class=\"attachment-sportspress-fit-icon size-sportspress-fit-icon wp-post-image\" alt=\"\" \/><\/span>05022 \ud83d\udfe2 Khainas Vladyslav<\/a><\/td><td class=\"data-team\" data-label=\"T\u00fdm\"><a href=\"https:\/\/soccaczech.cz\/liga\/sport-team\/mlady-a-perspektivni\/\">MLAD\u00dd A PERSPEKTIVN\u00cd<\/a><\/td><td class=\"data-goals\" data-label=\"G\u00f3ly\">0<\/td><td class=\"data-assists\" data-label=\"Asistence\">0<\/td><td class=\"data-yellowcards\" data-label=\"\u017dlut\u00e9 karty\">0<\/td><td class=\"data-redcards\" data-label=\"\u010cerven\u00e9 karty\">0<\/td><td class=\"data-appearances\" data-label=\"Po\u010det z\u00e1pas\u016f\">0<\/td><\/tr><tr class=\"odd\"><td class=\"data-rank\" data-label=\"#\">215<\/td><td class=\"data-name has-photo\" data-label=\"Hr\u00e1\u010d\"><a href=\"https:\/\/soccaczech.cz\/liga\/player\/09004-%f0%9f%9f%a0-maksym-mazurenko\/\"><span class=\"player-photo\"><img loading=\"lazy\" decoding=\"async\" width=\"314\" height=\"400\" src=\"https:\/\/soccaczech.cz\/liga\/wp-content\/uploads\/2026\/02\/Maksym-Mazurenko-314x400.png\" class=\"attachment-sportspress-fit-icon size-sportspress-fit-icon wp-post-image\" alt=\"\" \/><\/span>09004 \ud83d\udfe2 Maksym Mazurenko<\/a><\/td><td class=\"data-team\" data-label=\"T\u00fdm\"><a href=\"https:\/\/soccaczech.cz\/liga\/sport-team\/fc-prazharka\/\">FC PRAZHARKA<\/a><\/td><td class=\"data-goals\" data-label=\"G\u00f3ly\">0<\/td><td class=\"data-assists\" data-label=\"Asistence\">0<\/td><td class=\"data-yellowcards\" data-label=\"\u017dlut\u00e9 karty\">0<\/td><td class=\"data-redcards\" data-label=\"\u010cerven\u00e9 karty\">0<\/td><td class=\"data-appearances\" data-label=\"Po\u010det z\u00e1pas\u016f\">6<\/td><\/tr><tr class=\"even\"><td class=\"data-rank\" data-label=\"#\">216<\/td><td class=\"data-name\" data-label=\"Hr\u00e1\u010d\"><a href=\"https:\/\/soccaczech.cz\/liga\/player\/012017-%f0%9f%9f%a2-jean-foungala\/\">012017 \ud83d\udfe2 Jean Foungala<\/a><\/td><td class=\"data-team\" data-label=\"T\u00fdm\"><a href=\"https:\/\/soccaczech.cz\/liga\/sport-team\/fc-donbass\/\">FC DONBASS<\/a><\/td><td class=\"data-goals\" data-label=\"G\u00f3ly\">0<\/td><td class=\"data-assists\" data-label=\"Asistence\">0<\/td><td class=\"data-yellowcards\" data-label=\"\u017dlut\u00e9 karty\">0<\/td><td class=\"data-redcards\" data-label=\"\u010cerven\u00e9 karty\">0<\/td><td class=\"data-appearances\" data-label=\"Po\u010det z\u00e1pas\u016f\">0<\/td><\/tr><tr class=\"odd\"><td class=\"data-rank\" data-label=\"#\">217<\/td><td class=\"data-name has-photo\" data-label=\"Hr\u00e1\u010d\"><a href=\"https:\/\/soccaczech.cz\/liga\/player\/011013%f0%9f%9f%a0-libor-kosman-vd\/\"><span class=\"player-photo\"><img loading=\"lazy\" decoding=\"async\" width=\"245\" height=\"400\" src=\"https:\/\/soccaczech.cz\/liga\/wp-content\/uploads\/2026\/02\/010001\ud83d\udfe2-34-245x400.png\" class=\"attachment-sportspress-fit-icon size-sportspress-fit-icon wp-post-image\" alt=\"\" \/><\/span>011013\ud83d\udfe2 Libor Kosman (VD)<\/a><\/td><td class=\"data-team\" data-label=\"T\u00fdm\"><a href=\"https:\/\/soccaczech.cz\/liga\/sport-team\/sport-overtime-2\/\">SPORT OVERTIME<\/a><\/td><td class=\"data-goals\" data-label=\"G\u00f3ly\">0<\/td><td class=\"data-assists\" data-label=\"Asistence\">0<\/td><td class=\"data-yellowcards\" data-label=\"\u017dlut\u00e9 karty\">0<\/td><td class=\"data-redcards\" data-label=\"\u010cerven\u00e9 karty\">0<\/td><td class=\"data-appearances\" data-label=\"Po\u010det z\u00e1pas\u016f\">4<\/td><\/tr><tr class=\"even\"><td class=\"data-rank\" data-label=\"#\">218<\/td><td class=\"data-name has-photo\" data-label=\"Hr\u00e1\u010d\"><a href=\"https:\/\/soccaczech.cz\/liga\/player\/014013-%f0%9f%9f%a0sidor-eduard\/\"><span class=\"player-photo\"><img loading=\"lazy\" decoding=\"async\" width=\"301\" height=\"400\" src=\"https:\/\/soccaczech.cz\/liga\/wp-content\/uploads\/2026\/03\/Sidor-Eduard-1-301x400.jpg\" class=\"attachment-sportspress-fit-icon size-sportspress-fit-icon wp-post-image\" alt=\"\" \/><\/span>014013 \ud83d\udfe0 Eduard Sidor<\/a><\/td><td class=\"data-team\" data-label=\"T\u00fdm\"><a href=\"https:\/\/soccaczech.cz\/liga\/?post_type=page&amp;p=45434\">-<\/a><\/td><td class=\"data-goals\" data-label=\"G\u00f3ly\">0<\/td><td class=\"data-assists\" data-label=\"Asistence\">0<\/td><td class=\"data-yellowcards\" data-label=\"\u017dlut\u00e9 karty\">0<\/td><td class=\"data-redcards\" data-label=\"\u010cerven\u00e9 karty\">0<\/td><td class=\"data-appearances\" data-label=\"Po\u010det z\u00e1pas\u016f\">0<\/td><\/tr><tr class=\"odd\"><td class=\"data-rank\" data-label=\"#\">219<\/td><td class=\"data-name has-photo\" data-label=\"Hr\u00e1\u010d\"><a href=\"https:\/\/soccaczech.cz\/liga\/player\/nika-sichinava\/\"><span class=\"player-photo\"><img loading=\"lazy\" decoding=\"async\" width=\"361\" height=\"400\" src=\"https:\/\/soccaczech.cz\/liga\/wp-content\/uploads\/1994\/07\/IMG_1963-361x400.png\" class=\"attachment-sportspress-fit-icon size-sportspress-fit-icon wp-post-image\" alt=\"\" \/><\/span>01005 \ud83d\udfe0 Nika Sichinava<\/a><\/td><td class=\"data-team\" data-label=\"T\u00fdm\"><a href=\"https:\/\/soccaczech.cz\/liga\/sport-team\/mc-sarmat\/\">MC SARMAT<\/a><\/td><td class=\"data-goals\" data-label=\"G\u00f3ly\">0<\/td><td class=\"data-assists\" data-label=\"Asistence\">0<\/td><td class=\"data-yellowcards\" data-label=\"\u017dlut\u00e9 karty\">0<\/td><td class=\"data-redcards\" data-label=\"\u010cerven\u00e9 karty\">0<\/td><td class=\"data-appearances\" data-label=\"Po\u010det z\u00e1pas\u016f\">0<\/td><\/tr><tr class=\"even\"><td class=\"data-rank\" data-label=\"#\">220<\/td><td class=\"data-name has-photo\" data-label=\"Hr\u00e1\u010d\"><a href=\"https:\/\/soccaczech.cz\/liga\/player\/lukas-reznicek\/\"><span class=\"player-photo\"><img loading=\"lazy\" decoding=\"async\" width=\"271\" height=\"350\" src=\"https:\/\/soccaczech.cz\/liga\/wp-content\/uploads\/2025\/07\/Reznicek-Lukas-2.png\" class=\"attachment-sportspress-fit-icon size-sportspress-fit-icon wp-post-image\" alt=\"\" \/><\/span>00002 \ud83d\udfe2 Luk\u00e1\u0161 \u0158ezn\u00ed\u010dek (VD)<\/a><\/td><td class=\"data-team\" data-label=\"T\u00fdm\"><a href=\"https:\/\/soccaczech.cz\/liga\/sport-team\/spartasocca\/\">SPARTA SOCCA<\/a><\/td><td class=\"data-goals\" data-label=\"G\u00f3ly\">0<\/td><td class=\"data-assists\" data-label=\"Asistence\">0<\/td><td class=\"data-yellowcards\" data-label=\"\u017dlut\u00e9 karty\">0<\/td><td class=\"data-redcards\" data-label=\"\u010cerven\u00e9 karty\">0<\/td><td class=\"data-appearances\" data-label=\"Po\u010det z\u00e1pas\u016f\">0<\/td><\/tr><tr class=\"odd\"><td class=\"data-rank\" data-label=\"#\">221<\/td><td class=\"data-name has-photo\" data-label=\"Hr\u00e1\u010d\"><a href=\"https:\/\/soccaczech.cz\/liga\/player\/viktor-pancev\/\"><span class=\"player-photo\"><img loading=\"lazy\" decoding=\"async\" width=\"260\" height=\"400\" src=\"https:\/\/soccaczech.cz\/liga\/wp-content\/uploads\/2002\/09\/unnamed-1-260x400.jpg\" class=\"attachment-sportspress-fit-icon size-sportspress-fit-icon wp-post-image\" alt=\"\" \/><\/span>02024 \ud83d\udfe2 Viktor Pan\u010dev<\/a><\/td><td class=\"data-team\" data-label=\"T\u00fdm\"><a href=\"https:\/\/soccaczech.cz\/liga\/sport-team\/fc-andezit\/\">FC ANDEZIT<\/a><\/td><td class=\"data-goals\" data-label=\"G\u00f3ly\">0<\/td><td class=\"data-assists\" data-label=\"Asistence\">0<\/td><td class=\"data-yellowcards\" data-label=\"\u017dlut\u00e9 karty\">0<\/td><td class=\"data-redcards\" data-label=\"\u010cerven\u00e9 karty\">0<\/td><td class=\"data-appearances\" data-label=\"Po\u010det z\u00e1pas\u016f\">7<\/td><\/tr><tr class=\"even\"><td class=\"data-rank\" data-label=\"#\">222<\/td><td class=\"data-name has-photo\" data-label=\"Hr\u00e1\u010d\"><a href=\"https:\/\/soccaczech.cz\/liga\/player\/michal-panek\/\"><span class=\"player-photo\"><img loading=\"lazy\" decoding=\"async\" width=\"351\" height=\"400\" src=\"https:\/\/soccaczech.cz\/liga\/wp-content\/uploads\/2006\/06\/michalpanek-351x400.png\" class=\"attachment-sportspress-fit-icon size-sportspress-fit-icon wp-post-image\" alt=\"\" \/><\/span>06044 \ud83d\udfe0 Michal P\u00e1nek<\/a><\/td><td class=\"data-team\" data-label=\"T\u00fdm\"><a href=\"https:\/\/soccaczech.cz\/liga\/sport-team\/spartasocca\/\">SPARTA SOCCA<\/a><\/td><td class=\"data-goals\" data-label=\"G\u00f3ly\">0<\/td><td class=\"data-assists\" data-label=\"Asistence\">0<\/td><td class=\"data-yellowcards\" data-label=\"\u017dlut\u00e9 karty\">0<\/td><td class=\"data-redcards\" data-label=\"\u010cerven\u00e9 karty\">0<\/td><td class=\"data-appearances\" data-label=\"Po\u010det z\u00e1pas\u016f\">0<\/td><\/tr><tr class=\"odd\"><td class=\"data-rank\" data-label=\"#\">223<\/td><td class=\"data-name has-photo\" data-label=\"Hr\u00e1\u010d\"><a href=\"https:\/\/soccaczech.cz\/liga\/player\/07014-%f0%9f%9f%a0-david-dusek\/\"><span class=\"player-photo\"><img loading=\"lazy\" decoding=\"async\" width=\"245\" height=\"400\" src=\"https:\/\/soccaczech.cz\/liga\/wp-content\/uploads\/2004\/05\/010001\ud83d\udfe2-51-245x400.png\" class=\"attachment-sportspress-fit-icon size-sportspress-fit-icon wp-post-image\" alt=\"\" \/><\/span>07014 \ud83d\udfe0 David Du\u0161ek<\/a><\/td><td class=\"data-team\" data-label=\"T\u00fdm\"><a href=\"https:\/\/soccaczech.cz\/liga\/sport-team\/fc-pohoda-socca\/\">FC POHODA SOCCA<\/a><\/td><td class=\"data-goals\" data-label=\"G\u00f3ly\">0<\/td><td class=\"data-assists\" data-label=\"Asistence\">0<\/td><td class=\"data-yellowcards\" data-label=\"\u017dlut\u00e9 karty\">0<\/td><td class=\"data-redcards\" data-label=\"\u010cerven\u00e9 karty\">0<\/td><td class=\"data-appearances\" data-label=\"Po\u010det z\u00e1pas\u016f\">2<\/td><\/tr><tr class=\"even\"><td class=\"data-rank\" data-label=\"#\">224<\/td><td class=\"data-name has-photo\" data-label=\"Hr\u00e1\u010d\"><a href=\"https:\/\/soccaczech.cz\/liga\/player\/09015-%f0%9f%9f%a0-chubei-roman\/\"><span class=\"player-photo\"><img loading=\"lazy\" decoding=\"async\" width=\"352\" height=\"400\" src=\"https:\/\/soccaczech.cz\/liga\/wp-content\/uploads\/2026\/02\/Chubei-Roman-352x400.png\" class=\"attachment-sportspress-fit-icon size-sportspress-fit-icon wp-post-image\" alt=\"\" \/><\/span>09015 \ud83d\udfe2Roman Chubei<\/a><\/td><td class=\"data-team\" data-label=\"T\u00fdm\"><a href=\"https:\/\/soccaczech.cz\/liga\/sport-team\/fc-prazharka\/\">FC PRAZHARKA<\/a><\/td><td class=\"data-goals\" data-label=\"G\u00f3ly\">0<\/td><td class=\"data-assists\" data-label=\"Asistence\">0<\/td><td class=\"data-yellowcards\" data-label=\"\u017dlut\u00e9 karty\">0<\/td><td class=\"data-redcards\" data-label=\"\u010cerven\u00e9 karty\">0<\/td><td class=\"data-appearances\" data-label=\"Po\u010det z\u00e1pas\u016f\">6<\/td><\/tr><tr class=\"odd\"><td class=\"data-rank\" data-label=\"#\">225<\/td><td class=\"data-name\" data-label=\"Hr\u00e1\u010d\"><a href=\"https:\/\/soccaczech.cz\/liga\/player\/07027-%f0%9f%9f%a2-jan-lacko\/\">07027 \ud83d\udfe2 Jan Lacko<\/a><\/td><td class=\"data-team\" data-label=\"T\u00fdm\"><a href=\"https:\/\/soccaczech.cz\/liga\/sport-team\/fc-pohoda-socca\/\">FC POHODA SOCCA<\/a><\/td><td class=\"data-goals\" data-label=\"G\u00f3ly\">0<\/td><td class=\"data-assists\" data-label=\"Asistence\">0<\/td><td class=\"data-yellowcards\" data-label=\"\u017dlut\u00e9 karty\">0<\/td><td class=\"data-redcards\" data-label=\"\u010cerven\u00e9 karty\">0<\/td><td class=\"data-appearances\" data-label=\"Po\u010det z\u00e1pas\u016f\">0<\/td><\/tr><tr class=\"even\"><td class=\"data-rank\" data-label=\"#\">226<\/td><td class=\"data-name has-photo\" data-label=\"Hr\u00e1\u010d\"><a href=\"https:\/\/soccaczech.cz\/liga\/player\/07017-%f0%9f%9f%a0robin-kutina\/\"><span class=\"player-photo\"><img loading=\"lazy\" decoding=\"async\" width=\"245\" height=\"400\" src=\"https:\/\/soccaczech.cz\/liga\/wp-content\/uploads\/2026\/02\/010001\ud83d\udfe2-29-245x400.png\" class=\"attachment-sportspress-fit-icon size-sportspress-fit-icon wp-post-image\" alt=\"\" \/><\/span>07017 \ud83d\udfe0Robin Kutina<\/a><\/td><td class=\"data-team\" data-label=\"T\u00fdm\"><a href=\"https:\/\/soccaczech.cz\/liga\/sport-team\/fc-pohoda-socca\/\">FC POHODA SOCCA<\/a><\/td><td class=\"data-goals\" data-label=\"G\u00f3ly\">0<\/td><td class=\"data-assists\" data-label=\"Asistence\">0<\/td><td class=\"data-yellowcards\" data-label=\"\u017dlut\u00e9 karty\">0<\/td><td class=\"data-redcards\" data-label=\"\u010cerven\u00e9 karty\">0<\/td><td class=\"data-appearances\" data-label=\"Po\u010det z\u00e1pas\u016f\">0<\/td><\/tr><tr class=\"odd\"><td class=\"data-rank\" data-label=\"#\">227<\/td><td class=\"data-name has-photo\" data-label=\"Hr\u00e1\u010d\"><a href=\"https:\/\/soccaczech.cz\/liga\/player\/013009%f0%9f%9f%a0dmytro-andreik%d0%be\/\"><span class=\"player-photo\"><img loading=\"lazy\" decoding=\"async\" width=\"245\" height=\"400\" src=\"https:\/\/soccaczech.cz\/liga\/wp-content\/uploads\/2026\/03\/010001\ud83d\udfe2-23-245x400.png\" class=\"attachment-sportspress-fit-icon size-sportspress-fit-icon wp-post-image\" alt=\"\" \/><\/span>013009\ud83d\udfe2DMYTRO ANDREIK\u041e<\/a><\/td><td class=\"data-team\" data-label=\"T\u00fdm\"><a href=\"https:\/\/soccaczech.cz\/liga\/?post_type=page&amp;p=45434\">-<\/a><\/td><td class=\"data-goals\" data-label=\"G\u00f3ly\">0<\/td><td class=\"data-assists\" data-label=\"Asistence\">0<\/td><td class=\"data-yellowcards\" data-label=\"\u017dlut\u00e9 karty\">0<\/td><td class=\"data-redcards\" data-label=\"\u010cerven\u00e9 karty\">0<\/td><td class=\"data-appearances\" data-label=\"Po\u010det z\u00e1pas\u016f\">1<\/td><\/tr><tr class=\"even\"><td class=\"data-rank\" data-label=\"#\">228<\/td><td class=\"data-name has-photo\" data-label=\"Hr\u00e1\u010d\"><a href=\"https:\/\/soccaczech.cz\/liga\/player\/015005%f0%9f%9f%a0-tsipkalo-mykhailo\/\"><span class=\"player-photo\"><img loading=\"lazy\" decoding=\"async\" width=\"225\" height=\"400\" src=\"https:\/\/soccaczech.cz\/liga\/wp-content\/uploads\/2026\/03\/unnamed-4-225x400.jpg\" class=\"attachment-sportspress-fit-icon size-sportspress-fit-icon wp-post-image\" alt=\"\" \/><\/span>015005\ud83d\udfe2 Tsipkalo Mykhailo<\/a><\/td><td class=\"data-team\" data-label=\"T\u00fdm\"><a href=\"https:\/\/soccaczech.cz\/liga\/sport-team\/fc-trident\/\">FC TRIDENT<\/a><\/td><td class=\"data-goals\" data-label=\"G\u00f3ly\">0<\/td><td class=\"data-assists\" data-label=\"Asistence\">0<\/td><td class=\"data-yellowcards\" data-label=\"\u017dlut\u00e9 karty\">0<\/td><td class=\"data-redcards\" data-label=\"\u010cerven\u00e9 karty\">0<\/td><td class=\"data-appearances\" data-label=\"Po\u010det z\u00e1pas\u016f\">5<\/td><\/tr><tr class=\"odd\"><td class=\"data-rank\" data-label=\"#\">229<\/td><td class=\"data-name has-photo\" data-label=\"Hr\u00e1\u010d\"><a href=\"https:\/\/soccaczech.cz\/liga\/player\/08022-%f0%9f%9f%a0denys-tokar\/\"><span class=\"player-photo\"><img loading=\"lazy\" decoding=\"async\" width=\"269\" height=\"400\" src=\"https:\/\/soccaczech.cz\/liga\/wp-content\/uploads\/2026\/03\/oleksandr-269x400.png\" class=\"attachment-sportspress-fit-icon size-sportspress-fit-icon wp-post-image\" alt=\"\" \/><\/span>08022 \ud83d\udfe0Oleksandr Derevianko<\/a><\/td><td class=\"data-team\" data-label=\"T\u00fdm\"><a href=\"https:\/\/soccaczech.cz\/liga\/sport-team\/fc-mukachevo\/\">FC MUKACHEVO<\/a><\/td><td class=\"data-goals\" data-label=\"G\u00f3ly\">0<\/td><td class=\"data-assists\" data-label=\"Asistence\">0<\/td><td class=\"data-yellowcards\" data-label=\"\u017dlut\u00e9 karty\">0<\/td><td class=\"data-redcards\" data-label=\"\u010cerven\u00e9 karty\">0<\/td><td class=\"data-appearances\" data-label=\"Po\u010det z\u00e1pas\u016f\">0<\/td><\/tr><tr class=\"even\"><td class=\"data-rank\" data-label=\"#\">230<\/td><td class=\"data-name has-photo\" data-label=\"Hr\u00e1\u010d\"><a href=\"https:\/\/soccaczech.cz\/liga\/player\/011033%f0%9f%9f%a0filip-vyborny\/\"><span class=\"player-photo\"><img loading=\"lazy\" decoding=\"async\" width=\"300\" height=\"400\" src=\"https:\/\/soccaczech.cz\/liga\/wp-content\/uploads\/2026\/04\/WhatsApp-Image-2026-04-09-at-10.42.35-300x400.jpeg\" class=\"attachment-sportspress-fit-icon size-sportspress-fit-icon wp-post-image\" alt=\"\" \/><\/span>011033\ud83d\udfe2 Filip V\u00fdborn\u00fd<\/a><\/td><td class=\"data-team\" data-label=\"T\u00fdm\"><a href=\"https:\/\/soccaczech.cz\/liga\/?post_type=page&amp;p=45434\">-<\/a><\/td><td class=\"data-goals\" data-label=\"G\u00f3ly\">0<\/td><td class=\"data-assists\" data-label=\"Asistence\">0<\/td><td class=\"data-yellowcards\" data-label=\"\u017dlut\u00e9 karty\">0<\/td><td class=\"data-redcards\" data-label=\"\u010cerven\u00e9 karty\">0<\/td><td class=\"data-appearances\" data-label=\"Po\u010det z\u00e1pas\u016f\">1<\/td><\/tr><tr class=\"odd\"><td class=\"data-rank\" data-label=\"#\">231<\/td><td class=\"data-name has-photo\" data-label=\"Hr\u00e1\u010d\"><a href=\"https:\/\/soccaczech.cz\/liga\/player\/tomas-kuchta\/\"><span class=\"player-photo\"><img loading=\"lazy\" decoding=\"async\" width=\"291\" height=\"400\" src=\"https:\/\/soccaczech.cz\/liga\/wp-content\/uploads\/2002\/03\/IMG_2918-291x400.png\" class=\"attachment-sportspress-fit-icon size-sportspress-fit-icon wp-post-image\" alt=\"\" \/><\/span>01015 \ud83d\udfe0 Tom\u00e1\u0161 Kuchta<\/a><\/td><td class=\"data-team\" data-label=\"T\u00fdm\"><a href=\"https:\/\/soccaczech.cz\/liga\/sport-team\/mc-sarmat\/\">MC SARMAT<\/a><\/td><td class=\"data-goals\" data-label=\"G\u00f3ly\">0<\/td><td class=\"data-assists\" data-label=\"Asistence\">0<\/td><td class=\"data-yellowcards\" data-label=\"\u017dlut\u00e9 karty\">0<\/td><td class=\"data-redcards\" data-label=\"\u010cerven\u00e9 karty\">0<\/td><td class=\"data-appearances\" data-label=\"Po\u010det z\u00e1pas\u016f\">0<\/td><\/tr><tr class=\"even\"><td class=\"data-rank\" data-label=\"#\">232<\/td><td class=\"data-name has-photo\" data-label=\"Hr\u00e1\u010d\"><a href=\"https:\/\/soccaczech.cz\/liga\/player\/lukas-dufek\/\"><span class=\"player-photo\"><img loading=\"lazy\" decoding=\"async\" width=\"336\" height=\"400\" src=\"https:\/\/soccaczech.cz\/liga\/wp-content\/uploads\/1993\/09\/IMG_2869-336x400.jpeg\" class=\"attachment-sportspress-fit-icon size-sportspress-fit-icon wp-post-image\" alt=\"\" \/><\/span>06012 \ud83d\udfe0 Luk\u00e1\u0161 Dufek<\/a><\/td><td class=\"data-team\" data-label=\"T\u00fdm\"><a href=\"https:\/\/soccaczech.cz\/liga\/sport-team\/spartasocca\/\">SPARTA SOCCA<\/a><\/td><td class=\"data-goals\" data-label=\"G\u00f3ly\">0<\/td><td class=\"data-assists\" data-label=\"Asistence\">0<\/td><td class=\"data-yellowcards\" data-label=\"\u017dlut\u00e9 karty\">0<\/td><td class=\"data-redcards\" data-label=\"\u010cerven\u00e9 karty\">0<\/td><td class=\"data-appearances\" data-label=\"Po\u010det z\u00e1pas\u016f\">0<\/td><\/tr><tr class=\"odd\"><td class=\"data-rank\" data-label=\"#\">233<\/td><td class=\"data-name has-photo\" data-label=\"Hr\u00e1\u010d\"><a href=\"https:\/\/soccaczech.cz\/liga\/player\/oleksandr-derevianko\/\"><span class=\"player-photo\"><img loading=\"lazy\" decoding=\"async\" width=\"274\" height=\"278\" src=\"https:\/\/soccaczech.cz\/liga\/wp-content\/uploads\/2008\/03\/Oleksandr-Derevianko.png\" class=\"attachment-sportspress-fit-icon size-sportspress-fit-icon wp-post-image\" alt=\"\" \/><\/span>04007 \ud83d\udfe2 Oleksandr Derevianko<\/a><\/td><td class=\"data-team\" data-label=\"T\u00fdm\"><a href=\"https:\/\/soccaczech.cz\/liga\/sport-team\/vism-football\/\">VISM FOOTBALL<\/a><\/td><td class=\"data-goals\" data-label=\"G\u00f3ly\">0<\/td><td class=\"data-assists\" data-label=\"Asistence\">0<\/td><td class=\"data-yellowcards\" data-label=\"\u017dlut\u00e9 karty\">0<\/td><td class=\"data-redcards\" data-label=\"\u010cerven\u00e9 karty\">0<\/td><td class=\"data-appearances\" data-label=\"Po\u010det z\u00e1pas\u016f\">0<\/td><\/tr><tr class=\"even\"><td class=\"data-rank\" data-label=\"#\">234<\/td><td class=\"data-name has-photo\" data-label=\"Hr\u00e1\u010d\"><a href=\"https:\/\/soccaczech.cz\/liga\/player\/jakub-vodilka\/\"><span class=\"player-photo\"><img loading=\"lazy\" decoding=\"async\" width=\"296\" height=\"400\" src=\"https:\/\/soccaczech.cz\/liga\/wp-content\/uploads\/2005\/11\/Jakub-Vodilka-296x400.png\" class=\"attachment-sportspress-fit-icon size-sportspress-fit-icon wp-post-image\" alt=\"\" \/><\/span>03026 \ud83d\udfe2 Jakub Vodilka<\/a><\/td><td class=\"data-team\" data-label=\"T\u00fdm\"><a href=\"https:\/\/soccaczech.cz\/liga\/sport-team\/g-i-c-la-plate\/\">G.I.C. LA PLATE<\/a><\/td><td class=\"data-goals\" data-label=\"G\u00f3ly\">0<\/td><td class=\"data-assists\" data-label=\"Asistence\">0<\/td><td class=\"data-yellowcards\" data-label=\"\u017dlut\u00e9 karty\">0<\/td><td class=\"data-redcards\" data-label=\"\u010cerven\u00e9 karty\">0<\/td><td class=\"data-appearances\" data-label=\"Po\u010det z\u00e1pas\u016f\">0<\/td><\/tr><tr class=\"odd\"><td class=\"data-rank\" data-label=\"#\">235<\/td><td class=\"data-name has-photo\" data-label=\"Hr\u00e1\u010d\"><a href=\"https:\/\/soccaczech.cz\/liga\/player\/ivan-levicky\/\"><span class=\"player-photo\"><img loading=\"lazy\" decoding=\"async\" width=\"335\" height=\"400\" src=\"https:\/\/soccaczech.cz\/liga\/wp-content\/uploads\/2009\/05\/IvanLevicky-335x400.png\" class=\"attachment-sportspress-fit-icon size-sportspress-fit-icon wp-post-image\" alt=\"\" \/><\/span>03030 \ud83d\udfe2 Ivan Levick\u00fd<\/a><\/td><td class=\"data-team\" data-label=\"T\u00fdm\"><a href=\"https:\/\/soccaczech.cz\/liga\/?post_type=page&amp;p=45434\">-<\/a><\/td><td class=\"data-goals\" data-label=\"G\u00f3ly\">0<\/td><td class=\"data-assists\" data-label=\"Asistence\">0<\/td><td class=\"data-yellowcards\" data-label=\"\u017dlut\u00e9 karty\">0<\/td><td class=\"data-redcards\" data-label=\"\u010cerven\u00e9 karty\">0<\/td><td class=\"data-appearances\" data-label=\"Po\u010det z\u00e1pas\u016f\">1<\/td><\/tr><tr class=\"even\"><td class=\"data-rank\" data-label=\"#\">236<\/td><td class=\"data-name has-photo\" data-label=\"Hr\u00e1\u010d\"><a href=\"https:\/\/soccaczech.cz\/liga\/player\/04025%f0%9f%9f%a0pavlo-brana\/\"><span class=\"player-photo\"><img loading=\"lazy\" decoding=\"async\" width=\"178\" height=\"400\" src=\"https:\/\/soccaczech.cz\/liga\/wp-content\/uploads\/2026\/03\/WhatsApp-Image-2026-03-07-at-16.02.06-178x400.jpeg\" class=\"attachment-sportspress-fit-icon size-sportspress-fit-icon wp-post-image\" alt=\"\" \/><\/span>04025\ud83d\udfe0Pavlo Brana<\/a><\/td><td class=\"data-team\" data-label=\"T\u00fdm\"><a href=\"https:\/\/soccaczech.cz\/liga\/sport-team\/vism-football\/\">VISM FOOTBALL<\/a><\/td><td class=\"data-goals\" data-label=\"G\u00f3ly\">0<\/td><td class=\"data-assists\" data-label=\"Asistence\">0<\/td><td class=\"data-yellowcards\" data-label=\"\u017dlut\u00e9 karty\">0<\/td><td class=\"data-redcards\" data-label=\"\u010cerven\u00e9 karty\">0<\/td><td class=\"data-appearances\" data-label=\"Po\u010det z\u00e1pas\u016f\">0<\/td><\/tr><tr class=\"odd\"><td class=\"data-rank\" data-label=\"#\">237<\/td><td class=\"data-name has-photo\" data-label=\"Hr\u00e1\u010d\"><a href=\"https:\/\/soccaczech.cz\/liga\/player\/010005%f0%9f%9f%a2kindratyshyn-bohdan\/\"><span class=\"player-photo\"><img loading=\"lazy\" decoding=\"async\" width=\"245\" height=\"400\" src=\"https:\/\/soccaczech.cz\/liga\/wp-content\/uploads\/2026\/02\/010001\ud83d\udfe2-3-245x400.png\" class=\"attachment-sportspress-fit-icon size-sportspress-fit-icon wp-post-image\" alt=\"\" \/><\/span>010010\ud83d\udfe0Bohdan Kindratyshyn<\/a><\/td><td class=\"data-team\" data-label=\"T\u00fdm\"><a href=\"https:\/\/soccaczech.cz\/liga\/?post_type=page&amp;p=45434\">-<\/a><\/td><td class=\"data-goals\" data-label=\"G\u00f3ly\">0<\/td><td class=\"data-assists\" data-label=\"Asistence\">0<\/td><td class=\"data-yellowcards\" data-label=\"\u017dlut\u00e9 karty\">0<\/td><td class=\"data-redcards\" data-label=\"\u010cerven\u00e9 karty\">0<\/td><td class=\"data-appearances\" data-label=\"Po\u010det z\u00e1pas\u016f\">1<\/td><\/tr><tr class=\"even\"><td class=\"data-rank\" data-label=\"#\">238<\/td><td class=\"data-name has-photo\" data-label=\"Hr\u00e1\u010d\"><a href=\"https:\/\/soccaczech.cz\/liga\/player\/011007%f0%9f%9f%a2-krystof-winter-2\/\"><span class=\"player-photo\"><img loading=\"lazy\" decoding=\"async\" width=\"245\" height=\"400\" src=\"https:\/\/soccaczech.cz\/liga\/wp-content\/uploads\/2026\/02\/010001\ud83d\udfe2-37-245x400.png\" class=\"attachment-sportspress-fit-icon size-sportspress-fit-icon wp-post-image\" alt=\"\" \/><\/span>011007\ud83d\udfe2 Kry\u0161tof Winter<\/a><\/td><td class=\"data-team\" data-label=\"T\u00fdm\"><a href=\"https:\/\/soccaczech.cz\/liga\/sport-team\/sport-overtime-2\/\">SPORT OVERTIME<\/a><\/td><td class=\"data-goals\" data-label=\"G\u00f3ly\">0<\/td><td class=\"data-assists\" data-label=\"Asistence\">0<\/td><td class=\"data-yellowcards\" data-label=\"\u017dlut\u00e9 karty\">0<\/td><td class=\"data-redcards\" data-label=\"\u010cerven\u00e9 karty\">0<\/td><td class=\"data-appearances\" data-label=\"Po\u010det z\u00e1pas\u016f\">0<\/td><\/tr><tr class=\"odd\"><td class=\"data-rank\" data-label=\"#\">239<\/td><td class=\"data-name has-photo\" data-label=\"Hr\u00e1\u010d\"><a href=\"https:\/\/soccaczech.cz\/liga\/player\/011018%f0%9f%9f%a0-vladimir-beer\/\"><span class=\"player-photo\"><img loading=\"lazy\" decoding=\"async\" width=\"184\" height=\"400\" src=\"https:\/\/soccaczech.cz\/liga\/wp-content\/uploads\/2026\/03\/Vladimir-Beer-184x400.jpeg\" class=\"attachment-sportspress-fit-icon size-sportspress-fit-icon wp-post-image\" alt=\"\" \/><\/span>011018\ud83d\udfe0 Vladim\u00edr Beer<\/a><\/td><td class=\"data-team\" data-label=\"T\u00fdm\"><a href=\"https:\/\/soccaczech.cz\/liga\/sport-team\/spartasocca\/\">SPARTA SOCCA<\/a><\/td><td class=\"data-goals\" data-label=\"G\u00f3ly\">0<\/td><td class=\"data-assists\" data-label=\"Asistence\">0<\/td><td class=\"data-yellowcards\" data-label=\"\u017dlut\u00e9 karty\">0<\/td><td class=\"data-redcards\" data-label=\"\u010cerven\u00e9 karty\">0<\/td><td class=\"data-appearances\" data-label=\"Po\u010det z\u00e1pas\u016f\">0<\/td><\/tr><tr class=\"even\"><td class=\"data-rank\" data-label=\"#\">240<\/td><td class=\"data-name has-photo\" data-label=\"Hr\u00e1\u010d\"><a href=\"https:\/\/soccaczech.cz\/liga\/player\/miroslav-rajsner\/\"><span class=\"player-photo\"><img loading=\"lazy\" decoding=\"async\" width=\"347\" height=\"400\" src=\"https:\/\/soccaczech.cz\/liga\/wp-content\/uploads\/2005\/09\/Miroslav-Rajsner-347x400.png\" class=\"attachment-sportspress-fit-icon size-sportspress-fit-icon wp-post-image\" alt=\"\" \/><\/span>03008 \ud83d\udfe2 Miroslav Raj\u0161ner<\/a><\/td><td class=\"data-team\" data-label=\"T\u00fdm\"><a href=\"https:\/\/soccaczech.cz\/liga\/sport-team\/g-i-c-la-plate\/\">G.I.C. LA PLATE<\/a><\/td><td class=\"data-goals\" data-label=\"G\u00f3ly\">0<\/td><td class=\"data-assists\" data-label=\"Asistence\">0<\/td><td class=\"data-yellowcards\" data-label=\"\u017dlut\u00e9 karty\">0<\/td><td class=\"data-redcards\" data-label=\"\u010cerven\u00e9 karty\">0<\/td><td class=\"data-appearances\" data-label=\"Po\u010det z\u00e1pas\u016f\">1<\/td><\/tr><tr class=\"odd\"><td class=\"data-rank\" data-label=\"#\">241<\/td><td class=\"data-name has-photo\" data-label=\"Hr\u00e1\u010d\"><a href=\"https:\/\/soccaczech.cz\/liga\/player\/serhii-lapa\/\"><span class=\"player-photo\"><img loading=\"lazy\" decoding=\"async\" width=\"322\" height=\"400\" src=\"https:\/\/soccaczech.cz\/liga\/wp-content\/uploads\/1992\/08\/IMG_3071-322x400.png\" class=\"attachment-sportspress-fit-icon size-sportspress-fit-icon wp-post-image\" alt=\"\" \/><\/span>02016 \ud83d\udfe2 Serhii Lapa<\/a><\/td><td class=\"data-team\" data-label=\"T\u00fdm\"><a href=\"https:\/\/soccaczech.cz\/liga\/sport-team\/fc-andezit\/\">FC ANDEZIT<\/a><\/td><td class=\"data-goals\" data-label=\"G\u00f3ly\">0<\/td><td class=\"data-assists\" data-label=\"Asistence\">0<\/td><td class=\"data-yellowcards\" data-label=\"\u017dlut\u00e9 karty\">0<\/td><td class=\"data-redcards\" data-label=\"\u010cerven\u00e9 karty\">0<\/td><td class=\"data-appearances\" data-label=\"Po\u010det z\u00e1pas\u016f\">0<\/td><\/tr><tr class=\"even\"><td class=\"data-rank\" data-label=\"#\">242<\/td><td class=\"data-name has-photo\" data-label=\"Hr\u00e1\u010d\"><a href=\"https:\/\/soccaczech.cz\/liga\/player\/denis-vrchota\/\"><span class=\"player-photo\"><img loading=\"lazy\" decoding=\"async\" width=\"245\" height=\"400\" src=\"https:\/\/soccaczech.cz\/liga\/wp-content\/uploads\/2004\/10\/010001\ud83d\udfe2-39-245x400.png\" class=\"attachment-sportspress-fit-icon size-sportspress-fit-icon wp-post-image\" alt=\"\" \/><\/span>011009\ud83d\udfe2 Denis Vrchota<\/a><\/td><td class=\"data-team\" data-label=\"T\u00fdm\"><a href=\"https:\/\/soccaczech.cz\/liga\/sport-team\/spartasocca\/\">SPARTA SOCCA<\/a><\/td><td class=\"data-goals\" data-label=\"G\u00f3ly\">0<\/td><td class=\"data-assists\" data-label=\"Asistence\">0<\/td><td class=\"data-yellowcards\" data-label=\"\u017dlut\u00e9 karty\">0<\/td><td class=\"data-redcards\" data-label=\"\u010cerven\u00e9 karty\">0<\/td><td class=\"data-appearances\" data-label=\"Po\u010det z\u00e1pas\u016f\">3<\/td><\/tr><tr class=\"odd\"><td class=\"data-rank\" data-label=\"#\">243<\/td><td class=\"data-name has-photo\" data-label=\"Hr\u00e1\u010d\"><a href=\"https:\/\/soccaczech.cz\/liga\/player\/serhiy-mashtalir\/\"><span class=\"player-photo\"><img loading=\"lazy\" decoding=\"async\" width=\"291\" height=\"400\" src=\"https:\/\/soccaczech.cz\/liga\/wp-content\/uploads\/1993\/08\/Sergiy-Mashtalir-291x400.png\" class=\"attachment-sportspress-fit-icon size-sportspress-fit-icon wp-post-image\" alt=\"\" \/><\/span>02030 \ud83d\udfe2 Serhiy Mashtalir<\/a><\/td><td class=\"data-team\" data-label=\"T\u00fdm\"><a href=\"https:\/\/soccaczech.cz\/liga\/sport-team\/fc-andezit\/\">FC ANDEZIT<\/a><\/td><td class=\"data-goals\" data-label=\"G\u00f3ly\">0<\/td><td class=\"data-assists\" data-label=\"Asistence\">0<\/td><td class=\"data-yellowcards\" data-label=\"\u017dlut\u00e9 karty\">0<\/td><td class=\"data-redcards\" data-label=\"\u010cerven\u00e9 karty\">0<\/td><td class=\"data-appearances\" data-label=\"Po\u010det z\u00e1pas\u016f\">0<\/td><\/tr><tr class=\"even\"><td class=\"data-rank\" data-label=\"#\">244<\/td><td class=\"data-name has-photo\" data-label=\"Hr\u00e1\u010d\"><a href=\"https:\/\/soccaczech.cz\/liga\/player\/09005-%f0%9f%9f%a0-serhii-lysenko\/\"><span class=\"player-photo\"><img loading=\"lazy\" decoding=\"async\" width=\"322\" height=\"400\" src=\"https:\/\/soccaczech.cz\/liga\/wp-content\/uploads\/2026\/02\/Serhii-Lysenko-322x400.png\" class=\"attachment-sportspress-fit-icon size-sportspress-fit-icon wp-post-image\" alt=\"\" \/><\/span>09005 \ud83d\udfe2 Serhii Lysenko<\/a><\/td><td class=\"data-team\" data-label=\"T\u00fdm\"><a href=\"https:\/\/soccaczech.cz\/liga\/?post_type=page&amp;p=45434\">-<\/a><\/td><td class=\"data-goals\" data-label=\"G\u00f3ly\">0<\/td><td class=\"data-assists\" data-label=\"Asistence\">0<\/td><td class=\"data-yellowcards\" data-label=\"\u017dlut\u00e9 karty\">0<\/td><td class=\"data-redcards\" data-label=\"\u010cerven\u00e9 karty\">0<\/td><td class=\"data-appearances\" data-label=\"Po\u010det z\u00e1pas\u016f\">2<\/td><\/tr><tr class=\"odd\"><td class=\"data-rank\" data-label=\"#\">245<\/td><td class=\"data-name has-photo\" data-label=\"Hr\u00e1\u010d\"><a href=\"https:\/\/soccaczech.cz\/liga\/player\/012018-%f0%9f%9f%a2-krystof-pancev\/\"><span class=\"player-photo\"><img loading=\"lazy\" decoding=\"async\" width=\"320\" height=\"400\" src=\"https:\/\/soccaczech.cz\/liga\/wp-content\/uploads\/2026\/04\/WhatsApp-Image-2026-04-22-at-10.24.49-320x400.jpeg\" class=\"attachment-sportspress-fit-icon size-sportspress-fit-icon wp-post-image\" alt=\"\" \/><\/span>012018 \ud83d\udfe2 Kry\u0161tof Pan\u010dev<\/a><\/td><td class=\"data-team\" data-label=\"T\u00fdm\"><a href=\"https:\/\/soccaczech.cz\/liga\/sport-team\/fc-donbass\/\">FC DONBASS<\/a><\/td><td class=\"data-goals\" data-label=\"G\u00f3ly\">0<\/td><td class=\"data-assists\" data-label=\"Asistence\">0<\/td><td class=\"data-yellowcards\" data-label=\"\u017dlut\u00e9 karty\">0<\/td><td class=\"data-redcards\" data-label=\"\u010cerven\u00e9 karty\">0<\/td><td class=\"data-appearances\" data-label=\"Po\u010det z\u00e1pas\u016f\">0<\/td><\/tr><tr class=\"even\"><td class=\"data-rank\" data-label=\"#\">246<\/td><td class=\"data-name has-photo\" data-label=\"Hr\u00e1\u010d\"><a href=\"https:\/\/soccaczech.cz\/liga\/player\/010016%f0%9f%9f%a2sbitniev-mykhailo\/\"><span class=\"player-photo\"><img loading=\"lazy\" decoding=\"async\" width=\"245\" height=\"400\" src=\"https:\/\/soccaczech.cz\/liga\/wp-content\/uploads\/2026\/02\/010001\ud83d\udfe2-17-245x400.png\" class=\"attachment-sportspress-fit-icon size-sportspress-fit-icon wp-post-image\" alt=\"\" \/><\/span>010011\ud83d\udfe0Mykhailo Sbitniev<\/a><\/td><td class=\"data-team\" data-label=\"T\u00fdm\"><a href=\"https:\/\/soccaczech.cz\/liga\/?post_type=page&amp;p=45434\">-<\/a><\/td><td class=\"data-goals\" data-label=\"G\u00f3ly\">0<\/td><td class=\"data-assists\" data-label=\"Asistence\">0<\/td><td class=\"data-yellowcards\" data-label=\"\u017dlut\u00e9 karty\">0<\/td><td class=\"data-redcards\" data-label=\"\u010cerven\u00e9 karty\">0<\/td><td class=\"data-appearances\" data-label=\"Po\u010det z\u00e1pas\u016f\">0<\/td><\/tr><tr class=\"odd\"><td class=\"data-rank\" data-label=\"#\">247<\/td><td class=\"data-name has-photo\" data-label=\"Hr\u00e1\u010d\"><a href=\"https:\/\/soccaczech.cz\/liga\/player\/011014%f0%9f%9f%a0-matej-skoda\/\"><span class=\"player-photo\"><img loading=\"lazy\" decoding=\"async\" width=\"300\" height=\"400\" src=\"https:\/\/soccaczech.cz\/liga\/wp-content\/uploads\/2004\/01\/642504136_4760806984146321_8977297197098200734_n-300x400.png\" class=\"attachment-sportspress-fit-icon size-sportspress-fit-icon wp-post-image\" alt=\"\" \/><\/span>011014\ud83d\udfe2 Mat\u011bj \u0160koda<\/a><\/td><td class=\"data-team\" data-label=\"T\u00fdm\"><a href=\"https:\/\/soccaczech.cz\/liga\/?post_type=page&amp;p=45434\">-<\/a><\/td><td class=\"data-goals\" data-label=\"G\u00f3ly\">0<\/td><td class=\"data-assists\" data-label=\"Asistence\">0<\/td><td class=\"data-yellowcards\" data-label=\"\u017dlut\u00e9 karty\">0<\/td><td class=\"data-redcards\" data-label=\"\u010cerven\u00e9 karty\">0<\/td><td class=\"data-appearances\" data-label=\"Po\u010det z\u00e1pas\u016f\">2<\/td><\/tr><tr class=\"even\"><td class=\"data-rank\" data-label=\"#\">248<\/td><td class=\"data-name has-photo\" data-label=\"Hr\u00e1\u010d\"><a href=\"https:\/\/soccaczech.cz\/liga\/player\/014014-%f0%9f%9f%a0yevhen-rebar\/\"><span class=\"player-photo\"><img loading=\"lazy\" decoding=\"async\" width=\"296\" height=\"400\" src=\"https:\/\/soccaczech.cz\/liga\/wp-content\/uploads\/2026\/03\/Yevhen-Rebar-1-296x400.jpg\" class=\"attachment-sportspress-fit-icon size-sportspress-fit-icon wp-post-image\" alt=\"\" \/><\/span>014014 \ud83d\udfe0Yevhen Rebar<\/a><\/td><td class=\"data-team\" data-label=\"T\u00fdm\"><a href=\"https:\/\/soccaczech.cz\/liga\/sport-team\/fc-golden-gate\/\">FC GOLDEN GATE<\/a><\/td><td class=\"data-goals\" data-label=\"G\u00f3ly\">0<\/td><td class=\"data-assists\" data-label=\"Asistence\">0<\/td><td class=\"data-yellowcards\" data-label=\"\u017dlut\u00e9 karty\">0<\/td><td class=\"data-redcards\" data-label=\"\u010cerven\u00e9 karty\">0<\/td><td class=\"data-appearances\" data-label=\"Po\u010det z\u00e1pas\u016f\">1<\/td><\/tr><tr class=\"odd\"><td class=\"data-rank\" data-label=\"#\">249<\/td><td class=\"data-name has-photo\" data-label=\"Hr\u00e1\u010d\"><a href=\"https:\/\/soccaczech.cz\/liga\/player\/03038%f0%9f%9f%a0tomas-belaska\/\"><span class=\"player-photo\"><img loading=\"lazy\" decoding=\"async\" width=\"351\" height=\"400\" src=\"https:\/\/soccaczech.cz\/liga\/wp-content\/uploads\/2026\/03\/Tomas-Belaska-24.9.2004-351x400.jpg\" class=\"attachment-sportspress-fit-icon size-sportspress-fit-icon wp-post-image\" alt=\"\" \/><\/span>03038\ud83d\udfe0Tom\u00e1\u0161 B\u011bla\u0161ka<\/a><\/td><td class=\"data-team\" data-label=\"T\u00fdm\"><a href=\"https:\/\/soccaczech.cz\/liga\/sport-team\/g-i-c-la-plate\/\">G.I.C. LA PLATE<\/a><\/td><td class=\"data-goals\" data-label=\"G\u00f3ly\">0<\/td><td class=\"data-assists\" data-label=\"Asistence\">0<\/td><td class=\"data-yellowcards\" data-label=\"\u017dlut\u00e9 karty\">0<\/td><td class=\"data-redcards\" data-label=\"\u010cerven\u00e9 karty\">0<\/td><td class=\"data-appearances\" data-label=\"Po\u010det z\u00e1pas\u016f\">0<\/td><\/tr><tr class=\"even\"><td class=\"data-rank\" data-label=\"#\">250<\/td><td class=\"data-name has-photo\" data-label=\"Hr\u00e1\u010d\"><a href=\"https:\/\/soccaczech.cz\/liga\/player\/josef-pesta\/\"><span class=\"player-photo\"><img loading=\"lazy\" decoding=\"async\" width=\"400\" height=\"344\" src=\"https:\/\/soccaczech.cz\/liga\/wp-content\/uploads\/2025\/08\/IMG_2846-400x344.png\" class=\"attachment-sportspress-fit-icon size-sportspress-fit-icon wp-post-image\" alt=\"\" \/><\/span>06001 \ud83d\udfe2 Josef Pe\u0161ta (VD)<\/a><\/td><td class=\"data-team\" data-label=\"T\u00fdm\"><a href=\"https:\/\/soccaczech.cz\/liga\/sport-team\/spartasocca\/\">SPARTA SOCCA<\/a><\/td><td class=\"data-goals\" data-label=\"G\u00f3ly\">0<\/td><td class=\"data-assists\" data-label=\"Asistence\">0<\/td><td class=\"data-yellowcards\" data-label=\"\u017dlut\u00e9 karty\">0<\/td><td class=\"data-redcards\" data-label=\"\u010cerven\u00e9 karty\">0<\/td><td class=\"data-appearances\" data-label=\"Po\u010det z\u00e1pas\u016f\">0<\/td><\/tr><tr class=\"odd\"><td class=\"data-rank\" data-label=\"#\">251<\/td><td class=\"data-name has-photo\" data-label=\"Hr\u00e1\u010d\"><a href=\"https:\/\/soccaczech.cz\/liga\/player\/mikola-meklesch\/\"><span class=\"player-photo\"><img loading=\"lazy\" decoding=\"async\" width=\"190\" height=\"243\" src=\"https:\/\/soccaczech.cz\/liga\/wp-content\/uploads\/2008\/03\/IMG_2959.png\" class=\"attachment-sportspress-fit-icon size-sportspress-fit-icon wp-post-image\" alt=\"\" \/><\/span>05014 \ud83d\udfe0 Mikola Meklesch<\/a><\/td><td class=\"data-team\" data-label=\"T\u00fdm\"><a href=\"https:\/\/soccaczech.cz\/liga\/sport-team\/mlady-a-perspektivni\/\">MLAD\u00dd A PERSPEKTIVN\u00cd<\/a><\/td><td class=\"data-goals\" data-label=\"G\u00f3ly\">0<\/td><td class=\"data-assists\" data-label=\"Asistence\">0<\/td><td class=\"data-yellowcards\" data-label=\"\u017dlut\u00e9 karty\">0<\/td><td class=\"data-redcards\" data-label=\"\u010cerven\u00e9 karty\">0<\/td><td class=\"data-appearances\" data-label=\"Po\u010det z\u00e1pas\u016f\">0<\/td><\/tr><tr class=\"even\"><td class=\"data-rank\" data-label=\"#\">252<\/td><td class=\"data-name has-photo\" data-label=\"Hr\u00e1\u010d\"><a href=\"https:\/\/soccaczech.cz\/liga\/player\/bohdan-rudavskyi\/\"><span class=\"player-photo\"><img loading=\"lazy\" decoding=\"async\" width=\"243\" height=\"400\" src=\"https:\/\/soccaczech.cz\/liga\/wp-content\/uploads\/2000\/12\/7094049B-1802-4DA2-8144-C3FE16D8EE54-243x400.png\" class=\"attachment-sportspress-fit-icon size-sportspress-fit-icon wp-post-image\" alt=\"\" \/><\/span>02025 \ud83d\udfe2 Bohdan Rudavskyi<\/a><\/td><td class=\"data-team\" data-label=\"T\u00fdm\"><a href=\"https:\/\/soccaczech.cz\/liga\/sport-team\/fc-andezit\/\">FC ANDEZIT<\/a><\/td><td class=\"data-goals\" data-label=\"G\u00f3ly\">0<\/td><td class=\"data-assists\" data-label=\"Asistence\">0<\/td><td class=\"data-yellowcards\" data-label=\"\u017dlut\u00e9 karty\">0<\/td><td class=\"data-redcards\" data-label=\"\u010cerven\u00e9 karty\">0<\/td><td class=\"data-appearances\" data-label=\"Po\u010det z\u00e1pas\u016f\">0<\/td><\/tr><tr class=\"odd\"><td class=\"data-rank\" data-label=\"#\">253<\/td><td class=\"data-name\" data-label=\"Hr\u00e1\u010d\"><a href=\"https:\/\/soccaczech.cz\/liga\/player\/vasyl-vezhdel\/\">04022 \ud83d\udfe2 Vasyl Vezhdel<\/a><\/td><td class=\"data-team\" data-label=\"T\u00fdm\"><a href=\"https:\/\/soccaczech.cz\/liga\/sport-team\/vism-football\/\">VISM FOOTBALL<\/a><\/td><td class=\"data-goals\" data-label=\"G\u00f3ly\">0<\/td><td class=\"data-assists\" data-label=\"Asistence\">0<\/td><td class=\"data-yellowcards\" data-label=\"\u017dlut\u00e9 karty\">0<\/td><td class=\"data-redcards\" data-label=\"\u010cerven\u00e9 karty\">0<\/td><td class=\"data-appearances\" data-label=\"Po\u010det z\u00e1pas\u016f\">0<\/td><\/tr><tr class=\"even\"><td class=\"data-rank\" data-label=\"#\">254<\/td><td class=\"data-name has-photo\" data-label=\"Hr\u00e1\u010d\"><a href=\"https:\/\/soccaczech.cz\/liga\/player\/08001-%f0%9f%9f%a0-madiar-serhii\/\"><span class=\"player-photo\"><img loading=\"lazy\" decoding=\"async\" width=\"297\" height=\"400\" src=\"https:\/\/soccaczech.cz\/liga\/wp-content\/uploads\/2007\/04\/Serhii-Madiar-297x400.png\" class=\"attachment-sportspress-fit-icon size-sportspress-fit-icon wp-post-image\" alt=\"\" \/><\/span>08001 \ud83d\udfe0Serhii Madiar<\/a><\/td><td class=\"data-team\" data-label=\"T\u00fdm\"><a href=\"https:\/\/soccaczech.cz\/liga\/?post_type=page&amp;p=45434\">-<\/a><\/td><td class=\"data-goals\" data-label=\"G\u00f3ly\">0<\/td><td class=\"data-assists\" data-label=\"Asistence\">0<\/td><td class=\"data-yellowcards\" data-label=\"\u017dlut\u00e9 karty\">0<\/td><td class=\"data-redcards\" data-label=\"\u010cerven\u00e9 karty\">0<\/td><td class=\"data-appearances\" data-label=\"Po\u010det z\u00e1pas\u016f\">0<\/td><\/tr><tr class=\"odd\"><td class=\"data-rank\" data-label=\"#\">255<\/td><td class=\"data-name\" data-label=\"Hr\u00e1\u010d\"><a href=\"https:\/\/soccaczech.cz\/liga\/player\/08016-%f0%9f%9f%a0-oleksandr-horskii\/\">08019 \ud83d\udfe2 Oleksandr Horskii (VD)<\/a><\/td><td class=\"data-team\" data-label=\"T\u00fdm\"><a href=\"https:\/\/soccaczech.cz\/liga\/?post_type=page&amp;p=45434\">-<\/a><\/td><td class=\"data-goals\" data-label=\"G\u00f3ly\">0<\/td><td class=\"data-assists\" data-label=\"Asistence\">0<\/td><td class=\"data-yellowcards\" data-label=\"\u017dlut\u00e9 karty\">0<\/td><td class=\"data-redcards\" data-label=\"\u010cerven\u00e9 karty\">0<\/td><td class=\"data-appearances\" data-label=\"Po\u010det z\u00e1pas\u016f\">4<\/td><\/tr><tr class=\"even\"><td class=\"data-rank\" data-label=\"#\">256<\/td><td class=\"data-name\" data-label=\"Hr\u00e1\u010d\"><a href=\"https:\/\/soccaczech.cz\/liga\/player\/06048-%f0%9f%9f%a0-filip-hozza\/\">03048 \ud83d\udfe2  Filip Hozza<\/a><\/td><td class=\"data-team\" data-label=\"T\u00fdm\"><a href=\"https:\/\/soccaczech.cz\/liga\/?post_type=page&amp;p=45434\">-<\/a><\/td><td class=\"data-goals\" data-label=\"G\u00f3ly\">0<\/td><td class=\"data-assists\" data-label=\"Asistence\">0<\/td><td class=\"data-yellowcards\" data-label=\"\u017dlut\u00e9 karty\">0<\/td><td class=\"data-redcards\" data-label=\"\u010cerven\u00e9 karty\">0<\/td><td class=\"data-appearances\" data-label=\"Po\u010det z\u00e1pas\u016f\">1<\/td><\/tr><tr class=\"odd\"><td class=\"data-rank\" data-label=\"#\">257<\/td><td class=\"data-name has-photo\" data-label=\"Hr\u00e1\u010d\"><a href=\"https:\/\/soccaczech.cz\/liga\/player\/013010%f0%9f%9f%a0mykhailo-ustinov\/\"><span class=\"player-photo\"><img loading=\"lazy\" decoding=\"async\" width=\"245\" height=\"400\" src=\"https:\/\/soccaczech.cz\/liga\/wp-content\/uploads\/2026\/03\/010001\ud83d\udfe2-24-245x400.png\" class=\"attachment-sportspress-fit-icon size-sportspress-fit-icon wp-post-image\" alt=\"\" \/><\/span>013010\ud83d\udfe2MYKHAILO USTINOV<\/a><\/td><td class=\"data-team\" data-label=\"T\u00fdm\"><a href=\"https:\/\/soccaczech.cz\/liga\/?post_type=page&amp;p=45434\">-<\/a><\/td><td class=\"data-goals\" data-label=\"G\u00f3ly\">0<\/td><td class=\"data-assists\" data-label=\"Asistence\">0<\/td><td class=\"data-yellowcards\" data-label=\"\u017dlut\u00e9 karty\">0<\/td><td class=\"data-redcards\" data-label=\"\u010cerven\u00e9 karty\">0<\/td><td class=\"data-appearances\" data-label=\"Po\u010det z\u00e1pas\u016f\">3<\/td><\/tr><tr class=\"even\"><td class=\"data-rank\" data-label=\"#\">258<\/td><td class=\"data-name has-photo\" data-label=\"Hr\u00e1\u010d\"><a href=\"https:\/\/soccaczech.cz\/liga\/player\/015006%f0%9f%9f%a0-rostislav-gavriltso\/\"><span class=\"player-photo\"><img loading=\"lazy\" decoding=\"async\" width=\"300\" height=\"400\" src=\"https:\/\/soccaczech.cz\/liga\/wp-content\/uploads\/2026\/03\/unnamed-5-300x400.jpg\" class=\"attachment-sportspress-fit-icon size-sportspress-fit-icon wp-post-image\" alt=\"\" \/><\/span>015006\ud83d\udfe2 Rostislav Gavriltso<\/a><\/td><td class=\"data-team\" data-label=\"T\u00fdm\"><a href=\"https:\/\/soccaczech.cz\/liga\/?post_type=page&amp;p=45434\">-<\/a><\/td><td class=\"data-goals\" data-label=\"G\u00f3ly\">0<\/td><td class=\"data-assists\" data-label=\"Asistence\">0<\/td><td class=\"data-yellowcards\" data-label=\"\u017dlut\u00e9 karty\">1<\/td><td class=\"data-redcards\" data-label=\"\u010cerven\u00e9 karty\">0<\/td><td class=\"data-appearances\" data-label=\"Po\u010det z\u00e1pas\u016f\">3<\/td><\/tr><tr class=\"odd\"><td class=\"data-rank\" data-label=\"#\">259<\/td><td class=\"data-name has-photo\" data-label=\"Hr\u00e1\u010d\"><a href=\"https:\/\/soccaczech.cz\/liga\/player\/011034%f0%9f%9f%a0jiri-dolezal\/\"><span class=\"player-photo\"><img loading=\"lazy\" decoding=\"async\" width=\"400\" height=\"387\" src=\"https:\/\/soccaczech.cz\/liga\/wp-content\/uploads\/2026\/04\/WhatsApp-Image-2026-04-09-at-12.05.15-400x387.jpeg\" class=\"attachment-sportspress-fit-icon size-sportspress-fit-icon wp-post-image\" alt=\"\" \/><\/span>011034\ud83d\udfe0Ji\u0159\u00ed Dole\u017eal<\/a><\/td><td class=\"data-team\" data-label=\"T\u00fdm\"><a href=\"https:\/\/soccaczech.cz\/liga\/sport-team\/sport-overtime-2\/\">SPORT OVERTIME<\/a><\/td><td class=\"data-goals\" data-label=\"G\u00f3ly\">0<\/td><td class=\"data-assists\" data-label=\"Asistence\">0<\/td><td class=\"data-yellowcards\" data-label=\"\u017dlut\u00e9 karty\">0<\/td><td class=\"data-redcards\" data-label=\"\u010cerven\u00e9 karty\">0<\/td><td class=\"data-appearances\" data-label=\"Po\u010det z\u00e1pas\u016f\">0<\/td><\/tr><tr class=\"even\"><td class=\"data-rank\" data-label=\"#\">260<\/td><td class=\"data-name has-photo\" data-label=\"Hr\u00e1\u010d\"><a href=\"https:\/\/soccaczech.cz\/liga\/player\/terekhov-ihor\/\"><span class=\"player-photo\"><img loading=\"lazy\" decoding=\"async\" width=\"281\" height=\"400\" src=\"https:\/\/soccaczech.cz\/liga\/wp-content\/uploads\/1989\/08\/IMG_1997-281x400.png\" class=\"attachment-sportspress-fit-icon size-sportspress-fit-icon wp-post-image\" alt=\"\" \/><\/span>01017 \ud83d\udfe2 Terekhov Ihor<\/a><\/td><td class=\"data-team\" data-label=\"T\u00fdm\"><a href=\"https:\/\/soccaczech.cz\/liga\/sport-team\/mc-sarmat\/\">MC SARMAT<\/a><\/td><td class=\"data-goals\" data-label=\"G\u00f3ly\">0<\/td><td class=\"data-assists\" data-label=\"Asistence\">0<\/td><td class=\"data-yellowcards\" data-label=\"\u017dlut\u00e9 karty\">0<\/td><td class=\"data-redcards\" data-label=\"\u010cerven\u00e9 karty\">0<\/td><td class=\"data-appearances\" data-label=\"Po\u010det z\u00e1pas\u016f\">0<\/td><\/tr><tr class=\"odd\"><td class=\"data-rank\" data-label=\"#\">261<\/td><td class=\"data-name has-photo\" data-label=\"Hr\u00e1\u010d\"><a href=\"https:\/\/soccaczech.cz\/liga\/player\/jakub-buzek\/\"><span class=\"player-photo\"><img loading=\"lazy\" decoding=\"async\" width=\"350\" height=\"400\" src=\"https:\/\/soccaczech.cz\/liga\/wp-content\/uploads\/1986\/09\/IMG_2859-350x400.png\" class=\"attachment-sportspress-fit-icon size-sportspress-fit-icon wp-post-image\" alt=\"\" \/><\/span>06013 \ud83d\udfe2 Jakub B\u016f\u017eek<\/a><\/td><td class=\"data-team\" data-label=\"T\u00fdm\"><a href=\"https:\/\/soccaczech.cz\/liga\/sport-team\/spartasocca\/\">SPARTA SOCCA<\/a><\/td><td class=\"data-goals\" data-label=\"G\u00f3ly\">0<\/td><td class=\"data-assists\" data-label=\"Asistence\">0<\/td><td class=\"data-yellowcards\" data-label=\"\u017dlut\u00e9 karty\">0<\/td><td class=\"data-redcards\" data-label=\"\u010cerven\u00e9 karty\">0<\/td><td class=\"data-appearances\" data-label=\"Po\u010det z\u00e1pas\u016f\">0<\/td><\/tr><tr class=\"even\"><td class=\"data-rank\" data-label=\"#\">262<\/td><td class=\"data-name has-photo\" data-label=\"Hr\u00e1\u010d\"><a href=\"https:\/\/soccaczech.cz\/liga\/player\/oleksii-kazakov\/\"><span class=\"player-photo\"><img loading=\"lazy\" decoding=\"async\" width=\"329\" height=\"400\" src=\"https:\/\/soccaczech.cz\/liga\/wp-content\/uploads\/1990\/02\/IMG_3077-329x400.png\" class=\"attachment-sportspress-fit-icon size-sportspress-fit-icon wp-post-image\" alt=\"\" \/><\/span>02006 \ud83d\udfe2 Oleksii Kazakov<\/a><\/td><td class=\"data-team\" data-label=\"T\u00fdm\"><a href=\"https:\/\/soccaczech.cz\/liga\/sport-team\/fc-andezit\/\">FC ANDEZIT<\/a><\/td><td class=\"data-goals\" data-label=\"G\u00f3ly\">0<\/td><td class=\"data-assists\" data-label=\"Asistence\">0<\/td><td class=\"data-yellowcards\" data-label=\"\u017dlut\u00e9 karty\">0<\/td><td class=\"data-redcards\" data-label=\"\u010cerven\u00e9 karty\">0<\/td><td class=\"data-appearances\" data-label=\"Po\u010det z\u00e1pas\u016f\">0<\/td><\/tr><tr class=\"odd\"><td class=\"data-rank\" data-label=\"#\">263<\/td><td class=\"data-name has-photo\" data-label=\"Hr\u00e1\u010d\"><a href=\"https:\/\/soccaczech.cz\/liga\/player\/maksym-merdieiev\/\"><span class=\"player-photo\"><img loading=\"lazy\" decoding=\"async\" width=\"326\" height=\"400\" src=\"https:\/\/soccaczech.cz\/liga\/wp-content\/uploads\/2008\/03\/Maksym-Merdieiev-326x400.png\" class=\"attachment-sportspress-fit-icon size-sportspress-fit-icon wp-post-image\" alt=\"\" \/><\/span>04008 \ud83d\udfe2 Maksym Merdieiev<\/a><\/td><td class=\"data-team\" data-label=\"T\u00fdm\"><a href=\"https:\/\/soccaczech.cz\/liga\/sport-team\/vism-football\/\">VISM FOOTBALL<\/a><\/td><td class=\"data-goals\" data-label=\"G\u00f3ly\">0<\/td><td class=\"data-assists\" data-label=\"Asistence\">0<\/td><td class=\"data-yellowcards\" data-label=\"\u017dlut\u00e9 karty\">0<\/td><td class=\"data-redcards\" data-label=\"\u010cerven\u00e9 karty\">0<\/td><td class=\"data-appearances\" data-label=\"Po\u010det z\u00e1pas\u016f\">0<\/td><\/tr><tr class=\"even\"><td class=\"data-rank\" data-label=\"#\">264<\/td><td class=\"data-name has-photo\" data-label=\"Hr\u00e1\u010d\"><a href=\"https:\/\/soccaczech.cz\/liga\/player\/vladyslav-kuzmenko\/\"><span class=\"player-photo\"><img loading=\"lazy\" decoding=\"async\" width=\"370\" height=\"400\" src=\"https:\/\/soccaczech.cz\/liga\/wp-content\/uploads\/2006\/08\/Vladyslav-Kuzmenko-370x400.png\" class=\"attachment-sportspress-fit-icon size-sportspress-fit-icon wp-post-image\" alt=\"\" \/><\/span>05017 \ud83d\udfe2 Vladyslav Kuzmenko<\/a><\/td><td class=\"data-team\" data-label=\"T\u00fdm\"><a href=\"https:\/\/soccaczech.cz\/liga\/sport-team\/mlady-a-perspektivni\/\">MLAD\u00dd A PERSPEKTIVN\u00cd<\/a><\/td><td class=\"data-goals\" data-label=\"G\u00f3ly\">0<\/td><td class=\"data-assists\" data-label=\"Asistence\">0<\/td><td class=\"data-yellowcards\" data-label=\"\u017dlut\u00e9 karty\">0<\/td><td class=\"data-redcards\" data-label=\"\u010cerven\u00e9 karty\">0<\/td><td class=\"data-appearances\" data-label=\"Po\u010det z\u00e1pas\u016f\">6<\/td><\/tr><tr class=\"odd\"><td class=\"data-rank\" data-label=\"#\">265<\/td><td class=\"data-name has-photo\" data-label=\"Hr\u00e1\u010d\"><a href=\"https:\/\/soccaczech.cz\/liga\/player\/dominik-gregr\/\"><span class=\"player-photo\"><img loading=\"lazy\" decoding=\"async\" width=\"400\" height=\"398\" src=\"https:\/\/soccaczech.cz\/liga\/wp-content\/uploads\/2009\/05\/DominikGregr-400x398.png\" class=\"attachment-sportspress-fit-icon size-sportspress-fit-icon wp-post-image\" alt=\"\" \/><\/span>03031 \ud83d\udfe0 Dominik Gr\u00e9gr<\/a><\/td><td class=\"data-team\" data-label=\"T\u00fdm\"><a href=\"https:\/\/soccaczech.cz\/liga\/sport-team\/g-i-c-la-plate\/\">G.I.C. LA PLATE<\/a><\/td><td class=\"data-goals\" data-label=\"G\u00f3ly\">0<\/td><td class=\"data-assists\" data-label=\"Asistence\">0<\/td><td class=\"data-yellowcards\" data-label=\"\u017dlut\u00e9 karty\">0<\/td><td class=\"data-redcards\" data-label=\"\u010cerven\u00e9 karty\">0<\/td><td class=\"data-appearances\" data-label=\"Po\u010det z\u00e1pas\u016f\">0<\/td><\/tr><tr class=\"even\"><td class=\"data-rank\" data-label=\"#\">266<\/td><td class=\"data-name has-photo\" data-label=\"Hr\u00e1\u010d\"><a href=\"https:\/\/soccaczech.cz\/liga\/player\/08013-%f0%9f%9f%a0-dzupenjuk-dmytro\/\"><span class=\"player-photo\"><img loading=\"lazy\" decoding=\"async\" width=\"317\" height=\"400\" src=\"https:\/\/soccaczech.cz\/liga\/wp-content\/uploads\/2007\/04\/Dzupenjuk-Dmytro-317x400.png\" class=\"attachment-sportspress-fit-icon size-sportspress-fit-icon wp-post-image\" alt=\"\" \/><\/span>08013 \ud83d\udfe0Dmytro  Dzupenjuk<\/a><\/td><td class=\"data-team\" data-label=\"T\u00fdm\"><a href=\"https:\/\/soccaczech.cz\/liga\/?post_type=page&amp;p=45434\">-<\/a><\/td><td class=\"data-goals\" data-label=\"G\u00f3ly\">0<\/td><td class=\"data-assists\" data-label=\"Asistence\">0<\/td><td class=\"data-yellowcards\" data-label=\"\u017dlut\u00e9 karty\">0<\/td><td class=\"data-redcards\" data-label=\"\u010cerven\u00e9 karty\">0<\/td><td class=\"data-appearances\" data-label=\"Po\u010det z\u00e1pas\u016f\">0<\/td><\/tr><tr class=\"odd\"><td class=\"data-rank\" data-label=\"#\">267<\/td><td class=\"data-name has-photo\" data-label=\"Hr\u00e1\u010d\"><a href=\"https:\/\/soccaczech.cz\/liga\/player\/04026%f0%9f%9f%a0vasyl-vlachyn\/\"><span class=\"player-photo\"><img loading=\"lazy\" decoding=\"async\" width=\"299\" height=\"400\" src=\"https:\/\/soccaczech.cz\/liga\/wp-content\/uploads\/2026\/03\/WhatsApp-Image-2026-03-07-at-15.52.40-299x400.jpeg\" class=\"attachment-sportspress-fit-icon size-sportspress-fit-icon wp-post-image\" alt=\"\" \/><\/span>04026\ud83d\udfe0Vasyl Vlachyn<\/a><\/td><td class=\"data-team\" data-label=\"T\u00fdm\"><a href=\"https:\/\/soccaczech.cz\/liga\/sport-team\/vism-football\/\">VISM FOOTBALL<\/a><\/td><td class=\"data-goals\" data-label=\"G\u00f3ly\">0<\/td><td class=\"data-assists\" data-label=\"Asistence\">0<\/td><td class=\"data-yellowcards\" data-label=\"\u017dlut\u00e9 karty\">0<\/td><td class=\"data-redcards\" data-label=\"\u010cerven\u00e9 karty\">0<\/td><td class=\"data-appearances\" data-label=\"Po\u010det z\u00e1pas\u016f\">1<\/td><\/tr><tr class=\"even\"><td class=\"data-rank\" data-label=\"#\">268<\/td><td class=\"data-name has-photo\" data-label=\"Hr\u00e1\u010d\"><a href=\"https:\/\/soccaczech.cz\/liga\/player\/012001%f0%9f%9f%a0fizer-vadim\/\"><span class=\"player-photo\"><img loading=\"lazy\" decoding=\"async\" width=\"245\" height=\"400\" src=\"https:\/\/soccaczech.cz\/liga\/wp-content\/uploads\/2026\/03\/010001\ud83d\udfe2-245x400.png\" class=\"attachment-sportspress-fit-icon size-sportspress-fit-icon wp-post-image\" alt=\"\" \/><\/span>012001\ud83d\udfe2 Vadim Fizer<\/a><\/td><td class=\"data-team\" data-label=\"T\u00fdm\"><a href=\"https:\/\/soccaczech.cz\/liga\/sport-team\/fc-donbass\/\">FC DONBASS<\/a><\/td><td class=\"data-goals\" data-label=\"G\u00f3ly\">0<\/td><td class=\"data-assists\" data-label=\"Asistence\">0<\/td><td class=\"data-yellowcards\" data-label=\"\u017dlut\u00e9 karty\">0<\/td><td class=\"data-redcards\" data-label=\"\u010cerven\u00e9 karty\">0<\/td><td class=\"data-appearances\" data-label=\"Po\u010det z\u00e1pas\u016f\">5<\/td><\/tr><tr class=\"odd\"><td class=\"data-rank\" data-label=\"#\">269<\/td><td class=\"data-name has-photo\" data-label=\"Hr\u00e1\u010d\"><a href=\"https:\/\/soccaczech.cz\/liga\/player\/015017%f0%9f%9f%a0seiran-ishmuratov\/\"><span class=\"player-photo\"><img loading=\"lazy\" decoding=\"async\" width=\"300\" height=\"400\" src=\"https:\/\/soccaczech.cz\/liga\/wp-content\/uploads\/2026\/03\/WhatsApp-Image-2026-03-14-at-10.42.26-300x400.jpeg\" class=\"attachment-sportspress-fit-icon size-sportspress-fit-icon wp-post-image\" alt=\"\" \/><\/span>015017\ud83d\udfe2Seiran Ishmuratov<\/a><\/td><td class=\"data-team\" data-label=\"T\u00fdm\"><a href=\"https:\/\/soccaczech.cz\/liga\/?post_type=page&amp;p=45434\">-<\/a><\/td><td class=\"data-goals\" data-label=\"G\u00f3ly\">0<\/td><td class=\"data-assists\" data-label=\"Asistence\">0<\/td><td class=\"data-yellowcards\" data-label=\"\u017dlut\u00e9 karty\">0<\/td><td class=\"data-redcards\" data-label=\"\u010cerven\u00e9 karty\">0<\/td><td class=\"data-appearances\" data-label=\"Po\u010det z\u00e1pas\u016f\">4<\/td><\/tr><tr class=\"even\"><td class=\"data-rank\" data-label=\"#\">270<\/td><td class=\"data-name has-photo\" data-label=\"Hr\u00e1\u010d\"><a href=\"https:\/\/soccaczech.cz\/liga\/player\/marek-broz\/\"><span class=\"player-photo\"><img loading=\"lazy\" decoding=\"async\" width=\"278\" height=\"400\" src=\"https:\/\/soccaczech.cz\/liga\/wp-content\/uploads\/2005\/09\/Marek-Broz-278x400.png\" class=\"attachment-sportspress-fit-icon size-sportspress-fit-icon wp-post-image\" alt=\"\" \/><\/span>03009 \ud83d\udfe2 Marek Bro\u017e<\/a><\/td><td class=\"data-team\" data-label=\"T\u00fdm\"><a href=\"https:\/\/soccaczech.cz\/liga\/sport-team\/g-i-c-la-plate\/\">G.I.C. LA PLATE<\/a><\/td><td class=\"data-goals\" data-label=\"G\u00f3ly\">0<\/td><td class=\"data-assists\" data-label=\"Asistence\">0<\/td><td class=\"data-yellowcards\" data-label=\"\u017dlut\u00e9 karty\">0<\/td><td class=\"data-redcards\" data-label=\"\u010cerven\u00e9 karty\">0<\/td><td class=\"data-appearances\" data-label=\"Po\u010det z\u00e1pas\u016f\">0<\/td><\/tr><tr class=\"odd\"><td class=\"data-rank\" data-label=\"#\">271<\/td><td class=\"data-name has-photo\" data-label=\"Hr\u00e1\u010d\"><a href=\"https:\/\/soccaczech.cz\/liga\/player\/vladislav-bubnov\/\"><span class=\"player-photo\"><img loading=\"lazy\" decoding=\"async\" width=\"328\" height=\"400\" src=\"https:\/\/soccaczech.cz\/liga\/wp-content\/uploads\/2000\/11\/IMG_2955-328x400.png\" class=\"attachment-sportspress-fit-icon size-sportspress-fit-icon wp-post-image\" alt=\"\" \/><\/span>05006 \ud83d\udfe2 Vladislav Bubnov<\/a><\/td><td class=\"data-team\" data-label=\"T\u00fdm\"><a href=\"https:\/\/soccaczech.cz\/liga\/sport-team\/mlady-a-perspektivni\/\">MLAD\u00dd A PERSPEKTIVN\u00cd<\/a><\/td><td class=\"data-goals\" data-label=\"G\u00f3ly\">0<\/td><td class=\"data-assists\" data-label=\"Asistence\">0<\/td><td class=\"data-yellowcards\" data-label=\"\u017dlut\u00e9 karty\">0<\/td><td class=\"data-redcards\" data-label=\"\u010cerven\u00e9 karty\">0<\/td><td class=\"data-appearances\" data-label=\"Po\u010det z\u00e1pas\u016f\">7<\/td><\/tr><tr class=\"even\"><td class=\"data-rank\" data-label=\"#\">272<\/td><td class=\"data-name has-photo\" data-label=\"Hr\u00e1\u010d\"><a href=\"https:\/\/soccaczech.cz\/liga\/player\/matej-cepela\/\"><span class=\"player-photo\"><img loading=\"lazy\" decoding=\"async\" width=\"202\" height=\"261\" src=\"https:\/\/soccaczech.cz\/liga\/wp-content\/uploads\/2006\/08\/IMG_3286.png\" class=\"attachment-sportspress-fit-icon size-sportspress-fit-icon wp-post-image\" alt=\"\" \/><\/span>06030 \ud83d\udfe2 Mat\u011bj \u010cepela<\/a><\/td><td class=\"data-team\" data-label=\"T\u00fdm\"><a href=\"https:\/\/soccaczech.cz\/liga\/sport-team\/spartasocca\/\">SPARTA SOCCA<\/a><\/td><td class=\"data-goals\" data-label=\"G\u00f3ly\">0<\/td><td class=\"data-assists\" data-label=\"Asistence\">0<\/td><td class=\"data-yellowcards\" data-label=\"\u017dlut\u00e9 karty\">0<\/td><td class=\"data-redcards\" data-label=\"\u010cerven\u00e9 karty\">0<\/td><td class=\"data-appearances\" data-label=\"Po\u010det z\u00e1pas\u016f\">1<\/td><\/tr><tr class=\"odd\"><td class=\"data-rank\" data-label=\"#\">273<\/td><td class=\"data-name has-photo\" data-label=\"Hr\u00e1\u010d\"><a href=\"https:\/\/soccaczech.cz\/liga\/player\/07005-%f0%9f%9f%a0-dominik-mares\/\"><span class=\"player-photo\"><img loading=\"lazy\" decoding=\"async\" width=\"338\" height=\"400\" src=\"https:\/\/soccaczech.cz\/liga\/wp-content\/uploads\/2004\/08\/Dominik-Mares-23.1.2004-338x400.png\" class=\"attachment-sportspress-fit-icon size-sportspress-fit-icon wp-post-image\" alt=\"\" \/><\/span>07005 \ud83d\udfe0 Dominik Mare\u0161<\/a><\/td><td class=\"data-team\" data-label=\"T\u00fdm\"><a href=\"https:\/\/soccaczech.cz\/liga\/sport-team\/fc-pohoda-socca\/\">FC POHODA SOCCA<\/a><\/td><td class=\"data-goals\" data-label=\"G\u00f3ly\">0<\/td><td class=\"data-assists\" data-label=\"Asistence\">0<\/td><td class=\"data-yellowcards\" data-label=\"\u017dlut\u00e9 karty\">0<\/td><td class=\"data-redcards\" data-label=\"\u010cerven\u00e9 karty\">0<\/td><td class=\"data-appearances\" data-label=\"Po\u010det z\u00e1pas\u016f\">1<\/td><\/tr><tr class=\"even\"><td class=\"data-rank\" data-label=\"#\">274<\/td><td class=\"data-name has-photo\" data-label=\"Hr\u00e1\u010d\"><a href=\"https:\/\/soccaczech.cz\/liga\/player\/09006-%f0%9f%9f%a0-kozub-ivan\/\"><span class=\"player-photo\"><img loading=\"lazy\" decoding=\"async\" width=\"300\" height=\"400\" src=\"https:\/\/soccaczech.cz\/liga\/wp-content\/uploads\/2026\/02\/Kozub-Ivan-300x400.png\" class=\"attachment-sportspress-fit-icon size-sportspress-fit-icon wp-post-image\" alt=\"\" \/><\/span>09006 \ud83d\udfe2Ivan Kozub<\/a><\/td><td class=\"data-team\" data-label=\"T\u00fdm\"><a href=\"https:\/\/soccaczech.cz\/liga\/sport-team\/fc-prazharka\/\">FC PRAZHARKA<\/a><\/td><td class=\"data-goals\" data-label=\"G\u00f3ly\">0<\/td><td class=\"data-assists\" data-label=\"Asistence\">0<\/td><td class=\"data-yellowcards\" data-label=\"\u017dlut\u00e9 karty\">0<\/td><td class=\"data-redcards\" data-label=\"\u010cerven\u00e9 karty\">0<\/td><td class=\"data-appearances\" data-label=\"Po\u010det z\u00e1pas\u016f\">4<\/td><\/tr><tr class=\"odd\"><td class=\"data-rank\" data-label=\"#\">275<\/td><td class=\"data-name\" data-label=\"Hr\u00e1\u010d\"><a href=\"https:\/\/soccaczech.cz\/liga\/player\/08023-%f0%9f%9f%a2-peter-tarr\/\">08023 \ud83d\udfe2 Peter Tarr<\/a><\/td><td class=\"data-team\" data-label=\"T\u00fdm\"><a href=\"https:\/\/soccaczech.cz\/liga\/sport-team\/fc-mukachevo\/\">FC MUKACHEVO<\/a><\/td><td class=\"data-goals\" data-label=\"G\u00f3ly\">0<\/td><td class=\"data-assists\" data-label=\"Asistence\">0<\/td><td class=\"data-yellowcards\" data-label=\"\u017dlut\u00e9 karty\">0<\/td><td class=\"data-redcards\" data-label=\"\u010cerven\u00e9 karty\">0<\/td><td class=\"data-appearances\" data-label=\"Po\u010det z\u00e1pas\u016f\">0<\/td><\/tr><tr class=\"even\"><td class=\"data-rank\" data-label=\"#\">276<\/td><td class=\"data-name has-photo\" data-label=\"Hr\u00e1\u010d\"><a href=\"https:\/\/soccaczech.cz\/liga\/player\/011021%f0%9f%9f%a0marian-balaz-vd\/\"><span class=\"player-photo\"><img loading=\"lazy\" decoding=\"async\" width=\"245\" height=\"400\" src=\"https:\/\/soccaczech.cz\/liga\/wp-content\/uploads\/2026\/03\/010001\ud83d\udfe2-11-245x400.png\" class=\"attachment-sportspress-fit-icon size-sportspress-fit-icon wp-post-image\" alt=\"\" \/><\/span>011021\ud83d\udfe2Marian Bal\u00e1\u017e (VD)<\/a><\/td><td class=\"data-team\" data-label=\"T\u00fdm\"><a href=\"https:\/\/soccaczech.cz\/liga\/sport-team\/sport-overtime-2\/\">SPORT OVERTIME<\/a><\/td><td class=\"data-goals\" data-label=\"G\u00f3ly\">0<\/td><td class=\"data-assists\" data-label=\"Asistence\">0<\/td><td class=\"data-yellowcards\" data-label=\"\u017dlut\u00e9 karty\">0<\/td><td class=\"data-redcards\" data-label=\"\u010cerven\u00e9 karty\">0<\/td><td class=\"data-appearances\" data-label=\"Po\u010det z\u00e1pas\u016f\">2<\/td><\/tr><tr class=\"odd\"><td class=\"data-rank\" data-label=\"#\">277<\/td><td class=\"data-name has-photo\" data-label=\"Hr\u00e1\u010d\"><a href=\"https:\/\/soccaczech.cz\/liga\/player\/010023%f0%9f%9f%a0kiril-kachur\/\"><span class=\"player-photo\"><img loading=\"lazy\" decoding=\"async\" width=\"184\" height=\"184\" src=\"https:\/\/soccaczech.cz\/liga\/wp-content\/uploads\/2026\/03\/Navrh-bez-nazvu-12.png\" class=\"attachment-sportspress-fit-icon size-sportspress-fit-icon wp-post-image\" alt=\"\" \/><\/span>010023 \ud83d\udfe2 Kiril Kachur<\/a><\/td><td class=\"data-team\" data-label=\"T\u00fdm\"><a href=\"https:\/\/soccaczech.cz\/liga\/?post_type=page&amp;p=45434\">-<\/a><\/td><td class=\"data-goals\" data-label=\"G\u00f3ly\">0<\/td><td class=\"data-assists\" data-label=\"Asistence\">0<\/td><td class=\"data-yellowcards\" data-label=\"\u017dlut\u00e9 karty\">0<\/td><td class=\"data-redcards\" data-label=\"\u010cerven\u00e9 karty\">0<\/td><td class=\"data-appearances\" data-label=\"Po\u010det z\u00e1pas\u016f\">1<\/td><\/tr><tr class=\"even\"><td class=\"data-rank\" data-label=\"#\">278<\/td><td class=\"data-name has-photo\" data-label=\"Hr\u00e1\u010d\"><a href=\"https:\/\/soccaczech.cz\/liga\/player\/vasyl-horskii\/\"><span class=\"player-photo\"><img loading=\"lazy\" decoding=\"async\" width=\"300\" height=\"400\" src=\"https:\/\/soccaczech.cz\/liga\/wp-content\/uploads\/2007\/04\/Vasyl-Horskii-300x400.png\" class=\"attachment-sportspress-fit-icon size-sportspress-fit-icon wp-post-image\" alt=\"\" \/><\/span>01001 \ud83d\udfe2 Vasyl Horskii<\/a><\/td><td class=\"data-team\" data-label=\"T\u00fdm\"><a href=\"https:\/\/soccaczech.cz\/liga\/sport-team\/mc-sarmat\/\">MC SARMAT<\/a><\/td><td class=\"data-goals\" data-label=\"G\u00f3ly\">0<\/td><td class=\"data-assists\" data-label=\"Asistence\">0<\/td><td class=\"data-yellowcards\" data-label=\"\u017dlut\u00e9 karty\">0<\/td><td class=\"data-redcards\" data-label=\"\u010cerven\u00e9 karty\">0<\/td><td class=\"data-appearances\" data-label=\"Po\u010det z\u00e1pas\u016f\">5<\/td><\/tr><tr class=\"odd\"><td class=\"data-rank\" data-label=\"#\">279<\/td><td class=\"data-name has-photo\" data-label=\"Hr\u00e1\u010d\"><a href=\"https:\/\/soccaczech.cz\/liga\/player\/jiri-henek\/\"><span class=\"player-photo\"><img loading=\"lazy\" decoding=\"async\" width=\"294\" height=\"400\" src=\"https:\/\/soccaczech.cz\/liga\/wp-content\/uploads\/1988\/08\/IMG_2882-294x400.png\" class=\"attachment-sportspress-fit-icon size-sportspress-fit-icon wp-post-image\" alt=\"\" \/><\/span>06002 \ud83d\udfe2 Ji\u0159\u00ed Henek (VD)<\/a><\/td><td class=\"data-team\" data-label=\"T\u00fdm\"><a href=\"https:\/\/soccaczech.cz\/liga\/sport-team\/spartasocca\/\">SPARTA SOCCA<\/a><\/td><td class=\"data-goals\" data-label=\"G\u00f3ly\">0<\/td><td class=\"data-assists\" data-label=\"Asistence\">0<\/td><td class=\"data-yellowcards\" data-label=\"\u017dlut\u00e9 karty\">0<\/td><td class=\"data-redcards\" data-label=\"\u010cerven\u00e9 karty\">0<\/td><td class=\"data-appearances\" data-label=\"Po\u010det z\u00e1pas\u016f\">4<\/td><\/tr><tr class=\"even\"><td class=\"data-rank\" data-label=\"#\">280<\/td><td class=\"data-name has-photo\" data-label=\"Hr\u00e1\u010d\"><a href=\"https:\/\/soccaczech.cz\/liga\/player\/serhii-dobra\/\"><span class=\"player-photo\"><img loading=\"lazy\" decoding=\"async\" width=\"380\" height=\"400\" src=\"https:\/\/soccaczech.cz\/liga\/wp-content\/uploads\/2002\/02\/IMG_2945-380x400.png\" class=\"attachment-sportspress-fit-icon size-sportspress-fit-icon wp-post-image\" alt=\"\" \/><\/span>05015 \ud83d\udfe0 Serhii Dobra<\/a><\/td><td class=\"data-team\" data-label=\"T\u00fdm\"><a href=\"https:\/\/soccaczech.cz\/liga\/sport-team\/mlady-a-perspektivni\/\">MLAD\u00dd A PERSPEKTIVN\u00cd<\/a><\/td><td class=\"data-goals\" data-label=\"G\u00f3ly\">0<\/td><td class=\"data-assists\" data-label=\"Asistence\">0<\/td><td class=\"data-yellowcards\" data-label=\"\u017dlut\u00e9 karty\">0<\/td><td class=\"data-redcards\" data-label=\"\u010cerven\u00e9 karty\">0<\/td><td class=\"data-appearances\" data-label=\"Po\u010det z\u00e1pas\u016f\">0<\/td><\/tr><tr class=\"odd\"><td class=\"data-rank\" data-label=\"#\">281<\/td><td class=\"data-name has-photo\" data-label=\"Hr\u00e1\u010d\"><a href=\"https:\/\/soccaczech.cz\/liga\/player\/narciska-kristova-vd\/\"><span class=\"player-photo\"><img loading=\"lazy\" decoding=\"async\" width=\"279\" height=\"400\" src=\"https:\/\/soccaczech.cz\/liga\/wp-content\/uploads\/1986\/12\/unnamed-279x400.png\" class=\"attachment-sportspress-fit-icon size-sportspress-fit-icon wp-post-image\" alt=\"\" \/><\/span>03019 \ud83d\udfe2 Narciska K\u0159i\u0161tov\u00e1 (VD)<\/a><\/td><td class=\"data-team\" data-label=\"T\u00fdm\"><a href=\"https:\/\/soccaczech.cz\/liga\/sport-team\/g-i-c-la-plate\/\">G.I.C. LA PLATE<\/a><\/td><td class=\"data-goals\" data-label=\"G\u00f3ly\">0<\/td><td class=\"data-assists\" data-label=\"Asistence\">0<\/td><td class=\"data-yellowcards\" data-label=\"\u017dlut\u00e9 karty\">0<\/td><td class=\"data-redcards\" data-label=\"\u010cerven\u00e9 karty\">0<\/td><td class=\"data-appearances\" data-label=\"Po\u010det z\u00e1pas\u016f\">5<\/td><\/tr><tr class=\"even\"><td class=\"data-rank\" data-label=\"#\">282<\/td><td class=\"data-name has-photo\" data-label=\"Hr\u00e1\u010d\"><a href=\"https:\/\/soccaczech.cz\/liga\/player\/vojtech-chalupa\/\"><span class=\"player-photo\"><img loading=\"lazy\" decoding=\"async\" width=\"265\" height=\"259\" src=\"https:\/\/soccaczech.cz\/liga\/wp-content\/uploads\/2006\/09\/VojtechChalupa.png\" class=\"attachment-sportspress-fit-icon size-sportspress-fit-icon wp-post-image\" alt=\"\" \/><\/span>03023 \ud83d\udfe0 Vojt\u011bch Chalupa<\/a><\/td><td class=\"data-team\" data-label=\"T\u00fdm\"><a href=\"https:\/\/soccaczech.cz\/liga\/sport-team\/g-i-c-la-plate\/\">G.I.C. LA PLATE<\/a><\/td><td class=\"data-goals\" data-label=\"G\u00f3ly\">0<\/td><td class=\"data-assists\" data-label=\"Asistence\">0<\/td><td class=\"data-yellowcards\" data-label=\"\u017dlut\u00e9 karty\">0<\/td><td class=\"data-redcards\" data-label=\"\u010cerven\u00e9 karty\">0<\/td><td class=\"data-appearances\" data-label=\"Po\u010det z\u00e1pas\u016f\">0<\/td><\/tr><tr class=\"odd\"><td class=\"data-rank\" data-label=\"#\">283<\/td><td class=\"data-name has-photo\" data-label=\"Hr\u00e1\u010d\"><a href=\"https:\/\/soccaczech.cz\/liga\/player\/juan-sebastian-correa-hernandez\/\"><span class=\"player-photo\"><img loading=\"lazy\" decoding=\"async\" width=\"400\" height=\"400\" src=\"https:\/\/soccaczech.cz\/liga\/wp-content\/uploads\/2005\/06\/correa-hernandez-juan-sebastian-400x400.png\" class=\"attachment-sportspress-fit-icon size-sportspress-fit-icon wp-post-image\" alt=\"\" \/><\/span>06045 \ud83d\udfe2 Juan Sebastian Correa Hernandez<\/a><\/td><td class=\"data-team\" data-label=\"T\u00fdm\"><a href=\"https:\/\/soccaczech.cz\/liga\/sport-team\/spartasocca\/\">SPARTA SOCCA<\/a><\/td><td class=\"data-goals\" data-label=\"G\u00f3ly\">0<\/td><td class=\"data-assists\" data-label=\"Asistence\">0<\/td><td class=\"data-yellowcards\" data-label=\"\u017dlut\u00e9 karty\">0<\/td><td class=\"data-redcards\" data-label=\"\u010cerven\u00e9 karty\">0<\/td><td class=\"data-appearances\" data-label=\"Po\u010det z\u00e1pas\u016f\">0<\/td><\/tr><tr class=\"even\"><td class=\"data-rank\" data-label=\"#\">284<\/td><td class=\"data-name has-photo\" data-label=\"Hr\u00e1\u010d\"><a href=\"https:\/\/soccaczech.cz\/liga\/player\/08002-%f0%9f%9f%a0-ratsyn-dmytro\/\"><span class=\"player-photo\"><img loading=\"lazy\" decoding=\"async\" width=\"300\" height=\"400\" src=\"https:\/\/soccaczech.cz\/liga\/wp-content\/uploads\/2007\/04\/Ratsyn-Dmytro-300x400.png\" class=\"attachment-sportspress-fit-icon size-sportspress-fit-icon wp-post-image\" alt=\"\" \/><\/span>08002 \ud83d\udfe0 Dmytro Ratsyn<\/a><\/td><td class=\"data-team\" data-label=\"T\u00fdm\"><a href=\"https:\/\/soccaczech.cz\/liga\/?post_type=page&amp;p=45434\">-<\/a><\/td><td class=\"data-goals\" data-label=\"G\u00f3ly\">0<\/td><td class=\"data-assists\" data-label=\"Asistence\">0<\/td><td class=\"data-yellowcards\" data-label=\"\u017dlut\u00e9 karty\">0<\/td><td class=\"data-redcards\" data-label=\"\u010cerven\u00e9 karty\">0<\/td><td class=\"data-appearances\" data-label=\"Po\u010det z\u00e1pas\u016f\">0<\/td><\/tr><tr class=\"odd\"><td class=\"data-rank\" data-label=\"#\">285<\/td><td class=\"data-name\" data-label=\"Hr\u00e1\u010d\"><a href=\"https:\/\/soccaczech.cz\/liga\/player\/08016-liashko-mykhailo\/\">08020 \ud83d\udfe2Mykhailo  Liashko  (VD)<\/a><\/td><td class=\"data-team\" data-label=\"T\u00fdm\"><a href=\"https:\/\/soccaczech.cz\/liga\/?post_type=page&amp;p=45434\">-<\/a><\/td><td class=\"data-goals\" data-label=\"G\u00f3ly\">0<\/td><td class=\"data-assists\" data-label=\"Asistence\">0<\/td><td class=\"data-yellowcards\" data-label=\"\u017dlut\u00e9 karty\">0<\/td><td class=\"data-redcards\" data-label=\"\u010cerven\u00e9 karty\">0<\/td><td class=\"data-appearances\" data-label=\"Po\u010det z\u00e1pas\u016f\">2<\/td><\/tr><tr class=\"even\"><td class=\"data-rank\" data-label=\"#\">286<\/td><td class=\"data-name\" data-label=\"Hr\u00e1\u010d\"><a href=\"https:\/\/soccaczech.cz\/liga\/player\/07028-%f0%9f%9f%a0-zuzana-putzova-vd\/\">07028 \ud83d\udfe2  Zuzana Putzov\u00e1 (VD)<\/a><\/td><td class=\"data-team\" data-label=\"T\u00fdm\"><a href=\"https:\/\/soccaczech.cz\/liga\/?post_type=page&amp;p=45434\">-<\/a><\/td><td class=\"data-goals\" data-label=\"G\u00f3ly\">0<\/td><td class=\"data-assists\" data-label=\"Asistence\">0<\/td><td class=\"data-yellowcards\" data-label=\"\u017dlut\u00e9 karty\">0<\/td><td class=\"data-redcards\" data-label=\"\u010cerven\u00e9 karty\">0<\/td><td class=\"data-appearances\" data-label=\"Po\u010det z\u00e1pas\u016f\">0<\/td><\/tr><tr class=\"odd\"><td class=\"data-rank\" data-label=\"#\">287<\/td><td class=\"data-name has-photo\" data-label=\"Hr\u00e1\u010d\"><a href=\"https:\/\/soccaczech.cz\/liga\/player\/011002%f0%9f%9f%a2-david-falby\/\"><span class=\"player-photo\"><img loading=\"lazy\" decoding=\"async\" width=\"245\" height=\"400\" src=\"https:\/\/soccaczech.cz\/liga\/wp-content\/uploads\/2026\/02\/010001\ud83d\udfe2-32-245x400.png\" class=\"attachment-sportspress-fit-icon size-sportspress-fit-icon wp-post-image\" alt=\"\" \/><\/span>011002\ud83d\udfe0 David Falby<\/a><\/td><td class=\"data-team\" data-label=\"T\u00fdm\"><a href=\"https:\/\/soccaczech.cz\/liga\/sport-team\/sport-overtime-2\/\">SPORT OVERTIME<\/a><\/td><td class=\"data-goals\" data-label=\"G\u00f3ly\">0<\/td><td class=\"data-assists\" data-label=\"Asistence\">0<\/td><td class=\"data-yellowcards\" data-label=\"\u017dlut\u00e9 karty\">0<\/td><td class=\"data-redcards\" data-label=\"\u010cerven\u00e9 karty\">0<\/td><td class=\"data-appearances\" data-label=\"Po\u010det z\u00e1pas\u016f\">0<\/td><\/tr><tr class=\"even\"><td class=\"data-rank\" data-label=\"#\">288<\/td><td class=\"data-name has-photo\" data-label=\"Hr\u00e1\u010d\"><a href=\"https:\/\/soccaczech.cz\/liga\/player\/011023%f0%9f%9f%a0dominik-schwan\/\"><span class=\"player-photo\"><img loading=\"lazy\" decoding=\"async\" width=\"304\" height=\"400\" src=\"https:\/\/soccaczech.cz\/liga\/wp-content\/uploads\/2026\/03\/a8468de3-bbdd-43bb-828e-9460fb70a605-304x400.jpeg\" class=\"attachment-sportspress-fit-icon size-sportspress-fit-icon wp-post-image\" alt=\"\" \/><\/span>011023\ud83d\udfe0Dominik Schwan<\/a><\/td><td class=\"data-team\" data-label=\"T\u00fdm\"><a href=\"https:\/\/soccaczech.cz\/liga\/sport-team\/sport-overtime-2\/\">SPORT OVERTIME<\/a><\/td><td class=\"data-goals\" data-label=\"G\u00f3ly\">0<\/td><td class=\"data-assists\" data-label=\"Asistence\">0<\/td><td class=\"data-yellowcards\" data-label=\"\u017dlut\u00e9 karty\">0<\/td><td class=\"data-redcards\" data-label=\"\u010cerven\u00e9 karty\">0<\/td><td class=\"data-appearances\" data-label=\"Po\u010det z\u00e1pas\u016f\">0<\/td><\/tr><tr class=\"odd\"><td class=\"data-rank\" data-label=\"#\">289<\/td><td class=\"data-name has-photo\" data-label=\"Hr\u00e1\u010d\"><a href=\"https:\/\/soccaczech.cz\/liga\/player\/011035%f0%9f%9f%a0milan-bialek\/\"><span class=\"player-photo\"><img loading=\"lazy\" decoding=\"async\" width=\"262\" height=\"270\" src=\"https:\/\/soccaczech.cz\/liga\/wp-content\/uploads\/2026\/04\/WhatsApp-Image-2026-04-09-at-15.41.02.jpeg\" class=\"attachment-sportspress-fit-icon size-sportspress-fit-icon wp-post-image\" alt=\"\" \/><\/span>011035\ud83d\udfe0Milan Bialek<\/a><\/td><td class=\"data-team\" data-label=\"T\u00fdm\"><a href=\"https:\/\/soccaczech.cz\/liga\/sport-team\/sport-overtime-2\/\">SPORT OVERTIME<\/a><\/td><td class=\"data-goals\" data-label=\"G\u00f3ly\">0<\/td><td class=\"data-assists\" data-label=\"Asistence\">0<\/td><td class=\"data-yellowcards\" data-label=\"\u017dlut\u00e9 karty\">0<\/td><td class=\"data-redcards\" data-label=\"\u010cerven\u00e9 karty\">0<\/td><td class=\"data-appearances\" data-label=\"Po\u010det z\u00e1pas\u016f\">0<\/td><\/tr><tr class=\"even\"><td class=\"data-rank\" data-label=\"#\">290<\/td><td class=\"data-name has-photo\" data-label=\"Hr\u00e1\u010d\"><a href=\"https:\/\/soccaczech.cz\/liga\/player\/patrik-vala\/\"><span class=\"player-photo\"><img loading=\"lazy\" decoding=\"async\" width=\"400\" height=\"392\" src=\"https:\/\/soccaczech.cz\/liga\/wp-content\/uploads\/2000\/11\/IMG_2902-400x392.png\" class=\"attachment-sportspress-fit-icon size-sportspress-fit-icon wp-post-image\" alt=\"\" \/><\/span>06014 \ud83d\udfe2 Patrik Vala<\/a><\/td><td class=\"data-team\" data-label=\"T\u00fdm\"><a href=\"https:\/\/soccaczech.cz\/liga\/sport-team\/spartasocca\/\">SPARTA SOCCA<\/a><\/td><td class=\"data-goals\" data-label=\"G\u00f3ly\">0<\/td><td class=\"data-assists\" data-label=\"Asistence\">0<\/td><td class=\"data-yellowcards\" data-label=\"\u017dlut\u00e9 karty\">0<\/td><td class=\"data-redcards\" data-label=\"\u010cerven\u00e9 karty\">0<\/td><td class=\"data-appearances\" data-label=\"Po\u010det z\u00e1pas\u016f\">1<\/td><\/tr><tr class=\"odd\"><td class=\"data-rank\" data-label=\"#\">291<\/td><td class=\"data-name has-photo\" data-label=\"Hr\u00e1\u010d\"><a href=\"https:\/\/soccaczech.cz\/liga\/player\/mykola-vursta\/\"><span class=\"player-photo\"><img loading=\"lazy\" decoding=\"async\" width=\"400\" height=\"352\" src=\"https:\/\/soccaczech.cz\/liga\/wp-content\/uploads\/1987\/12\/IMG_3074-400x352.png\" class=\"attachment-sportspress-fit-icon size-sportspress-fit-icon wp-post-image\" alt=\"\" \/><\/span>02007 \ud83d\udfe2 Mykola Vursta<\/a><\/td><td class=\"data-team\" data-label=\"T\u00fdm\"><a href=\"https:\/\/soccaczech.cz\/liga\/sport-team\/fc-andezit\/\">FC ANDEZIT<\/a><\/td><td class=\"data-goals\" data-label=\"G\u00f3ly\">0<\/td><td class=\"data-assists\" data-label=\"Asistence\">0<\/td><td class=\"data-yellowcards\" data-label=\"\u017dlut\u00e9 karty\">0<\/td><td class=\"data-redcards\" data-label=\"\u010cerven\u00e9 karty\">0<\/td><td class=\"data-appearances\" data-label=\"Po\u010det z\u00e1pas\u016f\">1<\/td><\/tr><tr class=\"even\"><td class=\"data-rank\" data-label=\"#\">292<\/td><td class=\"data-name has-photo\" data-label=\"Hr\u00e1\u010d\"><a href=\"https:\/\/soccaczech.cz\/liga\/player\/artem-bohar\/\"><span class=\"player-photo\"><img loading=\"lazy\" decoding=\"async\" width=\"400\" height=\"395\" src=\"https:\/\/soccaczech.cz\/liga\/wp-content\/uploads\/1997\/03\/Artem-Bohar-400x395.png\" class=\"attachment-sportspress-fit-icon size-sportspress-fit-icon wp-post-image\" alt=\"\" \/><\/span>05018 \ud83d\udfe2 Artem Bohar<\/a><\/td><td class=\"data-team\" data-label=\"T\u00fdm\"><a href=\"https:\/\/soccaczech.cz\/liga\/sport-team\/mlady-a-perspektivni\/\">MLAD\u00dd A PERSPEKTIVN\u00cd<\/a><\/td><td class=\"data-goals\" data-label=\"G\u00f3ly\">0<\/td><td class=\"data-assists\" data-label=\"Asistence\">0<\/td><td class=\"data-yellowcards\" data-label=\"\u017dlut\u00e9 karty\">0<\/td><td class=\"data-redcards\" data-label=\"\u010cerven\u00e9 karty\">0<\/td><td class=\"data-appearances\" data-label=\"Po\u010det z\u00e1pas\u016f\">0<\/td><\/tr><tr class=\"odd\"><td class=\"data-rank\" data-label=\"#\">293<\/td><td class=\"data-name has-photo\" data-label=\"Hr\u00e1\u010d\"><a href=\"https:\/\/soccaczech.cz\/liga\/player\/04027%f0%9f%9f%a0vasyl-nemesh\/\"><span class=\"player-photo\"><img loading=\"lazy\" decoding=\"async\" width=\"267\" height=\"400\" src=\"https:\/\/soccaczech.cz\/liga\/wp-content\/uploads\/2026\/03\/WhatsApp-Image-2026-03-07-at-16.02.45-267x400.jpeg\" class=\"attachment-sportspress-fit-icon size-sportspress-fit-icon wp-post-image\" alt=\"\" \/><\/span>04027\ud83d\udfe2Vasyl Nemesh<\/a><\/td><td class=\"data-team\" data-label=\"T\u00fdm\"><a href=\"https:\/\/soccaczech.cz\/liga\/?post_type=page&amp;p=45434\">-<\/a><\/td><td class=\"data-goals\" data-label=\"G\u00f3ly\">0<\/td><td class=\"data-assists\" data-label=\"Asistence\">0<\/td><td class=\"data-yellowcards\" data-label=\"\u017dlut\u00e9 karty\">0<\/td><td class=\"data-redcards\" data-label=\"\u010cerven\u00e9 karty\">0<\/td><td class=\"data-appearances\" data-label=\"Po\u010det z\u00e1pas\u016f\">1<\/td><\/tr><tr class=\"even\"><td class=\"data-rank\" data-label=\"#\">294<\/td><td class=\"data-name has-photo\" data-label=\"Hr\u00e1\u010d\"><a href=\"https:\/\/soccaczech.cz\/liga\/player\/010001%f0%9f%9f%a2lavryshyn-zinovii\/\"><span class=\"player-photo\"><img loading=\"lazy\" decoding=\"async\" width=\"245\" height=\"400\" src=\"https:\/\/soccaczech.cz\/liga\/wp-content\/uploads\/2026\/02\/010001\ud83d\udfe2-5-245x400.png\" class=\"attachment-sportspress-fit-icon size-sportspress-fit-icon wp-post-image\" alt=\"\" \/><\/span>010001\ud83d\udfe2Zinovii Lavryshyn  (VD)<\/a><\/td><td class=\"data-team\" data-label=\"T\u00fdm\"><a href=\"https:\/\/soccaczech.cz\/liga\/sport-team\/fc-pidhorodtsi\/\">FC PIDHORODTSI<\/a><\/td><td class=\"data-goals\" data-label=\"G\u00f3ly\">0<\/td><td class=\"data-assists\" data-label=\"Asistence\">0<\/td><td class=\"data-yellowcards\" data-label=\"\u017dlut\u00e9 karty\">0<\/td><td class=\"data-redcards\" data-label=\"\u010cerven\u00e9 karty\">0<\/td><td class=\"data-appearances\" data-label=\"Po\u010det z\u00e1pas\u016f\">7<\/td><\/tr><tr class=\"odd\"><td class=\"data-rank\" data-label=\"#\">295<\/td><td class=\"data-name has-photo\" data-label=\"Hr\u00e1\u010d\"><a href=\"https:\/\/soccaczech.cz\/liga\/player\/014005%f0%9f%9f%a0ivan-shpilka\/\"><span class=\"player-photo\"><img loading=\"lazy\" decoding=\"async\" width=\"240\" height=\"400\" src=\"https:\/\/soccaczech.cz\/liga\/wp-content\/uploads\/2026\/03\/Ivan-Shpilka--240x400.jpg\" class=\"attachment-sportspress-fit-icon size-sportspress-fit-icon wp-post-image\" alt=\"\" \/><\/span>014005\ud83d\udfe2Ivan Shpilka<\/a><\/td><td class=\"data-team\" data-label=\"T\u00fdm\"><a href=\"https:\/\/soccaczech.cz\/liga\/?post_type=page&amp;p=45434\">-<\/a><\/td><td class=\"data-goals\" data-label=\"G\u00f3ly\">0<\/td><td class=\"data-assists\" data-label=\"Asistence\">0<\/td><td class=\"data-yellowcards\" data-label=\"\u017dlut\u00e9 karty\">0<\/td><td class=\"data-redcards\" data-label=\"\u010cerven\u00e9 karty\">0<\/td><td class=\"data-appearances\" data-label=\"Po\u010det z\u00e1pas\u016f\">7<\/td><\/tr><tr class=\"even\"><td class=\"data-rank\" data-label=\"#\">296<\/td><td class=\"data-name has-photo\" data-label=\"Hr\u00e1\u010d\"><a href=\"https:\/\/soccaczech.cz\/liga\/player\/03035-%f0%9f%9f%a0-david-machacek\/\"><span class=\"player-photo\"><img loading=\"lazy\" decoding=\"async\" width=\"370\" height=\"400\" src=\"https:\/\/soccaczech.cz\/liga\/wp-content\/uploads\/2026\/03\/Michal-Skokan-370x400.jpg\" class=\"attachment-sportspress-fit-icon size-sportspress-fit-icon wp-post-image\" alt=\"\" \/><\/span>03035 \ud83d\udfe2 Michal Skokan<\/a><\/td><td class=\"data-team\" data-label=\"T\u00fdm\"><a href=\"https:\/\/soccaczech.cz\/liga\/?post_type=page&amp;p=45434\">-<\/a><\/td><td class=\"data-goals\" data-label=\"G\u00f3ly\">0<\/td><td class=\"data-assists\" data-label=\"Asistence\">0<\/td><td class=\"data-yellowcards\" data-label=\"\u017dlut\u00e9 karty\">0<\/td><td class=\"data-redcards\" data-label=\"\u010cerven\u00e9 karty\">0<\/td><td class=\"data-appearances\" data-label=\"Po\u010det z\u00e1pas\u016f\">4<\/td><\/tr><tr class=\"odd\"><td class=\"data-rank\" data-label=\"#\">297<\/td><td class=\"data-name has-photo\" data-label=\"Hr\u00e1\u010d\"><a href=\"https:\/\/soccaczech.cz\/liga\/player\/015018%f0%9f%9f%a0evgeniy-gulevskiy\/\"><span class=\"player-photo\"><img loading=\"lazy\" decoding=\"async\" width=\"270\" height=\"248\" src=\"https:\/\/soccaczech.cz\/liga\/wp-content\/uploads\/2026\/03\/WhatsApp-Image-2026-03-14-at-10.42.26-1.jpeg\" class=\"attachment-sportspress-fit-icon size-sportspress-fit-icon wp-post-image\" alt=\"\" \/><\/span>015018\ud83d\udfe2Evgeniy Gulevskiy<\/a><\/td><td class=\"data-team\" data-label=\"T\u00fdm\"><a href=\"https:\/\/soccaczech.cz\/liga\/?post_type=page&amp;p=45434\">-<\/a><\/td><td class=\"data-goals\" data-label=\"G\u00f3ly\">0<\/td><td class=\"data-assists\" data-label=\"Asistence\">0<\/td><td class=\"data-yellowcards\" data-label=\"\u017dlut\u00e9 karty\">0<\/td><td class=\"data-redcards\" data-label=\"\u010cerven\u00e9 karty\">0<\/td><td class=\"data-appearances\" data-label=\"Po\u010det z\u00e1pas\u016f\">1<\/td><\/tr><tr class=\"even\"><td class=\"data-rank\" data-label=\"#\">298<\/td><td class=\"data-name has-photo\" data-label=\"Hr\u00e1\u010d\"><a href=\"https:\/\/soccaczech.cz\/liga\/player\/hakman-anton\/\"><span class=\"player-photo\"><img loading=\"lazy\" decoding=\"async\" width=\"287\" height=\"400\" src=\"https:\/\/soccaczech.cz\/liga\/wp-content\/uploads\/2002\/02\/Hakman-Anton-287x400.png\" class=\"attachment-sportspress-fit-icon size-sportspress-fit-icon wp-post-image\" alt=\"\" \/><\/span>05016 \ud83d\udfe2 Hakman Anton<\/a><\/td><td class=\"data-team\" data-label=\"T\u00fdm\"><a href=\"https:\/\/soccaczech.cz\/liga\/sport-team\/mlady-a-perspektivni\/\">MLAD\u00dd A PERSPEKTIVN\u00cd<\/a><\/td><td class=\"data-goals\" data-label=\"G\u00f3ly\">0<\/td><td class=\"data-assists\" data-label=\"Asistence\">0<\/td><td class=\"data-yellowcards\" data-label=\"\u017dlut\u00e9 karty\">0<\/td><td class=\"data-redcards\" data-label=\"\u010cerven\u00e9 karty\">0<\/td><td class=\"data-appearances\" data-label=\"Po\u010det z\u00e1pas\u016f\">0<\/td><\/tr><tr class=\"odd\"><td class=\"data-rank\" data-label=\"#\">299<\/td><td class=\"data-name has-photo\" data-label=\"Hr\u00e1\u010d\"><a href=\"https:\/\/soccaczech.cz\/liga\/player\/09007-%f0%9f%9f%a0-pryimenko-mykhailo\/\"><span class=\"player-photo\"><img loading=\"lazy\" decoding=\"async\" width=\"372\" height=\"362\" src=\"https:\/\/soccaczech.cz\/liga\/wp-content\/uploads\/2026\/02\/Pryimenko-Mykhailo.png\" class=\"attachment-sportspress-fit-icon size-sportspress-fit-icon wp-post-image\" alt=\"\" \/><\/span>09007 \ud83d\udfe2Mykhailo Pryimenko<\/a><\/td><td class=\"data-team\" data-label=\"T\u00fdm\"><a href=\"https:\/\/soccaczech.cz\/liga\/sport-team\/fc-prazharka\/\">FC PRAZHARKA<\/a><\/td><td class=\"data-goals\" data-label=\"G\u00f3ly\">0<\/td><td class=\"data-assists\" data-label=\"Asistence\">0<\/td><td class=\"data-yellowcards\" data-label=\"\u017dlut\u00e9 karty\">0<\/td><td class=\"data-redcards\" data-label=\"\u010cerven\u00e9 karty\">0<\/td><td class=\"data-appearances\" data-label=\"Po\u010det z\u00e1pas\u016f\">2<\/td><\/tr><tr class=\"even\"><td class=\"data-rank\" data-label=\"#\">300<\/td><td class=\"data-name\" data-label=\"Hr\u00e1\u010d\"><a href=\"https:\/\/soccaczech.cz\/liga\/player\/04030-%f0%9f%9f%a2-dmytro-dobosh\/\">04030 \ud83d\udfe2 Dmytro Dobosh<\/a><\/td><td class=\"data-team\" data-label=\"T\u00fdm\"><a href=\"https:\/\/soccaczech.cz\/liga\/sport-team\/vism-football\/\">VISM FOOTBALL<\/a><\/td><td class=\"data-goals\" data-label=\"G\u00f3ly\">0<\/td><td class=\"data-assists\" data-label=\"Asistence\">0<\/td><td class=\"data-yellowcards\" data-label=\"\u017dlut\u00e9 karty\">0<\/td><td class=\"data-redcards\" data-label=\"\u010cerven\u00e9 karty\">0<\/td><td class=\"data-appearances\" data-label=\"Po\u010det z\u00e1pas\u016f\">0<\/td><\/tr><tr class=\"odd\"><td class=\"data-rank\" data-label=\"#\">301<\/td><td class=\"data-name has-photo\" data-label=\"Hr\u00e1\u010d\"><a href=\"https:\/\/soccaczech.cz\/liga\/player\/010016%f0%9f%9f%a2shvydenko-vladyslav\/\"><span class=\"player-photo\"><img loading=\"lazy\" decoding=\"async\" width=\"245\" height=\"400\" src=\"https:\/\/soccaczech.cz\/liga\/wp-content\/uploads\/2026\/02\/010001\ud83d\udfe2-19-245x400.png\" class=\"attachment-sportspress-fit-icon size-sportspress-fit-icon wp-post-image\" alt=\"\" \/><\/span>010009\ud83d\udfe2Vladyslav Shvydenko<\/a><\/td><td class=\"data-team\" data-label=\"T\u00fdm\"><a href=\"https:\/\/soccaczech.cz\/liga\/?post_type=page&amp;p=45434\">-<\/a><\/td><td class=\"data-goals\" data-label=\"G\u00f3ly\">0<\/td><td class=\"data-assists\" data-label=\"Asistence\">0<\/td><td class=\"data-yellowcards\" data-label=\"\u017dlut\u00e9 karty\">1<\/td><td class=\"data-redcards\" data-label=\"\u010cerven\u00e9 karty\">0<\/td><td class=\"data-appearances\" data-label=\"Po\u010det z\u00e1pas\u016f\">4<\/td><\/tr><tr class=\"even\"><td class=\"data-rank\" data-label=\"#\">302<\/td><td class=\"data-name has-photo\" data-label=\"Hr\u00e1\u010d\"><a href=\"https:\/\/soccaczech.cz\/liga\/player\/014015-%f0%9f%9f%a0-martin-muzik\/\"><span class=\"player-photo\"><img loading=\"lazy\" decoding=\"async\" width=\"228\" height=\"400\" src=\"https:\/\/soccaczech.cz\/liga\/wp-content\/uploads\/2026\/03\/Martin-Muzik--228x400.jpg\" class=\"attachment-sportspress-fit-icon size-sportspress-fit-icon wp-post-image\" alt=\"\" \/><\/span>014015 \ud83d\udfe0 Martin Mu\u017e\u00edk<\/a><\/td><td class=\"data-team\" data-label=\"T\u00fdm\"><a href=\"https:\/\/soccaczech.cz\/liga\/sport-team\/fc-golden-gate\/\">FC GOLDEN GATE<\/a><\/td><td class=\"data-goals\" data-label=\"G\u00f3ly\">0<\/td><td class=\"data-assists\" data-label=\"Asistence\">0<\/td><td class=\"data-yellowcards\" data-label=\"\u017dlut\u00e9 karty\">0<\/td><td class=\"data-redcards\" data-label=\"\u010cerven\u00e9 karty\">0<\/td><td class=\"data-appearances\" data-label=\"Po\u010det z\u00e1pas\u016f\">2<\/td><\/tr><tr class=\"odd\"><td class=\"data-rank\" data-label=\"#\">303<\/td><td class=\"data-name\" data-label=\"Hr\u00e1\u010d\"><a href=\"https:\/\/soccaczech.cz\/liga\/player\/011029%f0%9f%9f%a0ondrej-suchan\/\">011029\ud83d\udfe2Ond\u0159ej Suchan<\/a><\/td><td class=\"data-team\" data-label=\"T\u00fdm\"><a href=\"https:\/\/soccaczech.cz\/liga\/?post_type=page&amp;p=45434\">-<\/a><\/td><td class=\"data-goals\" data-label=\"G\u00f3ly\">0<\/td><td class=\"data-assists\" data-label=\"Asistence\">0<\/td><td class=\"data-yellowcards\" data-label=\"\u017dlut\u00e9 karty\">0<\/td><td class=\"data-redcards\" data-label=\"\u010cerven\u00e9 karty\">0<\/td><td class=\"data-appearances\" data-label=\"Po\u010det z\u00e1pas\u016f\">2<\/td><\/tr><tr class=\"even\"><td class=\"data-rank\" data-label=\"#\">304<\/td><td class=\"data-name has-photo\" data-label=\"Hr\u00e1\u010d\"><a href=\"https:\/\/soccaczech.cz\/liga\/player\/martin-hora\/\"><span class=\"player-photo\"><img loading=\"lazy\" decoding=\"async\" width=\"338\" height=\"400\" src=\"https:\/\/soccaczech.cz\/liga\/wp-content\/uploads\/1994\/06\/IMG_2850-338x400.png\" class=\"attachment-sportspress-fit-icon size-sportspress-fit-icon wp-post-image\" alt=\"\" \/><\/span>06003 \ud83d\udfe0 Martin Hora<\/a><\/td><td class=\"data-team\" data-label=\"T\u00fdm\"><a href=\"https:\/\/soccaczech.cz\/liga\/sport-team\/spartasocca\/\">SPARTA SOCCA<\/a><\/td><td class=\"data-goals\" data-label=\"G\u00f3ly\">0<\/td><td class=\"data-assists\" data-label=\"Asistence\">0<\/td><td class=\"data-yellowcards\" data-label=\"\u017dlut\u00e9 karty\">0<\/td><td class=\"data-redcards\" data-label=\"\u010cerven\u00e9 karty\">0<\/td><td class=\"data-appearances\" data-label=\"Po\u010det z\u00e1pas\u016f\">0<\/td><\/tr><tr class=\"odd\"><td class=\"data-rank\" data-label=\"#\">305<\/td><td class=\"data-name has-photo\" data-label=\"Hr\u00e1\u010d\"><a href=\"https:\/\/soccaczech.cz\/liga\/player\/jan-fiala\/\"><span class=\"player-photo\"><img loading=\"lazy\" decoding=\"async\" width=\"193\" height=\"219\" src=\"https:\/\/soccaczech.cz\/liga\/wp-content\/uploads\/1999\/01\/IMG_2984.png\" class=\"attachment-sportspress-fit-icon size-sportspress-fit-icon wp-post-image\" alt=\"\" \/><\/span>03017 \ud83d\udfe2 Jan Fiala<\/a><\/td><td class=\"data-team\" data-label=\"T\u00fdm\"><a href=\"https:\/\/soccaczech.cz\/liga\/sport-team\/g-i-c-la-plate\/\">G.I.C. LA PLATE<\/a><\/td><td class=\"data-goals\" data-label=\"G\u00f3ly\">0<\/td><td class=\"data-assists\" data-label=\"Asistence\">0<\/td><td class=\"data-yellowcards\" data-label=\"\u017dlut\u00e9 karty\">0<\/td><td class=\"data-redcards\" data-label=\"\u010cerven\u00e9 karty\">0<\/td><td class=\"data-appearances\" data-label=\"Po\u010det z\u00e1pas\u016f\">0<\/td><\/tr><tr class=\"even\"><td class=\"data-rank\" data-label=\"#\">306<\/td><td class=\"data-name has-photo\" data-label=\"Hr\u00e1\u010d\"><a href=\"https:\/\/soccaczech.cz\/liga\/player\/lukas-poucek\/\"><span class=\"player-photo\"><img loading=\"lazy\" decoding=\"async\" width=\"400\" height=\"388\" src=\"https:\/\/soccaczech.cz\/liga\/wp-content\/uploads\/2003\/05\/LukasPoucek-400x388.png\" class=\"attachment-sportspress-fit-icon size-sportspress-fit-icon wp-post-image\" alt=\"\" \/><\/span>06033 \ud83d\udfe2 Luk\u00e1\u0161 Pou\u010dek<\/a><\/td><td class=\"data-team\" data-label=\"T\u00fdm\"><a href=\"https:\/\/soccaczech.cz\/liga\/sport-team\/spartasocca\/\">SPARTA SOCCA<\/a><\/td><td class=\"data-goals\" data-label=\"G\u00f3ly\">0<\/td><td class=\"data-assists\" data-label=\"Asistence\">0<\/td><td class=\"data-yellowcards\" data-label=\"\u017dlut\u00e9 karty\">0<\/td><td class=\"data-redcards\" data-label=\"\u010cerven\u00e9 karty\">0<\/td><td class=\"data-appearances\" data-label=\"Po\u010det z\u00e1pas\u016f\">0<\/td><\/tr><tr class=\"odd\"><td class=\"data-rank\" data-label=\"#\">307<\/td><td class=\"data-name has-photo\" data-label=\"Hr\u00e1\u010d\"><a href=\"https:\/\/soccaczech.cz\/liga\/player\/pavel-obrazek\/\"><span class=\"player-photo\"><img loading=\"lazy\" decoding=\"async\" width=\"310\" height=\"400\" src=\"https:\/\/soccaczech.cz\/liga\/wp-content\/uploads\/2005\/06\/Pavel-Obrazek-310x400.png\" class=\"attachment-sportspress-fit-icon size-sportspress-fit-icon wp-post-image\" alt=\"\" \/><\/span>06046 \ud83d\udfe2 Pavel Obr\u00e1zek<\/a><\/td><td class=\"data-team\" data-label=\"T\u00fdm\"><a href=\"https:\/\/soccaczech.cz\/liga\/sport-team\/spartasocca\/\">SPARTA SOCCA<\/a><\/td><td class=\"data-goals\" data-label=\"G\u00f3ly\">0<\/td><td class=\"data-assists\" data-label=\"Asistence\">0<\/td><td class=\"data-yellowcards\" data-label=\"\u017dlut\u00e9 karty\">0<\/td><td class=\"data-redcards\" data-label=\"\u010cerven\u00e9 karty\">0<\/td><td class=\"data-appearances\" data-label=\"Po\u010det z\u00e1pas\u016f\">0<\/td><\/tr><tr class=\"even\"><td class=\"data-rank\" data-label=\"#\">308<\/td><td class=\"data-name has-photo\" data-label=\"Hr\u00e1\u010d\"><a href=\"https:\/\/soccaczech.cz\/liga\/player\/015015%f0%9f%9f%a0vasyl-pasichnyk\/\"><span class=\"player-photo\"><img loading=\"lazy\" decoding=\"async\" width=\"400\" height=\"356\" src=\"https:\/\/soccaczech.cz\/liga\/wp-content\/uploads\/2026\/03\/WhatsApp-Image-2026-03-07-at-11.02.29-400x356.jpeg\" class=\"attachment-sportspress-fit-icon size-sportspress-fit-icon wp-post-image\" alt=\"\" \/><\/span>015015\ud83d\udfe2Vasyl Pasichnyk<\/a><\/td><td class=\"data-team\" data-label=\"T\u00fdm\"><a href=\"https:\/\/soccaczech.cz\/liga\/sport-team\/fc-trident\/\">FC TRIDENT<\/a><\/td><td class=\"data-goals\" data-label=\"G\u00f3ly\">0<\/td><td class=\"data-assists\" data-label=\"Asistence\">0<\/td><td class=\"data-yellowcards\" data-label=\"\u017dlut\u00e9 karty\">0<\/td><td class=\"data-redcards\" data-label=\"\u010cerven\u00e9 karty\">0<\/td><td class=\"data-appearances\" data-label=\"Po\u010det z\u00e1pas\u016f\">1<\/td><\/tr><tr class=\"odd\"><td class=\"data-rank\" data-label=\"#\">309<\/td><td class=\"data-name\" data-label=\"Hr\u00e1\u010d\"><a href=\"https:\/\/soccaczech.cz\/liga\/player\/011027-%f0%9f%9f%a0-serhii-kuchuk\/\">011046 \ud83d\udfe0 Serhii Kuchuk<\/a><\/td><td class=\"data-team\" data-label=\"T\u00fdm\"><a href=\"https:\/\/soccaczech.cz\/liga\/?post_type=page&amp;p=45434\">-<\/a><\/td><td class=\"data-goals\" data-label=\"G\u00f3ly\">0<\/td><td class=\"data-assists\" data-label=\"Asistence\">0<\/td><td class=\"data-yellowcards\" data-label=\"\u017dlut\u00e9 karty\">0<\/td><td class=\"data-redcards\" data-label=\"\u010cerven\u00e9 karty\">0<\/td><td class=\"data-appearances\" data-label=\"Po\u010det z\u00e1pas\u016f\">0<\/td><\/tr><tr class=\"even\"><td class=\"data-rank\" data-label=\"#\">310<\/td><td class=\"data-name has-photo\" data-label=\"Hr\u00e1\u010d\"><a href=\"https:\/\/soccaczech.cz\/liga\/player\/011003%f0%9f%9f%a2-martin-hora\/\"><span class=\"player-photo\"><img loading=\"lazy\" decoding=\"async\" width=\"245\" height=\"400\" src=\"https:\/\/soccaczech.cz\/liga\/wp-content\/uploads\/2026\/02\/010001\ud83d\udfe2-33-245x400.png\" class=\"attachment-sportspress-fit-icon size-sportspress-fit-icon wp-post-image\" alt=\"\" \/><\/span>011003\ud83d\udfe0 Martin Hora<\/a><\/td><td class=\"data-team\" data-label=\"T\u00fdm\"><a href=\"https:\/\/soccaczech.cz\/liga\/sport-team\/sport-overtime-2\/\">SPORT OVERTIME<\/a><\/td><td class=\"data-goals\" data-label=\"G\u00f3ly\">0<\/td><td class=\"data-assists\" data-label=\"Asistence\">0<\/td><td class=\"data-yellowcards\" data-label=\"\u017dlut\u00e9 karty\">0<\/td><td class=\"data-redcards\" data-label=\"\u010cerven\u00e9 karty\">0<\/td><td class=\"data-appearances\" data-label=\"Po\u010det z\u00e1pas\u016f\">0<\/td><\/tr><tr class=\"odd\"><td class=\"data-rank\" data-label=\"#\">311<\/td><td class=\"data-name has-photo\" data-label=\"Hr\u00e1\u010d\"><a href=\"https:\/\/soccaczech.cz\/liga\/player\/012007%f0%9f%9f%a0yaroslav-babynets\/\"><span class=\"player-photo\"><img loading=\"lazy\" decoding=\"async\" width=\"245\" height=\"400\" src=\"https:\/\/soccaczech.cz\/liga\/wp-content\/uploads\/2026\/03\/010001\ud83d\udfe2-35-245x400.png\" class=\"attachment-sportspress-fit-icon size-sportspress-fit-icon wp-post-image\" alt=\"\" \/><\/span>012007\ud83d\udfe2Yaroslav Babynets<\/a><\/td><td class=\"data-team\" data-label=\"T\u00fdm\"><a href=\"https:\/\/soccaczech.cz\/liga\/sport-team\/fc-donbass\/\">FC DONBASS<\/a><\/td><td class=\"data-goals\" data-label=\"G\u00f3ly\">0<\/td><td class=\"data-assists\" data-label=\"Asistence\">0<\/td><td class=\"data-yellowcards\" data-label=\"\u017dlut\u00e9 karty\">0<\/td><td class=\"data-redcards\" data-label=\"\u010cerven\u00e9 karty\">0<\/td><td class=\"data-appearances\" data-label=\"Po\u010det z\u00e1pas\u016f\">6<\/td><\/tr><tr class=\"even\"><td class=\"data-rank\" data-label=\"#\">312<\/td><td class=\"data-name has-photo\" data-label=\"Hr\u00e1\u010d\"><a href=\"https:\/\/soccaczech.cz\/liga\/player\/011024%f0%9f%9f%a0leo-buzik\/\"><span class=\"player-photo\"><img loading=\"lazy\" decoding=\"async\" width=\"300\" height=\"400\" src=\"https:\/\/soccaczech.cz\/liga\/wp-content\/uploads\/2026\/03\/IMG_1034-1-300x400.jpeg\" class=\"attachment-sportspress-fit-icon size-sportspress-fit-icon wp-post-image\" alt=\"\" \/><\/span>011024\ud83d\udfe0Leo B\u00fa\u017e\u00edk<\/a><\/td><td class=\"data-team\" data-label=\"T\u00fdm\"><a href=\"https:\/\/soccaczech.cz\/liga\/sport-team\/sport-overtime-2\/\">SPORT OVERTIME<\/a><\/td><td class=\"data-goals\" data-label=\"G\u00f3ly\">0<\/td><td class=\"data-assists\" data-label=\"Asistence\">0<\/td><td class=\"data-yellowcards\" data-label=\"\u017dlut\u00e9 karty\">0<\/td><td class=\"data-redcards\" data-label=\"\u010cerven\u00e9 karty\">0<\/td><td class=\"data-appearances\" data-label=\"Po\u010det z\u00e1pas\u016f\">0<\/td><\/tr><tr class=\"odd\"><td class=\"data-rank\" data-label=\"#\">313<\/td><td class=\"data-name has-photo\" data-label=\"Hr\u00e1\u010d\"><a href=\"https:\/\/soccaczech.cz\/liga\/player\/tomas-prejsa\/\"><span class=\"player-photo\"><img loading=\"lazy\" decoding=\"async\" width=\"400\" height=\"320\" src=\"https:\/\/soccaczech.cz\/liga\/wp-content\/uploads\/1994\/06\/IMG_2841-400x320.png\" class=\"attachment-sportspress-fit-icon size-sportspress-fit-icon wp-post-image\" alt=\"\" \/><\/span>06004 \ud83d\udfe2 Tom\u00e1\u0161 Prejsa<\/a><\/td><td class=\"data-team\" data-label=\"T\u00fdm\"><a href=\"https:\/\/soccaczech.cz\/liga\/sport-team\/spartasocca\/\">SPARTA SOCCA<\/a><\/td><td class=\"data-goals\" data-label=\"G\u00f3ly\">0<\/td><td class=\"data-assists\" data-label=\"Asistence\">0<\/td><td class=\"data-yellowcards\" data-label=\"\u017dlut\u00e9 karty\">0<\/td><td class=\"data-redcards\" data-label=\"\u010cerven\u00e9 karty\">0<\/td><td class=\"data-appearances\" data-label=\"Po\u010det z\u00e1pas\u016f\">0<\/td><\/tr><tr class=\"even\"><td class=\"data-rank\" data-label=\"#\">314<\/td><td class=\"data-name has-photo\" data-label=\"Hr\u00e1\u010d\"><a href=\"https:\/\/soccaczech.cz\/liga\/player\/ismar-begic\/\"><span class=\"player-photo\"><img loading=\"lazy\" decoding=\"async\" width=\"250\" height=\"250\" src=\"https:\/\/soccaczech.cz\/liga\/wp-content\/uploads\/1998\/03\/IMG_2874.png\" class=\"attachment-sportspress-fit-icon size-sportspress-fit-icon wp-post-image\" alt=\"\" \/><\/span>06015 \ud83d\udfe2 Ismar Begi\u010d<\/a><\/td><td class=\"data-team\" data-label=\"T\u00fdm\"><a href=\"https:\/\/soccaczech.cz\/liga\/sport-team\/spartasocca\/\">SPARTA SOCCA<\/a><\/td><td class=\"data-goals\" data-label=\"G\u00f3ly\">0<\/td><td class=\"data-assists\" data-label=\"Asistence\">0<\/td><td class=\"data-yellowcards\" data-label=\"\u017dlut\u00e9 karty\">0<\/td><td class=\"data-redcards\" data-label=\"\u010cerven\u00e9 karty\">0<\/td><td class=\"data-appearances\" data-label=\"Po\u010det z\u00e1pas\u016f\">0<\/td><\/tr><tr class=\"odd\"><td class=\"data-rank\" data-label=\"#\">315<\/td><td class=\"data-name has-photo\" data-label=\"Hr\u00e1\u010d\"><a href=\"https:\/\/soccaczech.cz\/liga\/player\/viktor-zeikan\/\"><span class=\"player-photo\"><img loading=\"lazy\" decoding=\"async\" width=\"320\" height=\"400\" src=\"https:\/\/soccaczech.cz\/liga\/wp-content\/uploads\/2008\/03\/Viktor-Zeikan-320x400.png\" class=\"attachment-sportspress-fit-icon size-sportspress-fit-icon wp-post-image\" alt=\"\" \/><\/span>04010 \ud83d\udfe0 Viktor Zeikan<\/a><\/td><td class=\"data-team\" data-label=\"T\u00fdm\"><a href=\"https:\/\/soccaczech.cz\/liga\/sport-team\/vism-football\/\">VISM FOOTBALL<\/a><\/td><td class=\"data-goals\" data-label=\"G\u00f3ly\">0<\/td><td class=\"data-assists\" data-label=\"Asistence\">0<\/td><td class=\"data-yellowcards\" data-label=\"\u017dlut\u00e9 karty\">0<\/td><td class=\"data-redcards\" data-label=\"\u010cerven\u00e9 karty\">0<\/td><td class=\"data-appearances\" data-label=\"Po\u010det z\u00e1pas\u016f\">0<\/td><\/tr><tr class=\"even\"><td class=\"data-rank\" data-label=\"#\">316<\/td><td class=\"data-name has-photo\" data-label=\"Hr\u00e1\u010d\"><a href=\"https:\/\/soccaczech.cz\/liga\/player\/artur-ardil\/\"><span class=\"player-photo\"><img loading=\"lazy\" decoding=\"async\" width=\"400\" height=\"341\" src=\"https:\/\/soccaczech.cz\/liga\/wp-content\/uploads\/2007\/02\/Artur-Ardil-400x341.png\" class=\"attachment-sportspress-fit-icon size-sportspress-fit-icon wp-post-image\" alt=\"\" \/><\/span>05019 \ud83d\udfe2 Artur Ardil<\/a><\/td><td class=\"data-team\" data-label=\"T\u00fdm\"><a href=\"https:\/\/soccaczech.cz\/liga\/sport-team\/mlady-a-perspektivni\/\">MLAD\u00dd A PERSPEKTIVN\u00cd<\/a><\/td><td class=\"data-goals\" data-label=\"G\u00f3ly\">0<\/td><td class=\"data-assists\" data-label=\"Asistence\">0<\/td><td class=\"data-yellowcards\" data-label=\"\u017dlut\u00e9 karty\">0<\/td><td class=\"data-redcards\" data-label=\"\u010cerven\u00e9 karty\">0<\/td><td class=\"data-appearances\" data-label=\"Po\u010det z\u00e1pas\u016f\">0<\/td><\/tr><tr class=\"odd\"><td class=\"data-rank\" data-label=\"#\">317<\/td><td class=\"data-name has-photo\" data-label=\"Hr\u00e1\u010d\"><a href=\"https:\/\/soccaczech.cz\/liga\/player\/011018%f0%9f%9f%a0-vladimir-beer-2\/\"><span class=\"player-photo\"><img loading=\"lazy\" decoding=\"async\" width=\"184\" height=\"400\" src=\"https:\/\/soccaczech.cz\/liga\/wp-content\/uploads\/2026\/03\/Vladimir-Beer-184x400.jpeg\" class=\"attachment-sportspress-fit-icon size-sportspress-fit-icon wp-post-image\" alt=\"\" \/><\/span>011018\ud83d\udfe2 Vladim\u00edr Beer<\/a><\/td><td class=\"data-team\" data-label=\"T\u00fdm\"><a href=\"https:\/\/soccaczech.cz\/liga\/?post_type=page&amp;p=45434\">-<\/a><\/td><td class=\"data-goals\" data-label=\"G\u00f3ly\">0<\/td><td class=\"data-assists\" data-label=\"Asistence\">0<\/td><td class=\"data-yellowcards\" data-label=\"\u017dlut\u00e9 karty\">0<\/td><td class=\"data-redcards\" data-label=\"\u010cerven\u00e9 karty\">0<\/td><td class=\"data-appearances\" data-label=\"Po\u010det z\u00e1pas\u016f\">1<\/td><\/tr><tr class=\"even\"><td class=\"data-rank\" data-label=\"#\">318<\/td><td class=\"data-name has-photo\" data-label=\"Hr\u00e1\u010d\"><a href=\"https:\/\/soccaczech.cz\/liga\/player\/adam-dvorak\/\"><span class=\"player-photo\"><img loading=\"lazy\" decoding=\"async\" width=\"291\" height=\"400\" src=\"https:\/\/soccaczech.cz\/liga\/wp-content\/uploads\/2005\/09\/Adam-Dvorak-291x400.png\" class=\"attachment-sportspress-fit-icon size-sportspress-fit-icon wp-post-image\" alt=\"\" \/><\/span>03011 \ud83d\udfe2 Adam Dvo\u0159\u00e1k<\/a><\/td><td class=\"data-team\" data-label=\"T\u00fdm\"><a href=\"https:\/\/soccaczech.cz\/liga\/sport-team\/g-i-c-la-plate\/\">G.I.C. LA PLATE<\/a><\/td><td class=\"data-goals\" data-label=\"G\u00f3ly\">0<\/td><td class=\"data-assists\" data-label=\"Asistence\">0<\/td><td class=\"data-yellowcards\" data-label=\"\u017dlut\u00e9 karty\">0<\/td><td class=\"data-redcards\" data-label=\"\u010cerven\u00e9 karty\">0<\/td><td class=\"data-appearances\" data-label=\"Po\u010det z\u00e1pas\u016f\">0<\/td><\/tr><tr class=\"odd\"><td class=\"data-rank\" data-label=\"#\">319<\/td><td class=\"data-name has-photo\" data-label=\"Hr\u00e1\u010d\"><a href=\"https:\/\/soccaczech.cz\/liga\/player\/korol-vitalii\/\"><span class=\"player-photo\"><img loading=\"lazy\" decoding=\"async\" width=\"400\" height=\"360\" src=\"https:\/\/soccaczech.cz\/liga\/wp-content\/uploads\/2001\/12\/IMG_5126-400x360.png\" class=\"attachment-sportspress-fit-icon size-sportspress-fit-icon wp-post-image\" alt=\"\" \/><\/span>04019 \ud83d\udfe0 Korol Vitalii<\/a><\/td><td class=\"data-team\" data-label=\"T\u00fdm\"><a href=\"https:\/\/soccaczech.cz\/liga\/sport-team\/vism-football\/\">VISM FOOTBALL<\/a><\/td><td class=\"data-goals\" data-label=\"G\u00f3ly\">0<\/td><td class=\"data-assists\" data-label=\"Asistence\">0<\/td><td class=\"data-yellowcards\" data-label=\"\u017dlut\u00e9 karty\">0<\/td><td class=\"data-redcards\" data-label=\"\u010cerven\u00e9 karty\">0<\/td><td class=\"data-appearances\" data-label=\"Po\u010det z\u00e1pas\u016f\">0<\/td><\/tr><tr class=\"even\"><td class=\"data-rank\" data-label=\"#\">320<\/td><td class=\"data-name has-photo\" data-label=\"Hr\u00e1\u010d\"><a href=\"https:\/\/soccaczech.cz\/liga\/player\/09008-%f0%9f%9f%a0-valerii-yakubets\/\"><span class=\"player-photo\"><img loading=\"lazy\" decoding=\"async\" width=\"346\" height=\"400\" src=\"https:\/\/soccaczech.cz\/liga\/wp-content\/uploads\/2026\/02\/Valerii-Yakubets-346x400.png\" class=\"attachment-sportspress-fit-icon size-sportspress-fit-icon wp-post-image\" alt=\"\" \/><\/span>09008 \ud83d\udfe2  Valerii Yakubets<\/a><\/td><td class=\"data-team\" data-label=\"T\u00fdm\"><a href=\"https:\/\/soccaczech.cz\/liga\/?post_type=page&amp;p=45434\">-<\/a><\/td><td class=\"data-goals\" data-label=\"G\u00f3ly\">0<\/td><td class=\"data-assists\" data-label=\"Asistence\">0<\/td><td class=\"data-yellowcards\" data-label=\"\u017dlut\u00e9 karty\">0<\/td><td class=\"data-redcards\" data-label=\"\u010cerven\u00e9 karty\">0<\/td><td class=\"data-appearances\" data-label=\"Po\u010det z\u00e1pas\u016f\">4<\/td><\/tr><tr class=\"odd\"><td class=\"data-rank\" data-label=\"#\">321<\/td><td class=\"data-name\" data-label=\"Hr\u00e1\u010d\"><a href=\"https:\/\/soccaczech.cz\/liga\/player\/04031-%f0%9f%9f%a2-ivan-habor\/\">04031 \ud83d\udfe2 Ivan Habor<\/a><\/td><td class=\"data-team\" data-label=\"T\u00fdm\"><a href=\"https:\/\/soccaczech.cz\/liga\/sport-team\/vism-football\/\">VISM FOOTBALL<\/a><\/td><td class=\"data-goals\" data-label=\"G\u00f3ly\">0<\/td><td class=\"data-assists\" data-label=\"Asistence\">0<\/td><td class=\"data-yellowcards\" data-label=\"\u017dlut\u00e9 karty\">0<\/td><td class=\"data-redcards\" data-label=\"\u010cerven\u00e9 karty\">0<\/td><td class=\"data-appearances\" data-label=\"Po\u010det z\u00e1pas\u016f\">0<\/td><\/tr><tr class=\"even\"><td class=\"data-rank\" data-label=\"#\">322<\/td><td class=\"data-name has-photo\" data-label=\"Hr\u00e1\u010d\"><a href=\"https:\/\/soccaczech.cz\/liga\/player\/07018-%f0%9f%9f%a0nikolas-wacker\/\"><span class=\"player-photo\"><img loading=\"lazy\" decoding=\"async\" width=\"335\" height=\"400\" src=\"https:\/\/soccaczech.cz\/liga\/wp-content\/uploads\/2026\/03\/Nikolas-Wacker-22.8.2004-335x400.jpeg\" class=\"attachment-sportspress-fit-icon size-sportspress-fit-icon wp-post-image\" alt=\"\" \/><\/span>07018 \ud83d\udfe0Nikolas Wacker<\/a><\/td><td class=\"data-team\" data-label=\"T\u00fdm\"><a href=\"https:\/\/soccaczech.cz\/liga\/sport-team\/fc-pohoda-socca\/\">FC POHODA SOCCA<\/a><\/td><td class=\"data-goals\" data-label=\"G\u00f3ly\">0<\/td><td class=\"data-assists\" data-label=\"Asistence\">0<\/td><td class=\"data-yellowcards\" data-label=\"\u017dlut\u00e9 karty\">0<\/td><td class=\"data-redcards\" data-label=\"\u010cerven\u00e9 karty\">0<\/td><td class=\"data-appearances\" data-label=\"Po\u010det z\u00e1pas\u016f\">1<\/td><\/tr><tr class=\"odd\"><td class=\"data-rank\" data-label=\"#\">323<\/td><td class=\"data-name has-photo\" data-label=\"Hr\u00e1\u010d\"><a href=\"https:\/\/soccaczech.cz\/liga\/player\/015012%f0%9f%9f%a0alnur-oskar\/\"><span class=\"player-photo\"><img loading=\"lazy\" decoding=\"async\" width=\"300\" height=\"400\" src=\"https:\/\/soccaczech.cz\/liga\/wp-content\/uploads\/2026\/03\/alhur-oskar-300x400.jpeg\" class=\"attachment-sportspress-fit-icon size-sportspress-fit-icon wp-post-image\" alt=\"\" \/><\/span>015012\ud83d\udfe2Alnur Oskar<\/a><\/td><td class=\"data-team\" data-label=\"T\u00fdm\"><a href=\"https:\/\/soccaczech.cz\/liga\/?post_type=page&amp;p=45434\">-<\/a><\/td><td class=\"data-goals\" data-label=\"G\u00f3ly\">0<\/td><td class=\"data-assists\" data-label=\"Asistence\">0<\/td><td class=\"data-yellowcards\" data-label=\"\u017dlut\u00e9 karty\">1<\/td><td class=\"data-redcards\" data-label=\"\u010cerven\u00e9 karty\">0<\/td><td class=\"data-appearances\" data-label=\"Po\u010det z\u00e1pas\u016f\">5<\/td><\/tr><tr class=\"even\"><td class=\"data-rank\" data-label=\"#\">324<\/td><td class=\"data-name has-photo\" data-label=\"Hr\u00e1\u010d\"><a href=\"https:\/\/soccaczech.cz\/liga\/player\/03039%f0%9f%9f%a0martin-zeman\/\"><span class=\"player-photo\"><img loading=\"lazy\" decoding=\"async\" width=\"184\" height=\"184\" src=\"https:\/\/soccaczech.cz\/liga\/wp-content\/uploads\/1989\/03\/Navrh-bez-nazvu-13.png\" class=\"attachment-sportspress-fit-icon size-sportspress-fit-icon wp-post-image\" alt=\"\" \/><\/span>03039\ud83d\udfe0Martin Zeman<\/a><\/td><td class=\"data-team\" data-label=\"T\u00fdm\"><a href=\"https:\/\/soccaczech.cz\/liga\/sport-team\/g-i-c-la-plate\/\">G.I.C. LA PLATE<\/a><\/td><td class=\"data-goals\" data-label=\"G\u00f3ly\">0<\/td><td class=\"data-assists\" data-label=\"Asistence\">0<\/td><td class=\"data-yellowcards\" data-label=\"\u017dlut\u00e9 karty\">0<\/td><td class=\"data-redcards\" data-label=\"\u010cerven\u00e9 karty\">0<\/td><td class=\"data-appearances\" data-label=\"Po\u010det z\u00e1pas\u016f\">0<\/td><\/tr><tr class=\"odd\"><td class=\"data-rank\" data-label=\"#\">325<\/td><td class=\"data-name has-photo\" data-label=\"Hr\u00e1\u010d\"><a href=\"https:\/\/soccaczech.cz\/liga\/player\/serhii-andrieiev\/\"><span class=\"player-photo\"><img loading=\"lazy\" decoding=\"async\" width=\"286\" height=\"400\" src=\"https:\/\/soccaczech.cz\/liga\/wp-content\/uploads\/1990\/03\/IMG_1971-286x400.png\" class=\"attachment-sportspress-fit-icon size-sportspress-fit-icon wp-post-image\" alt=\"\" \/><\/span>011027 \ud83d\udfe2  Serhii Andrieiev<\/a><\/td><td class=\"data-team\" data-label=\"T\u00fdm\"><a href=\"https:\/\/soccaczech.cz\/liga\/sport-team\/mc-sarmat\/\">MC SARMAT<\/a><\/td><td class=\"data-goals\" data-label=\"G\u00f3ly\">0<\/td><td class=\"data-assists\" data-label=\"Asistence\">0<\/td><td class=\"data-yellowcards\" data-label=\"\u017dlut\u00e9 karty\">0<\/td><td class=\"data-redcards\" data-label=\"\u010cerven\u00e9 karty\">0<\/td><td class=\"data-appearances\" data-label=\"Po\u010det z\u00e1pas\u016f\">1<\/td><\/tr><tr class=\"even\"><td class=\"data-rank\" data-label=\"#\">326<\/td><td class=\"data-name has-photo\" data-label=\"Hr\u00e1\u010d\"><a href=\"https:\/\/soccaczech.cz\/liga\/player\/matej-hudousek\/\"><span class=\"player-photo\"><img loading=\"lazy\" decoding=\"async\" width=\"321\" height=\"400\" src=\"https:\/\/soccaczech.cz\/liga\/wp-content\/uploads\/1994\/06\/IMG_2855-321x400.png\" class=\"attachment-sportspress-fit-icon size-sportspress-fit-icon wp-post-image\" alt=\"\" \/><\/span>06005 \ud83d\udfe0 Mat\u011bj Hudousek<\/a><\/td><td class=\"data-team\" data-label=\"T\u00fdm\"><a href=\"https:\/\/soccaczech.cz\/liga\/sport-team\/spartasocca\/\">SPARTA SOCCA<\/a><\/td><td class=\"data-goals\" data-label=\"G\u00f3ly\">0<\/td><td class=\"data-assists\" data-label=\"Asistence\">0<\/td><td class=\"data-yellowcards\" data-label=\"\u017dlut\u00e9 karty\">0<\/td><td class=\"data-redcards\" data-label=\"\u010cerven\u00e9 karty\">0<\/td><td class=\"data-appearances\" data-label=\"Po\u010det z\u00e1pas\u016f\">0<\/td><\/tr><tr class=\"odd\"><td class=\"data-rank\" data-label=\"#\">327<\/td><td class=\"data-name has-photo\" data-label=\"Hr\u00e1\u010d\"><a href=\"https:\/\/soccaczech.cz\/liga\/player\/martin-vana\/\"><span class=\"player-photo\"><img loading=\"lazy\" decoding=\"async\" width=\"251\" height=\"256\" src=\"https:\/\/soccaczech.cz\/liga\/wp-content\/uploads\/1993\/01\/IMG_2988.png\" class=\"attachment-sportspress-fit-icon size-sportspress-fit-icon wp-post-image\" alt=\"\" \/><\/span>03018 \ud83d\udfe0 Martin V\u00e1\u0148a<\/a><\/td><td class=\"data-team\" data-label=\"T\u00fdm\"><a href=\"https:\/\/soccaczech.cz\/liga\/sport-team\/g-i-c-la-plate\/\">G.I.C. LA PLATE<\/a><\/td><td class=\"data-goals\" data-label=\"G\u00f3ly\">0<\/td><td class=\"data-assists\" data-label=\"Asistence\">0<\/td><td class=\"data-yellowcards\" data-label=\"\u017dlut\u00e9 karty\">0<\/td><td class=\"data-redcards\" data-label=\"\u010cerven\u00e9 karty\">0<\/td><td class=\"data-appearances\" data-label=\"Po\u010det z\u00e1pas\u016f\">0<\/td><\/tr><tr class=\"even\"><td class=\"data-rank\" data-label=\"#\">328<\/td><td class=\"data-name has-photo\" data-label=\"Hr\u00e1\u010d\"><a href=\"https:\/\/soccaczech.cz\/liga\/player\/jan-hradil\/\"><span class=\"player-photo\"><img loading=\"lazy\" decoding=\"async\" width=\"398\" height=\"400\" src=\"https:\/\/soccaczech.cz\/liga\/wp-content\/uploads\/1997\/03\/F148BC69-973A-45A2-B8F0-A2A29C986828-398x400.png\" class=\"attachment-sportspress-fit-icon size-sportspress-fit-icon wp-post-image\" alt=\"\" \/><\/span>06027 \ud83d\udfe2 Jan Hradil<\/a><\/td><td class=\"data-team\" data-label=\"T\u00fdm\"><a href=\"https:\/\/soccaczech.cz\/liga\/sport-team\/spartasocca\/\">SPARTA SOCCA<\/a><\/td><td class=\"data-goals\" data-label=\"G\u00f3ly\">0<\/td><td class=\"data-assists\" data-label=\"Asistence\">0<\/td><td class=\"data-yellowcards\" data-label=\"\u017dlut\u00e9 karty\">0<\/td><td class=\"data-redcards\" data-label=\"\u010cerven\u00e9 karty\">0<\/td><td class=\"data-appearances\" data-label=\"Po\u010det z\u00e1pas\u016f\">0<\/td><\/tr><tr class=\"odd\"><td class=\"data-rank\" data-label=\"#\">329<\/td><td class=\"data-name\" data-label=\"Hr\u00e1\u010d\"><a href=\"https:\/\/soccaczech.cz\/liga\/player\/011029-%f0%9f%9f%a0-vitalii-melnyk\/\">011047 \ud83d\udfe0 Vitalii Melnyk<\/a><\/td><td class=\"data-team\" data-label=\"T\u00fdm\"><a href=\"https:\/\/soccaczech.cz\/liga\/?post_type=page&amp;p=45434\">-<\/a><\/td><td class=\"data-goals\" data-label=\"G\u00f3ly\">0<\/td><td class=\"data-assists\" data-label=\"Asistence\">0<\/td><td class=\"data-yellowcards\" data-label=\"\u017dlut\u00e9 karty\">0<\/td><td class=\"data-redcards\" data-label=\"\u010cerven\u00e9 karty\">0<\/td><td class=\"data-appearances\" data-label=\"Po\u010det z\u00e1pas\u016f\">0<\/td><\/tr><tr class=\"even\"><td class=\"data-rank\" data-label=\"#\">330<\/td><td class=\"data-name has-photo\" data-label=\"Hr\u00e1\u010d\"><a href=\"https:\/\/soccaczech.cz\/liga\/player\/011004%f0%9f%9f%a2-libor-kosman\/\"><span class=\"player-photo\"><img loading=\"lazy\" decoding=\"async\" width=\"245\" height=\"400\" src=\"https:\/\/soccaczech.cz\/liga\/wp-content\/uploads\/2026\/02\/010001\ud83d\udfe2-34-245x400.png\" class=\"attachment-sportspress-fit-icon size-sportspress-fit-icon wp-post-image\" alt=\"\" \/><\/span>011004\ud83d\udfe2 Libor Kosman<\/a><\/td><td class=\"data-team\" data-label=\"T\u00fdm\"><a href=\"https:\/\/soccaczech.cz\/liga\/sport-team\/spartasocca\/\">SPARTA SOCCA<\/a><\/td><td class=\"data-goals\" data-label=\"G\u00f3ly\">0<\/td><td class=\"data-assists\" data-label=\"Asistence\">0<\/td><td class=\"data-yellowcards\" data-label=\"\u017dlut\u00e9 karty\">0<\/td><td class=\"data-redcards\" data-label=\"\u010cerven\u00e9 karty\">0<\/td><td class=\"data-appearances\" data-label=\"Po\u010det z\u00e1pas\u016f\">0<\/td><\/tr><tr class=\"odd\"><td class=\"data-rank\" data-label=\"#\">331<\/td><td class=\"data-name has-photo\" data-label=\"Hr\u00e1\u010d\"><a href=\"https:\/\/soccaczech.cz\/liga\/player\/011025%f0%9f%9f%a0adam-bouguetouta\/\"><span class=\"player-photo\"><img loading=\"lazy\" decoding=\"async\" width=\"400\" height=\"400\" src=\"https:\/\/soccaczech.cz\/liga\/wp-content\/uploads\/2026\/03\/IMG_1021-400x400.png\" class=\"attachment-sportspress-fit-icon size-sportspress-fit-icon wp-post-image\" alt=\"\" \/><\/span>011025\ud83d\udfe0Adam Bouguetouta<\/a><\/td><td class=\"data-team\" data-label=\"T\u00fdm\"><a href=\"https:\/\/soccaczech.cz\/liga\/sport-team\/sport-overtime-2\/\">SPORT OVERTIME<\/a><\/td><td class=\"data-goals\" data-label=\"G\u00f3ly\">0<\/td><td class=\"data-assists\" data-label=\"Asistence\">0<\/td><td class=\"data-yellowcards\" data-label=\"\u017dlut\u00e9 karty\">0<\/td><td class=\"data-redcards\" data-label=\"\u010cerven\u00e9 karty\">0<\/td><td class=\"data-appearances\" data-label=\"Po\u010det z\u00e1pas\u016f\">0<\/td><\/tr><tr class=\"even\"><td class=\"data-rank\" data-label=\"#\">332<\/td><td class=\"data-name has-photo\" data-label=\"Hr\u00e1\u010d\"><a href=\"https:\/\/soccaczech.cz\/liga\/player\/miroslav-vostatek\/\"><span class=\"player-photo\"><img loading=\"lazy\" decoding=\"async\" width=\"331\" height=\"400\" src=\"https:\/\/soccaczech.cz\/liga\/wp-content\/uploads\/2005\/09\/Miroslav-Vostatek-331x400.png\" class=\"attachment-sportspress-fit-icon size-sportspress-fit-icon wp-post-image\" alt=\"\" \/><\/span>03001 \ud83d\udfe2 Miroslav Vostatek (VD)<\/a><\/td><td class=\"data-team\" data-label=\"T\u00fdm\"><a href=\"https:\/\/soccaczech.cz\/liga\/sport-team\/g-i-c-la-plate\/\">G.I.C. LA PLATE<\/a><\/td><td class=\"data-goals\" data-label=\"G\u00f3ly\">0<\/td><td class=\"data-assists\" data-label=\"Asistence\">0<\/td><td class=\"data-yellowcards\" data-label=\"\u017dlut\u00e9 karty\">0<\/td><td class=\"data-redcards\" data-label=\"\u010cerven\u00e9 karty\">0<\/td><td class=\"data-appearances\" data-label=\"Po\u010det z\u00e1pas\u016f\">7<\/td><\/tr><tr class=\"odd\"><td class=\"data-rank\" data-label=\"#\">333<\/td><td class=\"data-name has-photo\" data-label=\"Hr\u00e1\u010d\"><a href=\"https:\/\/soccaczech.cz\/liga\/player\/petr-rychtarik\/\"><span class=\"player-photo\"><img loading=\"lazy\" decoding=\"async\" width=\"337\" height=\"400\" src=\"https:\/\/soccaczech.cz\/liga\/wp-content\/uploads\/1992\/04\/IMG_2883-337x400.png\" class=\"attachment-sportspress-fit-icon size-sportspress-fit-icon wp-post-image\" alt=\"\" \/><\/span>06016 \ud83d\udfe0 Petr Rychta\u0159\u00edk<\/a><\/td><td class=\"data-team\" data-label=\"T\u00fdm\"><a href=\"https:\/\/soccaczech.cz\/liga\/sport-team\/spartasocca\/\">SPARTA SOCCA<\/a><\/td><td class=\"data-goals\" data-label=\"G\u00f3ly\">0<\/td><td class=\"data-assists\" data-label=\"Asistence\">0<\/td><td class=\"data-yellowcards\" data-label=\"\u017dlut\u00e9 karty\">0<\/td><td class=\"data-redcards\" data-label=\"\u010cerven\u00e9 karty\">0<\/td><td class=\"data-appearances\" data-label=\"Po\u010det z\u00e1pas\u016f\">0<\/td><\/tr><tr class=\"even\"><td class=\"data-rank\" data-label=\"#\">334<\/td><td class=\"data-name has-photo\" data-label=\"Hr\u00e1\u010d\"><a href=\"https:\/\/soccaczech.cz\/liga\/player\/valentyn-kurtyanik\/\"><span class=\"player-photo\"><img loading=\"lazy\" decoding=\"async\" width=\"320\" height=\"400\" src=\"https:\/\/soccaczech.cz\/liga\/wp-content\/uploads\/2008\/03\/Valentyn-Kurtyanik-320x400.png\" class=\"attachment-sportspress-fit-icon size-sportspress-fit-icon wp-post-image\" alt=\"\" \/><\/span>04011 \ud83d\udfe2 Valentyn Kurtyanik<\/a><\/td><td class=\"data-team\" data-label=\"T\u00fdm\"><a href=\"https:\/\/soccaczech.cz\/liga\/sport-team\/vism-football\/\">VISM FOOTBALL<\/a><\/td><td class=\"data-goals\" data-label=\"G\u00f3ly\">0<\/td><td class=\"data-assists\" data-label=\"Asistence\">0<\/td><td class=\"data-yellowcards\" data-label=\"\u017dlut\u00e9 karty\">0<\/td><td class=\"data-redcards\" data-label=\"\u010cerven\u00e9 karty\">0<\/td><td class=\"data-appearances\" data-label=\"Po\u010det z\u00e1pas\u016f\">0<\/td><\/tr><tr class=\"odd\"><td class=\"data-rank\" data-label=\"#\">335<\/td><td class=\"data-name has-photo\" data-label=\"Hr\u00e1\u010d\"><a href=\"https:\/\/soccaczech.cz\/liga\/player\/andras-heder\/\"><span class=\"player-photo\"><img loading=\"lazy\" decoding=\"async\" width=\"269\" height=\"400\" src=\"https:\/\/soccaczech.cz\/liga\/wp-content\/uploads\/2006\/09\/Andras-Heder-269x400.png\" class=\"attachment-sportspress-fit-icon size-sportspress-fit-icon wp-post-image\" alt=\"\" \/><\/span>05020 \ud83d\udfe2 Andras Heder<\/a><\/td><td class=\"data-team\" data-label=\"T\u00fdm\"><a href=\"https:\/\/soccaczech.cz\/liga\/sport-team\/mlady-a-perspektivni\/\">MLAD\u00dd A PERSPEKTIVN\u00cd<\/a><\/td><td class=\"data-goals\" data-label=\"G\u00f3ly\">0<\/td><td class=\"data-assists\" data-label=\"Asistence\">0<\/td><td class=\"data-yellowcards\" data-label=\"\u017dlut\u00e9 karty\">0<\/td><td class=\"data-redcards\" data-label=\"\u010cerven\u00e9 karty\">0<\/td><td class=\"data-appearances\" data-label=\"Po\u010det z\u00e1pas\u016f\">0<\/td><\/tr><tr class=\"even\"><td class=\"data-rank\" data-label=\"#\">336<\/td><td class=\"data-name has-photo\" data-label=\"Hr\u00e1\u010d\"><a href=\"https:\/\/soccaczech.cz\/liga\/player\/08016-%f0%9f%9f%a0-ostrovka-pavlo\/\"><span class=\"player-photo\"><img loading=\"lazy\" decoding=\"async\" width=\"400\" height=\"387\" src=\"https:\/\/soccaczech.cz\/liga\/wp-content\/uploads\/2007\/04\/Ostrovka-Pavlo-400x387.png\" class=\"attachment-sportspress-fit-icon size-sportspress-fit-icon wp-post-image\" alt=\"\" \/><\/span>08016 \ud83d\udfe2 Pavlo Ostrovka<\/a><\/td><td class=\"data-team\" data-label=\"T\u00fdm\"><a href=\"https:\/\/soccaczech.cz\/liga\/?post_type=page&amp;p=45434\">-<\/a><\/td><td class=\"data-goals\" data-label=\"G\u00f3ly\">0<\/td><td class=\"data-assists\" data-label=\"Asistence\">0<\/td><td class=\"data-yellowcards\" data-label=\"\u017dlut\u00e9 karty\">0<\/td><td class=\"data-redcards\" data-label=\"\u010cerven\u00e9 karty\">0<\/td><td class=\"data-appearances\" data-label=\"Po\u010det z\u00e1pas\u016f\">2<\/td><\/tr><tr class=\"odd\"><td class=\"data-rank\" data-label=\"#\">337<\/td><td class=\"data-name has-photo\" data-label=\"Hr\u00e1\u010d\"><a href=\"https:\/\/soccaczech.cz\/liga\/player\/010014%f0%9f%9f%a2mykhailo-mykhailo\/\"><span class=\"player-photo\"><img loading=\"lazy\" decoding=\"async\" width=\"245\" height=\"400\" src=\"https:\/\/soccaczech.cz\/liga\/wp-content\/uploads\/2026\/02\/010001\ud83d\udfe2-8-245x400.png\" class=\"attachment-sportspress-fit-icon size-sportspress-fit-icon wp-post-image\" alt=\"\" \/><\/span>010008\ud83d\udfe0Mykhailo Mykhailo<\/a><\/td><td class=\"data-team\" data-label=\"T\u00fdm\"><a href=\"https:\/\/soccaczech.cz\/liga\/sport-team\/fc-pidhorodtsi\/\">FC PIDHORODTSI<\/a><\/td><td class=\"data-goals\" data-label=\"G\u00f3ly\">0<\/td><td class=\"data-assists\" data-label=\"Asistence\">0<\/td><td class=\"data-yellowcards\" data-label=\"\u017dlut\u00e9 karty\">0<\/td><td class=\"data-redcards\" data-label=\"\u010cerven\u00e9 karty\">0<\/td><td class=\"data-appearances\" data-label=\"Po\u010det z\u00e1pas\u016f\">0<\/td><\/tr><tr class=\"even\"><td class=\"data-rank\" data-label=\"#\">338<\/td><td class=\"data-name has-photo\" data-label=\"Hr\u00e1\u010d\"><a href=\"https:\/\/soccaczech.cz\/liga\/player\/011020%f0%9f%9f%a0-dominik-dvoracek\/\"><span class=\"player-photo\"><img loading=\"lazy\" decoding=\"async\" width=\"365\" height=\"400\" src=\"https:\/\/soccaczech.cz\/liga\/wp-content\/uploads\/2026\/03\/Dominik-Dvoracek-1-365x400.jpeg\" class=\"attachment-sportspress-fit-icon size-sportspress-fit-icon wp-post-image\" alt=\"\" \/><\/span>011004\ud83d\udfe0 Dominik Dvo\u0159\u00e1\u010dek<\/a><\/td><td class=\"data-team\" data-label=\"T\u00fdm\"><a href=\"https:\/\/soccaczech.cz\/liga\/sport-team\/sport-overtime-2\/\">SPORT OVERTIME<\/a><\/td><td class=\"data-goals\" data-label=\"G\u00f3ly\">0<\/td><td class=\"data-assists\" data-label=\"Asistence\">0<\/td><td class=\"data-yellowcards\" data-label=\"\u017dlut\u00e9 karty\">0<\/td><td class=\"data-redcards\" data-label=\"\u010cerven\u00e9 karty\">0<\/td><td class=\"data-appearances\" data-label=\"Po\u010det z\u00e1pas\u016f\">0<\/td><\/tr><tr class=\"odd\"><td class=\"data-rank\" data-label=\"#\">339<\/td><td class=\"data-name has-photo\" data-label=\"Hr\u00e1\u010d\"><a href=\"https:\/\/soccaczech.cz\/liga\/player\/014018%f0%9f%9f%a0vasyl-berkela\/\"><span class=\"player-photo\"><img loading=\"lazy\" decoding=\"async\" width=\"400\" height=\"298\" src=\"https:\/\/soccaczech.cz\/liga\/wp-content\/uploads\/2026\/03\/WhatsApp-Image-2026-03-13-at-15.42.19-400x298.jpeg\" class=\"attachment-sportspress-fit-icon size-sportspress-fit-icon wp-post-image\" alt=\"\" \/><\/span>014018\ud83d\udfe2Vasyl Berkela<\/a><\/td><td class=\"data-team\" data-label=\"T\u00fdm\"><a href=\"https:\/\/soccaczech.cz\/liga\/?post_type=page&amp;p=45434\">-<\/a><\/td><td class=\"data-goals\" data-label=\"G\u00f3ly\">0<\/td><td class=\"data-assists\" data-label=\"Asistence\">0<\/td><td class=\"data-yellowcards\" data-label=\"\u017dlut\u00e9 karty\">0<\/td><td class=\"data-redcards\" data-label=\"\u010cerven\u00e9 karty\">0<\/td><td class=\"data-appearances\" data-label=\"Po\u010det z\u00e1pas\u016f\">1<\/td><\/tr><tr class=\"even\"><td class=\"data-rank\" data-label=\"#\">340<\/td><td class=\"data-name has-photo\" data-label=\"Hr\u00e1\u010d\"><a href=\"https:\/\/soccaczech.cz\/liga\/player\/juraj-remen\/\"><span class=\"player-photo\"><img loading=\"lazy\" decoding=\"async\" width=\"261\" height=\"400\" src=\"https:\/\/soccaczech.cz\/liga\/wp-content\/uploads\/2005\/09\/Juraj-Remen-261x400.png\" class=\"attachment-sportspress-fit-icon size-sportspress-fit-icon wp-post-image\" alt=\"\" \/><\/span>03012 \ud83d\udfe2 Juraj Reme\u0148<\/a><\/td><td class=\"data-team\" data-label=\"T\u00fdm\"><a href=\"https:\/\/soccaczech.cz\/liga\/sport-team\/g-i-c-la-plate\/\">G.I.C. LA PLATE<\/a><\/td><td class=\"data-goals\" data-label=\"G\u00f3ly\">0<\/td><td class=\"data-assists\" data-label=\"Asistence\">0<\/td><td class=\"data-yellowcards\" data-label=\"\u017dlut\u00e9 karty\">0<\/td><td class=\"data-redcards\" data-label=\"\u010cerven\u00e9 karty\">0<\/td><td class=\"data-appearances\" data-label=\"Po\u010det z\u00e1pas\u016f\">0<\/td><\/tr><tr class=\"odd\"><td class=\"data-rank\" data-label=\"#\">341<\/td><td class=\"data-name has-photo\" data-label=\"Hr\u00e1\u010d\"><a href=\"https:\/\/soccaczech.cz\/liga\/player\/andrii-cherepko\/\"><span class=\"player-photo\"><img loading=\"lazy\" decoding=\"async\" width=\"326\" height=\"294\" src=\"https:\/\/soccaczech.cz\/liga\/wp-content\/uploads\/1997\/01\/IMG_3065.jpeg\" class=\"attachment-sportspress-fit-icon size-sportspress-fit-icon wp-post-image\" alt=\"\" \/><\/span>02020 \ud83d\udfe2 Andrii Cherepko<\/a><\/td><td class=\"data-team\" data-label=\"T\u00fdm\"><a href=\"https:\/\/soccaczech.cz\/liga\/sport-team\/fc-andezit\/\">FC ANDEZIT<\/a><\/td><td class=\"data-goals\" data-label=\"G\u00f3ly\">0<\/td><td class=\"data-assists\" data-label=\"Asistence\">0<\/td><td class=\"data-yellowcards\" data-label=\"\u017dlut\u00e9 karty\">0<\/td><td class=\"data-redcards\" data-label=\"\u010cerven\u00e9 karty\">0<\/td><td class=\"data-appearances\" data-label=\"Po\u010det z\u00e1pas\u016f\">1<\/td><\/tr><tr class=\"even\"><td class=\"data-rank\" data-label=\"#\">342<\/td><td class=\"data-name has-photo\" data-label=\"Hr\u00e1\u010d\"><a href=\"https:\/\/soccaczech.cz\/liga\/player\/daniel-michl\/\"><span class=\"player-photo\"><img loading=\"lazy\" decoding=\"async\" width=\"269\" height=\"247\" src=\"https:\/\/soccaczech.cz\/liga\/wp-content\/uploads\/1992\/02\/DanielMichl-1.png\" class=\"attachment-sportspress-fit-icon size-sportspress-fit-icon wp-post-image\" alt=\"\" \/><\/span>03021 \ud83d\udfe0 Daniel Michl<\/a><\/td><td class=\"data-team\" data-label=\"T\u00fdm\"><a href=\"https:\/\/soccaczech.cz\/liga\/sport-team\/g-i-c-la-plate\/\">G.I.C. LA PLATE<\/a><\/td><td class=\"data-goals\" data-label=\"G\u00f3ly\">0<\/td><td class=\"data-assists\" data-label=\"Asistence\">0<\/td><td class=\"data-yellowcards\" data-label=\"\u017dlut\u00e9 karty\">0<\/td><td class=\"data-redcards\" data-label=\"\u010cerven\u00e9 karty\">0<\/td><td class=\"data-appearances\" data-label=\"Po\u010det z\u00e1pas\u016f\">0<\/td><\/tr><tr class=\"odd\"><td class=\"data-rank\" data-label=\"#\">343<\/td><td class=\"data-name has-photo\" data-label=\"Hr\u00e1\u010d\"><a href=\"https:\/\/soccaczech.cz\/liga\/player\/oleksandr-romanchuk\/\"><span class=\"player-photo\"><img loading=\"lazy\" decoding=\"async\" width=\"368\" height=\"400\" src=\"https:\/\/soccaczech.cz\/liga\/wp-content\/uploads\/2002\/03\/oleksandr-368x400.png\" class=\"attachment-sportspress-fit-icon size-sportspress-fit-icon wp-post-image\" alt=\"\" \/><\/span>01025 \ud83d\udfe2 Oleksandr Romanchuk<\/a><\/td><td class=\"data-team\" data-label=\"T\u00fdm\"><a href=\"https:\/\/soccaczech.cz\/liga\/sport-team\/mc-sarmat\/\">MC SARMAT<\/a><\/td><td class=\"data-goals\" data-label=\"G\u00f3ly\">0<\/td><td class=\"data-assists\" data-label=\"Asistence\">0<\/td><td class=\"data-yellowcards\" data-label=\"\u017dlut\u00e9 karty\">0<\/td><td class=\"data-redcards\" data-label=\"\u010cerven\u00e9 karty\">0<\/td><td class=\"data-appearances\" data-label=\"Po\u010det z\u00e1pas\u016f\">0<\/td><\/tr><tr class=\"even\"><td class=\"data-rank\" data-label=\"#\">344<\/td><td class=\"data-name has-photo\" data-label=\"Hr\u00e1\u010d\"><a href=\"https:\/\/soccaczech.cz\/liga\/player\/07008-%f0%9f%9f%a0-jan-kral\/\"><span class=\"player-photo\"><img loading=\"lazy\" decoding=\"async\" width=\"328\" height=\"400\" src=\"https:\/\/soccaczech.cz\/liga\/wp-content\/uploads\/2004\/08\/Jan-Kral-27.12.1993-328x400.png\" class=\"attachment-sportspress-fit-icon size-sportspress-fit-icon wp-post-image\" alt=\"\" \/><\/span>07008 \ud83d\udfe0 Jan Kr\u00e1l<\/a><\/td><td class=\"data-team\" data-label=\"T\u00fdm\"><a href=\"https:\/\/soccaczech.cz\/liga\/sport-team\/fc-pohoda-socca\/\">FC POHODA SOCCA<\/a><\/td><td class=\"data-goals\" data-label=\"G\u00f3ly\">0<\/td><td class=\"data-assists\" data-label=\"Asistence\">0<\/td><td class=\"data-yellowcards\" data-label=\"\u017dlut\u00e9 karty\">0<\/td><td class=\"data-redcards\" data-label=\"\u010cerven\u00e9 karty\">0<\/td><td class=\"data-appearances\" data-label=\"Po\u010det z\u00e1pas\u016f\">0<\/td><\/tr><tr class=\"odd\"><td class=\"data-rank\" data-label=\"#\">345<\/td><td class=\"data-name has-photo\" data-label=\"Hr\u00e1\u010d\"><a href=\"https:\/\/soccaczech.cz\/liga\/player\/09009-%f0%9f%9f%a0-antonenko-vitalii\/\"><span class=\"player-photo\"><img loading=\"lazy\" decoding=\"async\" width=\"362\" height=\"400\" src=\"https:\/\/soccaczech.cz\/liga\/wp-content\/uploads\/2026\/02\/Antonenko-Vitalii-362x400.png\" class=\"attachment-sportspress-fit-icon size-sportspress-fit-icon wp-post-image\" alt=\"\" \/><\/span>09009 \ud83d\udfe2 Vitalii Antonenko<\/a><\/td><td class=\"data-team\" data-label=\"T\u00fdm\"><a href=\"https:\/\/soccaczech.cz\/liga\/?post_type=page&amp;p=45434\">-<\/a><\/td><td class=\"data-goals\" data-label=\"G\u00f3ly\">0<\/td><td class=\"data-assists\" data-label=\"Asistence\">0<\/td><td class=\"data-yellowcards\" data-label=\"\u017dlut\u00e9 karty\">0<\/td><td class=\"data-redcards\" data-label=\"\u010cerven\u00e9 karty\">0<\/td><td class=\"data-appearances\" data-label=\"Po\u010det z\u00e1pas\u016f\">6<\/td><\/tr><tr class=\"even\"><td class=\"data-rank\" data-label=\"#\">346<\/td><td class=\"data-name\" data-label=\"Hr\u00e1\u010d\"><a href=\"https:\/\/soccaczech.cz\/liga\/player\/04032-%f0%9f%9f%a2-vitalii-tsybarovskyi\/\">04032 \ud83d\udfe2 Vitalii Tsybarovskyi<\/a><\/td><td class=\"data-team\" data-label=\"T\u00fdm\"><a href=\"https:\/\/soccaczech.cz\/liga\/sport-team\/vism-football\/\">VISM FOOTBALL<\/a><\/td><td class=\"data-goals\" data-label=\"G\u00f3ly\">0<\/td><td class=\"data-assists\" data-label=\"Asistence\">0<\/td><td class=\"data-yellowcards\" data-label=\"\u017dlut\u00e9 karty\">0<\/td><td class=\"data-redcards\" data-label=\"\u010cerven\u00e9 karty\">0<\/td><td class=\"data-appearances\" data-label=\"Po\u010det z\u00e1pas\u016f\">1<\/td><\/tr><tr class=\"odd\"><td class=\"data-rank\" data-label=\"#\">347<\/td><td class=\"data-name has-photo\" data-label=\"Hr\u00e1\u010d\"><a href=\"https:\/\/soccaczech.cz\/liga\/player\/015013%f0%9f%9f%a0marian-savciuc\/\"><span class=\"player-photo\"><img loading=\"lazy\" decoding=\"async\" width=\"343\" height=\"400\" src=\"https:\/\/soccaczech.cz\/liga\/wp-content\/uploads\/2026\/03\/Marian-Savciuc-343x400.jpeg\" class=\"attachment-sportspress-fit-icon size-sportspress-fit-icon wp-post-image\" alt=\"\" \/><\/span>015013\ud83d\udfe2Marian Savciuc<\/a><\/td><td class=\"data-team\" data-label=\"T\u00fdm\"><a href=\"https:\/\/soccaczech.cz\/liga\/sport-team\/fc-trident\/\">FC TRIDENT<\/a><\/td><td class=\"data-goals\" data-label=\"G\u00f3ly\">0<\/td><td class=\"data-assists\" data-label=\"Asistence\">0<\/td><td class=\"data-yellowcards\" data-label=\"\u017dlut\u00e9 karty\">0<\/td><td class=\"data-redcards\" data-label=\"\u010cerven\u00e9 karty\">0<\/td><td class=\"data-appearances\" data-label=\"Po\u010det z\u00e1pas\u016f\">4<\/td><\/tr><tr class=\"even\"><td class=\"data-rank\" data-label=\"#\">348<\/td><td class=\"data-name has-photo\" data-label=\"Hr\u00e1\u010d\"><a href=\"https:\/\/soccaczech.cz\/liga\/player\/03040%f0%9f%9f%a0ondrej-stursa\/\"><span class=\"player-photo\"><img loading=\"lazy\" decoding=\"async\" width=\"270\" height=\"309\" src=\"https:\/\/soccaczech.cz\/liga\/wp-content\/uploads\/2026\/03\/Ondrej-Stursa-17.6.2000-1.jpg\" class=\"attachment-sportspress-fit-icon size-sportspress-fit-icon wp-post-image\" alt=\"\" \/><\/span>03040\ud83d\udfe0Ond\u0159ej \u0160tursa<\/a><\/td><td class=\"data-team\" data-label=\"T\u00fdm\"><a href=\"https:\/\/soccaczech.cz\/liga\/sport-team\/g-i-c-la-plate\/\">G.I.C. LA PLATE<\/a><\/td><td class=\"data-goals\" data-label=\"G\u00f3ly\">0<\/td><td class=\"data-assists\" data-label=\"Asistence\">0<\/td><td class=\"data-yellowcards\" data-label=\"\u017dlut\u00e9 karty\">0<\/td><td class=\"data-redcards\" data-label=\"\u010cerven\u00e9 karty\">0<\/td><td class=\"data-appearances\" data-label=\"Po\u010det z\u00e1pas\u016f\">0<\/td><\/tr><tr class=\"odd\"><td class=\"data-rank\" data-label=\"#\">349<\/td><td class=\"data-name has-photo\" data-label=\"Hr\u00e1\u010d\"><a href=\"https:\/\/soccaczech.cz\/liga\/player\/miroslav-vaclavik\/\"><span class=\"player-photo\"><img loading=\"lazy\" decoding=\"async\" width=\"400\" height=\"364\" src=\"https:\/\/soccaczech.cz\/liga\/wp-content\/uploads\/1998\/08\/IMG_2857-400x364.png\" class=\"attachment-sportspress-fit-icon size-sportspress-fit-icon wp-post-image\" alt=\"\" \/><\/span>06006 \ud83d\udfe2 Miroslav V\u00e1clav\u00edk<\/a><\/td><td class=\"data-team\" data-label=\"T\u00fdm\"><a href=\"https:\/\/soccaczech.cz\/liga\/sport-team\/spartasocca\/\">SPARTA SOCCA<\/a><\/td><td class=\"data-goals\" data-label=\"G\u00f3ly\">0<\/td><td class=\"data-assists\" data-label=\"Asistence\">0<\/td><td class=\"data-yellowcards\" data-label=\"\u017dlut\u00e9 karty\">0<\/td><td class=\"data-redcards\" data-label=\"\u010cerven\u00e9 karty\">0<\/td><td class=\"data-appearances\" data-label=\"Po\u010det z\u00e1pas\u016f\">5<\/td><\/tr><tr class=\"even\"><td class=\"data-rank\" data-label=\"#\">350<\/td><td class=\"data-name has-photo\" data-label=\"Hr\u00e1\u010d\"><a href=\"https:\/\/soccaczech.cz\/liga\/player\/lukas-jirak\/\"><span class=\"player-photo\"><img loading=\"lazy\" decoding=\"async\" width=\"391\" height=\"400\" src=\"https:\/\/soccaczech.cz\/liga\/wp-content\/uploads\/2003\/01\/IMG_2991-391x400.png\" class=\"attachment-sportspress-fit-icon size-sportspress-fit-icon wp-post-image\" alt=\"\" \/><\/span>06021 \ud83d\udfe2 Luk\u00e1\u0161 Jir\u00e1k<\/a><\/td><td class=\"data-team\" data-label=\"T\u00fdm\"><a href=\"https:\/\/soccaczech.cz\/liga\/sport-team\/spartasocca\/\">SPARTA SOCCA<\/a><\/td><td class=\"data-goals\" data-label=\"G\u00f3ly\">0<\/td><td class=\"data-assists\" data-label=\"Asistence\">0<\/td><td class=\"data-yellowcards\" data-label=\"\u017dlut\u00e9 karty\">0<\/td><td class=\"data-redcards\" data-label=\"\u010cerven\u00e9 karty\">0<\/td><td class=\"data-appearances\" data-label=\"Po\u010det z\u00e1pas\u016f\">0<\/td><\/tr><tr class=\"odd\"><td class=\"data-rank\" data-label=\"#\">351<\/td><td class=\"data-name has-photo\" data-label=\"Hr\u00e1\u010d\"><a href=\"https:\/\/soccaczech.cz\/liga\/player\/tesinsky-david\/\"><span class=\"player-photo\"><img loading=\"lazy\" decoding=\"async\" width=\"400\" height=\"378\" src=\"https:\/\/soccaczech.cz\/liga\/wp-content\/uploads\/2000\/06\/IMG_3259-400x378.png\" class=\"attachment-sportspress-fit-icon size-sportspress-fit-icon wp-post-image\" alt=\"\" \/><\/span>06028 \ud83d\udfe2 David T\u011b\u0161\u00ednsk\u00fd<\/a><\/td><td class=\"data-team\" data-label=\"T\u00fdm\"><a href=\"https:\/\/soccaczech.cz\/liga\/sport-team\/spartasocca\/\">SPARTA SOCCA<\/a><\/td><td class=\"data-goals\" data-label=\"G\u00f3ly\">0<\/td><td class=\"data-assists\" data-label=\"Asistence\">0<\/td><td class=\"data-yellowcards\" data-label=\"\u017dlut\u00e9 karty\">0<\/td><td class=\"data-redcards\" data-label=\"\u010cerven\u00e9 karty\">0<\/td><td class=\"data-appearances\" data-label=\"Po\u010det z\u00e1pas\u016f\">0<\/td><\/tr><tr class=\"even\"><td class=\"data-rank\" data-label=\"#\">352<\/td><td class=\"data-name has-photo\" data-label=\"Hr\u00e1\u010d\"><a href=\"https:\/\/soccaczech.cz\/liga\/player\/ondrej-haluza\/\"><span class=\"player-photo\"><img loading=\"lazy\" decoding=\"async\" width=\"284\" height=\"400\" src=\"https:\/\/soccaczech.cz\/liga\/wp-content\/uploads\/2005\/06\/ondrejhaluza-284x400.png\" class=\"attachment-sportspress-fit-icon size-sportspress-fit-icon wp-post-image\" alt=\"\" \/><\/span>06047 \ud83d\udfe2 Ond\u0159ej Haluza<\/a><\/td><td class=\"data-team\" data-label=\"T\u00fdm\"><a href=\"https:\/\/soccaczech.cz\/liga\/sport-team\/spartasocca\/\">SPARTA SOCCA<\/a><\/td><td class=\"data-goals\" data-label=\"G\u00f3ly\">0<\/td><td class=\"data-assists\" data-label=\"Asistence\">0<\/td><td class=\"data-yellowcards\" data-label=\"\u017dlut\u00e9 karty\">0<\/td><td class=\"data-redcards\" data-label=\"\u010cerven\u00e9 karty\">0<\/td><td class=\"data-appearances\" data-label=\"Po\u010det z\u00e1pas\u016f\">0<\/td><\/tr><tr class=\"odd\"><td class=\"data-rank\" data-label=\"#\">353<\/td><td class=\"data-name\" data-label=\"Hr\u00e1\u010d\"><a href=\"https:\/\/soccaczech.cz\/liga\/player\/011030-%f0%9f%9f%a0-oleksandr-mahda\/\">011047 \ud83d\udfe0 Oleksandr Mahda<\/a><\/td><td class=\"data-team\" data-label=\"T\u00fdm\"><a href=\"https:\/\/soccaczech.cz\/liga\/?post_type=page&amp;p=45434\">-<\/a><\/td><td class=\"data-goals\" data-label=\"G\u00f3ly\">0<\/td><td class=\"data-assists\" data-label=\"Asistence\">0<\/td><td class=\"data-yellowcards\" data-label=\"\u017dlut\u00e9 karty\">0<\/td><td class=\"data-redcards\" data-label=\"\u010cerven\u00e9 karty\">0<\/td><td class=\"data-appearances\" data-label=\"Po\u010det z\u00e1pas\u016f\">0<\/td><\/tr><tr class=\"even\"><td class=\"data-rank\" data-label=\"#\">354<\/td><td class=\"data-name has-photo\" data-label=\"Hr\u00e1\u010d\"><a href=\"https:\/\/soccaczech.cz\/liga\/player\/011026%f0%9f%9f%a0tomas-kochman\/\"><span class=\"player-photo\"><img loading=\"lazy\" decoding=\"async\" width=\"267\" height=\"400\" src=\"https:\/\/soccaczech.cz\/liga\/wp-content\/uploads\/2026\/03\/IMG_1024-267x400.jpeg\" class=\"attachment-sportspress-fit-icon size-sportspress-fit-icon wp-post-image\" alt=\"\" \/><\/span>011026\ud83d\udfe0Tom\u00e1\u0161 Kochman<\/a><\/td><td class=\"data-team\" data-label=\"T\u00fdm\"><a href=\"https:\/\/soccaczech.cz\/liga\/sport-team\/sport-overtime-2\/\">SPORT OVERTIME<\/a><\/td><td class=\"data-goals\" data-label=\"G\u00f3ly\">0<\/td><td class=\"data-assists\" data-label=\"Asistence\">0<\/td><td class=\"data-yellowcards\" data-label=\"\u017dlut\u00e9 karty\">0<\/td><td class=\"data-redcards\" data-label=\"\u010cerven\u00e9 karty\">0<\/td><td class=\"data-appearances\" data-label=\"Po\u010det z\u00e1pas\u016f\">0<\/td><\/tr><tr class=\"odd\"><td class=\"data-rank\" data-label=\"#\">355<\/td><td class=\"data-name has-photo\" data-label=\"Hr\u00e1\u010d\"><a href=\"https:\/\/soccaczech.cz\/liga\/player\/marek-baran\/\"><span class=\"player-photo\"><img loading=\"lazy\" decoding=\"async\" width=\"363\" height=\"400\" src=\"https:\/\/soccaczech.cz\/liga\/wp-content\/uploads\/1995\/01\/IMG_2890-363x400.png\" class=\"attachment-sportspress-fit-icon size-sportspress-fit-icon wp-post-image\" alt=\"\" \/><\/span>06017 \ud83d\udfe0 Marek Baran<\/a><\/td><td class=\"data-team\" data-label=\"T\u00fdm\"><a href=\"https:\/\/soccaczech.cz\/liga\/sport-team\/spartasocca\/\">SPARTA SOCCA<\/a><\/td><td class=\"data-goals\" data-label=\"G\u00f3ly\">0<\/td><td class=\"data-assists\" data-label=\"Asistence\">0<\/td><td class=\"data-yellowcards\" data-label=\"\u017dlut\u00e9 karty\">0<\/td><td class=\"data-redcards\" data-label=\"\u010cerven\u00e9 karty\">0<\/td><td class=\"data-appearances\" data-label=\"Po\u010det z\u00e1pas\u016f\">0<\/td><\/tr><tr class=\"even\"><td class=\"data-rank\" data-label=\"#\">356<\/td><td class=\"data-name has-photo\" data-label=\"Hr\u00e1\u010d\"><a href=\"https:\/\/soccaczech.cz\/liga\/player\/mateusz-mrowiec\/\"><span class=\"player-photo\"><img loading=\"lazy\" decoding=\"async\" width=\"294\" height=\"400\" src=\"https:\/\/soccaczech.cz\/liga\/wp-content\/uploads\/1997\/11\/IMG_3076-294x400.png\" class=\"attachment-sportspress-fit-icon size-sportspress-fit-icon wp-post-image\" alt=\"\" \/><\/span>02010 \ud83d\udfe2 Mateusz Mrowiec<\/a><\/td><td class=\"data-team\" data-label=\"T\u00fdm\"><a href=\"https:\/\/soccaczech.cz\/liga\/sport-team\/fc-andezit\/\">FC ANDEZIT<\/a><\/td><td class=\"data-goals\" data-label=\"G\u00f3ly\">0<\/td><td class=\"data-assists\" data-label=\"Asistence\">0<\/td><td class=\"data-yellowcards\" data-label=\"\u017dlut\u00e9 karty\">0<\/td><td class=\"data-redcards\" data-label=\"\u010cerven\u00e9 karty\">0<\/td><td class=\"data-appearances\" data-label=\"Po\u010det z\u00e1pas\u016f\">0<\/td><\/tr><tr class=\"odd\"><td class=\"data-rank\" data-label=\"#\">357<\/td><td class=\"data-name has-photo\" data-label=\"Hr\u00e1\u010d\"><a href=\"https:\/\/soccaczech.cz\/liga\/player\/frantisek-hakl\/\"><span class=\"player-photo\"><img loading=\"lazy\" decoding=\"async\" width=\"400\" height=\"339\" src=\"https:\/\/soccaczech.cz\/liga\/wp-content\/uploads\/1989\/12\/unnamed-5-400x339.png\" class=\"attachment-sportspress-fit-icon size-sportspress-fit-icon wp-post-image\" alt=\"\" \/><\/span>06037 \ud83d\udfe0 Franti\u0161ek Hakl<\/a><\/td><td class=\"data-team\" data-label=\"T\u00fdm\"><a href=\"https:\/\/soccaczech.cz\/liga\/sport-team\/spartasocca\/\">SPARTA SOCCA<\/a><\/td><td class=\"data-goals\" data-label=\"G\u00f3ly\">0<\/td><td class=\"data-assists\" data-label=\"Asistence\">0<\/td><td class=\"data-yellowcards\" data-label=\"\u017dlut\u00e9 karty\">0<\/td><td class=\"data-redcards\" data-label=\"\u010cerven\u00e9 karty\">0<\/td><td class=\"data-appearances\" data-label=\"Po\u010det z\u00e1pas\u016f\">0<\/td><\/tr><tr class=\"even\"><td class=\"data-rank\" data-label=\"#\">358<\/td><td class=\"data-name has-photo\" data-label=\"Hr\u00e1\u010d\"><a href=\"https:\/\/soccaczech.cz\/liga\/player\/08017-%f0%9f%9f%a0-haza-dmytro\/\"><span class=\"player-photo\"><img loading=\"lazy\" decoding=\"async\" width=\"225\" height=\"400\" src=\"https:\/\/soccaczech.cz\/liga\/wp-content\/uploads\/2007\/04\/Haza-Dmytro-225x400.png\" class=\"attachment-sportspress-fit-icon size-sportspress-fit-icon wp-post-image\" alt=\"\" \/><\/span>08017 \ud83d\udfe0 Dmytro H\u00e1za<\/a><\/td><td class=\"data-team\" data-label=\"T\u00fdm\"><a href=\"https:\/\/soccaczech.cz\/liga\/?post_type=page&amp;p=45434\">-<\/a><\/td><td class=\"data-goals\" data-label=\"G\u00f3ly\">0<\/td><td class=\"data-assists\" data-label=\"Asistence\">0<\/td><td class=\"data-yellowcards\" data-label=\"\u017dlut\u00e9 karty\">0<\/td><td class=\"data-redcards\" data-label=\"\u010cerven\u00e9 karty\">0<\/td><td class=\"data-appearances\" data-label=\"Po\u010det z\u00e1pas\u016f\">0<\/td><\/tr><tr class=\"odd\"><td class=\"data-rank\" data-label=\"#\">359<\/td><td class=\"data-name has-photo\" data-label=\"Hr\u00e1\u010d\"><a href=\"https:\/\/soccaczech.cz\/liga\/player\/04028-%f0%9f%9f%a0-yosyp-ukhal\/\"><span class=\"player-photo\"><img loading=\"lazy\" decoding=\"async\" width=\"283\" height=\"400\" src=\"https:\/\/soccaczech.cz\/liga\/wp-content\/uploads\/2026\/04\/WhatsApp-Image-2026-04-10-at-12.46.20.jpeg\" class=\"attachment-sportspress-fit-icon size-sportspress-fit-icon wp-post-image\" alt=\"\" \/><\/span>04028 \ud83d\udfe2 Yosyp Ukhal<\/a><\/td><td class=\"data-team\" data-label=\"T\u00fdm\"><a href=\"https:\/\/soccaczech.cz\/liga\/?post_type=page&amp;p=45434\">-<\/a><\/td><td class=\"data-goals\" data-label=\"G\u00f3ly\">0<\/td><td class=\"data-assists\" data-label=\"Asistence\">0<\/td><td class=\"data-yellowcards\" data-label=\"\u017dlut\u00e9 karty\">0<\/td><td class=\"data-redcards\" data-label=\"\u010cerven\u00e9 karty\">0<\/td><td class=\"data-appearances\" data-label=\"Po\u010det z\u00e1pas\u016f\">1<\/td><\/tr><tr class=\"even\"><td class=\"data-rank\" data-label=\"#\">360<\/td><td class=\"data-name has-photo\" data-label=\"Hr\u00e1\u010d\"><a href=\"https:\/\/soccaczech.cz\/liga\/player\/012005%f0%9f%9f%a0borka-vasyl\/\"><span class=\"player-photo\"><img loading=\"lazy\" decoding=\"async\" width=\"245\" height=\"400\" src=\"https:\/\/soccaczech.cz\/liga\/wp-content\/uploads\/2026\/03\/010001\ud83d\udfe2-5-245x400.png\" class=\"attachment-sportspress-fit-icon size-sportspress-fit-icon wp-post-image\" alt=\"\" \/><\/span>012005\ud83d\udfe2Vasyl Borka (VD)<\/a><\/td><td class=\"data-team\" data-label=\"T\u00fdm\"><a href=\"https:\/\/soccaczech.cz\/liga\/?post_type=page&amp;p=45434\">-<\/a><\/td><td class=\"data-goals\" data-label=\"G\u00f3ly\">0<\/td><td class=\"data-assists\" data-label=\"Asistence\">0<\/td><td class=\"data-yellowcards\" data-label=\"\u017dlut\u00e9 karty\">0<\/td><td class=\"data-redcards\" data-label=\"\u010cerven\u00e9 karty\">0<\/td><td class=\"data-appearances\" data-label=\"Po\u010det z\u00e1pas\u016f\">4<\/td><\/tr><tr class=\"odd\"><td class=\"data-rank\" data-label=\"#\">361<\/td><td class=\"data-name has-photo\" data-label=\"Hr\u00e1\u010d\"><a href=\"https:\/\/soccaczech.cz\/liga\/player\/014008-%f0%9f%9f%a0mykhaylo-annyshynets\/\"><span class=\"player-photo\"><img loading=\"lazy\" decoding=\"async\" width=\"300\" height=\"400\" src=\"https:\/\/soccaczech.cz\/liga\/wp-content\/uploads\/2026\/03\/Mykhaylo-Annyshynets-1-300x400.jpg\" class=\"attachment-sportspress-fit-icon size-sportspress-fit-icon wp-post-image\" alt=\"\" \/><\/span>014008 \ud83d\udfe2Mykhaylo Annyshynets<\/a><\/td><td class=\"data-team\" data-label=\"T\u00fdm\"><a href=\"https:\/\/soccaczech.cz\/liga\/sport-team\/fc-golden-gate\/\">FC GOLDEN GATE<\/a><\/td><td class=\"data-goals\" data-label=\"G\u00f3ly\">0<\/td><td class=\"data-assists\" data-label=\"Asistence\">0<\/td><td class=\"data-yellowcards\" data-label=\"\u017dlut\u00e9 karty\">1<\/td><td class=\"data-redcards\" data-label=\"\u010cerven\u00e9 karty\">0<\/td><td class=\"data-appearances\" data-label=\"Po\u010det z\u00e1pas\u016f\">7<\/td><\/tr><tr class=\"even\"><td class=\"data-rank\" data-label=\"#\">362<\/td><td class=\"data-name has-photo\" data-label=\"Hr\u00e1\u010d\"><a href=\"https:\/\/soccaczech.cz\/liga\/player\/matyas-kubu\/\"><span class=\"player-photo\"><img loading=\"lazy\" decoding=\"async\" width=\"316\" height=\"400\" src=\"https:\/\/soccaczech.cz\/liga\/wp-content\/uploads\/2005\/09\/Matyas-Kubu-316x400.png\" class=\"attachment-sportspress-fit-icon size-sportspress-fit-icon wp-post-image\" alt=\"\" \/><\/span>03013 \ud83d\udfe2 Maty\u00e1\u0161 Kub\u016f<\/a><\/td><td class=\"data-team\" data-label=\"T\u00fdm\"><a href=\"https:\/\/soccaczech.cz\/liga\/sport-team\/g-i-c-la-plate\/\">G.I.C. LA PLATE<\/a><\/td><td class=\"data-goals\" data-label=\"G\u00f3ly\">0<\/td><td class=\"data-assists\" data-label=\"Asistence\">0<\/td><td class=\"data-yellowcards\" data-label=\"\u017dlut\u00e9 karty\">0<\/td><td class=\"data-redcards\" data-label=\"\u010cerven\u00e9 karty\">0<\/td><td class=\"data-appearances\" data-label=\"Po\u010det z\u00e1pas\u016f\">0<\/td><\/tr><tr class=\"odd\"><td class=\"data-rank\" data-label=\"#\">363<\/td><td class=\"data-name has-photo\" data-label=\"Hr\u00e1\u010d\"><a href=\"https:\/\/soccaczech.cz\/liga\/player\/ihor-dordiak\/\"><span class=\"player-photo\"><img loading=\"lazy\" decoding=\"async\" width=\"213\" height=\"400\" src=\"https:\/\/soccaczech.cz\/liga\/wp-content\/uploads\/2004\/05\/IMG_2951-213x400.png\" class=\"attachment-sportspress-fit-icon size-sportspress-fit-icon wp-post-image\" alt=\"\" \/><\/span>05008 \ud83d\udfe2 Ihor Dordiak<\/a><\/td><td class=\"data-team\" data-label=\"T\u00fdm\"><a href=\"https:\/\/soccaczech.cz\/liga\/sport-team\/mlady-a-perspektivni\/\">MLAD\u00dd A PERSPEKTIVN\u00cd<\/a><\/td><td class=\"data-goals\" data-label=\"G\u00f3ly\">0<\/td><td class=\"data-assists\" data-label=\"Asistence\">0<\/td><td class=\"data-yellowcards\" data-label=\"\u017dlut\u00e9 karty\">0<\/td><td class=\"data-redcards\" data-label=\"\u010cerven\u00e9 karty\">0<\/td><td class=\"data-appearances\" data-label=\"Po\u010det z\u00e1pas\u016f\">0<\/td><\/tr><tr class=\"even\"><td class=\"data-rank\" data-label=\"#\">364<\/td><td class=\"data-name has-photo\" data-label=\"Hr\u00e1\u010d\"><a href=\"https:\/\/soccaczech.cz\/liga\/player\/antonin-chlum\/\"><span class=\"player-photo\"><img loading=\"lazy\" decoding=\"async\" width=\"279\" height=\"400\" src=\"https:\/\/soccaczech.cz\/liga\/wp-content\/uploads\/2002\/10\/IMG_3408-279x400.jpg\" class=\"attachment-sportspress-fit-icon size-sportspress-fit-icon wp-post-image\" alt=\"\" \/><\/span>06031 \ud83d\udfe2 Anton\u00edn Chlum<\/a><\/td><td class=\"data-team\" data-label=\"T\u00fdm\"><a href=\"https:\/\/soccaczech.cz\/liga\/sport-team\/spartasocca\/\">SPARTA SOCCA<\/a><\/td><td class=\"data-goals\" data-label=\"G\u00f3ly\">0<\/td><td class=\"data-assists\" data-label=\"Asistence\">0<\/td><td class=\"data-yellowcards\" data-label=\"\u017dlut\u00e9 karty\">0<\/td><td class=\"data-redcards\" data-label=\"\u010cerven\u00e9 karty\">0<\/td><td class=\"data-appearances\" data-label=\"Po\u010det z\u00e1pas\u016f\">0<\/td><\/tr><tr class=\"odd\"><td class=\"data-rank\" data-label=\"#\">365<\/td><td class=\"data-name has-photo\" data-label=\"Hr\u00e1\u010d\"><a href=\"https:\/\/soccaczech.cz\/liga\/player\/jaroslav-bazo\/\"><span class=\"player-photo\"><img loading=\"lazy\" decoding=\"async\" width=\"400\" height=\"392\" src=\"https:\/\/soccaczech.cz\/liga\/wp-content\/uploads\/2004\/12\/11A46C4E-4A65-4423-9A7F-4B11ABEA4C5A-400x392.png\" class=\"attachment-sportspress-fit-icon size-sportspress-fit-icon wp-post-image\" alt=\"\" \/><\/span>06040 \ud83d\udfe0 Jaroslav Ba\u017eo<\/a><\/td><td class=\"data-team\" data-label=\"T\u00fdm\"><a href=\"https:\/\/soccaczech.cz\/liga\/sport-team\/spartasocca\/\">SPARTA SOCCA<\/a><\/td><td class=\"data-goals\" data-label=\"G\u00f3ly\">0<\/td><td class=\"data-assists\" data-label=\"Asistence\">0<\/td><td class=\"data-yellowcards\" data-label=\"\u017dlut\u00e9 karty\">0<\/td><td class=\"data-redcards\" data-label=\"\u010cerven\u00e9 karty\">0<\/td><td class=\"data-appearances\" data-label=\"Po\u010det z\u00e1pas\u016f\">0<\/td><\/tr><tr class=\"even\"><td class=\"data-rank\" data-label=\"#\">366<\/td><td class=\"data-name has-photo\" data-label=\"Hr\u00e1\u010d\"><a href=\"https:\/\/soccaczech.cz\/liga\/player\/07009-%f0%9f%9f%a0-michael-vondrak\/\"><span class=\"player-photo\"><img loading=\"lazy\" decoding=\"async\" width=\"300\" height=\"400\" src=\"https:\/\/soccaczech.cz\/liga\/wp-content\/uploads\/2004\/08\/Michael-Vondrak-9.4.2004-300x400.png\" class=\"attachment-sportspress-fit-icon size-sportspress-fit-icon wp-post-image\" alt=\"\" \/><\/span>07009 \ud83d\udfe2 Michael Vondr\u00e1k<\/a><\/td><td class=\"data-team\" data-label=\"T\u00fdm\"><a href=\"https:\/\/soccaczech.cz\/liga\/?post_type=page&amp;p=45434\">-<\/a><\/td><td class=\"data-goals\" data-label=\"G\u00f3ly\">0<\/td><td class=\"data-assists\" data-label=\"Asistence\">0<\/td><td class=\"data-yellowcards\" data-label=\"\u017dlut\u00e9 karty\">0<\/td><td class=\"data-redcards\" data-label=\"\u010cerven\u00e9 karty\">0<\/td><td class=\"data-appearances\" data-label=\"Po\u010det z\u00e1pas\u016f\">2<\/td><\/tr><tr class=\"odd\"><td class=\"data-rank\" data-label=\"#\">367<\/td><td class=\"data-name\" data-label=\"Hr\u00e1\u010d\"><a href=\"https:\/\/soccaczech.cz\/liga\/player\/07023-%f0%9f%9f%a2-ondrej-lukasek\/\">07023 \ud83d\udfe2 Ond\u0159ej Luk\u00e1\u0161ek<\/a><\/td><td class=\"data-team\" data-label=\"T\u00fdm\"><a href=\"https:\/\/soccaczech.cz\/liga\/sport-team\/fc-pohoda-socca\/\">FC POHODA SOCCA<\/a><\/td><td class=\"data-goals\" data-label=\"G\u00f3ly\">0<\/td><td class=\"data-assists\" data-label=\"Asistence\">0<\/td><td class=\"data-yellowcards\" data-label=\"\u017dlut\u00e9 karty\">0<\/td><td class=\"data-redcards\" data-label=\"\u010cerven\u00e9 karty\">0<\/td><td class=\"data-appearances\" data-label=\"Po\u010det z\u00e1pas\u016f\">0<\/td><\/tr><tr class=\"even\"><td class=\"data-rank\" data-label=\"#\">368<\/td><td class=\"data-name has-photo\" data-label=\"Hr\u00e1\u010d\"><a href=\"https:\/\/soccaczech.cz\/liga\/player\/013004%f0%9f%9f%a0dmytro-starkiv\/\"><span class=\"player-photo\"><img loading=\"lazy\" decoding=\"async\" width=\"245\" height=\"400\" src=\"https:\/\/soccaczech.cz\/liga\/wp-content\/uploads\/2026\/03\/010001\ud83d\udfe2-15-245x400.png\" class=\"attachment-sportspress-fit-icon size-sportspress-fit-icon wp-post-image\" alt=\"\" \/><\/span>013004\ud83d\udfe2DMYTRO STARKIV<\/a><\/td><td class=\"data-team\" data-label=\"T\u00fdm\"><a href=\"https:\/\/soccaczech.cz\/liga\/?post_type=page&amp;p=45434\">-<\/a><\/td><td class=\"data-goals\" data-label=\"G\u00f3ly\">0<\/td><td class=\"data-assists\" data-label=\"Asistence\">0<\/td><td class=\"data-yellowcards\" data-label=\"\u017dlut\u00e9 karty\">0<\/td><td class=\"data-redcards\" data-label=\"\u010cerven\u00e9 karty\">0<\/td><td class=\"data-appearances\" data-label=\"Po\u010det z\u00e1pas\u016f\">1<\/td><\/tr><tr class=\"odd\"><td class=\"data-rank\" data-label=\"#\">369<\/td><td class=\"data-name has-photo\" data-label=\"Hr\u00e1\u010d\"><a href=\"https:\/\/soccaczech.cz\/liga\/player\/07020-%f0%9f%9f%a0adam-cizmar\/\"><span class=\"player-photo\"><img loading=\"lazy\" decoding=\"async\" width=\"262\" height=\"400\" src=\"https:\/\/soccaczech.cz\/liga\/wp-content\/uploads\/2026\/03\/Adam-Cizmar-9.10.1993-262x400.jpg\" class=\"attachment-sportspress-fit-icon size-sportspress-fit-icon wp-post-image\" alt=\"\" \/><\/span>07020 \ud83d\udfe2 Adam \u010ci\u017ema\u0159<\/a><\/td><td class=\"data-team\" data-label=\"T\u00fdm\"><a href=\"https:\/\/soccaczech.cz\/liga\/?post_type=page&amp;p=45434\">-<\/a><\/td><td class=\"data-goals\" data-label=\"G\u00f3ly\">0<\/td><td class=\"data-assists\" data-label=\"Asistence\">0<\/td><td class=\"data-yellowcards\" data-label=\"\u017dlut\u00e9 karty\">0<\/td><td class=\"data-redcards\" data-label=\"\u010cerven\u00e9 karty\">0<\/td><td class=\"data-appearances\" data-label=\"Po\u010det z\u00e1pas\u016f\">1<\/td><\/tr><tr class=\"even\"><td class=\"data-rank\" data-label=\"#\">370<\/td><td class=\"data-name has-photo\" data-label=\"Hr\u00e1\u010d\"><a href=\"https:\/\/soccaczech.cz\/liga\/player\/09018%f0%9f%9f%a0eduard-jakubcik\/\"><span class=\"player-photo\"><img loading=\"lazy\" decoding=\"async\" width=\"284\" height=\"400\" src=\"https:\/\/soccaczech.cz\/liga\/wp-content\/uploads\/2026\/03\/Jakubcik-284x400.jpg\" class=\"attachment-sportspress-fit-icon size-sportspress-fit-icon wp-post-image\" alt=\"\" \/><\/span>09018\ud83d\udfe2Eduard Jakub\u010d\u00edk<\/a><\/td><td class=\"data-team\" data-label=\"T\u00fdm\"><a href=\"https:\/\/soccaczech.cz\/liga\/sport-team\/fc-prazharka\/\">FC PRAZHARKA<\/a><\/td><td class=\"data-goals\" data-label=\"G\u00f3ly\">0<\/td><td class=\"data-assists\" data-label=\"Asistence\">0<\/td><td class=\"data-yellowcards\" data-label=\"\u017dlut\u00e9 karty\">0<\/td><td class=\"data-redcards\" data-label=\"\u010cerven\u00e9 karty\">0<\/td><td class=\"data-appearances\" data-label=\"Po\u010det z\u00e1pas\u016f\">5<\/td><\/tr><tr class=\"odd\"><td class=\"data-rank\" data-label=\"#\">371<\/td><td class=\"data-name has-photo\" data-label=\"Hr\u00e1\u010d\"><a href=\"https:\/\/soccaczech.cz\/liga\/player\/011030%f0%9f%9f%a2tomas-voboril\/\"><span class=\"player-photo\"><img loading=\"lazy\" decoding=\"async\" width=\"300\" height=\"400\" src=\"https:\/\/soccaczech.cz\/liga\/wp-content\/uploads\/2026\/03\/WhatsApp-Image-2026-03-22-at-14.22.54-300x400.jpeg\" class=\"attachment-sportspress-fit-icon size-sportspress-fit-icon wp-post-image\" alt=\"\" \/><\/span>011031\ud83d\udfe2Tom\u00e1\u0161 Vobo\u0159il<\/a><\/td><td class=\"data-team\" data-label=\"T\u00fdm\"><a href=\"https:\/\/soccaczech.cz\/liga\/sport-team\/sport-overtime-2\/\">SPORT OVERTIME<\/a><\/td><td class=\"data-goals\" data-label=\"G\u00f3ly\">0<\/td><td class=\"data-assists\" data-label=\"Asistence\">0<\/td><td class=\"data-yellowcards\" data-label=\"\u017dlut\u00e9 karty\">0<\/td><td class=\"data-redcards\" data-label=\"\u010cerven\u00e9 karty\">0<\/td><td class=\"data-appearances\" data-label=\"Po\u010det z\u00e1pas\u016f\">0<\/td><\/tr><tr class=\"even\"><td class=\"data-rank\" data-label=\"#\">372<\/td><td class=\"data-name has-photo\" data-label=\"Hr\u00e1\u010d\"><a href=\"https:\/\/soccaczech.cz\/liga\/player\/oleksandr-kolesnykov\/\"><span class=\"player-photo\"><img loading=\"lazy\" decoding=\"async\" width=\"304\" height=\"400\" src=\"https:\/\/soccaczech.cz\/liga\/wp-content\/uploads\/1988\/05\/IMG_1975-304x400.png\" class=\"attachment-sportspress-fit-icon size-sportspress-fit-icon wp-post-image\" alt=\"\" \/><\/span>01011 \ud83d\udfe0 Oleksandr Kolesnykov<\/a><\/td><td class=\"data-team\" data-label=\"T\u00fdm\"><a href=\"https:\/\/soccaczech.cz\/liga\/sport-team\/mc-sarmat\/\">MC SARMAT<\/a><\/td><td class=\"data-goals\" data-label=\"G\u00f3ly\">0<\/td><td class=\"data-assists\" data-label=\"Asistence\">0<\/td><td class=\"data-yellowcards\" data-label=\"\u017dlut\u00e9 karty\">0<\/td><td class=\"data-redcards\" data-label=\"\u010cerven\u00e9 karty\">0<\/td><td class=\"data-appearances\" data-label=\"Po\u010det z\u00e1pas\u016f\">0<\/td><\/tr><tr class=\"odd\"><td class=\"data-rank\" data-label=\"#\">373<\/td><td class=\"data-name has-photo\" data-label=\"Hr\u00e1\u010d\"><a href=\"https:\/\/soccaczech.cz\/liga\/player\/martin-subrt\/\"><span class=\"player-photo\"><img loading=\"lazy\" decoding=\"async\" width=\"277\" height=\"400\" src=\"https:\/\/soccaczech.cz\/liga\/wp-content\/uploads\/2003\/07\/IMG_2853-277x400.png\" class=\"attachment-sportspress-fit-icon size-sportspress-fit-icon wp-post-image\" alt=\"\" \/><\/span>06007 \ud83d\udfe2 Martin \u0160ubrt<\/a><\/td><td class=\"data-team\" data-label=\"T\u00fdm\"><a href=\"https:\/\/soccaczech.cz\/liga\/sport-team\/spartasocca\/\">SPARTA SOCCA<\/a><\/td><td class=\"data-goals\" data-label=\"G\u00f3ly\">0<\/td><td class=\"data-assists\" data-label=\"Asistence\">0<\/td><td class=\"data-yellowcards\" data-label=\"\u017dlut\u00e9 karty\">0<\/td><td class=\"data-redcards\" data-label=\"\u010cerven\u00e9 karty\">0<\/td><td class=\"data-appearances\" data-label=\"Po\u010det z\u00e1pas\u016f\">0<\/td><\/tr><tr class=\"even\"><td class=\"data-rank\" data-label=\"#\">374<\/td><td class=\"data-name has-photo\" data-label=\"Hr\u00e1\u010d\"><a href=\"https:\/\/soccaczech.cz\/liga\/player\/lukas-horalek\/\"><span class=\"player-photo\"><img loading=\"lazy\" decoding=\"async\" width=\"400\" height=\"361\" src=\"https:\/\/soccaczech.cz\/liga\/wp-content\/uploads\/2004\/08\/IMG_3021-400x361.png\" class=\"attachment-sportspress-fit-icon size-sportspress-fit-icon wp-post-image\" alt=\"\" \/><\/span>06022 \ud83d\udfe2 Luk\u00e1\u0161 Hor\u00e1lek<\/a><\/td><td class=\"data-team\" data-label=\"T\u00fdm\"><a href=\"https:\/\/soccaczech.cz\/liga\/sport-team\/spartasocca\/\">SPARTA SOCCA<\/a><\/td><td class=\"data-goals\" data-label=\"G\u00f3ly\">0<\/td><td class=\"data-assists\" data-label=\"Asistence\">0<\/td><td class=\"data-yellowcards\" data-label=\"\u017dlut\u00e9 karty\">0<\/td><td class=\"data-redcards\" data-label=\"\u010cerven\u00e9 karty\">0<\/td><td class=\"data-appearances\" data-label=\"Po\u010det z\u00e1pas\u016f\">0<\/td><\/tr><tr class=\"odd\"><td class=\"data-rank\" data-label=\"#\">375<\/td><td class=\"data-name\" data-label=\"Hr\u00e1\u010d\"><a href=\"https:\/\/soccaczech.cz\/liga\/player\/011044-%f0%9f%9f%a0-jan-sumarta\/\">011044 \ud83d\udfe0 Jan Sumarta<\/a><\/td><td class=\"data-team\" data-label=\"T\u00fdm\"><a href=\"https:\/\/soccaczech.cz\/liga\/sport-team\/sport-overtime-2\/\">SPORT OVERTIME<\/a><\/td><td class=\"data-goals\" data-label=\"G\u00f3ly\">0<\/td><td class=\"data-assists\" data-label=\"Asistence\">0<\/td><td class=\"data-yellowcards\" data-label=\"\u017dlut\u00e9 karty\">0<\/td><td class=\"data-redcards\" data-label=\"\u010cerven\u00e9 karty\">0<\/td><td class=\"data-appearances\" data-label=\"Po\u010det z\u00e1pas\u016f\">0<\/td><\/tr><tr class=\"even\"><td class=\"data-rank\" data-label=\"#\">376<\/td><td class=\"data-name has-photo\" data-label=\"Hr\u00e1\u010d\"><a href=\"https:\/\/soccaczech.cz\/liga\/player\/013015%f0%9f%9f%a0oleg-babuka\/\"><span class=\"player-photo\"><img loading=\"lazy\" decoding=\"async\" width=\"245\" height=\"400\" src=\"https:\/\/soccaczech.cz\/liga\/wp-content\/uploads\/1994\/02\/010001\ud83d\udfe2-30-245x400.png\" class=\"attachment-sportspress-fit-icon size-sportspress-fit-icon wp-post-image\" alt=\"\" \/><\/span>013015\ud83d\udfe2OLEG BABUKA<\/a><\/td><td class=\"data-team\" data-label=\"T\u00fdm\"><a href=\"https:\/\/soccaczech.cz\/liga\/?post_type=page&amp;p=45434\">-<\/a><\/td><td class=\"data-goals\" data-label=\"G\u00f3ly\">0<\/td><td class=\"data-assists\" data-label=\"Asistence\">0<\/td><td class=\"data-yellowcards\" data-label=\"\u017dlut\u00e9 karty\">0<\/td><td class=\"data-redcards\" data-label=\"\u010cerven\u00e9 karty\">0<\/td><td class=\"data-appearances\" data-label=\"Po\u010det z\u00e1pas\u016f\">5<\/td><\/tr><tr class=\"odd\"><td class=\"data-rank\" data-label=\"#\">377<\/td><td class=\"data-name has-photo\" data-label=\"Hr\u00e1\u010d\"><a href=\"https:\/\/soccaczech.cz\/liga\/player\/011026%f0%9f%9f%a0nathan-sheye-sunday\/\"><span class=\"player-photo\"><img loading=\"lazy\" decoding=\"async\" width=\"245\" height=\"400\" src=\"https:\/\/soccaczech.cz\/liga\/wp-content\/uploads\/2026\/03\/010001\ud83d\udfe2-46-245x400.png\" class=\"attachment-sportspress-fit-icon size-sportspress-fit-icon wp-post-image\" alt=\"\" \/><\/span>011027\ud83d\udfe0Nathan Sheye Sunday<\/a><\/td><td class=\"data-team\" data-label=\"T\u00fdm\"><a href=\"https:\/\/soccaczech.cz\/liga\/sport-team\/sport-overtime-2\/\">SPORT OVERTIME<\/a><\/td><td class=\"data-goals\" data-label=\"G\u00f3ly\">0<\/td><td class=\"data-assists\" data-label=\"Asistence\">0<\/td><td class=\"data-yellowcards\" data-label=\"\u017dlut\u00e9 karty\">0<\/td><td class=\"data-redcards\" data-label=\"\u010cerven\u00e9 karty\">0<\/td><td class=\"data-appearances\" data-label=\"Po\u010det z\u00e1pas\u016f\">0<\/td><\/tr><tr class=\"even\"><td class=\"data-rank\" data-label=\"#\">378<\/td><td class=\"data-name has-photo\" data-label=\"Hr\u00e1\u010d\"><a href=\"https:\/\/soccaczech.cz\/liga\/player\/matej-kovar\/\"><span class=\"player-photo\"><img loading=\"lazy\" decoding=\"async\" width=\"284\" height=\"400\" src=\"https:\/\/soccaczech.cz\/liga\/wp-content\/uploads\/2005\/09\/Matej-Kovar-284x400.png\" class=\"attachment-sportspress-fit-icon size-sportspress-fit-icon wp-post-image\" alt=\"\" \/><\/span>03003 \ud83d\udfe2 Mat\u011bj Kov\u00e1\u0159<\/a><\/td><td class=\"data-team\" data-label=\"T\u00fdm\"><a href=\"https:\/\/soccaczech.cz\/liga\/sport-team\/g-i-c-la-plate\/\">G.I.C. LA PLATE<\/a><\/td><td class=\"data-goals\" data-label=\"G\u00f3ly\">0<\/td><td class=\"data-assists\" data-label=\"Asistence\">0<\/td><td class=\"data-yellowcards\" data-label=\"\u017dlut\u00e9 karty\">0<\/td><td class=\"data-redcards\" data-label=\"\u010cerven\u00e9 karty\">0<\/td><td class=\"data-appearances\" data-label=\"Po\u010det z\u00e1pas\u016f\">0<\/td><\/tr><tr class=\"odd\"><td class=\"data-rank\" data-label=\"#\">379<\/td><td class=\"data-name has-photo\" data-label=\"Hr\u00e1\u010d\"><a href=\"https:\/\/soccaczech.cz\/liga\/player\/pavel-kocian\/\"><span class=\"player-photo\"><img loading=\"lazy\" decoding=\"async\" width=\"355\" height=\"400\" src=\"https:\/\/soccaczech.cz\/liga\/wp-content\/uploads\/1998\/09\/IMG_2893-355x400.png\" class=\"attachment-sportspress-fit-icon size-sportspress-fit-icon wp-post-image\" alt=\"\" \/><\/span>06019 \ud83d\udfe0 Pavel Koci\u00e1n<\/a><\/td><td class=\"data-team\" data-label=\"T\u00fdm\"><a href=\"https:\/\/soccaczech.cz\/liga\/sport-team\/spartasocca\/\">SPARTA SOCCA<\/a><\/td><td class=\"data-goals\" data-label=\"G\u00f3ly\">0<\/td><td class=\"data-assists\" data-label=\"Asistence\">0<\/td><td class=\"data-yellowcards\" data-label=\"\u017dlut\u00e9 karty\">0<\/td><td class=\"data-redcards\" data-label=\"\u010cerven\u00e9 karty\">0<\/td><td class=\"data-appearances\" data-label=\"Po\u010det z\u00e1pas\u016f\">0<\/td><\/tr><tr class=\"even\"><td class=\"data-rank\" data-label=\"#\">380<\/td><td class=\"data-name has-photo\" data-label=\"Hr\u00e1\u010d\"><a href=\"https:\/\/soccaczech.cz\/liga\/player\/ivan-leva\/\"><span class=\"player-photo\"><img loading=\"lazy\" decoding=\"async\" width=\"300\" height=\"400\" src=\"https:\/\/soccaczech.cz\/liga\/wp-content\/uploads\/2008\/03\/Ivan-Leva-300x400.png\" class=\"attachment-sportspress-fit-icon size-sportspress-fit-icon wp-post-image\" alt=\"\" \/><\/span>04013 \ud83d\udfe0 Ivan Leva<\/a><\/td><td class=\"data-team\" data-label=\"T\u00fdm\"><a href=\"https:\/\/soccaczech.cz\/liga\/sport-team\/vism-football\/\">VISM FOOTBALL<\/a><\/td><td class=\"data-goals\" data-label=\"G\u00f3ly\">0<\/td><td class=\"data-assists\" data-label=\"Asistence\">0<\/td><td class=\"data-yellowcards\" data-label=\"\u017dlut\u00e9 karty\">0<\/td><td class=\"data-redcards\" data-label=\"\u010cerven\u00e9 karty\">0<\/td><td class=\"data-appearances\" data-label=\"Po\u010det z\u00e1pas\u016f\">0<\/td><\/tr><tr class=\"odd\"><td class=\"data-rank\" data-label=\"#\">381<\/td><td class=\"data-name has-photo\" data-label=\"Hr\u00e1\u010d\"><a href=\"https:\/\/soccaczech.cz\/liga\/player\/stanislav-salai\/\"><span class=\"player-photo\"><img loading=\"lazy\" decoding=\"async\" width=\"314\" height=\"400\" src=\"https:\/\/soccaczech.cz\/liga\/wp-content\/uploads\/2008\/03\/salai-314x400.png\" class=\"attachment-sportspress-fit-icon size-sportspress-fit-icon wp-post-image\" alt=\"\" \/><\/span>05024\ud83d\udfe2 Stanislav Salai<\/a><\/td><td class=\"data-team\" data-label=\"T\u00fdm\"><a href=\"https:\/\/soccaczech.cz\/liga\/?post_type=page&amp;p=45434\">-<\/a><\/td><td class=\"data-goals\" data-label=\"G\u00f3ly\">0<\/td><td class=\"data-assists\" data-label=\"Asistence\">0<\/td><td class=\"data-yellowcards\" data-label=\"\u017dlut\u00e9 karty\">0<\/td><td class=\"data-redcards\" data-label=\"\u010cerven\u00e9 karty\">0<\/td><td class=\"data-appearances\" data-label=\"Po\u010det z\u00e1pas\u016f\">1<\/td><\/tr><tr class=\"even\"><td class=\"data-rank\" data-label=\"#\">382<\/td><td class=\"data-name has-photo\" data-label=\"Hr\u00e1\u010d\"><a href=\"https:\/\/soccaczech.cz\/liga\/player\/04029-%f0%9f%9f%a0-oleh-havryshchyshyn\/\"><span class=\"player-photo\"><img loading=\"lazy\" decoding=\"async\" width=\"356\" height=\"400\" src=\"https:\/\/soccaczech.cz\/liga\/wp-content\/uploads\/2026\/04\/WhatsApp-Image-2026-04-10-at-13.16.13-356x400.jpeg\" class=\"attachment-sportspress-fit-icon size-sportspress-fit-icon wp-post-image\" alt=\"\" \/><\/span>04029 \ud83d\udfe2  Oleh Havryshchyshyn<\/a><\/td><td class=\"data-team\" data-label=\"T\u00fdm\"><a href=\"https:\/\/soccaczech.cz\/liga\/sport-team\/vism-football\/\">VISM FOOTBALL<\/a><\/td><td class=\"data-goals\" data-label=\"G\u00f3ly\">0<\/td><td class=\"data-assists\" data-label=\"Asistence\">0<\/td><td class=\"data-yellowcards\" data-label=\"\u017dlut\u00e9 karty\">0<\/td><td class=\"data-redcards\" data-label=\"\u010cerven\u00e9 karty\">0<\/td><td class=\"data-appearances\" data-label=\"Po\u010det z\u00e1pas\u016f\">1<\/td><\/tr><tr class=\"odd\"><td class=\"data-rank\" data-label=\"#\">383<\/td><td class=\"data-name has-photo\" data-label=\"Hr\u00e1\u010d\"><a href=\"https:\/\/soccaczech.cz\/liga\/player\/010012%f0%9f%9f%a2mykuliak-yaroslav\/\"><span class=\"player-photo\"><img loading=\"lazy\" decoding=\"async\" width=\"245\" height=\"400\" src=\"https:\/\/soccaczech.cz\/liga\/wp-content\/uploads\/2026\/02\/010001\ud83d\udfe2-10-245x400.png\" class=\"attachment-sportspress-fit-icon size-sportspress-fit-icon wp-post-image\" alt=\"\" \/><\/span>010002\ud83d\udfe2Yaroslav Mykuliak<\/a><\/td><td class=\"data-team\" data-label=\"T\u00fdm\"><a href=\"https:\/\/soccaczech.cz\/liga\/sport-team\/fc-pidhorodtsi\/\">FC PIDHORODTSI<\/a><\/td><td class=\"data-goals\" data-label=\"G\u00f3ly\">0<\/td><td class=\"data-assists\" data-label=\"Asistence\">0<\/td><td class=\"data-yellowcards\" data-label=\"\u017dlut\u00e9 karty\">0<\/td><td class=\"data-redcards\" data-label=\"\u010cerven\u00e9 karty\">0<\/td><td class=\"data-appearances\" data-label=\"Po\u010det z\u00e1pas\u016f\">7<\/td><\/tr><tr class=\"even\"><td class=\"data-rank\" data-label=\"#\">384<\/td><td class=\"data-name has-photo\" data-label=\"Hr\u00e1\u010d\"><a href=\"https:\/\/soccaczech.cz\/liga\/player\/014009-%f0%9f%9f%a0negrescu-alexandru\/\"><span class=\"player-photo\"><img loading=\"lazy\" decoding=\"async\" width=\"293\" height=\"400\" src=\"https:\/\/soccaczech.cz\/liga\/wp-content\/uploads\/2026\/03\/Negrescu-Alexandru--293x400.jpg\" class=\"attachment-sportspress-fit-icon size-sportspress-fit-icon wp-post-image\" alt=\"\" \/><\/span>014009 \ud83d\udfe2 Alexandru Negrescu<\/a><\/td><td class=\"data-team\" data-label=\"T\u00fdm\"><a href=\"https:\/\/soccaczech.cz\/liga\/sport-team\/fc-golden-gate\/\">FC GOLDEN GATE<\/a><\/td><td class=\"data-goals\" data-label=\"G\u00f3ly\">0<\/td><td class=\"data-assists\" data-label=\"Asistence\">0<\/td><td class=\"data-yellowcards\" data-label=\"\u017dlut\u00e9 karty\">0<\/td><td class=\"data-redcards\" data-label=\"\u010cerven\u00e9 karty\">0<\/td><td class=\"data-appearances\" data-label=\"Po\u010det z\u00e1pas\u016f\">1<\/td><\/tr><tr class=\"odd\"><td class=\"data-rank\" data-label=\"#\">385<\/td><td class=\"data-name\" data-label=\"Hr\u00e1\u010d\"><a href=\"https:\/\/soccaczech.cz\/liga\/player\/011028%f0%9f%9f%a0vojtech-janik\/\">011028\ud83d\udfe0Vojt\u011bch Jan\u00edk<\/a><\/td><td class=\"data-team\" data-label=\"T\u00fdm\"><a href=\"https:\/\/soccaczech.cz\/liga\/sport-team\/sport-overtime-2\/\">SPORT OVERTIME<\/a><\/td><td class=\"data-goals\" data-label=\"G\u00f3ly\">0<\/td><td class=\"data-assists\" data-label=\"Asistence\">0<\/td><td class=\"data-yellowcards\" data-label=\"\u017dlut\u00e9 karty\">0<\/td><td class=\"data-redcards\" data-label=\"\u010cerven\u00e9 karty\">0<\/td><td class=\"data-appearances\" data-label=\"Po\u010det z\u00e1pas\u016f\">0<\/td><\/tr><tr class=\"even\"><td class=\"data-rank\" data-label=\"#\">386<\/td><td class=\"data-name has-photo\" data-label=\"Hr\u00e1\u010d\"><a href=\"https:\/\/soccaczech.cz\/liga\/player\/daniel-burianek\/\"><span class=\"player-photo\"><img loading=\"lazy\" decoding=\"async\" width=\"328\" height=\"400\" src=\"https:\/\/soccaczech.cz\/liga\/wp-content\/uploads\/2002\/12\/unnamed-1-328x400.png\" class=\"attachment-sportspress-fit-icon size-sportspress-fit-icon wp-post-image\" alt=\"\" \/><\/span>03014 \ud83d\udfe2 Daniel Buri\u00e1nek<\/a><\/td><td class=\"data-team\" data-label=\"T\u00fdm\"><a href=\"https:\/\/soccaczech.cz\/liga\/sport-team\/g-i-c-la-plate\/\">G.I.C. LA PLATE<\/a><\/td><td class=\"data-goals\" data-label=\"G\u00f3ly\">0<\/td><td class=\"data-assists\" data-label=\"Asistence\">0<\/td><td class=\"data-yellowcards\" data-label=\"\u017dlut\u00e9 karty\">0<\/td><td class=\"data-redcards\" data-label=\"\u010cerven\u00e9 karty\">0<\/td><td class=\"data-appearances\" data-label=\"Po\u010det z\u00e1pas\u016f\">0<\/td><\/tr><tr class=\"odd\"><td class=\"data-rank\" data-label=\"#\">387<\/td><td class=\"data-name has-photo\" data-label=\"Hr\u00e1\u010d\"><a href=\"https:\/\/soccaczech.cz\/liga\/player\/lukas-mach\/\"><span class=\"player-photo\"><img loading=\"lazy\" decoding=\"async\" width=\"400\" height=\"375\" src=\"https:\/\/soccaczech.cz\/liga\/wp-content\/uploads\/2003\/05\/unnamed-400x375.jpg\" class=\"attachment-sportspress-fit-icon size-sportspress-fit-icon wp-post-image\" alt=\"\" \/><\/span>06025 \ud83d\udfe2 Luk\u00e1\u0161 Mach<\/a><\/td><td class=\"data-team\" data-label=\"T\u00fdm\"><a href=\"https:\/\/soccaczech.cz\/liga\/sport-team\/spartasocca\/\">SPARTA SOCCA<\/a><\/td><td class=\"data-goals\" data-label=\"G\u00f3ly\">0<\/td><td class=\"data-assists\" data-label=\"Asistence\">0<\/td><td class=\"data-yellowcards\" data-label=\"\u017dlut\u00e9 karty\">0<\/td><td class=\"data-redcards\" data-label=\"\u010cerven\u00e9 karty\">0<\/td><td class=\"data-appearances\" data-label=\"Po\u010det z\u00e1pas\u016f\">0<\/td><\/tr><tr class=\"even\"><td class=\"data-rank\" data-label=\"#\">388<\/td><td class=\"data-name has-photo\" data-label=\"Hr\u00e1\u010d\"><a href=\"https:\/\/soccaczech.cz\/liga\/player\/vasyl-kachur-vd\/\"><span class=\"player-photo\"><img loading=\"lazy\" decoding=\"async\" width=\"253\" height=\"400\" src=\"https:\/\/soccaczech.cz\/liga\/wp-content\/uploads\/1972\/01\/Vasyl-Katchur-253x400.png\" class=\"attachment-sportspress-fit-icon size-sportspress-fit-icon wp-post-image\" alt=\"\" \/><\/span>04014 \ud83d\udfe2 Vasyl Kachur (VD)<\/a><\/td><td class=\"data-team\" data-label=\"T\u00fdm\"><a href=\"https:\/\/soccaczech.cz\/liga\/sport-team\/vism-football\/\">VISM FOOTBALL<\/a><\/td><td class=\"data-goals\" data-label=\"G\u00f3ly\">0<\/td><td class=\"data-assists\" data-label=\"Asistence\">0<\/td><td class=\"data-yellowcards\" data-label=\"\u017dlut\u00e9 karty\">0<\/td><td class=\"data-redcards\" data-label=\"\u010cerven\u00e9 karty\">0<\/td><td class=\"data-appearances\" data-label=\"Po\u010det z\u00e1pas\u016f\">6<\/td><\/tr><tr class=\"odd\"><td class=\"data-rank\" data-label=\"#\">389<\/td><td class=\"data-name has-photo\" data-label=\"Hr\u00e1\u010d\"><a href=\"https:\/\/soccaczech.cz\/liga\/player\/matyas-nechvatal\/\"><span class=\"player-photo\"><img loading=\"lazy\" decoding=\"async\" width=\"390\" height=\"400\" src=\"https:\/\/soccaczech.cz\/liga\/wp-content\/uploads\/1993\/09\/matyasnechvatal-390x400.png\" class=\"attachment-sportspress-fit-icon size-sportspress-fit-icon wp-post-image\" alt=\"\" \/><\/span>01026 \ud83d\udfe0 Maty\u00e1\u0161 Nechv\u00e1tal<\/a><\/td><td class=\"data-team\" data-label=\"T\u00fdm\"><a href=\"https:\/\/soccaczech.cz\/liga\/sport-team\/mc-sarmat\/\">MC SARMAT<\/a><\/td><td class=\"data-goals\" data-label=\"G\u00f3ly\">0<\/td><td class=\"data-assists\" data-label=\"Asistence\">0<\/td><td class=\"data-yellowcards\" data-label=\"\u017dlut\u00e9 karty\">0<\/td><td class=\"data-redcards\" data-label=\"\u010cerven\u00e9 karty\">0<\/td><td class=\"data-appearances\" data-label=\"Po\u010det z\u00e1pas\u016f\">0<\/td><\/tr><tr class=\"even\"><td class=\"data-rank\" data-label=\"#\">390<\/td><td class=\"data-name has-photo\" data-label=\"Hr\u00e1\u010d\"><a href=\"https:\/\/soccaczech.cz\/liga\/player\/09011-%f0%9f%9f%a0-drozdov-marian\/\"><span class=\"player-photo\"><img loading=\"lazy\" decoding=\"async\" width=\"400\" height=\"356\" src=\"https:\/\/soccaczech.cz\/liga\/wp-content\/uploads\/2026\/02\/Drozdov-Marian-kopie-400x356.png\" class=\"attachment-sportspress-fit-icon size-sportspress-fit-icon wp-post-image\" alt=\"\" \/><\/span>09011 \ud83d\udfe2Marian Drozdov<\/a><\/td><td class=\"data-team\" data-label=\"T\u00fdm\"><a href=\"https:\/\/soccaczech.cz\/liga\/sport-team\/fc-prazharka\/\">FC PRAZHARKA<\/a><\/td><td class=\"data-goals\" data-label=\"G\u00f3ly\">0<\/td><td class=\"data-assists\" data-label=\"Asistence\">0<\/td><td class=\"data-yellowcards\" data-label=\"\u017dlut\u00e9 karty\">0<\/td><td class=\"data-redcards\" data-label=\"\u010cerven\u00e9 karty\">0<\/td><td class=\"data-appearances\" data-label=\"Po\u010det z\u00e1pas\u016f\">3<\/td><\/tr><tr class=\"odd\"><td class=\"data-rank\" data-label=\"#\">391<\/td><td class=\"data-name\" data-label=\"Hr\u00e1\u010d\"><a href=\"https:\/\/soccaczech.cz\/liga\/player\/07024-%f0%9f%9f%a2-nicolas-krenciv\/\">07024 \ud83d\udfe2 Nicolas Krenciv<\/a><\/td><td class=\"data-team\" data-label=\"T\u00fdm\"><a href=\"https:\/\/soccaczech.cz\/liga\/sport-team\/fc-pohoda-socca\/\">FC POHODA SOCCA<\/a><\/td><td class=\"data-goals\" data-label=\"G\u00f3ly\">0<\/td><td class=\"data-assists\" data-label=\"Asistence\">0<\/td><td class=\"data-yellowcards\" data-label=\"\u017dlut\u00e9 karty\">0<\/td><td class=\"data-redcards\" data-label=\"\u010cerven\u00e9 karty\">0<\/td><td class=\"data-appearances\" data-label=\"Po\u010det z\u00e1pas\u016f\">0<\/td><\/tr><tr class=\"even\"><td class=\"data-rank\" data-label=\"#\">392<\/td><td class=\"data-name has-photo\" data-label=\"Hr\u00e1\u010d\"><a href=\"https:\/\/soccaczech.cz\/liga\/player\/09016-%f0%9f%9f%a0-roman-cernomorcenco\/\"><span class=\"player-photo\"><img loading=\"lazy\" decoding=\"async\" width=\"245\" height=\"400\" src=\"https:\/\/soccaczech.cz\/liga\/wp-content\/uploads\/2026\/02\/010001\ud83d\udfe2-25-245x400.png\" class=\"attachment-sportspress-fit-icon size-sportspress-fit-icon wp-post-image\" alt=\"\" \/><\/span>09016  \ud83d\udfe2  Roman Cernomorcenco<\/a><\/td><td class=\"data-team\" data-label=\"T\u00fdm\"><a href=\"https:\/\/soccaczech.cz\/liga\/?post_type=page&amp;p=45434\">-<\/a><\/td><td class=\"data-goals\" data-label=\"G\u00f3ly\">0<\/td><td class=\"data-assists\" data-label=\"Asistence\">0<\/td><td class=\"data-yellowcards\" data-label=\"\u017dlut\u00e9 karty\">0<\/td><td class=\"data-redcards\" data-label=\"\u010cerven\u00e9 karty\">0<\/td><td class=\"data-appearances\" data-label=\"Po\u010det z\u00e1pas\u016f\">3<\/td><\/tr><tr class=\"odd\"><td class=\"data-rank\" data-label=\"#\">393<\/td><td class=\"data-name has-photo\" data-label=\"Hr\u00e1\u010d\"><a href=\"https:\/\/soccaczech.cz\/liga\/player\/013005%f0%9f%9f%a0roman-nykoliak\/\"><span class=\"player-photo\"><img loading=\"lazy\" decoding=\"async\" width=\"245\" height=\"400\" src=\"https:\/\/soccaczech.cz\/liga\/wp-content\/uploads\/2026\/03\/010001\ud83d\udfe2-19-245x400.png\" class=\"attachment-sportspress-fit-icon size-sportspress-fit-icon wp-post-image\" alt=\"\" \/><\/span>013005\ud83d\udfe2ROMAN NYKOLIAK<\/a><\/td><td class=\"data-team\" data-label=\"T\u00fdm\"><a href=\"https:\/\/soccaczech.cz\/liga\/?post_type=page&amp;p=45434\">-<\/a><\/td><td class=\"data-goals\" data-label=\"G\u00f3ly\">0<\/td><td class=\"data-assists\" data-label=\"Asistence\">0<\/td><td class=\"data-yellowcards\" data-label=\"\u017dlut\u00e9 karty\">0<\/td><td class=\"data-redcards\" data-label=\"\u010cerven\u00e9 karty\">0<\/td><td class=\"data-appearances\" data-label=\"Po\u010det z\u00e1pas\u016f\">2<\/td><\/tr><tr class=\"even\"><td class=\"data-rank\" data-label=\"#\">394<\/td><td class=\"data-name has-photo\" data-label=\"Hr\u00e1\u010d\"><a href=\"https:\/\/soccaczech.cz\/liga\/player\/09019%f0%9f%9f%a0dmytro-kovalov\/\"><span class=\"player-photo\"><img loading=\"lazy\" decoding=\"async\" width=\"343\" height=\"400\" src=\"https:\/\/soccaczech.cz\/liga\/wp-content\/uploads\/2026\/03\/Kovalov-343x400.jpg\" class=\"attachment-sportspress-fit-icon size-sportspress-fit-icon wp-post-image\" alt=\"\" \/><\/span>09019\ud83d\udfe2Dmytro Kovalov<\/a><\/td><td class=\"data-team\" data-label=\"T\u00fdm\"><a href=\"https:\/\/soccaczech.cz\/liga\/?post_type=page&amp;p=45434\">-<\/a><\/td><td class=\"data-goals\" data-label=\"G\u00f3ly\">0<\/td><td class=\"data-assists\" data-label=\"Asistence\">0<\/td><td class=\"data-yellowcards\" data-label=\"\u017dlut\u00e9 karty\">0<\/td><td class=\"data-redcards\" data-label=\"\u010cerven\u00e9 karty\">0<\/td><td class=\"data-appearances\" data-label=\"Po\u010det z\u00e1pas\u016f\">4<\/td><\/tr><tr class=\"odd\"><td class=\"data-rank\" data-label=\"#\">395<\/td><td class=\"data-name has-photo\" data-label=\"Hr\u00e1\u010d\"><a href=\"https:\/\/soccaczech.cz\/liga\/player\/015020%f0%9f%9f%a0illia-mititak\/\"><span class=\"player-photo\"><img loading=\"lazy\" decoding=\"async\" width=\"267\" height=\"400\" src=\"https:\/\/soccaczech.cz\/liga\/wp-content\/uploads\/2026\/03\/WhatsApp-Image-2026-03-24-at-14.18.09-267x400.jpeg\" class=\"attachment-sportspress-fit-icon size-sportspress-fit-icon wp-post-image\" alt=\"\" \/><\/span>015020\ud83d\udfe0Illia Mititak<\/a><\/td><td class=\"data-team\" data-label=\"T\u00fdm\"><a href=\"https:\/\/soccaczech.cz\/liga\/sport-team\/fc-trident\/\">FC TRIDENT<\/a><\/td><td class=\"data-goals\" data-label=\"G\u00f3ly\">0<\/td><td class=\"data-assists\" data-label=\"Asistence\">0<\/td><td class=\"data-yellowcards\" data-label=\"\u017dlut\u00e9 karty\">0<\/td><td class=\"data-redcards\" data-label=\"\u010cerven\u00e9 karty\">0<\/td><td class=\"data-appearances\" data-label=\"Po\u010det z\u00e1pas\u016f\">2<\/td><\/tr><tr class=\"even\"><td class=\"data-rank\" data-label=\"#\">396<\/td><td class=\"data-name has-photo\" data-label=\"Hr\u00e1\u010d\"><a href=\"https:\/\/soccaczech.cz\/liga\/player\/maksym-dikusar\/\"><span class=\"player-photo\"><img loading=\"lazy\" decoding=\"async\" width=\"400\" height=\"355\" src=\"https:\/\/soccaczech.cz\/liga\/wp-content\/uploads\/1994\/11\/IMG_2860-400x355.png\" class=\"attachment-sportspress-fit-icon size-sportspress-fit-icon wp-post-image\" alt=\"\" \/><\/span>06008 \ud83d\udfe2 Maksym Dikusar<\/a><\/td><td class=\"data-team\" data-label=\"T\u00fdm\"><a href=\"https:\/\/soccaczech.cz\/liga\/sport-team\/spartasocca\/\">SPARTA SOCCA<\/a><\/td><td class=\"data-goals\" data-label=\"G\u00f3ly\">0<\/td><td class=\"data-assists\" data-label=\"Asistence\">0<\/td><td class=\"data-yellowcards\" data-label=\"\u017dlut\u00e9 karty\">0<\/td><td class=\"data-redcards\" data-label=\"\u010cerven\u00e9 karty\">0<\/td><td class=\"data-appearances\" data-label=\"Po\u010det z\u00e1pas\u016f\">3<\/td><\/tr><tr class=\"odd\"><td class=\"data-rank\" data-label=\"#\">397<\/td><td class=\"data-name has-photo\" data-label=\"Hr\u00e1\u010d\"><a href=\"https:\/\/soccaczech.cz\/liga\/player\/tomas-jirak\/\"><span class=\"player-photo\"><img loading=\"lazy\" decoding=\"async\" width=\"338\" height=\"400\" src=\"https:\/\/soccaczech.cz\/liga\/wp-content\/uploads\/2003\/01\/IMG_3024-338x400.png\" class=\"attachment-sportspress-fit-icon size-sportspress-fit-icon wp-post-image\" alt=\"\" \/><\/span>06023 \ud83d\udfe2 Tom\u00e1\u0161 Jir\u00e1k<\/a><\/td><td class=\"data-team\" data-label=\"T\u00fdm\"><a href=\"https:\/\/soccaczech.cz\/liga\/sport-team\/spartasocca\/\">SPARTA SOCCA<\/a><\/td><td class=\"data-goals\" data-label=\"G\u00f3ly\">0<\/td><td class=\"data-assists\" data-label=\"Asistence\">0<\/td><td class=\"data-yellowcards\" data-label=\"\u017dlut\u00e9 karty\">0<\/td><td class=\"data-redcards\" data-label=\"\u010cerven\u00e9 karty\">0<\/td><td class=\"data-appearances\" data-label=\"Po\u010det z\u00e1pas\u016f\">0<\/td><\/tr><tr class=\"even\"><td class=\"data-rank\" data-label=\"#\">398<\/td><td class=\"data-name has-photo\" data-label=\"Hr\u00e1\u010d\"><a href=\"https:\/\/soccaczech.cz\/liga\/player\/kristian-pekar\/\"><span class=\"player-photo\"><img loading=\"lazy\" decoding=\"async\" width=\"300\" height=\"400\" src=\"https:\/\/soccaczech.cz\/liga\/wp-content\/uploads\/2008\/03\/Kristian-Pekar-300x400.png\" class=\"attachment-sportspress-fit-icon size-sportspress-fit-icon wp-post-image\" alt=\"\" \/><\/span>04002 \ud83d\udfe2 Kristian Pekar<\/a><\/td><td class=\"data-team\" data-label=\"T\u00fdm\"><a href=\"https:\/\/soccaczech.cz\/liga\/sport-team\/vism-football\/\">VISM FOOTBALL<\/a><\/td><td class=\"data-goals\" data-label=\"G\u00f3ly\">0<\/td><td class=\"data-assists\" data-label=\"Asistence\">0<\/td><td class=\"data-yellowcards\" data-label=\"\u017dlut\u00e9 karty\">0<\/td><td class=\"data-redcards\" data-label=\"\u010cerven\u00e9 karty\">0<\/td><td class=\"data-appearances\" data-label=\"Po\u010det z\u00e1pas\u016f\">3<\/td><\/tr><tr class=\"odd\"><td class=\"data-rank\" data-label=\"#\">399<\/td><td class=\"data-name has-photo\" data-label=\"Hr\u00e1\u010d\"><a href=\"https:\/\/soccaczech.cz\/liga\/player\/filip-podobsky\/\"><span class=\"player-photo\"><img loading=\"lazy\" decoding=\"async\" width=\"273\" height=\"400\" src=\"https:\/\/soccaczech.cz\/liga\/wp-content\/uploads\/1994\/11\/Filip-Podobsky-273x400.png\" class=\"attachment-sportspress-fit-icon size-sportspress-fit-icon wp-post-image\" alt=\"\" \/><\/span>03049 \ud83d\udfe0 Filip Podobsk\u00fd<\/a><\/td><td class=\"data-team\" data-label=\"T\u00fdm\"><a href=\"https:\/\/soccaczech.cz\/liga\/sport-team\/spartasocca\/\">SPARTA SOCCA<\/a><\/td><td class=\"data-goals\" data-label=\"G\u00f3ly\">0<\/td><td class=\"data-assists\" data-label=\"Asistence\">0<\/td><td class=\"data-yellowcards\" data-label=\"\u017dlut\u00e9 karty\">0<\/td><td class=\"data-redcards\" data-label=\"\u010cerven\u00e9 karty\">0<\/td><td class=\"data-appearances\" data-label=\"Po\u010det z\u00e1pas\u016f\">0<\/td><\/tr><tr class=\"even\"><td class=\"data-rank\" data-label=\"#\">400<\/td><td class=\"data-name\" data-label=\"Hr\u00e1\u010d\"><a href=\"https:\/\/soccaczech.cz\/liga\/player\/011045-%f0%9f%9f%a0-jakub-halama\/\">011045 \ud83d\udfe0 Jakub Halama<\/a><\/td><td class=\"data-team\" data-label=\"T\u00fdm\"><a href=\"https:\/\/soccaczech.cz\/liga\/sport-team\/sport-overtime-2\/\">SPORT OVERTIME<\/a><\/td><td class=\"data-goals\" data-label=\"G\u00f3ly\">0<\/td><td class=\"data-assists\" data-label=\"Asistence\">0<\/td><td class=\"data-yellowcards\" data-label=\"\u017dlut\u00e9 karty\">0<\/td><td class=\"data-redcards\" data-label=\"\u010cerven\u00e9 karty\">0<\/td><td class=\"data-appearances\" data-label=\"Po\u010det z\u00e1pas\u016f\">0<\/td><\/tr><tr class=\"odd\"><td class=\"data-rank\" data-label=\"#\">401<\/td><td class=\"data-name has-photo\" data-label=\"Hr\u00e1\u010d\"><a href=\"https:\/\/soccaczech.cz\/liga\/player\/011008%f0%9f%9f%a2-matej-mottl\/\"><span class=\"player-photo\"><img loading=\"lazy\" decoding=\"async\" width=\"245\" height=\"400\" src=\"https:\/\/soccaczech.cz\/liga\/wp-content\/uploads\/2026\/02\/010001\ud83d\udfe2-40-245x400.png\" class=\"attachment-sportspress-fit-icon size-sportspress-fit-icon wp-post-image\" alt=\"\" \/><\/span>011008\ud83d\udfe2Mat\u011bj Mottl<\/a><\/td><td class=\"data-team\" data-label=\"T\u00fdm\"><a href=\"https:\/\/soccaczech.cz\/liga\/sport-team\/sport-overtime-2\/\">SPORT OVERTIME<\/a><\/td><td class=\"data-goals\" data-label=\"G\u00f3ly\">0<\/td><td class=\"data-assists\" data-label=\"Asistence\">0<\/td><td class=\"data-yellowcards\" data-label=\"\u017dlut\u00e9 karty\">0<\/td><td class=\"data-redcards\" data-label=\"\u010cerven\u00e9 karty\">0<\/td><td class=\"data-appearances\" data-label=\"Po\u010det z\u00e1pas\u016f\">2<\/td><\/tr><tr class=\"even\"><td class=\"data-rank\" data-label=\"#\">402<\/td><td class=\"data-name has-photo\" data-label=\"Hr\u00e1\u010d\"><a href=\"https:\/\/soccaczech.cz\/liga\/player\/014016-%f0%9f%9f%a0-chichak-nazarii\/\"><span class=\"player-photo\"><img loading=\"lazy\" decoding=\"async\" width=\"320\" height=\"320\" src=\"https:\/\/soccaczech.cz\/liga\/wp-content\/uploads\/2005\/05\/gg.jpeg\" class=\"attachment-sportspress-fit-icon size-sportspress-fit-icon wp-post-image\" alt=\"\" \/><\/span>014016 \ud83d\udfe2  Nazarii Chichak<\/a><\/td><td class=\"data-team\" data-label=\"T\u00fdm\"><a href=\"https:\/\/soccaczech.cz\/liga\/?post_type=page&amp;p=45434\">-<\/a><\/td><td class=\"data-goals\" data-label=\"G\u00f3ly\">0<\/td><td class=\"data-assists\" data-label=\"Asistence\">0<\/td><td class=\"data-yellowcards\" data-label=\"\u017dlut\u00e9 karty\">0<\/td><td class=\"data-redcards\" data-label=\"\u010cerven\u00e9 karty\">0<\/td><td class=\"data-appearances\" data-label=\"Po\u010det z\u00e1pas\u016f\">1<\/td><\/tr><tr class=\"odd\"><td class=\"data-rank\" data-label=\"#\">403<\/td><td class=\"data-name has-photo\" data-label=\"Hr\u00e1\u010d\"><a href=\"https:\/\/soccaczech.cz\/liga\/player\/matej-vacha\/\"><span class=\"player-photo\"><img loading=\"lazy\" decoding=\"async\" width=\"301\" height=\"400\" src=\"https:\/\/soccaczech.cz\/liga\/wp-content\/uploads\/2000\/10\/IMG_2895-301x400.png\" class=\"attachment-sportspress-fit-icon size-sportspress-fit-icon wp-post-image\" alt=\"\" \/><\/span>06018 \ud83d\udfe0 Mat\u011bj V\u00e1cha<\/a><\/td><td class=\"data-team\" data-label=\"T\u00fdm\"><a href=\"https:\/\/soccaczech.cz\/liga\/sport-team\/spartasocca\/\">SPARTA SOCCA<\/a><\/td><td class=\"data-goals\" data-label=\"G\u00f3ly\">0<\/td><td class=\"data-assists\" data-label=\"Asistence\">0<\/td><td class=\"data-yellowcards\" data-label=\"\u017dlut\u00e9 karty\">0<\/td><td class=\"data-redcards\" data-label=\"\u010cerven\u00e9 karty\">0<\/td><td class=\"data-appearances\" data-label=\"Po\u010det z\u00e1pas\u016f\">0<\/td><\/tr><tr class=\"even\"><td class=\"data-rank\" data-label=\"#\">404<\/td><td class=\"data-name has-photo\" data-label=\"Hr\u00e1\u010d\"><a href=\"https:\/\/soccaczech.cz\/liga\/player\/mykhaylo-cherepko\/\"><span class=\"player-photo\"><img loading=\"lazy\" decoding=\"async\" width=\"396\" height=\"400\" src=\"https:\/\/soccaczech.cz\/liga\/wp-content\/uploads\/2006\/07\/IMG_3147-396x400.png\" class=\"attachment-sportspress-fit-icon size-sportspress-fit-icon wp-post-image\" alt=\"\" \/><\/span>02012 \ud83d\udfe2 Mykhailo Cherepko<\/a><\/td><td class=\"data-team\" data-label=\"T\u00fdm\"><a href=\"https:\/\/soccaczech.cz\/liga\/sport-team\/fc-andezit\/\">FC ANDEZIT<\/a><\/td><td class=\"data-goals\" data-label=\"G\u00f3ly\">0<\/td><td class=\"data-assists\" data-label=\"Asistence\">0<\/td><td class=\"data-yellowcards\" data-label=\"\u017dlut\u00e9 karty\">0<\/td><td class=\"data-redcards\" data-label=\"\u010cerven\u00e9 karty\">0<\/td><td class=\"data-appearances\" data-label=\"Po\u010det z\u00e1pas\u016f\">0<\/td><\/tr><tr class=\"odd\"><td class=\"data-rank\" data-label=\"#\">405<\/td><td class=\"data-name has-photo\" data-label=\"Hr\u00e1\u010d\"><a href=\"https:\/\/soccaczech.cz\/liga\/player\/oleksandr-yaroshenko\/\"><span class=\"player-photo\"><img loading=\"lazy\" decoding=\"async\" width=\"354\" height=\"374\" src=\"https:\/\/soccaczech.cz\/liga\/wp-content\/uploads\/1993\/09\/unnamed-2.png\" class=\"attachment-sportspress-fit-icon size-sportspress-fit-icon wp-post-image\" alt=\"\" \/><\/span>01019 \ud83d\udfe2 Oleksandr Yaroshenko<\/a><\/td><td class=\"data-team\" data-label=\"T\u00fdm\"><a href=\"https:\/\/soccaczech.cz\/liga\/sport-team\/mc-sarmat\/\">MC SARMAT<\/a><\/td><td class=\"data-goals\" data-label=\"G\u00f3ly\">0<\/td><td class=\"data-assists\" data-label=\"Asistence\">0<\/td><td class=\"data-yellowcards\" data-label=\"\u017dlut\u00e9 karty\">0<\/td><td class=\"data-redcards\" data-label=\"\u010cerven\u00e9 karty\">0<\/td><td class=\"data-appearances\" data-label=\"Po\u010det z\u00e1pas\u016f\">0<\/td><\/tr><tr class=\"even\"><td class=\"data-rank\" data-label=\"#\">406<\/td><td class=\"data-name has-photo\" data-label=\"Hr\u00e1\u010d\"><a href=\"https:\/\/soccaczech.cz\/liga\/player\/filip-bilek\/\"><span class=\"player-photo\"><img loading=\"lazy\" decoding=\"async\" width=\"400\" height=\"389\" src=\"https:\/\/soccaczech.cz\/liga\/wp-content\/uploads\/1989\/12\/Filip-Bilek-400x389.png\" class=\"attachment-sportspress-fit-icon size-sportspress-fit-icon wp-post-image\" alt=\"\" \/><\/span>06038 \ud83d\udfe2 Filip B\u00edlek<\/a><\/td><td class=\"data-team\" data-label=\"T\u00fdm\"><a href=\"https:\/\/soccaczech.cz\/liga\/sport-team\/spartasocca\/\">SPARTA SOCCA<\/a><\/td><td class=\"data-goals\" data-label=\"G\u00f3ly\">0<\/td><td class=\"data-assists\" data-label=\"Asistence\">0<\/td><td class=\"data-yellowcards\" data-label=\"\u017dlut\u00e9 karty\">0<\/td><td class=\"data-redcards\" data-label=\"\u010cerven\u00e9 karty\">0<\/td><td class=\"data-appearances\" data-label=\"Po\u010det z\u00e1pas\u016f\">0<\/td><\/tr><tr class=\"odd\"><td class=\"data-rank\" data-label=\"#\">407<\/td><td class=\"data-name has-photo\" data-label=\"Hr\u00e1\u010d\"><a href=\"https:\/\/soccaczech.cz\/liga\/player\/denys-bieliaiev\/\"><span class=\"player-photo\"><img loading=\"lazy\" decoding=\"async\" width=\"400\" height=\"367\" src=\"https:\/\/soccaczech.cz\/liga\/wp-content\/uploads\/2008\/03\/denys-400x367.png\" class=\"attachment-sportspress-fit-icon size-sportspress-fit-icon wp-post-image\" alt=\"\" \/><\/span>05025 \ud83d\udfe0 Denys Bieliaiev<\/a><\/td><td class=\"data-team\" data-label=\"T\u00fdm\"><a href=\"https:\/\/soccaczech.cz\/liga\/sport-team\/mlady-a-perspektivni\/\">MLAD\u00dd A PERSPEKTIVN\u00cd<\/a><\/td><td class=\"data-goals\" data-label=\"G\u00f3ly\">0<\/td><td class=\"data-assists\" data-label=\"Asistence\">0<\/td><td class=\"data-yellowcards\" data-label=\"\u017dlut\u00e9 karty\">0<\/td><td class=\"data-redcards\" data-label=\"\u010cerven\u00e9 karty\">0<\/td><td class=\"data-appearances\" data-label=\"Po\u010det z\u00e1pas\u016f\">0<\/td><\/tr><tr class=\"even\"><td class=\"data-rank\" data-label=\"#\">408<\/td><td class=\"data-name\" data-label=\"Hr\u00e1\u010d\"><a href=\"https:\/\/soccaczech.cz\/liga\/player\/011026%f0%9f%9f%a0-serghei-icaliuc\/\">011026\ud83d\udfe2  Serghei Icaliuc<\/a><\/td><td class=\"data-team\" data-label=\"T\u00fdm\"><a href=\"https:\/\/soccaczech.cz\/liga\/?post_type=page&amp;p=45434\">-<\/a><\/td><td class=\"data-goals\" data-label=\"G\u00f3ly\">0<\/td><td class=\"data-assists\" data-label=\"Asistence\">0<\/td><td class=\"data-yellowcards\" data-label=\"\u017dlut\u00e9 karty\">0<\/td><td class=\"data-redcards\" data-label=\"\u010cerven\u00e9 karty\">0<\/td><td class=\"data-appearances\" data-label=\"Po\u010det z\u00e1pas\u016f\">0<\/td><\/tr><tr class=\"odd\"><td class=\"data-rank\" data-label=\"#\">409<\/td><td class=\"data-name has-photo\" data-label=\"Hr\u00e1\u010d\"><a href=\"https:\/\/soccaczech.cz\/liga\/player\/010012%f0%9f%9f%a2oliarnyk-kostiantyn\/\"><span class=\"player-photo\"><img loading=\"lazy\" decoding=\"async\" width=\"245\" height=\"400\" src=\"https:\/\/soccaczech.cz\/liga\/wp-content\/uploads\/2026\/02\/010001\ud83d\udfe2-12-245x400.png\" class=\"attachment-sportspress-fit-icon size-sportspress-fit-icon wp-post-image\" alt=\"\" \/><\/span>010015\ud83d\udfe2Kostiantyn Oliarnyk<\/a><\/td><td class=\"data-team\" data-label=\"T\u00fdm\"><a href=\"https:\/\/soccaczech.cz\/liga\/sport-team\/fc-pidhorodtsi\/\">FC PIDHORODTSI<\/a><\/td><td class=\"data-goals\" data-label=\"G\u00f3ly\">0<\/td><td class=\"data-assists\" data-label=\"Asistence\">0<\/td><td class=\"data-yellowcards\" data-label=\"\u017dlut\u00e9 karty\">0<\/td><td class=\"data-redcards\" data-label=\"\u010cerven\u00e9 karty\">0<\/td><td class=\"data-appearances\" data-label=\"Po\u010det z\u00e1pas\u016f\">3<\/td><\/tr><tr class=\"even\"><td class=\"data-rank\" data-label=\"#\">410<\/td><td class=\"data-name has-photo\" data-label=\"Hr\u00e1\u010d\"><a href=\"https:\/\/soccaczech.cz\/liga\/player\/02032-%f0%9f%9f%a0krasnyanyk-ihor\/\"><span class=\"player-photo\"><img loading=\"lazy\" decoding=\"async\" width=\"245\" height=\"400\" src=\"https:\/\/soccaczech.cz\/liga\/wp-content\/uploads\/2026\/03\/010001\ud83d\udfe2-8-245x400.png\" class=\"attachment-sportspress-fit-icon size-sportspress-fit-icon wp-post-image\" alt=\"\" \/><\/span>02032 \ud83d\udfe2Krasnyanyk Ihor<\/a><\/td><td class=\"data-team\" data-label=\"T\u00fdm\"><a href=\"https:\/\/soccaczech.cz\/liga\/?post_type=page&amp;p=45434\">-<\/a><\/td><td class=\"data-goals\" data-label=\"G\u00f3ly\">0<\/td><td class=\"data-assists\" data-label=\"Asistence\">0<\/td><td class=\"data-yellowcards\" data-label=\"\u017dlut\u00e9 karty\">0<\/td><td class=\"data-redcards\" data-label=\"\u010cerven\u00e9 karty\">0<\/td><td class=\"data-appearances\" data-label=\"Po\u010det z\u00e1pas\u016f\">1<\/td><\/tr><tr class=\"odd\"><td class=\"data-rank\" data-label=\"#\">411<\/td><td class=\"data-name has-photo\" data-label=\"Hr\u00e1\u010d\"><a href=\"https:\/\/soccaczech.cz\/liga\/player\/014010-%f0%9f%9f%a0oleh-rusnak\/\"><span class=\"player-photo\"><img loading=\"lazy\" decoding=\"async\" width=\"313\" height=\"400\" src=\"https:\/\/soccaczech.cz\/liga\/wp-content\/uploads\/2026\/03\/Oleh-Rusnak--313x400.jpg\" class=\"attachment-sportspress-fit-icon size-sportspress-fit-icon wp-post-image\" alt=\"\" \/><\/span>014010 \ud83d\udfe2Oleh Rusnak<\/a><\/td><td class=\"data-team\" data-label=\"T\u00fdm\"><a href=\"https:\/\/soccaczech.cz\/liga\/?post_type=page&amp;p=45434\">-<\/a><\/td><td class=\"data-goals\" data-label=\"G\u00f3ly\">0<\/td><td class=\"data-assists\" data-label=\"Asistence\">0<\/td><td class=\"data-yellowcards\" data-label=\"\u017dlut\u00e9 karty\">0<\/td><td class=\"data-redcards\" data-label=\"\u010cerven\u00e9 karty\">0<\/td><td class=\"data-appearances\" data-label=\"Po\u010det z\u00e1pas\u016f\">0<\/td><\/tr><tr class=\"even\"><td class=\"data-rank\" data-label=\"#\">412<\/td><td class=\"data-name has-photo\" data-label=\"Hr\u00e1\u010d\"><a href=\"https:\/\/soccaczech.cz\/liga\/player\/07021-%f0%9f%9f%a0tomas-solar-vd\/\"><span class=\"player-photo\"><img loading=\"lazy\" decoding=\"async\" width=\"372\" height=\"400\" src=\"https:\/\/soccaczech.cz\/liga\/wp-content\/uploads\/2026\/03\/Tomas-Solar-7.7.1988-VD-1-372x400.jpeg\" class=\"attachment-sportspress-fit-icon size-sportspress-fit-icon wp-post-image\" alt=\"\" \/><\/span>07021 \ud83d\udfe2Tom\u00e1\u0161 Solar (VD)<\/a><\/td><td class=\"data-team\" data-label=\"T\u00fdm\"><a href=\"https:\/\/soccaczech.cz\/liga\/?post_type=page&amp;p=45434\">-<\/a><\/td><td class=\"data-goals\" data-label=\"G\u00f3ly\">0<\/td><td class=\"data-assists\" data-label=\"Asistence\">0<\/td><td class=\"data-yellowcards\" data-label=\"\u017dlut\u00e9 karty\">0<\/td><td class=\"data-redcards\" data-label=\"\u010cerven\u00e9 karty\">0<\/td><td class=\"data-appearances\" data-label=\"Po\u010det z\u00e1pas\u016f\">2<\/td><\/tr><tr class=\"odd\"><td class=\"data-rank\" data-label=\"#\">413<\/td><td class=\"data-name has-photo\" data-label=\"Hr\u00e1\u010d\"><a href=\"https:\/\/soccaczech.cz\/liga\/player\/mykhailo-pukhal\/\"><span class=\"player-photo\"><img loading=\"lazy\" decoding=\"async\" width=\"266\" height=\"400\" src=\"https:\/\/soccaczech.cz\/liga\/wp-content\/uploads\/2025\/07\/Michal-Puchal-266x400.png\" class=\"attachment-sportspress-fit-icon size-sportspress-fit-icon wp-post-image\" alt=\"\" \/><\/span>00001 \ud83d\udfe2 Mykhailo Pukhal (VD)<\/a><\/td><td class=\"data-team\" data-label=\"T\u00fdm\"><a href=\"https:\/\/soccaczech.cz\/liga\/sport-team\/mc-sarmat\/\">MC SARMAT<\/a><\/td><td class=\"data-goals\" data-label=\"G\u00f3ly\">0<\/td><td class=\"data-assists\" data-label=\"Asistence\">0<\/td><td class=\"data-yellowcards\" data-label=\"\u017dlut\u00e9 karty\">0<\/td><td class=\"data-redcards\" data-label=\"\u010cerven\u00e9 karty\">0<\/td><td class=\"data-appearances\" data-label=\"Po\u010det z\u00e1pas\u016f\">0<\/td><\/tr><tr class=\"even\"><td class=\"data-rank\" data-label=\"#\">414<\/td><td class=\"data-name has-photo\" data-label=\"Hr\u00e1\u010d\"><a href=\"https:\/\/soccaczech.cz\/liga\/player\/viacheslav-sorokatyi\/\"><span class=\"player-photo\"><img loading=\"lazy\" decoding=\"async\" width=\"311\" height=\"400\" src=\"https:\/\/soccaczech.cz\/liga\/wp-content\/uploads\/2005\/05\/IMG_2948-311x400.png\" class=\"attachment-sportspress-fit-icon size-sportspress-fit-icon wp-post-image\" alt=\"\" \/><\/span>05010 \ud83d\udfe2 Viacheslav Sorokatyi<\/a><\/td><td class=\"data-team\" data-label=\"T\u00fdm\"><a href=\"https:\/\/soccaczech.cz\/liga\/sport-team\/mlady-a-perspektivni\/\">MLAD\u00dd A PERSPEKTIVN\u00cd<\/a><\/td><td class=\"data-goals\" data-label=\"G\u00f3ly\">0<\/td><td class=\"data-assists\" data-label=\"Asistence\">0<\/td><td class=\"data-yellowcards\" data-label=\"\u017dlut\u00e9 karty\">0<\/td><td class=\"data-redcards\" data-label=\"\u010cerven\u00e9 karty\">0<\/td><td class=\"data-appearances\" data-label=\"Po\u010det z\u00e1pas\u016f\">1<\/td><\/tr><tr class=\"odd\"><td class=\"data-rank\" data-label=\"#\">415<\/td><td class=\"data-name has-photo\" data-label=\"Hr\u00e1\u010d\"><a href=\"https:\/\/soccaczech.cz\/liga\/player\/adam-mansfeld\/\"><span class=\"player-photo\"><img loading=\"lazy\" decoding=\"async\" width=\"358\" height=\"400\" src=\"https:\/\/soccaczech.cz\/liga\/wp-content\/uploads\/1999\/04\/IMG_3139-358x400.png\" class=\"attachment-sportspress-fit-icon size-sportspress-fit-icon wp-post-image\" alt=\"\" \/><\/span>06026 \ud83d\udfe2Adam Mansfeld<\/a><\/td><td class=\"data-team\" data-label=\"T\u00fdm\"><a href=\"https:\/\/soccaczech.cz\/liga\/sport-team\/spartasocca\/\">SPARTA SOCCA<\/a><\/td><td class=\"data-goals\" data-label=\"G\u00f3ly\">0<\/td><td class=\"data-assists\" data-label=\"Asistence\">0<\/td><td class=\"data-yellowcards\" data-label=\"\u017dlut\u00e9 karty\">0<\/td><td class=\"data-redcards\" data-label=\"\u010cerven\u00e9 karty\">0<\/td><td class=\"data-appearances\" data-label=\"Po\u010det z\u00e1pas\u016f\">0<\/td><\/tr><tr class=\"even\"><td class=\"data-rank\" data-label=\"#\">416<\/td><td class=\"data-name has-photo\" data-label=\"Hr\u00e1\u010d\"><a href=\"https:\/\/soccaczech.cz\/liga\/player\/rajmund-ketner\/\"><span class=\"player-photo\"><img loading=\"lazy\" decoding=\"async\" width=\"391\" height=\"400\" src=\"https:\/\/soccaczech.cz\/liga\/wp-content\/uploads\/2004\/12\/Rajmund-Ketner-391x400.png\" class=\"attachment-sportspress-fit-icon size-sportspress-fit-icon wp-post-image\" alt=\"\" \/><\/span>04015 \ud83d\udfe2 Rajmund Ketner<\/a><\/td><td class=\"data-team\" data-label=\"T\u00fdm\"><a href=\"https:\/\/soccaczech.cz\/liga\/sport-team\/vism-football\/\">VISM FOOTBALL<\/a><\/td><td class=\"data-goals\" data-label=\"G\u00f3ly\">0<\/td><td class=\"data-assists\" data-label=\"Asistence\">0<\/td><td class=\"data-yellowcards\" data-label=\"\u017dlut\u00e9 karty\">1<\/td><td class=\"data-redcards\" data-label=\"\u010cerven\u00e9 karty\">0<\/td><td class=\"data-appearances\" data-label=\"Po\u010det z\u00e1pas\u016f\">2<\/td><\/tr><tr class=\"odd\"><td class=\"data-rank\" data-label=\"#\">417<\/td><td class=\"data-name has-photo\" data-label=\"Hr\u00e1\u010d\"><a href=\"https:\/\/soccaczech.cz\/liga\/player\/filip-kolar\/\"><span class=\"player-photo\"><img loading=\"lazy\" decoding=\"async\" width=\"312\" height=\"400\" src=\"https:\/\/soccaczech.cz\/liga\/wp-content\/uploads\/2000\/06\/Filip-Kolar--312x400.png\" class=\"attachment-sportspress-fit-icon size-sportspress-fit-icon wp-post-image\" alt=\"\" \/><\/span>06041 \ud83d\udfe0 Filip Kol\u00e1\u0159<\/a><\/td><td class=\"data-team\" data-label=\"T\u00fdm\"><a href=\"https:\/\/soccaczech.cz\/liga\/sport-team\/spartasocca\/\">SPARTA SOCCA<\/a><\/td><td class=\"data-goals\" data-label=\"G\u00f3ly\">0<\/td><td class=\"data-assists\" data-label=\"Asistence\">0<\/td><td class=\"data-yellowcards\" data-label=\"\u017dlut\u00e9 karty\">0<\/td><td class=\"data-redcards\" data-label=\"\u010cerven\u00e9 karty\">0<\/td><td class=\"data-appearances\" data-label=\"Po\u010det z\u00e1pas\u016f\">0<\/td><\/tr><tr class=\"even\"><td class=\"data-rank\" data-label=\"#\">418<\/td><td class=\"data-name has-photo\" data-label=\"Hr\u00e1\u010d\"><a href=\"https:\/\/soccaczech.cz\/liga\/player\/07011-%f0%9f%9f%a0-lukas-podzemsky\/\"><span class=\"player-photo\"><img loading=\"lazy\" decoding=\"async\" width=\"300\" height=\"400\" src=\"https:\/\/soccaczech.cz\/liga\/wp-content\/uploads\/2004\/08\/Lukas-Podzemsky-13.5.2003-300x400.png\" class=\"attachment-sportspress-fit-icon size-sportspress-fit-icon wp-post-image\" alt=\"\" \/><\/span>07011 \ud83d\udfe2 Luk\u00e1\u0161 Podzemsk\u00fd<\/a><\/td><td class=\"data-team\" data-label=\"T\u00fdm\"><a href=\"https:\/\/soccaczech.cz\/liga\/?post_type=page&amp;p=45434\">-<\/a><\/td><td class=\"data-goals\" data-label=\"G\u00f3ly\">0<\/td><td class=\"data-assists\" data-label=\"Asistence\">0<\/td><td class=\"data-yellowcards\" data-label=\"\u017dlut\u00e9 karty\">1<\/td><td class=\"data-redcards\" data-label=\"\u010cerven\u00e9 karty\">0<\/td><td class=\"data-appearances\" data-label=\"Po\u010det z\u00e1pas\u016f\">5<\/td><\/tr><tr class=\"odd\"><td class=\"data-rank\" data-label=\"#\">419<\/td><td class=\"data-name has-photo\" data-label=\"Hr\u00e1\u010d\"><a href=\"https:\/\/soccaczech.cz\/liga\/player\/09012-%f0%9f%9f%a0-yurii-hrychan\/\"><span class=\"player-photo\"><img loading=\"lazy\" decoding=\"async\" width=\"382\" height=\"400\" src=\"https:\/\/soccaczech.cz\/liga\/wp-content\/uploads\/2026\/02\/Yurii-Hrychan-382x400.png\" class=\"attachment-sportspress-fit-icon size-sportspress-fit-icon wp-post-image\" alt=\"\" \/><\/span>09012 \ud83d\udfe2  Yurii Hrychan<\/a><\/td><td class=\"data-team\" data-label=\"T\u00fdm\"><a href=\"https:\/\/soccaczech.cz\/liga\/?post_type=page&amp;p=45434\">-<\/a><\/td><td class=\"data-goals\" data-label=\"G\u00f3ly\">0<\/td><td class=\"data-assists\" data-label=\"Asistence\">0<\/td><td class=\"data-yellowcards\" data-label=\"\u017dlut\u00e9 karty\">1<\/td><td class=\"data-redcards\" data-label=\"\u010cerven\u00e9 karty\">0<\/td><td class=\"data-appearances\" data-label=\"Po\u010det z\u00e1pas\u016f\">5<\/td><\/tr><tr class=\"even\"><td class=\"data-rank\" data-label=\"#\">420<\/td><td class=\"data-name\" data-label=\"Hr\u00e1\u010d\"><a href=\"https:\/\/soccaczech.cz\/liga\/player\/07024-%f0%9f%9f%a2-tomas-abrham\/\">07024 \ud83d\udfe2 Tom\u00e1\u0161 Abrham<\/a><\/td><td class=\"data-team\" data-label=\"T\u00fdm\"><a href=\"https:\/\/soccaczech.cz\/liga\/sport-team\/fc-pohoda-socca\/\">FC POHODA SOCCA<\/a><\/td><td class=\"data-goals\" data-label=\"G\u00f3ly\">0<\/td><td class=\"data-assists\" data-label=\"Asistence\">0<\/td><td class=\"data-yellowcards\" data-label=\"\u017dlut\u00e9 karty\">0<\/td><td class=\"data-redcards\" data-label=\"\u010cerven\u00e9 karty\">0<\/td><td class=\"data-appearances\" data-label=\"Po\u010det z\u00e1pas\u016f\">0<\/td><\/tr><tr class=\"odd\"><td class=\"data-rank\" data-label=\"#\">421<\/td><td class=\"data-name has-photo\" data-label=\"Hr\u00e1\u010d\"><a href=\"https:\/\/soccaczech.cz\/liga\/player\/09016-%f0%9f%9f%a0andrii-husar\/\"><span class=\"player-photo\"><img loading=\"lazy\" decoding=\"async\" width=\"245\" height=\"400\" src=\"https:\/\/soccaczech.cz\/liga\/wp-content\/uploads\/2026\/02\/010001\ud83d\udfe2-26-245x400.png\" class=\"attachment-sportspress-fit-icon size-sportspress-fit-icon wp-post-image\" alt=\"\" \/><\/span>09017\ud83d\udfe2Andrii Husar<\/a><\/td><td class=\"data-team\" data-label=\"T\u00fdm\"><a href=\"https:\/\/soccaczech.cz\/liga\/?post_type=page&amp;p=45434\">-<\/a><\/td><td class=\"data-goals\" data-label=\"G\u00f3ly\">0<\/td><td class=\"data-assists\" data-label=\"Asistence\">0<\/td><td class=\"data-yellowcards\" data-label=\"\u017dlut\u00e9 karty\">0<\/td><td class=\"data-redcards\" data-label=\"\u010cerven\u00e9 karty\">0<\/td><td class=\"data-appearances\" data-label=\"Po\u010det z\u00e1pas\u016f\">0<\/td><\/tr><tr class=\"even\"><td class=\"data-rank\" data-label=\"#\">422<\/td><td class=\"data-name has-photo\" data-label=\"Hr\u00e1\u010d\"><a href=\"https:\/\/soccaczech.cz\/liga\/player\/013006%f0%9f%9f%a0marian-fedyshyn\/\"><span class=\"player-photo\"><img loading=\"lazy\" decoding=\"async\" width=\"245\" height=\"400\" src=\"https:\/\/soccaczech.cz\/liga\/wp-content\/uploads\/2026\/03\/010001\ud83d\udfe2-20-245x400.png\" class=\"attachment-sportspress-fit-icon size-sportspress-fit-icon wp-post-image\" alt=\"\" \/><\/span>013006\ud83d\udfe0MARIAN FEDYSHYN<\/a><\/td><td class=\"data-team\" data-label=\"T\u00fdm\"><a href=\"https:\/\/soccaczech.cz\/liga\/sport-team\/fk-ovb-my-plans\/\">FK OVB MY PLANS<\/a><\/td><td class=\"data-goals\" data-label=\"G\u00f3ly\">0<\/td><td class=\"data-assists\" data-label=\"Asistence\">0<\/td><td class=\"data-yellowcards\" data-label=\"\u017dlut\u00e9 karty\">0<\/td><td class=\"data-redcards\" data-label=\"\u010cerven\u00e9 karty\">0<\/td><td class=\"data-appearances\" data-label=\"Po\u010det z\u00e1pas\u016f\">1<\/td><\/tr><tr class=\"odd\"><td class=\"data-rank\" data-label=\"#\">423<\/td><td class=\"data-name has-photo\" data-label=\"Hr\u00e1\u010d\"><a href=\"https:\/\/soccaczech.cz\/liga\/player\/015014%f0%9f%9f%a0denis-savin\/\"><span class=\"player-photo\"><img loading=\"lazy\" decoding=\"async\" width=\"300\" height=\"400\" src=\"https:\/\/soccaczech.cz\/liga\/wp-content\/uploads\/2026\/03\/denis-300x400.jpeg\" class=\"attachment-sportspress-fit-icon size-sportspress-fit-icon wp-post-image\" alt=\"\" \/><\/span>015014\ud83d\udfe2Denis Savin<\/a><\/td><td class=\"data-team\" data-label=\"T\u00fdm\"><a href=\"https:\/\/soccaczech.cz\/liga\/sport-team\/fc-trident\/\">FC TRIDENT<\/a><\/td><td class=\"data-goals\" data-label=\"G\u00f3ly\">0<\/td><td class=\"data-assists\" data-label=\"Asistence\">0<\/td><td class=\"data-yellowcards\" data-label=\"\u017dlut\u00e9 karty\">0<\/td><td class=\"data-redcards\" data-label=\"\u010cerven\u00e9 karty\">0<\/td><td class=\"data-appearances\" data-label=\"Po\u010det z\u00e1pas\u016f\">6<\/td><\/tr><tr class=\"even\"><td class=\"data-rank\" data-label=\"#\">424<\/td><td class=\"data-name\" data-label=\"Hr\u00e1\u010d\"><a href=\"https:\/\/soccaczech.cz\/liga\/player\/011030%f0%9f%9f%a2vasyl-cerepko\/\">011030\ud83d\udfe2Vasyl \u010cerepko<\/a><\/td><td class=\"data-team\" data-label=\"T\u00fdm\"><a href=\"https:\/\/soccaczech.cz\/liga\/sport-team\/sport-overtime-2\/\">SPORT OVERTIME<\/a><\/td><td class=\"data-goals\" data-label=\"G\u00f3ly\">0<\/td><td class=\"data-assists\" data-label=\"Asistence\">0<\/td><td class=\"data-yellowcards\" data-label=\"\u017dlut\u00e9 karty\">0<\/td><td class=\"data-redcards\" data-label=\"\u010cerven\u00e9 karty\">0<\/td><td class=\"data-appearances\" data-label=\"Po\u010det z\u00e1pas\u016f\">1<\/td><\/tr><tr class=\"odd\"><td class=\"data-rank\" data-label=\"#\">425<\/td><td class=\"data-name has-photo\" data-label=\"Hr\u00e1\u010d\"><a href=\"https:\/\/soccaczech.cz\/liga\/player\/andrian-zhuravchak\/\"><span class=\"player-photo\"><img loading=\"lazy\" decoding=\"async\" width=\"267\" height=\"400\" src=\"https:\/\/soccaczech.cz\/liga\/wp-content\/uploads\/2026\/02\/Andrian-Zhuravchak-267x400.jpeg\" class=\"attachment-sportspress-fit-icon size-sportspress-fit-icon wp-post-image\" alt=\"\" \/><\/span>010016\ud83d\udfe0Andrian Zhuravchak<\/a><\/td><td class=\"data-team\" data-label=\"T\u00fdm\"><a href=\"https:\/\/soccaczech.cz\/liga\/?post_type=page&amp;p=45434\">-<\/a><\/td><td class=\"data-goals\" data-label=\"G\u00f3ly\">0<\/td><td class=\"data-assists\" data-label=\"Asistence\">0<\/td><td class=\"data-yellowcards\" data-label=\"\u017dlut\u00e9 karty\">0<\/td><td class=\"data-redcards\" data-label=\"\u010cerven\u00e9 karty\">0<\/td><td class=\"data-appearances\" data-label=\"Po\u010det z\u00e1pas\u016f\">0<\/td><\/tr><\/tbody><\/table><\/div><\/div><\/div>\t\t\t\t<\/div>\n\t\t\t\t<\/div>\n\t\t\t\t\t<\/div>\n\t\t<\/div>\n\t\t\t\t\t<\/div>\n\t\t<\/section>\n\t\t\t\t<\/div>\n\t\t","protected":false},"excerpt":{"rendered":"<p>Socca czech liga Statistiky hr\u00e1\u010d\u016f Sez\u00f3na 2025<\/p>\n","protected":false},"author":1,"featured_media":0,"parent":0,"menu_order":0,"comment_status":"closed","ping_status":"closed","template":"","meta":{"footnotes":""},"class_list":["post-45434","page","type-page","status-publish","hentry"],"yoast_head":"<!-- This site is optimized with the Yoast SEO plugin v25.7 - https:\/\/yoast.com\/wordpress\/plugins\/seo\/ -->\n<title>Statistiky - Socca Czech Liga<\/title>\n<meta name=\"robots\" content=\"index, follow, max-snippet:-1, max-image-preview:large, max-video-preview:-1\" \/>\n<link rel=\"canonical\" href=\"https:\/\/soccaczech.cz\/liga\/statistiky\/\" \/>\n<meta property=\"og:locale\" content=\"cs_CZ\" \/>\n<meta property=\"og:type\" content=\"article\" \/>\n<meta property=\"og:title\" content=\"Statistiky - Socca Czech Liga\" \/>\n<meta property=\"og:description\" content=\"Socca czech liga Statistiky hr\u00e1\u010d\u016f Sez\u00f3na 2025\" \/>\n<meta property=\"og:url\" content=\"https:\/\/soccaczech.cz\/liga\/statistiky\/\" \/>\n<meta property=\"og:site_name\" content=\"Socca Czech Liga\" \/>\n<meta property=\"article:publisher\" content=\"https:\/\/www.facebook.com\/profile.php?id=61575256934996\" \/>\n<meta property=\"article:modified_time\" content=\"2025-08-19T10:35:59+00:00\" \/>\n<meta property=\"og:image\" content=\"https:\/\/soccaczech.cz\/liga\/wp-content\/uploads\/2025\/07\/Socca-Czech-1.jpg\" \/>\n\t<meta property=\"og:image:width\" content=\"1440\" \/>\n\t<meta property=\"og:image:height\" content=\"1801\" \/>\n\t<meta property=\"og:image:type\" content=\"image\/jpeg\" \/>\n<meta name=\"twitter:card\" content=\"summary_large_image\" \/>\n<meta name=\"twitter:label1\" content=\"Odhadovan\u00e1 doba \u010dten\u00ed\" \/>\n\t<meta name=\"twitter:data1\" content=\"1 minuta\" \/>\n<script type=\"application\/ld+json\" class=\"yoast-schema-graph\">{\"@context\":\"https:\/\/schema.org\",\"@graph\":[{\"@type\":\"WebPage\",\"@id\":\"https:\/\/soccaczech.cz\/liga\/statistiky\/\",\"url\":\"https:\/\/soccaczech.cz\/liga\/statistiky\/\",\"name\":\"Statistiky - Socca Czech Liga\",\"isPartOf\":{\"@id\":\"https:\/\/soccaczech.cz\/liga\/#website\"},\"datePublished\":\"2025-07-12T18:48:18+00:00\",\"dateModified\":\"2025-08-19T10:35:59+00:00\",\"breadcrumb\":{\"@id\":\"https:\/\/soccaczech.cz\/liga\/statistiky\/#breadcrumb\"},\"inLanguage\":\"cs\",\"potentialAction\":[{\"@type\":\"ReadAction\",\"target\":[\"https:\/\/soccaczech.cz\/liga\/statistiky\/\"]}]},{\"@type\":\"BreadcrumbList\",\"@id\":\"https:\/\/soccaczech.cz\/liga\/statistiky\/#breadcrumb\",\"itemListElement\":[{\"@type\":\"ListItem\",\"position\":1,\"name\":\"Dom\u016f\",\"item\":\"https:\/\/soccaczech.cz\/liga\/\"},{\"@type\":\"ListItem\",\"position\":2,\"name\":\"Statistiky\"}]},{\"@type\":\"WebSite\",\"@id\":\"https:\/\/soccaczech.cz\/liga\/#website\",\"url\":\"https:\/\/soccaczech.cz\/liga\/\",\"name\":\"Socca Czech - \u010cesk\u00fd mal\u00fd fotbal vstupuje do nov\u00e9 \u00e9ry. P\u0159ich\u00e1z\u00ed Socca liga!\",\"description\":\"Nov\u00e1 \u00e9ra modern\u00edho fotbalu v \u010cR\",\"publisher\":{\"@id\":\"https:\/\/soccaczech.cz\/liga\/#organization\"},\"alternateName\":\"Sledujte v\u00fdsledky a novinky z \u010desk\u00e9 Socca Ligy \u2013 sout\u011b\u017ee, kter\u00e1 formuje budouc\u00ed reprezentanty pro n\u00e1rodn\u00ed turnaje mal\u00e9ho fotbalu.\",\"potentialAction\":[{\"@type\":\"SearchAction\",\"target\":{\"@type\":\"EntryPoint\",\"urlTemplate\":\"https:\/\/soccaczech.cz\/liga\/?s={search_term_string}\"},\"query-input\":{\"@type\":\"PropertyValueSpecification\",\"valueRequired\":true,\"valueName\":\"search_term_string\"}}],\"inLanguage\":\"cs\"},{\"@type\":\"Organization\",\"@id\":\"https:\/\/soccaczech.cz\/liga\/#organization\",\"name\":\"Socca Czech Liga\",\"url\":\"https:\/\/soccaczech.cz\/liga\/\",\"logo\":{\"@type\":\"ImageObject\",\"inLanguage\":\"cs\",\"@id\":\"https:\/\/soccaczech.cz\/liga\/#\/schema\/logo\/image\/\",\"url\":\"https:\/\/soccaczech.cz\/liga\/wp-content\/uploads\/2025\/07\/SoccaCzech_final_Kreslici-platno-1.png\",\"contentUrl\":\"https:\/\/soccaczech.cz\/liga\/wp-content\/uploads\/2025\/07\/SoccaCzech_final_Kreslici-platno-1.png\",\"width\":487,\"height\":665,\"caption\":\"Socca Czech Liga\"},\"image\":{\"@id\":\"https:\/\/soccaczech.cz\/liga\/#\/schema\/logo\/image\/\"},\"sameAs\":[\"https:\/\/www.facebook.com\/profile.php?id=61575256934996\",\"https:\/\/www.instagram.com\/soccaczech\/\"]}]}<\/script>\n<!-- \/ Yoast SEO plugin. -->","yoast_head_json":{"title":"Statistiky - Socca Czech Liga","robots":{"index":"index","follow":"follow","max-snippet":"max-snippet:-1","max-image-preview":"max-image-preview:large","max-video-preview":"max-video-preview:-1"},"canonical":"https:\/\/soccaczech.cz\/liga\/statistiky\/","og_locale":"cs_CZ","og_type":"article","og_title":"Statistiky - Socca Czech Liga","og_description":"Socca czech liga Statistiky hr\u00e1\u010d\u016f Sez\u00f3na 2025","og_url":"https:\/\/soccaczech.cz\/liga\/statistiky\/","og_site_name":"Socca Czech Liga","article_publisher":"https:\/\/www.facebook.com\/profile.php?id=61575256934996","article_modified_time":"2025-08-19T10:35:59+00:00","og_image":[{"width":1440,"height":1801,"url":"https:\/\/soccaczech.cz\/liga\/wp-content\/uploads\/2025\/07\/Socca-Czech-1.jpg","type":"image\/jpeg"}],"twitter_card":"summary_large_image","twitter_misc":{"Odhadovan\u00e1 doba \u010dten\u00ed":"1 minuta"},"schema":{"@context":"https:\/\/schema.org","@graph":[{"@type":"WebPage","@id":"https:\/\/soccaczech.cz\/liga\/statistiky\/","url":"https:\/\/soccaczech.cz\/liga\/statistiky\/","name":"Statistiky - Socca Czech Liga","isPartOf":{"@id":"https:\/\/soccaczech.cz\/liga\/#website"},"datePublished":"2025-07-12T18:48:18+00:00","dateModified":"2025-08-19T10:35:59+00:00","breadcrumb":{"@id":"https:\/\/soccaczech.cz\/liga\/statistiky\/#breadcrumb"},"inLanguage":"cs","potentialAction":[{"@type":"ReadAction","target":["https:\/\/soccaczech.cz\/liga\/statistiky\/"]}]},{"@type":"BreadcrumbList","@id":"https:\/\/soccaczech.cz\/liga\/statistiky\/#breadcrumb","itemListElement":[{"@type":"ListItem","position":1,"name":"Dom\u016f","item":"https:\/\/soccaczech.cz\/liga\/"},{"@type":"ListItem","position":2,"name":"Statistiky"}]},{"@type":"WebSite","@id":"https:\/\/soccaczech.cz\/liga\/#website","url":"https:\/\/soccaczech.cz\/liga\/","name":"Socca Czech - \u010cesk\u00fd mal\u00fd fotbal vstupuje do nov\u00e9 \u00e9ry. P\u0159ich\u00e1z\u00ed Socca liga!","description":"Nov\u00e1 \u00e9ra modern\u00edho fotbalu v \u010cR","publisher":{"@id":"https:\/\/soccaczech.cz\/liga\/#organization"},"alternateName":"Sledujte v\u00fdsledky a novinky z \u010desk\u00e9 Socca Ligy \u2013 sout\u011b\u017ee, kter\u00e1 formuje budouc\u00ed reprezentanty pro n\u00e1rodn\u00ed turnaje mal\u00e9ho fotbalu.","potentialAction":[{"@type":"SearchAction","target":{"@type":"EntryPoint","urlTemplate":"https:\/\/soccaczech.cz\/liga\/?s={search_term_string}"},"query-input":{"@type":"PropertyValueSpecification","valueRequired":true,"valueName":"search_term_string"}}],"inLanguage":"cs"},{"@type":"Organization","@id":"https:\/\/soccaczech.cz\/liga\/#organization","name":"Socca Czech Liga","url":"https:\/\/soccaczech.cz\/liga\/","logo":{"@type":"ImageObject","inLanguage":"cs","@id":"https:\/\/soccaczech.cz\/liga\/#\/schema\/logo\/image\/","url":"https:\/\/soccaczech.cz\/liga\/wp-content\/uploads\/2025\/07\/SoccaCzech_final_Kreslici-platno-1.png","contentUrl":"https:\/\/soccaczech.cz\/liga\/wp-content\/uploads\/2025\/07\/SoccaCzech_final_Kreslici-platno-1.png","width":487,"height":665,"caption":"Socca Czech Liga"},"image":{"@id":"https:\/\/soccaczech.cz\/liga\/#\/schema\/logo\/image\/"},"sameAs":["https:\/\/www.facebook.com\/profile.php?id=61575256934996","https:\/\/www.instagram.com\/soccaczech\/"]}]}},"_links":{"self":[{"href":"https:\/\/soccaczech.cz\/liga\/wp-json\/wp\/v2\/pages\/45434","targetHints":{"allow":["GET"]}}],"collection":[{"href":"https:\/\/soccaczech.cz\/liga\/wp-json\/wp\/v2\/pages"}],"about":[{"href":"https:\/\/soccaczech.cz\/liga\/wp-json\/wp\/v2\/types\/page"}],"author":[{"embeddable":true,"href":"https:\/\/soccaczech.cz\/liga\/wp-json\/wp\/v2\/users\/1"}],"replies":[{"embeddable":true,"href":"https:\/\/soccaczech.cz\/liga\/wp-json\/wp\/v2\/comments?post=45434"}],"version-history":[{"count":9,"href":"https:\/\/soccaczech.cz\/liga\/wp-json\/wp\/v2\/pages\/45434\/revisions"}],"predecessor-version":[{"id":47130,"href":"https:\/\/soccaczech.cz\/liga\/wp-json\/wp\/v2\/pages\/45434\/revisions\/47130"}],"wp:attachment":[{"href":"https:\/\/soccaczech.cz\/liga\/wp-json\/wp\/v2\/media?parent=45434"}],"curies":[{"name":"wp","href":"https:\/\/api.w.org\/{rel}","templated":true}]}}