{"id":45993,"date":"2025-07-16T07:54:27","date_gmt":"2025-07-16T05:54:27","guid":{"rendered":"https:\/\/soccaczech.cz\/liga\/?page_id=45993"},"modified":"2025-07-21T19:06:58","modified_gmt":"2025-07-21T17:06:58","slug":"disciplinarni-tresty","status":"publish","type":"page","link":"https:\/\/soccaczech.cz\/liga\/disciplinarni-tresty\/","title":{"rendered":"Disciplin\u00e1rn\u00ed statistiky hr\u00e1\u010d\u016f"},"content":{"rendered":"\t\t<div data-elementor-type=\"wp-page\" data-elementor-id=\"45993\" class=\"elementor elementor-45993\">\n\t\t\t\t\t\t<section class=\"elementor-section elementor-top-section elementor-element elementor-element-368a555 elementor-section-boxed elementor-section-height-default elementor-section-height-default sc_fly_static\" data-id=\"368a555\" data-element_type=\"section\">\n\t\t\t\t\t\t<div class=\"elementor-container elementor-column-gap-extended\">\n\t\t\t\t\t<div class=\"elementor-column elementor-col-100 elementor-top-column elementor-element elementor-element-f678050 sc_content_align_inherit sc_layouts_column_icons_position_left sc_fly_static\" data-id=\"f678050\" data-element_type=\"column\">\n\t\t\t<div class=\"elementor-widget-wrap elementor-element-populated\">\n\t\t\t\t\t\t<div class=\"elementor-element elementor-element-f2a8b66 sc_height_huge sc_fly_static elementor-widget elementor-widget-spacer\" data-id=\"f2a8b66\" data-element_type=\"widget\" data-widget_type=\"spacer.default\">\n\t\t\t\t<div class=\"elementor-widget-container\">\n\t\t\t\t\t\t\t<div class=\"elementor-spacer\">\n\t\t\t<div class=\"elementor-spacer-inner\"><\/div>\n\t\t<\/div>\n\t\t\t\t\t\t<\/div>\n\t\t\t\t<\/div>\n\t\t\t\t\t<\/div>\n\t\t<\/div>\n\t\t\t\t\t<\/div>\n\t\t<\/section>\n\t\t\t\t<section class=\"elementor-section elementor-top-section elementor-element elementor-element-912428a elementor-section-boxed elementor-section-height-default elementor-section-height-default sc_fly_static\" data-id=\"912428a\" data-element_type=\"section\" data-settings=\"{&quot;background_background&quot;:&quot;classic&quot;}\">\n\t\t\t\t\t\t<div class=\"elementor-container elementor-column-gap-extended\">\n\t\t\t\t\t<div class=\"elementor-column elementor-col-100 elementor-top-column elementor-element elementor-element-b4785a9 sc_content_align_inherit sc_layouts_column_icons_position_left sc_fly_static\" data-id=\"b4785a9\" data-element_type=\"column\">\n\t\t\t<div class=\"elementor-widget-wrap elementor-element-populated\">\n\t\t\t\t\t\t<div class=\"elementor-element elementor-element-30525e6 sc_fly_static elementor-widget elementor-widget-trx_sc_title\" data-id=\"30525e6\" data-element_type=\"widget\" data-widget_type=\"trx_sc_title.default\">\n\t\t\t\t<div class=\"elementor-widget-container\">\n\t\t\t\t\t<div\t\tclass=\"sc_title sc_title_icon\" ><span class=\"sc_item_subtitle sc_title_subtitle sc_align_center sc_item_subtitle_above sc_item_title_style_icon\">V t\u00e9to sekci najdete p\u0159ehled \u017elut\u00fdch a \u010derven\u00fdch karet ud\u011blen\u00fdch v pr\u016fb\u011bhu aktu\u00e1ln\u00ed sez\u00f3ny Socca Ligy.  Hr\u00e1\u010d, kter\u00fd obdr\u017e\u00ed t\u0159et\u00ed (a n\u00e1sledn\u011b \u0161estou, dev\u00e1tou atd.) \u017elutou kartu v r\u00e1mci jedn\u00e9 ligov\u00e9 sez\u00f3ny, m\u00e1 automaticky zastavenou hern\u00ed \u010dinnost - disciplin\u00e1rn\u00edm \u0159\u00edzen\u00ed.<\/span><\/div>\t\t\t\t<\/div>\n\t\t\t\t<\/div>\n\t\t\t\t<div class=\"elementor-element elementor-element-f548a7d sc_fly_static elementor-widget elementor-widget-spacer\" data-id=\"f548a7d\" data-element_type=\"widget\" data-widget_type=\"spacer.default\">\n\t\t\t\t<div class=\"elementor-widget-container\">\n\t\t\t\t\t\t\t<div class=\"elementor-spacer\">\n\t\t\t<div class=\"elementor-spacer-inner\"><\/div>\n\t\t<\/div>\n\t\t\t\t\t\t<\/div>\n\t\t\t\t<\/div>\n\t\t\t\t<div class=\"elementor-element elementor-element-446aa16 sc_fly_static elementor-widget elementor-widget-text-editor\" data-id=\"446aa16\" data-element_type=\"widget\" data-widget_type=\"text-editor.default\">\n\t\t\t\t<div class=\"elementor-widget-container\">\n\t\t\t\t\t\t\t\t\t<h5><b>Aktu\u00e1ln\u011b v trestu<\/b><span id=\"m_-7007657817044725066gmail-docs-internal-guid-c12d8887-7fff-2c55-2290-0f8e8ab25d81\"><\/span><\/h5><p>N\u00ed\u017ee uveden\u00ed hr\u00e1\u010di maj\u00ed zastavenou \u010dinnost a nesm\u00ed b\u00fdt zaps\u00e1ni do Z\u00e1pisu o utk\u00e1n\u00ed (ZU), ani nastoupit k utk\u00e1n\u00ed, dokud nebude trest odpyk\u00e1n.<\/p><p>Povinnost hl\u00eddat si karetn\u00ed tresty m\u00e1 ka\u017ed\u00e9 dru\u017estvo samostatn\u011b. Neopr\u00e1vn\u011bn\u00fd start trestan\u00e9ho hr\u00e1\u010de bude \u0159e\u0161en kontumac\u00ed z\u00e1pasu a dal\u0161\u00edm disciplin\u00e1rn\u00edm \u0159\u00edzen\u00edm.<\/p>\t\t\t\t\t\t\t\t<\/div>\n\t\t\t\t<\/div>\n\t\t\t\t<div class=\"elementor-element elementor-element-2eec853 sc_fly_static elementor-widget elementor-widget-text-editor\" data-id=\"2eec853\" data-element_type=\"widget\" data-widget_type=\"text-editor.default\">\n\t\t\t\t<div class=\"elementor-widget-container\">\n\t\t\t\t\t\t\t\t\t<h5 style=\"text-align: center;\"><span style=\"color: #ff0000;\"><strong>AKTU\u00c1LN\u011a NEN\u00cd \u017d\u00c1DN\u00dd H\u0158\u00c1\u010c V TRESTU<\/strong><\/span><\/h5>\t\t\t\t\t\t\t\t<\/div>\n\t\t\t\t<\/div>\n\t\t\t\t<div class=\"elementor-element elementor-element-1e30585 sc_fly_static elementor-widget elementor-widget-spacer\" data-id=\"1e30585\" data-element_type=\"widget\" data-widget_type=\"spacer.default\">\n\t\t\t\t<div class=\"elementor-widget-container\">\n\t\t\t\t\t\t\t<div class=\"elementor-spacer\">\n\t\t\t<div class=\"elementor-spacer-inner\"><\/div>\n\t\t<\/div>\n\t\t\t\t\t\t<\/div>\n\t\t\t\t<\/div>\n\t\t\t\t<div class=\"elementor-element elementor-element-b6eb7aa sc_fly_static elementor-widget elementor-widget-shortcode\" data-id=\"b6eb7aa\" data-element_type=\"widget\" data-widget_type=\"shortcode.default\">\n\t\t\t\t<div class=\"elementor-widget-container\">\n\t\t\t\t\t\t\t<div class=\"elementor-shortcode\"><div class=\"sportspress\"><h4 class=\"sp-table-caption\">Disciplin\u00e1rn\u00ed statistiky hr\u00e1\u010d\u016f<\/h4><div class=\"sp-template sp-template-player-list\"><div class=\"sp-table-wrapper\"><table class=\"sp-player-list sp-data-table sp-sortable-table sp-scrollable-table\" data-sp-rows=\"20\"><thead><tr><th class=\"data-name\">Hr\u00e1\u010d<\/th><th class=\"data-team\">T\u00fdm<\/th><th class=\"data-yellowcards\">\u017dlut\u00e9 karty<\/th><th class=\"data-redcards\">\u010cerven\u00e9 karty<\/th><\/tr><\/thead><tbody><tr class=\"odd\"><td class=\"data-name has-photo\" data-label=\"Hr\u00e1\u010d\"><a href=\"https:\/\/soccaczech.cz\/liga\/player\/010001%f0%9f%9f%a2lavryshyn-zinovii\/\"><span class=\"player-photo\"><img fetchpriority=\"high\" decoding=\"async\" width=\"245\" height=\"400\" src=\"https:\/\/soccaczech.cz\/liga\/wp-content\/uploads\/2026\/02\/010001\ud83d\udfe2-5-245x400.png\" class=\"attachment-sportspress-fit-icon size-sportspress-fit-icon wp-post-image\" alt=\"\" \/><\/span>010001\ud83d\udfe2Zinovii Lavryshyn  (VD)<\/a><\/td><td class=\"data-team\" data-label=\"T\u00fdm\"><a href=\"https:\/\/soccaczech.cz\/liga\/sport-team\/fc-pidhorodtsi\/\">FC PIDHORODTSI<\/a><\/td><td class=\"data-yellowcards\" data-label=\"\u017dlut\u00e9 karty\">0<\/td><td class=\"data-redcards\" data-label=\"\u010cerven\u00e9 karty\">0<\/td><\/tr><tr class=\"even\"><td class=\"data-name has-photo\" data-label=\"Hr\u00e1\u010d\"><a href=\"https:\/\/soccaczech.cz\/liga\/player\/010012%f0%9f%9f%a2mykuliak-yaroslav\/\"><span class=\"player-photo\"><img decoding=\"async\" width=\"245\" height=\"400\" src=\"https:\/\/soccaczech.cz\/liga\/wp-content\/uploads\/2026\/02\/010001\ud83d\udfe2-10-245x400.png\" class=\"attachment-sportspress-fit-icon size-sportspress-fit-icon wp-post-image\" alt=\"\" \/><\/span>010002\ud83d\udfe2Yaroslav Mykuliak<\/a><\/td><td class=\"data-team\" data-label=\"T\u00fdm\"><a href=\"https:\/\/soccaczech.cz\/liga\/sport-team\/fc-pidhorodtsi\/\">FC PIDHORODTSI<\/a><\/td><td class=\"data-yellowcards\" data-label=\"\u017dlut\u00e9 karty\">0<\/td><td class=\"data-redcards\" data-label=\"\u010cerven\u00e9 karty\">0<\/td><\/tr><tr class=\"odd\"><td class=\"data-name has-photo\" data-label=\"Hr\u00e1\u010d\"><a href=\"https:\/\/soccaczech.cz\/liga\/player\/010010%f0%9f%9f%a2maksym-kormosh\/\"><span class=\"player-photo\"><img decoding=\"async\" width=\"245\" height=\"400\" src=\"https:\/\/soccaczech.cz\/liga\/wp-content\/uploads\/2026\/02\/010001\ud83d\udfe2-7-245x400.png\" class=\"attachment-sportspress-fit-icon size-sportspress-fit-icon wp-post-image\" alt=\"\" \/><\/span>010003\ud83d\udfe2Maksym Kormosh<\/a><\/td><td class=\"data-team\" data-label=\"T\u00fdm\"><a href=\"https:\/\/soccaczech.cz\/liga\/sport-team\/fc-pidhorodtsi\/\">FC PIDHORODTSI<\/a><\/td><td class=\"data-yellowcards\" data-label=\"\u017dlut\u00e9 karty\">0<\/td><td class=\"data-redcards\" data-label=\"\u010cerven\u00e9 karty\">0<\/td><\/tr><tr class=\"even\"><td class=\"data-name has-photo\" data-label=\"Hr\u00e1\u010d\"><a href=\"https:\/\/soccaczech.cz\/liga\/player\/010006%f0%9f%9f%a2pidhurskyi-vasyl\/\"><span class=\"player-photo\"><img loading=\"lazy\" decoding=\"async\" width=\"245\" height=\"400\" src=\"https:\/\/soccaczech.cz\/liga\/wp-content\/uploads\/2026\/02\/010001\ud83d\udfe2-14-245x400.png\" class=\"attachment-sportspress-fit-icon size-sportspress-fit-icon wp-post-image\" alt=\"\" \/><\/span>010004\ud83d\udfe2Vasyl Pidhurskyi<\/a><\/td><td class=\"data-team\" data-label=\"T\u00fdm\"><a href=\"https:\/\/soccaczech.cz\/liga\/sport-team\/fc-pidhorodtsi\/\">FC PIDHORODTSI<\/a><\/td><td class=\"data-yellowcards\" data-label=\"\u017dlut\u00e9 karty\">0<\/td><td class=\"data-redcards\" data-label=\"\u010cerven\u00e9 karty\">0<\/td><\/tr><tr class=\"odd\"><td class=\"data-name has-photo\" data-label=\"Hr\u00e1\u010d\"><a href=\"https:\/\/soccaczech.cz\/liga\/player\/010014%f0%9f%9f%a2pavlych-bogdan\/\"><span class=\"player-photo\"><img loading=\"lazy\" decoding=\"async\" width=\"245\" height=\"400\" src=\"https:\/\/soccaczech.cz\/liga\/wp-content\/uploads\/2026\/02\/010001\ud83d\udfe2-15-245x400.png\" class=\"attachment-sportspress-fit-icon size-sportspress-fit-icon wp-post-image\" alt=\"\" \/><\/span>010005\ud83d\udfe2Bogdan Pavlych<\/a><\/td><td class=\"data-team\" data-label=\"T\u00fdm\"><a href=\"https:\/\/soccaczech.cz\/liga\/?post_type=page&amp;p=45993\">-<\/a><\/td><td class=\"data-yellowcards\" data-label=\"\u017dlut\u00e9 karty\">0<\/td><td class=\"data-redcards\" data-label=\"\u010cerven\u00e9 karty\">0<\/td><\/tr><tr class=\"even\"><td class=\"data-name has-photo\" data-label=\"Hr\u00e1\u010d\"><a href=\"https:\/\/soccaczech.cz\/liga\/player\/010015%f0%9f%9f%a2rusyn-ivan\/\"><span class=\"player-photo\"><img loading=\"lazy\" decoding=\"async\" width=\"245\" height=\"400\" src=\"https:\/\/soccaczech.cz\/liga\/wp-content\/uploads\/2026\/02\/010001\ud83d\udfe2-16-245x400.png\" class=\"attachment-sportspress-fit-icon size-sportspress-fit-icon wp-post-image\" alt=\"\" \/><\/span>010006\ud83d\udfe2Ivan Rusyn<\/a><\/td><td class=\"data-team\" data-label=\"T\u00fdm\"><a href=\"https:\/\/soccaczech.cz\/liga\/sport-team\/fc-pidhorodtsi\/\">FC PIDHORODTSI<\/a><\/td><td class=\"data-yellowcards\" data-label=\"\u017dlut\u00e9 karty\">0<\/td><td class=\"data-redcards\" data-label=\"\u010cerven\u00e9 karty\">0<\/td><\/tr><tr class=\"odd\"><td class=\"data-name has-photo\" data-label=\"Hr\u00e1\u010d\"><a href=\"https:\/\/soccaczech.cz\/liga\/player\/010016%f0%9f%9f%a2slinkin-andrii\/\"><span class=\"player-photo\"><img loading=\"lazy\" decoding=\"async\" width=\"245\" height=\"400\" src=\"https:\/\/soccaczech.cz\/liga\/wp-content\/uploads\/2026\/02\/010001\ud83d\udfe2-20-245x400.png\" class=\"attachment-sportspress-fit-icon size-sportspress-fit-icon wp-post-image\" alt=\"\" \/><\/span>010007\ud83d\udfe2 Andrii Slinkin<\/a><\/td><td class=\"data-team\" data-label=\"T\u00fdm\"><a href=\"https:\/\/soccaczech.cz\/liga\/sport-team\/fc-pidhorodtsi\/\">FC PIDHORODTSI<\/a><\/td><td class=\"data-yellowcards\" data-label=\"\u017dlut\u00e9 karty\">1<\/td><td class=\"data-redcards\" data-label=\"\u010cerven\u00e9 karty\">0<\/td><\/tr><tr class=\"even\"><td class=\"data-name has-photo\" data-label=\"Hr\u00e1\u010d\"><a href=\"https:\/\/soccaczech.cz\/liga\/player\/010014%f0%9f%9f%a2mykhailo-mykhailo\/\"><span class=\"player-photo\"><img loading=\"lazy\" decoding=\"async\" width=\"245\" height=\"400\" src=\"https:\/\/soccaczech.cz\/liga\/wp-content\/uploads\/2026\/02\/010001\ud83d\udfe2-8-245x400.png\" class=\"attachment-sportspress-fit-icon size-sportspress-fit-icon wp-post-image\" alt=\"\" \/><\/span>010008\ud83d\udfe0Mykhailo Mykhailo<\/a><\/td><td class=\"data-team\" data-label=\"T\u00fdm\"><a href=\"https:\/\/soccaczech.cz\/liga\/sport-team\/fc-pidhorodtsi\/\">FC PIDHORODTSI<\/a><\/td><td class=\"data-yellowcards\" data-label=\"\u017dlut\u00e9 karty\">0<\/td><td class=\"data-redcards\" data-label=\"\u010cerven\u00e9 karty\">0<\/td><\/tr><tr class=\"odd\"><td class=\"data-name has-photo\" data-label=\"Hr\u00e1\u010d\"><a href=\"https:\/\/soccaczech.cz\/liga\/player\/010016%f0%9f%9f%a2shvydenko-vladyslav\/\"><span class=\"player-photo\"><img loading=\"lazy\" decoding=\"async\" width=\"245\" height=\"400\" src=\"https:\/\/soccaczech.cz\/liga\/wp-content\/uploads\/2026\/02\/010001\ud83d\udfe2-19-245x400.png\" class=\"attachment-sportspress-fit-icon size-sportspress-fit-icon wp-post-image\" alt=\"\" \/><\/span>010009\ud83d\udfe2Vladyslav Shvydenko<\/a><\/td><td class=\"data-team\" data-label=\"T\u00fdm\"><a href=\"https:\/\/soccaczech.cz\/liga\/?post_type=page&amp;p=45993\">-<\/a><\/td><td class=\"data-yellowcards\" data-label=\"\u017dlut\u00e9 karty\">1<\/td><td class=\"data-redcards\" data-label=\"\u010cerven\u00e9 karty\">0<\/td><\/tr><tr class=\"even\"><td class=\"data-name has-photo\" data-label=\"Hr\u00e1\u010d\"><a href=\"https:\/\/soccaczech.cz\/liga\/player\/vasyl-horskii\/\"><span class=\"player-photo\"><img loading=\"lazy\" decoding=\"async\" width=\"300\" height=\"400\" src=\"https:\/\/soccaczech.cz\/liga\/wp-content\/uploads\/2007\/04\/Vasyl-Horskii-300x400.png\" class=\"attachment-sportspress-fit-icon size-sportspress-fit-icon wp-post-image\" alt=\"\" \/><\/span>01001 \ud83d\udfe2 Vasyl Horskii<\/a><\/td><td class=\"data-team\" data-label=\"T\u00fdm\"><a href=\"https:\/\/soccaczech.cz\/liga\/sport-team\/mc-sarmat\/\">MC SARMAT<\/a><\/td><td class=\"data-yellowcards\" data-label=\"\u017dlut\u00e9 karty\">0<\/td><td class=\"data-redcards\" data-label=\"\u010cerven\u00e9 karty\">0<\/td><\/tr><tr class=\"odd\"><td class=\"data-name has-photo\" data-label=\"Hr\u00e1\u010d\"><a href=\"https:\/\/soccaczech.cz\/liga\/player\/010005%f0%9f%9f%a2kindratyshyn-bohdan\/\"><span class=\"player-photo\"><img loading=\"lazy\" decoding=\"async\" width=\"245\" height=\"400\" src=\"https:\/\/soccaczech.cz\/liga\/wp-content\/uploads\/2026\/02\/010001\ud83d\udfe2-3-245x400.png\" class=\"attachment-sportspress-fit-icon size-sportspress-fit-icon wp-post-image\" alt=\"\" \/><\/span>010010\ud83d\udfe0Bohdan Kindratyshyn<\/a><\/td><td class=\"data-team\" data-label=\"T\u00fdm\"><a href=\"https:\/\/soccaczech.cz\/liga\/?post_type=page&amp;p=45993\">-<\/a><\/td><td class=\"data-yellowcards\" data-label=\"\u017dlut\u00e9 karty\">0<\/td><td class=\"data-redcards\" data-label=\"\u010cerven\u00e9 karty\">0<\/td><\/tr><tr class=\"even\"><td class=\"data-name has-photo\" data-label=\"Hr\u00e1\u010d\"><a href=\"https:\/\/soccaczech.cz\/liga\/player\/010016%f0%9f%9f%a2sbitniev-mykhailo\/\"><span class=\"player-photo\"><img loading=\"lazy\" decoding=\"async\" width=\"245\" height=\"400\" src=\"https:\/\/soccaczech.cz\/liga\/wp-content\/uploads\/2026\/02\/010001\ud83d\udfe2-17-245x400.png\" class=\"attachment-sportspress-fit-icon size-sportspress-fit-icon wp-post-image\" alt=\"\" \/><\/span>010011\ud83d\udfe0Mykhailo Sbitniev<\/a><\/td><td class=\"data-team\" data-label=\"T\u00fdm\"><a href=\"https:\/\/soccaczech.cz\/liga\/?post_type=page&amp;p=45993\">-<\/a><\/td><td class=\"data-yellowcards\" data-label=\"\u017dlut\u00e9 karty\">0<\/td><td class=\"data-redcards\" data-label=\"\u010cerven\u00e9 karty\">0<\/td><\/tr><tr class=\"odd\"><td class=\"data-name has-photo\" data-label=\"Hr\u00e1\u010d\"><a href=\"https:\/\/soccaczech.cz\/liga\/player\/010003%f0%9f%9f%a2bodnar-denys\/\"><span class=\"player-photo\"><img loading=\"lazy\" decoding=\"async\" width=\"245\" height=\"400\" src=\"https:\/\/soccaczech.cz\/liga\/wp-content\/uploads\/2026\/02\/010001\ud83d\udfe2-1-245x400.png\" class=\"attachment-sportspress-fit-icon size-sportspress-fit-icon wp-post-image\" alt=\"\" \/><\/span>010012\ud83d\udfe2Denys Bodnar<\/a><\/td><td class=\"data-team\" data-label=\"T\u00fdm\"><a href=\"https:\/\/soccaczech.cz\/liga\/?post_type=page&amp;p=45993\">-<\/a><\/td><td class=\"data-yellowcards\" data-label=\"\u017dlut\u00e9 karty\">0<\/td><td class=\"data-redcards\" data-label=\"\u010cerven\u00e9 karty\">0<\/td><\/tr><tr class=\"even\"><td class=\"data-name has-photo\" data-label=\"Hr\u00e1\u010d\"><a href=\"https:\/\/soccaczech.cz\/liga\/player\/010011%f0%9f%9f%a2latsko-ivan\/\"><span class=\"player-photo\"><img loading=\"lazy\" decoding=\"async\" width=\"245\" height=\"400\" src=\"https:\/\/soccaczech.cz\/liga\/wp-content\/uploads\/2026\/02\/010001\ud83d\udfe2-11-245x400.png\" class=\"attachment-sportspress-fit-icon size-sportspress-fit-icon wp-post-image\" alt=\"\" \/><\/span>010013\ud83d\udfe2Ivan Latsko<\/a><\/td><td class=\"data-team\" data-label=\"T\u00fdm\"><a href=\"https:\/\/soccaczech.cz\/liga\/sport-team\/fc-pidhorodtsi\/\">FC PIDHORODTSI<\/a><\/td><td class=\"data-yellowcards\" data-label=\"\u017dlut\u00e9 karty\">0<\/td><td class=\"data-redcards\" data-label=\"\u010cerven\u00e9 karty\">0<\/td><\/tr><tr class=\"odd\"><td class=\"data-name has-photo\" data-label=\"Hr\u00e1\u010d\"><a href=\"https:\/\/soccaczech.cz\/liga\/player\/010020%f0%9f%9f%a2tymchenko-bohdan\/\"><span class=\"player-photo\"><img loading=\"lazy\" decoding=\"async\" width=\"245\" height=\"400\" src=\"https:\/\/soccaczech.cz\/liga\/wp-content\/uploads\/2026\/02\/010001\ud83d\udfe2-22-245x400.png\" class=\"attachment-sportspress-fit-icon size-sportspress-fit-icon wp-post-image\" alt=\"\" \/><\/span>010014\ud83d\udfe2Bohdan Tymchenko<\/a><\/td><td class=\"data-team\" data-label=\"T\u00fdm\"><a href=\"https:\/\/soccaczech.cz\/liga\/sport-team\/fc-pidhorodtsi\/\">FC PIDHORODTSI<\/a><\/td><td class=\"data-yellowcards\" data-label=\"\u017dlut\u00e9 karty\">1<\/td><td class=\"data-redcards\" data-label=\"\u010cerven\u00e9 karty\">0<\/td><\/tr><tr class=\"even\"><td class=\"data-name has-photo\" data-label=\"Hr\u00e1\u010d\"><a href=\"https:\/\/soccaczech.cz\/liga\/player\/010012%f0%9f%9f%a2oliarnyk-kostiantyn\/\"><span class=\"player-photo\"><img loading=\"lazy\" decoding=\"async\" width=\"245\" height=\"400\" src=\"https:\/\/soccaczech.cz\/liga\/wp-content\/uploads\/2026\/02\/010001\ud83d\udfe2-12-245x400.png\" class=\"attachment-sportspress-fit-icon size-sportspress-fit-icon wp-post-image\" alt=\"\" \/><\/span>010015\ud83d\udfe2Kostiantyn Oliarnyk<\/a><\/td><td class=\"data-team\" data-label=\"T\u00fdm\"><a href=\"https:\/\/soccaczech.cz\/liga\/sport-team\/fc-pidhorodtsi\/\">FC PIDHORODTSI<\/a><\/td><td class=\"data-yellowcards\" data-label=\"\u017dlut\u00e9 karty\">0<\/td><td class=\"data-redcards\" data-label=\"\u010cerven\u00e9 karty\">0<\/td><\/tr><tr class=\"odd\"><td class=\"data-name has-photo\" data-label=\"Hr\u00e1\u010d\"><a href=\"https:\/\/soccaczech.cz\/liga\/player\/andrian-zhuravchak\/\"><span class=\"player-photo\"><img loading=\"lazy\" decoding=\"async\" width=\"267\" height=\"400\" src=\"https:\/\/soccaczech.cz\/liga\/wp-content\/uploads\/2026\/02\/Andrian-Zhuravchak-267x400.jpeg\" class=\"attachment-sportspress-fit-icon size-sportspress-fit-icon wp-post-image\" alt=\"\" \/><\/span>010016\ud83d\udfe0Andrian Zhuravchak<\/a><\/td><td class=\"data-team\" data-label=\"T\u00fdm\"><a href=\"https:\/\/soccaczech.cz\/liga\/?post_type=page&amp;p=45993\">-<\/a><\/td><td class=\"data-yellowcards\" data-label=\"\u017dlut\u00e9 karty\">0<\/td><td class=\"data-redcards\" data-label=\"\u010cerven\u00e9 karty\">0<\/td><\/tr><tr class=\"even\"><td class=\"data-name has-photo\" data-label=\"Hr\u00e1\u010d\"><a href=\"https:\/\/soccaczech.cz\/liga\/player\/010016%f0%9f%9f%a2shevchuk-sviatoslav\/\"><span class=\"player-photo\"><img loading=\"lazy\" decoding=\"async\" width=\"245\" height=\"400\" src=\"https:\/\/soccaczech.cz\/liga\/wp-content\/uploads\/2026\/02\/010001\ud83d\udfe2-18-245x400.png\" class=\"attachment-sportspress-fit-icon size-sportspress-fit-icon wp-post-image\" alt=\"\" \/><\/span>010017\ud83d\udfe2Sviatoslav Shevchuk<\/a><\/td><td class=\"data-team\" data-label=\"T\u00fdm\"><a href=\"https:\/\/soccaczech.cz\/liga\/sport-team\/fc-pidhorodtsi\/\">FC PIDHORODTSI<\/a><\/td><td class=\"data-yellowcards\" data-label=\"\u017dlut\u00e9 karty\">0<\/td><td class=\"data-redcards\" data-label=\"\u010cerven\u00e9 karty\">0<\/td><\/tr><tr class=\"odd\"><td class=\"data-name has-photo\" data-label=\"Hr\u00e1\u010d\"><a href=\"https:\/\/soccaczech.cz\/liga\/player\/koval-oleksandr\/\"><span class=\"player-photo\"><img loading=\"lazy\" decoding=\"async\" width=\"245\" height=\"400\" src=\"https:\/\/soccaczech.cz\/liga\/wp-content\/uploads\/2005\/05\/010001\ud83d\udfe2-245x400.png\" class=\"attachment-sportspress-fit-icon size-sportspress-fit-icon wp-post-image\" alt=\"\" \/><\/span>010018\ud83d\udfe2Oleksandr Koval<\/a><\/td><td class=\"data-team\" data-label=\"T\u00fdm\"><a href=\"https:\/\/soccaczech.cz\/liga\/sport-team\/fc-pidhorodtsi\/\">FC PIDHORODTSI<\/a><\/td><td class=\"data-yellowcards\" data-label=\"\u017dlut\u00e9 karty\">1<\/td><td class=\"data-redcards\" data-label=\"\u010cerven\u00e9 karty\">0<\/td><\/tr><tr class=\"even\"><td class=\"data-name has-photo\" data-label=\"Hr\u00e1\u010d\"><a href=\"https:\/\/soccaczech.cz\/liga\/player\/010004%f0%9f%9f%a2dibrivnyi-mykola\/\"><span class=\"player-photo\"><img loading=\"lazy\" decoding=\"async\" width=\"245\" height=\"400\" src=\"https:\/\/soccaczech.cz\/liga\/wp-content\/uploads\/2026\/02\/010001\ud83d\udfe2-2-245x400.png\" class=\"attachment-sportspress-fit-icon size-sportspress-fit-icon wp-post-image\" alt=\"\" \/><\/span>010020\ud83d\udfe2Mykola Dibrivnyi<\/a><\/td><td class=\"data-team\" data-label=\"T\u00fdm\"><a href=\"https:\/\/soccaczech.cz\/liga\/?post_type=page&amp;p=45993\">-<\/a><\/td><td class=\"data-yellowcards\" data-label=\"\u017dlut\u00e9 karty\">0<\/td><td class=\"data-redcards\" data-label=\"\u010cerven\u00e9 karty\">0<\/td><\/tr><tr class=\"odd\"><td class=\"data-name has-photo\" data-label=\"Hr\u00e1\u010d\"><a href=\"https:\/\/soccaczech.cz\/liga\/player\/010022%f0%9f%9f%a2vovk-dmytro\/\"><span class=\"player-photo\"><img loading=\"lazy\" decoding=\"async\" width=\"245\" height=\"400\" src=\"https:\/\/soccaczech.cz\/liga\/wp-content\/uploads\/2026\/02\/010001\ud83d\udfe2-24-245x400.png\" class=\"attachment-sportspress-fit-icon size-sportspress-fit-icon wp-post-image\" alt=\"\" \/><\/span>010021\ud83d\udfe2Dmytro Vovk<\/a><\/td><td class=\"data-team\" data-label=\"T\u00fdm\"><a href=\"https:\/\/soccaczech.cz\/liga\/?post_type=page&amp;p=45993\">-<\/a><\/td><td class=\"data-yellowcards\" data-label=\"\u017dlut\u00e9 karty\">0<\/td><td class=\"data-redcards\" data-label=\"\u010cerven\u00e9 karty\">0<\/td><\/tr><tr class=\"even\"><td class=\"data-name has-photo\" data-label=\"Hr\u00e1\u010d\"><a href=\"https:\/\/soccaczech.cz\/liga\/player\/010022%f0%9f%9f%a0zaza-khapava\/\"><span class=\"player-photo\"><img loading=\"lazy\" decoding=\"async\" width=\"245\" height=\"400\" src=\"https:\/\/soccaczech.cz\/liga\/wp-content\/uploads\/2026\/03\/010001\ud83d\udfe2-40-245x400.png\" class=\"attachment-sportspress-fit-icon size-sportspress-fit-icon wp-post-image\" alt=\"\" \/><\/span>010022\ud83d\udfe2Zaza Khapava<\/a><\/td><td class=\"data-team\" data-label=\"T\u00fdm\"><a href=\"https:\/\/soccaczech.cz\/liga\/sport-team\/fc-pidhorodtsi\/\">FC PIDHORODTSI<\/a><\/td><td class=\"data-yellowcards\" data-label=\"\u017dlut\u00e9 karty\">0<\/td><td class=\"data-redcards\" data-label=\"\u010cerven\u00e9 karty\">0<\/td><\/tr><tr class=\"odd\"><td class=\"data-name has-photo\" data-label=\"Hr\u00e1\u010d\"><a href=\"https:\/\/soccaczech.cz\/liga\/player\/010023%f0%9f%9f%a0kiril-kachur\/\"><span class=\"player-photo\"><img loading=\"lazy\" decoding=\"async\" width=\"184\" height=\"184\" src=\"https:\/\/soccaczech.cz\/liga\/wp-content\/uploads\/2026\/03\/Navrh-bez-nazvu-12.png\" class=\"attachment-sportspress-fit-icon size-sportspress-fit-icon wp-post-image\" alt=\"\" \/><\/span>010023 \ud83d\udfe2 Kiril Kachur<\/a><\/td><td class=\"data-team\" data-label=\"T\u00fdm\"><a href=\"https:\/\/soccaczech.cz\/liga\/?post_type=page&amp;p=45993\">-<\/a><\/td><td class=\"data-yellowcards\" data-label=\"\u017dlut\u00e9 karty\">0<\/td><td class=\"data-redcards\" data-label=\"\u010cerven\u00e9 karty\">0<\/td><\/tr><tr class=\"even\"><td class=\"data-name has-photo\" data-label=\"Hr\u00e1\u010d\"><a href=\"https:\/\/soccaczech.cz\/liga\/player\/01027%f0%9f%9f%a0lukas-travnicek-2\/\"><span class=\"player-photo\"><img loading=\"lazy\" decoding=\"async\" width=\"225\" height=\"400\" src=\"https:\/\/soccaczech.cz\/liga\/wp-content\/uploads\/2026\/03\/WhatsApp-Image-2026-03-06-at-18.49.22-225x400.jpeg\" class=\"attachment-sportspress-fit-icon size-sportspress-fit-icon wp-post-image\" alt=\"\" \/><\/span>01027\ud83d\udfe2Luk\u00e1\u0161 Tr\u00e1vn\u00ed\u010dek<\/a><\/td><td class=\"data-team\" data-label=\"T\u00fdm\"><a href=\"https:\/\/soccaczech.cz\/liga\/?post_type=page&amp;p=45993\">-<\/a><\/td><td class=\"data-yellowcards\" data-label=\"\u017dlut\u00e9 karty\">0<\/td><td class=\"data-redcards\" data-label=\"\u010cerven\u00e9 karty\">0<\/td><\/tr><tr class=\"odd\"><td class=\"data-name\" data-label=\"Hr\u00e1\u010d\"><a href=\"https:\/\/soccaczech.cz\/liga\/player\/01028-%f0%9f%9f%a2-bernardo\/\">01028 \ud83d\udfe2 Bernardo<\/a><\/td><td class=\"data-team\" data-label=\"T\u00fdm\"><a href=\"https:\/\/soccaczech.cz\/liga\/sport-team\/mc-sarmat\/\">MC SARMAT<\/a><\/td><td class=\"data-yellowcards\" data-label=\"\u017dlut\u00e9 karty\">0<\/td><td class=\"data-redcards\" data-label=\"\u010cerven\u00e9 karty\">0<\/td><\/tr><tr class=\"even\"><td class=\"data-name has-photo\" data-label=\"Hr\u00e1\u010d\"><a href=\"https:\/\/soccaczech.cz\/liga\/player\/011001%f0%9f%9f%a2-lukas-dufek\/\"><span class=\"player-photo\"><img loading=\"lazy\" decoding=\"async\" width=\"245\" height=\"400\" src=\"https:\/\/soccaczech.cz\/liga\/wp-content\/uploads\/2026\/02\/010001\ud83d\udfe2-31-245x400.png\" class=\"attachment-sportspress-fit-icon size-sportspress-fit-icon wp-post-image\" alt=\"\" \/><\/span>011001\ud83d\udfe2 Luk\u00e1\u0161 Dufek<\/a><\/td><td class=\"data-team\" data-label=\"T\u00fdm\"><a href=\"https:\/\/soccaczech.cz\/liga\/sport-team\/sport-overtime-2\/\">SPORT OVERTIME<\/a><\/td><td class=\"data-yellowcards\" data-label=\"\u017dlut\u00e9 karty\">0<\/td><td class=\"data-redcards\" data-label=\"\u010cerven\u00e9 karty\">0<\/td><\/tr><tr class=\"odd\"><td class=\"data-name has-photo\" data-label=\"Hr\u00e1\u010d\"><a href=\"https:\/\/soccaczech.cz\/liga\/player\/011002%f0%9f%9f%a2-david-falby\/\"><span class=\"player-photo\"><img loading=\"lazy\" decoding=\"async\" width=\"245\" height=\"400\" src=\"https:\/\/soccaczech.cz\/liga\/wp-content\/uploads\/2026\/02\/010001\ud83d\udfe2-32-245x400.png\" class=\"attachment-sportspress-fit-icon size-sportspress-fit-icon wp-post-image\" alt=\"\" \/><\/span>011002\ud83d\udfe0 David Falby<\/a><\/td><td class=\"data-team\" data-label=\"T\u00fdm\"><a href=\"https:\/\/soccaczech.cz\/liga\/sport-team\/sport-overtime-2\/\">SPORT OVERTIME<\/a><\/td><td class=\"data-yellowcards\" data-label=\"\u017dlut\u00e9 karty\">0<\/td><td class=\"data-redcards\" data-label=\"\u010cerven\u00e9 karty\">0<\/td><\/tr><tr class=\"even\"><td class=\"data-name has-photo\" data-label=\"Hr\u00e1\u010d\"><a href=\"https:\/\/soccaczech.cz\/liga\/player\/011003%f0%9f%9f%a2-martin-hora\/\"><span class=\"player-photo\"><img loading=\"lazy\" decoding=\"async\" width=\"245\" height=\"400\" src=\"https:\/\/soccaczech.cz\/liga\/wp-content\/uploads\/2026\/02\/010001\ud83d\udfe2-33-245x400.png\" class=\"attachment-sportspress-fit-icon size-sportspress-fit-icon wp-post-image\" alt=\"\" \/><\/span>011003\ud83d\udfe0 Martin Hora<\/a><\/td><td class=\"data-team\" data-label=\"T\u00fdm\"><a href=\"https:\/\/soccaczech.cz\/liga\/sport-team\/sport-overtime-2\/\">SPORT OVERTIME<\/a><\/td><td class=\"data-yellowcards\" data-label=\"\u017dlut\u00e9 karty\">0<\/td><td class=\"data-redcards\" data-label=\"\u010cerven\u00e9 karty\">0<\/td><\/tr><tr class=\"odd\"><td class=\"data-name has-photo\" data-label=\"Hr\u00e1\u010d\"><a href=\"https:\/\/soccaczech.cz\/liga\/player\/011020%f0%9f%9f%a0-dominik-dvoracek\/\"><span class=\"player-photo\"><img loading=\"lazy\" decoding=\"async\" width=\"365\" height=\"400\" src=\"https:\/\/soccaczech.cz\/liga\/wp-content\/uploads\/2026\/03\/Dominik-Dvoracek-1-365x400.jpeg\" class=\"attachment-sportspress-fit-icon size-sportspress-fit-icon wp-post-image\" alt=\"\" \/><\/span>011004\ud83d\udfe0 Dominik Dvo\u0159\u00e1\u010dek<\/a><\/td><td class=\"data-team\" data-label=\"T\u00fdm\"><a href=\"https:\/\/soccaczech.cz\/liga\/sport-team\/sport-overtime-2\/\">SPORT OVERTIME<\/a><\/td><td class=\"data-yellowcards\" data-label=\"\u017dlut\u00e9 karty\">0<\/td><td class=\"data-redcards\" data-label=\"\u010cerven\u00e9 karty\">0<\/td><\/tr><tr class=\"even\"><td class=\"data-name has-photo\" data-label=\"Hr\u00e1\u010d\"><a href=\"https:\/\/soccaczech.cz\/liga\/player\/011004%f0%9f%9f%a2-libor-kosman\/\"><span class=\"player-photo\"><img loading=\"lazy\" decoding=\"async\" width=\"245\" height=\"400\" src=\"https:\/\/soccaczech.cz\/liga\/wp-content\/uploads\/2026\/02\/010001\ud83d\udfe2-34-245x400.png\" class=\"attachment-sportspress-fit-icon size-sportspress-fit-icon wp-post-image\" alt=\"\" \/><\/span>011004\ud83d\udfe2 Libor Kosman<\/a><\/td><td class=\"data-team\" data-label=\"T\u00fdm\"><a href=\"https:\/\/soccaczech.cz\/liga\/sport-team\/spartasocca\/\">SPARTA SOCCA<\/a><\/td><td class=\"data-yellowcards\" data-label=\"\u017dlut\u00e9 karty\">0<\/td><td class=\"data-redcards\" data-label=\"\u010cerven\u00e9 karty\">0<\/td><\/tr><tr class=\"odd\"><td class=\"data-name has-photo\" data-label=\"Hr\u00e1\u010d\"><a href=\"https:\/\/soccaczech.cz\/liga\/player\/011005%f0%9f%9f%a2-vojtech-kosman\/\"><span class=\"player-photo\"><img loading=\"lazy\" decoding=\"async\" width=\"245\" height=\"400\" src=\"https:\/\/soccaczech.cz\/liga\/wp-content\/uploads\/2026\/02\/010001\ud83d\udfe2-35-245x400.png\" class=\"attachment-sportspress-fit-icon size-sportspress-fit-icon wp-post-image\" alt=\"\" \/><\/span>011005\ud83d\udfe2Vojt\u011bch Kosman<\/a><\/td><td class=\"data-team\" data-label=\"T\u00fdm\"><a href=\"https:\/\/soccaczech.cz\/liga\/sport-team\/sport-overtime-2\/\">SPORT OVERTIME<\/a><\/td><td class=\"data-yellowcards\" data-label=\"\u017dlut\u00e9 karty\">0<\/td><td class=\"data-redcards\" data-label=\"\u010cerven\u00e9 karty\">0<\/td><\/tr><tr class=\"even\"><td class=\"data-name has-photo\" data-label=\"Hr\u00e1\u010d\"><a href=\"https:\/\/soccaczech.cz\/liga\/player\/011006%f0%9f%9f%a2-david-horak\/\"><span class=\"player-photo\"><img loading=\"lazy\" decoding=\"async\" width=\"245\" height=\"400\" src=\"https:\/\/soccaczech.cz\/liga\/wp-content\/uploads\/2026\/02\/010001\ud83d\udfe2-36-245x400.png\" class=\"attachment-sportspress-fit-icon size-sportspress-fit-icon wp-post-image\" alt=\"\" \/><\/span>011006\ud83d\udfe2 David Hor\u00e1k<\/a><\/td><td class=\"data-team\" data-label=\"T\u00fdm\"><a href=\"https:\/\/soccaczech.cz\/liga\/sport-team\/sport-overtime-2\/\">SPORT OVERTIME<\/a><\/td><td class=\"data-yellowcards\" data-label=\"\u017dlut\u00e9 karty\">0<\/td><td class=\"data-redcards\" data-label=\"\u010cerven\u00e9 karty\">0<\/td><\/tr><tr class=\"odd\"><td class=\"data-name has-photo\" data-label=\"Hr\u00e1\u010d\"><a href=\"https:\/\/soccaczech.cz\/liga\/player\/011007%f0%9f%9f%a2-krystof-winter-2\/\"><span class=\"player-photo\"><img loading=\"lazy\" decoding=\"async\" width=\"245\" height=\"400\" src=\"https:\/\/soccaczech.cz\/liga\/wp-content\/uploads\/2026\/02\/010001\ud83d\udfe2-37-245x400.png\" class=\"attachment-sportspress-fit-icon size-sportspress-fit-icon wp-post-image\" alt=\"\" \/><\/span>011007\ud83d\udfe2 Kry\u0161tof Winter<\/a><\/td><td class=\"data-team\" data-label=\"T\u00fdm\"><a href=\"https:\/\/soccaczech.cz\/liga\/sport-team\/sport-overtime-2\/\">SPORT OVERTIME<\/a><\/td><td class=\"data-yellowcards\" data-label=\"\u017dlut\u00e9 karty\">0<\/td><td class=\"data-redcards\" data-label=\"\u010cerven\u00e9 karty\">0<\/td><\/tr><tr class=\"even\"><td class=\"data-name has-photo\" data-label=\"Hr\u00e1\u010d\"><a href=\"https:\/\/soccaczech.cz\/liga\/player\/011008%f0%9f%9f%a2-matej-mottl\/\"><span class=\"player-photo\"><img loading=\"lazy\" decoding=\"async\" width=\"245\" height=\"400\" src=\"https:\/\/soccaczech.cz\/liga\/wp-content\/uploads\/2026\/02\/010001\ud83d\udfe2-40-245x400.png\" class=\"attachment-sportspress-fit-icon size-sportspress-fit-icon wp-post-image\" alt=\"\" \/><\/span>011008\ud83d\udfe2Mat\u011bj Mottl<\/a><\/td><td class=\"data-team\" data-label=\"T\u00fdm\"><a href=\"https:\/\/soccaczech.cz\/liga\/sport-team\/sport-overtime-2\/\">SPORT OVERTIME<\/a><\/td><td class=\"data-yellowcards\" data-label=\"\u017dlut\u00e9 karty\">0<\/td><td class=\"data-redcards\" data-label=\"\u010cerven\u00e9 karty\">0<\/td><\/tr><tr class=\"odd\"><td class=\"data-name has-photo\" data-label=\"Hr\u00e1\u010d\"><a href=\"https:\/\/soccaczech.cz\/liga\/player\/denis-vrchota\/\"><span class=\"player-photo\"><img loading=\"lazy\" decoding=\"async\" width=\"245\" height=\"400\" src=\"https:\/\/soccaczech.cz\/liga\/wp-content\/uploads\/2004\/10\/010001\ud83d\udfe2-39-245x400.png\" class=\"attachment-sportspress-fit-icon size-sportspress-fit-icon wp-post-image\" alt=\"\" \/><\/span>011009\ud83d\udfe2 Denis Vrchota<\/a><\/td><td class=\"data-team\" data-label=\"T\u00fdm\"><a href=\"https:\/\/soccaczech.cz\/liga\/sport-team\/spartasocca\/\">SPARTA SOCCA<\/a><\/td><td class=\"data-yellowcards\" data-label=\"\u017dlut\u00e9 karty\">0<\/td><td class=\"data-redcards\" data-label=\"\u010cerven\u00e9 karty\">0<\/td><\/tr><tr class=\"even\"><td class=\"data-name has-photo\" data-label=\"Hr\u00e1\u010d\"><a href=\"https:\/\/soccaczech.cz\/liga\/player\/011010%f0%9f%9f%a2-nikita-pchelovodov\/\"><span class=\"player-photo\"><img loading=\"lazy\" decoding=\"async\" width=\"245\" height=\"400\" src=\"https:\/\/soccaczech.cz\/liga\/wp-content\/uploads\/2026\/02\/010001\ud83d\udfe2-42-245x400.png\" class=\"attachment-sportspress-fit-icon size-sportspress-fit-icon wp-post-image\" alt=\"\" \/><\/span>011010\ud83d\udfe0 Nikita Pchelovodov<\/a><\/td><td class=\"data-team\" data-label=\"T\u00fdm\"><a href=\"https:\/\/soccaczech.cz\/liga\/sport-team\/sport-overtime-2\/\">SPORT OVERTIME<\/a><\/td><td class=\"data-yellowcards\" data-label=\"\u017dlut\u00e9 karty\">0<\/td><td class=\"data-redcards\" data-label=\"\u010cerven\u00e9 karty\">0<\/td><\/tr><tr class=\"odd\"><td class=\"data-name has-photo\" data-label=\"Hr\u00e1\u010d\"><a href=\"https:\/\/soccaczech.cz\/liga\/player\/011011%f0%9f%9f%a2-viktor-demianchuk\/\"><span class=\"player-photo\"><img loading=\"lazy\" decoding=\"async\" width=\"245\" height=\"400\" src=\"https:\/\/soccaczech.cz\/liga\/wp-content\/uploads\/2026\/02\/010001\ud83d\udfe2-41-245x400.png\" class=\"attachment-sportspress-fit-icon size-sportspress-fit-icon wp-post-image\" alt=\"\" \/><\/span>011011\ud83d\udfe2 Viktor Demianchuk<\/a><\/td><td class=\"data-team\" data-label=\"T\u00fdm\"><a href=\"https:\/\/soccaczech.cz\/liga\/sport-team\/sport-overtime-2\/\">SPORT OVERTIME<\/a><\/td><td class=\"data-yellowcards\" data-label=\"\u017dlut\u00e9 karty\">1<\/td><td class=\"data-redcards\" data-label=\"\u010cerven\u00e9 karty\">0<\/td><\/tr><tr class=\"even\"><td class=\"data-name has-photo\" data-label=\"Hr\u00e1\u010d\"><a href=\"https:\/\/soccaczech.cz\/liga\/player\/011012%f0%9f%9f%a2-adam-masek\/\"><span class=\"player-photo\"><img loading=\"lazy\" decoding=\"async\" width=\"245\" height=\"400\" src=\"https:\/\/soccaczech.cz\/liga\/wp-content\/uploads\/2026\/02\/010001\ud83d\udfe2-43-245x400.png\" class=\"attachment-sportspress-fit-icon size-sportspress-fit-icon wp-post-image\" alt=\"\" \/><\/span>011012\ud83d\udfe0 Adam Ma\u0161ek<\/a><\/td><td class=\"data-team\" data-label=\"T\u00fdm\"><a href=\"https:\/\/soccaczech.cz\/liga\/sport-team\/sport-overtime-2\/\">SPORT OVERTIME<\/a><\/td><td class=\"data-yellowcards\" data-label=\"\u017dlut\u00e9 karty\">0<\/td><td class=\"data-redcards\" data-label=\"\u010cerven\u00e9 karty\">0<\/td><\/tr><tr class=\"odd\"><td class=\"data-name has-photo\" data-label=\"Hr\u00e1\u010d\"><a href=\"https:\/\/soccaczech.cz\/liga\/player\/011013%f0%9f%9f%a0-libor-kosman-vd\/\"><span class=\"player-photo\"><img loading=\"lazy\" decoding=\"async\" width=\"245\" height=\"400\" src=\"https:\/\/soccaczech.cz\/liga\/wp-content\/uploads\/2026\/02\/010001\ud83d\udfe2-34-245x400.png\" class=\"attachment-sportspress-fit-icon size-sportspress-fit-icon wp-post-image\" alt=\"\" \/><\/span>011013\ud83d\udfe2 Libor Kosman (VD)<\/a><\/td><td class=\"data-team\" data-label=\"T\u00fdm\"><a href=\"https:\/\/soccaczech.cz\/liga\/sport-team\/sport-overtime-2\/\">SPORT OVERTIME<\/a><\/td><td class=\"data-yellowcards\" data-label=\"\u017dlut\u00e9 karty\">0<\/td><td class=\"data-redcards\" data-label=\"\u010cerven\u00e9 karty\">0<\/td><\/tr><tr class=\"even\"><td class=\"data-name has-photo\" data-label=\"Hr\u00e1\u010d\"><a href=\"https:\/\/soccaczech.cz\/liga\/player\/011014%f0%9f%9f%a0-matej-skoda\/\"><span class=\"player-photo\"><img loading=\"lazy\" decoding=\"async\" width=\"300\" height=\"400\" src=\"https:\/\/soccaczech.cz\/liga\/wp-content\/uploads\/2004\/01\/642504136_4760806984146321_8977297197098200734_n-300x400.png\" class=\"attachment-sportspress-fit-icon size-sportspress-fit-icon wp-post-image\" alt=\"\" \/><\/span>011014\ud83d\udfe2 Mat\u011bj \u0160koda<\/a><\/td><td class=\"data-team\" data-label=\"T\u00fdm\"><a href=\"https:\/\/soccaczech.cz\/liga\/?post_type=page&amp;p=45993\">-<\/a><\/td><td class=\"data-yellowcards\" data-label=\"\u017dlut\u00e9 karty\">0<\/td><td class=\"data-redcards\" data-label=\"\u010cerven\u00e9 karty\">0<\/td><\/tr><tr class=\"odd\"><td class=\"data-name has-photo\" data-label=\"Hr\u00e1\u010d\"><a href=\"https:\/\/soccaczech.cz\/liga\/player\/011015%f0%9f%9f%a0-frantisek-pavlicek\/\"><span class=\"player-photo\"><img loading=\"lazy\" decoding=\"async\" width=\"225\" height=\"400\" src=\"https:\/\/soccaczech.cz\/liga\/wp-content\/uploads\/2026\/03\/15987381-a64c-4dc8-a21d-46e9bb01f08e-225x400.jpeg\" class=\"attachment-sportspress-fit-icon size-sportspress-fit-icon wp-post-image\" alt=\"\" \/><\/span>011015\ud83d\udfe2 Franti\u0161ek Pavl\u00ed\u010dek<\/a><\/td><td class=\"data-team\" data-label=\"T\u00fdm\"><a href=\"https:\/\/soccaczech.cz\/liga\/sport-team\/sport-overtime-2\/\">SPORT OVERTIME<\/a><\/td><td class=\"data-yellowcards\" data-label=\"\u017dlut\u00e9 karty\">0<\/td><td class=\"data-redcards\" data-label=\"\u010cerven\u00e9 karty\">0<\/td><\/tr><tr class=\"even\"><td class=\"data-name has-photo\" data-label=\"Hr\u00e1\u010d\"><a href=\"https:\/\/soccaczech.cz\/liga\/player\/011016%f0%9f%9f%a0marek-novak\/\"><span class=\"player-photo\"><img loading=\"lazy\" decoding=\"async\" width=\"225\" height=\"400\" src=\"https:\/\/soccaczech.cz\/liga\/wp-content\/uploads\/2026\/03\/2d51a5c7-5e50-4323-8b4b-3b4ac745a1eb-225x400.jpeg\" class=\"attachment-sportspress-fit-icon size-sportspress-fit-icon wp-post-image\" alt=\"\" \/><\/span>011016\ud83d\udfe0Marek Nov\u00e1k<\/a><\/td><td class=\"data-team\" data-label=\"T\u00fdm\"><a href=\"https:\/\/soccaczech.cz\/liga\/sport-team\/sport-overtime-2\/\">SPORT OVERTIME<\/a><\/td><td class=\"data-yellowcards\" data-label=\"\u017dlut\u00e9 karty\">0<\/td><td class=\"data-redcards\" data-label=\"\u010cerven\u00e9 karty\">0<\/td><\/tr><tr class=\"odd\"><td class=\"data-name has-photo\" data-label=\"Hr\u00e1\u010d\"><a href=\"https:\/\/soccaczech.cz\/liga\/player\/011017%f0%9f%9f%a0-radim-soucek\/\"><span class=\"player-photo\"><img loading=\"lazy\" decoding=\"async\" width=\"184\" height=\"400\" src=\"https:\/\/soccaczech.cz\/liga\/wp-content\/uploads\/2026\/03\/IMG_0876-184x400.png\" class=\"attachment-sportspress-fit-icon size-sportspress-fit-icon wp-post-image\" alt=\"\" \/><\/span>011017\ud83d\udfe0 Radim Sou\u010dek<\/a><\/td><td class=\"data-team\" data-label=\"T\u00fdm\"><a href=\"https:\/\/soccaczech.cz\/liga\/sport-team\/sport-overtime-2\/\">SPORT OVERTIME<\/a><\/td><td class=\"data-yellowcards\" data-label=\"\u017dlut\u00e9 karty\">0<\/td><td class=\"data-redcards\" data-label=\"\u010cerven\u00e9 karty\">0<\/td><\/tr><tr class=\"even\"><td class=\"data-name has-photo\" data-label=\"Hr\u00e1\u010d\"><a href=\"https:\/\/soccaczech.cz\/liga\/player\/011018%f0%9f%9f%a0-vladimir-beer\/\"><span class=\"player-photo\"><img loading=\"lazy\" decoding=\"async\" width=\"184\" height=\"400\" src=\"https:\/\/soccaczech.cz\/liga\/wp-content\/uploads\/2026\/03\/Vladimir-Beer-184x400.jpeg\" class=\"attachment-sportspress-fit-icon size-sportspress-fit-icon wp-post-image\" alt=\"\" \/><\/span>011018\ud83d\udfe0 Vladim\u00edr Beer<\/a><\/td><td class=\"data-team\" data-label=\"T\u00fdm\"><a href=\"https:\/\/soccaczech.cz\/liga\/sport-team\/spartasocca\/\">SPARTA SOCCA<\/a><\/td><td class=\"data-yellowcards\" data-label=\"\u017dlut\u00e9 karty\">0<\/td><td class=\"data-redcards\" data-label=\"\u010cerven\u00e9 karty\">0<\/td><\/tr><tr class=\"odd\"><td class=\"data-name has-photo\" data-label=\"Hr\u00e1\u010d\"><a href=\"https:\/\/soccaczech.cz\/liga\/player\/011018%f0%9f%9f%a0-vladimir-beer-2\/\"><span class=\"player-photo\"><img loading=\"lazy\" decoding=\"async\" width=\"184\" height=\"400\" src=\"https:\/\/soccaczech.cz\/liga\/wp-content\/uploads\/2026\/03\/Vladimir-Beer-184x400.jpeg\" class=\"attachment-sportspress-fit-icon size-sportspress-fit-icon wp-post-image\" alt=\"\" \/><\/span>011018\ud83d\udfe2 Vladim\u00edr Beer<\/a><\/td><td class=\"data-team\" data-label=\"T\u00fdm\"><a href=\"https:\/\/soccaczech.cz\/liga\/?post_type=page&amp;p=45993\">-<\/a><\/td><td class=\"data-yellowcards\" data-label=\"\u017dlut\u00e9 karty\">0<\/td><td class=\"data-redcards\" data-label=\"\u010cerven\u00e9 karty\">0<\/td><\/tr><tr class=\"even\"><td class=\"data-name has-photo\" data-label=\"Hr\u00e1\u010d\"><a href=\"https:\/\/soccaczech.cz\/liga\/player\/011019%f0%9f%9f%a0-jaroslav-vesely\/\"><span class=\"player-photo\"><img loading=\"lazy\" decoding=\"async\" width=\"300\" height=\"400\" src=\"https:\/\/soccaczech.cz\/liga\/wp-content\/uploads\/2026\/03\/Jaroslav-Vesely-300x400.jpeg\" class=\"attachment-sportspress-fit-icon size-sportspress-fit-icon wp-post-image\" alt=\"\" \/><\/span>011019\ud83d\udfe2 Jaroslav Vesel\u00fd<\/a><\/td><td class=\"data-team\" data-label=\"T\u00fdm\"><a href=\"https:\/\/soccaczech.cz\/liga\/sport-team\/sport-overtime-2\/\">SPORT OVERTIME<\/a><\/td><td class=\"data-yellowcards\" data-label=\"\u017dlut\u00e9 karty\">0<\/td><td class=\"data-redcards\" data-label=\"\u010cerven\u00e9 karty\">0<\/td><\/tr><tr class=\"odd\"><td class=\"data-name has-photo\" data-label=\"Hr\u00e1\u010d\"><a href=\"https:\/\/soccaczech.cz\/liga\/player\/011020%f0%9f%9f%a0jiri-dolezel-vd\/\"><span class=\"player-photo\"><img loading=\"lazy\" decoding=\"async\" width=\"320\" height=\"400\" src=\"https:\/\/soccaczech.cz\/liga\/wp-content\/uploads\/2026\/03\/george-320x400.jpeg\" class=\"attachment-sportspress-fit-icon size-sportspress-fit-icon wp-post-image\" alt=\"\" \/><\/span>011020\ud83d\udfe2Ji\u0159\u00ed Dole\u017eel (VD)<\/a><\/td><td class=\"data-team\" data-label=\"T\u00fdm\"><a href=\"https:\/\/soccaczech.cz\/liga\/?post_type=page&amp;p=45993\">-<\/a><\/td><td class=\"data-yellowcards\" data-label=\"\u017dlut\u00e9 karty\">0<\/td><td class=\"data-redcards\" data-label=\"\u010cerven\u00e9 karty\">0<\/td><\/tr><tr class=\"even\"><td class=\"data-name has-photo\" data-label=\"Hr\u00e1\u010d\"><a href=\"https:\/\/soccaczech.cz\/liga\/player\/011021%f0%9f%9f%a0marian-balaz-vd\/\"><span class=\"player-photo\"><img loading=\"lazy\" decoding=\"async\" width=\"245\" height=\"400\" src=\"https:\/\/soccaczech.cz\/liga\/wp-content\/uploads\/2026\/03\/010001\ud83d\udfe2-11-245x400.png\" class=\"attachment-sportspress-fit-icon size-sportspress-fit-icon wp-post-image\" alt=\"\" \/><\/span>011021\ud83d\udfe2Marian Bal\u00e1\u017e (VD)<\/a><\/td><td class=\"data-team\" data-label=\"T\u00fdm\"><a href=\"https:\/\/soccaczech.cz\/liga\/sport-team\/sport-overtime-2\/\">SPORT OVERTIME<\/a><\/td><td class=\"data-yellowcards\" data-label=\"\u017dlut\u00e9 karty\">0<\/td><td class=\"data-redcards\" data-label=\"\u010cerven\u00e9 karty\">0<\/td><\/tr><tr class=\"odd\"><td class=\"data-name has-photo\" data-label=\"Hr\u00e1\u010d\"><a href=\"https:\/\/soccaczech.cz\/liga\/player\/011022%f0%9f%9f%a2stepan-studnicka\/\"><span class=\"player-photo\"><img loading=\"lazy\" decoding=\"async\" width=\"184\" height=\"184\" src=\"https:\/\/soccaczech.cz\/liga\/wp-content\/uploads\/2000\/02\/stepan-studnicka-12.2.2000-.png\" class=\"attachment-sportspress-fit-icon size-sportspress-fit-icon wp-post-image\" alt=\"\" \/><\/span>011022 \ud83d\udfe2 \u0160t\u011bp\u00e1n Studni\u010dka<\/a><\/td><td class=\"data-team\" data-label=\"T\u00fdm\"><a href=\"https:\/\/soccaczech.cz\/liga\/?post_type=page&amp;p=45993\">-<\/a><\/td><td class=\"data-yellowcards\" data-label=\"\u017dlut\u00e9 karty\">0<\/td><td class=\"data-redcards\" data-label=\"\u010cerven\u00e9 karty\">0<\/td><\/tr><tr class=\"even\"><td class=\"data-name has-photo\" data-label=\"Hr\u00e1\u010d\"><a href=\"https:\/\/soccaczech.cz\/liga\/player\/011023%f0%9f%9f%a0dominik-schwan\/\"><span class=\"player-photo\"><img loading=\"lazy\" decoding=\"async\" width=\"304\" height=\"400\" src=\"https:\/\/soccaczech.cz\/liga\/wp-content\/uploads\/2026\/03\/a8468de3-bbdd-43bb-828e-9460fb70a605-304x400.jpeg\" class=\"attachment-sportspress-fit-icon size-sportspress-fit-icon wp-post-image\" alt=\"\" \/><\/span>011023\ud83d\udfe0Dominik Schwan<\/a><\/td><td class=\"data-team\" data-label=\"T\u00fdm\"><a href=\"https:\/\/soccaczech.cz\/liga\/sport-team\/sport-overtime-2\/\">SPORT OVERTIME<\/a><\/td><td class=\"data-yellowcards\" data-label=\"\u017dlut\u00e9 karty\">0<\/td><td class=\"data-redcards\" data-label=\"\u010cerven\u00e9 karty\">0<\/td><\/tr><tr class=\"odd\"><td class=\"data-name has-photo\" data-label=\"Hr\u00e1\u010d\"><a href=\"https:\/\/soccaczech.cz\/liga\/player\/011024%f0%9f%9f%a0leo-buzik\/\"><span class=\"player-photo\"><img loading=\"lazy\" decoding=\"async\" width=\"300\" height=\"400\" src=\"https:\/\/soccaczech.cz\/liga\/wp-content\/uploads\/2026\/03\/IMG_1034-1-300x400.jpeg\" class=\"attachment-sportspress-fit-icon size-sportspress-fit-icon wp-post-image\" alt=\"\" \/><\/span>011024\ud83d\udfe0Leo B\u00fa\u017e\u00edk<\/a><\/td><td class=\"data-team\" data-label=\"T\u00fdm\"><a href=\"https:\/\/soccaczech.cz\/liga\/sport-team\/sport-overtime-2\/\">SPORT OVERTIME<\/a><\/td><td class=\"data-yellowcards\" data-label=\"\u017dlut\u00e9 karty\">0<\/td><td class=\"data-redcards\" data-label=\"\u010cerven\u00e9 karty\">0<\/td><\/tr><tr class=\"even\"><td class=\"data-name has-photo\" data-label=\"Hr\u00e1\u010d\"><a href=\"https:\/\/soccaczech.cz\/liga\/player\/011025%f0%9f%9f%a0adam-bouguetouta\/\"><span class=\"player-photo\"><img loading=\"lazy\" decoding=\"async\" width=\"400\" height=\"400\" src=\"https:\/\/soccaczech.cz\/liga\/wp-content\/uploads\/2026\/03\/IMG_1021-400x400.png\" class=\"attachment-sportspress-fit-icon size-sportspress-fit-icon wp-post-image\" alt=\"\" \/><\/span>011025\ud83d\udfe0Adam Bouguetouta<\/a><\/td><td class=\"data-team\" data-label=\"T\u00fdm\"><a href=\"https:\/\/soccaczech.cz\/liga\/sport-team\/sport-overtime-2\/\">SPORT OVERTIME<\/a><\/td><td class=\"data-yellowcards\" data-label=\"\u017dlut\u00e9 karty\">0<\/td><td class=\"data-redcards\" data-label=\"\u010cerven\u00e9 karty\">0<\/td><\/tr><tr class=\"odd\"><td class=\"data-name has-photo\" data-label=\"Hr\u00e1\u010d\"><a href=\"https:\/\/soccaczech.cz\/liga\/player\/011026%f0%9f%9f%a0tomas-kochman\/\"><span class=\"player-photo\"><img loading=\"lazy\" decoding=\"async\" width=\"267\" height=\"400\" src=\"https:\/\/soccaczech.cz\/liga\/wp-content\/uploads\/2026\/03\/IMG_1024-267x400.jpeg\" class=\"attachment-sportspress-fit-icon size-sportspress-fit-icon wp-post-image\" alt=\"\" \/><\/span>011026\ud83d\udfe0Tom\u00e1\u0161 Kochman<\/a><\/td><td class=\"data-team\" data-label=\"T\u00fdm\"><a href=\"https:\/\/soccaczech.cz\/liga\/sport-team\/sport-overtime-2\/\">SPORT OVERTIME<\/a><\/td><td class=\"data-yellowcards\" data-label=\"\u017dlut\u00e9 karty\">0<\/td><td class=\"data-redcards\" data-label=\"\u010cerven\u00e9 karty\">0<\/td><\/tr><tr class=\"even\"><td class=\"data-name\" data-label=\"Hr\u00e1\u010d\"><a href=\"https:\/\/soccaczech.cz\/liga\/player\/011026%f0%9f%9f%a0-serghei-icaliuc\/\">011026\ud83d\udfe2  Serghei Icaliuc<\/a><\/td><td class=\"data-team\" data-label=\"T\u00fdm\"><a href=\"https:\/\/soccaczech.cz\/liga\/?post_type=page&amp;p=45993\">-<\/a><\/td><td class=\"data-yellowcards\" data-label=\"\u017dlut\u00e9 karty\">0<\/td><td class=\"data-redcards\" data-label=\"\u010cerven\u00e9 karty\">0<\/td><\/tr><tr class=\"odd\"><td class=\"data-name has-photo\" data-label=\"Hr\u00e1\u010d\"><a href=\"https:\/\/soccaczech.cz\/liga\/player\/serhii-andrieiev\/\"><span class=\"player-photo\"><img loading=\"lazy\" decoding=\"async\" width=\"286\" height=\"400\" src=\"https:\/\/soccaczech.cz\/liga\/wp-content\/uploads\/1990\/03\/IMG_1971-286x400.png\" class=\"attachment-sportspress-fit-icon size-sportspress-fit-icon wp-post-image\" alt=\"\" \/><\/span>011027 \ud83d\udfe2  Serhii Andrieiev<\/a><\/td><td class=\"data-team\" data-label=\"T\u00fdm\"><a href=\"https:\/\/soccaczech.cz\/liga\/sport-team\/mc-sarmat\/\">MC SARMAT<\/a><\/td><td class=\"data-yellowcards\" data-label=\"\u017dlut\u00e9 karty\">0<\/td><td class=\"data-redcards\" data-label=\"\u010cerven\u00e9 karty\">0<\/td><\/tr><tr class=\"even\"><td class=\"data-name has-photo\" data-label=\"Hr\u00e1\u010d\"><a href=\"https:\/\/soccaczech.cz\/liga\/player\/011026%f0%9f%9f%a0nathan-sheye-sunday\/\"><span class=\"player-photo\"><img loading=\"lazy\" decoding=\"async\" width=\"245\" height=\"400\" src=\"https:\/\/soccaczech.cz\/liga\/wp-content\/uploads\/2026\/03\/010001\ud83d\udfe2-46-245x400.png\" class=\"attachment-sportspress-fit-icon size-sportspress-fit-icon wp-post-image\" alt=\"\" \/><\/span>011027\ud83d\udfe0Nathan Sheye Sunday<\/a><\/td><td class=\"data-team\" data-label=\"T\u00fdm\"><a href=\"https:\/\/soccaczech.cz\/liga\/sport-team\/sport-overtime-2\/\">SPORT OVERTIME<\/a><\/td><td class=\"data-yellowcards\" data-label=\"\u017dlut\u00e9 karty\">0<\/td><td class=\"data-redcards\" data-label=\"\u010cerven\u00e9 karty\">0<\/td><\/tr><tr class=\"odd\"><td class=\"data-name\" data-label=\"Hr\u00e1\u010d\"><a href=\"https:\/\/soccaczech.cz\/liga\/player\/011028%f0%9f%9f%a0vojtech-janik\/\">011028\ud83d\udfe0Vojt\u011bch Jan\u00edk<\/a><\/td><td class=\"data-team\" data-label=\"T\u00fdm\"><a href=\"https:\/\/soccaczech.cz\/liga\/sport-team\/sport-overtime-2\/\">SPORT OVERTIME<\/a><\/td><td class=\"data-yellowcards\" data-label=\"\u017dlut\u00e9 karty\">0<\/td><td class=\"data-redcards\" data-label=\"\u010cerven\u00e9 karty\">0<\/td><\/tr><tr class=\"even\"><td class=\"data-name\" data-label=\"Hr\u00e1\u010d\"><a href=\"https:\/\/soccaczech.cz\/liga\/player\/011029%f0%9f%9f%a0ondrej-suchan\/\">011029\ud83d\udfe2Ond\u0159ej Suchan<\/a><\/td><td class=\"data-team\" data-label=\"T\u00fdm\"><a href=\"https:\/\/soccaczech.cz\/liga\/?post_type=page&amp;p=45993\">-<\/a><\/td><td class=\"data-yellowcards\" data-label=\"\u017dlut\u00e9 karty\">0<\/td><td class=\"data-redcards\" data-label=\"\u010cerven\u00e9 karty\">0<\/td><\/tr><tr class=\"odd\"><td class=\"data-name\" data-label=\"Hr\u00e1\u010d\"><a href=\"https:\/\/soccaczech.cz\/liga\/player\/011030%f0%9f%9f%a2vasyl-cerepko\/\">011030\ud83d\udfe2Vasyl \u010cerepko<\/a><\/td><td class=\"data-team\" data-label=\"T\u00fdm\"><a href=\"https:\/\/soccaczech.cz\/liga\/sport-team\/sport-overtime-2\/\">SPORT OVERTIME<\/a><\/td><td class=\"data-yellowcards\" data-label=\"\u017dlut\u00e9 karty\">0<\/td><td class=\"data-redcards\" data-label=\"\u010cerven\u00e9 karty\">0<\/td><\/tr><tr class=\"even\"><td class=\"data-name has-photo\" data-label=\"Hr\u00e1\u010d\"><a href=\"https:\/\/soccaczech.cz\/liga\/player\/011030%f0%9f%9f%a2tomas-voboril\/\"><span class=\"player-photo\"><img loading=\"lazy\" decoding=\"async\" width=\"300\" height=\"400\" src=\"https:\/\/soccaczech.cz\/liga\/wp-content\/uploads\/2026\/03\/WhatsApp-Image-2026-03-22-at-14.22.54-300x400.jpeg\" class=\"attachment-sportspress-fit-icon size-sportspress-fit-icon wp-post-image\" alt=\"\" \/><\/span>011031\ud83d\udfe2Tom\u00e1\u0161 Vobo\u0159il<\/a><\/td><td class=\"data-team\" data-label=\"T\u00fdm\"><a href=\"https:\/\/soccaczech.cz\/liga\/sport-team\/sport-overtime-2\/\">SPORT OVERTIME<\/a><\/td><td class=\"data-yellowcards\" data-label=\"\u017dlut\u00e9 karty\">0<\/td><td class=\"data-redcards\" data-label=\"\u010cerven\u00e9 karty\">0<\/td><\/tr><tr class=\"odd\"><td class=\"data-name has-photo\" data-label=\"Hr\u00e1\u010d\"><a href=\"https:\/\/soccaczech.cz\/liga\/player\/011032%f0%9f%9f%a0matej-dvorak\/\"><span class=\"player-photo\"><img loading=\"lazy\" decoding=\"async\" width=\"295\" height=\"400\" src=\"https:\/\/soccaczech.cz\/liga\/wp-content\/uploads\/2026\/03\/WhatsApp-Image-2026-03-28-at-15.57.10-295x400.jpeg\" class=\"attachment-sportspress-fit-icon size-sportspress-fit-icon wp-post-image\" alt=\"\" \/><\/span>011032\ud83d\udfe2Mat\u011bj Dvo\u0159\u00e1k<\/a><\/td><td class=\"data-team\" data-label=\"T\u00fdm\"><a href=\"https:\/\/soccaczech.cz\/liga\/?post_type=page&amp;p=45993\">-<\/a><\/td><td class=\"data-yellowcards\" data-label=\"\u017dlut\u00e9 karty\">0<\/td><td class=\"data-redcards\" data-label=\"\u010cerven\u00e9 karty\">0<\/td><\/tr><tr class=\"even\"><td class=\"data-name has-photo\" data-label=\"Hr\u00e1\u010d\"><a href=\"https:\/\/soccaczech.cz\/liga\/player\/011033%f0%9f%9f%a0filip-vyborny\/\"><span class=\"player-photo\"><img loading=\"lazy\" decoding=\"async\" width=\"300\" height=\"400\" src=\"https:\/\/soccaczech.cz\/liga\/wp-content\/uploads\/2026\/04\/WhatsApp-Image-2026-04-09-at-10.42.35-300x400.jpeg\" class=\"attachment-sportspress-fit-icon size-sportspress-fit-icon wp-post-image\" alt=\"\" \/><\/span>011033\ud83d\udfe2 Filip V\u00fdborn\u00fd<\/a><\/td><td class=\"data-team\" data-label=\"T\u00fdm\"><a href=\"https:\/\/soccaczech.cz\/liga\/?post_type=page&amp;p=45993\">-<\/a><\/td><td class=\"data-yellowcards\" data-label=\"\u017dlut\u00e9 karty\">0<\/td><td class=\"data-redcards\" data-label=\"\u010cerven\u00e9 karty\">0<\/td><\/tr><tr class=\"odd\"><td class=\"data-name has-photo\" data-label=\"Hr\u00e1\u010d\"><a href=\"https:\/\/soccaczech.cz\/liga\/player\/011034%f0%9f%9f%a0jiri-dolezal\/\"><span class=\"player-photo\"><img loading=\"lazy\" decoding=\"async\" width=\"400\" height=\"387\" src=\"https:\/\/soccaczech.cz\/liga\/wp-content\/uploads\/2026\/04\/WhatsApp-Image-2026-04-09-at-12.05.15-400x387.jpeg\" class=\"attachment-sportspress-fit-icon size-sportspress-fit-icon wp-post-image\" alt=\"\" \/><\/span>011034\ud83d\udfe0Ji\u0159\u00ed Dole\u017eal<\/a><\/td><td class=\"data-team\" data-label=\"T\u00fdm\"><a href=\"https:\/\/soccaczech.cz\/liga\/sport-team\/sport-overtime-2\/\">SPORT OVERTIME<\/a><\/td><td class=\"data-yellowcards\" data-label=\"\u017dlut\u00e9 karty\">0<\/td><td class=\"data-redcards\" data-label=\"\u010cerven\u00e9 karty\">0<\/td><\/tr><tr class=\"even\"><td class=\"data-name has-photo\" data-label=\"Hr\u00e1\u010d\"><a href=\"https:\/\/soccaczech.cz\/liga\/player\/011035%f0%9f%9f%a0milan-bialek\/\"><span class=\"player-photo\"><img loading=\"lazy\" decoding=\"async\" width=\"262\" height=\"270\" src=\"https:\/\/soccaczech.cz\/liga\/wp-content\/uploads\/2026\/04\/WhatsApp-Image-2026-04-09-at-15.41.02.jpeg\" class=\"attachment-sportspress-fit-icon size-sportspress-fit-icon wp-post-image\" alt=\"\" \/><\/span>011035\ud83d\udfe0Milan Bialek<\/a><\/td><td class=\"data-team\" data-label=\"T\u00fdm\"><a href=\"https:\/\/soccaczech.cz\/liga\/sport-team\/sport-overtime-2\/\">SPORT OVERTIME<\/a><\/td><td class=\"data-yellowcards\" data-label=\"\u017dlut\u00e9 karty\">0<\/td><td class=\"data-redcards\" data-label=\"\u010cerven\u00e9 karty\">0<\/td><\/tr><tr class=\"odd\"><td class=\"data-name has-photo\" data-label=\"Hr\u00e1\u010d\"><a href=\"https:\/\/soccaczech.cz\/liga\/player\/011036%f0%9f%9f%a0nikita-kireev\/\"><span class=\"player-photo\"><img loading=\"lazy\" decoding=\"async\" width=\"185\" height=\"400\" src=\"https:\/\/soccaczech.cz\/liga\/wp-content\/uploads\/2026\/04\/WhatsApp-Image-2026-04-10-at-08.03.43-185x400.jpeg\" class=\"attachment-sportspress-fit-icon size-sportspress-fit-icon wp-post-image\" alt=\"\" \/><\/span>011036\ud83d\udfe2 Nikita Kireev<\/a><\/td><td class=\"data-team\" data-label=\"T\u00fdm\"><a href=\"https:\/\/soccaczech.cz\/liga\/?post_type=page&amp;p=45993\">-<\/a><\/td><td class=\"data-yellowcards\" data-label=\"\u017dlut\u00e9 karty\">1<\/td><td class=\"data-redcards\" data-label=\"\u010cerven\u00e9 karty\">0<\/td><\/tr><tr class=\"even\"><td class=\"data-name\" data-label=\"Hr\u00e1\u010d\"><a href=\"https:\/\/soccaczech.cz\/liga\/player\/011044-%f0%9f%9f%a0-jan-sumarta\/\">011044 \ud83d\udfe0 Jan Sumarta<\/a><\/td><td class=\"data-team\" data-label=\"T\u00fdm\"><a href=\"https:\/\/soccaczech.cz\/liga\/sport-team\/sport-overtime-2\/\">SPORT OVERTIME<\/a><\/td><td class=\"data-yellowcards\" data-label=\"\u017dlut\u00e9 karty\">0<\/td><td class=\"data-redcards\" data-label=\"\u010cerven\u00e9 karty\">0<\/td><\/tr><tr class=\"odd\"><td class=\"data-name\" data-label=\"Hr\u00e1\u010d\"><a href=\"https:\/\/soccaczech.cz\/liga\/player\/011045-%f0%9f%9f%a0-jakub-halama\/\">011045 \ud83d\udfe0 Jakub Halama<\/a><\/td><td class=\"data-team\" data-label=\"T\u00fdm\"><a href=\"https:\/\/soccaczech.cz\/liga\/sport-team\/sport-overtime-2\/\">SPORT OVERTIME<\/a><\/td><td class=\"data-yellowcards\" data-label=\"\u017dlut\u00e9 karty\">0<\/td><td class=\"data-redcards\" data-label=\"\u010cerven\u00e9 karty\">0<\/td><\/tr><tr class=\"even\"><td class=\"data-name\" data-label=\"Hr\u00e1\u010d\"><a href=\"https:\/\/soccaczech.cz\/liga\/player\/011027-%f0%9f%9f%a0-serhii-kuchuk\/\">011046 \ud83d\udfe0 Serhii Kuchuk<\/a><\/td><td class=\"data-team\" data-label=\"T\u00fdm\"><a href=\"https:\/\/soccaczech.cz\/liga\/?post_type=page&amp;p=45993\">-<\/a><\/td><td class=\"data-yellowcards\" data-label=\"\u017dlut\u00e9 karty\">0<\/td><td class=\"data-redcards\" data-label=\"\u010cerven\u00e9 karty\">0<\/td><\/tr><tr class=\"odd\"><td class=\"data-name\" data-label=\"Hr\u00e1\u010d\"><a href=\"https:\/\/soccaczech.cz\/liga\/player\/011030-%f0%9f%9f%a0-oleksandr-mahda\/\">011047 \ud83d\udfe0 Oleksandr Mahda<\/a><\/td><td class=\"data-team\" data-label=\"T\u00fdm\"><a href=\"https:\/\/soccaczech.cz\/liga\/?post_type=page&amp;p=45993\">-<\/a><\/td><td class=\"data-yellowcards\" data-label=\"\u017dlut\u00e9 karty\">0<\/td><td class=\"data-redcards\" data-label=\"\u010cerven\u00e9 karty\">0<\/td><\/tr><tr class=\"even\"><td class=\"data-name\" data-label=\"Hr\u00e1\u010d\"><a href=\"https:\/\/soccaczech.cz\/liga\/player\/011029-%f0%9f%9f%a0-vitalii-melnyk\/\">011047 \ud83d\udfe0 Vitalii Melnyk<\/a><\/td><td class=\"data-team\" data-label=\"T\u00fdm\"><a href=\"https:\/\/soccaczech.cz\/liga\/?post_type=page&amp;p=45993\">-<\/a><\/td><td class=\"data-yellowcards\" data-label=\"\u017dlut\u00e9 karty\">0<\/td><td class=\"data-redcards\" data-label=\"\u010cerven\u00e9 karty\">0<\/td><\/tr><tr class=\"odd\"><td class=\"data-name has-photo\" data-label=\"Hr\u00e1\u010d\"><a href=\"https:\/\/soccaczech.cz\/liga\/player\/012001%f0%9f%9f%a0fizer-vadim\/\"><span class=\"player-photo\"><img loading=\"lazy\" decoding=\"async\" width=\"245\" height=\"400\" src=\"https:\/\/soccaczech.cz\/liga\/wp-content\/uploads\/2026\/03\/010001\ud83d\udfe2-245x400.png\" class=\"attachment-sportspress-fit-icon size-sportspress-fit-icon wp-post-image\" alt=\"\" \/><\/span>012001\ud83d\udfe2 Vadim Fizer<\/a><\/td><td class=\"data-team\" data-label=\"T\u00fdm\"><a href=\"https:\/\/soccaczech.cz\/liga\/sport-team\/fc-donbass\/\">FC DONBASS<\/a><\/td><td class=\"data-yellowcards\" data-label=\"\u017dlut\u00e9 karty\">0<\/td><td class=\"data-redcards\" data-label=\"\u010cerven\u00e9 karty\">0<\/td><\/tr><tr class=\"even\"><td class=\"data-name has-photo\" data-label=\"Hr\u00e1\u010d\"><a href=\"https:\/\/soccaczech.cz\/liga\/player\/012002%f0%9f%9f%a0koto-mychailo\/\"><span class=\"player-photo\"><img loading=\"lazy\" decoding=\"async\" width=\"245\" height=\"400\" src=\"https:\/\/soccaczech.cz\/liga\/wp-content\/uploads\/2006\/08\/010001\ud83d\udfe2-1-245x400.png\" class=\"attachment-sportspress-fit-icon size-sportspress-fit-icon wp-post-image\" alt=\"\" \/><\/span>012002\ud83d\udfe2Mychailo Koto<\/a><\/td><td class=\"data-team\" data-label=\"T\u00fdm\"><a href=\"https:\/\/soccaczech.cz\/liga\/sport-team\/fc-donbass\/\">FC DONBASS<\/a><\/td><td class=\"data-yellowcards\" data-label=\"\u017dlut\u00e9 karty\">0<\/td><td class=\"data-redcards\" data-label=\"\u010cerven\u00e9 karty\">0<\/td><\/tr><tr class=\"odd\"><td class=\"data-name has-photo\" data-label=\"Hr\u00e1\u010d\"><a href=\"https:\/\/soccaczech.cz\/liga\/player\/012003%f0%9f%9f%a0andriy-tryku\/\"><span class=\"player-photo\"><img loading=\"lazy\" decoding=\"async\" width=\"245\" height=\"400\" src=\"https:\/\/soccaczech.cz\/liga\/wp-content\/uploads\/2026\/03\/010001\ud83d\udfe2-3-245x400.png\" class=\"attachment-sportspress-fit-icon size-sportspress-fit-icon wp-post-image\" alt=\"\" \/><\/span>012003 \ud83d\udfe2 Andriy Trykur<\/a><\/td><td class=\"data-team\" data-label=\"T\u00fdm\"><a href=\"https:\/\/soccaczech.cz\/liga\/sport-team\/fc-donbass\/\">FC DONBASS<\/a><\/td><td class=\"data-yellowcards\" data-label=\"\u017dlut\u00e9 karty\">0<\/td><td class=\"data-redcards\" data-label=\"\u010cerven\u00e9 karty\">0<\/td><\/tr><tr class=\"even\"><td class=\"data-name has-photo\" data-label=\"Hr\u00e1\u010d\"><a href=\"https:\/\/soccaczech.cz\/liga\/player\/012005%f0%9f%9f%a0borka-vasyl\/\"><span class=\"player-photo\"><img loading=\"lazy\" decoding=\"async\" width=\"245\" height=\"400\" src=\"https:\/\/soccaczech.cz\/liga\/wp-content\/uploads\/2026\/03\/010001\ud83d\udfe2-5-245x400.png\" class=\"attachment-sportspress-fit-icon size-sportspress-fit-icon wp-post-image\" alt=\"\" \/><\/span>012005\ud83d\udfe2Vasyl Borka (VD)<\/a><\/td><td class=\"data-team\" data-label=\"T\u00fdm\"><a href=\"https:\/\/soccaczech.cz\/liga\/?post_type=page&amp;p=45993\">-<\/a><\/td><td class=\"data-yellowcards\" data-label=\"\u017dlut\u00e9 karty\">0<\/td><td class=\"data-redcards\" data-label=\"\u010cerven\u00e9 karty\">0<\/td><\/tr><tr class=\"odd\"><td class=\"data-name has-photo\" data-label=\"Hr\u00e1\u010d\"><a href=\"https:\/\/soccaczech.cz\/liga\/player\/012006%f0%9f%9f%a0lebovych-roman\/\"><span class=\"player-photo\"><img loading=\"lazy\" decoding=\"async\" width=\"245\" height=\"400\" src=\"https:\/\/soccaczech.cz\/liga\/wp-content\/uploads\/2026\/03\/010001\ud83d\udfe2-6-245x400.png\" class=\"attachment-sportspress-fit-icon size-sportspress-fit-icon wp-post-image\" alt=\"\" \/><\/span>012006\ud83d\udfe2Roman Lebovych<\/a><\/td><td class=\"data-team\" data-label=\"T\u00fdm\"><a href=\"https:\/\/soccaczech.cz\/liga\/sport-team\/fc-donbass\/\">FC DONBASS<\/a><\/td><td class=\"data-yellowcards\" data-label=\"\u017dlut\u00e9 karty\">0<\/td><td class=\"data-redcards\" data-label=\"\u010cerven\u00e9 karty\">0<\/td><\/tr><tr class=\"even\"><td class=\"data-name has-photo\" data-label=\"Hr\u00e1\u010d\"><a href=\"https:\/\/soccaczech.cz\/liga\/player\/012007%f0%9f%9f%a0yaroslav-babynets\/\"><span class=\"player-photo\"><img loading=\"lazy\" decoding=\"async\" width=\"245\" height=\"400\" src=\"https:\/\/soccaczech.cz\/liga\/wp-content\/uploads\/2026\/03\/010001\ud83d\udfe2-35-245x400.png\" class=\"attachment-sportspress-fit-icon size-sportspress-fit-icon wp-post-image\" alt=\"\" \/><\/span>012007\ud83d\udfe2Yaroslav Babynets<\/a><\/td><td class=\"data-team\" data-label=\"T\u00fdm\"><a href=\"https:\/\/soccaczech.cz\/liga\/sport-team\/fc-donbass\/\">FC DONBASS<\/a><\/td><td class=\"data-yellowcards\" data-label=\"\u017dlut\u00e9 karty\">0<\/td><td class=\"data-redcards\" data-label=\"\u010cerven\u00e9 karty\">0<\/td><\/tr><tr class=\"odd\"><td class=\"data-name has-photo\" data-label=\"Hr\u00e1\u010d\"><a href=\"https:\/\/soccaczech.cz\/liga\/player\/012009%f0%9f%9f%a0romantuhai\/\"><span class=\"player-photo\"><img loading=\"lazy\" decoding=\"async\" width=\"245\" height=\"400\" src=\"https:\/\/soccaczech.cz\/liga\/wp-content\/uploads\/2026\/03\/010001\ud83d\udfe2-38-245x400.png\" class=\"attachment-sportspress-fit-icon size-sportspress-fit-icon wp-post-image\" alt=\"\" \/><\/span>012009\ud83d\udfe2Roman Tuhai<\/a><\/td><td class=\"data-team\" data-label=\"T\u00fdm\"><a href=\"https:\/\/soccaczech.cz\/liga\/sport-team\/fc-donbass\/\">FC DONBASS<\/a><\/td><td class=\"data-yellowcards\" data-label=\"\u017dlut\u00e9 karty\">0<\/td><td class=\"data-redcards\" data-label=\"\u010cerven\u00e9 karty\">0<\/td><\/tr><tr class=\"even\"><td class=\"data-name has-photo\" data-label=\"Hr\u00e1\u010d\"><a href=\"https:\/\/soccaczech.cz\/liga\/player\/012010%f0%9f%9f%a0taras-hleba\/\"><span class=\"player-photo\"><img loading=\"lazy\" decoding=\"async\" width=\"245\" height=\"400\" src=\"https:\/\/soccaczech.cz\/liga\/wp-content\/uploads\/2026\/03\/010001\ud83d\udfe2-42-245x400.png\" class=\"attachment-sportspress-fit-icon size-sportspress-fit-icon wp-post-image\" alt=\"\" \/><\/span>012010\ud83d\udfe2Taras Hleba<\/a><\/td><td class=\"data-team\" data-label=\"T\u00fdm\"><a href=\"https:\/\/soccaczech.cz\/liga\/sport-team\/fc-donbass\/\">FC DONBASS<\/a><\/td><td class=\"data-yellowcards\" data-label=\"\u017dlut\u00e9 karty\">0<\/td><td class=\"data-redcards\" data-label=\"\u010cerven\u00e9 karty\">0<\/td><\/tr><tr class=\"odd\"><td class=\"data-name has-photo\" data-label=\"Hr\u00e1\u010d\"><a href=\"https:\/\/soccaczech.cz\/liga\/player\/012012%f0%9f%9f%a0eduard-melnik\/\"><span class=\"player-photo\"><img loading=\"lazy\" decoding=\"async\" width=\"245\" height=\"400\" src=\"https:\/\/soccaczech.cz\/liga\/wp-content\/uploads\/2026\/03\/010001\ud83d\udfe2-43-245x400.png\" class=\"attachment-sportspress-fit-icon size-sportspress-fit-icon wp-post-image\" alt=\"\" \/><\/span>012012\ud83d\udfe2Eduard M\u011bln\u00edk<\/a><\/td><td class=\"data-team\" data-label=\"T\u00fdm\"><a href=\"https:\/\/soccaczech.cz\/liga\/sport-team\/fc-donbass\/\">FC DONBASS<\/a><\/td><td class=\"data-yellowcards\" data-label=\"\u017dlut\u00e9 karty\">1<\/td><td class=\"data-redcards\" data-label=\"\u010cerven\u00e9 karty\">0<\/td><\/tr><tr class=\"even\"><td class=\"data-name has-photo\" data-label=\"Hr\u00e1\u010d\"><a href=\"https:\/\/soccaczech.cz\/liga\/player\/012013%f0%9f%9f%a0yevhen-hoian\/\"><span class=\"player-photo\"><img loading=\"lazy\" decoding=\"async\" width=\"267\" height=\"400\" src=\"https:\/\/soccaczech.cz\/liga\/wp-content\/uploads\/2026\/03\/yevhen-267x400.png\" class=\"attachment-sportspress-fit-icon size-sportspress-fit-icon wp-post-image\" alt=\"\" \/><\/span>012013\ud83d\udfe0Yevhen Hoian<\/a><\/td><td class=\"data-team\" data-label=\"T\u00fdm\"><a href=\"https:\/\/soccaczech.cz\/liga\/sport-team\/fc-donbass\/\">FC DONBASS<\/a><\/td><td class=\"data-yellowcards\" data-label=\"\u017dlut\u00e9 karty\">0<\/td><td class=\"data-redcards\" data-label=\"\u010cerven\u00e9 karty\">0<\/td><\/tr><tr class=\"odd\"><td class=\"data-name has-photo\" data-label=\"Hr\u00e1\u010d\"><a href=\"https:\/\/soccaczech.cz\/liga\/player\/012014%f0%9f%9f%a0nazar-kost\/\"><span class=\"player-photo\"><img loading=\"lazy\" decoding=\"async\" width=\"245\" height=\"400\" src=\"https:\/\/soccaczech.cz\/liga\/wp-content\/uploads\/2026\/03\/010001\ud83d\udfe2-45-245x400.png\" class=\"attachment-sportspress-fit-icon size-sportspress-fit-icon wp-post-image\" alt=\"\" \/><\/span>012014\ud83d\udfe2 Nazar Kost<\/a><\/td><td class=\"data-team\" data-label=\"T\u00fdm\"><a href=\"https:\/\/soccaczech.cz\/liga\/sport-team\/fc-donbass\/\">FC DONBASS<\/a><\/td><td class=\"data-yellowcards\" data-label=\"\u017dlut\u00e9 karty\">0<\/td><td class=\"data-redcards\" data-label=\"\u010cerven\u00e9 karty\">0<\/td><\/tr><tr class=\"even\"><td class=\"data-name has-photo\" data-label=\"Hr\u00e1\u010d\"><a href=\"https:\/\/soccaczech.cz\/liga\/player\/010017%f0%9f%9f%a0toyin-mustapha\/\"><span class=\"player-photo\"><img loading=\"lazy\" decoding=\"async\" width=\"184\" height=\"184\" src=\"https:\/\/soccaczech.cz\/liga\/wp-content\/uploads\/2026\/03\/Navrh-bez-nazvu-9.png\" class=\"attachment-sportspress-fit-icon size-sportspress-fit-icon wp-post-image\" alt=\"\" \/><\/span>012015\ud83d\udfe2TOYIN MUSTAPHA<\/a><\/td><td class=\"data-team\" data-label=\"T\u00fdm\"><a href=\"https:\/\/soccaczech.cz\/liga\/?post_type=page&amp;p=45993\">-<\/a><\/td><td class=\"data-yellowcards\" data-label=\"\u017dlut\u00e9 karty\">0<\/td><td class=\"data-redcards\" data-label=\"\u010cerven\u00e9 karty\">0<\/td><\/tr><tr class=\"odd\"><td class=\"data-name has-photo\" data-label=\"Hr\u00e1\u010d\"><a href=\"https:\/\/soccaczech.cz\/liga\/player\/010018%f0%9f%9f%a0marco-skop\/\"><span class=\"player-photo\"><img loading=\"lazy\" decoding=\"async\" width=\"184\" height=\"184\" src=\"https:\/\/soccaczech.cz\/liga\/wp-content\/uploads\/2026\/03\/Navrh-bez-nazvu-10.png\" class=\"attachment-sportspress-fit-icon size-sportspress-fit-icon wp-post-image\" alt=\"\" \/><\/span>012016\ud83d\udfe2MARCO \u0160KOP<\/a><\/td><td class=\"data-team\" data-label=\"T\u00fdm\"><a href=\"https:\/\/soccaczech.cz\/liga\/?post_type=page&amp;p=45993\">-<\/a><\/td><td class=\"data-yellowcards\" data-label=\"\u017dlut\u00e9 karty\">0<\/td><td class=\"data-redcards\" data-label=\"\u010cerven\u00e9 karty\">0<\/td><\/tr><tr class=\"even\"><td class=\"data-name\" data-label=\"Hr\u00e1\u010d\"><a href=\"https:\/\/soccaczech.cz\/liga\/player\/012017-%f0%9f%9f%a2-jean-foungala\/\">012017 \ud83d\udfe2 Jean Foungala<\/a><\/td><td class=\"data-team\" data-label=\"T\u00fdm\"><a href=\"https:\/\/soccaczech.cz\/liga\/sport-team\/fc-donbass\/\">FC DONBASS<\/a><\/td><td class=\"data-yellowcards\" data-label=\"\u017dlut\u00e9 karty\">0<\/td><td class=\"data-redcards\" data-label=\"\u010cerven\u00e9 karty\">0<\/td><\/tr><tr class=\"odd\"><td class=\"data-name has-photo\" data-label=\"Hr\u00e1\u010d\"><a href=\"https:\/\/soccaczech.cz\/liga\/player\/012018-%f0%9f%9f%a2-krystof-pancev\/\"><span class=\"player-photo\"><img loading=\"lazy\" decoding=\"async\" width=\"320\" height=\"400\" src=\"https:\/\/soccaczech.cz\/liga\/wp-content\/uploads\/2026\/04\/WhatsApp-Image-2026-04-22-at-10.24.49-320x400.jpeg\" class=\"attachment-sportspress-fit-icon size-sportspress-fit-icon wp-post-image\" alt=\"\" \/><\/span>012018 \ud83d\udfe2 Kry\u0161tof Pan\u010dev<\/a><\/td><td class=\"data-team\" data-label=\"T\u00fdm\"><a href=\"https:\/\/soccaczech.cz\/liga\/sport-team\/fc-donbass\/\">FC DONBASS<\/a><\/td><td class=\"data-yellowcards\" data-label=\"\u017dlut\u00e9 karty\">0<\/td><td class=\"data-redcards\" data-label=\"\u010cerven\u00e9 karty\">0<\/td><\/tr><tr class=\"even\"><td class=\"data-name has-photo\" data-label=\"Hr\u00e1\u010d\"><a href=\"https:\/\/soccaczech.cz\/liga\/player\/013001%f0%9f%9f%a0dmitrij-vasylcuk\/\"><span class=\"player-photo\"><img loading=\"lazy\" decoding=\"async\" width=\"245\" height=\"400\" src=\"https:\/\/soccaczech.cz\/liga\/wp-content\/uploads\/2026\/03\/010001\ud83d\udfe2-13-245x400.png\" class=\"attachment-sportspress-fit-icon size-sportspress-fit-icon wp-post-image\" alt=\"\" \/><\/span>013001\ud83d\udfe2DMITRIJ VASYL\u010cUK<\/a><\/td><td class=\"data-team\" data-label=\"T\u00fdm\"><a href=\"https:\/\/soccaczech.cz\/liga\/?post_type=page&amp;p=45993\">-<\/a><\/td><td class=\"data-yellowcards\" data-label=\"\u017dlut\u00e9 karty\">0<\/td><td class=\"data-redcards\" data-label=\"\u010cerven\u00e9 karty\">0<\/td><\/tr><tr class=\"odd\"><td class=\"data-name has-photo\" data-label=\"Hr\u00e1\u010d\"><a href=\"https:\/\/soccaczech.cz\/liga\/player\/013002-%f0%9f%9f%a0oleh-varyk\/\"><span class=\"player-photo\"><img loading=\"lazy\" decoding=\"async\" width=\"245\" height=\"400\" src=\"https:\/\/soccaczech.cz\/liga\/wp-content\/uploads\/2026\/03\/010001\ud83d\udfe2-14-245x400.png\" class=\"attachment-sportspress-fit-icon size-sportspress-fit-icon wp-post-image\" alt=\"\" \/><\/span>013002 \ud83d\udfe2OLEH VARYK<\/a><\/td><td class=\"data-team\" data-label=\"T\u00fdm\"><a href=\"https:\/\/soccaczech.cz\/liga\/?post_type=page&amp;p=45993\">-<\/a><\/td><td class=\"data-yellowcards\" data-label=\"\u017dlut\u00e9 karty\">1<\/td><td class=\"data-redcards\" data-label=\"\u010cerven\u00e9 karty\">0<\/td><\/tr><tr class=\"even\"><td class=\"data-name has-photo\" data-label=\"Hr\u00e1\u010d\"><a href=\"https:\/\/soccaczech.cz\/liga\/player\/013003%f0%9f%9f%a0rostyslav-romanyshynvd\/\"><span class=\"player-photo\"><img loading=\"lazy\" decoding=\"async\" width=\"245\" height=\"400\" src=\"https:\/\/soccaczech.cz\/liga\/wp-content\/uploads\/1999\/10\/010001\ud83d\udfe2-17-245x400.png\" class=\"attachment-sportspress-fit-icon size-sportspress-fit-icon wp-post-image\" alt=\"\" \/><\/span>013003\ud83d\udfe2ROSTYSLAV ROMANYSHYN(VD)<\/a><\/td><td class=\"data-team\" data-label=\"T\u00fdm\"><a href=\"https:\/\/soccaczech.cz\/liga\/?post_type=page&amp;p=45993\">-<\/a><\/td><td class=\"data-yellowcards\" data-label=\"\u017dlut\u00e9 karty\">0<\/td><td class=\"data-redcards\" data-label=\"\u010cerven\u00e9 karty\">0<\/td><\/tr><tr class=\"odd\"><td class=\"data-name has-photo\" data-label=\"Hr\u00e1\u010d\"><a href=\"https:\/\/soccaczech.cz\/liga\/player\/013004%f0%9f%9f%a0dmytro-starkiv\/\"><span class=\"player-photo\"><img loading=\"lazy\" decoding=\"async\" width=\"245\" height=\"400\" src=\"https:\/\/soccaczech.cz\/liga\/wp-content\/uploads\/2026\/03\/010001\ud83d\udfe2-15-245x400.png\" class=\"attachment-sportspress-fit-icon size-sportspress-fit-icon wp-post-image\" alt=\"\" \/><\/span>013004\ud83d\udfe2DMYTRO STARKIV<\/a><\/td><td class=\"data-team\" data-label=\"T\u00fdm\"><a href=\"https:\/\/soccaczech.cz\/liga\/?post_type=page&amp;p=45993\">-<\/a><\/td><td class=\"data-yellowcards\" data-label=\"\u017dlut\u00e9 karty\">0<\/td><td class=\"data-redcards\" data-label=\"\u010cerven\u00e9 karty\">0<\/td><\/tr><tr class=\"even\"><td class=\"data-name has-photo\" data-label=\"Hr\u00e1\u010d\"><a href=\"https:\/\/soccaczech.cz\/liga\/player\/013005%f0%9f%9f%a0roman-nykoliak\/\"><span class=\"player-photo\"><img loading=\"lazy\" decoding=\"async\" width=\"245\" height=\"400\" src=\"https:\/\/soccaczech.cz\/liga\/wp-content\/uploads\/2026\/03\/010001\ud83d\udfe2-19-245x400.png\" class=\"attachment-sportspress-fit-icon size-sportspress-fit-icon wp-post-image\" alt=\"\" \/><\/span>013005\ud83d\udfe2ROMAN NYKOLIAK<\/a><\/td><td class=\"data-team\" data-label=\"T\u00fdm\"><a href=\"https:\/\/soccaczech.cz\/liga\/?post_type=page&amp;p=45993\">-<\/a><\/td><td class=\"data-yellowcards\" data-label=\"\u017dlut\u00e9 karty\">0<\/td><td class=\"data-redcards\" data-label=\"\u010cerven\u00e9 karty\">0<\/td><\/tr><tr class=\"odd\"><td class=\"data-name has-photo\" data-label=\"Hr\u00e1\u010d\"><a href=\"https:\/\/soccaczech.cz\/liga\/player\/013006%f0%9f%9f%a0marian-fedyshyn\/\"><span class=\"player-photo\"><img loading=\"lazy\" decoding=\"async\" width=\"245\" height=\"400\" src=\"https:\/\/soccaczech.cz\/liga\/wp-content\/uploads\/2026\/03\/010001\ud83d\udfe2-20-245x400.png\" class=\"attachment-sportspress-fit-icon size-sportspress-fit-icon wp-post-image\" alt=\"\" \/><\/span>013006\ud83d\udfe0MARIAN FEDYSHYN<\/a><\/td><td class=\"data-team\" data-label=\"T\u00fdm\"><a href=\"https:\/\/soccaczech.cz\/liga\/sport-team\/fk-ovb-my-plans\/\">FK OVB MY PLANS<\/a><\/td><td class=\"data-yellowcards\" data-label=\"\u017dlut\u00e9 karty\">0<\/td><td class=\"data-redcards\" data-label=\"\u010cerven\u00e9 karty\">0<\/td><\/tr><tr class=\"even\"><td class=\"data-name has-photo\" data-label=\"Hr\u00e1\u010d\"><a href=\"https:\/\/soccaczech.cz\/liga\/player\/013007%f0%9f%9f%a0ivan-zhabokrytskyi\/\"><span class=\"player-photo\"><img loading=\"lazy\" decoding=\"async\" width=\"245\" height=\"400\" src=\"https:\/\/soccaczech.cz\/liga\/wp-content\/uploads\/2026\/03\/010001\ud83d\udfe2-21-245x400.png\" class=\"attachment-sportspress-fit-icon size-sportspress-fit-icon wp-post-image\" alt=\"\" \/><\/span>013007\ud83d\udfe2IVAN ZHABOKRYTSKYI<\/a><\/td><td class=\"data-team\" data-label=\"T\u00fdm\"><a href=\"https:\/\/soccaczech.cz\/liga\/?post_type=page&amp;p=45993\">-<\/a><\/td><td class=\"data-yellowcards\" data-label=\"\u017dlut\u00e9 karty\">0<\/td><td class=\"data-redcards\" data-label=\"\u010cerven\u00e9 karty\">0<\/td><\/tr><tr class=\"odd\"><td class=\"data-name has-photo\" data-label=\"Hr\u00e1\u010d\"><a href=\"https:\/\/soccaczech.cz\/liga\/player\/013008%f0%9f%9f%a0mykola-pryshliuk\/\"><span class=\"player-photo\"><img loading=\"lazy\" decoding=\"async\" width=\"245\" height=\"400\" src=\"https:\/\/soccaczech.cz\/liga\/wp-content\/uploads\/2026\/03\/010001\ud83d\udfe2-22-245x400.png\" class=\"attachment-sportspress-fit-icon size-sportspress-fit-icon wp-post-image\" alt=\"\" \/><\/span>013008\ud83d\udfe2MYKOLA PRYSHLIUK<\/a><\/td><td class=\"data-team\" data-label=\"T\u00fdm\"><a href=\"https:\/\/soccaczech.cz\/liga\/?post_type=page&amp;p=45993\">-<\/a><\/td><td class=\"data-yellowcards\" data-label=\"\u017dlut\u00e9 karty\">1<\/td><td class=\"data-redcards\" data-label=\"\u010cerven\u00e9 karty\">0<\/td><\/tr><tr class=\"even\"><td class=\"data-name has-photo\" data-label=\"Hr\u00e1\u010d\"><a href=\"https:\/\/soccaczech.cz\/liga\/player\/013009%f0%9f%9f%a0dmytro-andreik%d0%be\/\"><span class=\"player-photo\"><img loading=\"lazy\" decoding=\"async\" width=\"245\" height=\"400\" src=\"https:\/\/soccaczech.cz\/liga\/wp-content\/uploads\/2026\/03\/010001\ud83d\udfe2-23-245x400.png\" class=\"attachment-sportspress-fit-icon size-sportspress-fit-icon wp-post-image\" alt=\"\" \/><\/span>013009\ud83d\udfe2DMYTRO ANDREIK\u041e<\/a><\/td><td class=\"data-team\" data-label=\"T\u00fdm\"><a href=\"https:\/\/soccaczech.cz\/liga\/?post_type=page&amp;p=45993\">-<\/a><\/td><td class=\"data-yellowcards\" data-label=\"\u017dlut\u00e9 karty\">0<\/td><td class=\"data-redcards\" data-label=\"\u010cerven\u00e9 karty\">0<\/td><\/tr><tr class=\"odd\"><td class=\"data-name has-photo\" data-label=\"Hr\u00e1\u010d\"><a href=\"https:\/\/soccaczech.cz\/liga\/player\/013010%f0%9f%9f%a0mykhailo-ustinov\/\"><span class=\"player-photo\"><img loading=\"lazy\" decoding=\"async\" width=\"245\" height=\"400\" src=\"https:\/\/soccaczech.cz\/liga\/wp-content\/uploads\/2026\/03\/010001\ud83d\udfe2-24-245x400.png\" class=\"attachment-sportspress-fit-icon size-sportspress-fit-icon wp-post-image\" alt=\"\" \/><\/span>013010\ud83d\udfe2MYKHAILO USTINOV<\/a><\/td><td class=\"data-team\" data-label=\"T\u00fdm\"><a href=\"https:\/\/soccaczech.cz\/liga\/?post_type=page&amp;p=45993\">-<\/a><\/td><td class=\"data-yellowcards\" data-label=\"\u017dlut\u00e9 karty\">0<\/td><td class=\"data-redcards\" data-label=\"\u010cerven\u00e9 karty\">0<\/td><\/tr><tr class=\"even\"><td class=\"data-name has-photo\" data-label=\"Hr\u00e1\u010d\"><a href=\"https:\/\/soccaczech.cz\/liga\/player\/013011%f0%9f%9f%a0petro-tryhuk\/\"><span class=\"player-photo\"><img loading=\"lazy\" decoding=\"async\" width=\"245\" height=\"400\" src=\"https:\/\/soccaczech.cz\/liga\/wp-content\/uploads\/2026\/03\/010001\ud83d\udfe2-25-245x400.png\" class=\"attachment-sportspress-fit-icon size-sportspress-fit-icon wp-post-image\" alt=\"\" \/><\/span>013011\ud83d\udfe2PETRO TRYHUK<\/a><\/td><td class=\"data-team\" data-label=\"T\u00fdm\"><a href=\"https:\/\/soccaczech.cz\/liga\/?post_type=page&amp;p=45993\">-<\/a><\/td><td class=\"data-yellowcards\" data-label=\"\u017dlut\u00e9 karty\">0<\/td><td class=\"data-redcards\" data-label=\"\u010cerven\u00e9 karty\">0<\/td><\/tr><tr class=\"odd\"><td class=\"data-name has-photo\" data-label=\"Hr\u00e1\u010d\"><a href=\"https:\/\/soccaczech.cz\/liga\/player\/013012%f0%9f%9f%a0vladyslav-pankevych\/\"><span class=\"player-photo\"><img loading=\"lazy\" decoding=\"async\" width=\"245\" height=\"400\" src=\"https:\/\/soccaczech.cz\/liga\/wp-content\/uploads\/2026\/03\/010001\ud83d\udfe2-26-245x400.png\" class=\"attachment-sportspress-fit-icon size-sportspress-fit-icon wp-post-image\" alt=\"\" \/><\/span>013012\ud83d\udfe2VLADYSLAV PANKEVYCH<\/a><\/td><td class=\"data-team\" data-label=\"T\u00fdm\"><a href=\"https:\/\/soccaczech.cz\/liga\/?post_type=page&amp;p=45993\">-<\/a><\/td><td class=\"data-yellowcards\" data-label=\"\u017dlut\u00e9 karty\">0<\/td><td class=\"data-redcards\" data-label=\"\u010cerven\u00e9 karty\">0<\/td><\/tr><tr class=\"even\"><td class=\"data-name has-photo\" data-label=\"Hr\u00e1\u010d\"><a href=\"https:\/\/soccaczech.cz\/liga\/player\/013013%f0%9f%9f%a0vasyl-shka%d0%bc%d0%b0%d1%82\/\"><span class=\"player-photo\"><img loading=\"lazy\" decoding=\"async\" width=\"245\" height=\"400\" src=\"https:\/\/soccaczech.cz\/liga\/wp-content\/uploads\/2026\/03\/010001\ud83d\udfe2-28-245x400.png\" class=\"attachment-sportspress-fit-icon size-sportspress-fit-icon wp-post-image\" alt=\"\" \/><\/span>013013\ud83d\udfe2VASYL SHKA\u041c\u0410\u0422<\/a><\/td><td class=\"data-team\" data-label=\"T\u00fdm\"><a href=\"https:\/\/soccaczech.cz\/liga\/?post_type=page&amp;p=45993\">-<\/a><\/td><td class=\"data-yellowcards\" data-label=\"\u017dlut\u00e9 karty\">0<\/td><td class=\"data-redcards\" data-label=\"\u010cerven\u00e9 karty\">0<\/td><\/tr><tr class=\"odd\"><td class=\"data-name has-photo\" data-label=\"Hr\u00e1\u010d\"><a href=\"https:\/\/soccaczech.cz\/liga\/player\/013014%f0%9f%9f%a0ivan-kostiuk\/\"><span class=\"player-photo\"><img loading=\"lazy\" decoding=\"async\" width=\"245\" height=\"400\" src=\"https:\/\/soccaczech.cz\/liga\/wp-content\/uploads\/2007\/06\/010001\ud83d\udfe2-29-245x400.png\" class=\"attachment-sportspress-fit-icon size-sportspress-fit-icon wp-post-image\" alt=\"\" \/><\/span>013014\ud83d\udfe2IVAN KOSTIUK<\/a><\/td><td class=\"data-team\" data-label=\"T\u00fdm\"><a href=\"https:\/\/soccaczech.cz\/liga\/?post_type=page&amp;p=45993\">-<\/a><\/td><td class=\"data-yellowcards\" data-label=\"\u017dlut\u00e9 karty\">0<\/td><td class=\"data-redcards\" data-label=\"\u010cerven\u00e9 karty\">0<\/td><\/tr><tr class=\"even\"><td class=\"data-name has-photo\" data-label=\"Hr\u00e1\u010d\"><a href=\"https:\/\/soccaczech.cz\/liga\/player\/013015%f0%9f%9f%a0oleg-babuka\/\"><span class=\"player-photo\"><img loading=\"lazy\" decoding=\"async\" width=\"245\" height=\"400\" src=\"https:\/\/soccaczech.cz\/liga\/wp-content\/uploads\/1994\/02\/010001\ud83d\udfe2-30-245x400.png\" class=\"attachment-sportspress-fit-icon size-sportspress-fit-icon wp-post-image\" alt=\"\" \/><\/span>013015\ud83d\udfe2OLEG BABUKA<\/a><\/td><td class=\"data-team\" data-label=\"T\u00fdm\"><a href=\"https:\/\/soccaczech.cz\/liga\/?post_type=page&amp;p=45993\">-<\/a><\/td><td class=\"data-yellowcards\" data-label=\"\u017dlut\u00e9 karty\">0<\/td><td class=\"data-redcards\" data-label=\"\u010cerven\u00e9 karty\">0<\/td><\/tr><tr class=\"odd\"><td class=\"data-name has-photo\" data-label=\"Hr\u00e1\u010d\"><a href=\"https:\/\/soccaczech.cz\/liga\/player\/013016%f0%9f%9f%a0andriy-bazyuk\/\"><span class=\"player-photo\"><img loading=\"lazy\" decoding=\"async\" width=\"245\" height=\"400\" src=\"https:\/\/soccaczech.cz\/liga\/wp-content\/uploads\/1993\/02\/010001\ud83d\udfe2-31-245x400.png\" class=\"attachment-sportspress-fit-icon size-sportspress-fit-icon wp-post-image\" alt=\"\" \/><\/span>013016\ud83d\udfe2ANDRIY BAZYUK<\/a><\/td><td class=\"data-team\" data-label=\"T\u00fdm\"><a href=\"https:\/\/soccaczech.cz\/liga\/?post_type=page&amp;p=45993\">-<\/a><\/td><td class=\"data-yellowcards\" data-label=\"\u017dlut\u00e9 karty\">0<\/td><td class=\"data-redcards\" data-label=\"\u010cerven\u00e9 karty\">0<\/td><\/tr><tr class=\"even\"><td class=\"data-name has-photo\" data-label=\"Hr\u00e1\u010d\"><a href=\"https:\/\/soccaczech.cz\/liga\/player\/013017%f0%9f%9f%a0andrii-novoshytskyi\/\"><span class=\"player-photo\"><img loading=\"lazy\" decoding=\"async\" width=\"245\" height=\"400\" src=\"https:\/\/soccaczech.cz\/liga\/wp-content\/uploads\/2026\/03\/010001\ud83d\udfe2-32-245x400.png\" class=\"attachment-sportspress-fit-icon size-sportspress-fit-icon wp-post-image\" alt=\"\" \/><\/span>013017\ud83d\udfe2ANDRII NOVOSHYTSKYI<\/a><\/td><td class=\"data-team\" data-label=\"T\u00fdm\"><a href=\"https:\/\/soccaczech.cz\/liga\/?post_type=page&amp;p=45993\">-<\/a><\/td><td class=\"data-yellowcards\" data-label=\"\u017dlut\u00e9 karty\">1<\/td><td class=\"data-redcards\" data-label=\"\u010cerven\u00e9 karty\">0<\/td><\/tr><tr class=\"odd\"><td class=\"data-name has-photo\" data-label=\"Hr\u00e1\u010d\"><a href=\"https:\/\/soccaczech.cz\/liga\/player\/013018%f0%9f%9f%a0vladyslav-pastushenko\/\"><span class=\"player-photo\"><img loading=\"lazy\" decoding=\"async\" width=\"245\" height=\"400\" src=\"https:\/\/soccaczech.cz\/liga\/wp-content\/uploads\/2026\/03\/010001\ud83d\udfe2-34-245x400.png\" class=\"attachment-sportspress-fit-icon size-sportspress-fit-icon wp-post-image\" alt=\"\" \/><\/span>013018\ud83d\udfe2VLADYSLAV PASTUSHENKO<\/a><\/td><td class=\"data-team\" data-label=\"T\u00fdm\"><a href=\"https:\/\/soccaczech.cz\/liga\/?post_type=page&amp;p=45993\">-<\/a><\/td><td class=\"data-yellowcards\" data-label=\"\u017dlut\u00e9 karty\">0<\/td><td class=\"data-redcards\" data-label=\"\u010cerven\u00e9 karty\">0<\/td><\/tr><tr class=\"even\"><td class=\"data-name has-photo\" data-label=\"Hr\u00e1\u010d\"><a href=\"https:\/\/soccaczech.cz\/liga\/player\/014002%f0%9f%9f%a0denys-danylych\/\"><span class=\"player-photo\"><img loading=\"lazy\" decoding=\"async\" width=\"300\" height=\"400\" src=\"https:\/\/soccaczech.cz\/liga\/wp-content\/uploads\/1997\/03\/Denys-Danylych--300x400.jpg\" class=\"attachment-sportspress-fit-icon size-sportspress-fit-icon wp-post-image\" alt=\"\" \/><\/span>014002\ud83d\udfe2Denys Danylych<\/a><\/td><td class=\"data-team\" data-label=\"T\u00fdm\"><a href=\"https:\/\/soccaczech.cz\/liga\/sport-team\/fc-golden-gate\/\">FC GOLDEN GATE<\/a><\/td><td class=\"data-yellowcards\" data-label=\"\u017dlut\u00e9 karty\">0<\/td><td class=\"data-redcards\" data-label=\"\u010cerven\u00e9 karty\">0<\/td><\/tr><tr class=\"odd\"><td class=\"data-name has-photo\" data-label=\"Hr\u00e1\u010d\"><a href=\"https:\/\/soccaczech.cz\/liga\/player\/014003%f0%9f%9f%a0denys-zhul\/\"><span class=\"player-photo\"><img loading=\"lazy\" decoding=\"async\" width=\"300\" height=\"400\" src=\"https:\/\/soccaczech.cz\/liga\/wp-content\/uploads\/1999\/05\/Denys-Zhul--300x400.jpg\" class=\"attachment-sportspress-fit-icon size-sportspress-fit-icon wp-post-image\" alt=\"\" \/><\/span>014003\ud83d\udfe2Denys Zhul<\/a><\/td><td class=\"data-team\" data-label=\"T\u00fdm\"><a href=\"https:\/\/soccaczech.cz\/liga\/sport-team\/fc-golden-gate\/\">FC GOLDEN GATE<\/a><\/td><td class=\"data-yellowcards\" data-label=\"\u017dlut\u00e9 karty\">0<\/td><td class=\"data-redcards\" data-label=\"\u010cerven\u00e9 karty\">0<\/td><\/tr><tr class=\"even\"><td class=\"data-name has-photo\" data-label=\"Hr\u00e1\u010d\"><a href=\"https:\/\/soccaczech.cz\/liga\/player\/014004%f0%9f%9f%a0ivan-popovych\/\"><span class=\"player-photo\"><img loading=\"lazy\" decoding=\"async\" width=\"227\" height=\"400\" src=\"https:\/\/soccaczech.cz\/liga\/wp-content\/uploads\/2026\/03\/Ivan-Popovych--227x400.jpg\" class=\"attachment-sportspress-fit-icon size-sportspress-fit-icon wp-post-image\" alt=\"\" \/><\/span>014004\ud83d\udfe2Ivan Popovych<\/a><\/td><td class=\"data-team\" data-label=\"T\u00fdm\"><a href=\"https:\/\/soccaczech.cz\/liga\/sport-team\/fc-golden-gate\/\">FC GOLDEN GATE<\/a><\/td><td class=\"data-yellowcards\" data-label=\"\u017dlut\u00e9 karty\">0<\/td><td class=\"data-redcards\" data-label=\"\u010cerven\u00e9 karty\">0<\/td><\/tr><tr class=\"odd\"><td class=\"data-name has-photo\" data-label=\"Hr\u00e1\u010d\"><a href=\"https:\/\/soccaczech.cz\/liga\/player\/014005%f0%9f%9f%a0ivan-shpilka\/\"><span class=\"player-photo\"><img loading=\"lazy\" decoding=\"async\" width=\"240\" height=\"400\" src=\"https:\/\/soccaczech.cz\/liga\/wp-content\/uploads\/2026\/03\/Ivan-Shpilka--240x400.jpg\" class=\"attachment-sportspress-fit-icon size-sportspress-fit-icon wp-post-image\" alt=\"\" \/><\/span>014005\ud83d\udfe2Ivan Shpilka<\/a><\/td><td class=\"data-team\" data-label=\"T\u00fdm\"><a href=\"https:\/\/soccaczech.cz\/liga\/?post_type=page&amp;p=45993\">-<\/a><\/td><td class=\"data-yellowcards\" data-label=\"\u017dlut\u00e9 karty\">0<\/td><td class=\"data-redcards\" data-label=\"\u010cerven\u00e9 karty\">0<\/td><\/tr><tr class=\"even\"><td class=\"data-name has-photo\" data-label=\"Hr\u00e1\u010d\"><a href=\"https:\/\/soccaczech.cz\/liga\/player\/014006-%f0%9f%9f%a0maksym-kodria\/\"><span class=\"player-photo\"><img loading=\"lazy\" decoding=\"async\" width=\"228\" height=\"400\" src=\"https:\/\/soccaczech.cz\/liga\/wp-content\/uploads\/2026\/03\/Maksym-Kodria--228x400.jpg\" class=\"attachment-sportspress-fit-icon size-sportspress-fit-icon wp-post-image\" alt=\"\" \/><\/span>014006 \ud83d\udfe2Maksym Kodria<\/a><\/td><td class=\"data-team\" data-label=\"T\u00fdm\"><a href=\"https:\/\/soccaczech.cz\/liga\/sport-team\/fc-golden-gate\/\">FC GOLDEN GATE<\/a><\/td><td class=\"data-yellowcards\" data-label=\"\u017dlut\u00e9 karty\">0<\/td><td class=\"data-redcards\" data-label=\"\u010cerven\u00e9 karty\">0<\/td><\/tr><tr class=\"odd\"><td class=\"data-name has-photo\" data-label=\"Hr\u00e1\u010d\"><a href=\"https:\/\/soccaczech.cz\/liga\/player\/014007-%f0%9f%9f%a0maksym-zarovnii\/\"><span class=\"player-photo\"><img loading=\"lazy\" decoding=\"async\" width=\"245\" height=\"400\" src=\"https:\/\/soccaczech.cz\/liga\/wp-content\/uploads\/2004\/12\/010001\ud83d\udfe2-33-245x400.png\" class=\"attachment-sportspress-fit-icon size-sportspress-fit-icon wp-post-image\" alt=\"\" \/><\/span>014007 \ud83d\udfe2Maksym Zarovnii<\/a><\/td><td class=\"data-team\" data-label=\"T\u00fdm\"><a href=\"https:\/\/soccaczech.cz\/liga\/sport-team\/fc-golden-gate\/\">FC GOLDEN GATE<\/a><\/td><td class=\"data-yellowcards\" data-label=\"\u017dlut\u00e9 karty\">0<\/td><td class=\"data-redcards\" data-label=\"\u010cerven\u00e9 karty\">0<\/td><\/tr><tr class=\"even\"><td class=\"data-name has-photo\" data-label=\"Hr\u00e1\u010d\"><a href=\"https:\/\/soccaczech.cz\/liga\/player\/014008-%f0%9f%9f%a0mykhaylo-annyshynets\/\"><span class=\"player-photo\"><img loading=\"lazy\" decoding=\"async\" width=\"300\" height=\"400\" src=\"https:\/\/soccaczech.cz\/liga\/wp-content\/uploads\/2026\/03\/Mykhaylo-Annyshynets-1-300x400.jpg\" class=\"attachment-sportspress-fit-icon size-sportspress-fit-icon wp-post-image\" alt=\"\" \/><\/span>014008 \ud83d\udfe2Mykhaylo Annyshynets<\/a><\/td><td class=\"data-team\" data-label=\"T\u00fdm\"><a href=\"https:\/\/soccaczech.cz\/liga\/sport-team\/fc-golden-gate\/\">FC GOLDEN GATE<\/a><\/td><td class=\"data-yellowcards\" data-label=\"\u017dlut\u00e9 karty\">1<\/td><td class=\"data-redcards\" data-label=\"\u010cerven\u00e9 karty\">0<\/td><\/tr><tr class=\"odd\"><td class=\"data-name has-photo\" data-label=\"Hr\u00e1\u010d\"><a href=\"https:\/\/soccaczech.cz\/liga\/player\/014009-%f0%9f%9f%a0negrescu-alexandru\/\"><span class=\"player-photo\"><img loading=\"lazy\" decoding=\"async\" width=\"293\" height=\"400\" src=\"https:\/\/soccaczech.cz\/liga\/wp-content\/uploads\/2026\/03\/Negrescu-Alexandru--293x400.jpg\" class=\"attachment-sportspress-fit-icon size-sportspress-fit-icon wp-post-image\" alt=\"\" \/><\/span>014009 \ud83d\udfe2 Alexandru Negrescu<\/a><\/td><td class=\"data-team\" data-label=\"T\u00fdm\"><a href=\"https:\/\/soccaczech.cz\/liga\/sport-team\/fc-golden-gate\/\">FC GOLDEN GATE<\/a><\/td><td class=\"data-yellowcards\" data-label=\"\u017dlut\u00e9 karty\">0<\/td><td class=\"data-redcards\" data-label=\"\u010cerven\u00e9 karty\">0<\/td><\/tr><tr class=\"even\"><td class=\"data-name has-photo\" data-label=\"Hr\u00e1\u010d\"><a href=\"https:\/\/soccaczech.cz\/liga\/player\/014010-%f0%9f%9f%a0oleh-rusnak\/\"><span class=\"player-photo\"><img loading=\"lazy\" decoding=\"async\" width=\"313\" height=\"400\" src=\"https:\/\/soccaczech.cz\/liga\/wp-content\/uploads\/2026\/03\/Oleh-Rusnak--313x400.jpg\" class=\"attachment-sportspress-fit-icon size-sportspress-fit-icon wp-post-image\" alt=\"\" \/><\/span>014010 \ud83d\udfe2Oleh Rusnak<\/a><\/td><td class=\"data-team\" data-label=\"T\u00fdm\"><a href=\"https:\/\/soccaczech.cz\/liga\/?post_type=page&amp;p=45993\">-<\/a><\/td><td class=\"data-yellowcards\" data-label=\"\u017dlut\u00e9 karty\">0<\/td><td class=\"data-redcards\" data-label=\"\u010cerven\u00e9 karty\">0<\/td><\/tr><tr class=\"odd\"><td class=\"data-name has-photo\" data-label=\"Hr\u00e1\u010d\"><a href=\"https:\/\/soccaczech.cz\/liga\/player\/014011-%f0%9f%9f%a0petryshyn-mykhaylo\/\"><span class=\"player-photo\"><img loading=\"lazy\" decoding=\"async\" width=\"180\" height=\"400\" src=\"https:\/\/soccaczech.cz\/liga\/wp-content\/uploads\/2026\/03\/Petryshyn-Mykhaylo-1-180x400.jpg\" class=\"attachment-sportspress-fit-icon size-sportspress-fit-icon wp-post-image\" alt=\"\" \/><\/span>014011 \ud83d\udfe2Mykhaylo Petryshyn<\/a><\/td><td class=\"data-team\" data-label=\"T\u00fdm\"><a href=\"https:\/\/soccaczech.cz\/liga\/?post_type=page&amp;p=45993\">-<\/a><\/td><td class=\"data-yellowcards\" data-label=\"\u017dlut\u00e9 karty\">1<\/td><td class=\"data-redcards\" data-label=\"\u010cerven\u00e9 karty\">0<\/td><\/tr><tr class=\"even\"><td class=\"data-name has-photo\" data-label=\"Hr\u00e1\u010d\"><a href=\"https:\/\/soccaczech.cz\/liga\/player\/014012-%f0%9f%9f%a0roman-rosko\/\"><span class=\"player-photo\"><img loading=\"lazy\" decoding=\"async\" width=\"400\" height=\"358\" src=\"https:\/\/soccaczech.cz\/liga\/wp-content\/uploads\/2026\/03\/Roman-Rosko-400x358.jpg\" class=\"attachment-sportspress-fit-icon size-sportspress-fit-icon wp-post-image\" alt=\"\" \/><\/span>014012 \ud83d\udfe0Roman Ro\u0161ko<\/a><\/td><td class=\"data-team\" data-label=\"T\u00fdm\"><a href=\"https:\/\/soccaczech.cz\/liga\/sport-team\/fc-golden-gate\/\">FC GOLDEN GATE<\/a><\/td><td class=\"data-yellowcards\" data-label=\"\u017dlut\u00e9 karty\">0<\/td><td class=\"data-redcards\" data-label=\"\u010cerven\u00e9 karty\">0<\/td><\/tr><tr class=\"odd\"><td class=\"data-name has-photo\" data-label=\"Hr\u00e1\u010d\"><a href=\"https:\/\/soccaczech.cz\/liga\/player\/014013-%f0%9f%9f%a0sidor-eduard\/\"><span class=\"player-photo\"><img loading=\"lazy\" decoding=\"async\" width=\"301\" height=\"400\" src=\"https:\/\/soccaczech.cz\/liga\/wp-content\/uploads\/2026\/03\/Sidor-Eduard-1-301x400.jpg\" class=\"attachment-sportspress-fit-icon size-sportspress-fit-icon wp-post-image\" alt=\"\" \/><\/span>014013 \ud83d\udfe0 Eduard Sidor<\/a><\/td><td class=\"data-team\" data-label=\"T\u00fdm\"><a href=\"https:\/\/soccaczech.cz\/liga\/?post_type=page&amp;p=45993\">-<\/a><\/td><td class=\"data-yellowcards\" data-label=\"\u017dlut\u00e9 karty\">0<\/td><td class=\"data-redcards\" data-label=\"\u010cerven\u00e9 karty\">0<\/td><\/tr><tr class=\"even\"><td class=\"data-name has-photo\" data-label=\"Hr\u00e1\u010d\"><a href=\"https:\/\/soccaczech.cz\/liga\/player\/014014-%f0%9f%9f%a0yevhen-rebar\/\"><span class=\"player-photo\"><img loading=\"lazy\" decoding=\"async\" width=\"296\" height=\"400\" src=\"https:\/\/soccaczech.cz\/liga\/wp-content\/uploads\/2026\/03\/Yevhen-Rebar-1-296x400.jpg\" class=\"attachment-sportspress-fit-icon size-sportspress-fit-icon wp-post-image\" alt=\"\" \/><\/span>014014 \ud83d\udfe0Yevhen Rebar<\/a><\/td><td class=\"data-team\" data-label=\"T\u00fdm\"><a href=\"https:\/\/soccaczech.cz\/liga\/sport-team\/fc-golden-gate\/\">FC GOLDEN GATE<\/a><\/td><td class=\"data-yellowcards\" data-label=\"\u017dlut\u00e9 karty\">0<\/td><td class=\"data-redcards\" data-label=\"\u010cerven\u00e9 karty\">0<\/td><\/tr><tr class=\"odd\"><td class=\"data-name has-photo\" data-label=\"Hr\u00e1\u010d\"><a href=\"https:\/\/soccaczech.cz\/liga\/player\/014015-%f0%9f%9f%a0-martin-muzik\/\"><span class=\"player-photo\"><img loading=\"lazy\" decoding=\"async\" width=\"228\" height=\"400\" src=\"https:\/\/soccaczech.cz\/liga\/wp-content\/uploads\/2026\/03\/Martin-Muzik--228x400.jpg\" class=\"attachment-sportspress-fit-icon size-sportspress-fit-icon wp-post-image\" alt=\"\" \/><\/span>014015 \ud83d\udfe0 Martin Mu\u017e\u00edk<\/a><\/td><td class=\"data-team\" data-label=\"T\u00fdm\"><a href=\"https:\/\/soccaczech.cz\/liga\/sport-team\/fc-golden-gate\/\">FC GOLDEN GATE<\/a><\/td><td class=\"data-yellowcards\" data-label=\"\u017dlut\u00e9 karty\">0<\/td><td class=\"data-redcards\" data-label=\"\u010cerven\u00e9 karty\">0<\/td><\/tr><tr class=\"even\"><td class=\"data-name has-photo\" data-label=\"Hr\u00e1\u010d\"><a href=\"https:\/\/soccaczech.cz\/liga\/player\/014016-%f0%9f%9f%a0-chichak-nazarii\/\"><span class=\"player-photo\"><img loading=\"lazy\" decoding=\"async\" width=\"320\" height=\"320\" src=\"https:\/\/soccaczech.cz\/liga\/wp-content\/uploads\/2005\/05\/gg.jpeg\" class=\"attachment-sportspress-fit-icon size-sportspress-fit-icon wp-post-image\" alt=\"\" \/><\/span>014016 \ud83d\udfe2  Nazarii Chichak<\/a><\/td><td class=\"data-team\" data-label=\"T\u00fdm\"><a href=\"https:\/\/soccaczech.cz\/liga\/?post_type=page&amp;p=45993\">-<\/a><\/td><td class=\"data-yellowcards\" data-label=\"\u017dlut\u00e9 karty\">0<\/td><td class=\"data-redcards\" data-label=\"\u010cerven\u00e9 karty\">0<\/td><\/tr><tr class=\"odd\"><td class=\"data-name\" data-label=\"Hr\u00e1\u010d\"><a href=\"https:\/\/soccaczech.cz\/liga\/player\/014017%f0%9f%9f%a2-vladyslav-stankovych\/\">014017\ud83d\udfe2 Vladyslav Stankovych<\/a><\/td><td class=\"data-team\" data-label=\"T\u00fdm\"><a href=\"https:\/\/soccaczech.cz\/liga\/sport-team\/fc-golden-gate\/\">FC GOLDEN GATE<\/a><\/td><td class=\"data-yellowcards\" data-label=\"\u017dlut\u00e9 karty\">1<\/td><td class=\"data-redcards\" data-label=\"\u010cerven\u00e9 karty\">0<\/td><\/tr><tr class=\"even\"><td class=\"data-name has-photo\" data-label=\"Hr\u00e1\u010d\"><a href=\"https:\/\/soccaczech.cz\/liga\/player\/014018%f0%9f%9f%a0vasyl-berkela\/\"><span class=\"player-photo\"><img loading=\"lazy\" decoding=\"async\" width=\"400\" height=\"298\" src=\"https:\/\/soccaczech.cz\/liga\/wp-content\/uploads\/2026\/03\/WhatsApp-Image-2026-03-13-at-15.42.19-400x298.jpeg\" class=\"attachment-sportspress-fit-icon size-sportspress-fit-icon wp-post-image\" alt=\"\" \/><\/span>014018\ud83d\udfe2Vasyl Berkela<\/a><\/td><td class=\"data-team\" data-label=\"T\u00fdm\"><a href=\"https:\/\/soccaczech.cz\/liga\/?post_type=page&amp;p=45993\">-<\/a><\/td><td class=\"data-yellowcards\" data-label=\"\u017dlut\u00e9 karty\">0<\/td><td class=\"data-redcards\" data-label=\"\u010cerven\u00e9 karty\">0<\/td><\/tr><tr class=\"odd\"><td class=\"data-name\" data-label=\"Hr\u00e1\u010d\"><a href=\"https:\/\/soccaczech.cz\/liga\/player\/014019%f0%9f%9f%a0elkhan-budinov\/\">014019\ud83d\udfe2Elkhan Budinov<\/a><\/td><td class=\"data-team\" data-label=\"T\u00fdm\"><a href=\"https:\/\/soccaczech.cz\/liga\/?post_type=page&amp;p=45993\">-<\/a><\/td><td class=\"data-yellowcards\" data-label=\"\u017dlut\u00e9 karty\">2<\/td><td class=\"data-redcards\" data-label=\"\u010cerven\u00e9 karty\">0<\/td><\/tr><tr class=\"even\"><td class=\"data-name\" data-label=\"Hr\u00e1\u010d\"><a href=\"https:\/\/soccaczech.cz\/liga\/player\/014020-%f0%9f%9f%a0-david-lochman\/\">014020 \ud83d\udfe0 David Lochman<\/a><\/td><td class=\"data-team\" data-label=\"T\u00fdm\"><a href=\"https:\/\/soccaczech.cz\/liga\/sport-team\/fc-golden-gate\/\">FC GOLDEN GATE<\/a><\/td><td class=\"data-yellowcards\" data-label=\"\u017dlut\u00e9 karty\">0<\/td><td class=\"data-redcards\" data-label=\"\u010cerven\u00e9 karty\">0<\/td><\/tr><tr class=\"odd\"><td class=\"data-name\" data-label=\"Hr\u00e1\u010d\"><a href=\"https:\/\/soccaczech.cz\/liga\/player\/014020%f0%9f%9f%a2-serhii-derkach\/\">014020\ud83d\udfe2 Serhii Derkach<\/a><\/td><td class=\"data-team\" data-label=\"T\u00fdm\"><a href=\"https:\/\/soccaczech.cz\/liga\/sport-team\/fc-golden-gate\/\">FC GOLDEN GATE<\/a><\/td><td class=\"data-yellowcards\" data-label=\"\u017dlut\u00e9 karty\">0<\/td><td class=\"data-redcards\" data-label=\"\u010cerven\u00e9 karty\">0<\/td><\/tr><tr class=\"even\"><td class=\"data-name has-photo\" data-label=\"Hr\u00e1\u010d\"><a href=\"https:\/\/soccaczech.cz\/liga\/player\/015001%f0%9f%9f%a0andriy-yaroslavskyy-vd\/\"><span class=\"player-photo\"><img loading=\"lazy\" decoding=\"async\" width=\"344\" height=\"400\" src=\"https:\/\/soccaczech.cz\/liga\/wp-content\/uploads\/2026\/03\/unnamed-344x400.jpg\" class=\"attachment-sportspress-fit-icon size-sportspress-fit-icon wp-post-image\" alt=\"\" \/><\/span>015001\ud83d\udfe2Andriy Yaroslavskyy (VD)<\/a><\/td><td class=\"data-team\" data-label=\"T\u00fdm\"><a href=\"https:\/\/soccaczech.cz\/liga\/sport-team\/fc-trident\/\">FC TRIDENT<\/a><\/td><td class=\"data-yellowcards\" data-label=\"\u017dlut\u00e9 karty\">0<\/td><td class=\"data-redcards\" data-label=\"\u010cerven\u00e9 karty\">0<\/td><\/tr><tr class=\"odd\"><td class=\"data-name has-photo\" data-label=\"Hr\u00e1\u010d\"><a href=\"https:\/\/soccaczech.cz\/liga\/player\/015002%f0%9f%9f%a0-andrii-vasiluk\/\"><span class=\"player-photo\"><img loading=\"lazy\" decoding=\"async\" width=\"300\" height=\"400\" src=\"https:\/\/soccaczech.cz\/liga\/wp-content\/uploads\/2026\/03\/unnamed-1-300x400.jpg\" class=\"attachment-sportspress-fit-icon size-sportspress-fit-icon wp-post-image\" alt=\"\" \/><\/span>015002\ud83d\udfe2 Andrii Vasiluk<\/a><\/td><td class=\"data-team\" data-label=\"T\u00fdm\"><a href=\"https:\/\/soccaczech.cz\/liga\/sport-team\/fc-trident\/\">FC TRIDENT<\/a><\/td><td class=\"data-yellowcards\" data-label=\"\u017dlut\u00e9 karty\">0<\/td><td class=\"data-redcards\" data-label=\"\u010cerven\u00e9 karty\">0<\/td><\/tr><tr class=\"even\"><td class=\"data-name has-photo\" data-label=\"Hr\u00e1\u010d\"><a href=\"https:\/\/soccaczech.cz\/liga\/player\/015003%f0%9f%9f%a0-emil-ishmuratov\/\"><span class=\"player-photo\"><img loading=\"lazy\" decoding=\"async\" width=\"300\" height=\"400\" src=\"https:\/\/soccaczech.cz\/liga\/wp-content\/uploads\/2026\/03\/unnamed-2-300x400.jpg\" class=\"attachment-sportspress-fit-icon size-sportspress-fit-icon wp-post-image\" alt=\"\" \/><\/span>015003\ud83d\udfe2 Emil Ishmuratov<\/a><\/td><td class=\"data-team\" data-label=\"T\u00fdm\"><a href=\"https:\/\/soccaczech.cz\/liga\/sport-team\/fc-trident\/\">FC TRIDENT<\/a><\/td><td class=\"data-yellowcards\" data-label=\"\u017dlut\u00e9 karty\">1<\/td><td class=\"data-redcards\" data-label=\"\u010cerven\u00e9 karty\">0<\/td><\/tr><tr class=\"odd\"><td class=\"data-name has-photo\" data-label=\"Hr\u00e1\u010d\"><a href=\"https:\/\/soccaczech.cz\/liga\/player\/015004%f0%9f%9f%a0-serhii-ovchynnykov\/\"><span class=\"player-photo\"><img loading=\"lazy\" decoding=\"async\" width=\"300\" height=\"400\" src=\"https:\/\/soccaczech.cz\/liga\/wp-content\/uploads\/2026\/03\/unnamed-3-300x400.jpg\" class=\"attachment-sportspress-fit-icon size-sportspress-fit-icon wp-post-image\" alt=\"\" \/><\/span>015004\ud83d\udfe2 Serhii Ovchynnykov<\/a><\/td><td class=\"data-team\" data-label=\"T\u00fdm\"><a href=\"https:\/\/soccaczech.cz\/liga\/sport-team\/fc-trident\/\">FC TRIDENT<\/a><\/td><td class=\"data-yellowcards\" data-label=\"\u017dlut\u00e9 karty\">0<\/td><td class=\"data-redcards\" data-label=\"\u010cerven\u00e9 karty\">0<\/td><\/tr><tr class=\"even\"><td class=\"data-name has-photo\" data-label=\"Hr\u00e1\u010d\"><a href=\"https:\/\/soccaczech.cz\/liga\/player\/015005%f0%9f%9f%a0-tsipkalo-mykhailo\/\"><span class=\"player-photo\"><img loading=\"lazy\" decoding=\"async\" width=\"225\" height=\"400\" src=\"https:\/\/soccaczech.cz\/liga\/wp-content\/uploads\/2026\/03\/unnamed-4-225x400.jpg\" class=\"attachment-sportspress-fit-icon size-sportspress-fit-icon wp-post-image\" alt=\"\" \/><\/span>015005\ud83d\udfe2 Tsipkalo Mykhailo<\/a><\/td><td class=\"data-team\" data-label=\"T\u00fdm\"><a href=\"https:\/\/soccaczech.cz\/liga\/sport-team\/fc-trident\/\">FC TRIDENT<\/a><\/td><td class=\"data-yellowcards\" data-label=\"\u017dlut\u00e9 karty\">0<\/td><td class=\"data-redcards\" data-label=\"\u010cerven\u00e9 karty\">0<\/td><\/tr><tr class=\"odd\"><td class=\"data-name has-photo\" data-label=\"Hr\u00e1\u010d\"><a href=\"https:\/\/soccaczech.cz\/liga\/player\/015006%f0%9f%9f%a0-rostislav-gavriltso\/\"><span class=\"player-photo\"><img loading=\"lazy\" decoding=\"async\" width=\"300\" height=\"400\" src=\"https:\/\/soccaczech.cz\/liga\/wp-content\/uploads\/2026\/03\/unnamed-5-300x400.jpg\" class=\"attachment-sportspress-fit-icon size-sportspress-fit-icon wp-post-image\" alt=\"\" \/><\/span>015006\ud83d\udfe2 Rostislav Gavriltso<\/a><\/td><td class=\"data-team\" data-label=\"T\u00fdm\"><a href=\"https:\/\/soccaczech.cz\/liga\/?post_type=page&amp;p=45993\">-<\/a><\/td><td class=\"data-yellowcards\" data-label=\"\u017dlut\u00e9 karty\">1<\/td><td class=\"data-redcards\" data-label=\"\u010cerven\u00e9 karty\">0<\/td><\/tr><tr class=\"even\"><td class=\"data-name has-photo\" data-label=\"Hr\u00e1\u010d\"><a href=\"https:\/\/soccaczech.cz\/liga\/player\/015007%f0%9f%9f%a0yurii-bida\/\"><span class=\"player-photo\"><img loading=\"lazy\" decoding=\"async\" width=\"300\" height=\"400\" src=\"https:\/\/soccaczech.cz\/liga\/wp-content\/uploads\/2026\/03\/unnamed-6-300x400.jpg\" class=\"attachment-sportspress-fit-icon size-sportspress-fit-icon wp-post-image\" alt=\"\" \/><\/span>015007 \ud83d\udfe2 Yurii Bida<\/a><\/td><td class=\"data-team\" data-label=\"T\u00fdm\"><a href=\"https:\/\/soccaczech.cz\/liga\/?post_type=page&amp;p=45993\">-<\/a><\/td><td class=\"data-yellowcards\" data-label=\"\u017dlut\u00e9 karty\">0<\/td><td class=\"data-redcards\" data-label=\"\u010cerven\u00e9 karty\">0<\/td><\/tr><tr class=\"odd\"><td class=\"data-name has-photo\" data-label=\"Hr\u00e1\u010d\"><a href=\"https:\/\/soccaczech.cz\/liga\/player\/015008%f0%9f%9f%a0vladiszlav-jakovlev\/\"><span class=\"player-photo\"><img loading=\"lazy\" decoding=\"async\" width=\"300\" height=\"400\" src=\"https:\/\/soccaczech.cz\/liga\/wp-content\/uploads\/2026\/03\/Vladiszlav-Jakovlev-300x400.jpeg\" class=\"attachment-sportspress-fit-icon size-sportspress-fit-icon wp-post-image\" alt=\"\" \/><\/span>015008\ud83d\udfe2Vladiszl\u00e1v Jakovlev<\/a><\/td><td class=\"data-team\" data-label=\"T\u00fdm\"><a href=\"https:\/\/soccaczech.cz\/liga\/sport-team\/fc-trident\/\">FC TRIDENT<\/a><\/td><td class=\"data-yellowcards\" data-label=\"\u017dlut\u00e9 karty\">0<\/td><td class=\"data-redcards\" data-label=\"\u010cerven\u00e9 karty\">0<\/td><\/tr><tr class=\"even\"><td class=\"data-name has-photo\" data-label=\"Hr\u00e1\u010d\"><a href=\"https:\/\/soccaczech.cz\/liga\/player\/015009%f0%9f%9f%a0rybchynskyi-volodymyr\/\"><span class=\"player-photo\"><img loading=\"lazy\" decoding=\"async\" width=\"225\" height=\"400\" src=\"https:\/\/soccaczech.cz\/liga\/wp-content\/uploads\/2026\/03\/Rybchynskyi-Volodymyr-225x400.jpeg\" class=\"attachment-sportspress-fit-icon size-sportspress-fit-icon wp-post-image\" alt=\"\" \/><\/span>015009\ud83d\udfe2Rybchynskyi Volodymyr<\/a><\/td><td class=\"data-team\" data-label=\"T\u00fdm\"><a href=\"https:\/\/soccaczech.cz\/liga\/sport-team\/fc-trident\/\">FC TRIDENT<\/a><\/td><td class=\"data-yellowcards\" data-label=\"\u017dlut\u00e9 karty\">0<\/td><td class=\"data-redcards\" data-label=\"\u010cerven\u00e9 karty\">0<\/td><\/tr><tr class=\"odd\"><td class=\"data-name has-photo\" data-label=\"Hr\u00e1\u010d\"><a href=\"https:\/\/soccaczech.cz\/liga\/player\/015010%f0%9f%9f%a0borovko-dmytro\/\"><span class=\"player-photo\"><img loading=\"lazy\" decoding=\"async\" width=\"225\" height=\"400\" src=\"https:\/\/soccaczech.cz\/liga\/wp-content\/uploads\/2026\/03\/Dmytro-borovko-225x400.jpeg\" class=\"attachment-sportspress-fit-icon size-sportspress-fit-icon wp-post-image\" alt=\"\" \/><\/span>015010\ud83d\udfe2Borovko Dmytro<\/a><\/td><td class=\"data-team\" data-label=\"T\u00fdm\"><a href=\"https:\/\/soccaczech.cz\/liga\/sport-team\/fc-trident\/\">FC TRIDENT<\/a><\/td><td class=\"data-yellowcards\" data-label=\"\u017dlut\u00e9 karty\">0<\/td><td class=\"data-redcards\" data-label=\"\u010cerven\u00e9 karty\">0<\/td><\/tr><tr class=\"even\"><td class=\"data-name has-photo\" data-label=\"Hr\u00e1\u010d\"><a href=\"https:\/\/soccaczech.cz\/liga\/player\/015011%f0%9f%9f%a0mark-litvinov\/\"><span class=\"player-photo\"><img loading=\"lazy\" decoding=\"async\" width=\"300\" height=\"400\" src=\"https:\/\/soccaczech.cz\/liga\/wp-content\/uploads\/2026\/03\/Mark-Litvinov-300x400.jpeg\" class=\"attachment-sportspress-fit-icon size-sportspress-fit-icon wp-post-image\" alt=\"\" \/><\/span>015011\ud83d\udfe2Mark Litvinov<\/a><\/td><td class=\"data-team\" data-label=\"T\u00fdm\"><a href=\"https:\/\/soccaczech.cz\/liga\/sport-team\/fc-trident\/\">FC TRIDENT<\/a><\/td><td class=\"data-yellowcards\" data-label=\"\u017dlut\u00e9 karty\">0<\/td><td class=\"data-redcards\" data-label=\"\u010cerven\u00e9 karty\">0<\/td><\/tr><tr class=\"odd\"><td class=\"data-name has-photo\" data-label=\"Hr\u00e1\u010d\"><a href=\"https:\/\/soccaczech.cz\/liga\/player\/015012%f0%9f%9f%a0alnur-oskar\/\"><span class=\"player-photo\"><img loading=\"lazy\" decoding=\"async\" width=\"300\" height=\"400\" src=\"https:\/\/soccaczech.cz\/liga\/wp-content\/uploads\/2026\/03\/alhur-oskar-300x400.jpeg\" class=\"attachment-sportspress-fit-icon size-sportspress-fit-icon wp-post-image\" alt=\"\" \/><\/span>015012\ud83d\udfe2Alnur Oskar<\/a><\/td><td class=\"data-team\" data-label=\"T\u00fdm\"><a href=\"https:\/\/soccaczech.cz\/liga\/?post_type=page&amp;p=45993\">-<\/a><\/td><td class=\"data-yellowcards\" data-label=\"\u017dlut\u00e9 karty\">1<\/td><td class=\"data-redcards\" data-label=\"\u010cerven\u00e9 karty\">0<\/td><\/tr><tr class=\"even\"><td class=\"data-name has-photo\" data-label=\"Hr\u00e1\u010d\"><a href=\"https:\/\/soccaczech.cz\/liga\/player\/015013%f0%9f%9f%a0marian-savciuc\/\"><span class=\"player-photo\"><img loading=\"lazy\" decoding=\"async\" width=\"343\" height=\"400\" src=\"https:\/\/soccaczech.cz\/liga\/wp-content\/uploads\/2026\/03\/Marian-Savciuc-343x400.jpeg\" class=\"attachment-sportspress-fit-icon size-sportspress-fit-icon wp-post-image\" alt=\"\" \/><\/span>015013\ud83d\udfe2Marian Savciuc<\/a><\/td><td class=\"data-team\" data-label=\"T\u00fdm\"><a href=\"https:\/\/soccaczech.cz\/liga\/sport-team\/fc-trident\/\">FC TRIDENT<\/a><\/td><td class=\"data-yellowcards\" data-label=\"\u017dlut\u00e9 karty\">0<\/td><td class=\"data-redcards\" data-label=\"\u010cerven\u00e9 karty\">0<\/td><\/tr><tr class=\"odd\"><td class=\"data-name has-photo\" data-label=\"Hr\u00e1\u010d\"><a href=\"https:\/\/soccaczech.cz\/liga\/player\/015014%f0%9f%9f%a0denis-savin\/\"><span class=\"player-photo\"><img loading=\"lazy\" decoding=\"async\" width=\"300\" height=\"400\" src=\"https:\/\/soccaczech.cz\/liga\/wp-content\/uploads\/2026\/03\/denis-300x400.jpeg\" class=\"attachment-sportspress-fit-icon size-sportspress-fit-icon wp-post-image\" alt=\"\" \/><\/span>015014\ud83d\udfe2Denis Savin<\/a><\/td><td class=\"data-team\" data-label=\"T\u00fdm\"><a href=\"https:\/\/soccaczech.cz\/liga\/sport-team\/fc-trident\/\">FC TRIDENT<\/a><\/td><td class=\"data-yellowcards\" data-label=\"\u017dlut\u00e9 karty\">0<\/td><td class=\"data-redcards\" data-label=\"\u010cerven\u00e9 karty\">0<\/td><\/tr><tr class=\"even\"><td class=\"data-name has-photo\" data-label=\"Hr\u00e1\u010d\"><a href=\"https:\/\/soccaczech.cz\/liga\/player\/015015%f0%9f%9f%a0vasyl-pasichnyk\/\"><span class=\"player-photo\"><img loading=\"lazy\" decoding=\"async\" width=\"400\" height=\"356\" src=\"https:\/\/soccaczech.cz\/liga\/wp-content\/uploads\/2026\/03\/WhatsApp-Image-2026-03-07-at-11.02.29-400x356.jpeg\" class=\"attachment-sportspress-fit-icon size-sportspress-fit-icon wp-post-image\" alt=\"\" \/><\/span>015015\ud83d\udfe2Vasyl Pasichnyk<\/a><\/td><td class=\"data-team\" data-label=\"T\u00fdm\"><a href=\"https:\/\/soccaczech.cz\/liga\/sport-team\/fc-trident\/\">FC TRIDENT<\/a><\/td><td class=\"data-yellowcards\" data-label=\"\u017dlut\u00e9 karty\">0<\/td><td class=\"data-redcards\" data-label=\"\u010cerven\u00e9 karty\">0<\/td><\/tr><tr class=\"odd\"><td class=\"data-name has-photo\" data-label=\"Hr\u00e1\u010d\"><a href=\"https:\/\/soccaczech.cz\/liga\/player\/015016%f0%9f%9f%a0volodymyr-zamishka\/\"><span class=\"player-photo\"><img loading=\"lazy\" decoding=\"async\" width=\"300\" height=\"400\" src=\"https:\/\/soccaczech.cz\/liga\/wp-content\/uploads\/2026\/03\/WhatsApp-Image-2026-03-06-at-22.18.58-300x400.jpeg\" class=\"attachment-sportspress-fit-icon size-sportspress-fit-icon wp-post-image\" alt=\"\" \/><\/span>015016\ud83d\udfe2Volodymyr Zamishka<\/a><\/td><td class=\"data-team\" data-label=\"T\u00fdm\"><a href=\"https:\/\/soccaczech.cz\/liga\/sport-team\/fc-trident\/\">FC TRIDENT<\/a><\/td><td class=\"data-yellowcards\" data-label=\"\u017dlut\u00e9 karty\">1<\/td><td class=\"data-redcards\" data-label=\"\u010cerven\u00e9 karty\">0<\/td><\/tr><tr class=\"even\"><td class=\"data-name has-photo\" data-label=\"Hr\u00e1\u010d\"><a href=\"https:\/\/soccaczech.cz\/liga\/player\/015017%f0%9f%9f%a0seiran-ishmuratov\/\"><span class=\"player-photo\"><img loading=\"lazy\" decoding=\"async\" width=\"300\" height=\"400\" src=\"https:\/\/soccaczech.cz\/liga\/wp-content\/uploads\/2026\/03\/WhatsApp-Image-2026-03-14-at-10.42.26-300x400.jpeg\" class=\"attachment-sportspress-fit-icon size-sportspress-fit-icon wp-post-image\" alt=\"\" \/><\/span>015017\ud83d\udfe2Seiran Ishmuratov<\/a><\/td><td class=\"data-team\" data-label=\"T\u00fdm\"><a href=\"https:\/\/soccaczech.cz\/liga\/?post_type=page&amp;p=45993\">-<\/a><\/td><td class=\"data-yellowcards\" data-label=\"\u017dlut\u00e9 karty\">0<\/td><td class=\"data-redcards\" data-label=\"\u010cerven\u00e9 karty\">0<\/td><\/tr><tr class=\"odd\"><td class=\"data-name has-photo\" data-label=\"Hr\u00e1\u010d\"><a href=\"https:\/\/soccaczech.cz\/liga\/player\/015018%f0%9f%9f%a0evgeniy-gulevskiy\/\"><span class=\"player-photo\"><img loading=\"lazy\" decoding=\"async\" width=\"270\" height=\"248\" src=\"https:\/\/soccaczech.cz\/liga\/wp-content\/uploads\/2026\/03\/WhatsApp-Image-2026-03-14-at-10.42.26-1.jpeg\" class=\"attachment-sportspress-fit-icon size-sportspress-fit-icon wp-post-image\" alt=\"\" \/><\/span>015018\ud83d\udfe2Evgeniy Gulevskiy<\/a><\/td><td class=\"data-team\" data-label=\"T\u00fdm\"><a href=\"https:\/\/soccaczech.cz\/liga\/?post_type=page&amp;p=45993\">-<\/a><\/td><td class=\"data-yellowcards\" data-label=\"\u017dlut\u00e9 karty\">0<\/td><td class=\"data-redcards\" data-label=\"\u010cerven\u00e9 karty\">0<\/td><\/tr><tr class=\"even\"><td class=\"data-name has-photo\" data-label=\"Hr\u00e1\u010d\"><a href=\"https:\/\/soccaczech.cz\/liga\/player\/015019%f0%9f%9f%a0sirbu-ion\/\"><span class=\"player-photo\"><img loading=\"lazy\" decoding=\"async\" width=\"320\" height=\"400\" src=\"https:\/\/soccaczech.cz\/liga\/wp-content\/uploads\/2026\/03\/WhatsApp-Image-2026-03-14-at-10.42.26-2-320x400.jpeg\" class=\"attachment-sportspress-fit-icon size-sportspress-fit-icon wp-post-image\" alt=\"\" \/><\/span>015019\ud83d\udfe2Sirbu Ion<\/a><\/td><td class=\"data-team\" data-label=\"T\u00fdm\"><a href=\"https:\/\/soccaczech.cz\/liga\/?post_type=page&amp;p=45993\">-<\/a><\/td><td class=\"data-yellowcards\" data-label=\"\u017dlut\u00e9 karty\">0<\/td><td class=\"data-redcards\" data-label=\"\u010cerven\u00e9 karty\">0<\/td><\/tr><tr class=\"odd\"><td class=\"data-name has-photo\" data-label=\"Hr\u00e1\u010d\"><a href=\"https:\/\/soccaczech.cz\/liga\/player\/015020%f0%9f%9f%a0illia-mititak\/\"><span class=\"player-photo\"><img loading=\"lazy\" decoding=\"async\" width=\"267\" height=\"400\" src=\"https:\/\/soccaczech.cz\/liga\/wp-content\/uploads\/2026\/03\/WhatsApp-Image-2026-03-24-at-14.18.09-267x400.jpeg\" class=\"attachment-sportspress-fit-icon size-sportspress-fit-icon wp-post-image\" alt=\"\" \/><\/span>015020\ud83d\udfe0Illia Mititak<\/a><\/td><td class=\"data-team\" data-label=\"T\u00fdm\"><a href=\"https:\/\/soccaczech.cz\/liga\/sport-team\/fc-trident\/\">FC TRIDENT<\/a><\/td><td class=\"data-yellowcards\" data-label=\"\u017dlut\u00e9 karty\">0<\/td><td class=\"data-redcards\" data-label=\"\u010cerven\u00e9 karty\">0<\/td><\/tr><tr class=\"even\"><td class=\"data-name has-photo\" data-label=\"Hr\u00e1\u010d\"><a href=\"https:\/\/soccaczech.cz\/liga\/player\/02032-%f0%9f%9f%a0krasnyanyk-ihor\/\"><span class=\"player-photo\"><img loading=\"lazy\" decoding=\"async\" width=\"245\" height=\"400\" src=\"https:\/\/soccaczech.cz\/liga\/wp-content\/uploads\/2026\/03\/010001\ud83d\udfe2-8-245x400.png\" class=\"attachment-sportspress-fit-icon size-sportspress-fit-icon wp-post-image\" alt=\"\" \/><\/span>02032 \ud83d\udfe2Krasnyanyk Ihor<\/a><\/td><td class=\"data-team\" data-label=\"T\u00fdm\"><a href=\"https:\/\/soccaczech.cz\/liga\/?post_type=page&amp;p=45993\">-<\/a><\/td><td class=\"data-yellowcards\" data-label=\"\u017dlut\u00e9 karty\">0<\/td><td class=\"data-redcards\" data-label=\"\u010cerven\u00e9 karty\">0<\/td><\/tr><tr class=\"odd\"><td class=\"data-name has-photo\" data-label=\"Hr\u00e1\u010d\"><a href=\"https:\/\/soccaczech.cz\/liga\/player\/02033%f0%9f%9f%a0dmytro-sorokin\/\"><span class=\"player-photo\"><img loading=\"lazy\" decoding=\"async\" width=\"311\" height=\"400\" src=\"https:\/\/soccaczech.cz\/liga\/wp-content\/uploads\/2026\/03\/WhatsApp-Image-2026-03-07-at-14.55.28-311x400.jpeg\" class=\"attachment-sportspress-fit-icon size-sportspress-fit-icon wp-post-image\" alt=\"\" \/><\/span>02033\ud83d\udfe2Dmytro Sorokin<\/a><\/td><td class=\"data-team\" data-label=\"T\u00fdm\"><a href=\"https:\/\/soccaczech.cz\/liga\/?post_type=page&amp;p=45993\">-<\/a><\/td><td class=\"data-yellowcards\" data-label=\"\u017dlut\u00e9 karty\">0<\/td><td class=\"data-redcards\" data-label=\"\u010cerven\u00e9 karty\">0<\/td><\/tr><tr class=\"even\"><td class=\"data-name has-photo\" data-label=\"Hr\u00e1\u010d\"><a href=\"https:\/\/soccaczech.cz\/liga\/player\/marek-obdrzalek\/\"><span class=\"player-photo\"><img loading=\"lazy\" decoding=\"async\" width=\"363\" height=\"400\" src=\"https:\/\/soccaczech.cz\/liga\/wp-content\/uploads\/2007\/03\/IMG_5080-363x400.png\" class=\"attachment-sportspress-fit-icon size-sportspress-fit-icon wp-post-image\" alt=\"\" \/><\/span>03027 \ud83d\udfe2 Marek Obdr\u017e\u00e1lek<\/a><\/td><td class=\"data-team\" data-label=\"T\u00fdm\"><a href=\"https:\/\/soccaczech.cz\/liga\/sport-team\/g-i-c-la-plate\/\">G.I.C. LA PLATE<\/a><\/td><td class=\"data-yellowcards\" data-label=\"\u017dlut\u00e9 karty\">0<\/td><td class=\"data-redcards\" data-label=\"\u010cerven\u00e9 karty\">0<\/td><\/tr><tr class=\"odd\"><td class=\"data-name has-photo\" data-label=\"Hr\u00e1\u010d\"><a href=\"https:\/\/soccaczech.cz\/liga\/player\/jaromir-kupera\/\"><span class=\"player-photo\"><img loading=\"lazy\" decoding=\"async\" width=\"386\" height=\"400\" src=\"https:\/\/soccaczech.cz\/liga\/wp-content\/uploads\/2004\/02\/JaromirKupera-386x400.png\" class=\"attachment-sportspress-fit-icon size-sportspress-fit-icon wp-post-image\" alt=\"\" \/><\/span>03029 \ud83d\udfe2 Jarom\u00edr Kupera<\/a><\/td><td class=\"data-team\" data-label=\"T\u00fdm\"><a href=\"https:\/\/soccaczech.cz\/liga\/?post_type=page&amp;p=45993\">-<\/a><\/td><td class=\"data-yellowcards\" data-label=\"\u017dlut\u00e9 karty\">0<\/td><td class=\"data-redcards\" data-label=\"\u010cerven\u00e9 karty\">0<\/td><\/tr><tr class=\"even\"><td class=\"data-name has-photo\" data-label=\"Hr\u00e1\u010d\"><a href=\"https:\/\/soccaczech.cz\/liga\/player\/ivan-levicky\/\"><span class=\"player-photo\"><img loading=\"lazy\" decoding=\"async\" width=\"335\" height=\"400\" src=\"https:\/\/soccaczech.cz\/liga\/wp-content\/uploads\/2009\/05\/IvanLevicky-335x400.png\" class=\"attachment-sportspress-fit-icon size-sportspress-fit-icon wp-post-image\" alt=\"\" \/><\/span>03030 \ud83d\udfe2 Ivan Levick\u00fd<\/a><\/td><td class=\"data-team\" data-label=\"T\u00fdm\"><a href=\"https:\/\/soccaczech.cz\/liga\/?post_type=page&amp;p=45993\">-<\/a><\/td><td class=\"data-yellowcards\" data-label=\"\u017dlut\u00e9 karty\">0<\/td><td class=\"data-redcards\" data-label=\"\u010cerven\u00e9 karty\">0<\/td><\/tr><tr class=\"odd\"><td class=\"data-name has-photo\" data-label=\"Hr\u00e1\u010d\"><a href=\"https:\/\/soccaczech.cz\/liga\/player\/dominik-gregr\/\"><span class=\"player-photo\"><img loading=\"lazy\" decoding=\"async\" width=\"400\" height=\"398\" src=\"https:\/\/soccaczech.cz\/liga\/wp-content\/uploads\/2009\/05\/DominikGregr-400x398.png\" class=\"attachment-sportspress-fit-icon size-sportspress-fit-icon wp-post-image\" alt=\"\" \/><\/span>03031 \ud83d\udfe0 Dominik Gr\u00e9gr<\/a><\/td><td class=\"data-team\" data-label=\"T\u00fdm\"><a href=\"https:\/\/soccaczech.cz\/liga\/sport-team\/g-i-c-la-plate\/\">G.I.C. LA PLATE<\/a><\/td><td class=\"data-yellowcards\" data-label=\"\u017dlut\u00e9 karty\">0<\/td><td class=\"data-redcards\" data-label=\"\u010cerven\u00e9 karty\">0<\/td><\/tr><tr class=\"even\"><td class=\"data-name has-photo\" data-label=\"Hr\u00e1\u010d\"><a href=\"https:\/\/soccaczech.cz\/liga\/player\/michal-vavra\/\"><span class=\"player-photo\"><img loading=\"lazy\" decoding=\"async\" width=\"358\" height=\"400\" src=\"https:\/\/soccaczech.cz\/liga\/wp-content\/uploads\/1997\/12\/MichalVavra-358x400.png\" class=\"attachment-sportspress-fit-icon size-sportspress-fit-icon wp-post-image\" alt=\"\" \/><\/span>03032 \ud83d\udfe2 Michal V\u00e1vra<\/a><\/td><td class=\"data-team\" data-label=\"T\u00fdm\"><a href=\"https:\/\/soccaczech.cz\/liga\/?post_type=page&amp;p=45993\">-<\/a><\/td><td class=\"data-yellowcards\" data-label=\"\u017dlut\u00e9 karty\">0<\/td><td class=\"data-redcards\" data-label=\"\u010cerven\u00e9 karty\">0<\/td><\/tr><tr class=\"odd\"><td class=\"data-name has-photo\" data-label=\"Hr\u00e1\u010d\"><a href=\"https:\/\/soccaczech.cz\/liga\/player\/vasyl-monyc\/\"><span class=\"player-photo\"><img loading=\"lazy\" decoding=\"async\" width=\"386\" height=\"400\" src=\"https:\/\/soccaczech.cz\/liga\/wp-content\/uploads\/1997\/12\/VasylMonyc-386x400.png\" class=\"attachment-sportspress-fit-icon size-sportspress-fit-icon wp-post-image\" alt=\"\" \/><\/span>03033 \ud83d\udfe2 Vasyl Mony\u010d<\/a><\/td><td class=\"data-team\" data-label=\"T\u00fdm\"><a href=\"https:\/\/soccaczech.cz\/liga\/?post_type=page&amp;p=45993\">-<\/a><\/td><td class=\"data-yellowcards\" data-label=\"\u017dlut\u00e9 karty\">0<\/td><td class=\"data-redcards\" data-label=\"\u010cerven\u00e9 karty\">0<\/td><\/tr><tr class=\"even\"><td class=\"data-name has-photo\" data-label=\"Hr\u00e1\u010d\"><a href=\"https:\/\/soccaczech.cz\/liga\/player\/david-machacek\/\"><span class=\"player-photo\"><img loading=\"lazy\" decoding=\"async\" width=\"378\" height=\"400\" src=\"https:\/\/soccaczech.cz\/liga\/wp-content\/uploads\/2009\/05\/David-Machacek-378x400.png\" class=\"attachment-sportspress-fit-icon size-sportspress-fit-icon wp-post-image\" alt=\"\" \/><\/span>03034 \ud83d\udfe2 David Mach\u00e1\u010dek<\/a><\/td><td class=\"data-team\" data-label=\"T\u00fdm\"><a href=\"https:\/\/soccaczech.cz\/liga\/?post_type=page&amp;p=45993\">-<\/a><\/td><td class=\"data-yellowcards\" data-label=\"\u017dlut\u00e9 karty\">0<\/td><td class=\"data-redcards\" data-label=\"\u010cerven\u00e9 karty\">0<\/td><\/tr><tr class=\"odd\"><td class=\"data-name has-photo\" data-label=\"Hr\u00e1\u010d\"><a href=\"https:\/\/soccaczech.cz\/liga\/player\/03035-%f0%9f%9f%a0-david-machacek\/\"><span class=\"player-photo\"><img loading=\"lazy\" decoding=\"async\" width=\"370\" height=\"400\" src=\"https:\/\/soccaczech.cz\/liga\/wp-content\/uploads\/2026\/03\/Michal-Skokan-370x400.jpg\" class=\"attachment-sportspress-fit-icon size-sportspress-fit-icon wp-post-image\" alt=\"\" \/><\/span>03035 \ud83d\udfe2 Michal Skokan<\/a><\/td><td class=\"data-team\" data-label=\"T\u00fdm\"><a href=\"https:\/\/soccaczech.cz\/liga\/?post_type=page&amp;p=45993\">-<\/a><\/td><td class=\"data-yellowcards\" data-label=\"\u017dlut\u00e9 karty\">0<\/td><td class=\"data-redcards\" data-label=\"\u010cerven\u00e9 karty\">0<\/td><\/tr><tr class=\"even\"><td class=\"data-name has-photo\" data-label=\"Hr\u00e1\u010d\"><a href=\"https:\/\/soccaczech.cz\/liga\/player\/03036%f0%9f%9f%a0jan-vokrinek\/\"><span class=\"player-photo\"><img loading=\"lazy\" decoding=\"async\" width=\"302\" height=\"400\" src=\"https:\/\/soccaczech.cz\/liga\/wp-content\/uploads\/2001\/03\/Jan-Vokrinek-22.3.2001-302x400.jpg\" class=\"attachment-sportspress-fit-icon size-sportspress-fit-icon wp-post-image\" alt=\"\" \/><\/span>03036\ud83d\udfe0Jan Vok\u0159\u00ednek<\/a><\/td><td class=\"data-team\" data-label=\"T\u00fdm\"><a href=\"https:\/\/soccaczech.cz\/liga\/sport-team\/g-i-c-la-plate\/\">G.I.C. LA PLATE<\/a><\/td><td class=\"data-yellowcards\" data-label=\"\u017dlut\u00e9 karty\">0<\/td><td class=\"data-redcards\" data-label=\"\u010cerven\u00e9 karty\">0<\/td><\/tr><tr class=\"odd\"><td class=\"data-name has-photo\" data-label=\"Hr\u00e1\u010d\"><a href=\"https:\/\/soccaczech.cz\/liga\/player\/03037%f0%9f%9f%a0jakub-kratochvil\/\"><span class=\"player-photo\"><img loading=\"lazy\" decoding=\"async\" width=\"400\" height=\"377\" src=\"https:\/\/soccaczech.cz\/liga\/wp-content\/uploads\/2026\/03\/Jakub-Kratochvil-4.1.2005-400x377.jpg\" class=\"attachment-sportspress-fit-icon size-sportspress-fit-icon wp-post-image\" alt=\"\" \/><\/span>03037\ud83d\udfe2Jakub Kratochv\u00edl<\/a><\/td><td class=\"data-team\" data-label=\"T\u00fdm\"><a href=\"https:\/\/soccaczech.cz\/liga\/?post_type=page&amp;p=45993\">-<\/a><\/td><td class=\"data-yellowcards\" data-label=\"\u017dlut\u00e9 karty\">0<\/td><td class=\"data-redcards\" data-label=\"\u010cerven\u00e9 karty\">0<\/td><\/tr><tr class=\"even\"><td class=\"data-name has-photo\" data-label=\"Hr\u00e1\u010d\"><a href=\"https:\/\/soccaczech.cz\/liga\/player\/03038%f0%9f%9f%a0tomas-belaska\/\"><span class=\"player-photo\"><img loading=\"lazy\" decoding=\"async\" width=\"351\" height=\"400\" src=\"https:\/\/soccaczech.cz\/liga\/wp-content\/uploads\/2026\/03\/Tomas-Belaska-24.9.2004-351x400.jpg\" class=\"attachment-sportspress-fit-icon size-sportspress-fit-icon wp-post-image\" alt=\"\" \/><\/span>03038\ud83d\udfe0Tom\u00e1\u0161 B\u011bla\u0161ka<\/a><\/td><td class=\"data-team\" data-label=\"T\u00fdm\"><a href=\"https:\/\/soccaczech.cz\/liga\/sport-team\/g-i-c-la-plate\/\">G.I.C. LA PLATE<\/a><\/td><td class=\"data-yellowcards\" data-label=\"\u017dlut\u00e9 karty\">0<\/td><td class=\"data-redcards\" data-label=\"\u010cerven\u00e9 karty\">0<\/td><\/tr><tr class=\"odd\"><td class=\"data-name has-photo\" data-label=\"Hr\u00e1\u010d\"><a href=\"https:\/\/soccaczech.cz\/liga\/player\/03039%f0%9f%9f%a0martin-zeman\/\"><span class=\"player-photo\"><img loading=\"lazy\" decoding=\"async\" width=\"184\" height=\"184\" src=\"https:\/\/soccaczech.cz\/liga\/wp-content\/uploads\/1989\/03\/Navrh-bez-nazvu-13.png\" class=\"attachment-sportspress-fit-icon size-sportspress-fit-icon wp-post-image\" alt=\"\" \/><\/span>03039\ud83d\udfe0Martin Zeman<\/a><\/td><td class=\"data-team\" data-label=\"T\u00fdm\"><a href=\"https:\/\/soccaczech.cz\/liga\/sport-team\/g-i-c-la-plate\/\">G.I.C. LA PLATE<\/a><\/td><td class=\"data-yellowcards\" data-label=\"\u017dlut\u00e9 karty\">0<\/td><td class=\"data-redcards\" data-label=\"\u010cerven\u00e9 karty\">0<\/td><\/tr><tr class=\"even\"><td class=\"data-name has-photo\" data-label=\"Hr\u00e1\u010d\"><a href=\"https:\/\/soccaczech.cz\/liga\/player\/03040%f0%9f%9f%a0ondrej-stursa\/\"><span class=\"player-photo\"><img loading=\"lazy\" decoding=\"async\" width=\"270\" height=\"309\" src=\"https:\/\/soccaczech.cz\/liga\/wp-content\/uploads\/2026\/03\/Ondrej-Stursa-17.6.2000-1.jpg\" class=\"attachment-sportspress-fit-icon size-sportspress-fit-icon wp-post-image\" alt=\"\" \/><\/span>03040\ud83d\udfe0Ond\u0159ej \u0160tursa<\/a><\/td><td class=\"data-team\" data-label=\"T\u00fdm\"><a href=\"https:\/\/soccaczech.cz\/liga\/sport-team\/g-i-c-la-plate\/\">G.I.C. LA PLATE<\/a><\/td><td class=\"data-yellowcards\" data-label=\"\u017dlut\u00e9 karty\">0<\/td><td class=\"data-redcards\" data-label=\"\u010cerven\u00e9 karty\">0<\/td><\/tr><tr class=\"odd\"><td class=\"data-name\" data-label=\"Hr\u00e1\u010d\"><a href=\"https:\/\/soccaczech.cz\/liga\/player\/06048-%f0%9f%9f%a0-filip-hozza\/\">03048 \ud83d\udfe2  Filip Hozza<\/a><\/td><td class=\"data-team\" data-label=\"T\u00fdm\"><a href=\"https:\/\/soccaczech.cz\/liga\/?post_type=page&amp;p=45993\">-<\/a><\/td><td class=\"data-yellowcards\" data-label=\"\u017dlut\u00e9 karty\">0<\/td><td class=\"data-redcards\" data-label=\"\u010cerven\u00e9 karty\">0<\/td><\/tr><tr class=\"even\"><td class=\"data-name has-photo\" data-label=\"Hr\u00e1\u010d\"><a href=\"https:\/\/soccaczech.cz\/liga\/player\/filip-podobsky\/\"><span class=\"player-photo\"><img loading=\"lazy\" decoding=\"async\" width=\"273\" height=\"400\" src=\"https:\/\/soccaczech.cz\/liga\/wp-content\/uploads\/1994\/11\/Filip-Podobsky-273x400.png\" class=\"attachment-sportspress-fit-icon size-sportspress-fit-icon wp-post-image\" alt=\"\" \/><\/span>03049 \ud83d\udfe0 Filip Podobsk\u00fd<\/a><\/td><td class=\"data-team\" data-label=\"T\u00fdm\"><a href=\"https:\/\/soccaczech.cz\/liga\/sport-team\/spartasocca\/\">SPARTA SOCCA<\/a><\/td><td class=\"data-yellowcards\" data-label=\"\u017dlut\u00e9 karty\">0<\/td><td class=\"data-redcards\" data-label=\"\u010cerven\u00e9 karty\">0<\/td><\/tr><tr class=\"odd\"><td class=\"data-name has-photo\" data-label=\"Hr\u00e1\u010d\"><a href=\"https:\/\/soccaczech.cz\/liga\/player\/012008%f0%9f%9f%a0yaroslav-tomashovski\/\"><span class=\"player-photo\"><img loading=\"lazy\" decoding=\"async\" width=\"245\" height=\"400\" src=\"https:\/\/soccaczech.cz\/liga\/wp-content\/uploads\/2026\/03\/010001\ud83d\udfe2-36-245x400.png\" class=\"attachment-sportspress-fit-icon size-sportspress-fit-icon wp-post-image\" alt=\"\" \/><\/span>04006 \ud83d\udfe2 Yaroslav Tomashovski<\/a><\/td><td class=\"data-team\" data-label=\"T\u00fdm\"><a href=\"https:\/\/soccaczech.cz\/liga\/?post_type=page&amp;p=45993\">-<\/a><\/td><td class=\"data-yellowcards\" data-label=\"\u017dlut\u00e9 karty\">0<\/td><td class=\"data-redcards\" data-label=\"\u010cerven\u00e9 karty\">0<\/td><\/tr><tr class=\"even\"><td class=\"data-name has-photo\" data-label=\"Hr\u00e1\u010d\"><a href=\"https:\/\/soccaczech.cz\/liga\/player\/valentyn-kurtyanik\/\"><span class=\"player-photo\"><img loading=\"lazy\" decoding=\"async\" width=\"320\" height=\"400\" src=\"https:\/\/soccaczech.cz\/liga\/wp-content\/uploads\/2008\/03\/Valentyn-Kurtyanik-320x400.png\" class=\"attachment-sportspress-fit-icon size-sportspress-fit-icon wp-post-image\" alt=\"\" \/><\/span>04011 \ud83d\udfe2 Valentyn Kurtyanik<\/a><\/td><td class=\"data-team\" data-label=\"T\u00fdm\"><a href=\"https:\/\/soccaczech.cz\/liga\/sport-team\/vism-football\/\">VISM FOOTBALL<\/a><\/td><td class=\"data-yellowcards\" data-label=\"\u017dlut\u00e9 karty\">0<\/td><td class=\"data-redcards\" data-label=\"\u010cerven\u00e9 karty\">0<\/td><\/tr><tr class=\"odd\"><td class=\"data-name has-photo\" data-label=\"Hr\u00e1\u010d\"><a href=\"https:\/\/soccaczech.cz\/liga\/player\/014001%f0%9f%9f%a0berezhnyk-dmytro\/\"><span class=\"player-photo\"><img loading=\"lazy\" decoding=\"async\" width=\"314\" height=\"400\" src=\"https:\/\/soccaczech.cz\/liga\/wp-content\/uploads\/1996\/11\/Berezhnyk-Dmytro-1-1-314x400.jpg\" class=\"attachment-sportspress-fit-icon size-sportspress-fit-icon wp-post-image\" alt=\"\" \/><\/span>04016 \ud83d\udfe2 Dmytro Berezhnyk<\/a><\/td><td class=\"data-team\" data-label=\"T\u00fdm\"><a href=\"https:\/\/soccaczech.cz\/liga\/?post_type=page&amp;p=45993\">-<\/a><\/td><td class=\"data-yellowcards\" data-label=\"\u017dlut\u00e9 karty\">0<\/td><td class=\"data-redcards\" data-label=\"\u010cerven\u00e9 karty\">0<\/td><\/tr><tr class=\"even\"><td class=\"data-name has-photo\" data-label=\"Hr\u00e1\u010d\"><a href=\"https:\/\/soccaczech.cz\/liga\/player\/012004%f0%9f%9f%a0halas-vasyl\/\"><span class=\"player-photo\"><img loading=\"lazy\" decoding=\"async\" width=\"245\" height=\"400\" src=\"https:\/\/soccaczech.cz\/liga\/wp-content\/uploads\/2026\/03\/010001\ud83d\udfe2-4-245x400.png\" class=\"attachment-sportspress-fit-icon size-sportspress-fit-icon wp-post-image\" alt=\"\" \/><\/span>04021 \ud83d\udfe2 Vasyl Halas<\/a><\/td><td class=\"data-team\" data-label=\"T\u00fdm\"><a href=\"https:\/\/soccaczech.cz\/liga\/sport-team\/fc-donbass\/\">FC DONBASS<\/a><\/td><td class=\"data-yellowcards\" data-label=\"\u017dlut\u00e9 karty\">0<\/td><td class=\"data-redcards\" data-label=\"\u010cerven\u00e9 karty\">0<\/td><\/tr><tr class=\"odd\"><td class=\"data-name has-photo\" data-label=\"Hr\u00e1\u010d\"><a href=\"https:\/\/soccaczech.cz\/liga\/player\/04023%f0%9f%9f%a0vasyl-rusyn\/\"><span class=\"player-photo\"><img loading=\"lazy\" decoding=\"async\" width=\"255\" height=\"400\" src=\"https:\/\/soccaczech.cz\/liga\/wp-content\/uploads\/2026\/03\/WhatsApp-Image-2026-03-07-at-15.02.33-255x400.jpeg\" class=\"attachment-sportspress-fit-icon size-sportspress-fit-icon wp-post-image\" alt=\"\" \/><\/span>04023\ud83d\udfe2Vasyl Rusyn<\/a><\/td><td class=\"data-team\" data-label=\"T\u00fdm\"><a href=\"https:\/\/soccaczech.cz\/liga\/?post_type=page&amp;p=45993\">-<\/a><\/td><td class=\"data-yellowcards\" data-label=\"\u017dlut\u00e9 karty\">0<\/td><td class=\"data-redcards\" data-label=\"\u010cerven\u00e9 karty\">0<\/td><\/tr><tr class=\"even\"><td class=\"data-name has-photo\" data-label=\"Hr\u00e1\u010d\"><a href=\"https:\/\/soccaczech.cz\/liga\/player\/04024%f0%9f%9f%a0taras-tyrlych\/\"><span class=\"player-photo\"><img loading=\"lazy\" decoding=\"async\" width=\"184\" height=\"400\" src=\"https:\/\/soccaczech.cz\/liga\/wp-content\/uploads\/2026\/03\/WhatsApp-Image-2026-03-07-at-15.51.49-184x400.jpeg\" class=\"attachment-sportspress-fit-icon size-sportspress-fit-icon wp-post-image\" alt=\"\" \/><\/span>04024\ud83d\udfe2Taras Tyrlych<\/a><\/td><td class=\"data-team\" data-label=\"T\u00fdm\"><a href=\"https:\/\/soccaczech.cz\/liga\/sport-team\/vism-football\/\">VISM FOOTBALL<\/a><\/td><td class=\"data-yellowcards\" data-label=\"\u017dlut\u00e9 karty\">0<\/td><td class=\"data-redcards\" data-label=\"\u010cerven\u00e9 karty\">0<\/td><\/tr><tr class=\"odd\"><td class=\"data-name has-photo\" data-label=\"Hr\u00e1\u010d\"><a href=\"https:\/\/soccaczech.cz\/liga\/player\/04025%f0%9f%9f%a0pavlo-brana\/\"><span class=\"player-photo\"><img loading=\"lazy\" decoding=\"async\" width=\"178\" height=\"400\" src=\"https:\/\/soccaczech.cz\/liga\/wp-content\/uploads\/2026\/03\/WhatsApp-Image-2026-03-07-at-16.02.06-178x400.jpeg\" class=\"attachment-sportspress-fit-icon size-sportspress-fit-icon wp-post-image\" alt=\"\" \/><\/span>04025\ud83d\udfe0Pavlo Brana<\/a><\/td><td class=\"data-team\" data-label=\"T\u00fdm\"><a href=\"https:\/\/soccaczech.cz\/liga\/sport-team\/vism-football\/\">VISM FOOTBALL<\/a><\/td><td class=\"data-yellowcards\" data-label=\"\u017dlut\u00e9 karty\">0<\/td><td class=\"data-redcards\" data-label=\"\u010cerven\u00e9 karty\">0<\/td><\/tr><tr class=\"even\"><td class=\"data-name has-photo\" data-label=\"Hr\u00e1\u010d\"><a href=\"https:\/\/soccaczech.cz\/liga\/player\/04026%f0%9f%9f%a0vasyl-vlachyn\/\"><span class=\"player-photo\"><img loading=\"lazy\" decoding=\"async\" width=\"299\" height=\"400\" src=\"https:\/\/soccaczech.cz\/liga\/wp-content\/uploads\/2026\/03\/WhatsApp-Image-2026-03-07-at-15.52.40-299x400.jpeg\" class=\"attachment-sportspress-fit-icon size-sportspress-fit-icon wp-post-image\" alt=\"\" \/><\/span>04026\ud83d\udfe0Vasyl Vlachyn<\/a><\/td><td class=\"data-team\" data-label=\"T\u00fdm\"><a href=\"https:\/\/soccaczech.cz\/liga\/sport-team\/vism-football\/\">VISM FOOTBALL<\/a><\/td><td class=\"data-yellowcards\" data-label=\"\u017dlut\u00e9 karty\">0<\/td><td class=\"data-redcards\" data-label=\"\u010cerven\u00e9 karty\">0<\/td><\/tr><tr class=\"odd\"><td class=\"data-name has-photo\" data-label=\"Hr\u00e1\u010d\"><a href=\"https:\/\/soccaczech.cz\/liga\/player\/04027%f0%9f%9f%a0vasyl-nemesh\/\"><span class=\"player-photo\"><img loading=\"lazy\" decoding=\"async\" width=\"267\" height=\"400\" src=\"https:\/\/soccaczech.cz\/liga\/wp-content\/uploads\/2026\/03\/WhatsApp-Image-2026-03-07-at-16.02.45-267x400.jpeg\" class=\"attachment-sportspress-fit-icon size-sportspress-fit-icon wp-post-image\" alt=\"\" \/><\/span>04027\ud83d\udfe2Vasyl Nemesh<\/a><\/td><td class=\"data-team\" data-label=\"T\u00fdm\"><a href=\"https:\/\/soccaczech.cz\/liga\/?post_type=page&amp;p=45993\">-<\/a><\/td><td class=\"data-yellowcards\" data-label=\"\u017dlut\u00e9 karty\">0<\/td><td class=\"data-redcards\" data-label=\"\u010cerven\u00e9 karty\">0<\/td><\/tr><tr class=\"even\"><td class=\"data-name has-photo\" data-label=\"Hr\u00e1\u010d\"><a href=\"https:\/\/soccaczech.cz\/liga\/player\/04028-%f0%9f%9f%a0-yosyp-ukhal\/\"><span class=\"player-photo\"><img loading=\"lazy\" decoding=\"async\" width=\"283\" height=\"400\" src=\"https:\/\/soccaczech.cz\/liga\/wp-content\/uploads\/2026\/04\/WhatsApp-Image-2026-04-10-at-12.46.20.jpeg\" class=\"attachment-sportspress-fit-icon size-sportspress-fit-icon wp-post-image\" alt=\"\" \/><\/span>04028 \ud83d\udfe2 Yosyp Ukhal<\/a><\/td><td class=\"data-team\" data-label=\"T\u00fdm\"><a href=\"https:\/\/soccaczech.cz\/liga\/?post_type=page&amp;p=45993\">-<\/a><\/td><td class=\"data-yellowcards\" data-label=\"\u017dlut\u00e9 karty\">0<\/td><td class=\"data-redcards\" data-label=\"\u010cerven\u00e9 karty\">0<\/td><\/tr><tr class=\"odd\"><td class=\"data-name has-photo\" data-label=\"Hr\u00e1\u010d\"><a href=\"https:\/\/soccaczech.cz\/liga\/player\/04029-%f0%9f%9f%a0-oleh-havryshchyshyn\/\"><span class=\"player-photo\"><img loading=\"lazy\" decoding=\"async\" width=\"356\" height=\"400\" src=\"https:\/\/soccaczech.cz\/liga\/wp-content\/uploads\/2026\/04\/WhatsApp-Image-2026-04-10-at-13.16.13-356x400.jpeg\" class=\"attachment-sportspress-fit-icon size-sportspress-fit-icon wp-post-image\" alt=\"\" \/><\/span>04029 \ud83d\udfe2  Oleh Havryshchyshyn<\/a><\/td><td class=\"data-team\" data-label=\"T\u00fdm\"><a href=\"https:\/\/soccaczech.cz\/liga\/sport-team\/vism-football\/\">VISM FOOTBALL<\/a><\/td><td class=\"data-yellowcards\" data-label=\"\u017dlut\u00e9 karty\">0<\/td><td class=\"data-redcards\" data-label=\"\u010cerven\u00e9 karty\">0<\/td><\/tr><tr class=\"even\"><td class=\"data-name\" data-label=\"Hr\u00e1\u010d\"><a href=\"https:\/\/soccaczech.cz\/liga\/player\/04030-%f0%9f%9f%a2-dmytro-dobosh\/\">04030 \ud83d\udfe2 Dmytro Dobosh<\/a><\/td><td class=\"data-team\" data-label=\"T\u00fdm\"><a href=\"https:\/\/soccaczech.cz\/liga\/sport-team\/vism-football\/\">VISM FOOTBALL<\/a><\/td><td class=\"data-yellowcards\" data-label=\"\u017dlut\u00e9 karty\">0<\/td><td class=\"data-redcards\" data-label=\"\u010cerven\u00e9 karty\">0<\/td><\/tr><tr class=\"odd\"><td class=\"data-name\" data-label=\"Hr\u00e1\u010d\"><a href=\"https:\/\/soccaczech.cz\/liga\/player\/04031-%f0%9f%9f%a2-ivan-habor\/\">04031 \ud83d\udfe2 Ivan Habor<\/a><\/td><td class=\"data-team\" data-label=\"T\u00fdm\"><a href=\"https:\/\/soccaczech.cz\/liga\/sport-team\/vism-football\/\">VISM FOOTBALL<\/a><\/td><td class=\"data-yellowcards\" data-label=\"\u017dlut\u00e9 karty\">0<\/td><td class=\"data-redcards\" data-label=\"\u010cerven\u00e9 karty\">0<\/td><\/tr><tr class=\"even\"><td class=\"data-name\" data-label=\"Hr\u00e1\u010d\"><a href=\"https:\/\/soccaczech.cz\/liga\/player\/04032-%f0%9f%9f%a2-vitalii-tsybarovskyi\/\">04032 \ud83d\udfe2 Vitalii Tsybarovskyi<\/a><\/td><td class=\"data-team\" data-label=\"T\u00fdm\"><a href=\"https:\/\/soccaczech.cz\/liga\/sport-team\/vism-football\/\">VISM FOOTBALL<\/a><\/td><td class=\"data-yellowcards\" data-label=\"\u017dlut\u00e9 karty\">0<\/td><td class=\"data-redcards\" data-label=\"\u010cerven\u00e9 karty\">0<\/td><\/tr><tr class=\"odd\"><td class=\"data-name has-photo\" data-label=\"Hr\u00e1\u010d\"><a href=\"https:\/\/soccaczech.cz\/liga\/player\/rostyslav-boryn\/\"><span class=\"player-photo\"><img loading=\"lazy\" decoding=\"async\" width=\"225\" height=\"400\" src=\"https:\/\/soccaczech.cz\/liga\/wp-content\/uploads\/2004\/12\/IMG_2963-225x400.png\" class=\"attachment-sportspress-fit-icon size-sportspress-fit-icon wp-post-image\" alt=\"\" \/><\/span>05001 \ud83d\udfe2 Rostyslav Boryn (VD)<\/a><\/td><td class=\"data-team\" data-label=\"T\u00fdm\"><a href=\"https:\/\/soccaczech.cz\/liga\/sport-team\/mlady-a-perspektivni\/\">MLAD\u00dd A PERSPEKTIVN\u00cd<\/a><\/td><td class=\"data-yellowcards\" data-label=\"\u017dlut\u00e9 karty\">0<\/td><td class=\"data-redcards\" data-label=\"\u010cerven\u00e9 karty\">0<\/td><\/tr><tr class=\"even\"><td class=\"data-name has-photo\" data-label=\"Hr\u00e1\u010d\"><a href=\"https:\/\/soccaczech.cz\/liga\/player\/vitalii-lastivka\/\"><span class=\"player-photo\"><img loading=\"lazy\" decoding=\"async\" width=\"321\" height=\"400\" src=\"https:\/\/soccaczech.cz\/liga\/wp-content\/uploads\/2003\/03\/IMG_2949-321x400.png\" class=\"attachment-sportspress-fit-icon size-sportspress-fit-icon wp-post-image\" alt=\"\" \/><\/span>05002 \ud83d\udfe2 Vitalii Lastivka (VD)<\/a><\/td><td class=\"data-team\" data-label=\"T\u00fdm\"><a href=\"https:\/\/soccaczech.cz\/liga\/sport-team\/mlady-a-perspektivni\/\">MLAD\u00dd A PERSPEKTIVN\u00cd<\/a><\/td><td class=\"data-yellowcards\" data-label=\"\u017dlut\u00e9 karty\">0<\/td><td class=\"data-redcards\" data-label=\"\u010cerven\u00e9 karty\">0<\/td><\/tr><tr class=\"odd\"><td class=\"data-name has-photo\" data-label=\"Hr\u00e1\u010d\"><a href=\"https:\/\/soccaczech.cz\/liga\/player\/mykola-hrypas\/\"><span class=\"player-photo\"><img loading=\"lazy\" decoding=\"async\" width=\"400\" height=\"348\" src=\"https:\/\/soccaczech.cz\/liga\/wp-content\/uploads\/2003\/05\/IMG_2956-400x348.png\" class=\"attachment-sportspress-fit-icon size-sportspress-fit-icon wp-post-image\" alt=\"\" \/><\/span>05003 \ud83d\udfe2 Mykola Hrypas<\/a><\/td><td class=\"data-team\" data-label=\"T\u00fdm\"><a href=\"https:\/\/soccaczech.cz\/liga\/sport-team\/mlady-a-perspektivni\/\">MLAD\u00dd A PERSPEKTIVN\u00cd<\/a><\/td><td class=\"data-yellowcards\" data-label=\"\u017dlut\u00e9 karty\">0<\/td><td class=\"data-redcards\" data-label=\"\u010cerven\u00e9 karty\">0<\/td><\/tr><tr class=\"even\"><td class=\"data-name has-photo\" data-label=\"Hr\u00e1\u010d\"><a href=\"https:\/\/soccaczech.cz\/liga\/player\/volodymyr-ostafiichuk\/\"><span class=\"player-photo\"><img loading=\"lazy\" decoding=\"async\" width=\"324\" height=\"400\" src=\"https:\/\/soccaczech.cz\/liga\/wp-content\/uploads\/2003\/07\/IMG_2952-324x400.png\" class=\"attachment-sportspress-fit-icon size-sportspress-fit-icon wp-post-image\" alt=\"\" \/><\/span>05004 \ud83d\udfe2 Volodymyr Ostafiichuk<\/a><\/td><td class=\"data-team\" data-label=\"T\u00fdm\"><a href=\"https:\/\/soccaczech.cz\/liga\/sport-team\/mlady-a-perspektivni\/\">MLAD\u00dd A PERSPEKTIVN\u00cd<\/a><\/td><td class=\"data-yellowcards\" data-label=\"\u017dlut\u00e9 karty\">0<\/td><td class=\"data-redcards\" data-label=\"\u010cerven\u00e9 karty\">0<\/td><\/tr><tr class=\"odd\"><td class=\"data-name has-photo\" data-label=\"Hr\u00e1\u010d\"><a href=\"https:\/\/soccaczech.cz\/liga\/player\/vitalii-konashchuk\/\"><span class=\"player-photo\"><img loading=\"lazy\" decoding=\"async\" width=\"381\" height=\"400\" src=\"https:\/\/soccaczech.cz\/liga\/wp-content\/uploads\/2005\/09\/IMG_2946-381x400.png\" class=\"attachment-sportspress-fit-icon size-sportspress-fit-icon wp-post-image\" alt=\"\" \/><\/span>05005 \ud83d\udfe2 Vitalii Konashchuk<\/a><\/td><td class=\"data-team\" data-label=\"T\u00fdm\"><a href=\"https:\/\/soccaczech.cz\/liga\/sport-team\/mlady-a-perspektivni\/\">MLAD\u00dd A PERSPEKTIVN\u00cd<\/a><\/td><td class=\"data-yellowcards\" data-label=\"\u017dlut\u00e9 karty\">0<\/td><td class=\"data-redcards\" data-label=\"\u010cerven\u00e9 karty\">0<\/td><\/tr><tr class=\"even\"><td class=\"data-name has-photo\" data-label=\"Hr\u00e1\u010d\"><a href=\"https:\/\/soccaczech.cz\/liga\/player\/vladislav-bubnov\/\"><span class=\"player-photo\"><img loading=\"lazy\" decoding=\"async\" width=\"328\" height=\"400\" src=\"https:\/\/soccaczech.cz\/liga\/wp-content\/uploads\/2000\/11\/IMG_2955-328x400.png\" class=\"attachment-sportspress-fit-icon size-sportspress-fit-icon wp-post-image\" alt=\"\" \/><\/span>05006 \ud83d\udfe2 Vladislav Bubnov<\/a><\/td><td class=\"data-team\" data-label=\"T\u00fdm\"><a href=\"https:\/\/soccaczech.cz\/liga\/sport-team\/mlady-a-perspektivni\/\">MLAD\u00dd A PERSPEKTIVN\u00cd<\/a><\/td><td class=\"data-yellowcards\" data-label=\"\u017dlut\u00e9 karty\">0<\/td><td class=\"data-redcards\" data-label=\"\u010cerven\u00e9 karty\">0<\/td><\/tr><tr class=\"odd\"><td class=\"data-name has-photo\" data-label=\"Hr\u00e1\u010d\"><a href=\"https:\/\/soccaczech.cz\/liga\/player\/vitalii-pasieka\/\"><span class=\"player-photo\"><img loading=\"lazy\" decoding=\"async\" width=\"295\" height=\"400\" src=\"https:\/\/soccaczech.cz\/liga\/wp-content\/uploads\/2004\/12\/Motiv-295x400.png\" class=\"attachment-sportspress-fit-icon size-sportspress-fit-icon wp-post-image\" alt=\"\" \/><\/span>05007 \ud83d\udfe2 Vitalii Pasieka<\/a><\/td><td class=\"data-team\" data-label=\"T\u00fdm\"><a href=\"https:\/\/soccaczech.cz\/liga\/sport-team\/mlady-a-perspektivni\/\">MLAD\u00dd A PERSPEKTIVN\u00cd<\/a><\/td><td class=\"data-yellowcards\" data-label=\"\u017dlut\u00e9 karty\">0<\/td><td class=\"data-redcards\" data-label=\"\u010cerven\u00e9 karty\">0<\/td><\/tr><tr class=\"even\"><td class=\"data-name has-photo\" data-label=\"Hr\u00e1\u010d\"><a href=\"https:\/\/soccaczech.cz\/liga\/player\/ihor-dordiak\/\"><span class=\"player-photo\"><img loading=\"lazy\" decoding=\"async\" width=\"213\" height=\"400\" src=\"https:\/\/soccaczech.cz\/liga\/wp-content\/uploads\/2004\/05\/IMG_2951-213x400.png\" class=\"attachment-sportspress-fit-icon size-sportspress-fit-icon wp-post-image\" alt=\"\" \/><\/span>05008 \ud83d\udfe2 Ihor Dordiak<\/a><\/td><td class=\"data-team\" data-label=\"T\u00fdm\"><a href=\"https:\/\/soccaczech.cz\/liga\/sport-team\/mlady-a-perspektivni\/\">MLAD\u00dd A PERSPEKTIVN\u00cd<\/a><\/td><td class=\"data-yellowcards\" data-label=\"\u017dlut\u00e9 karty\">0<\/td><td class=\"data-redcards\" data-label=\"\u010cerven\u00e9 karty\">0<\/td><\/tr><tr class=\"odd\"><td class=\"data-name has-photo\" data-label=\"Hr\u00e1\u010d\"><a href=\"https:\/\/soccaczech.cz\/liga\/player\/bohdan-klimuk\/\"><span class=\"player-photo\"><img loading=\"lazy\" decoding=\"async\" width=\"289\" height=\"400\" src=\"https:\/\/soccaczech.cz\/liga\/wp-content\/uploads\/2005\/04\/IMG_2950-289x400.png\" class=\"attachment-sportspress-fit-icon size-sportspress-fit-icon wp-post-image\" alt=\"\" \/><\/span>05009 \ud83d\udfe2 Bohdan Klimuk<\/a><\/td><td class=\"data-team\" data-label=\"T\u00fdm\"><a href=\"https:\/\/soccaczech.cz\/liga\/sport-team\/mlady-a-perspektivni\/\">MLAD\u00dd A PERSPEKTIVN\u00cd<\/a><\/td><td class=\"data-yellowcards\" data-label=\"\u017dlut\u00e9 karty\">0<\/td><td class=\"data-redcards\" data-label=\"\u010cerven\u00e9 karty\">0<\/td><\/tr><tr class=\"even\"><td class=\"data-name has-photo\" data-label=\"Hr\u00e1\u010d\"><a href=\"https:\/\/soccaczech.cz\/liga\/player\/viacheslav-sorokatyi\/\"><span class=\"player-photo\"><img loading=\"lazy\" decoding=\"async\" width=\"311\" height=\"400\" src=\"https:\/\/soccaczech.cz\/liga\/wp-content\/uploads\/2005\/05\/IMG_2948-311x400.png\" class=\"attachment-sportspress-fit-icon size-sportspress-fit-icon wp-post-image\" alt=\"\" \/><\/span>05010 \ud83d\udfe2 Viacheslav Sorokatyi<\/a><\/td><td class=\"data-team\" data-label=\"T\u00fdm\"><a href=\"https:\/\/soccaczech.cz\/liga\/sport-team\/mlady-a-perspektivni\/\">MLAD\u00dd A PERSPEKTIVN\u00cd<\/a><\/td><td class=\"data-yellowcards\" data-label=\"\u017dlut\u00e9 karty\">0<\/td><td class=\"data-redcards\" data-label=\"\u010cerven\u00e9 karty\">0<\/td><\/tr><tr class=\"odd\"><td class=\"data-name has-photo\" data-label=\"Hr\u00e1\u010d\"><a href=\"https:\/\/soccaczech.cz\/liga\/player\/05011-%f0%9f%9f%a2-viktor-bihun\/\"><span class=\"player-photo\"><img loading=\"lazy\" decoding=\"async\" width=\"391\" height=\"400\" src=\"https:\/\/soccaczech.cz\/liga\/wp-content\/uploads\/2026\/03\/IMG_2944-1002x1024-1-391x400.png\" class=\"attachment-sportspress-fit-icon size-sportspress-fit-icon wp-post-image\" alt=\"\" \/><\/span>05011 \ud83d\udfe2 Viktor Bihun<\/a><\/td><td class=\"data-team\" data-label=\"T\u00fdm\"><a href=\"https:\/\/soccaczech.cz\/liga\/?post_type=page&amp;p=45993\">-<\/a><\/td><td class=\"data-yellowcards\" data-label=\"\u017dlut\u00e9 karty\">0<\/td><td class=\"data-redcards\" data-label=\"\u010cerven\u00e9 karty\">0<\/td><\/tr><tr class=\"even\"><td class=\"data-name has-photo\" data-label=\"Hr\u00e1\u010d\"><a href=\"https:\/\/soccaczech.cz\/liga\/player\/oleksandr-tseber\/\"><span class=\"player-photo\"><img loading=\"lazy\" decoding=\"async\" width=\"400\" height=\"378\" src=\"https:\/\/soccaczech.cz\/liga\/wp-content\/uploads\/2001\/11\/IMG_2953-400x378.png\" class=\"attachment-sportspress-fit-icon size-sportspress-fit-icon wp-post-image\" alt=\"\" \/><\/span>05013 \ud83d\udfe2 Oleksandr Tseber<\/a><\/td><td class=\"data-team\" data-label=\"T\u00fdm\"><a href=\"https:\/\/soccaczech.cz\/liga\/sport-team\/mlady-a-perspektivni\/\">MLAD\u00dd A PERSPEKTIVN\u00cd<\/a><\/td><td class=\"data-yellowcards\" data-label=\"\u017dlut\u00e9 karty\">0<\/td><td class=\"data-redcards\" data-label=\"\u010cerven\u00e9 karty\">0<\/td><\/tr><tr class=\"odd\"><td class=\"data-name has-photo\" data-label=\"Hr\u00e1\u010d\"><a href=\"https:\/\/soccaczech.cz\/liga\/player\/vladyslav-kuzmenko\/\"><span class=\"player-photo\"><img loading=\"lazy\" decoding=\"async\" width=\"370\" height=\"400\" src=\"https:\/\/soccaczech.cz\/liga\/wp-content\/uploads\/2006\/08\/Vladyslav-Kuzmenko-370x400.png\" class=\"attachment-sportspress-fit-icon size-sportspress-fit-icon wp-post-image\" alt=\"\" \/><\/span>05017 \ud83d\udfe2 Vladyslav Kuzmenko<\/a><\/td><td class=\"data-team\" data-label=\"T\u00fdm\"><a href=\"https:\/\/soccaczech.cz\/liga\/sport-team\/mlady-a-perspektivni\/\">MLAD\u00dd A PERSPEKTIVN\u00cd<\/a><\/td><td class=\"data-yellowcards\" data-label=\"\u017dlut\u00e9 karty\">0<\/td><td class=\"data-redcards\" data-label=\"\u010cerven\u00e9 karty\">0<\/td><\/tr><tr class=\"even\"><td class=\"data-name has-photo\" data-label=\"Hr\u00e1\u010d\"><a href=\"https:\/\/soccaczech.cz\/liga\/player\/012011%f0%9f%9f%a0artem-bohar\/\"><span class=\"player-photo\"><img loading=\"lazy\" decoding=\"async\" width=\"227\" height=\"400\" src=\"https:\/\/soccaczech.cz\/liga\/wp-content\/uploads\/2026\/03\/IMG_3413-227x400.jpg\" class=\"attachment-sportspress-fit-icon size-sportspress-fit-icon wp-post-image\" alt=\"\" \/><\/span>05018 \ud83d\udfe2 Artem Bohar<\/a><\/td><td class=\"data-team\" data-label=\"T\u00fdm\"><a href=\"https:\/\/soccaczech.cz\/liga\/sport-team\/fc-donbass\/\">FC DONBASS<\/a><\/td><td class=\"data-yellowcards\" data-label=\"\u017dlut\u00e9 karty\">1<\/td><td class=\"data-redcards\" data-label=\"\u010cerven\u00e9 karty\">0<\/td><\/tr><tr class=\"odd\"><td class=\"data-name has-photo\" data-label=\"Hr\u00e1\u010d\"><a href=\"https:\/\/soccaczech.cz\/liga\/player\/savliak-mykola\/\"><span class=\"player-photo\"><img loading=\"lazy\" decoding=\"async\" width=\"228\" height=\"400\" src=\"https:\/\/soccaczech.cz\/liga\/wp-content\/uploads\/2006\/09\/Savliak-Mykola-228x400.png\" class=\"attachment-sportspress-fit-icon size-sportspress-fit-icon wp-post-image\" alt=\"\" \/><\/span>05021 \ud83d\udfe2 Savliak Mykola<\/a><\/td><td class=\"data-team\" data-label=\"T\u00fdm\"><a href=\"https:\/\/soccaczech.cz\/liga\/sport-team\/mlady-a-perspektivni\/\">MLAD\u00dd A PERSPEKTIVN\u00cd<\/a><\/td><td class=\"data-yellowcards\" data-label=\"\u017dlut\u00e9 karty\">0<\/td><td class=\"data-redcards\" data-label=\"\u010cerven\u00e9 karty\">0<\/td><\/tr><tr class=\"even\"><td class=\"data-name has-photo\" data-label=\"Hr\u00e1\u010d\"><a href=\"https:\/\/soccaczech.cz\/liga\/player\/khainas-vladyslav\/\"><span class=\"player-photo\"><img loading=\"lazy\" decoding=\"async\" width=\"396\" height=\"400\" src=\"https:\/\/soccaczech.cz\/liga\/wp-content\/uploads\/2007\/02\/Khainas-Vladyslav-396x400.png\" class=\"attachment-sportspress-fit-icon size-sportspress-fit-icon wp-post-image\" alt=\"\" \/><\/span>05022 \ud83d\udfe2 Khainas Vladyslav<\/a><\/td><td class=\"data-team\" data-label=\"T\u00fdm\"><a href=\"https:\/\/soccaczech.cz\/liga\/sport-team\/mlady-a-perspektivni\/\">MLAD\u00dd A PERSPEKTIVN\u00cd<\/a><\/td><td class=\"data-yellowcards\" data-label=\"\u017dlut\u00e9 karty\">0<\/td><td class=\"data-redcards\" data-label=\"\u010cerven\u00e9 karty\">0<\/td><\/tr><tr class=\"odd\"><td class=\"data-name has-photo\" data-label=\"Hr\u00e1\u010d\"><a href=\"https:\/\/soccaczech.cz\/liga\/player\/myron-tokar\/\"><span class=\"player-photo\"><img loading=\"lazy\" decoding=\"async\" width=\"400\" height=\"400\" src=\"https:\/\/soccaczech.cz\/liga\/wp-content\/uploads\/2008\/03\/Myron-400x400.png\" class=\"attachment-sportspress-fit-icon size-sportspress-fit-icon wp-post-image\" alt=\"\" \/><\/span>05023 \ud83d\udfe2 Myron Tokar<\/a><\/td><td class=\"data-team\" data-label=\"T\u00fdm\"><a href=\"https:\/\/soccaczech.cz\/liga\/?post_type=page&amp;p=45993\">-<\/a><\/td><td class=\"data-yellowcards\" data-label=\"\u017dlut\u00e9 karty\">0<\/td><td class=\"data-redcards\" data-label=\"\u010cerven\u00e9 karty\">0<\/td><\/tr><tr class=\"even\"><td class=\"data-name has-photo\" data-label=\"Hr\u00e1\u010d\"><a href=\"https:\/\/soccaczech.cz\/liga\/player\/stanislav-salai\/\"><span class=\"player-photo\"><img loading=\"lazy\" decoding=\"async\" width=\"314\" height=\"400\" src=\"https:\/\/soccaczech.cz\/liga\/wp-content\/uploads\/2008\/03\/salai-314x400.png\" class=\"attachment-sportspress-fit-icon size-sportspress-fit-icon wp-post-image\" alt=\"\" \/><\/span>05024\ud83d\udfe2 Stanislav Salai<\/a><\/td><td class=\"data-team\" data-label=\"T\u00fdm\"><a href=\"https:\/\/soccaczech.cz\/liga\/?post_type=page&amp;p=45993\">-<\/a><\/td><td class=\"data-yellowcards\" data-label=\"\u017dlut\u00e9 karty\">0<\/td><td class=\"data-redcards\" data-label=\"\u010cerven\u00e9 karty\">0<\/td><\/tr><tr class=\"odd\"><td class=\"data-name has-photo\" data-label=\"Hr\u00e1\u010d\"><a href=\"https:\/\/soccaczech.cz\/liga\/player\/denys-bieliaiev\/\"><span class=\"player-photo\"><img loading=\"lazy\" decoding=\"async\" width=\"400\" height=\"367\" src=\"https:\/\/soccaczech.cz\/liga\/wp-content\/uploads\/2008\/03\/denys-400x367.png\" class=\"attachment-sportspress-fit-icon size-sportspress-fit-icon wp-post-image\" alt=\"\" \/><\/span>05025 \ud83d\udfe0 Denys Bieliaiev<\/a><\/td><td class=\"data-team\" data-label=\"T\u00fdm\"><a href=\"https:\/\/soccaczech.cz\/liga\/sport-team\/mlady-a-perspektivni\/\">MLAD\u00dd A PERSPEKTIVN\u00cd<\/a><\/td><td class=\"data-yellowcards\" data-label=\"\u017dlut\u00e9 karty\">0<\/td><td class=\"data-redcards\" data-label=\"\u010cerven\u00e9 karty\">0<\/td><\/tr><tr class=\"even\"><td class=\"data-name has-photo\" data-label=\"Hr\u00e1\u010d\"><a href=\"https:\/\/soccaczech.cz\/liga\/player\/05026-%f0%9f%9f%a0oleh-udut\/\"><span class=\"player-photo\"><img loading=\"lazy\" decoding=\"async\" width=\"245\" height=\"400\" src=\"https:\/\/soccaczech.cz\/liga\/wp-content\/uploads\/2026\/03\/010001\ud83d\udfe2-9-245x400.png\" class=\"attachment-sportspress-fit-icon size-sportspress-fit-icon wp-post-image\" alt=\"\" \/><\/span>05026 \ud83d\udfe2Oleh Udut<\/a><\/td><td class=\"data-team\" data-label=\"T\u00fdm\"><a href=\"https:\/\/soccaczech.cz\/liga\/?post_type=page&amp;p=45993\">-<\/a><\/td><td class=\"data-yellowcards\" data-label=\"\u017dlut\u00e9 karty\">0<\/td><td class=\"data-redcards\" data-label=\"\u010cerven\u00e9 karty\">0<\/td><\/tr><tr class=\"odd\"><td class=\"data-name has-photo\" data-label=\"Hr\u00e1\u010d\"><a href=\"https:\/\/soccaczech.cz\/liga\/player\/05026-%f0%9f%9f%a0buhrii-vasyl\/\"><span class=\"player-photo\"><img loading=\"lazy\" decoding=\"async\" width=\"245\" height=\"400\" src=\"https:\/\/soccaczech.cz\/liga\/wp-content\/uploads\/2026\/03\/010001\ud83d\udfe2-10-245x400.png\" class=\"attachment-sportspress-fit-icon size-sportspress-fit-icon wp-post-image\" alt=\"\" \/><\/span>05027 \ud83d\udfe2Buhrii Vasyl<\/a><\/td><td class=\"data-team\" data-label=\"T\u00fdm\"><a href=\"https:\/\/soccaczech.cz\/liga\/?post_type=page&amp;p=45993\">-<\/a><\/td><td class=\"data-yellowcards\" data-label=\"\u017dlut\u00e9 karty\">0<\/td><td class=\"data-redcards\" data-label=\"\u010cerven\u00e9 karty\">0<\/td><\/tr><tr class=\"even\"><td class=\"data-name has-photo\" data-label=\"Hr\u00e1\u010d\"><a href=\"https:\/\/soccaczech.cz\/liga\/player\/jiri-henek\/\"><span class=\"player-photo\"><img loading=\"lazy\" decoding=\"async\" width=\"294\" height=\"400\" src=\"https:\/\/soccaczech.cz\/liga\/wp-content\/uploads\/1988\/08\/IMG_2882-294x400.png\" class=\"attachment-sportspress-fit-icon size-sportspress-fit-icon wp-post-image\" alt=\"\" \/><\/span>06002 \ud83d\udfe2 Ji\u0159\u00ed Henek (VD)<\/a><\/td><td class=\"data-team\" data-label=\"T\u00fdm\"><a href=\"https:\/\/soccaczech.cz\/liga\/sport-team\/spartasocca\/\">SPARTA SOCCA<\/a><\/td><td class=\"data-yellowcards\" data-label=\"\u017dlut\u00e9 karty\">0<\/td><td class=\"data-redcards\" data-label=\"\u010cerven\u00e9 karty\">0<\/td><\/tr><tr class=\"odd\"><td class=\"data-name has-photo\" data-label=\"Hr\u00e1\u010d\"><a href=\"https:\/\/soccaczech.cz\/liga\/player\/miroslav-vaclavik\/\"><span class=\"player-photo\"><img loading=\"lazy\" decoding=\"async\" width=\"400\" height=\"364\" src=\"https:\/\/soccaczech.cz\/liga\/wp-content\/uploads\/1998\/08\/IMG_2857-400x364.png\" class=\"attachment-sportspress-fit-icon size-sportspress-fit-icon wp-post-image\" alt=\"\" \/><\/span>06006 \ud83d\udfe2 Miroslav V\u00e1clav\u00edk<\/a><\/td><td class=\"data-team\" data-label=\"T\u00fdm\"><a href=\"https:\/\/soccaczech.cz\/liga\/sport-team\/spartasocca\/\">SPARTA SOCCA<\/a><\/td><td class=\"data-yellowcards\" data-label=\"\u017dlut\u00e9 karty\">0<\/td><td class=\"data-redcards\" data-label=\"\u010cerven\u00e9 karty\">0<\/td><\/tr><tr class=\"even\"><td class=\"data-name has-photo\" data-label=\"Hr\u00e1\u010d\"><a href=\"https:\/\/soccaczech.cz\/liga\/player\/maksym-dikusar\/\"><span class=\"player-photo\"><img loading=\"lazy\" decoding=\"async\" width=\"400\" height=\"355\" src=\"https:\/\/soccaczech.cz\/liga\/wp-content\/uploads\/1994\/11\/IMG_2860-400x355.png\" class=\"attachment-sportspress-fit-icon size-sportspress-fit-icon wp-post-image\" alt=\"\" \/><\/span>06008 \ud83d\udfe2 Maksym Dikusar<\/a><\/td><td class=\"data-team\" data-label=\"T\u00fdm\"><a href=\"https:\/\/soccaczech.cz\/liga\/sport-team\/spartasocca\/\">SPARTA SOCCA<\/a><\/td><td class=\"data-yellowcards\" data-label=\"\u017dlut\u00e9 karty\">0<\/td><td class=\"data-redcards\" data-label=\"\u010cerven\u00e9 karty\">0<\/td><\/tr><tr class=\"odd\"><td class=\"data-name has-photo\" data-label=\"Hr\u00e1\u010d\"><a href=\"https:\/\/soccaczech.cz\/liga\/player\/milan-sidlo\/\"><span class=\"player-photo\"><img loading=\"lazy\" decoding=\"async\" width=\"398\" height=\"400\" src=\"https:\/\/soccaczech.cz\/liga\/wp-content\/uploads\/2000\/09\/IMG_2862-398x400.png\" class=\"attachment-sportspress-fit-icon size-sportspress-fit-icon wp-post-image\" alt=\"\" \/><\/span>06010 \ud83d\udfe0 Milan \u0160\u00eddlo<\/a><\/td><td class=\"data-team\" data-label=\"T\u00fdm\"><a href=\"https:\/\/soccaczech.cz\/liga\/sport-team\/spartasocca\/\">SPARTA SOCCA<\/a><\/td><td class=\"data-yellowcards\" data-label=\"\u017dlut\u00e9 karty\">0<\/td><td class=\"data-redcards\" data-label=\"\u010cerven\u00e9 karty\">0<\/td><\/tr><tr class=\"even\"><td class=\"data-name has-photo\" data-label=\"Hr\u00e1\u010d\"><a href=\"https:\/\/soccaczech.cz\/liga\/player\/patrik-vala\/\"><span class=\"player-photo\"><img loading=\"lazy\" decoding=\"async\" width=\"400\" height=\"392\" src=\"https:\/\/soccaczech.cz\/liga\/wp-content\/uploads\/2000\/11\/IMG_2902-400x392.png\" class=\"attachment-sportspress-fit-icon size-sportspress-fit-icon wp-post-image\" alt=\"\" \/><\/span>06014 \ud83d\udfe2 Patrik Vala<\/a><\/td><td class=\"data-team\" data-label=\"T\u00fdm\"><a href=\"https:\/\/soccaczech.cz\/liga\/sport-team\/spartasocca\/\">SPARTA SOCCA<\/a><\/td><td class=\"data-yellowcards\" data-label=\"\u017dlut\u00e9 karty\">0<\/td><td class=\"data-redcards\" data-label=\"\u010cerven\u00e9 karty\">0<\/td><\/tr><tr class=\"odd\"><td class=\"data-name has-photo\" data-label=\"Hr\u00e1\u010d\"><a href=\"https:\/\/soccaczech.cz\/liga\/player\/ismar-begic\/\"><span class=\"player-photo\"><img loading=\"lazy\" decoding=\"async\" width=\"250\" height=\"250\" src=\"https:\/\/soccaczech.cz\/liga\/wp-content\/uploads\/1998\/03\/IMG_2874.png\" class=\"attachment-sportspress-fit-icon size-sportspress-fit-icon wp-post-image\" alt=\"\" \/><\/span>06015 \ud83d\udfe2 Ismar Begi\u010d<\/a><\/td><td class=\"data-team\" data-label=\"T\u00fdm\"><a href=\"https:\/\/soccaczech.cz\/liga\/sport-team\/spartasocca\/\">SPARTA SOCCA<\/a><\/td><td class=\"data-yellowcards\" data-label=\"\u017dlut\u00e9 karty\">0<\/td><td class=\"data-redcards\" data-label=\"\u010cerven\u00e9 karty\">0<\/td><\/tr><tr class=\"even\"><td class=\"data-name has-photo\" data-label=\"Hr\u00e1\u010d\"><a href=\"https:\/\/soccaczech.cz\/liga\/player\/matej-cepela\/\"><span class=\"player-photo\"><img loading=\"lazy\" decoding=\"async\" width=\"202\" height=\"261\" src=\"https:\/\/soccaczech.cz\/liga\/wp-content\/uploads\/2006\/08\/IMG_3286.png\" class=\"attachment-sportspress-fit-icon size-sportspress-fit-icon wp-post-image\" alt=\"\" \/><\/span>06030 \ud83d\udfe2 Mat\u011bj \u010cepela<\/a><\/td><td class=\"data-team\" data-label=\"T\u00fdm\"><a href=\"https:\/\/soccaczech.cz\/liga\/sport-team\/spartasocca\/\">SPARTA SOCCA<\/a><\/td><td class=\"data-yellowcards\" data-label=\"\u017dlut\u00e9 karty\">0<\/td><td class=\"data-redcards\" data-label=\"\u010cerven\u00e9 karty\">0<\/td><\/tr><tr class=\"odd\"><td class=\"data-name has-photo\" data-label=\"Hr\u00e1\u010d\"><a href=\"https:\/\/soccaczech.cz\/liga\/player\/lukas-poucek\/\"><span class=\"player-photo\"><img loading=\"lazy\" decoding=\"async\" width=\"400\" height=\"388\" src=\"https:\/\/soccaczech.cz\/liga\/wp-content\/uploads\/2003\/05\/LukasPoucek-400x388.png\" class=\"attachment-sportspress-fit-icon size-sportspress-fit-icon wp-post-image\" alt=\"\" \/><\/span>06033 \ud83d\udfe2 Luk\u00e1\u0161 Pou\u010dek<\/a><\/td><td class=\"data-team\" data-label=\"T\u00fdm\"><a href=\"https:\/\/soccaczech.cz\/liga\/sport-team\/spartasocca\/\">SPARTA SOCCA<\/a><\/td><td class=\"data-yellowcards\" data-label=\"\u017dlut\u00e9 karty\">0<\/td><td class=\"data-redcards\" data-label=\"\u010cerven\u00e9 karty\">0<\/td><\/tr><tr class=\"even\"><td class=\"data-name has-photo\" data-label=\"Hr\u00e1\u010d\"><a href=\"https:\/\/soccaczech.cz\/liga\/player\/tomas-rossmann\/\"><span class=\"player-photo\"><img loading=\"lazy\" decoding=\"async\" width=\"252\" height=\"400\" src=\"https:\/\/soccaczech.cz\/liga\/wp-content\/uploads\/1997\/11\/Tomas-Rossmann-252x400.png\" class=\"attachment-sportspress-fit-icon size-sportspress-fit-icon wp-post-image\" alt=\"\" \/><\/span>06034 \ud83d\udfe2 Tom\u00e1\u0161 Rossmann<\/a><\/td><td class=\"data-team\" data-label=\"T\u00fdm\"><a href=\"https:\/\/soccaczech.cz\/liga\/sport-team\/spartasocca\/\">SPARTA SOCCA<\/a><\/td><td class=\"data-yellowcards\" data-label=\"\u017dlut\u00e9 karty\">0<\/td><td class=\"data-redcards\" data-label=\"\u010cerven\u00e9 karty\">0<\/td><\/tr><tr class=\"odd\"><td class=\"data-name has-photo\" data-label=\"Hr\u00e1\u010d\"><a href=\"https:\/\/soccaczech.cz\/liga\/player\/patrik-uher\/\"><span class=\"player-photo\"><img loading=\"lazy\" decoding=\"async\" width=\"260\" height=\"400\" src=\"https:\/\/soccaczech.cz\/liga\/wp-content\/uploads\/2005\/07\/Patrik-Uher--260x400.png\" class=\"attachment-sportspress-fit-icon size-sportspress-fit-icon wp-post-image\" alt=\"\" \/><\/span>06036 \ud83d\udfe2 Patrik Uher<\/a><\/td><td class=\"data-team\" data-label=\"T\u00fdm\"><a href=\"https:\/\/soccaczech.cz\/liga\/sport-team\/spartasocca\/\">SPARTA SOCCA<\/a><\/td><td class=\"data-yellowcards\" data-label=\"\u017dlut\u00e9 karty\">0<\/td><td class=\"data-redcards\" data-label=\"\u010cerven\u00e9 karty\">0<\/td><\/tr><tr class=\"even\"><td class=\"data-name has-photo\" data-label=\"Hr\u00e1\u010d\"><a href=\"https:\/\/soccaczech.cz\/liga\/player\/ondrej-haluza\/\"><span class=\"player-photo\"><img loading=\"lazy\" decoding=\"async\" width=\"284\" height=\"400\" src=\"https:\/\/soccaczech.cz\/liga\/wp-content\/uploads\/2005\/06\/ondrejhaluza-284x400.png\" class=\"attachment-sportspress-fit-icon size-sportspress-fit-icon wp-post-image\" alt=\"\" \/><\/span>06047 \ud83d\udfe2 Ond\u0159ej Haluza<\/a><\/td><td class=\"data-team\" data-label=\"T\u00fdm\"><a href=\"https:\/\/soccaczech.cz\/liga\/sport-team\/spartasocca\/\">SPARTA SOCCA<\/a><\/td><td class=\"data-yellowcards\" data-label=\"\u017dlut\u00e9 karty\">0<\/td><td class=\"data-redcards\" data-label=\"\u010cerven\u00e9 karty\">0<\/td><\/tr><tr class=\"odd\"><td class=\"data-name has-photo\" data-label=\"Hr\u00e1\u010d\"><a href=\"https:\/\/soccaczech.cz\/liga\/player\/07001-%f0%9f%9f%a0-daniel-bansky\/\"><span class=\"player-photo\"><img loading=\"lazy\" decoding=\"async\" width=\"306\" height=\"400\" src=\"https:\/\/soccaczech.cz\/liga\/wp-content\/uploads\/2004\/08\/VD-Daniel-Bansky-12.2.2004-306x400.png\" class=\"attachment-sportspress-fit-icon size-sportspress-fit-icon wp-post-image\" alt=\"\" \/><\/span>07001 \ud83d\udfe2 Daniel B\u00e1nsk\u00fd (VD)<\/a><\/td><td class=\"data-team\" data-label=\"T\u00fdm\"><a href=\"https:\/\/soccaczech.cz\/liga\/?post_type=page&amp;p=45993\">-<\/a><\/td><td class=\"data-yellowcards\" data-label=\"\u017dlut\u00e9 karty\">0<\/td><td class=\"data-redcards\" data-label=\"\u010cerven\u00e9 karty\">0<\/td><\/tr><tr class=\"even\"><td class=\"data-name has-photo\" data-label=\"Hr\u00e1\u010d\"><a href=\"https:\/\/soccaczech.cz\/liga\/player\/07002-%f0%9f%9f%a0-ondrej-kratky\/\"><span class=\"player-photo\"><img loading=\"lazy\" decoding=\"async\" width=\"300\" height=\"400\" src=\"https:\/\/soccaczech.cz\/liga\/wp-content\/uploads\/2004\/08\/VD-Ondrej-Kratky-18.4.1993-300x400.png\" class=\"attachment-sportspress-fit-icon size-sportspress-fit-icon wp-post-image\" alt=\"\" \/><\/span>07002 \ud83d\udfe2 Ond\u0159ej Kr\u00e1tk\u00fd (VD)<\/a><\/td><td class=\"data-team\" data-label=\"T\u00fdm\"><a href=\"https:\/\/soccaczech.cz\/liga\/?post_type=page&amp;p=45993\">-<\/a><\/td><td class=\"data-yellowcards\" data-label=\"\u017dlut\u00e9 karty\">0<\/td><td class=\"data-redcards\" data-label=\"\u010cerven\u00e9 karty\">0<\/td><\/tr><tr class=\"odd\"><td class=\"data-name has-photo\" data-label=\"Hr\u00e1\u010d\"><a href=\"https:\/\/soccaczech.cz\/liga\/player\/07003-%f0%9f%9f%a0-damian-bures\/\"><span class=\"player-photo\"><img loading=\"lazy\" decoding=\"async\" width=\"245\" height=\"400\" src=\"https:\/\/soccaczech.cz\/liga\/wp-content\/uploads\/2003\/10\/010001\ud83d\udfe2-49-245x400.png\" class=\"attachment-sportspress-fit-icon size-sportspress-fit-icon wp-post-image\" alt=\"\" \/><\/span>07003 \ud83d\udfe2 Damian Bure\u0161<\/a><\/td><td class=\"data-team\" data-label=\"T\u00fdm\"><a href=\"https:\/\/soccaczech.cz\/liga\/sport-team\/fc-pohoda-socca\/\">FC POHODA SOCCA<\/a><\/td><td class=\"data-yellowcards\" data-label=\"\u017dlut\u00e9 karty\">0<\/td><td class=\"data-redcards\" data-label=\"\u010cerven\u00e9 karty\">0<\/td><\/tr><tr class=\"even\"><td class=\"data-name has-photo\" data-label=\"Hr\u00e1\u010d\"><a href=\"https:\/\/soccaczech.cz\/liga\/player\/07004-%f0%9f%9f%a0-jiri-praslicka\/\"><span class=\"player-photo\"><img loading=\"lazy\" decoding=\"async\" width=\"300\" height=\"400\" src=\"https:\/\/soccaczech.cz\/liga\/wp-content\/uploads\/2004\/08\/Jiri-Praslicka-13.8.2004-300x400.png\" class=\"attachment-sportspress-fit-icon size-sportspress-fit-icon wp-post-image\" alt=\"\" \/><\/span>07004 \ud83d\udfe2  Ji\u0159\u00ed P\u0159asli\u010dka<\/a><\/td><td class=\"data-team\" data-label=\"T\u00fdm\"><a href=\"https:\/\/soccaczech.cz\/liga\/?post_type=page&amp;p=45993\">-<\/a><\/td><td class=\"data-yellowcards\" data-label=\"\u017dlut\u00e9 karty\">0<\/td><td class=\"data-redcards\" data-label=\"\u010cerven\u00e9 karty\">0<\/td><\/tr><tr class=\"odd\"><td class=\"data-name has-photo\" data-label=\"Hr\u00e1\u010d\"><a href=\"https:\/\/soccaczech.cz\/liga\/player\/07005-%f0%9f%9f%a0-dominik-mares\/\"><span class=\"player-photo\"><img loading=\"lazy\" decoding=\"async\" width=\"338\" height=\"400\" src=\"https:\/\/soccaczech.cz\/liga\/wp-content\/uploads\/2004\/08\/Dominik-Mares-23.1.2004-338x400.png\" class=\"attachment-sportspress-fit-icon size-sportspress-fit-icon wp-post-image\" alt=\"\" \/><\/span>07005 \ud83d\udfe0 Dominik Mare\u0161<\/a><\/td><td class=\"data-team\" data-label=\"T\u00fdm\"><a href=\"https:\/\/soccaczech.cz\/liga\/sport-team\/fc-pohoda-socca\/\">FC POHODA SOCCA<\/a><\/td><td class=\"data-yellowcards\" data-label=\"\u017dlut\u00e9 karty\">0<\/td><td class=\"data-redcards\" data-label=\"\u010cerven\u00e9 karty\">0<\/td><\/tr><tr class=\"even\"><td class=\"data-name has-photo\" data-label=\"Hr\u00e1\u010d\"><a href=\"https:\/\/soccaczech.cz\/liga\/player\/07006-%f0%9f%9f%a0-alan-zahora\/\"><span class=\"player-photo\"><img loading=\"lazy\" decoding=\"async\" width=\"245\" height=\"400\" src=\"https:\/\/soccaczech.cz\/liga\/wp-content\/uploads\/2000\/02\/010001\ud83d\udfe2-48-245x400.png\" class=\"attachment-sportspress-fit-icon size-sportspress-fit-icon wp-post-image\" alt=\"\" \/><\/span>07006 \ud83d\udfe2 Alan Z\u00e1hora<\/a><\/td><td class=\"data-team\" data-label=\"T\u00fdm\"><a href=\"https:\/\/soccaczech.cz\/liga\/sport-team\/fc-pohoda-socca\/\">FC POHODA SOCCA<\/a><\/td><td class=\"data-yellowcards\" data-label=\"\u017dlut\u00e9 karty\">0<\/td><td class=\"data-redcards\" data-label=\"\u010cerven\u00e9 karty\">0<\/td><\/tr><tr class=\"odd\"><td class=\"data-name has-photo\" data-label=\"Hr\u00e1\u010d\"><a href=\"https:\/\/soccaczech.cz\/liga\/player\/07007-%f0%9f%9f%a0-jakub-sikanedr\/\"><span class=\"player-photo\"><img loading=\"lazy\" decoding=\"async\" width=\"266\" height=\"272\" src=\"https:\/\/soccaczech.cz\/liga\/wp-content\/uploads\/2004\/08\/Jakub-Sikanedr-3.12.2003.png\" class=\"attachment-sportspress-fit-icon size-sportspress-fit-icon wp-post-image\" alt=\"\" \/><\/span>07007 \ud83d\udfe2 Jakub \u0160ikanedr<\/a><\/td><td class=\"data-team\" data-label=\"T\u00fdm\"><a href=\"https:\/\/soccaczech.cz\/liga\/?post_type=page&amp;p=45993\">-<\/a><\/td><td class=\"data-yellowcards\" data-label=\"\u017dlut\u00e9 karty\">0<\/td><td class=\"data-redcards\" data-label=\"\u010cerven\u00e9 karty\">0<\/td><\/tr><tr class=\"even\"><td class=\"data-name has-photo\" data-label=\"Hr\u00e1\u010d\"><a href=\"https:\/\/soccaczech.cz\/liga\/player\/07008-%f0%9f%9f%a0-jan-kral\/\"><span class=\"player-photo\"><img loading=\"lazy\" decoding=\"async\" width=\"328\" height=\"400\" src=\"https:\/\/soccaczech.cz\/liga\/wp-content\/uploads\/2004\/08\/Jan-Kral-27.12.1993-328x400.png\" class=\"attachment-sportspress-fit-icon size-sportspress-fit-icon wp-post-image\" alt=\"\" \/><\/span>07008 \ud83d\udfe0 Jan Kr\u00e1l<\/a><\/td><td class=\"data-team\" data-label=\"T\u00fdm\"><a href=\"https:\/\/soccaczech.cz\/liga\/sport-team\/fc-pohoda-socca\/\">FC POHODA SOCCA<\/a><\/td><td class=\"data-yellowcards\" data-label=\"\u017dlut\u00e9 karty\">0<\/td><td class=\"data-redcards\" data-label=\"\u010cerven\u00e9 karty\">0<\/td><\/tr><tr class=\"odd\"><td class=\"data-name has-photo\" data-label=\"Hr\u00e1\u010d\"><a href=\"https:\/\/soccaczech.cz\/liga\/player\/07009-%f0%9f%9f%a0-michael-vondrak\/\"><span class=\"player-photo\"><img loading=\"lazy\" decoding=\"async\" width=\"300\" height=\"400\" src=\"https:\/\/soccaczech.cz\/liga\/wp-content\/uploads\/2004\/08\/Michael-Vondrak-9.4.2004-300x400.png\" class=\"attachment-sportspress-fit-icon size-sportspress-fit-icon wp-post-image\" alt=\"\" \/><\/span>07009 \ud83d\udfe2 Michael Vondr\u00e1k<\/a><\/td><td class=\"data-team\" data-label=\"T\u00fdm\"><a href=\"https:\/\/soccaczech.cz\/liga\/?post_type=page&amp;p=45993\">-<\/a><\/td><td class=\"data-yellowcards\" data-label=\"\u017dlut\u00e9 karty\">0<\/td><td class=\"data-redcards\" data-label=\"\u010cerven\u00e9 karty\">0<\/td><\/tr><tr class=\"even\"><td class=\"data-name has-photo\" data-label=\"Hr\u00e1\u010d\"><a href=\"https:\/\/soccaczech.cz\/liga\/player\/07010-%f0%9f%9f%a0-jan-kaufman\/\"><span class=\"player-photo\"><img loading=\"lazy\" decoding=\"async\" width=\"245\" height=\"400\" src=\"https:\/\/soccaczech.cz\/liga\/wp-content\/uploads\/2003\/08\/010001\ud83d\udfe2-47-245x400.png\" class=\"attachment-sportspress-fit-icon size-sportspress-fit-icon wp-post-image\" alt=\"\" \/><\/span>07010 \ud83d\udfe2 Jan Kaufman<\/a><\/td><td class=\"data-team\" data-label=\"T\u00fdm\"><a href=\"https:\/\/soccaczech.cz\/liga\/sport-team\/fc-pohoda-socca\/\">FC POHODA SOCCA<\/a><\/td><td class=\"data-yellowcards\" data-label=\"\u017dlut\u00e9 karty\">1<\/td><td class=\"data-redcards\" data-label=\"\u010cerven\u00e9 karty\">0<\/td><\/tr><tr class=\"odd\"><td class=\"data-name has-photo\" data-label=\"Hr\u00e1\u010d\"><a href=\"https:\/\/soccaczech.cz\/liga\/player\/07011-%f0%9f%9f%a0-lukas-podzemsky\/\"><span class=\"player-photo\"><img loading=\"lazy\" decoding=\"async\" width=\"300\" height=\"400\" src=\"https:\/\/soccaczech.cz\/liga\/wp-content\/uploads\/2004\/08\/Lukas-Podzemsky-13.5.2003-300x400.png\" class=\"attachment-sportspress-fit-icon size-sportspress-fit-icon wp-post-image\" alt=\"\" \/><\/span>07011 \ud83d\udfe2 Luk\u00e1\u0161 Podzemsk\u00fd<\/a><\/td><td class=\"data-team\" data-label=\"T\u00fdm\"><a href=\"https:\/\/soccaczech.cz\/liga\/?post_type=page&amp;p=45993\">-<\/a><\/td><td class=\"data-yellowcards\" data-label=\"\u017dlut\u00e9 karty\">1<\/td><td class=\"data-redcards\" data-label=\"\u010cerven\u00e9 karty\">0<\/td><\/tr><tr class=\"even\"><td class=\"data-name has-photo\" data-label=\"Hr\u00e1\u010d\"><a href=\"https:\/\/soccaczech.cz\/liga\/player\/07012-%f0%9f%9f%a0-oleg-dresher\/\"><span class=\"player-photo\"><img loading=\"lazy\" decoding=\"async\" width=\"300\" height=\"400\" src=\"https:\/\/soccaczech.cz\/liga\/wp-content\/uploads\/2004\/08\/Oleg-Dresher-11.2.2003-300x400.png\" class=\"attachment-sportspress-fit-icon size-sportspress-fit-icon wp-post-image\" alt=\"\" \/><\/span>07012 \ud83d\udfe2  Oleg Dresher<\/a><\/td><td class=\"data-team\" data-label=\"T\u00fdm\"><a href=\"https:\/\/soccaczech.cz\/liga\/?post_type=page&amp;p=45993\">-<\/a><\/td><td class=\"data-yellowcards\" data-label=\"\u017dlut\u00e9 karty\">0<\/td><td class=\"data-redcards\" data-label=\"\u010cerven\u00e9 karty\">0<\/td><\/tr><tr class=\"odd\"><td class=\"data-name has-photo\" data-label=\"Hr\u00e1\u010d\"><a href=\"https:\/\/soccaczech.cz\/liga\/player\/07013-%f0%9f%9f%a0-david-vesely\/\"><span class=\"player-photo\"><img loading=\"lazy\" decoding=\"async\" width=\"245\" height=\"400\" src=\"https:\/\/soccaczech.cz\/liga\/wp-content\/uploads\/2004\/08\/010001\ud83d\udfe2-52-245x400.png\" class=\"attachment-sportspress-fit-icon size-sportspress-fit-icon wp-post-image\" alt=\"\" \/><\/span>07013 \ud83d\udfe2 David Vesel\u00fd<\/a><\/td><td class=\"data-team\" data-label=\"T\u00fdm\"><a href=\"https:\/\/soccaczech.cz\/liga\/sport-team\/fc-pohoda-socca\/\">FC POHODA SOCCA<\/a><\/td><td class=\"data-yellowcards\" data-label=\"\u017dlut\u00e9 karty\">1<\/td><td class=\"data-redcards\" data-label=\"\u010cerven\u00e9 karty\">0<\/td><\/tr><tr class=\"even\"><td class=\"data-name has-photo\" data-label=\"Hr\u00e1\u010d\"><a href=\"https:\/\/soccaczech.cz\/liga\/player\/07014-%f0%9f%9f%a0-david-dusek\/\"><span class=\"player-photo\"><img loading=\"lazy\" decoding=\"async\" width=\"245\" height=\"400\" src=\"https:\/\/soccaczech.cz\/liga\/wp-content\/uploads\/2004\/05\/010001\ud83d\udfe2-51-245x400.png\" class=\"attachment-sportspress-fit-icon size-sportspress-fit-icon wp-post-image\" alt=\"\" \/><\/span>07014 \ud83d\udfe0 David Du\u0161ek<\/a><\/td><td class=\"data-team\" data-label=\"T\u00fdm\"><a href=\"https:\/\/soccaczech.cz\/liga\/sport-team\/fc-pohoda-socca\/\">FC POHODA SOCCA<\/a><\/td><td class=\"data-yellowcards\" data-label=\"\u017dlut\u00e9 karty\">0<\/td><td class=\"data-redcards\" data-label=\"\u010cerven\u00e9 karty\">0<\/td><\/tr><tr class=\"odd\"><td class=\"data-name\" data-label=\"Hr\u00e1\u010d\"><a href=\"https:\/\/soccaczech.cz\/liga\/player\/07014-%f0%9f%9f%a0-filip-bures\/\">07015 \ud83d\udfe0 Filip Bure\u0161<\/a><\/td><td class=\"data-team\" data-label=\"T\u00fdm\"><a href=\"https:\/\/soccaczech.cz\/liga\/sport-team\/fc-pohoda-socca\/\">FC POHODA SOCCA<\/a><\/td><td class=\"data-yellowcards\" data-label=\"\u017dlut\u00e9 karty\">0<\/td><td class=\"data-redcards\" data-label=\"\u010cerven\u00e9 karty\">0<\/td><\/tr><tr class=\"even\"><td class=\"data-name has-photo\" data-label=\"Hr\u00e1\u010d\"><a href=\"https:\/\/soccaczech.cz\/liga\/player\/07016-%f0%9f%9f%a0jiri-fialka\/\"><span class=\"player-photo\"><img loading=\"lazy\" decoding=\"async\" width=\"245\" height=\"400\" src=\"https:\/\/soccaczech.cz\/liga\/wp-content\/uploads\/2026\/02\/010001\ud83d\udfe2-28-245x400.png\" class=\"attachment-sportspress-fit-icon size-sportspress-fit-icon wp-post-image\" alt=\"\" \/><\/span>07016 \ud83d\udfe0Ji\u0159\u00ed Fialka<\/a><\/td><td class=\"data-team\" data-label=\"T\u00fdm\"><a href=\"https:\/\/soccaczech.cz\/liga\/sport-team\/fc-pohoda-socca\/\">FC POHODA SOCCA<\/a><\/td><td class=\"data-yellowcards\" data-label=\"\u017dlut\u00e9 karty\">0<\/td><td class=\"data-redcards\" data-label=\"\u010cerven\u00e9 karty\">0<\/td><\/tr><tr class=\"odd\"><td class=\"data-name has-photo\" data-label=\"Hr\u00e1\u010d\"><a href=\"https:\/\/soccaczech.cz\/liga\/player\/07017-%f0%9f%9f%a0robin-kutina\/\"><span class=\"player-photo\"><img loading=\"lazy\" decoding=\"async\" width=\"245\" height=\"400\" src=\"https:\/\/soccaczech.cz\/liga\/wp-content\/uploads\/2026\/02\/010001\ud83d\udfe2-29-245x400.png\" class=\"attachment-sportspress-fit-icon size-sportspress-fit-icon wp-post-image\" alt=\"\" \/><\/span>07017 \ud83d\udfe0Robin Kutina<\/a><\/td><td class=\"data-team\" data-label=\"T\u00fdm\"><a href=\"https:\/\/soccaczech.cz\/liga\/sport-team\/fc-pohoda-socca\/\">FC POHODA SOCCA<\/a><\/td><td class=\"data-yellowcards\" data-label=\"\u017dlut\u00e9 karty\">0<\/td><td class=\"data-redcards\" data-label=\"\u010cerven\u00e9 karty\">0<\/td><\/tr><tr class=\"even\"><td class=\"data-name has-photo\" data-label=\"Hr\u00e1\u010d\"><a href=\"https:\/\/soccaczech.cz\/liga\/player\/07018-%f0%9f%9f%a0nikolas-wacker\/\"><span class=\"player-photo\"><img loading=\"lazy\" decoding=\"async\" width=\"335\" height=\"400\" src=\"https:\/\/soccaczech.cz\/liga\/wp-content\/uploads\/2026\/03\/Nikolas-Wacker-22.8.2004-335x400.jpeg\" class=\"attachment-sportspress-fit-icon size-sportspress-fit-icon wp-post-image\" alt=\"\" \/><\/span>07018 \ud83d\udfe0Nikolas Wacker<\/a><\/td><td class=\"data-team\" data-label=\"T\u00fdm\"><a href=\"https:\/\/soccaczech.cz\/liga\/sport-team\/fc-pohoda-socca\/\">FC POHODA SOCCA<\/a><\/td><td class=\"data-yellowcards\" data-label=\"\u017dlut\u00e9 karty\">0<\/td><td class=\"data-redcards\" data-label=\"\u010cerven\u00e9 karty\">0<\/td><\/tr><tr class=\"odd\"><td class=\"data-name has-photo\" data-label=\"Hr\u00e1\u010d\"><a href=\"https:\/\/soccaczech.cz\/liga\/player\/07019%f0%9f%9f%a0jachym-kendik\/\"><span class=\"player-photo\"><img loading=\"lazy\" decoding=\"async\" width=\"355\" height=\"329\" src=\"https:\/\/soccaczech.cz\/liga\/wp-content\/uploads\/2026\/03\/Jachym-Kendik-8.9.2004.jpeg\" class=\"attachment-sportspress-fit-icon size-sportspress-fit-icon wp-post-image\" alt=\"\" \/><\/span>07019\ud83d\udfe2J\u00e1chym Kend\u00edk<\/a><\/td><td class=\"data-team\" data-label=\"T\u00fdm\"><a href=\"https:\/\/soccaczech.cz\/liga\/?post_type=page&amp;p=45993\">-<\/a><\/td><td class=\"data-yellowcards\" data-label=\"\u017dlut\u00e9 karty\">0<\/td><td class=\"data-redcards\" data-label=\"\u010cerven\u00e9 karty\">0<\/td><\/tr><tr class=\"even\"><td class=\"data-name has-photo\" data-label=\"Hr\u00e1\u010d\"><a href=\"https:\/\/soccaczech.cz\/liga\/player\/07020-%f0%9f%9f%a0adam-cizmar\/\"><span class=\"player-photo\"><img loading=\"lazy\" decoding=\"async\" width=\"262\" height=\"400\" src=\"https:\/\/soccaczech.cz\/liga\/wp-content\/uploads\/2026\/03\/Adam-Cizmar-9.10.1993-262x400.jpg\" class=\"attachment-sportspress-fit-icon size-sportspress-fit-icon wp-post-image\" alt=\"\" \/><\/span>07020 \ud83d\udfe2 Adam \u010ci\u017ema\u0159<\/a><\/td><td class=\"data-team\" data-label=\"T\u00fdm\"><a href=\"https:\/\/soccaczech.cz\/liga\/?post_type=page&amp;p=45993\">-<\/a><\/td><td class=\"data-yellowcards\" data-label=\"\u017dlut\u00e9 karty\">0<\/td><td class=\"data-redcards\" data-label=\"\u010cerven\u00e9 karty\">0<\/td><\/tr><tr class=\"odd\"><td class=\"data-name has-photo\" data-label=\"Hr\u00e1\u010d\"><a href=\"https:\/\/soccaczech.cz\/liga\/player\/07021-%f0%9f%9f%a0tomas-solar-vd\/\"><span class=\"player-photo\"><img loading=\"lazy\" decoding=\"async\" width=\"372\" height=\"400\" src=\"https:\/\/soccaczech.cz\/liga\/wp-content\/uploads\/2026\/03\/Tomas-Solar-7.7.1988-VD-1-372x400.jpeg\" class=\"attachment-sportspress-fit-icon size-sportspress-fit-icon wp-post-image\" alt=\"\" \/><\/span>07021 \ud83d\udfe2Tom\u00e1\u0161 Solar (VD)<\/a><\/td><td class=\"data-team\" data-label=\"T\u00fdm\"><a href=\"https:\/\/soccaczech.cz\/liga\/?post_type=page&amp;p=45993\">-<\/a><\/td><td class=\"data-yellowcards\" data-label=\"\u017dlut\u00e9 karty\">0<\/td><td class=\"data-redcards\" data-label=\"\u010cerven\u00e9 karty\">0<\/td><\/tr><tr class=\"even\"><td class=\"data-name has-photo\" data-label=\"Hr\u00e1\u010d\"><a href=\"https:\/\/soccaczech.cz\/liga\/player\/07022%f0%9f%9f%a0matyas-novotny\/\"><span class=\"player-photo\"><img loading=\"lazy\" decoding=\"async\" width=\"184\" height=\"184\" src=\"https:\/\/soccaczech.cz\/liga\/wp-content\/uploads\/2026\/03\/Navrh-bez-nazvu-8.png\" class=\"attachment-sportspress-fit-icon size-sportspress-fit-icon wp-post-image\" alt=\"\" \/><\/span>07022\ud83d\udfe2 Maty\u00e1\u0161 Novotn\u00fd<\/a><\/td><td class=\"data-team\" data-label=\"T\u00fdm\"><a href=\"https:\/\/soccaczech.cz\/liga\/?post_type=page&amp;p=45993\">-<\/a><\/td><td class=\"data-yellowcards\" data-label=\"\u017dlut\u00e9 karty\">0<\/td><td class=\"data-redcards\" data-label=\"\u010cerven\u00e9 karty\">0<\/td><\/tr><tr class=\"odd\"><td class=\"data-name\" data-label=\"Hr\u00e1\u010d\"><a href=\"https:\/\/soccaczech.cz\/liga\/player\/07023-%f0%9f%9f%a2-ondrej-lukasek\/\">07023 \ud83d\udfe2 Ond\u0159ej Luk\u00e1\u0161ek<\/a><\/td><td class=\"data-team\" data-label=\"T\u00fdm\"><a href=\"https:\/\/soccaczech.cz\/liga\/sport-team\/fc-pohoda-socca\/\">FC POHODA SOCCA<\/a><\/td><td class=\"data-yellowcards\" data-label=\"\u017dlut\u00e9 karty\">0<\/td><td class=\"data-redcards\" data-label=\"\u010cerven\u00e9 karty\">0<\/td><\/tr><tr class=\"even\"><td class=\"data-name has-photo\" data-label=\"Hr\u00e1\u010d\"><a href=\"https:\/\/soccaczech.cz\/liga\/player\/07023%f0%9f%9f%a2zuzana-putzova\/\"><span class=\"player-photo\"><img loading=\"lazy\" decoding=\"async\" width=\"300\" height=\"400\" src=\"https:\/\/soccaczech.cz\/liga\/wp-content\/uploads\/2003\/12\/WhatsApp-Image-2026-03-26-at-20.57.19-300x400.jpeg\" class=\"attachment-sportspress-fit-icon size-sportspress-fit-icon wp-post-image\" alt=\"\" \/><\/span>07023\ud83d\udfe2Zuzana Putzov\u00e1<\/a><\/td><td class=\"data-team\" data-label=\"T\u00fdm\"><a href=\"https:\/\/soccaczech.cz\/liga\/?post_type=page&amp;p=45993\">-<\/a><\/td><td class=\"data-yellowcards\" data-label=\"\u017dlut\u00e9 karty\">0<\/td><td class=\"data-redcards\" data-label=\"\u010cerven\u00e9 karty\">0<\/td><\/tr><tr class=\"odd\"><td class=\"data-name\" data-label=\"Hr\u00e1\u010d\"><a href=\"https:\/\/soccaczech.cz\/liga\/player\/07024-%f0%9f%9f%a2-nicolas-krenciv\/\">07024 \ud83d\udfe2 Nicolas Krenciv<\/a><\/td><td class=\"data-team\" data-label=\"T\u00fdm\"><a href=\"https:\/\/soccaczech.cz\/liga\/sport-team\/fc-pohoda-socca\/\">FC POHODA SOCCA<\/a><\/td><td class=\"data-yellowcards\" data-label=\"\u017dlut\u00e9 karty\">0<\/td><td class=\"data-redcards\" data-label=\"\u010cerven\u00e9 karty\">0<\/td><\/tr><tr class=\"even\"><td class=\"data-name\" data-label=\"Hr\u00e1\u010d\"><a href=\"https:\/\/soccaczech.cz\/liga\/player\/07024-%f0%9f%9f%a2-tomas-abrham\/\">07024 \ud83d\udfe2 Tom\u00e1\u0161 Abrham<\/a><\/td><td class=\"data-team\" data-label=\"T\u00fdm\"><a href=\"https:\/\/soccaczech.cz\/liga\/sport-team\/fc-pohoda-socca\/\">FC POHODA SOCCA<\/a><\/td><td class=\"data-yellowcards\" data-label=\"\u017dlut\u00e9 karty\">0<\/td><td class=\"data-redcards\" data-label=\"\u010cerven\u00e9 karty\">0<\/td><\/tr><tr class=\"odd\"><td class=\"data-name\" data-label=\"Hr\u00e1\u010d\"><a href=\"https:\/\/soccaczech.cz\/liga\/player\/07025-%f0%9f%9f%a2-roman-matejicek\/\">07025 \ud83d\udfe2 Roman Mat\u011bj\u00ed\u010dek<\/a><\/td><td class=\"data-team\" data-label=\"T\u00fdm\"><a href=\"https:\/\/soccaczech.cz\/liga\/sport-team\/fc-pohoda-socca\/\">FC POHODA SOCCA<\/a><\/td><td class=\"data-yellowcards\" data-label=\"\u017dlut\u00e9 karty\">0<\/td><td class=\"data-redcards\" data-label=\"\u010cerven\u00e9 karty\">0<\/td><\/tr><tr class=\"even\"><td class=\"data-name\" data-label=\"Hr\u00e1\u010d\"><a href=\"https:\/\/soccaczech.cz\/liga\/player\/07026-%f0%9f%9f%a2-daniel-pecho\/\">07026 \ud83d\udfe2 Daniel Pecho<\/a><\/td><td class=\"data-team\" data-label=\"T\u00fdm\"><a href=\"https:\/\/soccaczech.cz\/liga\/sport-team\/fc-pohoda-socca\/\">FC POHODA SOCCA<\/a><\/td><td class=\"data-yellowcards\" data-label=\"\u017dlut\u00e9 karty\">0<\/td><td class=\"data-redcards\" data-label=\"\u010cerven\u00e9 karty\">0<\/td><\/tr><tr class=\"odd\"><td class=\"data-name\" data-label=\"Hr\u00e1\u010d\"><a href=\"https:\/\/soccaczech.cz\/liga\/player\/07027-%f0%9f%9f%a2-jan-lacko\/\">07027 \ud83d\udfe2 Jan Lacko<\/a><\/td><td class=\"data-team\" data-label=\"T\u00fdm\"><a href=\"https:\/\/soccaczech.cz\/liga\/sport-team\/fc-pohoda-socca\/\">FC POHODA SOCCA<\/a><\/td><td class=\"data-yellowcards\" data-label=\"\u017dlut\u00e9 karty\">0<\/td><td class=\"data-redcards\" data-label=\"\u010cerven\u00e9 karty\">0<\/td><\/tr><tr class=\"even\"><td class=\"data-name\" data-label=\"Hr\u00e1\u010d\"><a href=\"https:\/\/soccaczech.cz\/liga\/player\/07028-%f0%9f%9f%a0-zuzana-putzova-vd\/\">07028 \ud83d\udfe2  Zuzana Putzov\u00e1 (VD)<\/a><\/td><td class=\"data-team\" data-label=\"T\u00fdm\"><a href=\"https:\/\/soccaczech.cz\/liga\/?post_type=page&amp;p=45993\">-<\/a><\/td><td class=\"data-yellowcards\" data-label=\"\u017dlut\u00e9 karty\">0<\/td><td class=\"data-redcards\" data-label=\"\u010cerven\u00e9 karty\">0<\/td><\/tr><tr class=\"odd\"><td class=\"data-name has-photo\" data-label=\"Hr\u00e1\u010d\"><a href=\"https:\/\/soccaczech.cz\/liga\/player\/08001-%f0%9f%9f%a0-madiar-serhii\/\"><span class=\"player-photo\"><img loading=\"lazy\" decoding=\"async\" width=\"297\" height=\"400\" src=\"https:\/\/soccaczech.cz\/liga\/wp-content\/uploads\/2007\/04\/Serhii-Madiar-297x400.png\" class=\"attachment-sportspress-fit-icon size-sportspress-fit-icon wp-post-image\" alt=\"\" \/><\/span>08001 \ud83d\udfe0Serhii Madiar<\/a><\/td><td class=\"data-team\" data-label=\"T\u00fdm\"><a href=\"https:\/\/soccaczech.cz\/liga\/?post_type=page&amp;p=45993\">-<\/a><\/td><td class=\"data-yellowcards\" data-label=\"\u017dlut\u00e9 karty\">0<\/td><td class=\"data-redcards\" data-label=\"\u010cerven\u00e9 karty\">0<\/td><\/tr><tr class=\"even\"><td class=\"data-name has-photo\" data-label=\"Hr\u00e1\u010d\"><a href=\"https:\/\/soccaczech.cz\/liga\/player\/08002-%f0%9f%9f%a0-ratsyn-dmytro\/\"><span class=\"player-photo\"><img loading=\"lazy\" decoding=\"async\" width=\"300\" height=\"400\" src=\"https:\/\/soccaczech.cz\/liga\/wp-content\/uploads\/2007\/04\/Ratsyn-Dmytro-300x400.png\" class=\"attachment-sportspress-fit-icon size-sportspress-fit-icon wp-post-image\" alt=\"\" \/><\/span>08002 \ud83d\udfe0 Dmytro Ratsyn<\/a><\/td><td class=\"data-team\" data-label=\"T\u00fdm\"><a href=\"https:\/\/soccaczech.cz\/liga\/?post_type=page&amp;p=45993\">-<\/a><\/td><td class=\"data-yellowcards\" data-label=\"\u017dlut\u00e9 karty\">0<\/td><td class=\"data-redcards\" data-label=\"\u010cerven\u00e9 karty\">0<\/td><\/tr><tr class=\"odd\"><td class=\"data-name has-photo\" data-label=\"Hr\u00e1\u010d\"><a href=\"https:\/\/soccaczech.cz\/liga\/player\/08003-%f0%9f%9f%a0-tymkovych-ihor\/\"><span class=\"player-photo\"><img loading=\"lazy\" decoding=\"async\" width=\"184\" height=\"400\" src=\"https:\/\/soccaczech.cz\/liga\/wp-content\/uploads\/2007\/04\/Tymkovych-Ihor-184x400.png\" class=\"attachment-sportspress-fit-icon size-sportspress-fit-icon wp-post-image\" alt=\"\" \/><\/span>08003 \ud83d\udfe2 Ihor Tymkovych<\/a><\/td><td class=\"data-team\" data-label=\"T\u00fdm\"><a href=\"https:\/\/soccaczech.cz\/liga\/?post_type=page&amp;p=45993\">-<\/a><\/td><td class=\"data-yellowcards\" data-label=\"\u017dlut\u00e9 karty\">0<\/td><td class=\"data-redcards\" data-label=\"\u010cerven\u00e9 karty\">0<\/td><\/tr><tr class=\"even\"><td class=\"data-name has-photo\" data-label=\"Hr\u00e1\u010d\"><a href=\"https:\/\/soccaczech.cz\/liga\/player\/08004-%f0%9f%9f%a0-lemak-oleksandr\/\"><span class=\"player-photo\"><img loading=\"lazy\" decoding=\"async\" width=\"308\" height=\"400\" src=\"https:\/\/soccaczech.cz\/liga\/wp-content\/uploads\/2007\/04\/Lemak-Sandor-308x400.png\" class=\"attachment-sportspress-fit-icon size-sportspress-fit-icon wp-post-image\" alt=\"\" \/><\/span>08004 \ud83d\udfe2Oleksandr Lemak<\/a><\/td><td class=\"data-team\" data-label=\"T\u00fdm\"><a href=\"https:\/\/soccaczech.cz\/liga\/?post_type=page&amp;p=45993\">-<\/a><\/td><td class=\"data-yellowcards\" data-label=\"\u017dlut\u00e9 karty\">0<\/td><td class=\"data-redcards\" data-label=\"\u010cerven\u00e9 karty\">0<\/td><\/tr><tr class=\"odd\"><td class=\"data-name has-photo\" data-label=\"Hr\u00e1\u010d\"><a href=\"https:\/\/soccaczech.cz\/liga\/player\/08005-%f0%9f%9f%a0-tanchyk-dmytro\/\"><span class=\"player-photo\"><img loading=\"lazy\" decoding=\"async\" width=\"225\" height=\"400\" src=\"https:\/\/soccaczech.cz\/liga\/wp-content\/uploads\/2007\/04\/Tanchyk-Dmytrii-225x400.png\" class=\"attachment-sportspress-fit-icon size-sportspress-fit-icon wp-post-image\" alt=\"\" \/><\/span>08005 \ud83d\udfe2  Dmytro Tanchyk<\/a><\/td><td class=\"data-team\" data-label=\"T\u00fdm\"><a href=\"https:\/\/soccaczech.cz\/liga\/?post_type=page&amp;p=45993\">-<\/a><\/td><td class=\"data-yellowcards\" data-label=\"\u017dlut\u00e9 karty\">0<\/td><td class=\"data-redcards\" data-label=\"\u010cerven\u00e9 karty\">0<\/td><\/tr><tr class=\"even\"><td class=\"data-name has-photo\" data-label=\"Hr\u00e1\u010d\"><a href=\"https:\/\/soccaczech.cz\/liga\/player\/08006-%f0%9f%9f%a0-kamil-mykhailo\/\"><span class=\"player-photo\"><img loading=\"lazy\" decoding=\"async\" width=\"300\" height=\"400\" src=\"https:\/\/soccaczech.cz\/liga\/wp-content\/uploads\/2007\/04\/Khmil.-Mykhailo-300x400.png\" class=\"attachment-sportspress-fit-icon size-sportspress-fit-icon wp-post-image\" alt=\"\" \/><\/span>08006 \ud83d\udfe2Mykhailo  Kamil<\/a><\/td><td class=\"data-team\" data-label=\"T\u00fdm\"><a href=\"https:\/\/soccaczech.cz\/liga\/?post_type=page&amp;p=45993\">-<\/a><\/td><td class=\"data-yellowcards\" data-label=\"\u017dlut\u00e9 karty\">1<\/td><td class=\"data-redcards\" data-label=\"\u010cerven\u00e9 karty\">0<\/td><\/tr><tr class=\"odd\"><td class=\"data-name has-photo\" data-label=\"Hr\u00e1\u010d\"><a href=\"https:\/\/soccaczech.cz\/liga\/player\/08007-%f0%9f%9f%a0-sykhno-ihor\/\"><span class=\"player-photo\"><img loading=\"lazy\" decoding=\"async\" width=\"300\" height=\"400\" src=\"https:\/\/soccaczech.cz\/liga\/wp-content\/uploads\/2007\/04\/Sukhno-Ihor-300x400.png\" class=\"attachment-sportspress-fit-icon size-sportspress-fit-icon wp-post-image\" alt=\"\" \/><\/span>08007 \ud83d\udfe2 Ihor Sykhno<\/a><\/td><td class=\"data-team\" data-label=\"T\u00fdm\"><a href=\"https:\/\/soccaczech.cz\/liga\/?post_type=page&amp;p=45993\">-<\/a><\/td><td class=\"data-yellowcards\" data-label=\"\u017dlut\u00e9 karty\">0<\/td><td class=\"data-redcards\" data-label=\"\u010cerven\u00e9 karty\">0<\/td><\/tr><tr class=\"even\"><td class=\"data-name has-photo\" data-label=\"Hr\u00e1\u010d\"><a href=\"https:\/\/soccaczech.cz\/liga\/player\/08008-%f0%9f%9f%a0-yanakov-ivan\/\"><span class=\"player-photo\"><img loading=\"lazy\" decoding=\"async\" width=\"391\" height=\"400\" src=\"https:\/\/soccaczech.cz\/liga\/wp-content\/uploads\/2007\/04\/Yanakov-Ivan-391x400.png\" class=\"attachment-sportspress-fit-icon size-sportspress-fit-icon wp-post-image\" alt=\"\" \/><\/span>08008 \ud83d\udfe2Ivan Yanakov<\/a><\/td><td class=\"data-team\" data-label=\"T\u00fdm\"><a href=\"https:\/\/soccaczech.cz\/liga\/?post_type=page&amp;p=45993\">-<\/a><\/td><td class=\"data-yellowcards\" data-label=\"\u017dlut\u00e9 karty\">1<\/td><td class=\"data-redcards\" data-label=\"\u010cerven\u00e9 karty\">0<\/td><\/tr><tr class=\"odd\"><td class=\"data-name has-photo\" data-label=\"Hr\u00e1\u010d\"><a href=\"https:\/\/soccaczech.cz\/liga\/player\/08009-%f0%9f%9f%a0-honcharenko-serhii\/\"><span class=\"player-photo\"><img loading=\"lazy\" decoding=\"async\" width=\"300\" height=\"400\" src=\"https:\/\/soccaczech.cz\/liga\/wp-content\/uploads\/2007\/04\/Serhii-Honcharenko-300x400.png\" class=\"attachment-sportspress-fit-icon size-sportspress-fit-icon wp-post-image\" alt=\"\" \/><\/span>08009 \ud83d\udfe2Serhii Honcharenko<\/a><\/td><td class=\"data-team\" data-label=\"T\u00fdm\"><a href=\"https:\/\/soccaczech.cz\/liga\/?post_type=page&amp;p=45993\">-<\/a><\/td><td class=\"data-yellowcards\" data-label=\"\u017dlut\u00e9 karty\">0<\/td><td class=\"data-redcards\" data-label=\"\u010cerven\u00e9 karty\">0<\/td><\/tr><tr class=\"even\"><td class=\"data-name has-photo\" data-label=\"Hr\u00e1\u010d\"><a href=\"https:\/\/soccaczech.cz\/liga\/player\/08010-%f0%9f%9f%a0-ostrovka-dmytro\/\"><span class=\"player-photo\"><img loading=\"lazy\" decoding=\"async\" width=\"400\" height=\"400\" src=\"https:\/\/soccaczech.cz\/liga\/wp-content\/uploads\/2007\/04\/Ostrovka-Dmytro-400x400.png\" class=\"attachment-sportspress-fit-icon size-sportspress-fit-icon wp-post-image\" alt=\"\" \/><\/span>08010 \ud83d\udfe2  Dmytro Ostrovka<\/a><\/td><td class=\"data-team\" data-label=\"T\u00fdm\"><a href=\"https:\/\/soccaczech.cz\/liga\/?post_type=page&amp;p=45993\">-<\/a><\/td><td class=\"data-yellowcards\" data-label=\"\u017dlut\u00e9 karty\">0<\/td><td class=\"data-redcards\" data-label=\"\u010cerven\u00e9 karty\">0<\/td><\/tr><tr class=\"odd\"><td class=\"data-name\" data-label=\"Hr\u00e1\u010d\"><a href=\"https:\/\/soccaczech.cz\/liga\/player\/08012-%f0%9f%9f%a0-bezyk-eduard\/\">08012 \ud83d\udfe2   Eduard Bezyk<\/a><\/td><td class=\"data-team\" data-label=\"T\u00fdm\"><a href=\"https:\/\/soccaczech.cz\/liga\/?post_type=page&amp;p=45993\">-<\/a><\/td><td class=\"data-yellowcards\" data-label=\"\u017dlut\u00e9 karty\">0<\/td><td class=\"data-redcards\" data-label=\"\u010cerven\u00e9 karty\">1<\/td><\/tr><tr class=\"even\"><td class=\"data-name has-photo\" data-label=\"Hr\u00e1\u010d\"><a href=\"https:\/\/soccaczech.cz\/liga\/player\/08013-%f0%9f%9f%a0-dzupenjuk-dmytro\/\"><span class=\"player-photo\"><img loading=\"lazy\" decoding=\"async\" width=\"317\" height=\"400\" src=\"https:\/\/soccaczech.cz\/liga\/wp-content\/uploads\/2007\/04\/Dzupenjuk-Dmytro-317x400.png\" class=\"attachment-sportspress-fit-icon size-sportspress-fit-icon wp-post-image\" alt=\"\" \/><\/span>08013 \ud83d\udfe0Dmytro  Dzupenjuk<\/a><\/td><td class=\"data-team\" data-label=\"T\u00fdm\"><a href=\"https:\/\/soccaczech.cz\/liga\/?post_type=page&amp;p=45993\">-<\/a><\/td><td class=\"data-yellowcards\" data-label=\"\u017dlut\u00e9 karty\">0<\/td><td class=\"data-redcards\" data-label=\"\u010cerven\u00e9 karty\">0<\/td><\/tr><tr class=\"odd\"><td class=\"data-name has-photo\" data-label=\"Hr\u00e1\u010d\"><a href=\"https:\/\/soccaczech.cz\/liga\/player\/08014-%f0%9f%9f%a0-kvych-oleh\/\"><span class=\"player-photo\"><img loading=\"lazy\" decoding=\"async\" width=\"300\" height=\"400\" src=\"https:\/\/soccaczech.cz\/liga\/wp-content\/uploads\/2007\/04\/Kvych-Oleh-300x400.png\" class=\"attachment-sportspress-fit-icon size-sportspress-fit-icon wp-post-image\" alt=\"\" \/><\/span>08014 \ud83d\udfe2Oleh Kvych<\/a><\/td><td class=\"data-team\" data-label=\"T\u00fdm\"><a href=\"https:\/\/soccaczech.cz\/liga\/?post_type=page&amp;p=45993\">-<\/a><\/td><td class=\"data-yellowcards\" data-label=\"\u017dlut\u00e9 karty\">0<\/td><td class=\"data-redcards\" data-label=\"\u010cerven\u00e9 karty\">0<\/td><\/tr><tr class=\"even\"><td class=\"data-name has-photo\" data-label=\"Hr\u00e1\u010d\"><a href=\"https:\/\/soccaczech.cz\/liga\/player\/08015-%f0%9f%9f%a0-hospodar-eduard\/\"><span class=\"player-photo\"><img loading=\"lazy\" decoding=\"async\" width=\"371\" height=\"400\" src=\"https:\/\/soccaczech.cz\/liga\/wp-content\/uploads\/2007\/04\/Eduard-Hospodar-371x400.png\" class=\"attachment-sportspress-fit-icon size-sportspress-fit-icon wp-post-image\" alt=\"\" \/><\/span>08015 \ud83d\udfe2  Eduard Hospodar<\/a><\/td><td class=\"data-team\" data-label=\"T\u00fdm\"><a href=\"https:\/\/soccaczech.cz\/liga\/?post_type=page&amp;p=45993\">-<\/a><\/td><td class=\"data-yellowcards\" data-label=\"\u017dlut\u00e9 karty\">0<\/td><td class=\"data-redcards\" data-label=\"\u010cerven\u00e9 karty\">0<\/td><\/tr><tr class=\"odd\"><td class=\"data-name has-photo\" data-label=\"Hr\u00e1\u010d\"><a href=\"https:\/\/soccaczech.cz\/liga\/player\/08016-%f0%9f%9f%a0-ostrovka-pavlo\/\"><span class=\"player-photo\"><img loading=\"lazy\" decoding=\"async\" width=\"400\" height=\"387\" src=\"https:\/\/soccaczech.cz\/liga\/wp-content\/uploads\/2007\/04\/Ostrovka-Pavlo-400x387.png\" class=\"attachment-sportspress-fit-icon size-sportspress-fit-icon wp-post-image\" alt=\"\" \/><\/span>08016 \ud83d\udfe2 Pavlo Ostrovka<\/a><\/td><td class=\"data-team\" data-label=\"T\u00fdm\"><a href=\"https:\/\/soccaczech.cz\/liga\/?post_type=page&amp;p=45993\">-<\/a><\/td><td class=\"data-yellowcards\" data-label=\"\u017dlut\u00e9 karty\">0<\/td><td class=\"data-redcards\" data-label=\"\u010cerven\u00e9 karty\">0<\/td><\/tr><tr class=\"even\"><td class=\"data-name has-photo\" data-label=\"Hr\u00e1\u010d\"><a href=\"https:\/\/soccaczech.cz\/liga\/player\/08017-%f0%9f%9f%a0-haza-dmytro\/\"><span class=\"player-photo\"><img loading=\"lazy\" decoding=\"async\" width=\"225\" height=\"400\" src=\"https:\/\/soccaczech.cz\/liga\/wp-content\/uploads\/2007\/04\/Haza-Dmytro-225x400.png\" class=\"attachment-sportspress-fit-icon size-sportspress-fit-icon wp-post-image\" alt=\"\" \/><\/span>08017 \ud83d\udfe0 Dmytro H\u00e1za<\/a><\/td><td class=\"data-team\" data-label=\"T\u00fdm\"><a href=\"https:\/\/soccaczech.cz\/liga\/?post_type=page&amp;p=45993\">-<\/a><\/td><td class=\"data-yellowcards\" data-label=\"\u017dlut\u00e9 karty\">0<\/td><td class=\"data-redcards\" data-label=\"\u010cerven\u00e9 karty\">0<\/td><\/tr><tr class=\"odd\"><td class=\"data-name has-photo\" data-label=\"Hr\u00e1\u010d\"><a href=\"https:\/\/soccaczech.cz\/liga\/player\/08018-%f0%9f%9f%a0-tupik-dmytro\/\"><span class=\"player-photo\"><img loading=\"lazy\" decoding=\"async\" width=\"189\" height=\"400\" src=\"https:\/\/soccaczech.cz\/liga\/wp-content\/uploads\/2007\/04\/Tupik-Dmytro-189x400.png\" class=\"attachment-sportspress-fit-icon size-sportspress-fit-icon wp-post-image\" alt=\"\" \/><\/span>08018 \ud83d\udfe2 Dmytro Tupik<\/a><\/td><td class=\"data-team\" data-label=\"T\u00fdm\"><a href=\"https:\/\/soccaczech.cz\/liga\/?post_type=page&amp;p=45993\">-<\/a><\/td><td class=\"data-yellowcards\" data-label=\"\u017dlut\u00e9 karty\">0<\/td><td class=\"data-redcards\" data-label=\"\u010cerven\u00e9 karty\">0<\/td><\/tr><tr class=\"even\"><td class=\"data-name\" data-label=\"Hr\u00e1\u010d\"><a href=\"https:\/\/soccaczech.cz\/liga\/player\/08016-%f0%9f%9f%a0-oleksandr-horskii\/\">08019 \ud83d\udfe2 Oleksandr Horskii (VD)<\/a><\/td><td class=\"data-team\" data-label=\"T\u00fdm\"><a href=\"https:\/\/soccaczech.cz\/liga\/?post_type=page&amp;p=45993\">-<\/a><\/td><td class=\"data-yellowcards\" data-label=\"\u017dlut\u00e9 karty\">0<\/td><td class=\"data-redcards\" data-label=\"\u010cerven\u00e9 karty\">0<\/td><\/tr><tr class=\"odd\"><td class=\"data-name\" data-label=\"Hr\u00e1\u010d\"><a href=\"https:\/\/soccaczech.cz\/liga\/player\/08016-liashko-mykhailo\/\">08020 \ud83d\udfe2Mykhailo  Liashko  (VD)<\/a><\/td><td class=\"data-team\" data-label=\"T\u00fdm\"><a href=\"https:\/\/soccaczech.cz\/liga\/?post_type=page&amp;p=45993\">-<\/a><\/td><td class=\"data-yellowcards\" data-label=\"\u017dlut\u00e9 karty\">0<\/td><td class=\"data-redcards\" data-label=\"\u010cerven\u00e9 karty\">0<\/td><\/tr><tr class=\"even\"><td class=\"data-name has-photo\" data-label=\"Hr\u00e1\u010d\"><a href=\"https:\/\/soccaczech.cz\/liga\/player\/08021-%f0%9f%9f%a0denys-tokar\/\"><span class=\"player-photo\"><img loading=\"lazy\" decoding=\"async\" width=\"302\" height=\"400\" src=\"https:\/\/soccaczech.cz\/liga\/wp-content\/uploads\/1994\/09\/tokarys-302x400.png\" class=\"attachment-sportspress-fit-icon size-sportspress-fit-icon wp-post-image\" alt=\"\" \/><\/span>08021 \ud83d\udfe2Denys Tokar<\/a><\/td><td class=\"data-team\" data-label=\"T\u00fdm\"><a href=\"https:\/\/soccaczech.cz\/liga\/?post_type=page&amp;p=45993\">-<\/a><\/td><td class=\"data-yellowcards\" data-label=\"\u017dlut\u00e9 karty\">0<\/td><td class=\"data-redcards\" data-label=\"\u010cerven\u00e9 karty\">0<\/td><\/tr><tr class=\"odd\"><td class=\"data-name has-photo\" data-label=\"Hr\u00e1\u010d\"><a href=\"https:\/\/soccaczech.cz\/liga\/player\/08022-%f0%9f%9f%a0denys-tokar\/\"><span class=\"player-photo\"><img loading=\"lazy\" decoding=\"async\" width=\"269\" height=\"400\" src=\"https:\/\/soccaczech.cz\/liga\/wp-content\/uploads\/2026\/03\/oleksandr-269x400.png\" class=\"attachment-sportspress-fit-icon size-sportspress-fit-icon wp-post-image\" alt=\"\" \/><\/span>08022 \ud83d\udfe0Oleksandr Derevianko<\/a><\/td><td class=\"data-team\" data-label=\"T\u00fdm\"><a href=\"https:\/\/soccaczech.cz\/liga\/sport-team\/fc-mukachevo\/\">FC MUKACHEVO<\/a><\/td><td class=\"data-yellowcards\" data-label=\"\u017dlut\u00e9 karty\">0<\/td><td class=\"data-redcards\" data-label=\"\u010cerven\u00e9 karty\">0<\/td><\/tr><tr class=\"even\"><td class=\"data-name\" data-label=\"Hr\u00e1\u010d\"><a href=\"https:\/\/soccaczech.cz\/liga\/player\/08023-%f0%9f%9f%a2-peter-tarr\/\">08023 \ud83d\udfe2 Peter Tarr<\/a><\/td><td class=\"data-team\" data-label=\"T\u00fdm\"><a href=\"https:\/\/soccaczech.cz\/liga\/sport-team\/fc-mukachevo\/\">FC MUKACHEVO<\/a><\/td><td class=\"data-yellowcards\" data-label=\"\u017dlut\u00e9 karty\">0<\/td><td class=\"data-redcards\" data-label=\"\u010cerven\u00e9 karty\">0<\/td><\/tr><tr class=\"odd\"><td class=\"data-name has-photo\" data-label=\"Hr\u00e1\u010d\"><a href=\"https:\/\/soccaczech.cz\/liga\/player\/09001-%f0%9f%9f%a0-andrii-oleksiuk\/\"><span class=\"player-photo\"><img loading=\"lazy\" decoding=\"async\" width=\"340\" height=\"400\" src=\"https:\/\/soccaczech.cz\/liga\/wp-content\/uploads\/2026\/02\/Andrii-Oleksiuk-340x400.png\" class=\"attachment-sportspress-fit-icon size-sportspress-fit-icon wp-post-image\" alt=\"\" \/><\/span>09001 \ud83d\udfe2  Andrii Oleksiuk (VD)<\/a><\/td><td class=\"data-team\" data-label=\"T\u00fdm\"><a href=\"https:\/\/soccaczech.cz\/liga\/sport-team\/fc-prazharka\/\">FC PRAZHARKA<\/a><\/td><td class=\"data-yellowcards\" data-label=\"\u017dlut\u00e9 karty\">0<\/td><td class=\"data-redcards\" data-label=\"\u010cerven\u00e9 karty\">0<\/td><\/tr><tr class=\"even\"><td class=\"data-name has-photo\" data-label=\"Hr\u00e1\u010d\"><a href=\"https:\/\/soccaczech.cz\/liga\/player\/09002-%f0%9f%9f%a0-oleksandr-rusol\/\"><span class=\"player-photo\"><img loading=\"lazy\" decoding=\"async\" width=\"357\" height=\"400\" src=\"https:\/\/soccaczech.cz\/liga\/wp-content\/uploads\/2026\/02\/Rusol-Oleksandr-357x400.png\" class=\"attachment-sportspress-fit-icon size-sportspress-fit-icon wp-post-image\" alt=\"\" \/><\/span>09002 \ud83d\udfe2 Oleksandr Rusol<\/a><\/td><td class=\"data-team\" data-label=\"T\u00fdm\"><a href=\"https:\/\/soccaczech.cz\/liga\/sport-team\/fc-prazharka\/\">FC PRAZHARKA<\/a><\/td><td class=\"data-yellowcards\" data-label=\"\u017dlut\u00e9 karty\">0<\/td><td class=\"data-redcards\" data-label=\"\u010cerven\u00e9 karty\">0<\/td><\/tr><tr class=\"odd\"><td class=\"data-name has-photo\" data-label=\"Hr\u00e1\u010d\"><a href=\"https:\/\/soccaczech.cz\/liga\/player\/09003-%f0%9f%9f%a0-andrii-malynovskyi\/\"><span class=\"player-photo\"><img loading=\"lazy\" decoding=\"async\" width=\"400\" height=\"372\" src=\"https:\/\/soccaczech.cz\/liga\/wp-content\/uploads\/2026\/02\/Andrii-Malynovskyi-400x372.png\" class=\"attachment-sportspress-fit-icon size-sportspress-fit-icon wp-post-image\" alt=\"\" \/><\/span>09003 \ud83d\udfe0 Andrii Malynovskyi<\/a><\/td><td class=\"data-team\" data-label=\"T\u00fdm\"><a href=\"https:\/\/soccaczech.cz\/liga\/sport-team\/fc-prazharka\/\">FC PRAZHARKA<\/a><\/td><td class=\"data-yellowcards\" data-label=\"\u017dlut\u00e9 karty\">0<\/td><td class=\"data-redcards\" data-label=\"\u010cerven\u00e9 karty\">0<\/td><\/tr><tr class=\"even\"><td class=\"data-name has-photo\" data-label=\"Hr\u00e1\u010d\"><a href=\"https:\/\/soccaczech.cz\/liga\/player\/09004-%f0%9f%9f%a0-maksym-mazurenko\/\"><span class=\"player-photo\"><img loading=\"lazy\" decoding=\"async\" width=\"314\" height=\"400\" src=\"https:\/\/soccaczech.cz\/liga\/wp-content\/uploads\/2026\/02\/Maksym-Mazurenko-314x400.png\" class=\"attachment-sportspress-fit-icon size-sportspress-fit-icon wp-post-image\" alt=\"\" \/><\/span>09004 \ud83d\udfe2 Maksym Mazurenko<\/a><\/td><td class=\"data-team\" data-label=\"T\u00fdm\"><a href=\"https:\/\/soccaczech.cz\/liga\/sport-team\/fc-prazharka\/\">FC PRAZHARKA<\/a><\/td><td class=\"data-yellowcards\" data-label=\"\u017dlut\u00e9 karty\">0<\/td><td class=\"data-redcards\" data-label=\"\u010cerven\u00e9 karty\">0<\/td><\/tr><tr class=\"odd\"><td class=\"data-name has-photo\" data-label=\"Hr\u00e1\u010d\"><a href=\"https:\/\/soccaczech.cz\/liga\/player\/09005-%f0%9f%9f%a0-serhii-lysenko\/\"><span class=\"player-photo\"><img loading=\"lazy\" decoding=\"async\" width=\"322\" height=\"400\" src=\"https:\/\/soccaczech.cz\/liga\/wp-content\/uploads\/2026\/02\/Serhii-Lysenko-322x400.png\" class=\"attachment-sportspress-fit-icon size-sportspress-fit-icon wp-post-image\" alt=\"\" \/><\/span>09005 \ud83d\udfe2 Serhii Lysenko<\/a><\/td><td class=\"data-team\" data-label=\"T\u00fdm\"><a href=\"https:\/\/soccaczech.cz\/liga\/?post_type=page&amp;p=45993\">-<\/a><\/td><td class=\"data-yellowcards\" data-label=\"\u017dlut\u00e9 karty\">0<\/td><td class=\"data-redcards\" data-label=\"\u010cerven\u00e9 karty\">0<\/td><\/tr><tr class=\"even\"><td class=\"data-name has-photo\" data-label=\"Hr\u00e1\u010d\"><a href=\"https:\/\/soccaczech.cz\/liga\/player\/09006-%f0%9f%9f%a0-kozub-ivan\/\"><span class=\"player-photo\"><img loading=\"lazy\" decoding=\"async\" width=\"300\" height=\"400\" src=\"https:\/\/soccaczech.cz\/liga\/wp-content\/uploads\/2026\/02\/Kozub-Ivan-300x400.png\" class=\"attachment-sportspress-fit-icon size-sportspress-fit-icon wp-post-image\" alt=\"\" \/><\/span>09006 \ud83d\udfe2Ivan Kozub<\/a><\/td><td class=\"data-team\" data-label=\"T\u00fdm\"><a href=\"https:\/\/soccaczech.cz\/liga\/sport-team\/fc-prazharka\/\">FC PRAZHARKA<\/a><\/td><td class=\"data-yellowcards\" data-label=\"\u017dlut\u00e9 karty\">0<\/td><td class=\"data-redcards\" data-label=\"\u010cerven\u00e9 karty\">0<\/td><\/tr><tr class=\"odd\"><td class=\"data-name has-photo\" data-label=\"Hr\u00e1\u010d\"><a href=\"https:\/\/soccaczech.cz\/liga\/player\/09007-%f0%9f%9f%a0-pryimenko-mykhailo\/\"><span class=\"player-photo\"><img loading=\"lazy\" decoding=\"async\" width=\"372\" height=\"362\" src=\"https:\/\/soccaczech.cz\/liga\/wp-content\/uploads\/2026\/02\/Pryimenko-Mykhailo.png\" class=\"attachment-sportspress-fit-icon size-sportspress-fit-icon wp-post-image\" alt=\"\" \/><\/span>09007 \ud83d\udfe2Mykhailo Pryimenko<\/a><\/td><td class=\"data-team\" data-label=\"T\u00fdm\"><a href=\"https:\/\/soccaczech.cz\/liga\/sport-team\/fc-prazharka\/\">FC PRAZHARKA<\/a><\/td><td class=\"data-yellowcards\" data-label=\"\u017dlut\u00e9 karty\">0<\/td><td class=\"data-redcards\" data-label=\"\u010cerven\u00e9 karty\">0<\/td><\/tr><tr class=\"even\"><td class=\"data-name has-photo\" data-label=\"Hr\u00e1\u010d\"><a href=\"https:\/\/soccaczech.cz\/liga\/player\/09008-%f0%9f%9f%a0-valerii-yakubets\/\"><span class=\"player-photo\"><img loading=\"lazy\" decoding=\"async\" width=\"346\" height=\"400\" src=\"https:\/\/soccaczech.cz\/liga\/wp-content\/uploads\/2026\/02\/Valerii-Yakubets-346x400.png\" class=\"attachment-sportspress-fit-icon size-sportspress-fit-icon wp-post-image\" alt=\"\" \/><\/span>09008 \ud83d\udfe2  Valerii Yakubets<\/a><\/td><td class=\"data-team\" data-label=\"T\u00fdm\"><a href=\"https:\/\/soccaczech.cz\/liga\/?post_type=page&amp;p=45993\">-<\/a><\/td><td class=\"data-yellowcards\" data-label=\"\u017dlut\u00e9 karty\">0<\/td><td class=\"data-redcards\" data-label=\"\u010cerven\u00e9 karty\">0<\/td><\/tr><tr class=\"odd\"><td class=\"data-name has-photo\" data-label=\"Hr\u00e1\u010d\"><a href=\"https:\/\/soccaczech.cz\/liga\/player\/09009-%f0%9f%9f%a0-antonenko-vitalii\/\"><span class=\"player-photo\"><img loading=\"lazy\" decoding=\"async\" width=\"362\" height=\"400\" src=\"https:\/\/soccaczech.cz\/liga\/wp-content\/uploads\/2026\/02\/Antonenko-Vitalii-362x400.png\" class=\"attachment-sportspress-fit-icon size-sportspress-fit-icon wp-post-image\" alt=\"\" \/><\/span>09009 \ud83d\udfe2 Vitalii Antonenko<\/a><\/td><td class=\"data-team\" data-label=\"T\u00fdm\"><a href=\"https:\/\/soccaczech.cz\/liga\/?post_type=page&amp;p=45993\">-<\/a><\/td><td class=\"data-yellowcards\" data-label=\"\u017dlut\u00e9 karty\">0<\/td><td class=\"data-redcards\" data-label=\"\u010cerven\u00e9 karty\">0<\/td><\/tr><tr class=\"even\"><td class=\"data-name has-photo\" data-label=\"Hr\u00e1\u010d\"><a href=\"https:\/\/soccaczech.cz\/liga\/player\/09010-%f0%9f%9f%a0-zakharchuk-yurii\/\"><span class=\"player-photo\"><img loading=\"lazy\" decoding=\"async\" width=\"275\" height=\"275\" src=\"https:\/\/soccaczech.cz\/liga\/wp-content\/uploads\/2026\/02\/Zakharchuk-Yurii.png\" class=\"attachment-sportspress-fit-icon size-sportspress-fit-icon wp-post-image\" alt=\"\" \/><\/span>09010 \ud83d\udfe2Yurii Zakharchuk<\/a><\/td><td class=\"data-team\" data-label=\"T\u00fdm\"><a href=\"https:\/\/soccaczech.cz\/liga\/?post_type=page&amp;p=45993\">-<\/a><\/td><td class=\"data-yellowcards\" data-label=\"\u017dlut\u00e9 karty\">0<\/td><td class=\"data-redcards\" data-label=\"\u010cerven\u00e9 karty\">0<\/td><\/tr><tr class=\"odd\"><td class=\"data-name has-photo\" data-label=\"Hr\u00e1\u010d\"><a href=\"https:\/\/soccaczech.cz\/liga\/player\/09011-%f0%9f%9f%a0-drozdov-marian\/\"><span class=\"player-photo\"><img loading=\"lazy\" decoding=\"async\" width=\"400\" height=\"356\" src=\"https:\/\/soccaczech.cz\/liga\/wp-content\/uploads\/2026\/02\/Drozdov-Marian-kopie-400x356.png\" class=\"attachment-sportspress-fit-icon size-sportspress-fit-icon wp-post-image\" alt=\"\" \/><\/span>09011 \ud83d\udfe2Marian Drozdov<\/a><\/td><td class=\"data-team\" data-label=\"T\u00fdm\"><a href=\"https:\/\/soccaczech.cz\/liga\/sport-team\/fc-prazharka\/\">FC PRAZHARKA<\/a><\/td><td class=\"data-yellowcards\" data-label=\"\u017dlut\u00e9 karty\">0<\/td><td class=\"data-redcards\" data-label=\"\u010cerven\u00e9 karty\">0<\/td><\/tr><tr class=\"even\"><td class=\"data-name has-photo\" data-label=\"Hr\u00e1\u010d\"><a href=\"https:\/\/soccaczech.cz\/liga\/player\/09012-%f0%9f%9f%a0-yurii-hrychan\/\"><span class=\"player-photo\"><img loading=\"lazy\" decoding=\"async\" width=\"382\" height=\"400\" src=\"https:\/\/soccaczech.cz\/liga\/wp-content\/uploads\/2026\/02\/Yurii-Hrychan-382x400.png\" class=\"attachment-sportspress-fit-icon size-sportspress-fit-icon wp-post-image\" alt=\"\" \/><\/span>09012 \ud83d\udfe2  Yurii Hrychan<\/a><\/td><td class=\"data-team\" data-label=\"T\u00fdm\"><a href=\"https:\/\/soccaczech.cz\/liga\/?post_type=page&amp;p=45993\">-<\/a><\/td><td class=\"data-yellowcards\" data-label=\"\u017dlut\u00e9 karty\">1<\/td><td class=\"data-redcards\" data-label=\"\u010cerven\u00e9 karty\">0<\/td><\/tr><tr class=\"odd\"><td class=\"data-name has-photo\" data-label=\"Hr\u00e1\u010d\"><a href=\"https:\/\/soccaczech.cz\/liga\/player\/09013-%f0%9f%9f%a0-pidsudok-oleg\/\"><span class=\"player-photo\"><img loading=\"lazy\" decoding=\"async\" width=\"366\" height=\"400\" src=\"https:\/\/soccaczech.cz\/liga\/wp-content\/uploads\/2026\/02\/Pidsudok-Oleg-366x400.png\" class=\"attachment-sportspress-fit-icon size-sportspress-fit-icon wp-post-image\" alt=\"\" \/><\/span>09013 \ud83d\udfe2 Oleg Pidsudok<\/a><\/td><td class=\"data-team\" data-label=\"T\u00fdm\"><a href=\"https:\/\/soccaczech.cz\/liga\/?post_type=page&amp;p=45993\">-<\/a><\/td><td class=\"data-yellowcards\" data-label=\"\u017dlut\u00e9 karty\">0<\/td><td class=\"data-redcards\" data-label=\"\u010cerven\u00e9 karty\">0<\/td><\/tr><tr class=\"even\"><td class=\"data-name has-photo\" data-label=\"Hr\u00e1\u010d\"><a href=\"https:\/\/soccaczech.cz\/liga\/player\/09014-%f0%9f%9f%a0-hliebin-bohdan\/\"><span class=\"player-photo\"><img loading=\"lazy\" decoding=\"async\" width=\"381\" height=\"400\" src=\"https:\/\/soccaczech.cz\/liga\/wp-content\/uploads\/2026\/02\/Hliebin-Bohdan-381x400.png\" class=\"attachment-sportspress-fit-icon size-sportspress-fit-icon wp-post-image\" alt=\"\" \/><\/span>09014 \ud83d\udfe2Bohdan Hliebin<\/a><\/td><td class=\"data-team\" data-label=\"T\u00fdm\"><a href=\"https:\/\/soccaczech.cz\/liga\/sport-team\/fc-prazharka\/\">FC PRAZHARKA<\/a><\/td><td class=\"data-yellowcards\" data-label=\"\u017dlut\u00e9 karty\">0<\/td><td class=\"data-redcards\" data-label=\"\u010cerven\u00e9 karty\">0<\/td><\/tr><tr class=\"odd\"><td class=\"data-name has-photo\" data-label=\"Hr\u00e1\u010d\"><a href=\"https:\/\/soccaczech.cz\/liga\/player\/09015-%f0%9f%9f%a0-chubei-roman\/\"><span class=\"player-photo\"><img loading=\"lazy\" decoding=\"async\" width=\"352\" height=\"400\" src=\"https:\/\/soccaczech.cz\/liga\/wp-content\/uploads\/2026\/02\/Chubei-Roman-352x400.png\" class=\"attachment-sportspress-fit-icon size-sportspress-fit-icon wp-post-image\" alt=\"\" \/><\/span>09015 \ud83d\udfe2Roman Chubei<\/a><\/td><td class=\"data-team\" data-label=\"T\u00fdm\"><a href=\"https:\/\/soccaczech.cz\/liga\/sport-team\/fc-prazharka\/\">FC PRAZHARKA<\/a><\/td><td class=\"data-yellowcards\" data-label=\"\u017dlut\u00e9 karty\">0<\/td><td class=\"data-redcards\" data-label=\"\u010cerven\u00e9 karty\">0<\/td><\/tr><tr class=\"even\"><td class=\"data-name has-photo\" data-label=\"Hr\u00e1\u010d\"><a href=\"https:\/\/soccaczech.cz\/liga\/player\/09016-%f0%9f%9f%a0-roman-cernomorcenco\/\"><span class=\"player-photo\"><img loading=\"lazy\" decoding=\"async\" width=\"245\" height=\"400\" src=\"https:\/\/soccaczech.cz\/liga\/wp-content\/uploads\/2026\/02\/010001\ud83d\udfe2-25-245x400.png\" class=\"attachment-sportspress-fit-icon size-sportspress-fit-icon wp-post-image\" alt=\"\" \/><\/span>09016  \ud83d\udfe2  Roman Cernomorcenco<\/a><\/td><td class=\"data-team\" data-label=\"T\u00fdm\"><a href=\"https:\/\/soccaczech.cz\/liga\/?post_type=page&amp;p=45993\">-<\/a><\/td><td class=\"data-yellowcards\" data-label=\"\u017dlut\u00e9 karty\">0<\/td><td class=\"data-redcards\" data-label=\"\u010cerven\u00e9 karty\">0<\/td><\/tr><tr class=\"odd\"><td class=\"data-name has-photo\" data-label=\"Hr\u00e1\u010d\"><a href=\"https:\/\/soccaczech.cz\/liga\/player\/09016-%f0%9f%9f%a0andrii-husar\/\"><span class=\"player-photo\"><img loading=\"lazy\" decoding=\"async\" width=\"245\" height=\"400\" src=\"https:\/\/soccaczech.cz\/liga\/wp-content\/uploads\/2026\/02\/010001\ud83d\udfe2-26-245x400.png\" class=\"attachment-sportspress-fit-icon size-sportspress-fit-icon wp-post-image\" alt=\"\" \/><\/span>09017\ud83d\udfe2Andrii Husar<\/a><\/td><td class=\"data-team\" data-label=\"T\u00fdm\"><a href=\"https:\/\/soccaczech.cz\/liga\/?post_type=page&amp;p=45993\">-<\/a><\/td><td class=\"data-yellowcards\" data-label=\"\u017dlut\u00e9 karty\">0<\/td><td class=\"data-redcards\" data-label=\"\u010cerven\u00e9 karty\">0<\/td><\/tr><tr class=\"even\"><td class=\"data-name has-photo\" data-label=\"Hr\u00e1\u010d\"><a href=\"https:\/\/soccaczech.cz\/liga\/player\/09018%f0%9f%9f%a0eduard-jakubcik\/\"><span class=\"player-photo\"><img loading=\"lazy\" decoding=\"async\" width=\"284\" height=\"400\" src=\"https:\/\/soccaczech.cz\/liga\/wp-content\/uploads\/2026\/03\/Jakubcik-284x400.jpg\" class=\"attachment-sportspress-fit-icon size-sportspress-fit-icon wp-post-image\" alt=\"\" \/><\/span>09018\ud83d\udfe2Eduard Jakub\u010d\u00edk<\/a><\/td><td class=\"data-team\" data-label=\"T\u00fdm\"><a href=\"https:\/\/soccaczech.cz\/liga\/sport-team\/fc-prazharka\/\">FC PRAZHARKA<\/a><\/td><td class=\"data-yellowcards\" data-label=\"\u017dlut\u00e9 karty\">0<\/td><td class=\"data-redcards\" data-label=\"\u010cerven\u00e9 karty\">0<\/td><\/tr><tr class=\"odd\"><td class=\"data-name has-photo\" data-label=\"Hr\u00e1\u010d\"><a href=\"https:\/\/soccaczech.cz\/liga\/player\/09019%f0%9f%9f%a0dmytro-kovalov\/\"><span class=\"player-photo\"><img loading=\"lazy\" decoding=\"async\" width=\"343\" height=\"400\" src=\"https:\/\/soccaczech.cz\/liga\/wp-content\/uploads\/2026\/03\/Kovalov-343x400.jpg\" class=\"attachment-sportspress-fit-icon size-sportspress-fit-icon wp-post-image\" alt=\"\" \/><\/span>09019\ud83d\udfe2Dmytro Kovalov<\/a><\/td><td class=\"data-team\" data-label=\"T\u00fdm\"><a href=\"https:\/\/soccaczech.cz\/liga\/?post_type=page&amp;p=45993\">-<\/a><\/td><td class=\"data-yellowcards\" data-label=\"\u017dlut\u00e9 karty\">0<\/td><td class=\"data-redcards\" data-label=\"\u010cerven\u00e9 karty\">0<\/td><\/tr><tr class=\"even\"><td class=\"data-name has-photo\" data-label=\"Hr\u00e1\u010d\"><a href=\"https:\/\/soccaczech.cz\/liga\/player\/09020%f0%9f%9f%a0vladyslav-danylyshyn\/\"><span class=\"player-photo\"><img loading=\"lazy\" decoding=\"async\" width=\"272\" height=\"400\" src=\"https:\/\/soccaczech.cz\/liga\/wp-content\/uploads\/2026\/03\/WhatsApp-Image-2026-03-07-at-13.06.19-272x400.jpeg\" class=\"attachment-sportspress-fit-icon size-sportspress-fit-icon wp-post-image\" alt=\"\" \/><\/span>09020\ud83d\udfe2Vladyslav Danylyshyn<\/a><\/td><td class=\"data-team\" data-label=\"T\u00fdm\"><a href=\"https:\/\/soccaczech.cz\/liga\/sport-team\/fc-prazharka\/\">FC PRAZHARKA<\/a><\/td><td class=\"data-yellowcards\" data-label=\"\u017dlut\u00e9 karty\">0<\/td><td class=\"data-redcards\" data-label=\"\u010cerven\u00e9 karty\">0<\/td><\/tr><tr class=\"odd\"><td class=\"data-name has-photo\" data-label=\"Hr\u00e1\u010d\"><a href=\"https:\/\/soccaczech.cz\/liga\/player\/09021%f0%9f%9f%a0roman-pankiv\/\"><span class=\"player-photo\"><img loading=\"lazy\" decoding=\"async\" width=\"225\" height=\"400\" src=\"https:\/\/soccaczech.cz\/liga\/wp-content\/uploads\/2026\/03\/WhatsApp-Image-2026-03-14-at-11.09.23-225x400.jpeg\" class=\"attachment-sportspress-fit-icon size-sportspress-fit-icon wp-post-image\" alt=\"\" \/><\/span>09021\ud83d\udfe2Roman Pankiv<\/a><\/td><td class=\"data-team\" data-label=\"T\u00fdm\"><a href=\"https:\/\/soccaczech.cz\/liga\/?post_type=page&amp;p=45993\">-<\/a><\/td><td class=\"data-yellowcards\" data-label=\"\u017dlut\u00e9 karty\">1<\/td><td class=\"data-redcards\" data-label=\"\u010cerven\u00e9 karty\">0<\/td><\/tr><tr class=\"even\"><td class=\"data-name has-photo\" data-label=\"Hr\u00e1\u010d\"><a href=\"https:\/\/soccaczech.cz\/liga\/player\/09022%f0%9f%9f%a0maksym-bilyi\/\"><span class=\"player-photo\"><img loading=\"lazy\" decoding=\"async\" width=\"400\" height=\"368\" src=\"https:\/\/soccaczech.cz\/liga\/wp-content\/uploads\/2026\/03\/WhatsApp-Image-2026-03-14-at-11.10.07-400x368.jpeg\" class=\"attachment-sportspress-fit-icon size-sportspress-fit-icon wp-post-image\" alt=\"\" \/><\/span>09022\ud83d\udfe2 Maksym Bilyi<\/a><\/td><td class=\"data-team\" data-label=\"T\u00fdm\"><a href=\"https:\/\/soccaczech.cz\/liga\/?post_type=page&amp;p=45993\">-<\/a><\/td><td class=\"data-yellowcards\" data-label=\"\u017dlut\u00e9 karty\">0<\/td><td class=\"data-redcards\" data-label=\"\u010cerven\u00e9 karty\">0<\/td><\/tr><tr class=\"odd\"><td class=\"data-name has-photo\" data-label=\"Hr\u00e1\u010d\"><a href=\"https:\/\/soccaczech.cz\/liga\/player\/09022%f0%9f%9f%a0nazar-zhuk\/\"><span class=\"player-photo\"><img loading=\"lazy\" decoding=\"async\" width=\"306\" height=\"400\" src=\"https:\/\/soccaczech.cz\/liga\/wp-content\/uploads\/2026\/03\/WhatsApp-Image-2026-03-14-at-11.10.42-306x400.jpeg\" class=\"attachment-sportspress-fit-icon size-sportspress-fit-icon wp-post-image\" alt=\"\" \/><\/span>09023\ud83d\udfe2Nazar Zhuk<\/a><\/td><td class=\"data-team\" data-label=\"T\u00fdm\"><a href=\"https:\/\/soccaczech.cz\/liga\/?post_type=page&amp;p=45993\">-<\/a><\/td><td class=\"data-yellowcards\" data-label=\"\u017dlut\u00e9 karty\">0<\/td><td class=\"data-redcards\" data-label=\"\u010cerven\u00e9 karty\">0<\/td><\/tr><\/tbody><\/table><\/div><\/div><\/div><\/div>\n\t\t\t\t\t\t<\/div>\n\t\t\t\t<\/div>\n\t\t\t\t<div class=\"elementor-element elementor-element-f537191 sc_fly_static elementor-widget elementor-widget-spacer\" data-id=\"f537191\" data-element_type=\"widget\" data-widget_type=\"spacer.default\">\n\t\t\t\t<div class=\"elementor-widget-container\">\n\t\t\t\t\t\t\t<div class=\"elementor-spacer\">\n\t\t\t<div class=\"elementor-spacer-inner\"><\/div>\n\t\t<\/div>\n\t\t\t\t\t\t<\/div>\n\t\t\t\t<\/div>\n\t\t\t\t<div class=\"elementor-element elementor-element-4be2171 sc_fly_static elementor-widget elementor-widget-spacer\" data-id=\"4be2171\" data-element_type=\"widget\" data-widget_type=\"spacer.default\">\n\t\t\t\t<div class=\"elementor-widget-container\">\n\t\t\t\t\t\t\t<div class=\"elementor-spacer\">\n\t\t\t<div class=\"elementor-spacer-inner\"><\/div>\n\t\t<\/div>\n\t\t\t\t\t\t<\/div>\n\t\t\t\t<\/div>\n\t\t\t\t\t<\/div>\n\t\t<\/div>\n\t\t\t\t\t<\/div>\n\t\t<\/section>\n\t\t\t\t<\/div>\n\t\t","protected":false},"excerpt":{"rendered":"<p>V t\u00e9to sekci najdete p\u0159ehled \u017elut\u00fdch a \u010derven\u00fdch karet ud\u011blen\u00fdch v pr\u016fb\u011bhu aktu\u00e1ln\u00ed sez\u00f3ny Socca Ligy. Hr\u00e1\u010d, kter\u00fd obdr\u017e\u00ed t\u0159et\u00ed (a n\u00e1sledn\u011b \u0161estou, dev\u00e1tou atd.) \u017elutou kartu v r\u00e1mci jedn\u00e9&hellip;<\/p>\n","protected":false},"author":1,"featured_media":0,"parent":0,"menu_order":0,"comment_status":"closed","ping_status":"closed","template":"","meta":{"footnotes":""},"class_list":["post-45993","page","type-page","status-publish","hentry"],"yoast_head":"<!-- This site is optimized with the Yoast SEO plugin v25.7 - https:\/\/yoast.com\/wordpress\/plugins\/seo\/ -->\n<title>Disciplin\u00e1rn\u00ed statistiky hr\u00e1\u010d\u016f - Socca Czech Liga<\/title>\n<meta name=\"robots\" content=\"index, follow, max-snippet:-1, max-image-preview:large, max-video-preview:-1\" \/>\n<link rel=\"canonical\" href=\"https:\/\/soccaczech.cz\/liga\/disciplinarni-tresty\/\" \/>\n<meta property=\"og:locale\" content=\"cs_CZ\" \/>\n<meta property=\"og:type\" content=\"article\" \/>\n<meta property=\"og:title\" content=\"Disciplin\u00e1rn\u00ed statistiky hr\u00e1\u010d\u016f - Socca Czech Liga\" \/>\n<meta property=\"og:description\" content=\"V t\u00e9to sekci najdete p\u0159ehled \u017elut\u00fdch a \u010derven\u00fdch karet ud\u011blen\u00fdch v pr\u016fb\u011bhu aktu\u00e1ln\u00ed sez\u00f3ny Socca Ligy. Hr\u00e1\u010d, kter\u00fd obdr\u017e\u00ed t\u0159et\u00ed (a n\u00e1sledn\u011b \u0161estou, dev\u00e1tou atd.) \u017elutou kartu v r\u00e1mci jedn\u00e9&hellip;\" \/>\n<meta property=\"og:url\" content=\"https:\/\/soccaczech.cz\/liga\/disciplinarni-tresty\/\" \/>\n<meta property=\"og:site_name\" content=\"Socca Czech Liga\" \/>\n<meta property=\"article:publisher\" content=\"https:\/\/www.facebook.com\/profile.php?id=61575256934996\" \/>\n<meta property=\"article:modified_time\" content=\"2025-07-21T17:06:58+00:00\" \/>\n<meta property=\"og:image\" content=\"https:\/\/soccaczech.cz\/liga\/wp-content\/uploads\/2025\/07\/Socca-Czech-1.jpg\" \/>\n\t<meta property=\"og:image:width\" content=\"1440\" \/>\n\t<meta property=\"og:image:height\" content=\"1801\" \/>\n\t<meta property=\"og:image:type\" content=\"image\/jpeg\" \/>\n<meta name=\"twitter:card\" content=\"summary_large_image\" \/>\n<meta name=\"twitter:label1\" content=\"Odhadovan\u00e1 doba \u010dten\u00ed\" \/>\n\t<meta name=\"twitter:data1\" content=\"1 minuta\" \/>\n<script type=\"application\/ld+json\" class=\"yoast-schema-graph\">{\"@context\":\"https:\/\/schema.org\",\"@graph\":[{\"@type\":\"WebPage\",\"@id\":\"https:\/\/soccaczech.cz\/liga\/disciplinarni-tresty\/\",\"url\":\"https:\/\/soccaczech.cz\/liga\/disciplinarni-tresty\/\",\"name\":\"Disciplin\u00e1rn\u00ed statistiky hr\u00e1\u010d\u016f - Socca Czech Liga\",\"isPartOf\":{\"@id\":\"https:\/\/soccaczech.cz\/liga\/#website\"},\"datePublished\":\"2025-07-16T05:54:27+00:00\",\"dateModified\":\"2025-07-21T17:06:58+00:00\",\"breadcrumb\":{\"@id\":\"https:\/\/soccaczech.cz\/liga\/disciplinarni-tresty\/#breadcrumb\"},\"inLanguage\":\"cs\",\"potentialAction\":[{\"@type\":\"ReadAction\",\"target\":[\"https:\/\/soccaczech.cz\/liga\/disciplinarni-tresty\/\"]}]},{\"@type\":\"BreadcrumbList\",\"@id\":\"https:\/\/soccaczech.cz\/liga\/disciplinarni-tresty\/#breadcrumb\",\"itemListElement\":[{\"@type\":\"ListItem\",\"position\":1,\"name\":\"Dom\u016f\",\"item\":\"https:\/\/soccaczech.cz\/liga\/\"},{\"@type\":\"ListItem\",\"position\":2,\"name\":\"Disciplin\u00e1rn\u00ed statistiky hr\u00e1\u010d\u016f\"}]},{\"@type\":\"WebSite\",\"@id\":\"https:\/\/soccaczech.cz\/liga\/#website\",\"url\":\"https:\/\/soccaczech.cz\/liga\/\",\"name\":\"Socca Czech - \u010cesk\u00fd mal\u00fd fotbal vstupuje do nov\u00e9 \u00e9ry. P\u0159ich\u00e1z\u00ed Socca liga!\",\"description\":\"Nov\u00e1 \u00e9ra modern\u00edho fotbalu v \u010cR\",\"publisher\":{\"@id\":\"https:\/\/soccaczech.cz\/liga\/#organization\"},\"alternateName\":\"Sledujte v\u00fdsledky a novinky z \u010desk\u00e9 Socca Ligy \u2013 sout\u011b\u017ee, kter\u00e1 formuje budouc\u00ed reprezentanty pro n\u00e1rodn\u00ed turnaje mal\u00e9ho fotbalu.\",\"potentialAction\":[{\"@type\":\"SearchAction\",\"target\":{\"@type\":\"EntryPoint\",\"urlTemplate\":\"https:\/\/soccaczech.cz\/liga\/?s={search_term_string}\"},\"query-input\":{\"@type\":\"PropertyValueSpecification\",\"valueRequired\":true,\"valueName\":\"search_term_string\"}}],\"inLanguage\":\"cs\"},{\"@type\":\"Organization\",\"@id\":\"https:\/\/soccaczech.cz\/liga\/#organization\",\"name\":\"Socca Czech Liga\",\"url\":\"https:\/\/soccaczech.cz\/liga\/\",\"logo\":{\"@type\":\"ImageObject\",\"inLanguage\":\"cs\",\"@id\":\"https:\/\/soccaczech.cz\/liga\/#\/schema\/logo\/image\/\",\"url\":\"https:\/\/soccaczech.cz\/liga\/wp-content\/uploads\/2025\/07\/SoccaCzech_final_Kreslici-platno-1.png\",\"contentUrl\":\"https:\/\/soccaczech.cz\/liga\/wp-content\/uploads\/2025\/07\/SoccaCzech_final_Kreslici-platno-1.png\",\"width\":487,\"height\":665,\"caption\":\"Socca Czech Liga\"},\"image\":{\"@id\":\"https:\/\/soccaczech.cz\/liga\/#\/schema\/logo\/image\/\"},\"sameAs\":[\"https:\/\/www.facebook.com\/profile.php?id=61575256934996\",\"https:\/\/www.instagram.com\/soccaczech\/\"]}]}<\/script>\n<!-- \/ Yoast SEO plugin. -->","yoast_head_json":{"title":"Disciplin\u00e1rn\u00ed statistiky hr\u00e1\u010d\u016f - Socca Czech Liga","robots":{"index":"index","follow":"follow","max-snippet":"max-snippet:-1","max-image-preview":"max-image-preview:large","max-video-preview":"max-video-preview:-1"},"canonical":"https:\/\/soccaczech.cz\/liga\/disciplinarni-tresty\/","og_locale":"cs_CZ","og_type":"article","og_title":"Disciplin\u00e1rn\u00ed statistiky hr\u00e1\u010d\u016f - Socca Czech Liga","og_description":"V t\u00e9to sekci najdete p\u0159ehled \u017elut\u00fdch a \u010derven\u00fdch karet ud\u011blen\u00fdch v pr\u016fb\u011bhu aktu\u00e1ln\u00ed sez\u00f3ny Socca Ligy. Hr\u00e1\u010d, kter\u00fd obdr\u017e\u00ed t\u0159et\u00ed (a n\u00e1sledn\u011b \u0161estou, dev\u00e1tou atd.) \u017elutou kartu v r\u00e1mci jedn\u00e9&hellip;","og_url":"https:\/\/soccaczech.cz\/liga\/disciplinarni-tresty\/","og_site_name":"Socca Czech Liga","article_publisher":"https:\/\/www.facebook.com\/profile.php?id=61575256934996","article_modified_time":"2025-07-21T17:06:58+00:00","og_image":[{"width":1440,"height":1801,"url":"https:\/\/soccaczech.cz\/liga\/wp-content\/uploads\/2025\/07\/Socca-Czech-1.jpg","type":"image\/jpeg"}],"twitter_card":"summary_large_image","twitter_misc":{"Odhadovan\u00e1 doba \u010dten\u00ed":"1 minuta"},"schema":{"@context":"https:\/\/schema.org","@graph":[{"@type":"WebPage","@id":"https:\/\/soccaczech.cz\/liga\/disciplinarni-tresty\/","url":"https:\/\/soccaczech.cz\/liga\/disciplinarni-tresty\/","name":"Disciplin\u00e1rn\u00ed statistiky hr\u00e1\u010d\u016f - Socca Czech Liga","isPartOf":{"@id":"https:\/\/soccaczech.cz\/liga\/#website"},"datePublished":"2025-07-16T05:54:27+00:00","dateModified":"2025-07-21T17:06:58+00:00","breadcrumb":{"@id":"https:\/\/soccaczech.cz\/liga\/disciplinarni-tresty\/#breadcrumb"},"inLanguage":"cs","potentialAction":[{"@type":"ReadAction","target":["https:\/\/soccaczech.cz\/liga\/disciplinarni-tresty\/"]}]},{"@type":"BreadcrumbList","@id":"https:\/\/soccaczech.cz\/liga\/disciplinarni-tresty\/#breadcrumb","itemListElement":[{"@type":"ListItem","position":1,"name":"Dom\u016f","item":"https:\/\/soccaczech.cz\/liga\/"},{"@type":"ListItem","position":2,"name":"Disciplin\u00e1rn\u00ed statistiky hr\u00e1\u010d\u016f"}]},{"@type":"WebSite","@id":"https:\/\/soccaczech.cz\/liga\/#website","url":"https:\/\/soccaczech.cz\/liga\/","name":"Socca Czech - \u010cesk\u00fd mal\u00fd fotbal vstupuje do nov\u00e9 \u00e9ry. P\u0159ich\u00e1z\u00ed Socca liga!","description":"Nov\u00e1 \u00e9ra modern\u00edho fotbalu v \u010cR","publisher":{"@id":"https:\/\/soccaczech.cz\/liga\/#organization"},"alternateName":"Sledujte v\u00fdsledky a novinky z \u010desk\u00e9 Socca Ligy \u2013 sout\u011b\u017ee, kter\u00e1 formuje budouc\u00ed reprezentanty pro n\u00e1rodn\u00ed turnaje mal\u00e9ho fotbalu.","potentialAction":[{"@type":"SearchAction","target":{"@type":"EntryPoint","urlTemplate":"https:\/\/soccaczech.cz\/liga\/?s={search_term_string}"},"query-input":{"@type":"PropertyValueSpecification","valueRequired":true,"valueName":"search_term_string"}}],"inLanguage":"cs"},{"@type":"Organization","@id":"https:\/\/soccaczech.cz\/liga\/#organization","name":"Socca Czech Liga","url":"https:\/\/soccaczech.cz\/liga\/","logo":{"@type":"ImageObject","inLanguage":"cs","@id":"https:\/\/soccaczech.cz\/liga\/#\/schema\/logo\/image\/","url":"https:\/\/soccaczech.cz\/liga\/wp-content\/uploads\/2025\/07\/SoccaCzech_final_Kreslici-platno-1.png","contentUrl":"https:\/\/soccaczech.cz\/liga\/wp-content\/uploads\/2025\/07\/SoccaCzech_final_Kreslici-platno-1.png","width":487,"height":665,"caption":"Socca Czech Liga"},"image":{"@id":"https:\/\/soccaczech.cz\/liga\/#\/schema\/logo\/image\/"},"sameAs":["https:\/\/www.facebook.com\/profile.php?id=61575256934996","https:\/\/www.instagram.com\/soccaczech\/"]}]}},"_links":{"self":[{"href":"https:\/\/soccaczech.cz\/liga\/wp-json\/wp\/v2\/pages\/45993","targetHints":{"allow":["GET"]}}],"collection":[{"href":"https:\/\/soccaczech.cz\/liga\/wp-json\/wp\/v2\/pages"}],"about":[{"href":"https:\/\/soccaczech.cz\/liga\/wp-json\/wp\/v2\/types\/page"}],"author":[{"embeddable":true,"href":"https:\/\/soccaczech.cz\/liga\/wp-json\/wp\/v2\/users\/1"}],"replies":[{"embeddable":true,"href":"https:\/\/soccaczech.cz\/liga\/wp-json\/wp\/v2\/comments?post=45993"}],"version-history":[{"count":12,"href":"https:\/\/soccaczech.cz\/liga\/wp-json\/wp\/v2\/pages\/45993\/revisions"}],"predecessor-version":[{"id":46403,"href":"https:\/\/soccaczech.cz\/liga\/wp-json\/wp\/v2\/pages\/45993\/revisions\/46403"}],"wp:attachment":[{"href":"https:\/\/soccaczech.cz\/liga\/wp-json\/wp\/v2\/media?parent=45993"}],"curies":[{"name":"wp","href":"https:\/\/api.w.org\/{rel}","templated":true}]}}